{"id":40589,"date":"2023-04-19T09:53:51","date_gmt":"2023-04-19T12:53:51","guid":{"rendered":"https:\/\/portalfadesp.org.br\/?page_id=40589"},"modified":"2024-05-16T10:39:05","modified_gmt":"2024-05-16T13:39:05","slug":"concurso-publico-da-prefeitura-municipal-de-bagre-2023","status":"publish","type":"page","link":"https:\/\/portalfadesp.org.br\/?page_id=40589","title":{"rendered":"Concurso P\u00fablico da Prefeitura Municipal de Bagre &#8211; 2023\u200b"},"content":{"rendered":"\t\t<div data-elementor-type=\"wp-post\" data-elementor-id=\"40589\" class=\"elementor elementor-40589\" data-elementor-post-type=\"page\">\n\t\t\t\t\t\t<section class=\"elementor-section elementor-top-section elementor-element elementor-element-1f2996d1 elementor-section-boxed elementor-section-height-default elementor-section-height-default\" data-id=\"1f2996d1\" data-element_type=\"section\">\n\t\t\t\t\t\t<div class=\"elementor-container elementor-column-gap-default\">\n\t\t\t\t\t<div class=\"elementor-column elementor-col-100 elementor-top-column elementor-element elementor-element-59a4b3f8\" data-id=\"59a4b3f8\" data-element_type=\"column\">\n\t\t\t<div class=\"elementor-widget-wrap elementor-element-populated\">\n\t\t\t\t\t\t<div class=\"elementor-element elementor-element-799471af elementor-widget elementor-widget-heading\" data-id=\"799471af\" data-element_type=\"widget\" data-widget_type=\"heading.default\">\n\t\t\t\t<div class=\"elementor-widget-container\">\n\t\t\t\t\t<h1 class=\"elementor-heading-title elementor-size-default\">Concurso P\u00fablico da Prefeitura Municipal de Bagre - 2023<\/h1>\t\t\t\t<\/div>\n\t\t\t\t<\/div>\n\t\t\t\t<section class=\"elementor-section elementor-inner-section elementor-element elementor-element-336311f elementor-section-boxed elementor-section-height-default elementor-section-height-default\" data-id=\"336311f\" data-element_type=\"section\">\n\t\t\t\t\t\t<div class=\"elementor-container elementor-column-gap-default\">\n\t\t\t\t\t<div class=\"elementor-column elementor-col-50 elementor-inner-column elementor-element elementor-element-75ca0dc3\" data-id=\"75ca0dc3\" data-element_type=\"column\">\n\t\t\t<div class=\"elementor-widget-wrap elementor-element-populated\">\n\t\t\t\t\t\t<div class=\"elementor-element elementor-element-425a3096 elementor-widget elementor-widget-text-editor\" data-id=\"425a3096\" data-element_type=\"widget\" data-widget_type=\"text-editor.default\">\n\t\t\t\t<div class=\"elementor-widget-container\">\n\t\t\t\t\t\t\t\t\t<p>O Prefeito Municipal de Bagre, no uso de suas atribui\u00e7\u00f5es, torna p\u00fablica a realiza\u00e7\u00e3o de Concurso P\u00fablico destinado ao preenchimento de vagas de cargos do quadro de pessoal efetivo da Prefeitura, mediante as condi\u00e7\u00f5es estabelecidas no Edital n\u00ba 001\/2023.<\/p><p><strong>Vagas:<\/strong> 299 (duzentos e noventa e nove)<\/p><p><strong>Cargos<\/strong>:<br \/><strong>1. T\u00c9CNICO DE N\u00cdVEL\u00a0 SUPERIOR (N\u00edvel superior):\u00a0 <\/strong>Assistente Social, Bioqu\u00edmico, Enfermeiro, Farmac\u00eautico, Fisioterapeuta, Fonoaudi\u00f3logo, M\u00e9dico e\u00a0 Odont\u00f3logo.<\/p><p><strong>2. AGENTE T\u00c9CNICO (N\u00edvel m\u00e9dio\/especializado):<\/strong><\/p><p>-T\u00e9cnico de Enfermagem \u2013 Zona Urbana<\/p><p>-T\u00e9cnico de Enfermagem \u2013 Zona Rural.<\/p><p><strong>3. AGENTE DE FISCALIZA\u00c7\u00c3O (N\u00edvel m\u00e9dio\/Fiscaliza\u00e7\u00e3o): <\/strong><\/p><p>-Fiscal de Tributos<\/p><p><strong>4. AUXILIAR OPERACIONAL (N\u00edvel fundamental):\u00a0<\/strong><\/p><p>Auxiliar de Servi\u00e7os Gerais &#8211; Zona Urbana,<br \/>Auxiliar de Servi\u00e7os Gerais &#8211; Zona Rural,<\/p><p>Vigia &#8211; Zona Urbana ,<br \/>Vigia &#8211; Zona Rura.<\/p><p>\u00a0<\/p><p><strong>5. AGENTE DE ADMINISTRA\u00c7\u00c3O (N\u00edvel m\u00e9dio):\u00a0<\/strong><\/p><p>&#8211; Agente Administrativo &#8211; Zona Urbana<br \/>&#8211; Agente Administrativo &#8211; Zona Rural<\/p><p><strong>6. PROFESSOR \u2013 N\u00cdVEL III:\u00a0<\/strong><\/p><p>Professor de Portugu\u00eas, Matem\u00e1tica, Ci\u00eancias, Hist\u00f3ria, Geografia, Artes, Ingl\u00eas, Religi\u00e3o, Educa\u00e7\u00e3o F\u00edsica e Professor Licenciado para as S\u00e9ries Iniciais.<\/p><p><strong>Reabertura das inscri\u00e7\u00f5es:<\/strong>06\/07\/2023 a 07\/08\/2023<\/p><p><strong>Solicita\u00e7\u00e3o de isen\u00e7\u00e3o da taxa de inscri\u00e7\u00e3o para PCD:<\/strong>06 a 10\/07\/2023<\/p><p><strong>\u00daltimo dia de pagamento:<\/strong>08\/08\/2023<\/p><p><strong>Prova Objetiva:<\/strong><br \/>\u2013 Aplica\u00e7\u00e3o de prova objetiva \u2013 Cargos de N\u00edvel Alfabetizado de Auxiliar de Servi\u00e7os Gerais 27\/08\/2023 &#8211; 08h \u00e0s 12h<\/p><p>\u2013 Aplica\u00e7\u00e3o de prova objetiva \u2013 Cargos de N\u00edvel Alfabetizado de Vigia 27\/08\/2023 &#8211; 15h \u00e0s 19h<\/p><p>\u2013 Aplica\u00e7\u00e3o de prova objetiva \u2013 Cargos de N\u00edvel Superior de Professor 03\/09\/2023 &#8211; 8h \u00e0s 12h<\/p><p>\u2013 Aplica\u00e7\u00e3o de prova objetiva \u2013 Demais Cargos de N\u00edvel Superior e todos os cargos de N\u00edvel M\u00e9dio. 03\/09\/2023 &#8211; 15h \u00e0s 19h<\/p>\t\t\t\t\t\t\t\t<\/div>\n\t\t\t\t<\/div>\n\t\t\t\t\t<\/div>\n\t\t<\/div>\n\t\t\t\t<div class=\"elementor-column elementor-col-50 elementor-inner-column elementor-element elementor-element-79608089\" data-id=\"79608089\" data-element_type=\"column\">\n\t\t\t<div class=\"elementor-widget-wrap elementor-element-populated\">\n\t\t\t\t\t\t<div class=\"elementor-element elementor-element-fca4ecc elementor-widget elementor-widget-text-editor\" data-id=\"fca4ecc\" data-element_type=\"widget\" data-widget_type=\"text-editor.default\">\n\t\t\t\t<div class=\"elementor-widget-container\">\n\t\t\t\t\t\t\t\t\t<div class=\"botaoBug\" style=\"margin-bottom: 10px; text-align: center;\"><a href=\"http:\/\/concursos2.fadesp.org.br\/prefeitura\/2023\/bagre\/web\/\"><strong>\u00c1rea do candidato (Clique aqui)<\/strong><\/a><\/div><div><em>* Na \u00e1rea do candidato poder\u00e1 ser realizado seu cadastro, inscri\u00e7\u00e3o, emiss\u00e3o de boleto, recursos, impress\u00e3o de cart\u00e3o e afins&#8230;<\/em><\/div><div>\u00a0<\/div><div style=\"text-align: center;\"><strong>AVISO<\/strong><\/div><div>\u00a0<\/div><div><p>O Prefeito Municipal de Bagre \u2013 PA, no uso de suas atribui\u00e7\u00f5es, em cumprimento \u00e0 decis\u00e3o judicial exarada no processo n\u00b0 0001261-29.2019.8.14.0079, torna p\u00fablica, para ci\u00eancia dos interessados, a Errata n\u00ba 03\/2023-PMB, determinando a <strong>reabertura das inscri\u00e7\u00f5es<\/strong>\u00a0do Concurso P\u00fablico destinado ao preenchimento de vagas de cargos do quadro de pessoal efetivo da Prefeitura e a <strong>altera\u00e7\u00e3o do cronograma do concurso<\/strong>.<\/p><p>Tamb\u00e9m informa que foi tornada sem efeito a republica\u00e7\u00e3o do Edital n\u00b0 01\/2023-PMB, ocorrida em 05\/07\/2023, e orienta os candidatos que se inscreveram aos cargos de: Psic\u00f3logo, Contador, Nutricionista, Auxiliar T\u00e9cnico de Meio Ambiente, Auxiliar T\u00e9cnico de Endemias, Microscopista, Auxiliar de Enfermagem, Agente T\u00e9cnico de Inform\u00e1tica, Agente de Laborat\u00f3rio, Auxiliar T\u00e9cnico de Enfermagem Agente de Vigil\u00e2ncia Sanit\u00e1ria, Gari, Motorista de \u201cA a C\u201d, Marinheiro Regional, Agente Operacional de Maquinas, Auxiliar Agente de Administra\u00e7\u00e3o \u2013 Zona Urbana, Auxiliar Agente de Administra\u00e7\u00e3o \u2013 Zona Rural, que n\u00e3o ser\u00e3o mais ofertados, a entrarem em contato com a FADESP atrav\u00e9s do e-mail: concursos@fadesp.org.br para solicitar a devolu\u00e7\u00e3o do valor de taxa de inscri\u00e7\u00e3o pago.<\/p><\/div>\t\t\t\t\t\t\t\t<\/div>\n\t\t\t\t<\/div>\n\t\t\t\t<div class=\"elementor-element elementor-element-7ccac55 elementor-widget elementor-widget-text-editor\" data-id=\"7ccac55\" data-element_type=\"widget\" data-widget_type=\"text-editor.default\">\n\t\t\t\t<div class=\"elementor-widget-container\">\n\t\t\t\t\t\t\t\t\t<p><strong>Editais\u00a0<\/strong><\/p>\t\t\t\t\t\t\t\t<\/div>\n\t\t\t\t<\/div>\n\t\t\t\t<div class=\"elementor-element elementor-element-368e568 elementor-widget elementor-widget-text-editor\" data-id=\"368e568\" data-element_type=\"widget\" data-widget_type=\"text-editor.default\">\n\t\t\t\t<div class=\"elementor-widget-container\">\n\t\t\t\t\t\t\t\t\t<p style=\"text-align: center;\"><a href=\"https:\/\/portalfadesp.org.br\/wp-content\/uploads\/2024\/05\/DECRETO-No-032_2024-DE-10-05-2024-HOMOLOGACAO-DO-RESULTADO-FINAL-DO-CONCURSO.pdf\">DECRETO N\u00ba 032\/2024 DE 10\/05\/2024 &#8211; HOMOLOGA\u00c7\u00c3O DO RESULTADO FINAL DO CONCURSO, de 16\/05\/2024 <strong>(Clique aqui)<\/strong><\/a><\/p><p style=\"text-align: center;\"><a href=\"https:\/\/portalfadesp.org.br\/wp-content\/uploads\/2024\/02\/Primeira-Retificacao-do-Edital-n\u00b0-03_2023-Homologacao-do-Resultado-Final-07-02-2024.docx.pdf\">Primeira Retifica\u00e7\u00e3o do Edital n\u00b0 03\/2023 &#8211; Homologa\u00e7\u00e3o do Resultado Final, de 07\/02\/2024 <strong>(Clique aqui)<\/strong><\/a><\/p><p style=\"text-align: center;\"><a href=\"https:\/\/portalfadesp.org.br\/wp-content\/uploads\/2024\/02\/Primeira-Retificacao-do-Resultado-Final-Definitivo-do-Cargo-de-Professor-de-Ciencias-07-02-2024.pdf\">Primeira Retifica\u00e7\u00e3o do Resultado Final Definitivo do Cargo de Professor de Ci\u00eancias, de 07\/02\/2024 <strong>(Clique aqui)<\/strong><\/a><\/p><p style=\"text-align: center;\"><a href=\"https:\/\/portalfadesp.org.br\/wp-content\/uploads\/2023\/11\/Edital-n\u00b0-03_2023-Homologacao-do-Resultado-Final-23-11-2023.pdf\">Edital n\u00b0 03_2023 &#8211; Homologa\u00e7\u00e3o do Resultado Final, de 23\/11\/2023 <strong>(Clique aqui)<\/strong><\/a><\/p><p style=\"text-align: center;\"><a href=\"https:\/\/portalfadesp.org.br\/wp-content\/uploads\/2023\/11\/Resultado-Final-Definitivo-dos-Cargos-de-Professor-16-11-2023.pdf\">Resultado Final Definitivo dos Cargos de Professor, de 16\/11\/2023 <strong>(Clique aqui)<\/strong><\/a><\/p><p style=\"text-align: center;\"><a href=\"https:\/\/portalfadesp.org.br\/wp-content\/uploads\/2023\/11\/Resultado-Preliminar-da-Prova-Objetiva-e-da-Prova-de-Titulos-dos-cargos-de-Professor-07-11-2023.pdf\">Resultado Preliminar da Prova Objetiva e da Prova de T\u00edtulos dos cargos de Professor, de 07\/11\/2023 <strong>(Clique aqui)<\/strong><\/a><\/p><p style=\"text-align: center;\"><a href=\"https:\/\/portalfadesp.org.br\/wp-content\/uploads\/2023\/11\/Resultado-Definitivo-da-Prova-de-Titulos-dos-cargos-de-Professor-07-11-2023.pdf\">Resultado Definitivo da Prova de T\u00edtulos dos cargos de Professor, de 07\/11\/2023 <strong>(Clique aqui)<\/strong><\/a><\/p><p style=\"text-align: center;\"><a href=\"http:\/\/concursos2.fadesp.org.br\/prefeitura\/2023\/bagre\/arquivos\/Resultado Preliminar da Prova de T\u00edtulos - 25-10-2023.pdf\" data-wplink-url-error=\"true\">Resultado Preliminar da Prova de T\u00edtulos, de 25\/10\/2023 <strong>(Clique aqui)<\/strong><\/a><\/p><p style=\"text-align: center;\"><a href=\"https:\/\/portalfadesp.org.br\/wp-content\/uploads\/2023\/09\/Edital_n_02_2023_-_Convocacao_da_Prova_de_Titulos_-_29-09-2023.pdf\">Edital n\u00ba 02\/2023 Convoca\u00e7\u00e3o da Prova de T\u00edtulos, de 29\/09\/2023 <strong>(Clique Aqui)<\/strong><\/a><\/p><p style=\"text-align: center;\"><a href=\"https:\/\/portalfadesp.org.br\/wp-content\/uploads\/2023\/09\/Professor_-_Resultado_Definitivo_das_Provas_Objetivas_-_29-09-2023.pdf\">N\u00edvel Professor &#8211; Resultado definitivo das Provas Objetivas, de 29\/09\/2023 <strong>(Clique Aqui)<\/strong><\/a><\/p><p style=\"text-align: center;\"><a href=\"https:\/\/portalfadesp.org.br\/wp-content\/uploads\/2023\/09\/Nivel_Superior_-_Resultado_Definitivo_das_Provas_Objetivas_-_29-09-2023.pdf\">N\u00edvel Superior &#8211; Resultado definitivo das Provas Objetivas, de 29\/09\/2023 <strong>(Clique Aqui)<\/strong><\/a><\/p><p style=\"text-align: center;\"><a href=\"https:\/\/portalfadesp.org.br\/wp-content\/uploads\/2023\/09\/Nivel_Medio_-_Resultado_Definitivo_das_Provas_Objetivas_-_29-09-2023.pdf\">N\u00edvel M\u00e9dio &#8211; Resultado definitivo das Provas Objetivas, de 29\/09\/2023 <strong>(Clique Aqui)<\/strong><\/a><\/p><p style=\"text-align: center;\"><a href=\"https:\/\/portalfadesp.org.br\/wp-content\/uploads\/2023\/09\/Nivel_Alfabetizado_-_Resultado_definitivo_das-Provas_Objetivas_-_29-09-2023.pdf\">N\u00edvel Alfabetizado &#8211; Resultado definitivo das Provas Objetivas, de 29\/09\/2023 <strong>(Clique Aqui)<\/strong><\/a><\/p><p style=\"text-align: center;\"><a href=\"https:\/\/portalfadesp.org.br\/wp-content\/uploads\/2023\/09\/Professor-Resultado-Preliminar-das-Provas-Objetivas-20-09-2023.pdf\">Professor &#8211; Resultado Preliminar das Provas Objetivas &#8211; 20\/09\/2023 <strong>(Clique aqui)<\/strong><\/a><\/p><p style=\"text-align: center;\"><a href=\"https:\/\/portalfadesp.org.br\/wp-content\/uploads\/2023\/09\/Nivel-Superior-Resultado-Preliminar-das-Provas-Objetivas-20-09-2023.pdf\">N\u00edvel Superior &#8211; Resultado Preliminar das Provas Objetivas &#8211; 20\/09\/2023 <strong>(Clique aqui)<\/strong><\/a><\/p><p style=\"text-align: center;\"><a href=\"https:\/\/portalfadesp.org.br\/wp-content\/uploads\/2023\/09\/Nivel-Medio-Resultado-Preliminar-das-Provas-Objetivas-20-09-2023.pdf\">N\u00edvel M\u00e9dio &#8211; Resultado Preliminar das Provas Objetivas &#8211; 20\/09\/2023 <strong>(Clique aqui)<\/strong><\/a><\/p><p style=\"text-align: center;\"><a href=\"https:\/\/portalfadesp.org.br\/wp-content\/uploads\/2023\/09\/Nivel-Alfabetizado-Resultado-Preliminar-das-Provas-Objetivas-20-09-2023.pdf\">N\u00edvel Alfabetizado &#8211; Resultado Preliminar das Provas Objetivas &#8211; 20\/09\/2023 <strong>(Clique aqui)<\/strong><\/a><\/p><p style=\"text-align: center;\"><a href=\"http:\/\/concursos2.fadesp.org.br\/prefeitura\/2023\/bagre\/arquivos\/A697DG6D9DGgAb03def.html\">Gabaritos Definitivos dia 03\/09\/2023, de 13\/09\/2023 <strong>(Clique aqui)<\/strong><\/a><\/p><p style=\"text-align: center;\"><a href=\"http:\/\/concursos2.fadesp.org.br\/prefeitura\/2023\/bagre\/arquivos\/J24352NJ4N324344gAb27Def.html\">Gabaritos Definitivos dia 27\/08\/2023, de 06\/09\/2023 <strong>(Clique aqui)<\/strong><\/a><\/p><p style=\"text-align: center;\"><a href=\"http:\/\/concursos2.fadesp.org.br\/prefeitura\/2023\/bagre\/arquivos\/5BNM3M5NNM53gAb03.html\">Gabaritos dia 03\/09\/2023, de 04\/09\/2023 <strong>(Clique aqui)<\/strong><\/a><\/p><p style=\"text-align: center;\"><a href=\"http:\/\/concursos2.fadesp.org.br\/prefeitura\/2023\/bagre\/arquivos\/B352I3IK35N325PrOv03.html\">Provas dia 03\/09\/2023, de 04\/09\/2023 <strong>(Clique aqui)<\/strong><\/a><\/p><p style=\"text-align: center;\"><a href=\"http:\/\/concursos2.fadesp.org.br\/prefeitura\/2023\/bagre\/arquivos\/K3L52J5F235FA23gAb27.html\">Gabaritos dia 27\/08\/2023, de 28\/08\/2023 <strong>(Clique aqui)<\/strong><\/a><\/p><p style=\"text-align: center;\"><a href=\"http:\/\/concursos2.fadesp.org.br\/prefeitura\/2023\/bagre\/arquivos\/532UOP5GHP23PrOv27.html\">Provas dia 27\/08\/2023, de 28\/08\/2023 <strong>(Clique aqui)<\/strong><\/a><\/p><p style=\"text-align: center;\"><a href=\"http:\/\/concursos2.fadesp.org.br\/prefeitura\/2023\/bagre\/arquivos\/Demanda - 14-08-2023.pdf\" data-wplink-url-error=\"true\">Demanda, de 14\/08\/2023 <strong>(Clique aqui)<\/strong><\/a><\/p><p style=\"text-align: center;\"><a href=\"http:\/\/concursos2.fadesp.org.br\/prefeitura\/2023\/bagre\/arquivos\/Resultado Definitivo de Inscri\u00e7\u00f5es Deferidas - 14-08-2023.pdf\" data-wplink-url-error=\"true\">Resultado Definitivo de Inscri\u00e7\u00f5es Deferidas, 14\/08\/2023 <strong>(Clique aqui)<\/strong><\/a><\/p><p style=\"text-align: center;\"><a href=\"http:\/\/concursos2.fadesp.org.br\/prefeitura\/2023\/bagre\/arquivos\/Resultado Definitivo de PcD Concorrentes - 14-08-2023.pdf\" data-wplink-url-error=\"true\">Resultado Definitivo de PcD Concorrentes, 14\/08\/2023 <strong>(Clique aqui)<\/strong><\/a><\/p><p style=\"text-align: center;\"><a href=\"http:\/\/concursos2.fadesp.org.br\/prefeitura\/2023\/bagre\/arquivos\/Resultado Definitivo de Lactantes - 14-08-2023.pdf\" data-wplink-url-error=\"true\">Resultado Definitivo de Lactantes, 14\/08\/2023 <strong>(Clique aqui)<\/strong><\/a><\/p><p style=\"text-align: center;\"><a href=\"http:\/\/concursos2.fadesp.org.br\/prefeitura\/2023\/bagre\/arquivos\/Resultado Definitivo de Atendimento Especial e Tempo Adicional - 14-08-2023.pdf\" data-wplink-url-error=\"true\">Resultado Definitivo de Atendimento Especial e Tempo Adicional, de 14\/08\/2023 <strong>(Clique aqui)<\/strong><\/a><\/p><p style=\"text-align: center;\"><a href=\"http:\/\/concursos2.fadesp.org.br\/prefeitura\/2023\/bagre\/arquivos\/Resultado Preliminar de Inscri\u00e7\u00f5es Deferidas - 09-08-2023.pdf\" data-wplink-url-error=\"true\">Resultado Preliminar de Inscri\u00e7\u00f5es Deferidas, 09\/08\/2023 <strong>(Clique aqui)<\/strong><\/a><\/p><p style=\"text-align: center;\"><a href=\"http:\/\/concursos2.fadesp.org.br\/prefeitura\/2023\/bagre\/arquivos\/Resultado Preliminar de Atendimento Especial e Tempo Adicional, no dia da prova objetiva - 09-08-2023.pdf\" data-wplink-url-error=\"true\">Resultado Preliminar de Atendimento Especial e Tempo Adicional, no dia da prova objetiva, de 09\/08\/2023 <strong>(Clique aqui)<\/strong><\/a><\/p><p style=\"text-align: center;\"><a href=\"http:\/\/concursos2.fadesp.org.br\/prefeitura\/2023\/bagre\/arquivos\/Resultado Preliminar de PcD Concorrentes - 09-08-2023.pdf\" data-wplink-url-error=\"true\">Resultado Preliminar de PcD Concorrentes, de 09\/08\/2023 <strong>(Clique aqui)<\/strong><\/a><\/p><p style=\"text-align: center;\"><a href=\"http:\/\/concursos2.fadesp.org.br\/prefeitura\/2023\/bagre\/arquivos\/Resultado Preliminar de Lactantes no dia da Prova Objetiva - 09-08-2023.pdf\" data-wplink-url-error=\"true\">Resultado Preliminar de Lactantes no dia da Prova Objetiva, de 09\/08\/2023 <strong>(Clique aqui)<\/strong><\/a><\/p><p style=\"text-align: center;\"><a href=\"http:\/\/concursos2.fadesp.org.br\/prefeitura\/2023\/bagre\/arquivos\/Resultado Definitivo Isen\u00e7\u00e3o PcD - 18-07-2023.pdf\" data-wplink-url-error=\"true\">Resultado Definitivo Isen\u00e7\u00e3o PcD, de 18\/07\/2023 <strong>(Clique aqui)<\/strong><\/a><\/p><p style=\"text-align: center;\"><a href=\"http:\/\/concursos2.fadesp.org.br\/prefeitura\/2023\/bagre\/arquivos\/Resultado Preliminar isen\u00e7\u00e3o PcD - Complementar02 de 12-07-2023.pdf\" data-wplink-url-error=\"true\">Resultado Preliminar isen\u00e7\u00e3o PcD &#8211; Complementar02, de 12\/07\/2023 <strong>(Clique aqui)<\/strong><\/a><\/p><p style=\"text-align: center;\"><a href=\"http:\/\/concursos2.fadesp.org.br\/prefeitura\/2023\/bagre\/arquivos\/Errata n\u00b0 03 do Edital n\u00b0 01_2023_PMB - 06-07-2023.pdf\" data-wplink-url-error=\"true\">Errata n\u00b0 03 do Edital n\u00b0 01_2023_PMB, de 06\/07\/2023 <strong>(Clique aqui)<\/strong><\/a><\/p><p style=\"text-align: center;\"><a href=\"http:\/\/concursos2.fadesp.org.br\/prefeitura\/2023\/bagre\/arquivos\/Resultado Definitivo Isen\u00e7\u00e3o PcD - Complementar - 27-06-2023.pdf\" data-wplink-url-error=\"true\">Resultado Preliminar de Concorrentes como PcD, de 27\/06\/2023 <strong>(Clique aqui)<\/strong><\/a><\/p><p style=\"text-align: center;\"><a href=\"http:\/\/concursos2.fadesp.org.br\/prefeitura\/2023\/bagre\/arquivos\/Resultado Preliminar Isen\u00e7\u00e3o taxa PcD - 20-06-2023.pdf\" data-wplink-url-error=\"true\">Resultado Preliminar Isen\u00e7\u00e3o taxa PcD, de 20\/06\/2023 <strong>(Clique aqui)<\/strong><\/a><\/p><p style=\"text-align: center;\"><a href=\"http:\/\/concursos2.fadesp.org.br\/prefeitura\/2023\/bagre\/arquivos\/Errata n\u00b0 02 do Edital n\u00b0 01_2023_PMB - 06_06_2023.pdf\" data-wplink-url-error=\"true\">Errata n\u00b0 02 do Edital n\u00b0 01\/2023\/PMB, de 06\/06\/2023 <strong>(Clique aqui)<\/strong><\/a><\/p><p style=\"text-align: center;\"><a href=\"http:\/\/concursos2.fadesp.org.br\/prefeitura\/2023\/bagre\/arquivos\/LEI N\u00ba 139 - ALTERA\u00c7\u00c3O DOS ANEXOS DE CARGOS EFETIVOS.pdf\" data-wplink-url-error=\"true\">LEI N\u00ba 139 &#8211; ALTERA\u00c7\u00c3O DOS ANEXOS DE CARGOS EFETIVOS <strong>(Clique aqui)<\/strong><\/a><\/p><p style=\"text-align: center;\"><a href=\"http:\/\/concursos2.fadesp.org.br\/prefeitura\/2023\/bagre\/arquivos\/Resultado Definitivo Isen\u00e7\u00e3o PcD - 17-05-2023.pdf\" data-wplink-url-error=\"true\">Resultado Definitivo Isen\u00e7\u00e3o PcD, de 17\/05\/2023 <strong>(Clique aqui)<\/strong><\/a><\/p><p style=\"text-align: center;\"><a href=\"http:\/\/concursos2.fadesp.org.br\/prefeitura\/2023\/bagre\/arquivos\/Resultado Preliminar Isen\u00e7\u00e3o PcD.pdf\" data-wplink-url-error=\"true\">Resultado Preliminar Isen\u00e7\u00e3o PcD, de 11\/05\/2023 <strong>(Clique aqui)<\/strong><\/a><\/p><p style=\"text-align: center;\"><a href=\"http:\/\/concursos2.fadesp.org.br\/prefeitura\/2023\/bagre\/arquivos\/Errata n\u00b0 01 do Edital n\u00b0 01_2023_PMB - 09_05_2023.pdf\" data-wplink-url-error=\"true\">Errata n\u00b0 01 do Edital n\u00b0 01_2023_PMB, de 09\/05\/2023 <strong>(Clique aqui)<\/strong><\/a><\/p><p style=\"text-align: center;\"><a href=\"http:\/\/concursos2.fadesp.org.br\/prefeitura\/2023\/bagre\/arquivos\/Lei Org\u00e2nica do Munic\u00edpio de Bagre.pdf\" data-wplink-url-error=\"true\">Lei Org\u00e2nica do Munic\u00edpio de Bagre <strong>(Clique aqui)<\/strong><\/a><\/p><p style=\"text-align: center;\"><a href=\"http:\/\/concursos2.fadesp.org.br\/prefeitura\/2023\/bagre\/arquivos\/Lei 125_2021 Cria o Conselho de Acompanhamento do FUNDEB no Munic\u00edpio de Bagre.pdf\" data-wplink-url-error=\"true\">Lei 125_2021 Cria o Conselho de Acompanhamento do FUNDEB no Munic\u00edpio de Bagre <strong>(Clique aqui)<\/strong><\/a><\/p><p style=\"text-align: center;\"><a href=\"http:\/\/concursos2.fadesp.org.br\/prefeitura\/2023\/bagre\/arquivos\/Lei 118_2019 Cria a Pol\u00edtica de Meio Ambiente de Bagre.pdf\" data-wplink-url-error=\"true\">Lei 118_2019 Cria a Pol\u00edtica de Meio Ambiente de Bagre <strong>(Clique aqui)<\/strong><\/a><\/p><p style=\"text-align: center;\"><a href=\"http:\/\/concursos2.fadesp.org.br\/prefeitura\/2023\/bagre\/arquivos\/LEI 083_2013 REGIME JURIDICO \u00daNICO SERVIDORES P\u00daBLICOS DE BAGRE.pdf\" data-wplink-url-error=\"true\">LEI 083_2013 REGIME JURIDICO \u00daNICO SERVIDORES P\u00daBLICOS DE BAGRE <strong>(Clique aqui)<\/strong><\/a><\/p><p style=\"text-align: center;\"><a href=\"http:\/\/concursos2.fadesp.org.br\/prefeitura\/2023\/bagre\/arquivos\/Lei 050_2009 Cria o Conselho e o Fundo de Meio Ambiente de Bagre.pdf\" data-wplink-url-error=\"true\">Lei 050_2009 Cria o Conselho e o Fundo de Meio Ambiente de Bagre <strong>(Clique aqui)<\/strong><\/a><\/p><p style=\"text-align: center;\"><a href=\"http:\/\/concursos2.fadesp.org.br\/prefeitura\/2023\/bagre\/arquivos\/Lei 005_2005 Plano de Cargos e Carreira do Magist\u00e9rio de Bagre.pdf\" data-wplink-url-error=\"true\">Lei 005_2005 Plano de Cargos e Carreira do Magist\u00e9rio de Bagre<strong> (Clique aqui)<\/strong><\/a><\/p><p style=\"text-align: center;\">L<a href=\"http:\/\/concursos2.fadesp.org.br\/prefeitura\/2023\/bagre\/arquivos\/LEI 004_2005 Plano de Cargos, Carreira e Vencimentos Administra\u00e7\u00e3o P\u00fablica Aut\u00e1rquica e Fundacional de Bagre.pdf\" data-wplink-url-error=\"true\">EI 004_2005 Plano de Cargos, Carreira e Vencimentos Administra\u00e7\u00e3o P\u00fablica Aut\u00e1rquica e Fundacional de Bagre <strong>(Clique aqui)<\/strong><\/a><\/p><p style=\"text-align: center;\"><a href=\"http:\/\/concursos2.fadesp.org.br\/prefeitura\/2023\/bagre\/arquivos\/Edital n\u00b0 01_2023_PMB - EDITAL DE ABERTURA.pdf\" data-wplink-url-error=\"true\">Edital n\u00b0 01_2023_PMB &#8211; EDITAL DE ABERTURA, DE 19\/04\/2023 <strong>(Clique aqui)<\/strong><\/a><\/p>\t\t\t\t\t\t\t\t<\/div>\n\t\t\t\t<\/div>\n\t\t\t\t\t<\/div>\n\t\t<\/div>\n\t\t\t\t\t<\/div>\n\t\t<\/section>\n\t\t\t\t\t<\/div>\n\t\t<\/div>\n\t\t\t\t\t<\/div>\n\t\t<\/section>\n\t\t\t\t<\/div>\n\t\t","protected":false},"excerpt":{"rendered":"<p>Concurso P\u00fablico da Prefeitura Municipal de Bagre &#8211; 2023 O Prefeito Municipal de Bagre, no uso de suas atribui\u00e7\u00f5es, torna p\u00fablica a realiza\u00e7\u00e3o de Concurso P\u00fablico destinado ao preenchimento de vagas de cargos do quadro de pessoal efetivo da Prefeitura, mediante as condi\u00e7\u00f5es estabelecidas no Edital n\u00ba 001\/2023. Vagas: 299 (duzentos e noventa e nove) [&hellip;]<\/p>\n","protected":false},"author":12,"featured_media":0,"parent":329,"menu_order":0,"comment_status":"closed","ping_status":"closed","template":"","meta":{"_monsterinsights_skip_tracking":false,"_monsterinsights_sitenote_active":false,"_monsterinsights_sitenote_note":"","_monsterinsights_sitenote_category":0,"footnotes":""},"class_list":["post-40589","page","type-page","status-publish","hentry","entry"],"yoast_head":"<!-- This site is optimized with the Yoast SEO plugin v25.1 - https:\/\/yoast.com\/wordpress\/plugins\/seo\/ -->\n<title>Concurso P\u00fablico da Prefeitura Municipal de Bagre - 2023\u200b - FADESP<\/title>\n<meta name=\"robots\" content=\"index, follow, max-snippet:-1, max-image-preview:large, max-video-preview:-1\" \/>\n<link rel=\"canonical\" href=\"https:\/\/portalfadesp.org.br\/?page_id=40589\" \/>\n<meta property=\"og:locale\" content=\"pt_BR\" \/>\n<meta property=\"og:type\" content=\"article\" \/>\n<meta property=\"og:title\" content=\"Concurso P\u00fablico da Prefeitura Municipal de Bagre - 2023\u200b - FADESP\" \/>\n<meta property=\"og:description\" content=\"Concurso P\u00fablico da Prefeitura Municipal de Bagre &#8211; 2023 O Prefeito Municipal de Bagre, no uso de suas atribui\u00e7\u00f5es, torna p\u00fablica a realiza\u00e7\u00e3o de Concurso P\u00fablico destinado ao preenchimento de vagas de cargos do quadro de pessoal efetivo da Prefeitura, mediante as condi\u00e7\u00f5es estabelecidas no Edital n\u00ba 001\/2023. Vagas: 299 (duzentos e noventa e nove) [&hellip;]\" \/>\n<meta property=\"og:url\" content=\"https:\/\/portalfadesp.org.br\/?page_id=40589\" \/>\n<meta property=\"og:site_name\" content=\"FADESP\" \/>\n<meta property=\"article:publisher\" content=\"https:\/\/www.facebook.com\/Fadesp-138351949524662\/\" \/>\n<meta property=\"article:modified_time\" content=\"2024-05-16T13:39:05+00:00\" \/>\n<meta name=\"twitter:card\" content=\"summary_large_image\" \/>\n<meta name=\"twitter:site\" content=\"@Fadesp\" \/>\n<meta name=\"twitter:label1\" content=\"Est. tempo de leitura\" \/>\n\t<meta name=\"twitter:data1\" content=\"6 minutos\" \/>\n<script type=\"application\/ld+json\" class=\"yoast-schema-graph\">{\"@context\":\"https:\/\/schema.org\",\"@graph\":[{\"@type\":\"WebPage\",\"@id\":\"https:\/\/portalfadesp.org.br\/?page_id=40589\",\"url\":\"https:\/\/portalfadesp.org.br\/?page_id=40589\",\"name\":\"Concurso P\u00fablico da Prefeitura Municipal de Bagre - 2023\u200b - FADESP\",\"isPartOf\":{\"@id\":\"https:\/\/portalfadesp.org.br\/#website\"},\"datePublished\":\"2023-04-19T12:53:51+00:00\",\"dateModified\":\"2024-05-16T13:39:05+00:00\",\"breadcrumb\":{\"@id\":\"https:\/\/portalfadesp.org.br\/?page_id=40589#breadcrumb\"},\"inLanguage\":\"pt-BR\",\"potentialAction\":[{\"@type\":\"ReadAction\",\"target\":[\"https:\/\/portalfadesp.org.br\/?page_id=40589\"]}]},{\"@type\":\"BreadcrumbList\",\"@id\":\"https:\/\/portalfadesp.org.br\/?page_id=40589#breadcrumb\",\"itemListElement\":[{\"@type\":\"ListItem\",\"position\":1,\"name\":\"In\u00edcio\",\"item\":\"https:\/\/portalfadesp.org.br\/\"},{\"@type\":\"ListItem\",\"position\":2,\"name\":\"Concursos &#8211; Homologados\",\"item\":\"https:\/\/portalfadesp.org.br\/?page_id=329\"},{\"@type\":\"ListItem\",\"position\":3,\"name\":\"Concurso P\u00fablico da Prefeitura Municipal de Bagre &#8211; 2023\u200b\"}]},{\"@type\":\"WebSite\",\"@id\":\"https:\/\/portalfadesp.org.br\/#website\",\"url\":\"https:\/\/portalfadesp.org.br\/\",\"name\":\"FADESP\",\"description\":\"Funda\u00e7\u00e3o de Amparo e Desenvolvimento da Pesquisa\",\"publisher\":{\"@id\":\"https:\/\/portalfadesp.org.br\/#organization\"},\"potentialAction\":[{\"@type\":\"SearchAction\",\"target\":{\"@type\":\"EntryPoint\",\"urlTemplate\":\"https:\/\/portalfadesp.org.br\/?s={search_term_string}\"},\"query-input\":{\"@type\":\"PropertyValueSpecification\",\"valueRequired\":true,\"valueName\":\"search_term_string\"}}],\"inLanguage\":\"pt-BR\"},{\"@type\":\"Organization\",\"@id\":\"https:\/\/portalfadesp.org.br\/#organization\",\"name\":\"FADESP\",\"url\":\"https:\/\/portalfadesp.org.br\/\",\"logo\":{\"@type\":\"ImageObject\",\"inLanguage\":\"pt-BR\",\"@id\":\"https:\/\/portalfadesp.org.br\/#\/schema\/logo\/image\/\",\"url\":\"https:\/\/portalfadesp.org.br\/wp-content\/uploads\/2024\/01\/NOVOLOGOFADESPlaranjaH.png\",\"contentUrl\":\"https:\/\/portalfadesp.org.br\/wp-content\/uploads\/2024\/01\/NOVOLOGOFADESPlaranjaH.png\",\"width\":2742,\"height\":839,\"caption\":\"FADESP\"},\"image\":{\"@id\":\"https:\/\/portalfadesp.org.br\/#\/schema\/logo\/image\/\"},\"sameAs\":[\"https:\/\/www.facebook.com\/Fadesp-138351949524662\/\",\"https:\/\/x.com\/Fadesp\",\"https:\/\/www.instagram.com\/fadesp_ufpa\/\",\"https:\/\/www.youtube.com\/@fundacaodeamparoedesenvolv1903\",\"https:\/\/www.threads.net\/@fadesp_ufpa\"]}]}<\/script>\n<!-- \/ Yoast SEO plugin. -->","yoast_head_json":{"title":"Concurso P\u00fablico da Prefeitura Municipal de Bagre - 2023\u200b - FADESP","robots":{"index":"index","follow":"follow","max-snippet":"max-snippet:-1","max-image-preview":"max-image-preview:large","max-video-preview":"max-video-preview:-1"},"canonical":"https:\/\/portalfadesp.org.br\/?page_id=40589","og_locale":"pt_BR","og_type":"article","og_title":"Concurso P\u00fablico da Prefeitura Municipal de Bagre - 2023\u200b - FADESP","og_description":"Concurso P\u00fablico da Prefeitura Municipal de Bagre &#8211; 2023 O Prefeito Municipal de Bagre, no uso de suas atribui\u00e7\u00f5es, torna p\u00fablica a realiza\u00e7\u00e3o de Concurso P\u00fablico destinado ao preenchimento de vagas de cargos do quadro de pessoal efetivo da Prefeitura, mediante as condi\u00e7\u00f5es estabelecidas no Edital n\u00ba 001\/2023. Vagas: 299 (duzentos e noventa e nove) [&hellip;]","og_url":"https:\/\/portalfadesp.org.br\/?page_id=40589","og_site_name":"FADESP","article_publisher":"https:\/\/www.facebook.com\/Fadesp-138351949524662\/","article_modified_time":"2024-05-16T13:39:05+00:00","twitter_card":"summary_large_image","twitter_site":"@Fadesp","twitter_misc":{"Est. tempo de leitura":"6 minutos"},"schema":{"@context":"https:\/\/schema.org","@graph":[{"@type":"WebPage","@id":"https:\/\/portalfadesp.org.br\/?page_id=40589","url":"https:\/\/portalfadesp.org.br\/?page_id=40589","name":"Concurso P\u00fablico da Prefeitura Municipal de Bagre - 2023\u200b - FADESP","isPartOf":{"@id":"https:\/\/portalfadesp.org.br\/#website"},"datePublished":"2023-04-19T12:53:51+00:00","dateModified":"2024-05-16T13:39:05+00:00","breadcrumb":{"@id":"https:\/\/portalfadesp.org.br\/?page_id=40589#breadcrumb"},"inLanguage":"pt-BR","potentialAction":[{"@type":"ReadAction","target":["https:\/\/portalfadesp.org.br\/?page_id=40589"]}]},{"@type":"BreadcrumbList","@id":"https:\/\/portalfadesp.org.br\/?page_id=40589#breadcrumb","itemListElement":[{"@type":"ListItem","position":1,"name":"In\u00edcio","item":"https:\/\/portalfadesp.org.br\/"},{"@type":"ListItem","position":2,"name":"Concursos &#8211; Homologados","item":"https:\/\/portalfadesp.org.br\/?page_id=329"},{"@type":"ListItem","position":3,"name":"Concurso P\u00fablico da Prefeitura Municipal de Bagre &#8211; 2023\u200b"}]},{"@type":"WebSite","@id":"https:\/\/portalfadesp.org.br\/#website","url":"https:\/\/portalfadesp.org.br\/","name":"FADESP","description":"Funda\u00e7\u00e3o de Amparo e Desenvolvimento da Pesquisa","publisher":{"@id":"https:\/\/portalfadesp.org.br\/#organization"},"potentialAction":[{"@type":"SearchAction","target":{"@type":"EntryPoint","urlTemplate":"https:\/\/portalfadesp.org.br\/?s={search_term_string}"},"query-input":{"@type":"PropertyValueSpecification","valueRequired":true,"valueName":"search_term_string"}}],"inLanguage":"pt-BR"},{"@type":"Organization","@id":"https:\/\/portalfadesp.org.br\/#organization","name":"FADESP","url":"https:\/\/portalfadesp.org.br\/","logo":{"@type":"ImageObject","inLanguage":"pt-BR","@id":"https:\/\/portalfadesp.org.br\/#\/schema\/logo\/image\/","url":"https:\/\/portalfadesp.org.br\/wp-content\/uploads\/2024\/01\/NOVOLOGOFADESPlaranjaH.png","contentUrl":"https:\/\/portalfadesp.org.br\/wp-content\/uploads\/2024\/01\/NOVOLOGOFADESPlaranjaH.png","width":2742,"height":839,"caption":"FADESP"},"image":{"@id":"https:\/\/portalfadesp.org.br\/#\/schema\/logo\/image\/"},"sameAs":["https:\/\/www.facebook.com\/Fadesp-138351949524662\/","https:\/\/x.com\/Fadesp","https:\/\/www.instagram.com\/fadesp_ufpa\/","https:\/\/www.youtube.com\/@fundacaodeamparoedesenvolv1903","https:\/\/www.threads.net\/@fadesp_ufpa"]}]}},"_links":{"self":[{"href":"https:\/\/portalfadesp.org.br\/index.php?rest_route=\/wp\/v2\/pages\/40589","targetHints":{"allow":["GET"]}}],"collection":[{"href":"https:\/\/portalfadesp.org.br\/index.php?rest_route=\/wp\/v2\/pages"}],"about":[{"href":"https:\/\/portalfadesp.org.br\/index.php?rest_route=\/wp\/v2\/types\/page"}],"author":[{"embeddable":true,"href":"https:\/\/portalfadesp.org.br\/index.php?rest_route=\/wp\/v2\/users\/12"}],"replies":[{"embeddable":true,"href":"https:\/\/portalfadesp.org.br\/index.php?rest_route=%2Fwp%2Fv2%2Fcomments&post=40589"}],"version-history":[{"count":197,"href":"https:\/\/portalfadesp.org.br\/index.php?rest_route=\/wp\/v2\/pages\/40589\/revisions"}],"predecessor-version":[{"id":46171,"href":"https:\/\/portalfadesp.org.br\/index.php?rest_route=\/wp\/v2\/pages\/40589\/revisions\/46171"}],"up":[{"embeddable":true,"href":"https:\/\/portalfadesp.org.br\/index.php?rest_route=\/wp\/v2\/pages\/329"}],"wp:attachment":[{"href":"https:\/\/portalfadesp.org.br\/index.php?rest_route=%2Fwp%2Fv2%2Fmedia&parent=40589"}],"curies":[{"name":"wp","href":"https:\/\/api.w.org\/{rel}","templated":true}]}}