{"id":40345,"date":"2023-03-22T13:45:10","date_gmt":"2023-03-22T16:45:10","guid":{"rendered":"https:\/\/portalfadesp.org.br\/?page_id=40345"},"modified":"2023-04-25T16:28:28","modified_gmt":"2023-04-25T19:28:28","slug":"pagina_modelo-19-13-27","status":"publish","type":"page","link":"https:\/\/portalfadesp.org.br\/?page_id=40345","title":{"rendered":"Especializa\u00e7\u00e3o da Gest\u00e3o da Tecnologia da Informa\u00e7\u00e3o 4.0 para Transforma\u00e7\u00e3o Digital (Vers\u00e3o 3.0)"},"content":{"rendered":"\t\t<div data-elementor-type=\"wp-post\" data-elementor-id=\"40345\" class=\"elementor elementor-40345\" data-elementor-post-type=\"page\">\n\t\t\t\t\t\t<section class=\"elementor-section elementor-top-section elementor-element elementor-element-1f2996d1 elementor-section-boxed elementor-section-height-default elementor-section-height-default\" data-id=\"1f2996d1\" data-element_type=\"section\">\n\t\t\t\t\t\t<div class=\"elementor-container elementor-column-gap-default\">\n\t\t\t\t\t<div class=\"elementor-column elementor-col-100 elementor-top-column elementor-element elementor-element-59a4b3f8\" data-id=\"59a4b3f8\" data-element_type=\"column\">\n\t\t\t<div class=\"elementor-widget-wrap elementor-element-populated\">\n\t\t\t\t\t\t<div class=\"elementor-element elementor-element-799471af elementor-widget elementor-widget-heading\" data-id=\"799471af\" data-element_type=\"widget\" data-widget_type=\"heading.default\">\n\t\t\t\t<div class=\"elementor-widget-container\">\n\t\t\t\t\t<h1 class=\"elementor-heading-title elementor-size-default\">Especializa\u00e7\u00e3o da Gest\u00e3o da Tecnologia da Informa\u00e7\u00e3o 4.0 para Transforma\u00e7\u00e3o Digital (Vers\u00e3o 3.0)<\/h1>\t\t\t\t<\/div>\n\t\t\t\t<\/div>\n\t\t\t\t<section class=\"elementor-section elementor-inner-section elementor-element elementor-element-336311f elementor-section-boxed elementor-section-height-default elementor-section-height-default\" data-id=\"336311f\" data-element_type=\"section\">\n\t\t\t\t\t\t<div class=\"elementor-container elementor-column-gap-default\">\n\t\t\t\t\t<div class=\"elementor-column elementor-col-50 elementor-inner-column elementor-element elementor-element-75ca0dc3\" data-id=\"75ca0dc3\" data-element_type=\"column\">\n\t\t\t<div class=\"elementor-widget-wrap elementor-element-populated\">\n\t\t\t\t\t\t<div class=\"elementor-element elementor-element-425a3096 elementor-widget elementor-widget-text-editor\" data-id=\"425a3096\" data-element_type=\"widget\" data-widget_type=\"text-editor.default\">\n\t\t\t\t<div class=\"elementor-widget-container\">\n\t\t\t\t\t\t\t\t\t<p>A Faculdade de Administra\u00e7\u00e3o torna p\u00fablicas as normas gerais para o Processo de Sele\u00e7\u00e3o para o Curso de P\u00f3s-Gradua\u00e7\u00e3o Lato Sensu em Gest\u00e3o da Tecnologia da Informa\u00e7\u00e3o 4.0 para Transforma\u00e7\u00e3o Digital (Vers\u00e3o 3.0), realizado pela Faculdade de Administra\u00e7\u00e3o\/Instituto de Ci\u00eancias Sociais Aplicadas, da Universidade Federal do Par\u00e1 \u2014 UFPA.<\/p>\n<p><b>Pr\u00e9-requisitos: <\/b>O curso destina-se preferencialmente para profissionais que atuam em fun\u00e7\u00f5es executivas que envolvam a gest\u00e3o e decis\u00f5es sobre a implementa\u00e7\u00e3o e uso de recursos avan\u00e7ados de TI. Os participantes dever\u00e3o ter curso superior completo, \u00e9 recomendavel estar exercendo fun\u00e7\u00e3o de dire\u00e7\u00e3o, gerencia ou assessoria, atividades tecn\u00edcas diversas com responsabilidade decis\u00f3ria em \u00e1rea relacionada ao objetivo do curso, bem como que tenham conhecimentos t\u00e9cnicos e experi\u00eancia no uso de recursos de TI.<\/p>\n<p><strong>Vagas:<\/strong> 50 (cinquenta)&nbsp;<\/p>\n<p>I<u style=\"font-weight: bold;\">nscri\u00e7\u00f5es prorrogadas:<\/u>&nbsp;at\u00e9<b style=\"\">&nbsp;<\/b><span style=\"color: rgb(34, 34, 34); font-family: Arial, Helvetica, sans-serif; font-size: small; font-style: normal; font-variant-ligatures: normal; font-variant-caps: normal; font-weight: 400;\">15\/05\/2023.<\/span><\/p>\n<p><strong>Taxa de inscri\u00e7\u00e3o:<\/strong> R$100,00 (cem reais)<\/p>\n<p><strong>Para mais informa\u00e7\u00f5es: <\/strong>gtiufpa@gmail.com<\/p>\n<p><strong>Para se inscrever, <a href=\"http:\/\/cursoseventos.fadesp.org.br\/gui\/PortalCursosEventos.aspx#\"><i><u>clique aqui.<\/u><\/i><\/a><\/strong><\/p>\t\t\t\t\t\t\t\t<\/div>\n\t\t\t\t<\/div>\n\t\t\t\t\t<\/div>\n\t\t<\/div>\n\t\t\t\t<div class=\"elementor-column elementor-col-50 elementor-inner-column elementor-element elementor-element-79608089\" data-id=\"79608089\" data-element_type=\"column\">\n\t\t\t<div class=\"elementor-widget-wrap elementor-element-populated\">\n\t\t\t\t\t\t<div class=\"elementor-element elementor-element-7ccac55 elementor-widget elementor-widget-text-editor\" data-id=\"7ccac55\" data-element_type=\"widget\" data-widget_type=\"text-editor.default\">\n\t\t\t\t<div class=\"elementor-widget-container\">\n\t\t\t\t\t\t\t\t\t<p><strong>Editais\u00a0<\/strong><\/p>\t\t\t\t\t\t\t\t<\/div>\n\t\t\t\t<\/div>\n\t\t\t\t<div class=\"elementor-element elementor-element-368e568 elementor-widget elementor-widget-text-editor\" data-id=\"368e568\" data-element_type=\"widget\" data-widget_type=\"text-editor.default\">\n\t\t\t\t<div class=\"elementor-widget-container\">\n\t\t\t\t\t\t\t\t\t<p style=\"text-align: center;\">Prorroga\u00e7\u00e3o de inscri\u00e7\u00e3o &#8211; Novo edital <strong><a href=\"https:\/\/portalfadesp.org.br\/wp-content\/uploads\/2023\/04\/novo_edital_gti.pdf\">(Clique aqui)<\/a><\/strong><\/p><p style=\"text-align: center;\">Edital <strong><a href=\"https:\/\/portalfadesp.org.br\/wp-content\/uploads\/2023\/03\/EDITAL-2023.pdf\">(Clique aqui)<\/a><\/strong><\/p>\t\t\t\t\t\t\t\t<\/div>\n\t\t\t\t<\/div>\n\t\t\t\t\t<\/div>\n\t\t<\/div>\n\t\t\t\t\t<\/div>\n\t\t<\/section>\n\t\t\t\t\t<\/div>\n\t\t<\/div>\n\t\t\t\t\t<\/div>\n\t\t<\/section>\n\t\t\t\t<\/div>\n\t\t","protected":false},"excerpt":{"rendered":"<p>Especializa\u00e7\u00e3o da Gest\u00e3o da Tecnologia da Informa\u00e7\u00e3o 4.0 para Transforma\u00e7\u00e3o Digital (Vers\u00e3o 3.0) A Faculdade de Administra\u00e7\u00e3o torna p\u00fablicas as normas gerais para o Processo de Sele\u00e7\u00e3o para o Curso de P\u00f3s-Gradua\u00e7\u00e3o Lato Sensu em Gest\u00e3o da Tecnologia da Informa\u00e7\u00e3o 4.0 para Transforma\u00e7\u00e3o Digital (Vers\u00e3o 3.0), realizado pela Faculdade de Administra\u00e7\u00e3o\/Instituto de Ci\u00eancias Sociais Aplicadas, [&hellip;]<\/p>\n","protected":false},"author":12,"featured_media":0,"parent":0,"menu_order":0,"comment_status":"closed","ping_status":"closed","template":"","meta":{"_monsterinsights_skip_tracking":false,"_monsterinsights_sitenote_active":false,"_monsterinsights_sitenote_note":"","_monsterinsights_sitenote_category":0,"footnotes":""},"class_list":["post-40345","page","type-page","status-publish","hentry","entry"],"yoast_head":"<!-- This site is optimized with the Yoast SEO plugin v25.1 - https:\/\/yoast.com\/wordpress\/plugins\/seo\/ -->\n<title>Especializa\u00e7\u00e3o da Gest\u00e3o da Tecnologia da Informa\u00e7\u00e3o 4.0 para Transforma\u00e7\u00e3o Digital (Vers\u00e3o 3.0) - FADESP<\/title>\n<meta name=\"robots\" content=\"index, follow, max-snippet:-1, max-image-preview:large, max-video-preview:-1\" \/>\n<link rel=\"canonical\" href=\"https:\/\/portalfadesp.org.br\/?page_id=40345\" \/>\n<meta property=\"og:locale\" content=\"pt_BR\" \/>\n<meta property=\"og:type\" content=\"article\" \/>\n<meta property=\"og:title\" content=\"Especializa\u00e7\u00e3o da Gest\u00e3o da Tecnologia da Informa\u00e7\u00e3o 4.0 para Transforma\u00e7\u00e3o Digital (Vers\u00e3o 3.0) - FADESP\" \/>\n<meta property=\"og:description\" content=\"Especializa\u00e7\u00e3o da Gest\u00e3o da Tecnologia da Informa\u00e7\u00e3o 4.0 para Transforma\u00e7\u00e3o Digital (Vers\u00e3o 3.0) A Faculdade de Administra\u00e7\u00e3o torna p\u00fablicas as normas gerais para o Processo de Sele\u00e7\u00e3o para o Curso de P\u00f3s-Gradua\u00e7\u00e3o Lato Sensu em Gest\u00e3o da Tecnologia da Informa\u00e7\u00e3o 4.0 para Transforma\u00e7\u00e3o Digital (Vers\u00e3o 3.0), realizado pela Faculdade de Administra\u00e7\u00e3o\/Instituto de Ci\u00eancias Sociais Aplicadas, [&hellip;]\" \/>\n<meta property=\"og:url\" content=\"https:\/\/portalfadesp.org.br\/?page_id=40345\" \/>\n<meta property=\"og:site_name\" content=\"FADESP\" \/>\n<meta property=\"article:publisher\" content=\"https:\/\/www.facebook.com\/Fadesp-138351949524662\/\" \/>\n<meta property=\"article:modified_time\" content=\"2023-04-25T19:28:28+00:00\" \/>\n<meta name=\"twitter:card\" content=\"summary_large_image\" \/>\n<meta name=\"twitter:site\" content=\"@Fadesp\" \/>\n<meta name=\"twitter:label1\" content=\"Est. tempo de leitura\" \/>\n\t<meta name=\"twitter:data1\" content=\"1 minuto\" \/>\n<script type=\"application\/ld+json\" class=\"yoast-schema-graph\">{\"@context\":\"https:\/\/schema.org\",\"@graph\":[{\"@type\":\"WebPage\",\"@id\":\"https:\/\/portalfadesp.org.br\/?page_id=40345\",\"url\":\"https:\/\/portalfadesp.org.br\/?page_id=40345\",\"name\":\"Especializa\u00e7\u00e3o da Gest\u00e3o da Tecnologia da Informa\u00e7\u00e3o 4.0 para Transforma\u00e7\u00e3o Digital (Vers\u00e3o 3.0) - FADESP\",\"isPartOf\":{\"@id\":\"https:\/\/portalfadesp.org.br\/#website\"},\"datePublished\":\"2023-03-22T16:45:10+00:00\",\"dateModified\":\"2023-04-25T19:28:28+00:00\",\"breadcrumb\":{\"@id\":\"https:\/\/portalfadesp.org.br\/?page_id=40345#breadcrumb\"},\"inLanguage\":\"pt-BR\",\"potentialAction\":[{\"@type\":\"ReadAction\",\"target\":[\"https:\/\/portalfadesp.org.br\/?page_id=40345\"]}]},{\"@type\":\"BreadcrumbList\",\"@id\":\"https:\/\/portalfadesp.org.br\/?page_id=40345#breadcrumb\",\"itemListElement\":[{\"@type\":\"ListItem\",\"position\":1,\"name\":\"In\u00edcio\",\"item\":\"https:\/\/portalfadesp.org.br\/\"},{\"@type\":\"ListItem\",\"position\":2,\"name\":\"Especializa\u00e7\u00e3o da Gest\u00e3o da Tecnologia da Informa\u00e7\u00e3o 4.0 para Transforma\u00e7\u00e3o Digital (Vers\u00e3o 3.0)\"}]},{\"@type\":\"WebSite\",\"@id\":\"https:\/\/portalfadesp.org.br\/#website\",\"url\":\"https:\/\/portalfadesp.org.br\/\",\"name\":\"FADESP\",\"description\":\"Funda\u00e7\u00e3o de Amparo e Desenvolvimento da Pesquisa\",\"publisher\":{\"@id\":\"https:\/\/portalfadesp.org.br\/#organization\"},\"potentialAction\":[{\"@type\":\"SearchAction\",\"target\":{\"@type\":\"EntryPoint\",\"urlTemplate\":\"https:\/\/portalfadesp.org.br\/?s={search_term_string}\"},\"query-input\":{\"@type\":\"PropertyValueSpecification\",\"valueRequired\":true,\"valueName\":\"search_term_string\"}}],\"inLanguage\":\"pt-BR\"},{\"@type\":\"Organization\",\"@id\":\"https:\/\/portalfadesp.org.br\/#organization\",\"name\":\"FADESP\",\"url\":\"https:\/\/portalfadesp.org.br\/\",\"logo\":{\"@type\":\"ImageObject\",\"inLanguage\":\"pt-BR\",\"@id\":\"https:\/\/portalfadesp.org.br\/#\/schema\/logo\/image\/\",\"url\":\"https:\/\/portalfadesp.org.br\/wp-content\/uploads\/2024\/01\/NOVOLOGOFADESPlaranjaH.png\",\"contentUrl\":\"https:\/\/portalfadesp.org.br\/wp-content\/uploads\/2024\/01\/NOVOLOGOFADESPlaranjaH.png\",\"width\":2742,\"height\":839,\"caption\":\"FADESP\"},\"image\":{\"@id\":\"https:\/\/portalfadesp.org.br\/#\/schema\/logo\/image\/\"},\"sameAs\":[\"https:\/\/www.facebook.com\/Fadesp-138351949524662\/\",\"https:\/\/x.com\/Fadesp\",\"https:\/\/www.instagram.com\/fadesp_ufpa\/\",\"https:\/\/www.youtube.com\/@fundacaodeamparoedesenvolv1903\",\"https:\/\/www.threads.net\/@fadesp_ufpa\"]}]}<\/script>\n<!-- \/ Yoast SEO plugin. -->","yoast_head_json":{"title":"Especializa\u00e7\u00e3o da Gest\u00e3o da Tecnologia da Informa\u00e7\u00e3o 4.0 para Transforma\u00e7\u00e3o Digital (Vers\u00e3o 3.0) - FADESP","robots":{"index":"index","follow":"follow","max-snippet":"max-snippet:-1","max-image-preview":"max-image-preview:large","max-video-preview":"max-video-preview:-1"},"canonical":"https:\/\/portalfadesp.org.br\/?page_id=40345","og_locale":"pt_BR","og_type":"article","og_title":"Especializa\u00e7\u00e3o da Gest\u00e3o da Tecnologia da Informa\u00e7\u00e3o 4.0 para Transforma\u00e7\u00e3o Digital (Vers\u00e3o 3.0) - FADESP","og_description":"Especializa\u00e7\u00e3o da Gest\u00e3o da Tecnologia da Informa\u00e7\u00e3o 4.0 para Transforma\u00e7\u00e3o Digital (Vers\u00e3o 3.0) A Faculdade de Administra\u00e7\u00e3o torna p\u00fablicas as normas gerais para o Processo de Sele\u00e7\u00e3o para o Curso de P\u00f3s-Gradua\u00e7\u00e3o Lato Sensu em Gest\u00e3o da Tecnologia da Informa\u00e7\u00e3o 4.0 para Transforma\u00e7\u00e3o Digital (Vers\u00e3o 3.0), realizado pela Faculdade de Administra\u00e7\u00e3o\/Instituto de Ci\u00eancias Sociais Aplicadas, [&hellip;]","og_url":"https:\/\/portalfadesp.org.br\/?page_id=40345","og_site_name":"FADESP","article_publisher":"https:\/\/www.facebook.com\/Fadesp-138351949524662\/","article_modified_time":"2023-04-25T19:28:28+00:00","twitter_card":"summary_large_image","twitter_site":"@Fadesp","twitter_misc":{"Est. tempo de leitura":"1 minuto"},"schema":{"@context":"https:\/\/schema.org","@graph":[{"@type":"WebPage","@id":"https:\/\/portalfadesp.org.br\/?page_id=40345","url":"https:\/\/portalfadesp.org.br\/?page_id=40345","name":"Especializa\u00e7\u00e3o da Gest\u00e3o da Tecnologia da Informa\u00e7\u00e3o 4.0 para Transforma\u00e7\u00e3o Digital (Vers\u00e3o 3.0) - FADESP","isPartOf":{"@id":"https:\/\/portalfadesp.org.br\/#website"},"datePublished":"2023-03-22T16:45:10+00:00","dateModified":"2023-04-25T19:28:28+00:00","breadcrumb":{"@id":"https:\/\/portalfadesp.org.br\/?page_id=40345#breadcrumb"},"inLanguage":"pt-BR","potentialAction":[{"@type":"ReadAction","target":["https:\/\/portalfadesp.org.br\/?page_id=40345"]}]},{"@type":"BreadcrumbList","@id":"https:\/\/portalfadesp.org.br\/?page_id=40345#breadcrumb","itemListElement":[{"@type":"ListItem","position":1,"name":"In\u00edcio","item":"https:\/\/portalfadesp.org.br\/"},{"@type":"ListItem","position":2,"name":"Especializa\u00e7\u00e3o da Gest\u00e3o da Tecnologia da Informa\u00e7\u00e3o 4.0 para Transforma\u00e7\u00e3o Digital (Vers\u00e3o 3.0)"}]},{"@type":"WebSite","@id":"https:\/\/portalfadesp.org.br\/#website","url":"https:\/\/portalfadesp.org.br\/","name":"FADESP","description":"Funda\u00e7\u00e3o de Amparo e Desenvolvimento da Pesquisa","publisher":{"@id":"https:\/\/portalfadesp.org.br\/#organization"},"potentialAction":[{"@type":"SearchAction","target":{"@type":"EntryPoint","urlTemplate":"https:\/\/portalfadesp.org.br\/?s={search_term_string}"},"query-input":{"@type":"PropertyValueSpecification","valueRequired":true,"valueName":"search_term_string"}}],"inLanguage":"pt-BR"},{"@type":"Organization","@id":"https:\/\/portalfadesp.org.br\/#organization","name":"FADESP","url":"https:\/\/portalfadesp.org.br\/","logo":{"@type":"ImageObject","inLanguage":"pt-BR","@id":"https:\/\/portalfadesp.org.br\/#\/schema\/logo\/image\/","url":"https:\/\/portalfadesp.org.br\/wp-content\/uploads\/2024\/01\/NOVOLOGOFADESPlaranjaH.png","contentUrl":"https:\/\/portalfadesp.org.br\/wp-content\/uploads\/2024\/01\/NOVOLOGOFADESPlaranjaH.png","width":2742,"height":839,"caption":"FADESP"},"image":{"@id":"https:\/\/portalfadesp.org.br\/#\/schema\/logo\/image\/"},"sameAs":["https:\/\/www.facebook.com\/Fadesp-138351949524662\/","https:\/\/x.com\/Fadesp","https:\/\/www.instagram.com\/fadesp_ufpa\/","https:\/\/www.youtube.com\/@fundacaodeamparoedesenvolv1903","https:\/\/www.threads.net\/@fadesp_ufpa"]}]}},"_links":{"self":[{"href":"https:\/\/portalfadesp.org.br\/index.php?rest_route=\/wp\/v2\/pages\/40345","targetHints":{"allow":["GET"]}}],"collection":[{"href":"https:\/\/portalfadesp.org.br\/index.php?rest_route=\/wp\/v2\/pages"}],"about":[{"href":"https:\/\/portalfadesp.org.br\/index.php?rest_route=\/wp\/v2\/types\/page"}],"author":[{"embeddable":true,"href":"https:\/\/portalfadesp.org.br\/index.php?rest_route=\/wp\/v2\/users\/12"}],"replies":[{"embeddable":true,"href":"https:\/\/portalfadesp.org.br\/index.php?rest_route=%2Fwp%2Fv2%2Fcomments&post=40345"}],"version-history":[{"count":12,"href":"https:\/\/portalfadesp.org.br\/index.php?rest_route=\/wp\/v2\/pages\/40345\/revisions"}],"predecessor-version":[{"id":40655,"href":"https:\/\/portalfadesp.org.br\/index.php?rest_route=\/wp\/v2\/pages\/40345\/revisions\/40655"}],"wp:attachment":[{"href":"https:\/\/portalfadesp.org.br\/index.php?rest_route=%2Fwp%2Fv2%2Fmedia&parent=40345"}],"curies":[{"name":"wp","href":"https:\/\/api.w.org\/{rel}","templated":true}]}}