{"id":39852,"date":"2023-02-13T11:24:42","date_gmt":"2023-02-13T14:24:42","guid":{"rendered":"https:\/\/portalfadesp.org.br\/?page_id=39852"},"modified":"2023-02-13T11:36:34","modified_gmt":"2023-02-13T14:36:34","slug":"pagina_modelo-19-13-26","status":"publish","type":"page","link":"https:\/\/portalfadesp.org.br\/?page_id=39852","title":{"rendered":"Mestrado em Sa\u00fade, Ambiente e Sociedade na Amaz\u00f4nia (ICS\/UFPA) &#8211; 2023."},"content":{"rendered":"\t\t<div data-elementor-type=\"wp-post\" data-elementor-id=\"39852\" class=\"elementor elementor-39852\" data-elementor-post-type=\"page\">\n\t\t\t\t\t\t<section class=\"elementor-section elementor-top-section elementor-element elementor-element-1f2996d1 elementor-section-boxed elementor-section-height-default elementor-section-height-default\" data-id=\"1f2996d1\" data-element_type=\"section\">\n\t\t\t\t\t\t<div class=\"elementor-container elementor-column-gap-default\">\n\t\t\t\t\t<div class=\"elementor-column elementor-col-100 elementor-top-column elementor-element elementor-element-59a4b3f8\" data-id=\"59a4b3f8\" data-element_type=\"column\">\n\t\t\t<div class=\"elementor-widget-wrap elementor-element-populated\">\n\t\t\t\t\t\t<div class=\"elementor-element elementor-element-799471af elementor-widget elementor-widget-heading\" data-id=\"799471af\" data-element_type=\"widget\" data-widget_type=\"heading.default\">\n\t\t\t\t<div class=\"elementor-widget-container\">\n\t\t\t\t\t<h1 class=\"elementor-heading-title elementor-size-default\">Mestrado em Sa\u00fade, Ambiente e Sociedade na Amaz\u00f4nia (ICS\/UFPA) - 2023.<\/h1>\t\t\t\t<\/div>\n\t\t\t\t<\/div>\n\t\t\t\t<section class=\"elementor-section elementor-inner-section elementor-element elementor-element-336311f elementor-section-boxed elementor-section-height-default elementor-section-height-default\" data-id=\"336311f\" data-element_type=\"section\">\n\t\t\t\t\t\t<div class=\"elementor-container elementor-column-gap-default\">\n\t\t\t\t\t<div class=\"elementor-column elementor-col-50 elementor-inner-column elementor-element elementor-element-75ca0dc3\" data-id=\"75ca0dc3\" data-element_type=\"column\">\n\t\t\t<div class=\"elementor-widget-wrap elementor-element-populated\">\n\t\t\t\t\t\t<div class=\"elementor-element elementor-element-425a3096 elementor-widget elementor-widget-text-editor\" data-id=\"425a3096\" data-element_type=\"widget\" data-widget_type=\"text-editor.default\">\n\t\t\t\t<div class=\"elementor-widget-container\">\n\t\t\t\t\t\t\t\t\t<p>O Programa de P\u00f3s-Gradua\u00e7\u00e3o em Sa\u00fade, Ambiente e Sociedade na Amaz\u00f4nia do Instituto de Ci\u00eancias da Sa\u00fade da Universidade Federal do Par\u00e1, abre 21 (vinte e uma) vagas no curso de Mestrado em Sa\u00fade, Ambiente e Sociedade na Amaz\u00f4nia, para ingresso em 2023. Confira mais informa\u00e7\u00f5es no edital ao lado.<\/p><p><b>Pr\u00e9-requisitos: <\/b>As vagas s\u00e3o destinadas aos portadores de diploma de Gradua\u00e7\u00e3o em cursos reconhecidos pelo Minist\u00e9rio da Educa\u00e7\u00e3o, nas \u00e1reas de Ci\u00eancias da Sa\u00fade, Biol\u00f3gicas, Exatas, Humanas e Ci\u00eancias Sociais Aplicadas.<\/p><p><strong>Vagas:<\/strong> 21 (vinte e uma)<\/p><p><strong>Per\u00edodo de Inscri\u00e7\u00e3o:<\/strong>13\/02 a 14\/02\/22<\/p><p><strong>Taxa de inscri\u00e7\u00e3o:<\/strong> R$ 250,00 (duzentos e cinquenta reais).<\/p><p><strong>LINHAS DE PESQUISAS:<\/strong><\/p><p><strong>Linha 1 &#8211;<\/strong> Socioantropol\u00f3gica, Pol\u00edtica, Planejamento e Gest\u00e3o em Sa\u00fade na Amaz\u00f4nia \u2013 7 vagas<\/p><p><strong>Linha 2 &#8211;<\/strong> Epidemiologia das doen\u00e7as infecciosas e cr\u00f4nicas n\u00e3o transmiss\u00edveis na Amaz\u00f4nia \u2013 14 vagas<\/p><p><strong>Para mais informa\u00e7\u00f5es: <\/strong>ppgsas@ufpa.b<\/p>\t\t\t\t\t\t\t\t<\/div>\n\t\t\t\t<\/div>\n\t\t\t\t\t<\/div>\n\t\t<\/div>\n\t\t\t\t<div class=\"elementor-column elementor-col-50 elementor-inner-column elementor-element elementor-element-79608089\" data-id=\"79608089\" data-element_type=\"column\">\n\t\t\t<div class=\"elementor-widget-wrap elementor-element-populated\">\n\t\t\t\t\t\t<div class=\"elementor-element elementor-element-7ccac55 elementor-widget elementor-widget-text-editor\" data-id=\"7ccac55\" data-element_type=\"widget\" data-widget_type=\"text-editor.default\">\n\t\t\t\t<div class=\"elementor-widget-container\">\n\t\t\t\t\t\t\t\t\t<p><strong>Editais\u00a0<\/strong><\/p>\t\t\t\t\t\t\t\t<\/div>\n\t\t\t\t<\/div>\n\t\t\t\t<div class=\"elementor-element elementor-element-8113298 elementor-widget elementor-widget-text-editor\" data-id=\"8113298\" data-element_type=\"widget\" data-widget_type=\"text-editor.default\">\n\t\t\t\t<div class=\"elementor-widget-container\">\n\t\t\t\t\t\t\t\t\t<p>\u00a0 \u00a0 \u00a0 \u00a0 \u00a0 \u00a0 \u00a0 \u00a0 \u00a0 \u00a0 \u00a0 \u00a0 \u00a0 \u00a0 \u00a0 \u00a0 \u00a0 \u00a0 \u00a0 \u00a0 \u00a0 \u00a0 \u00a0 \u00a0 \u00a0 \u00a0 \u00a0 \u00a0 \u00a0Para se inscrever, <b><u><a href=\"http:\/\/cursoseventos.fadesp.org.br\/gui\/\">clique aqui.<\/a><\/u><\/b><\/p>\t\t\t\t\t\t\t\t<\/div>\n\t\t\t\t<\/div>\n\t\t\t\t<div class=\"elementor-element elementor-element-9882ee9 elementor-widget elementor-widget-text-editor\" data-id=\"9882ee9\" data-element_type=\"widget\" data-widget_type=\"text-editor.default\">\n\t\t\t\t<div class=\"elementor-widget-container\">\n\t\t\t\t\t\t\t\t\t<p><strong>Editais\u00a0<\/strong><\/p>\t\t\t\t\t\t\t\t<\/div>\n\t\t\t\t<\/div>\n\t\t\t\t<div class=\"elementor-element elementor-element-368e568 elementor-widget elementor-widget-text-editor\" data-id=\"368e568\" data-element_type=\"widget\" data-widget_type=\"text-editor.default\">\n\t\t\t\t<div class=\"elementor-widget-container\">\n\t\t\t\t\t\t\t\t\t<p style=\"text-align: center;\">Edital 1<strong> <a href=\"https:\/\/portalfadesp.org.br\/wp-content\/uploads\/2023\/02\/Edital-Turma-Regular-2023.docx-1.pdf\">(Clique aqui)<\/a><\/strong><\/p>\t\t\t\t\t\t\t\t<\/div>\n\t\t\t\t<\/div>\n\t\t\t\t\t<\/div>\n\t\t<\/div>\n\t\t\t\t\t<\/div>\n\t\t<\/section>\n\t\t\t\t\t<\/div>\n\t\t<\/div>\n\t\t\t\t\t<\/div>\n\t\t<\/section>\n\t\t\t\t<\/div>\n\t\t","protected":false},"excerpt":{"rendered":"<p>Mestrado em Sa\u00fade, Ambiente e Sociedade na Amaz\u00f4nia (ICS\/UFPA) &#8211; 2023. O Programa de P\u00f3s-Gradua\u00e7\u00e3o em Sa\u00fade, Ambiente e Sociedade na Amaz\u00f4nia do Instituto de Ci\u00eancias da Sa\u00fade da Universidade Federal do Par\u00e1, abre 21 (vinte e uma) vagas no curso de Mestrado em Sa\u00fade, Ambiente e Sociedade na Amaz\u00f4nia, para ingresso em 2023. Confira [&hellip;]<\/p>\n","protected":false},"author":12,"featured_media":0,"parent":0,"menu_order":0,"comment_status":"closed","ping_status":"closed","template":"","meta":{"_monsterinsights_skip_tracking":false,"_monsterinsights_sitenote_active":false,"_monsterinsights_sitenote_note":"","_monsterinsights_sitenote_category":0,"footnotes":""},"class_list":["post-39852","page","type-page","status-publish","hentry","entry"],"yoast_head":"<!-- This site is optimized with the Yoast SEO plugin v25.1 - https:\/\/yoast.com\/wordpress\/plugins\/seo\/ -->\n<title>Mestrado em Sa\u00fade, Ambiente e Sociedade na Amaz\u00f4nia (ICS\/UFPA) - 2023. - FADESP<\/title>\n<meta name=\"robots\" content=\"index, follow, max-snippet:-1, max-image-preview:large, max-video-preview:-1\" \/>\n<link rel=\"canonical\" href=\"https:\/\/portalfadesp.org.br\/?page_id=39852\" \/>\n<meta property=\"og:locale\" content=\"pt_BR\" \/>\n<meta property=\"og:type\" content=\"article\" \/>\n<meta property=\"og:title\" content=\"Mestrado em Sa\u00fade, Ambiente e Sociedade na Amaz\u00f4nia (ICS\/UFPA) - 2023. - FADESP\" \/>\n<meta property=\"og:description\" content=\"Mestrado em Sa\u00fade, Ambiente e Sociedade na Amaz\u00f4nia (ICS\/UFPA) &#8211; 2023. O Programa de P\u00f3s-Gradua\u00e7\u00e3o em Sa\u00fade, Ambiente e Sociedade na Amaz\u00f4nia do Instituto de Ci\u00eancias da Sa\u00fade da Universidade Federal do Par\u00e1, abre 21 (vinte e uma) vagas no curso de Mestrado em Sa\u00fade, Ambiente e Sociedade na Amaz\u00f4nia, para ingresso em 2023. Confira [&hellip;]\" \/>\n<meta property=\"og:url\" content=\"https:\/\/portalfadesp.org.br\/?page_id=39852\" \/>\n<meta property=\"og:site_name\" content=\"FADESP\" \/>\n<meta property=\"article:publisher\" content=\"https:\/\/www.facebook.com\/Fadesp-138351949524662\/\" \/>\n<meta property=\"article:modified_time\" content=\"2023-02-13T14:36:34+00:00\" \/>\n<meta name=\"twitter:card\" content=\"summary_large_image\" \/>\n<meta name=\"twitter:site\" content=\"@Fadesp\" \/>\n<meta name=\"twitter:label1\" content=\"Est. tempo de leitura\" \/>\n\t<meta name=\"twitter:data1\" content=\"1 minuto\" \/>\n<script type=\"application\/ld+json\" class=\"yoast-schema-graph\">{\"@context\":\"https:\/\/schema.org\",\"@graph\":[{\"@type\":\"WebPage\",\"@id\":\"https:\/\/portalfadesp.org.br\/?page_id=39852\",\"url\":\"https:\/\/portalfadesp.org.br\/?page_id=39852\",\"name\":\"Mestrado em Sa\u00fade, Ambiente e Sociedade na Amaz\u00f4nia (ICS\/UFPA) - 2023. - FADESP\",\"isPartOf\":{\"@id\":\"https:\/\/portalfadesp.org.br\/#website\"},\"datePublished\":\"2023-02-13T14:24:42+00:00\",\"dateModified\":\"2023-02-13T14:36:34+00:00\",\"breadcrumb\":{\"@id\":\"https:\/\/portalfadesp.org.br\/?page_id=39852#breadcrumb\"},\"inLanguage\":\"pt-BR\",\"potentialAction\":[{\"@type\":\"ReadAction\",\"target\":[\"https:\/\/portalfadesp.org.br\/?page_id=39852\"]}]},{\"@type\":\"BreadcrumbList\",\"@id\":\"https:\/\/portalfadesp.org.br\/?page_id=39852#breadcrumb\",\"itemListElement\":[{\"@type\":\"ListItem\",\"position\":1,\"name\":\"In\u00edcio\",\"item\":\"https:\/\/portalfadesp.org.br\/\"},{\"@type\":\"ListItem\",\"position\":2,\"name\":\"Mestrado em Sa\u00fade, Ambiente e Sociedade na Amaz\u00f4nia (ICS\/UFPA) &#8211; 2023.\"}]},{\"@type\":\"WebSite\",\"@id\":\"https:\/\/portalfadesp.org.br\/#website\",\"url\":\"https:\/\/portalfadesp.org.br\/\",\"name\":\"FADESP\",\"description\":\"Funda\u00e7\u00e3o de Amparo e Desenvolvimento da Pesquisa\",\"publisher\":{\"@id\":\"https:\/\/portalfadesp.org.br\/#organization\"},\"potentialAction\":[{\"@type\":\"SearchAction\",\"target\":{\"@type\":\"EntryPoint\",\"urlTemplate\":\"https:\/\/portalfadesp.org.br\/?s={search_term_string}\"},\"query-input\":{\"@type\":\"PropertyValueSpecification\",\"valueRequired\":true,\"valueName\":\"search_term_string\"}}],\"inLanguage\":\"pt-BR\"},{\"@type\":\"Organization\",\"@id\":\"https:\/\/portalfadesp.org.br\/#organization\",\"name\":\"FADESP\",\"url\":\"https:\/\/portalfadesp.org.br\/\",\"logo\":{\"@type\":\"ImageObject\",\"inLanguage\":\"pt-BR\",\"@id\":\"https:\/\/portalfadesp.org.br\/#\/schema\/logo\/image\/\",\"url\":\"https:\/\/portalfadesp.org.br\/wp-content\/uploads\/2024\/01\/NOVOLOGOFADESPlaranjaH.png\",\"contentUrl\":\"https:\/\/portalfadesp.org.br\/wp-content\/uploads\/2024\/01\/NOVOLOGOFADESPlaranjaH.png\",\"width\":2742,\"height\":839,\"caption\":\"FADESP\"},\"image\":{\"@id\":\"https:\/\/portalfadesp.org.br\/#\/schema\/logo\/image\/\"},\"sameAs\":[\"https:\/\/www.facebook.com\/Fadesp-138351949524662\/\",\"https:\/\/x.com\/Fadesp\",\"https:\/\/www.instagram.com\/fadesp_ufpa\/\",\"https:\/\/www.youtube.com\/@fundacaodeamparoedesenvolv1903\",\"https:\/\/www.threads.net\/@fadesp_ufpa\"]}]}<\/script>\n<!-- \/ Yoast SEO plugin. -->","yoast_head_json":{"title":"Mestrado em Sa\u00fade, Ambiente e Sociedade na Amaz\u00f4nia (ICS\/UFPA) - 2023. - FADESP","robots":{"index":"index","follow":"follow","max-snippet":"max-snippet:-1","max-image-preview":"max-image-preview:large","max-video-preview":"max-video-preview:-1"},"canonical":"https:\/\/portalfadesp.org.br\/?page_id=39852","og_locale":"pt_BR","og_type":"article","og_title":"Mestrado em Sa\u00fade, Ambiente e Sociedade na Amaz\u00f4nia (ICS\/UFPA) - 2023. - FADESP","og_description":"Mestrado em Sa\u00fade, Ambiente e Sociedade na Amaz\u00f4nia (ICS\/UFPA) &#8211; 2023. O Programa de P\u00f3s-Gradua\u00e7\u00e3o em Sa\u00fade, Ambiente e Sociedade na Amaz\u00f4nia do Instituto de Ci\u00eancias da Sa\u00fade da Universidade Federal do Par\u00e1, abre 21 (vinte e uma) vagas no curso de Mestrado em Sa\u00fade, Ambiente e Sociedade na Amaz\u00f4nia, para ingresso em 2023. Confira [&hellip;]","og_url":"https:\/\/portalfadesp.org.br\/?page_id=39852","og_site_name":"FADESP","article_publisher":"https:\/\/www.facebook.com\/Fadesp-138351949524662\/","article_modified_time":"2023-02-13T14:36:34+00:00","twitter_card":"summary_large_image","twitter_site":"@Fadesp","twitter_misc":{"Est. tempo de leitura":"1 minuto"},"schema":{"@context":"https:\/\/schema.org","@graph":[{"@type":"WebPage","@id":"https:\/\/portalfadesp.org.br\/?page_id=39852","url":"https:\/\/portalfadesp.org.br\/?page_id=39852","name":"Mestrado em Sa\u00fade, Ambiente e Sociedade na Amaz\u00f4nia (ICS\/UFPA) - 2023. - FADESP","isPartOf":{"@id":"https:\/\/portalfadesp.org.br\/#website"},"datePublished":"2023-02-13T14:24:42+00:00","dateModified":"2023-02-13T14:36:34+00:00","breadcrumb":{"@id":"https:\/\/portalfadesp.org.br\/?page_id=39852#breadcrumb"},"inLanguage":"pt-BR","potentialAction":[{"@type":"ReadAction","target":["https:\/\/portalfadesp.org.br\/?page_id=39852"]}]},{"@type":"BreadcrumbList","@id":"https:\/\/portalfadesp.org.br\/?page_id=39852#breadcrumb","itemListElement":[{"@type":"ListItem","position":1,"name":"In\u00edcio","item":"https:\/\/portalfadesp.org.br\/"},{"@type":"ListItem","position":2,"name":"Mestrado em Sa\u00fade, Ambiente e Sociedade na Amaz\u00f4nia (ICS\/UFPA) &#8211; 2023."}]},{"@type":"WebSite","@id":"https:\/\/portalfadesp.org.br\/#website","url":"https:\/\/portalfadesp.org.br\/","name":"FADESP","description":"Funda\u00e7\u00e3o de Amparo e Desenvolvimento da Pesquisa","publisher":{"@id":"https:\/\/portalfadesp.org.br\/#organization"},"potentialAction":[{"@type":"SearchAction","target":{"@type":"EntryPoint","urlTemplate":"https:\/\/portalfadesp.org.br\/?s={search_term_string}"},"query-input":{"@type":"PropertyValueSpecification","valueRequired":true,"valueName":"search_term_string"}}],"inLanguage":"pt-BR"},{"@type":"Organization","@id":"https:\/\/portalfadesp.org.br\/#organization","name":"FADESP","url":"https:\/\/portalfadesp.org.br\/","logo":{"@type":"ImageObject","inLanguage":"pt-BR","@id":"https:\/\/portalfadesp.org.br\/#\/schema\/logo\/image\/","url":"https:\/\/portalfadesp.org.br\/wp-content\/uploads\/2024\/01\/NOVOLOGOFADESPlaranjaH.png","contentUrl":"https:\/\/portalfadesp.org.br\/wp-content\/uploads\/2024\/01\/NOVOLOGOFADESPlaranjaH.png","width":2742,"height":839,"caption":"FADESP"},"image":{"@id":"https:\/\/portalfadesp.org.br\/#\/schema\/logo\/image\/"},"sameAs":["https:\/\/www.facebook.com\/Fadesp-138351949524662\/","https:\/\/x.com\/Fadesp","https:\/\/www.instagram.com\/fadesp_ufpa\/","https:\/\/www.youtube.com\/@fundacaodeamparoedesenvolv1903","https:\/\/www.threads.net\/@fadesp_ufpa"]}]}},"_links":{"self":[{"href":"https:\/\/portalfadesp.org.br\/index.php?rest_route=\/wp\/v2\/pages\/39852","targetHints":{"allow":["GET"]}}],"collection":[{"href":"https:\/\/portalfadesp.org.br\/index.php?rest_route=\/wp\/v2\/pages"}],"about":[{"href":"https:\/\/portalfadesp.org.br\/index.php?rest_route=\/wp\/v2\/types\/page"}],"author":[{"embeddable":true,"href":"https:\/\/portalfadesp.org.br\/index.php?rest_route=\/wp\/v2\/users\/12"}],"replies":[{"embeddable":true,"href":"https:\/\/portalfadesp.org.br\/index.php?rest_route=%2Fwp%2Fv2%2Fcomments&post=39852"}],"version-history":[{"count":16,"href":"https:\/\/portalfadesp.org.br\/index.php?rest_route=\/wp\/v2\/pages\/39852\/revisions"}],"predecessor-version":[{"id":39869,"href":"https:\/\/portalfadesp.org.br\/index.php?rest_route=\/wp\/v2\/pages\/39852\/revisions\/39869"}],"wp:attachment":[{"href":"https:\/\/portalfadesp.org.br\/index.php?rest_route=%2Fwp%2Fv2%2Fmedia&parent=39852"}],"curies":[{"name":"wp","href":"https:\/\/api.w.org\/{rel}","templated":true}]}}