{"id":39409,"date":"2023-01-11T09:29:18","date_gmt":"2023-01-11T12:29:18","guid":{"rendered":"https:\/\/portalfadesp.org.br\/?page_id=39409"},"modified":"2023-03-10T16:06:55","modified_gmt":"2023-03-10T19:06:55","slug":"pagina_modelo-19-13-24","status":"publish","type":"page","link":"https:\/\/portalfadesp.org.br\/?page_id=39409","title":{"rendered":"Jornada Sociocultural 50+50 da Transamaz\u00f4nica e BR 163: narrativas humanas culturais e ecol\u00f3gicas na Amaz\u00f4nia."},"content":{"rendered":"\t\t<div data-elementor-type=\"wp-post\" data-elementor-id=\"39409\" class=\"elementor elementor-39409\" data-elementor-post-type=\"page\">\n\t\t\t\t\t\t<section class=\"elementor-section elementor-top-section elementor-element elementor-element-1f2996d1 elementor-section-boxed elementor-section-height-default elementor-section-height-default\" data-id=\"1f2996d1\" data-element_type=\"section\">\n\t\t\t\t\t\t<div class=\"elementor-container elementor-column-gap-default\">\n\t\t\t\t\t<div class=\"elementor-column elementor-col-100 elementor-top-column elementor-element elementor-element-59a4b3f8\" data-id=\"59a4b3f8\" data-element_type=\"column\">\n\t\t\t<div class=\"elementor-widget-wrap elementor-element-populated\">\n\t\t\t\t\t\t<div class=\"elementor-element elementor-element-799471af elementor-widget elementor-widget-heading\" data-id=\"799471af\" data-element_type=\"widget\" data-widget_type=\"heading.default\">\n\t\t\t\t<div class=\"elementor-widget-container\">\n\t\t\t\t\t<h1 class=\"elementor-heading-title elementor-size-default\">Jornada Sociocultural 50+50 da Transamaz\u00f4nica e BR 163: narrativas humanas culturais e ecol\u00f3gicas na Amaz\u00f4nia.<\/h1>\t\t\t\t<\/div>\n\t\t\t\t<\/div>\n\t\t\t\t<section class=\"elementor-section elementor-inner-section elementor-element elementor-element-336311f elementor-section-boxed elementor-section-height-default elementor-section-height-default\" data-id=\"336311f\" data-element_type=\"section\">\n\t\t\t\t\t\t<div class=\"elementor-container elementor-column-gap-default\">\n\t\t\t\t\t<div class=\"elementor-column elementor-col-50 elementor-inner-column elementor-element elementor-element-75ca0dc3\" data-id=\"75ca0dc3\" data-element_type=\"column\">\n\t\t\t<div class=\"elementor-widget-wrap elementor-element-populated\">\n\t\t\t\t\t\t<div class=\"elementor-element elementor-element-425a3096 elementor-widget elementor-widget-text-editor\" data-id=\"425a3096\" data-element_type=\"widget\" data-widget_type=\"text-editor.default\">\n\t\t\t\t<div class=\"elementor-widget-container\">\n\t\t\t\t\t\t\t\t\t<p>A Funda\u00e7\u00e3o de Amparo e Desenvolvimento da Pesquisa &#8211; FADESP, entidade privada sem fins lucrativos, inscrita no CNPJ sob o No 05.572.870\/0001-59, em regime de m\u00fatua coopera\u00e7\u00e3o com a Secretaria de Estado de Cultura do Par\u00e1 &#8211; SECULT, por meio de parceria firmada atrav\u00e9s do Termo de Coopera\u00e7\u00e3o no 017\/2022, em conformidade com o Processo Administrativo no<br \/>2022\/367459 &#8211; SECULT, torna p\u00fablico o processo de inscri\u00e7\u00e3o e sele\u00e7\u00e3o de candidatos e candidatas a premia\u00e7\u00f5es de que trata o presente edital.<\/p><p><strong>DO OBJETO:<\/strong><br \/>Constitui objeto deste Edital a premia\u00e7\u00e3o de 28 (vinte e oito) fazedoras e fazedores de cultura, com premia\u00e7\u00f5es variando entre R$ 5.000,00 (Cinco Mil Reais) e R$ 6.000,00 (Seis Mil Reais), totalizando R$ 156.000,00 (Cento e Cinquenta e Seis Mil Reais), por reconhecimento \u00e0 cria\u00e7\u00e3o, transmiss\u00e3o e difus\u00e3o de pr\u00e1ticas culturais, no segmento de m\u00faltiplas linguagens art\u00edstico-culturais.<br \/>Ser\u00e3o destinados, no m\u00ednimo, 50% de pr\u00eamios para proponentes mulheres cis e trans.<\/p><p><strong>DAS INSCRI\u00c7\u00d5ES<\/strong><br \/>Do per\u00edodo e das condi\u00e7\u00f5es de inscri\u00e7\u00e3o:<br \/>As inscri\u00e7\u00f5es s\u00e3o gratuitas e ficar\u00e3o abertas de 10 de janeiro a 15 de fevereiro de 2023 at\u00e9 \u00e0s 23h59. N\u00e3o ser\u00e3o aceitas inscri\u00e7\u00f5es ap\u00f3s esse per\u00edodo.<\/p><p>Todas informa\u00e7\u00f5es est\u00e3o contidas no edital ao lado.<\/p>\t\t\t\t\t\t\t\t<\/div>\n\t\t\t\t<\/div>\n\t\t\t\t\t<\/div>\n\t\t<\/div>\n\t\t\t\t<div class=\"elementor-column elementor-col-50 elementor-inner-column elementor-element elementor-element-79608089\" data-id=\"79608089\" data-element_type=\"column\">\n\t\t\t<div class=\"elementor-widget-wrap elementor-element-populated\">\n\t\t\t\t\t\t<div class=\"elementor-element elementor-element-7ccac55 elementor-widget elementor-widget-text-editor\" data-id=\"7ccac55\" data-element_type=\"widget\" data-widget_type=\"text-editor.default\">\n\t\t\t\t<div class=\"elementor-widget-container\">\n\t\t\t\t\t\t\t\t\t<p><strong>Editais\u00a0<\/strong><\/p>\t\t\t\t\t\t\t\t<\/div>\n\t\t\t\t<\/div>\n\t\t\t\t<div class=\"elementor-element elementor-element-368e568 elementor-widget elementor-widget-text-editor\" data-id=\"368e568\" data-element_type=\"widget\" data-widget_type=\"text-editor.default\">\n\t\t\t\t<div class=\"elementor-widget-container\">\n\t\t\t\t\t\t\t\t\t<p style=\"text-align: center;\">Resultado final do edital <strong><a href=\"https:\/\/portalfadesp.org.br\/wp-content\/uploads\/2023\/03\/Resultado-Final-Edital-Premiacoes.pdf\">(Clique aqui)<\/a><\/strong><\/p><p style=\"text-align: center;\"><a href=\"https:\/\/portalfadesp.org.br\/wp-content\/uploads\/2023\/03\/Resultado-Preliminar-Edital-PremiaA\u00a7A\u00b5es-5050.pdf\">Resultado preliminar do edital <\/a><a href=\"https:\/\/portalfadesp.org.br\/wp-content\/uploads\/2023\/03\/Resultado-Preliminar-Edital-Premiacoes-Fadesp.pdf\">(<strong>Clique aqui)<\/strong><\/a><br \/>Lista dos homologados ap\u00f3s recurso <strong><a href=\"https:\/\/portalfadesp.org.br\/wp-content\/uploads\/2023\/02\/Resultado-de-Inscricoes-Homologadas-apos-o-Recurso-1.pdf\">(Clique aqui)<\/a><\/strong><\/p><p style=\"text-align: center;\">Lista dos homologados <strong><a href=\"https:\/\/portalfadesp.org.br\/wp-content\/uploads\/2023\/02\/Homologacao-Edital-Premiacoes.docx.pdf\">(Clique aqui)<\/a><\/strong><\/p><p style=\"text-align: center;\">Errata 2 <strong><a href=\"https:\/\/portalfadesp.org.br\/wp-content\/uploads\/2023\/02\/ERRATA-02-EDITAL-DE-PREMIACOES-1.pdf\">(Clique aqui)<\/a> \u00a0<\/strong><\/p><p style=\"text-align: center;\">Errata 1 <strong><a href=\"https:\/\/portalfadesp.org.br\/wp-content\/uploads\/2023\/02\/ERRATA-EDITAL-.pdf\">(Clique aqui)<\/a><\/strong><\/p><p style=\"text-align: center;\">Edital 1 <strong><a href=\"https:\/\/portalfadesp.org.br\/wp-content\/uploads\/2023\/01\/EDITAL-DE-PREMIACOES-CULTURAIS.pdf\">(Clique aqui)<\/a><\/strong><\/p>\t\t\t\t\t\t\t\t<\/div>\n\t\t\t\t<\/div>\n\t\t\t\t\t<\/div>\n\t\t<\/div>\n\t\t\t\t\t<\/div>\n\t\t<\/section>\n\t\t\t\t\t<\/div>\n\t\t<\/div>\n\t\t\t\t\t<\/div>\n\t\t<\/section>\n\t\t\t\t<\/div>\n\t\t","protected":false},"excerpt":{"rendered":"<p>Jornada Sociocultural 50+50 da Transamaz\u00f4nica e BR 163: narrativas humanas culturais e ecol\u00f3gicas na Amaz\u00f4nia. A Funda\u00e7\u00e3o de Amparo e Desenvolvimento da Pesquisa &#8211; FADESP, entidade privada sem fins lucrativos, inscrita no CNPJ sob o No 05.572.870\/0001-59, em regime de m\u00fatua coopera\u00e7\u00e3o com a Secretaria de Estado de Cultura do Par\u00e1 &#8211; SECULT, por meio [&hellip;]<\/p>\n","protected":false},"author":12,"featured_media":0,"parent":0,"menu_order":0,"comment_status":"closed","ping_status":"closed","template":"","meta":{"_monsterinsights_skip_tracking":false,"_monsterinsights_sitenote_active":false,"_monsterinsights_sitenote_note":"","_monsterinsights_sitenote_category":0,"footnotes":""},"class_list":["post-39409","page","type-page","status-publish","hentry","entry"],"yoast_head":"<!-- This site is optimized with the Yoast SEO plugin v25.1 - https:\/\/yoast.com\/wordpress\/plugins\/seo\/ -->\n<title>Jornada Sociocultural 50+50 da Transamaz\u00f4nica e BR 163: narrativas humanas culturais e ecol\u00f3gicas na Amaz\u00f4nia. - FADESP<\/title>\n<meta name=\"robots\" content=\"index, follow, max-snippet:-1, max-image-preview:large, max-video-preview:-1\" \/>\n<link rel=\"canonical\" href=\"https:\/\/portalfadesp.org.br\/?page_id=39409\" \/>\n<meta property=\"og:locale\" content=\"pt_BR\" \/>\n<meta property=\"og:type\" content=\"article\" \/>\n<meta property=\"og:title\" content=\"Jornada Sociocultural 50+50 da Transamaz\u00f4nica e BR 163: narrativas humanas culturais e ecol\u00f3gicas na Amaz\u00f4nia. - FADESP\" \/>\n<meta property=\"og:description\" content=\"Jornada Sociocultural 50+50 da Transamaz\u00f4nica e BR 163: narrativas humanas culturais e ecol\u00f3gicas na Amaz\u00f4nia. A Funda\u00e7\u00e3o de Amparo e Desenvolvimento da Pesquisa &#8211; FADESP, entidade privada sem fins lucrativos, inscrita no CNPJ sob o No 05.572.870\/0001-59, em regime de m\u00fatua coopera\u00e7\u00e3o com a Secretaria de Estado de Cultura do Par\u00e1 &#8211; SECULT, por meio [&hellip;]\" \/>\n<meta property=\"og:url\" content=\"https:\/\/portalfadesp.org.br\/?page_id=39409\" \/>\n<meta property=\"og:site_name\" content=\"FADESP\" \/>\n<meta property=\"article:publisher\" content=\"https:\/\/www.facebook.com\/Fadesp-138351949524662\/\" \/>\n<meta property=\"article:modified_time\" content=\"2023-03-10T19:06:55+00:00\" \/>\n<meta name=\"twitter:card\" content=\"summary_large_image\" \/>\n<meta name=\"twitter:site\" content=\"@Fadesp\" \/>\n<meta name=\"twitter:label1\" content=\"Est. tempo de leitura\" \/>\n\t<meta name=\"twitter:data1\" content=\"1 minuto\" \/>\n<script type=\"application\/ld+json\" class=\"yoast-schema-graph\">{\"@context\":\"https:\/\/schema.org\",\"@graph\":[{\"@type\":\"WebPage\",\"@id\":\"https:\/\/portalfadesp.org.br\/?page_id=39409\",\"url\":\"https:\/\/portalfadesp.org.br\/?page_id=39409\",\"name\":\"Jornada Sociocultural 50+50 da Transamaz\u00f4nica e BR 163: narrativas humanas culturais e ecol\u00f3gicas na Amaz\u00f4nia. - FADESP\",\"isPartOf\":{\"@id\":\"https:\/\/portalfadesp.org.br\/#website\"},\"datePublished\":\"2023-01-11T12:29:18+00:00\",\"dateModified\":\"2023-03-10T19:06:55+00:00\",\"breadcrumb\":{\"@id\":\"https:\/\/portalfadesp.org.br\/?page_id=39409#breadcrumb\"},\"inLanguage\":\"pt-BR\",\"potentialAction\":[{\"@type\":\"ReadAction\",\"target\":[\"https:\/\/portalfadesp.org.br\/?page_id=39409\"]}]},{\"@type\":\"BreadcrumbList\",\"@id\":\"https:\/\/portalfadesp.org.br\/?page_id=39409#breadcrumb\",\"itemListElement\":[{\"@type\":\"ListItem\",\"position\":1,\"name\":\"In\u00edcio\",\"item\":\"https:\/\/portalfadesp.org.br\/\"},{\"@type\":\"ListItem\",\"position\":2,\"name\":\"Jornada Sociocultural 50+50 da Transamaz\u00f4nica e BR 163: narrativas humanas culturais e ecol\u00f3gicas na Amaz\u00f4nia.\"}]},{\"@type\":\"WebSite\",\"@id\":\"https:\/\/portalfadesp.org.br\/#website\",\"url\":\"https:\/\/portalfadesp.org.br\/\",\"name\":\"FADESP\",\"description\":\"Funda\u00e7\u00e3o de Amparo e Desenvolvimento da Pesquisa\",\"publisher\":{\"@id\":\"https:\/\/portalfadesp.org.br\/#organization\"},\"potentialAction\":[{\"@type\":\"SearchAction\",\"target\":{\"@type\":\"EntryPoint\",\"urlTemplate\":\"https:\/\/portalfadesp.org.br\/?s={search_term_string}\"},\"query-input\":{\"@type\":\"PropertyValueSpecification\",\"valueRequired\":true,\"valueName\":\"search_term_string\"}}],\"inLanguage\":\"pt-BR\"},{\"@type\":\"Organization\",\"@id\":\"https:\/\/portalfadesp.org.br\/#organization\",\"name\":\"FADESP\",\"url\":\"https:\/\/portalfadesp.org.br\/\",\"logo\":{\"@type\":\"ImageObject\",\"inLanguage\":\"pt-BR\",\"@id\":\"https:\/\/portalfadesp.org.br\/#\/schema\/logo\/image\/\",\"url\":\"https:\/\/portalfadesp.org.br\/wp-content\/uploads\/2024\/01\/NOVOLOGOFADESPlaranjaH.png\",\"contentUrl\":\"https:\/\/portalfadesp.org.br\/wp-content\/uploads\/2024\/01\/NOVOLOGOFADESPlaranjaH.png\",\"width\":2742,\"height\":839,\"caption\":\"FADESP\"},\"image\":{\"@id\":\"https:\/\/portalfadesp.org.br\/#\/schema\/logo\/image\/\"},\"sameAs\":[\"https:\/\/www.facebook.com\/Fadesp-138351949524662\/\",\"https:\/\/x.com\/Fadesp\",\"https:\/\/www.instagram.com\/fadesp_ufpa\/\",\"https:\/\/www.youtube.com\/@fundacaodeamparoedesenvolv1903\",\"https:\/\/www.threads.net\/@fadesp_ufpa\"]}]}<\/script>\n<!-- \/ Yoast SEO plugin. -->","yoast_head_json":{"title":"Jornada Sociocultural 50+50 da Transamaz\u00f4nica e BR 163: narrativas humanas culturais e ecol\u00f3gicas na Amaz\u00f4nia. - FADESP","robots":{"index":"index","follow":"follow","max-snippet":"max-snippet:-1","max-image-preview":"max-image-preview:large","max-video-preview":"max-video-preview:-1"},"canonical":"https:\/\/portalfadesp.org.br\/?page_id=39409","og_locale":"pt_BR","og_type":"article","og_title":"Jornada Sociocultural 50+50 da Transamaz\u00f4nica e BR 163: narrativas humanas culturais e ecol\u00f3gicas na Amaz\u00f4nia. - FADESP","og_description":"Jornada Sociocultural 50+50 da Transamaz\u00f4nica e BR 163: narrativas humanas culturais e ecol\u00f3gicas na Amaz\u00f4nia. A Funda\u00e7\u00e3o de Amparo e Desenvolvimento da Pesquisa &#8211; FADESP, entidade privada sem fins lucrativos, inscrita no CNPJ sob o No 05.572.870\/0001-59, em regime de m\u00fatua coopera\u00e7\u00e3o com a Secretaria de Estado de Cultura do Par\u00e1 &#8211; SECULT, por meio [&hellip;]","og_url":"https:\/\/portalfadesp.org.br\/?page_id=39409","og_site_name":"FADESP","article_publisher":"https:\/\/www.facebook.com\/Fadesp-138351949524662\/","article_modified_time":"2023-03-10T19:06:55+00:00","twitter_card":"summary_large_image","twitter_site":"@Fadesp","twitter_misc":{"Est. tempo de leitura":"1 minuto"},"schema":{"@context":"https:\/\/schema.org","@graph":[{"@type":"WebPage","@id":"https:\/\/portalfadesp.org.br\/?page_id=39409","url":"https:\/\/portalfadesp.org.br\/?page_id=39409","name":"Jornada Sociocultural 50+50 da Transamaz\u00f4nica e BR 163: narrativas humanas culturais e ecol\u00f3gicas na Amaz\u00f4nia. - FADESP","isPartOf":{"@id":"https:\/\/portalfadesp.org.br\/#website"},"datePublished":"2023-01-11T12:29:18+00:00","dateModified":"2023-03-10T19:06:55+00:00","breadcrumb":{"@id":"https:\/\/portalfadesp.org.br\/?page_id=39409#breadcrumb"},"inLanguage":"pt-BR","potentialAction":[{"@type":"ReadAction","target":["https:\/\/portalfadesp.org.br\/?page_id=39409"]}]},{"@type":"BreadcrumbList","@id":"https:\/\/portalfadesp.org.br\/?page_id=39409#breadcrumb","itemListElement":[{"@type":"ListItem","position":1,"name":"In\u00edcio","item":"https:\/\/portalfadesp.org.br\/"},{"@type":"ListItem","position":2,"name":"Jornada Sociocultural 50+50 da Transamaz\u00f4nica e BR 163: narrativas humanas culturais e ecol\u00f3gicas na Amaz\u00f4nia."}]},{"@type":"WebSite","@id":"https:\/\/portalfadesp.org.br\/#website","url":"https:\/\/portalfadesp.org.br\/","name":"FADESP","description":"Funda\u00e7\u00e3o de Amparo e Desenvolvimento da Pesquisa","publisher":{"@id":"https:\/\/portalfadesp.org.br\/#organization"},"potentialAction":[{"@type":"SearchAction","target":{"@type":"EntryPoint","urlTemplate":"https:\/\/portalfadesp.org.br\/?s={search_term_string}"},"query-input":{"@type":"PropertyValueSpecification","valueRequired":true,"valueName":"search_term_string"}}],"inLanguage":"pt-BR"},{"@type":"Organization","@id":"https:\/\/portalfadesp.org.br\/#organization","name":"FADESP","url":"https:\/\/portalfadesp.org.br\/","logo":{"@type":"ImageObject","inLanguage":"pt-BR","@id":"https:\/\/portalfadesp.org.br\/#\/schema\/logo\/image\/","url":"https:\/\/portalfadesp.org.br\/wp-content\/uploads\/2024\/01\/NOVOLOGOFADESPlaranjaH.png","contentUrl":"https:\/\/portalfadesp.org.br\/wp-content\/uploads\/2024\/01\/NOVOLOGOFADESPlaranjaH.png","width":2742,"height":839,"caption":"FADESP"},"image":{"@id":"https:\/\/portalfadesp.org.br\/#\/schema\/logo\/image\/"},"sameAs":["https:\/\/www.facebook.com\/Fadesp-138351949524662\/","https:\/\/x.com\/Fadesp","https:\/\/www.instagram.com\/fadesp_ufpa\/","https:\/\/www.youtube.com\/@fundacaodeamparoedesenvolv1903","https:\/\/www.threads.net\/@fadesp_ufpa"]}]}},"_links":{"self":[{"href":"https:\/\/portalfadesp.org.br\/index.php?rest_route=\/wp\/v2\/pages\/39409","targetHints":{"allow":["GET"]}}],"collection":[{"href":"https:\/\/portalfadesp.org.br\/index.php?rest_route=\/wp\/v2\/pages"}],"about":[{"href":"https:\/\/portalfadesp.org.br\/index.php?rest_route=\/wp\/v2\/types\/page"}],"author":[{"embeddable":true,"href":"https:\/\/portalfadesp.org.br\/index.php?rest_route=\/wp\/v2\/users\/12"}],"replies":[{"embeddable":true,"href":"https:\/\/portalfadesp.org.br\/index.php?rest_route=%2Fwp%2Fv2%2Fcomments&post=39409"}],"version-history":[{"count":112,"href":"https:\/\/portalfadesp.org.br\/index.php?rest_route=\/wp\/v2\/pages\/39409\/revisions"}],"predecessor-version":[{"id":40285,"href":"https:\/\/portalfadesp.org.br\/index.php?rest_route=\/wp\/v2\/pages\/39409\/revisions\/40285"}],"wp:attachment":[{"href":"https:\/\/portalfadesp.org.br\/index.php?rest_route=%2Fwp%2Fv2%2Fmedia&parent=39409"}],"curies":[{"name":"wp","href":"https:\/\/api.w.org\/{rel}","templated":true}]}}