{"id":39146,"date":"2023-01-04T14:35:54","date_gmt":"2023-01-04T17:35:54","guid":{"rendered":"https:\/\/portalfadesp.org.br\/?page_id=39146"},"modified":"2024-01-10T15:42:59","modified_gmt":"2024-01-10T18:42:59","slug":"pagina_modelo-19-12-19","status":"publish","type":"page","link":"https:\/\/portalfadesp.org.br\/?page_id=39146","title":{"rendered":"Concurso P\u00fablico\u00a0da Prefeitura Municipal de Oriximin\u00e1 (2023)"},"content":{"rendered":"\t\t<div data-elementor-type=\"wp-post\" data-elementor-id=\"39146\" class=\"elementor elementor-39146\" data-elementor-post-type=\"page\">\n\t\t\t\t\t\t<section class=\"elementor-section elementor-top-section elementor-element elementor-element-1f2996d1 elementor-section-boxed elementor-section-height-default elementor-section-height-default\" data-id=\"1f2996d1\" data-element_type=\"section\">\n\t\t\t\t\t\t<div class=\"elementor-container elementor-column-gap-default\">\n\t\t\t\t\t<div class=\"elementor-column elementor-col-100 elementor-top-column elementor-element elementor-element-59a4b3f8\" data-id=\"59a4b3f8\" data-element_type=\"column\">\n\t\t\t<div class=\"elementor-widget-wrap elementor-element-populated\">\n\t\t\t\t\t\t<div class=\"elementor-element elementor-element-799471af elementor-widget elementor-widget-heading\" data-id=\"799471af\" data-element_type=\"widget\" data-widget_type=\"heading.default\">\n\t\t\t\t<div class=\"elementor-widget-container\">\n\t\t\t\t\t<h1 class=\"elementor-heading-title elementor-size-default\">Concurso P\u00fablico\u00a0da Prefeitura Municipal de Oriximin\u00e1 (2023)<\/h1>\t\t\t\t<\/div>\n\t\t\t\t<\/div>\n\t\t\t\t<section class=\"elementor-section elementor-inner-section elementor-element elementor-element-336311f elementor-section-boxed elementor-section-height-default elementor-section-height-default\" data-id=\"336311f\" data-element_type=\"section\">\n\t\t\t\t\t\t<div class=\"elementor-container elementor-column-gap-default\">\n\t\t\t\t\t<div class=\"elementor-column elementor-col-50 elementor-inner-column elementor-element elementor-element-75ca0dc3\" data-id=\"75ca0dc3\" data-element_type=\"column\">\n\t\t\t<div class=\"elementor-widget-wrap elementor-element-populated\">\n\t\t\t\t\t\t<div class=\"elementor-element elementor-element-425a3096 elementor-widget elementor-widget-text-editor\" data-id=\"425a3096\" data-element_type=\"widget\" data-widget_type=\"text-editor.default\">\n\t\t\t\t<div class=\"elementor-widget-container\">\n\t\t\t\t\t\t\t\t\t<p>O Prefeito Municipal de Oriximin\u00e1 (PMO), no uso de suas atribui\u00e7\u00f5es, torna p\u00fablico a realiza\u00e7\u00e3o de Concurso P\u00fablico destinado ao preenchimento de vagas de cargos do quadro de pessoal efetivo da Prefeitura, mediante as condi\u00e7\u00f5es estabelecidas no Edital n\u00ba 001\/2022.<\/p><p><strong>Cargos:<\/strong><\/p><p><strong>&#8211; N\u00edvel Superior:<\/strong> Fiscal de Obras e Posturas, Fiscal de Tributos, Fiscal de Meio Ambiente e Minera\u00e7\u00e3o, Fiscal de Vigil\u00e2ncia Sanit\u00e1ria.<br \/><strong>&#8211; \u00a0N\u00edvel M\u00e9dio:<\/strong> Agente de Tr\u00e2nsito, Fiscal de Servi\u00e7os Urbanos, Guarda Municipal.<br \/><strong>&#8211; N\u00edvel Fundamental Completo<\/strong>: Fiscal de Feira e Mercado.<\/p><p><strong>Vagas:<\/strong>\u00a0Superior (14), M\u00e9dio (57), Fundamental Completo (1).<\/p><p><strong>Per\u00edodo das Inscri\u00e7\u00f5es<\/strong>: 24\/02\/2023 a 27\/03\/2023.<\/p><p><strong>\u00daltimo dia de pagamento<\/strong>: 28\/03\/2023<\/p><p><b>Solicita\u00e7\u00e3o de isen\u00e7\u00e3o da taxa de inscri\u00e7\u00e3o para PcD e Doador de Sangue<\/b>: 24\/02\/2023 a 03\/03\/2023.<\/p><p><strong>Valor da taxa da inscri\u00e7\u00e3o<\/strong>:\u00a0Superior = R$ 100,00 &#8211;\u00a0M\u00e9dio = R$ 90,00 &#8211;\u00a0Fundamental = R$ 80,00<\/p><p><strong>Prova Objetiva<\/strong>:<\/p><div class=\"gmail_default\"><span style=\"font-family: tahoma, sans-serif; font-size: large;\"><b>Prova Objetiva<\/b>:<br \/>&#8211; 23\/04\/2023 \u2013 8h \u00e0s 12h para os cargos de N\u00edvel M\u00e9dio.<br \/>&#8211; 23\/04\/2023 \u2013 15h \u00e0s 19h para os cargos de N\u00edvel Superior e N\u00edvel Fundamental Completo.<br \/><\/span><\/div>\t\t\t\t\t\t\t\t<\/div>\n\t\t\t\t<\/div>\n\t\t\t\t\t<\/div>\n\t\t<\/div>\n\t\t\t\t<div class=\"elementor-column elementor-col-50 elementor-inner-column elementor-element elementor-element-79608089\" data-id=\"79608089\" data-element_type=\"column\">\n\t\t\t<div class=\"elementor-widget-wrap elementor-element-populated\">\n\t\t\t\t\t\t<div class=\"elementor-element elementor-element-7ccac55 elementor-widget elementor-widget-text-editor\" data-id=\"7ccac55\" data-element_type=\"widget\" data-widget_type=\"text-editor.default\">\n\t\t\t\t<div class=\"elementor-widget-container\">\n\t\t\t\t\t\t\t\t\t<strong>AVISOS<\/strong>\t\t\t\t\t\t\t\t<\/div>\n\t\t\t\t<\/div>\n\t\t\t\t<div class=\"elementor-element elementor-element-6968768 elementor-widget elementor-widget-text-editor\" data-id=\"6968768\" data-element_type=\"widget\" data-widget_type=\"text-editor.default\">\n\t\t\t\t<div class=\"elementor-widget-container\">\n\t\t\t\t\t\t\t\t\t<h6>O per\u00edodo de inscri\u00e7\u00f5es no concurso foi reaberto no dia 24\/02\/2023, conforme publica\u00e7\u00e3o das retifica\u00e7\u00f5es constantes na Errata n\u00b0 03 do Edital n\u00b0 01\/2023-PMRP, postada nesta p\u00e1gina.<br>ATEN\u00c7\u00c3O: Se voc\u00ea efetuou sua inscri\u00e7\u00e3o at\u00e9 10\/02\/2023, poder\u00e1 acessar com seu CPF\/SENHA o sistema , caso necess\u00e1rio, para:<br>1 &#8211; Se ainda n\u00e3o efetuou pagamento, atualizar seu boleto banc\u00e1rio para a nova data de vencimento;<br>2 &#8211; Se for o caso, atualizar sua (s) inscri\u00e7\u00e3o (\u00f5es) com as op\u00e7\u00f5es listadas abaixo.<br>&#8211; Concorrer as vagas reservadas a negros;<br>&#8211; Concorrer as vagas reservadas a ind\u00edgenas;<br>&#8211; Solicitar isen\u00e7\u00e3o de taxa de inscri\u00e7\u00e3o por ser doador de sangue.<br>No caso de devolu\u00e7\u00e3o de taxa de inscri\u00e7\u00e3o por ser doador de sangue, o candidato poder\u00e1 solicitar ap\u00f3s a publica\u00e7\u00e3o do resultado final do processo de isen\u00e7\u00e3o, por meio de e-mail (concursos@fadesp.org.br).<\/h6>\t\t\t\t\t\t\t\t<\/div>\n\t\t\t\t<\/div>\n\t\t\t\t<div class=\"elementor-element elementor-element-4cff26b elementor-widget elementor-widget-text-editor\" data-id=\"4cff26b\" data-element_type=\"widget\" data-widget_type=\"text-editor.default\">\n\t\t\t\t<div class=\"elementor-widget-container\">\n\t\t\t\t\t\t\t\t\t<div class=\"botaoBug\" style=\"margin-bottom: 10px;\"><a href=\"http:\/\/concursos2.fadesp.org.br\/prefeitura\/2023\/oriximina\/web\/\"><strong>\u00c1rea do candidato (Clique aqui)<\/strong><\/a><\/div><div><em>* Na \u00e1rea do candidato poder\u00e1 ser realizado seu cadastro, inscri\u00e7\u00e3o, emiss\u00e3o de boleto, recursos, impress\u00e3o de cart\u00e3o e afins\u2026<\/em><\/div><div>\u00a0<\/div><div><div style=\"text-align: center;\"><strong>Aten\u00e7\u00e3o<\/strong><\/div><div>\u00a0<\/div><div>Informa\u00e7\u00f5es sobre convoca\u00e7\u00f5es para habilita\u00e7\u00e3o e posse nos cargos, somente estar\u00e3o dispon\u00edvel no site da Prefeitura Municipal<\/div><\/div>\t\t\t\t\t\t\t\t<\/div>\n\t\t\t\t<\/div>\n\t\t\t\t<div class=\"elementor-element elementor-element-6467ca3 elementor-widget elementor-widget-text-editor\" data-id=\"6467ca3\" data-element_type=\"widget\" data-widget_type=\"text-editor.default\">\n\t\t\t\t<div class=\"elementor-widget-container\">\n\t\t\t\t\t\t\t\t\t<strong>EDITAIS<\/strong>\t\t\t\t\t\t\t\t<\/div>\n\t\t\t\t<\/div>\n\t\t\t\t<div class=\"elementor-element elementor-element-e37690e elementor-widget elementor-widget-text-editor\" data-id=\"e37690e\" data-element_type=\"widget\" data-widget_type=\"text-editor.default\">\n\t\t\t\t<div class=\"elementor-widget-container\">\n\t\t\t\t\t\t\t\t\t<p style=\"text-align: center;\"><a href=\"https:\/\/portalfadesp.org.br\/wp-content\/uploads\/2024\/01\/EDITAL-No-06_2024-Resultado-TAF-Guarda-Municipal-ELIANE-DE-SOUZA-SILVA-10-01-2024.pdf\">EDITAL N\u00ba 06_2024 &#8211; Resultado TAF &#8211; Guarda Municipal &#8211; ELIANE DE SOUZA SILVA, de 10\/01\/2024 <strong>(Clique aqui)<\/strong><\/a><\/p><p style=\"text-align: center;\"><a href=\"https:\/\/portalfadesp.org.br\/wp-content\/uploads\/2024\/01\/EDITAL-No-06-2024-\u2013-PMO-RESULTADO-FINAL-DA-PROVA-DE-APTIDAO-FISICA-DOM-10-01-2024.pdf\">EDITAL N\u00ba 06-2024 \u2013 PMO &#8211; RESULTADO FINAL DA PROVA DE APTID\u00c3O F\u00cdSICA &#8211; DOM, de 10\/01\/2024 <strong>(Clique aqui)<\/strong><\/a><\/p><p style=\"text-align: center;\"><a href=\"https:\/\/portalfadesp.org.br\/wp-content\/uploads\/2023\/12\/EDITAL-No-05_2023-Convocacao-TAF-Guarda-Municipal-13-12-2023.pdf\">EDITAL N\u00ba 05_2023 &#8211; Convoca\u00e7\u00e3o &#8211; TAF &#8211; Guarda Municipal, de 13\/12\/2023 <strong>(Clique aqui)<\/strong><\/a><\/p><p style=\"text-align: center;\"><a href=\"http:\/\/concursos2.fadesp.org.br\/prefeitura\/2023\/oriximina\/arquivos\/Edital n\u00b0 04_2023 - Homologa\u00e7\u00e3o do Resultado Final - 07-07-2023.pdf\" data-wplink-url-error=\"true\">Edital n\u00b0 04_2023 &#8211; Homologa\u00e7\u00e3o do Resultado Final, de 07\/07\/2023 <strong>(Clique aqui)<\/strong><\/a><\/p><p style=\"text-align: center;\"><a href=\"http:\/\/concursos2.fadesp.org.br\/prefeitura\/2023\/oriximina\/arquivos\/Resultado Definitivo Classificat\u00f3rio Final por Pontua\u00e7\u00e3o - Guarda Municipal - 07-07-2023.pdf\" data-wplink-url-error=\"true\">Resultado Definitivo Classificat\u00f3rio Final por Pontua\u00e7\u00e3o &#8211; Guarda Municipal, de 07\/07\/2023 <strong>(Clique aqui)<\/strong><\/a><\/p><p style=\"text-align: center;\"><a href=\"http:\/\/concursos2.fadesp.org.br\/prefeitura\/2023\/oriximina\/arquivos\/Resultado Preliminar Classificat\u00f3rio Final por Pontua\u00e7\u00e3o - Guarda Municipal - 03-07-2023.pdf\" data-wplink-url-error=\"true\">Resultado Preliminar Classificat\u00f3rio Final por Pontua\u00e7\u00e3o &#8211; Guarda Municipal, de 03\/07\/2023 <strong>(Clique aqui)<\/strong><\/a><\/p><p style=\"text-align: center;\"><a href=\"http:\/\/concursos2.fadesp.org.br\/prefeitura\/2023\/oriximina\/arquivos\/Resultado Definitivo da Prova de Aptid\u00e3o F\u00edsica_Guarda Municipal - 03-07-2023.pdf\" data-wplink-url-error=\"true\">Resultado Definitivo da Prova de Aptid\u00e3o F\u00edsica_Guarda Municipal, de 03\/07\/2023 <strong>(Clique aqui)<\/strong><\/a><\/p><p style=\"text-align: center;\"><a href=\"http:\/\/concursos2.fadesp.org.br\/prefeitura\/2023\/oriximina\/arquivos\/Resultado Preliminar da Prova de Aptid\u00e3o F\u00edsica_Guarda Municipal - 27-06-2023 UWI2HRS.pdf\" data-wplink-url-error=\"true\">Resultado Preliminar da Prova de Aptid\u00e3o F\u00edsica_Guarda Municipal, de 27\/06\/2023 <strong>(Clique aqui)<\/strong><\/a><\/p><p style=\"text-align: center;\"><a href=\"http:\/\/concursos2.fadesp.org.br\/prefeitura\/2023\/oriximina\/arquivos\/Edital n\u00b0 03_2023 - Convoca\u00e7\u00e3o ao TAF - Guarda Municipal - 14-06-2023.pdf\" data-wplink-url-error=\"true\">Edital n\u00b0 03_2023 &#8211; Convoca\u00e7\u00e3o ao TAF &#8211; Guarda Municipal, de 14\/06\/2023 <strong>(Clique aqui)<\/strong><\/a><\/p><p style=\"text-align: center;\"><a href=\"http:\/\/concursos2.fadesp.org.br\/prefeitura\/2023\/oriximina\/arquivos\/Resultado Definitivo por Pontua\u00e7\u00e3o - 14-06-2023 AF5S1F.pdf\" data-wplink-url-error=\"true\">Resultado Definitivo por Pontua\u00e7\u00e3o, de 14\/06\/2023 <strong>(Clique aqui)<\/strong><\/a><\/p><p style=\"text-align: center;\"><a href=\"http:\/\/concursos2.fadesp.org.br\/prefeitura\/2023\/oriximina\/arquivos\/Resultado Preliminar Classificat\u00f3rio por Pontua\u00e7\u00e3o - 07-06-2023.pdf\" data-wplink-url-error=\"true\">Resultado Preliminar Classificat\u00f3rio por Pontua\u00e7\u00e3o, de 07\/06\/2023 <strong>(Clique aqui)<\/strong><\/a><\/p><p style=\"text-align: center;\"><a href=\"http:\/\/concursos2.fadesp.org.br\/prefeitura\/2023\/oriximina\/arquivos\/Resultado Definitivo Autodeclara\u00e7\u00e3o de Negros - 07-06-2023.pdf\" data-wplink-url-error=\"true\">Resultado Definitivo Autodeclara\u00e7\u00e3o de Negros, de 07\/06\/2023 <strong>(Clique aqui)<\/strong><\/a><\/p><p style=\"text-align: center;\"><a href=\"http:\/\/concursos2.fadesp.org.br\/prefeitura\/2023\/oriximina\/arquivos\/Resultado Preliminar Autodeclara\u00e7\u00e3o de Negros - 31-05-2023.pdf\" data-wplink-url-error=\"true\">Resultado Preliminar Autodeclara\u00e7\u00e3o de Negros, de 31\/05\/2023<strong> (Clique aqui)<\/strong><\/a><\/p><p style=\"text-align: center;\"><a href=\"http:\/\/concursos2.fadesp.org.br\/prefeitura\/2023\/oriximina\/arquivos\/PORTARIA 007_2023_FADESP.pdf\" data-wplink-url-error=\"true\">PORTARIA 007\/2023 FADESP, de 25\/05\/2023 <strong>(Clique aqui)<\/strong><\/a><\/p><p style=\"text-align: center;\"><a href=\"http:\/\/concursos2.fadesp.org.br\/prefeitura\/2023\/oriximina\/arquivos\/Edital 02_2023 - Convoca\u00e7\u00e3o de Veracidade da Autodeclara\u00e7\u00e3o de Negros - 18-05-2023 HUSD234.pdf\" data-wplink-url-error=\"true\">Edital 02_2023 &#8211; Convoca\u00e7\u00e3o de Veracidade da Autodeclara\u00e7\u00e3o de Negros, de 18\/05\/2023 <strong>(Clique aqui)<\/strong><\/a><\/p><p style=\"text-align: center;\"><a href=\"http:\/\/concursos2.fadesp.org.br\/prefeitura\/2023\/oriximina\/arquivos\/Resultado Definitivo da Prova Objetiva - 18-05-2023 sdHuSD321.pdf\" data-wplink-url-error=\"true\">Resultado Definitivo da Prova Objetiva, de 18\/05\/2023 <strong>(Clique aqui)<\/strong><\/a><\/p><p style=\"text-align: center;\"><a href=\"http:\/\/concursos2.fadesp.org.br\/prefeitura\/2023\/oriximina\/arquivos\/Resultado Preliminar da Prova Objetiva - 10-05-2023 wtmm7OP8s31b.pdf\" data-wplink-url-error=\"true\">Resultado Preliminar da Prova Objetiva, de 10\/05\/2023 <strong>(Clique aqui)<\/strong><\/a><\/p><p style=\"text-align: center;\"><a href=\"http:\/\/concursos2.fadesp.org.br\/prefeitura\/2023\/oriximina\/arquivos\/551DP3cQKSm6GabDef.html\">GABARITOS DEFINITIVOS, DE 03\/05\/2023 <strong>(Clique aqui)<\/strong><\/a><\/p><p style=\"text-align: center;\"><a href=\"http:\/\/concursos2.fadesp.org.br\/prefeitura\/2023\/oriximina\/arquivos\/4xk8Xp0k6tJMGab.html\">GABARITOS, DE 24\/04\/2023 <strong>(Clique aqui)<\/strong><\/a><\/p><p style=\"text-align: center;\"><a href=\"http:\/\/concursos2.fadesp.org.br\/prefeitura\/2023\/oriximina\/arquivos\/pd2sd3dTMW1nProv.html\">PROVAS, DE 24\/04\/2023 <strong>(Clique aqui)<\/strong><\/a><\/p><p style=\"text-align: center;\">AVISO VAGAS PARA NEGROS <a href=\"http:\/\/concursos2.fadesp.org.br\/prefeitura\/2023\/oriximina\/arquivos\/AVISO VAGAS PARA NEGROS.pdf\" data-wplink-url-error=\"true\"><strong>(Clique aqui)<\/strong><\/a><\/p><p style=\"text-align: center;\">Demanda de Inscritos, de 11\/04\/2023 <a href=\"http:\/\/concursos2.fadesp.org.br\/prefeitura\/2023\/oriximina\/arquivos\/Demanda de Inscritos - 11-04-2023.pdf\" data-wplink-url-error=\"true\"><strong>(Clique aqui)<\/strong><\/a><\/p><p style=\"text-align: center;\">Resultado Definitivo de Inscri\u00e7\u00f5es Deferidas, de 11\/04\/2023 <a href=\"http:\/\/concursos2.fadesp.org.br\/prefeitura\/2023\/oriximina\/arquivos\/Resultado Definitivo de Inscri\u00e7\u00f5es Deferidas - 11-04-2023.pdf\"><strong>(Clique aqui)<\/strong><\/a><\/p><p style=\"text-align: center;\">Resultado Definitivo de Concorrentes como Negros e Ind\u00edgenas, de 11\/04\/2023 <a href=\"http:\/\/concursos2.fadesp.org.br\/prefeitura\/2023\/oriximina\/arquivos\/Resultado Definitivo de Concorrentes como Negros ou Ind\u00edgenas - 11-04-2023.pdf\"><strong>(Clique aqui)<\/strong><\/a><\/p><p style=\"text-align: center;\">Resultado Definitivo Concorrer\u00e3o como PcD, de 11\/04\/2023 <a href=\"http:\/\/concursos2.fadesp.org.br\/prefeitura\/2023\/oriximina\/arquivos\/Resultado Definitivo de Concorentes como PcD - 11-04-2023.pdf\"><strong>(Clique aqui)<\/strong><\/a><\/p><p style=\"text-align: center;\">Resultado Definitivo de Atendimentos Especiais no Dia da Prova Objetiva, de 11\/04\/2023 <a href=\"http:\/\/concursos2.fadesp.org.br\/prefeitura\/2023\/oriximina\/arquivos\/Resultado Definitivo de Atendimentos Especiais no Dia da Prova Objetiva - 11-04-2023.pdf\"><strong>(Clique aqui)<\/strong><\/a><\/p><p style=\"text-align: center;\">Resultado Preliminar de Inscri\u00e7\u00f5es Deferidas, de 05\/04\/2023 <a href=\"http:\/\/concursos2.fadesp.org.br\/prefeitura\/2023\/oriximina\/arquivos\/Resultado Preliminar de Inscri\u00e7\u00f5es Deferidas - 05-04-2023.pdf\"><strong>(Clique aqui)<\/strong><\/a><\/p><p style=\"text-align: center;\">Resultado Preliminar de Concorrentes como Negros e Ind\u00edgenas, de 05\/04\/2023 <a href=\"http:\/\/concursos2.fadesp.org.br\/prefeitura\/2023\/oriximina\/arquivos\/Resultado Preliminar de Concorrentes como Negros e Ind\u00edgenas - 05-04-2023.pdf\"><strong>(Clique aqui)<\/strong><\/a><\/p><p style=\"text-align: center;\">Resultado Preliminar Concorrer\u00e3o como PcD, de 05\/04\/2023 <a href=\"http:\/\/concursos2.fadesp.org.br\/prefeitura\/2023\/oriximina\/arquivos\/Resultado Preliminar Concorrer\u00e3o como PcD - 05-04-2023.pdf\"><strong>(Clique aqui)<\/strong><\/a><\/p><p style=\"text-align: center;\">Resultado Preliminar de Atendimentos Especiais no Dia da Prova Objetiva, de 05\/04\/2023 <a href=\"http:\/\/concursos2.fadesp.org.br\/prefeitura\/2023\/oriximina\/arquivos\/Resultado Preliminar de Atendimentos Especiais no Dia da Prova Objetiva - 05-04-2023.pdf\"><strong>(Clique aqui)<\/strong><\/a><\/p><p style=\"text-align: center;\">Errata n\u00b0 04 do Edital n\u00b0 01_2023_PMO, de 04\/04\/2023 <a href=\"http:\/\/concursos2.fadesp.org.br\/prefeitura\/2023\/oriximina\/arquivos\/Errata n\u00b0 04 do Edital n\u00b0 01_2023_PMO - 04_04_2023.pdf\"><strong>(Clique Aqui)<\/strong><\/a><\/p><p style=\"text-align: center;\">Resultado Definitivo de Isen\u00e7\u00e3o de Taxa de Inscri\u00e7\u00f5es por ser Doador de Sangue, de 13\/03\/2023 <a href=\"http:\/\/concursos2.fadesp.org.br\/prefeitura\/2023\/oriximina\/arquivos\/Resultado Definitivo de Isen\u00e7\u00e3o de Taxa de Inscri\u00e7\u00f5es por ser Doador de Sangue.pdf\"><b>(Clique Aqui)<\/b><\/a><\/p><p style=\"text-align: center;\">Resultado Definitivo de Isen\u00e7\u00e3o de Taxa de Inscri\u00e7\u00f5es de PcD, de 13\/03\/2023 <a href=\"http:\/\/concursos2.fadesp.org.br\/prefeitura\/2023\/oriximina\/arquivos\/Resultado Definitivo de Isen\u00e7\u00e3o de Taxa de Inscri\u00e7\u00f5es de PcD.pdf\"><b>(Clique Aqui)<\/b><\/a><\/p><p style=\"text-align: center;\">Resultado Preliminar de Isen\u00e7\u00e3o de Taxa de Inscri\u00e7\u00f5es por ser Doador de Sangue, de 07\/03\/2023 <a href=\"http:\/\/concursos2.fadesp.org.br\/prefeitura\/2023\/oriximina\/arquivos\/Resultado Preliminar de Isen\u00e7\u00e3o de Taxa de Inscri\u00e7\u00f5es por ser Doador de Sangue.pdf\"><b>(Clique Aqui)<\/b><\/a><\/p><p style=\"text-align: center;\">Resultado Preliminar de Isen\u00e7\u00e3o de Taxa de Inscri\u00e7\u00f5es para PcD, de 07\/03\/2023 <a href=\"http:\/\/concursos2.fadesp.org.br\/prefeitura\/2023\/oriximina\/arquivos\/Resultado Preliminar de Isen\u00e7\u00e3o de Taxa de Inscri\u00e7\u00f5es para PcD - 07-03-2023.pdf\"><b>(Clique Aqui)<\/b><\/a><\/p><p style=\"text-align: center;\">Errata n\u00b0 03 do Edital n\u00b0 01_2023_PMO, de 17\/02\/2023 <a href=\"https:\/\/drive.google.com\/file\/d\/1JMEgrh03iIYXKBSVLpfFco3UtYryVG8Y\/view?usp=share_link\"><b>(Clique Aqui)<\/b><\/a><\/p><p style=\"text-align: center;\">Resultado Definitivo de Isen\u00e7\u00e3o de Taxa de Inscri\u00e7\u00f5es para PcD, de 03\/02\/2023 <a href=\"http:\/\/concursos2.fadesp.org.br\/prefeitura\/2023\/oriximina\/arquivos\/Resultado Definitivo de Isen\u00e7\u00e3o de Taxa de Inscri\u00e7\u00f5es para PcD.pdf\"><b>(Clique Aqui)<\/b><\/a><\/p><p style=\"text-align: center;\">Resultado Preliminar de Isen\u00e7\u00e3o de Taxa de Inscri\u00e7\u00f5es para PcD, de 25\/01\/2023 <a href=\"http:\/\/concursos2.fadesp.org.br\/prefeitura\/2023\/oriximina\/arquivos\/Resultado Preliminar de Isen\u00e7\u00e3o de Taxa de Inscri\u00e7\u00f5es para PcD.pdf\"><b>(Clique Aqui)<\/b><\/a><\/p><p style=\"text-align: center;\">Errata Edital n\u00ba 02\/2023, de 10\/01\/2023 <a href=\"http:\/\/concursos2.fadesp.org.br\/prefeitura\/2023\/oriximina\/arquivos\/Errata Edital n\u00ba 002_2023.pdf\"><b>(Clique Aqui)<\/b><\/a><\/p><p style=\"text-align: center;\">LEI 9.469\/2022 &#8211; Altera novamnte o C\u00f3digo Tribut\u00e1rio, de 09\/01\/2023 <a href=\"http:\/\/concursos2.fadesp.org.br\/prefeitura\/2023\/oriximina\/arquivos\/leis\/LEI 9.469_2022 - Altera novamnte o C\u00f3digo Tribut\u00e1rio.pdf\"><b>(Clique Aqui)<\/b><\/a><\/p><p style=\"text-align: center;\">LEI 9.374\/2020 &#8211; Altera o Codigo Tributario, de 09\/01\/2023 <a href=\"http:\/\/concursos2.fadesp.org.br\/prefeitura\/2023\/oriximina\/arquivos\/leis\/LEI 9.374_2020 - Altera o Codigo Tributario.pdf\"><b>(Clique Aqui)<\/b><\/a><\/p><p style=\"text-align: center;\">LEI 9.370\/2020 &#8211; Constitui a Guarda Municpal, de 09\/01\/2023 <a href=\"http:\/\/concursos2.fadesp.org.br\/prefeitura\/2023\/oriximina\/arquivos\/leis\/LEI 9.370_2020 - Constitui a Guarda Municpal.pdf\"><b>(Clique Aqui)<\/b><\/a><\/p><p style=\"text-align: center;\">LEI 9.318\/2019 &#8211; Altera o cargo de Fiscal de Obras, de 09\/01\/2023 <a href=\"http:\/\/concursos2.fadesp.org.br\/prefeitura\/2023\/oriximina\/arquivos\/leis\/LEI 9.318_2019 - Altera o cargo de Fiscal de Obras.pdf\"><b>(Clique Aqui)<\/b><\/a><\/p><p style=\"text-align: center;\">LEI 9.111\/2017 &#8211; C\u00f3digo Tribut\u00e1rio, de 09\/01\/2023 <a href=\"http:\/\/concursos2.fadesp.org.br\/prefeitura\/2023\/oriximina\/arquivos\/leis\/LEI 9.111_2017 - C\u00f3digo Tribut\u00e1rio.pdf\"><b>(Clique Aqui)<\/b><\/a><\/p><p style=\"text-align: center;\">LEI ORG\u00c2NICA MUNICIPAL, de 09\/01\/2023 <a href=\"http:\/\/concursos2.fadesp.org.br\/prefeitura\/2023\/oriximina\/arquivos\/leis\/LEI ORG\u00c2NICA MUNICIPAL.pdf\"><b>(Clique Aqui)<\/b><\/a><\/p><p style=\"text-align: center;\">LEI 7.302\/2010 &#8211; C\u00f3digo de Meio Ambiente, de 09\/01\/2023 <a href=\"http:\/\/concursos2.fadesp.org.br\/prefeitura\/2023\/oriximina\/arquivos\/leis\/LEI 7.302_2010 - C\u00f3digo de Meio Ambiente.pdf\"><b>(Clique Aqui)<\/b><\/a><\/p><p style=\"text-align: center;\">LEI 7.233\/2009 &#8211; Codigo de Posturas, de 09\/01\/2023 <a href=\"http:\/\/concursos2.fadesp.org.br\/prefeitura\/2023\/oriximina\/arquivos\/leis\/LEI 7.233_2009 - Codigo de Posturas.pdf\"><b>(Clique Aqui)<\/b><\/a><\/p><p style=\"text-align: center;\">LEI 7.180\/2009 &#8211; Cria o Org\u00e3o de Tr\u00e2nsito, de 09\/01\/2023 <a href=\"http:\/\/concursos2.fadesp.org.br\/prefeitura\/2023\/oriximina\/arquivos\/leis\/LEI 7.180_2009 - Cria o Org\u00e3o de Tr\u00e2nsito.pdf\"><b>(Clique Aqui)<\/b><\/a><\/p><p style=\"text-align: center;\">LEI 6.116 &#8211; Regime Jur\u00eddico, de 09\/01\/2023 <a href=\"http:\/\/concursos2.fadesp.org.br\/prefeitura\/2023\/oriximina\/arquivos\/leis\/LEI 6.116 - Regime Jur\u00eddico.pdf\"><b>(Clique Aqui)<\/b><\/a><\/p><p style=\"text-align: center;\">LEI 6.102\/1999 &#8211; Codigo de Vigil\u00e2ncia Sanit\u00e1ria, de 09\/01\/2023 <a href=\"http:\/\/concursos2.fadesp.org.br\/prefeitura\/2023\/oriximina\/arquivos\/leis\/LEI 6.102_1999 - Codigo de Vigil\u00e2ncia Sanit\u00e1ria.pdf\"><b>(Clique Aqui)<\/b><\/a><\/p><p style=\"text-align: center;\">Errata Edital n\u00ba 01\/2023, de 06\/01\/2023 <a href=\"http:\/\/concursos2.fadesp.org.br\/prefeitura\/2023\/oriximina\/arquivos\/Errata Edital n\u00ba 001_2023.pdf\"><b>(Clique Aqui)<\/b><\/a><\/p><p style=\"text-align: center;\">Edital n\u00ba 01\/2023, de 04\/01\/2023 <a href=\"http:\/\/concursos2.fadesp.org.br\/prefeitura\/2023\/oriximina\/arquivos\/Edital%20n%C2%B0%2001_2023_PMO.pdf\"><b>(Clique Aqui)<\/b><\/a><\/p>\t\t\t\t\t\t\t\t<\/div>\n\t\t\t\t<\/div>\n\t\t\t\t\t<\/div>\n\t\t<\/div>\n\t\t\t\t\t<\/div>\n\t\t<\/section>\n\t\t\t\t\t<\/div>\n\t\t<\/div>\n\t\t\t\t\t<\/div>\n\t\t<\/section>\n\t\t\t\t<\/div>\n\t\t","protected":false},"excerpt":{"rendered":"<p>Concurso P\u00fablico\u00a0da Prefeitura Municipal de Oriximin\u00e1 (2023) O Prefeito Municipal de Oriximin\u00e1 (PMO), no uso de suas atribui\u00e7\u00f5es, torna p\u00fablico a realiza\u00e7\u00e3o de Concurso P\u00fablico destinado ao preenchimento de vagas de cargos do quadro de pessoal efetivo da Prefeitura, mediante as condi\u00e7\u00f5es estabelecidas no Edital n\u00ba 001\/2022. Cargos: &#8211; N\u00edvel Superior: Fiscal de Obras e [&hellip;]<\/p>\n","protected":false},"author":12,"featured_media":0,"parent":329,"menu_order":0,"comment_status":"closed","ping_status":"closed","template":"","meta":{"_monsterinsights_skip_tracking":false,"_monsterinsights_sitenote_active":false,"_monsterinsights_sitenote_note":"","_monsterinsights_sitenote_category":0,"footnotes":""},"class_list":["post-39146","page","type-page","status-publish","hentry","entry"],"yoast_head":"<!-- This site is optimized with the Yoast SEO plugin v25.1 - https:\/\/yoast.com\/wordpress\/plugins\/seo\/ -->\n<title>Concurso P\u00fablico\u00a0da Prefeitura Municipal de Oriximin\u00e1 (2023) - FADESP<\/title>\n<meta name=\"robots\" content=\"index, follow, max-snippet:-1, max-image-preview:large, max-video-preview:-1\" \/>\n<link rel=\"canonical\" href=\"https:\/\/portalfadesp.org.br\/?page_id=39146\" \/>\n<meta property=\"og:locale\" content=\"pt_BR\" \/>\n<meta property=\"og:type\" content=\"article\" \/>\n<meta property=\"og:title\" content=\"Concurso P\u00fablico\u00a0da Prefeitura Municipal de Oriximin\u00e1 (2023) - FADESP\" \/>\n<meta property=\"og:description\" content=\"Concurso P\u00fablico\u00a0da Prefeitura Municipal de Oriximin\u00e1 (2023) O Prefeito Municipal de Oriximin\u00e1 (PMO), no uso de suas atribui\u00e7\u00f5es, torna p\u00fablico a realiza\u00e7\u00e3o de Concurso P\u00fablico destinado ao preenchimento de vagas de cargos do quadro de pessoal efetivo da Prefeitura, mediante as condi\u00e7\u00f5es estabelecidas no Edital n\u00ba 001\/2022. Cargos: &#8211; N\u00edvel Superior: Fiscal de Obras e [&hellip;]\" \/>\n<meta property=\"og:url\" content=\"https:\/\/portalfadesp.org.br\/?page_id=39146\" \/>\n<meta property=\"og:site_name\" content=\"FADESP\" \/>\n<meta property=\"article:publisher\" content=\"https:\/\/www.facebook.com\/Fadesp-138351949524662\/\" \/>\n<meta property=\"article:modified_time\" content=\"2024-01-10T18:42:59+00:00\" \/>\n<meta name=\"twitter:card\" content=\"summary_large_image\" \/>\n<meta name=\"twitter:site\" content=\"@Fadesp\" \/>\n<meta name=\"twitter:label1\" content=\"Est. tempo de leitura\" \/>\n\t<meta name=\"twitter:data1\" content=\"5 minutos\" \/>\n<script type=\"application\/ld+json\" class=\"yoast-schema-graph\">{\"@context\":\"https:\/\/schema.org\",\"@graph\":[{\"@type\":\"WebPage\",\"@id\":\"https:\/\/portalfadesp.org.br\/?page_id=39146\",\"url\":\"https:\/\/portalfadesp.org.br\/?page_id=39146\",\"name\":\"Concurso P\u00fablico\u00a0da Prefeitura Municipal de Oriximin\u00e1 (2023) - FADESP\",\"isPartOf\":{\"@id\":\"https:\/\/portalfadesp.org.br\/#website\"},\"datePublished\":\"2023-01-04T17:35:54+00:00\",\"dateModified\":\"2024-01-10T18:42:59+00:00\",\"breadcrumb\":{\"@id\":\"https:\/\/portalfadesp.org.br\/?page_id=39146#breadcrumb\"},\"inLanguage\":\"pt-BR\",\"potentialAction\":[{\"@type\":\"ReadAction\",\"target\":[\"https:\/\/portalfadesp.org.br\/?page_id=39146\"]}]},{\"@type\":\"BreadcrumbList\",\"@id\":\"https:\/\/portalfadesp.org.br\/?page_id=39146#breadcrumb\",\"itemListElement\":[{\"@type\":\"ListItem\",\"position\":1,\"name\":\"In\u00edcio\",\"item\":\"https:\/\/portalfadesp.org.br\/\"},{\"@type\":\"ListItem\",\"position\":2,\"name\":\"Concursos &#8211; Homologados\",\"item\":\"https:\/\/portalfadesp.org.br\/?page_id=329\"},{\"@type\":\"ListItem\",\"position\":3,\"name\":\"Concurso P\u00fablico\u00a0da Prefeitura Municipal de Oriximin\u00e1 (2023)\"}]},{\"@type\":\"WebSite\",\"@id\":\"https:\/\/portalfadesp.org.br\/#website\",\"url\":\"https:\/\/portalfadesp.org.br\/\",\"name\":\"FADESP\",\"description\":\"Funda\u00e7\u00e3o de Amparo e Desenvolvimento da Pesquisa\",\"publisher\":{\"@id\":\"https:\/\/portalfadesp.org.br\/#organization\"},\"potentialAction\":[{\"@type\":\"SearchAction\",\"target\":{\"@type\":\"EntryPoint\",\"urlTemplate\":\"https:\/\/portalfadesp.org.br\/?s={search_term_string}\"},\"query-input\":{\"@type\":\"PropertyValueSpecification\",\"valueRequired\":true,\"valueName\":\"search_term_string\"}}],\"inLanguage\":\"pt-BR\"},{\"@type\":\"Organization\",\"@id\":\"https:\/\/portalfadesp.org.br\/#organization\",\"name\":\"FADESP\",\"url\":\"https:\/\/portalfadesp.org.br\/\",\"logo\":{\"@type\":\"ImageObject\",\"inLanguage\":\"pt-BR\",\"@id\":\"https:\/\/portalfadesp.org.br\/#\/schema\/logo\/image\/\",\"url\":\"https:\/\/portalfadesp.org.br\/wp-content\/uploads\/2024\/01\/NOVOLOGOFADESPlaranjaH.png\",\"contentUrl\":\"https:\/\/portalfadesp.org.br\/wp-content\/uploads\/2024\/01\/NOVOLOGOFADESPlaranjaH.png\",\"width\":2742,\"height\":839,\"caption\":\"FADESP\"},\"image\":{\"@id\":\"https:\/\/portalfadesp.org.br\/#\/schema\/logo\/image\/\"},\"sameAs\":[\"https:\/\/www.facebook.com\/Fadesp-138351949524662\/\",\"https:\/\/x.com\/Fadesp\",\"https:\/\/www.instagram.com\/fadesp_ufpa\/\",\"https:\/\/www.youtube.com\/@fundacaodeamparoedesenvolv1903\",\"https:\/\/www.threads.net\/@fadesp_ufpa\"]}]}<\/script>\n<!-- \/ Yoast SEO plugin. -->","yoast_head_json":{"title":"Concurso P\u00fablico\u00a0da Prefeitura Municipal de Oriximin\u00e1 (2023) - FADESP","robots":{"index":"index","follow":"follow","max-snippet":"max-snippet:-1","max-image-preview":"max-image-preview:large","max-video-preview":"max-video-preview:-1"},"canonical":"https:\/\/portalfadesp.org.br\/?page_id=39146","og_locale":"pt_BR","og_type":"article","og_title":"Concurso P\u00fablico\u00a0da Prefeitura Municipal de Oriximin\u00e1 (2023) - FADESP","og_description":"Concurso P\u00fablico\u00a0da Prefeitura Municipal de Oriximin\u00e1 (2023) O Prefeito Municipal de Oriximin\u00e1 (PMO), no uso de suas atribui\u00e7\u00f5es, torna p\u00fablico a realiza\u00e7\u00e3o de Concurso P\u00fablico destinado ao preenchimento de vagas de cargos do quadro de pessoal efetivo da Prefeitura, mediante as condi\u00e7\u00f5es estabelecidas no Edital n\u00ba 001\/2022. Cargos: &#8211; N\u00edvel Superior: Fiscal de Obras e [&hellip;]","og_url":"https:\/\/portalfadesp.org.br\/?page_id=39146","og_site_name":"FADESP","article_publisher":"https:\/\/www.facebook.com\/Fadesp-138351949524662\/","article_modified_time":"2024-01-10T18:42:59+00:00","twitter_card":"summary_large_image","twitter_site":"@Fadesp","twitter_misc":{"Est. tempo de leitura":"5 minutos"},"schema":{"@context":"https:\/\/schema.org","@graph":[{"@type":"WebPage","@id":"https:\/\/portalfadesp.org.br\/?page_id=39146","url":"https:\/\/portalfadesp.org.br\/?page_id=39146","name":"Concurso P\u00fablico\u00a0da Prefeitura Municipal de Oriximin\u00e1 (2023) - FADESP","isPartOf":{"@id":"https:\/\/portalfadesp.org.br\/#website"},"datePublished":"2023-01-04T17:35:54+00:00","dateModified":"2024-01-10T18:42:59+00:00","breadcrumb":{"@id":"https:\/\/portalfadesp.org.br\/?page_id=39146#breadcrumb"},"inLanguage":"pt-BR","potentialAction":[{"@type":"ReadAction","target":["https:\/\/portalfadesp.org.br\/?page_id=39146"]}]},{"@type":"BreadcrumbList","@id":"https:\/\/portalfadesp.org.br\/?page_id=39146#breadcrumb","itemListElement":[{"@type":"ListItem","position":1,"name":"In\u00edcio","item":"https:\/\/portalfadesp.org.br\/"},{"@type":"ListItem","position":2,"name":"Concursos &#8211; Homologados","item":"https:\/\/portalfadesp.org.br\/?page_id=329"},{"@type":"ListItem","position":3,"name":"Concurso P\u00fablico\u00a0da Prefeitura Municipal de Oriximin\u00e1 (2023)"}]},{"@type":"WebSite","@id":"https:\/\/portalfadesp.org.br\/#website","url":"https:\/\/portalfadesp.org.br\/","name":"FADESP","description":"Funda\u00e7\u00e3o de Amparo e Desenvolvimento da Pesquisa","publisher":{"@id":"https:\/\/portalfadesp.org.br\/#organization"},"potentialAction":[{"@type":"SearchAction","target":{"@type":"EntryPoint","urlTemplate":"https:\/\/portalfadesp.org.br\/?s={search_term_string}"},"query-input":{"@type":"PropertyValueSpecification","valueRequired":true,"valueName":"search_term_string"}}],"inLanguage":"pt-BR"},{"@type":"Organization","@id":"https:\/\/portalfadesp.org.br\/#organization","name":"FADESP","url":"https:\/\/portalfadesp.org.br\/","logo":{"@type":"ImageObject","inLanguage":"pt-BR","@id":"https:\/\/portalfadesp.org.br\/#\/schema\/logo\/image\/","url":"https:\/\/portalfadesp.org.br\/wp-content\/uploads\/2024\/01\/NOVOLOGOFADESPlaranjaH.png","contentUrl":"https:\/\/portalfadesp.org.br\/wp-content\/uploads\/2024\/01\/NOVOLOGOFADESPlaranjaH.png","width":2742,"height":839,"caption":"FADESP"},"image":{"@id":"https:\/\/portalfadesp.org.br\/#\/schema\/logo\/image\/"},"sameAs":["https:\/\/www.facebook.com\/Fadesp-138351949524662\/","https:\/\/x.com\/Fadesp","https:\/\/www.instagram.com\/fadesp_ufpa\/","https:\/\/www.youtube.com\/@fundacaodeamparoedesenvolv1903","https:\/\/www.threads.net\/@fadesp_ufpa"]}]}},"_links":{"self":[{"href":"https:\/\/portalfadesp.org.br\/index.php?rest_route=\/wp\/v2\/pages\/39146","targetHints":{"allow":["GET"]}}],"collection":[{"href":"https:\/\/portalfadesp.org.br\/index.php?rest_route=\/wp\/v2\/pages"}],"about":[{"href":"https:\/\/portalfadesp.org.br\/index.php?rest_route=\/wp\/v2\/types\/page"}],"author":[{"embeddable":true,"href":"https:\/\/portalfadesp.org.br\/index.php?rest_route=\/wp\/v2\/users\/12"}],"replies":[{"embeddable":true,"href":"https:\/\/portalfadesp.org.br\/index.php?rest_route=%2Fwp%2Fv2%2Fcomments&post=39146"}],"version-history":[{"count":204,"href":"https:\/\/portalfadesp.org.br\/index.php?rest_route=\/wp\/v2\/pages\/39146\/revisions"}],"predecessor-version":[{"id":45015,"href":"https:\/\/portalfadesp.org.br\/index.php?rest_route=\/wp\/v2\/pages\/39146\/revisions\/45015"}],"up":[{"embeddable":true,"href":"https:\/\/portalfadesp.org.br\/index.php?rest_route=\/wp\/v2\/pages\/329"}],"wp:attachment":[{"href":"https:\/\/portalfadesp.org.br\/index.php?rest_route=%2Fwp%2Fv2%2Fmedia&parent=39146"}],"curies":[{"name":"wp","href":"https:\/\/api.w.org\/{rel}","templated":true}]}}