{"id":35581,"date":"2023-06-22T14:10:00","date_gmt":"2023-06-22T17:10:00","guid":{"rendered":"https:\/\/162.215.13.167?page_id=35581"},"modified":"2023-06-22T14:17:46","modified_gmt":"2023-06-22T17:17:46","slug":"pagina_modelo-19-13-22","status":"publish","type":"page","link":"https:\/\/portalfadesp.org.br\/?page_id=35581","title":{"rendered":"Curso de Especializa\u00e7\u00e3o Multiprofissional em Gest\u00e3o e Inova\u00e7\u00e3o nos Servi\u00e7os de Sa\u00fade &#8211; UFPA 01\/2023"},"content":{"rendered":"\t\t<div data-elementor-type=\"wp-post\" data-elementor-id=\"35581\" class=\"elementor elementor-35581\" data-elementor-post-type=\"page\">\n\t\t\t\t\t\t<section class=\"elementor-section elementor-top-section elementor-element elementor-element-1f2996d1 elementor-section-boxed elementor-section-height-default elementor-section-height-default\" data-id=\"1f2996d1\" data-element_type=\"section\">\n\t\t\t\t\t\t<div class=\"elementor-container elementor-column-gap-default\">\n\t\t\t\t\t<div class=\"elementor-column elementor-col-100 elementor-top-column elementor-element elementor-element-59a4b3f8\" data-id=\"59a4b3f8\" data-element_type=\"column\">\n\t\t\t<div class=\"elementor-widget-wrap elementor-element-populated\">\n\t\t\t\t\t\t<div class=\"elementor-element elementor-element-799471af elementor-widget elementor-widget-heading\" data-id=\"799471af\" data-element_type=\"widget\" data-widget_type=\"heading.default\">\n\t\t\t\t<div class=\"elementor-widget-container\">\n\t\t\t\t\t<h2 class=\"elementor-heading-title elementor-size-default\">Curso de Especializa\u00e7\u00e3o Multiprofissional em Gest\u00e3o e Inova\u00e7\u00e3o nos Servi\u00e7os de Sa\u00fade - UFPA 01\/2023<\/h2>\t\t\t\t<\/div>\n\t\t\t\t<\/div>\n\t\t\t\t<section class=\"elementor-section elementor-inner-section elementor-element elementor-element-336311f elementor-section-boxed elementor-section-height-default elementor-section-height-default\" data-id=\"336311f\" data-element_type=\"section\">\n\t\t\t\t\t\t<div class=\"elementor-container elementor-column-gap-default\">\n\t\t\t\t\t<div class=\"elementor-column elementor-col-50 elementor-inner-column elementor-element elementor-element-75ca0dc3\" data-id=\"75ca0dc3\" data-element_type=\"column\">\n\t\t\t<div class=\"elementor-widget-wrap elementor-element-populated\">\n\t\t\t\t\t\t<div class=\"elementor-element elementor-element-425a3096 elementor-widget elementor-widget-text-editor\" data-id=\"425a3096\" data-element_type=\"widget\" data-widget_type=\"text-editor.default\">\n\t\t\t\t<div class=\"elementor-widget-container\">\n\t\t\t\t\t\t\t\t\t<p>A Universidade Federal do Par\u00e1 torna p\u00fablico o Edital para a sele\u00e7\u00e3o de candidatos ao CURSO DE ESPECIALIZA\u00c7\u00c3O MULTIPROFISSIONAL EM GEST\u00c3O E INOVA\u00c7\u00c3O NOS SERVI\u00c7OS DE SA\u00daDE, aprovado pela Resolu\u00e7\u00e3o CONSEPE no. 5.471, de 23 de fevereiro de 2022, obedecendo as datas e demais condi\u00e7\u00f5es especificadas no edital ao lado.<\/p><p><b>Atualiza\u00e7\u00e3o<\/b>: Oferta de vagas remanescentes, at\u00e9 27\/07\/2023. Recomendamos a leitura atenta do edital 03\/2023, ao lado.\u00a0<\/p><p><b>P\u00fablico alvo:\u00a0<\/b>Graduados em cursos nas \u00e1reas de Ci\u00eancias da Sa\u00fade e afins, que queiram obter conhecimentos aprofundados em tecnologia, gest\u00e3o e inova\u00e7\u00e3o em sa\u00fade.<\/p><p><strong>Vagas:<\/strong> 150 vagas, dentre as quais 45 vagas (30%) ser\u00e3o reservadas \u00e0 demanda social, t\u00e9cnicos e docentes efetivos da UFPA, e 105 vagas para ampla concorr\u00eancia.<\/p><p><strong>Per\u00edodo de inscri\u00e7\u00e3o: 01\/12 a 05\/03\/2023 (ENCERRADO)<\/strong><\/p><p><b>Novo per\u00edodo de inscri\u00e7\u00f5es para vagas remanescentes: de 21\/06\/2023 a 27\/07\/2023\u00a0\u00a0<\/b><\/p><p><strong>Taxa de inscri\u00e7\u00e3o \/ Vagas remanescentes:<\/strong> R$295,00 (Duzentos e noventa e cinco reais)<\/p><p><strong>Para mais informa\u00e7\u00f5es:<\/strong>\u00a0(91) 3219.6527 \/ 98439.3779 (hor\u00e1rio comercial)<\/p><p><strong>Link para inscri\u00e7\u00e3o (recomendamos a leitura do edital)<\/strong>: clique <span style=\"text-decoration: underline;\"><a href=\"http:\/\/cursoseventos.fadesp.org.br\/gui\/PortalCursosEventos.aspx\">aqui<\/a><\/span>.<\/p>\t\t\t\t\t\t\t\t<\/div>\n\t\t\t\t<\/div>\n\t\t\t\t\t<\/div>\n\t\t<\/div>\n\t\t\t\t<div class=\"elementor-column elementor-col-50 elementor-inner-column elementor-element elementor-element-79608089\" data-id=\"79608089\" data-element_type=\"column\">\n\t\t\t<div class=\"elementor-widget-wrap elementor-element-populated\">\n\t\t\t\t\t\t<div class=\"elementor-element elementor-element-7ccac55 elementor-widget elementor-widget-text-editor\" data-id=\"7ccac55\" data-element_type=\"widget\" data-widget_type=\"text-editor.default\">\n\t\t\t\t<div class=\"elementor-widget-container\">\n\t\t\t\t\t\t\t\t\t<p><strong>Editais\u00a0<\/strong><\/p>\t\t\t\t\t\t\t\t<\/div>\n\t\t\t\t<\/div>\n\t\t\t\t<div class=\"elementor-element elementor-element-368e568 elementor-widget elementor-widget-text-editor\" data-id=\"368e568\" data-element_type=\"widget\" data-widget_type=\"text-editor.default\">\n\t\t\t\t<div class=\"elementor-widget-container\">\n\t\t\t\t\t\t\t\t\t<p>\u00a0 \u00a0 \u00a0 \u00a0 \u00a0 \u00a0 \u00a0 \u00a0 \u00a0 \u00a0 \u00a0 Edital 03\/2023 para vagas remanescentes <strong>(Clique <a href=\"https:\/\/portalfadesp.org.br\/wp-content\/uploads\/2023\/06\/Edital-03-GESTAO-retificado.pdf\"><span style=\"text-decoration: underline;\">aqui<\/span><\/a>)<\/strong><\/p><p style=\"text-align: center;\">Inscri\u00e7\u00f5es prorrogadas 2 <strong><a href=\"https:\/\/portalfadesp.org.br\/wp-content\/uploads\/2023\/02\/Termo-Aditivo-02-Curso-de-Gestao-e-inovacao.pdf\">(Clique aqui)<\/a>\u00a0&#8211; ENCERRADO<\/strong><\/p><p style=\"text-align: center;\">Inscri\u00e7\u00f5es prorrogadas<strong><a href=\"https:\/\/portalfadesp.org.br\/wp-content\/uploads\/2023\/01\/Termo-Aditivo-Curso-de-Gestao-e-inovacao.pdf\">(Clique aqui)<\/a>\u00a0&#8211; ENCERRADO<\/strong><\/p><p style=\"text-align: center;\">Edital 1 <strong><a href=\"..\/wp-content\/uploads\/2022\/11\/Edital_01-2023-GESTAO-E-INOVACAO-EM-SERVICOS-DE-SAUDE-VF-4968.pdf\">(Clique aqui)<\/a>\u00a0&#8211; ENCERRADO<\/strong><\/p>\t\t\t\t\t\t\t\t<\/div>\n\t\t\t\t<\/div>\n\t\t\t\t\t<\/div>\n\t\t<\/div>\n\t\t\t\t\t<\/div>\n\t\t<\/section>\n\t\t\t\t\t<\/div>\n\t\t<\/div>\n\t\t\t\t\t<\/div>\n\t\t<\/section>\n\t\t\t\t<\/div>\n\t\t","protected":false},"excerpt":{"rendered":"<p>Curso de Especializa\u00e7\u00e3o Multiprofissional em Gest\u00e3o e Inova\u00e7\u00e3o nos Servi\u00e7os de Sa\u00fade &#8211; UFPA 01\/2023 A Universidade Federal do Par\u00e1 torna p\u00fablico o Edital para a sele\u00e7\u00e3o de candidatos ao CURSO DE ESPECIALIZA\u00c7\u00c3O MULTIPROFISSIONAL EM GEST\u00c3O E INOVA\u00c7\u00c3O NOS SERVI\u00c7OS DE SA\u00daDE, aprovado pela Resolu\u00e7\u00e3o CONSEPE no. 5.471, de 23 de fevereiro de 2022, obedecendo [&hellip;]<\/p>\n","protected":false},"author":12,"featured_media":41383,"parent":0,"menu_order":0,"comment_status":"closed","ping_status":"closed","template":"","meta":{"_monsterinsights_skip_tracking":false,"_monsterinsights_sitenote_active":false,"_monsterinsights_sitenote_note":"","_monsterinsights_sitenote_category":0,"footnotes":""},"class_list":["post-35581","page","type-page","status-publish","has-post-thumbnail","hentry","entry","has-media"],"yoast_head":"<!-- This site is optimized with the Yoast SEO plugin v25.1 - https:\/\/yoast.com\/wordpress\/plugins\/seo\/ -->\n<title>Curso de Especializa\u00e7\u00e3o Multiprofissional em Gest\u00e3o e Inova\u00e7\u00e3o nos Servi\u00e7os de Sa\u00fade - UFPA 01\/2023 - FADESP<\/title>\n<meta name=\"robots\" content=\"index, follow, max-snippet:-1, max-image-preview:large, max-video-preview:-1\" \/>\n<link rel=\"canonical\" href=\"https:\/\/portalfadesp.org.br\/?page_id=35581\" \/>\n<meta property=\"og:locale\" content=\"pt_BR\" \/>\n<meta property=\"og:type\" content=\"article\" \/>\n<meta property=\"og:title\" content=\"Curso de Especializa\u00e7\u00e3o Multiprofissional em Gest\u00e3o e Inova\u00e7\u00e3o nos Servi\u00e7os de Sa\u00fade - UFPA 01\/2023 - FADESP\" \/>\n<meta property=\"og:description\" content=\"Curso de Especializa\u00e7\u00e3o Multiprofissional em Gest\u00e3o e Inova\u00e7\u00e3o nos Servi\u00e7os de Sa\u00fade &#8211; UFPA 01\/2023 A Universidade Federal do Par\u00e1 torna p\u00fablico o Edital para a sele\u00e7\u00e3o de candidatos ao CURSO DE ESPECIALIZA\u00c7\u00c3O MULTIPROFISSIONAL EM GEST\u00c3O E INOVA\u00c7\u00c3O NOS SERVI\u00c7OS DE SA\u00daDE, aprovado pela Resolu\u00e7\u00e3o CONSEPE no. 5.471, de 23 de fevereiro de 2022, obedecendo [&hellip;]\" \/>\n<meta property=\"og:url\" content=\"https:\/\/portalfadesp.org.br\/?page_id=35581\" \/>\n<meta property=\"og:site_name\" content=\"FADESP\" \/>\n<meta property=\"article:publisher\" content=\"https:\/\/www.facebook.com\/Fadesp-138351949524662\/\" \/>\n<meta property=\"article:modified_time\" content=\"2023-06-22T17:17:46+00:00\" \/>\n<meta property=\"og:image\" content=\"https:\/\/portalfadesp.org.br\/wp-content\/uploads\/2023\/06\/Vagas-remanescentes.jpeg\" \/>\n\t<meta property=\"og:image:width\" content=\"1195\" \/>\n\t<meta property=\"og:image:height\" content=\"355\" \/>\n\t<meta property=\"og:image:type\" content=\"image\/jpeg\" \/>\n<meta name=\"twitter:card\" content=\"summary_large_image\" \/>\n<meta name=\"twitter:site\" content=\"@Fadesp\" \/>\n<meta name=\"twitter:label1\" content=\"Est. tempo de leitura\" \/>\n\t<meta name=\"twitter:data1\" content=\"2 minutos\" \/>\n<script type=\"application\/ld+json\" class=\"yoast-schema-graph\">{\"@context\":\"https:\/\/schema.org\",\"@graph\":[{\"@type\":\"WebPage\",\"@id\":\"https:\/\/portalfadesp.org.br\/?page_id=35581\",\"url\":\"https:\/\/portalfadesp.org.br\/?page_id=35581\",\"name\":\"Curso de Especializa\u00e7\u00e3o Multiprofissional em Gest\u00e3o e Inova\u00e7\u00e3o nos Servi\u00e7os de Sa\u00fade - UFPA 01\/2023 - FADESP\",\"isPartOf\":{\"@id\":\"https:\/\/portalfadesp.org.br\/#website\"},\"primaryImageOfPage\":{\"@id\":\"https:\/\/portalfadesp.org.br\/?page_id=35581#primaryimage\"},\"image\":{\"@id\":\"https:\/\/portalfadesp.org.br\/?page_id=35581#primaryimage\"},\"thumbnailUrl\":\"https:\/\/portalfadesp.org.br\/wp-content\/uploads\/2023\/06\/Vagas-remanescentes.jpeg\",\"datePublished\":\"2023-06-22T17:10:00+00:00\",\"dateModified\":\"2023-06-22T17:17:46+00:00\",\"breadcrumb\":{\"@id\":\"https:\/\/portalfadesp.org.br\/?page_id=35581#breadcrumb\"},\"inLanguage\":\"pt-BR\",\"potentialAction\":[{\"@type\":\"ReadAction\",\"target\":[\"https:\/\/portalfadesp.org.br\/?page_id=35581\"]}]},{\"@type\":\"ImageObject\",\"inLanguage\":\"pt-BR\",\"@id\":\"https:\/\/portalfadesp.org.br\/?page_id=35581#primaryimage\",\"url\":\"https:\/\/portalfadesp.org.br\/wp-content\/uploads\/2023\/06\/Vagas-remanescentes.jpeg\",\"contentUrl\":\"https:\/\/portalfadesp.org.br\/wp-content\/uploads\/2023\/06\/Vagas-remanescentes.jpeg\",\"width\":1195,\"height\":355},{\"@type\":\"BreadcrumbList\",\"@id\":\"https:\/\/portalfadesp.org.br\/?page_id=35581#breadcrumb\",\"itemListElement\":[{\"@type\":\"ListItem\",\"position\":1,\"name\":\"In\u00edcio\",\"item\":\"https:\/\/portalfadesp.org.br\/\"},{\"@type\":\"ListItem\",\"position\":2,\"name\":\"Curso de Especializa\u00e7\u00e3o Multiprofissional em Gest\u00e3o e Inova\u00e7\u00e3o nos Servi\u00e7os de Sa\u00fade &#8211; UFPA 01\/2023\"}]},{\"@type\":\"WebSite\",\"@id\":\"https:\/\/portalfadesp.org.br\/#website\",\"url\":\"https:\/\/portalfadesp.org.br\/\",\"name\":\"FADESP\",\"description\":\"Funda\u00e7\u00e3o de Amparo e Desenvolvimento da Pesquisa\",\"publisher\":{\"@id\":\"https:\/\/portalfadesp.org.br\/#organization\"},\"potentialAction\":[{\"@type\":\"SearchAction\",\"target\":{\"@type\":\"EntryPoint\",\"urlTemplate\":\"https:\/\/portalfadesp.org.br\/?s={search_term_string}\"},\"query-input\":{\"@type\":\"PropertyValueSpecification\",\"valueRequired\":true,\"valueName\":\"search_term_string\"}}],\"inLanguage\":\"pt-BR\"},{\"@type\":\"Organization\",\"@id\":\"https:\/\/portalfadesp.org.br\/#organization\",\"name\":\"FADESP\",\"url\":\"https:\/\/portalfadesp.org.br\/\",\"logo\":{\"@type\":\"ImageObject\",\"inLanguage\":\"pt-BR\",\"@id\":\"https:\/\/portalfadesp.org.br\/#\/schema\/logo\/image\/\",\"url\":\"https:\/\/portalfadesp.org.br\/wp-content\/uploads\/2024\/01\/NOVOLOGOFADESPlaranjaH.png\",\"contentUrl\":\"https:\/\/portalfadesp.org.br\/wp-content\/uploads\/2024\/01\/NOVOLOGOFADESPlaranjaH.png\",\"width\":2742,\"height\":839,\"caption\":\"FADESP\"},\"image\":{\"@id\":\"https:\/\/portalfadesp.org.br\/#\/schema\/logo\/image\/\"},\"sameAs\":[\"https:\/\/www.facebook.com\/Fadesp-138351949524662\/\",\"https:\/\/x.com\/Fadesp\",\"https:\/\/www.instagram.com\/fadesp_ufpa\/\",\"https:\/\/www.youtube.com\/@fundacaodeamparoedesenvolv1903\",\"https:\/\/www.threads.net\/@fadesp_ufpa\"]}]}<\/script>\n<!-- \/ Yoast SEO plugin. -->","yoast_head_json":{"title":"Curso de Especializa\u00e7\u00e3o Multiprofissional em Gest\u00e3o e Inova\u00e7\u00e3o nos Servi\u00e7os de Sa\u00fade - UFPA 01\/2023 - FADESP","robots":{"index":"index","follow":"follow","max-snippet":"max-snippet:-1","max-image-preview":"max-image-preview:large","max-video-preview":"max-video-preview:-1"},"canonical":"https:\/\/portalfadesp.org.br\/?page_id=35581","og_locale":"pt_BR","og_type":"article","og_title":"Curso de Especializa\u00e7\u00e3o Multiprofissional em Gest\u00e3o e Inova\u00e7\u00e3o nos Servi\u00e7os de Sa\u00fade - UFPA 01\/2023 - FADESP","og_description":"Curso de Especializa\u00e7\u00e3o Multiprofissional em Gest\u00e3o e Inova\u00e7\u00e3o nos Servi\u00e7os de Sa\u00fade &#8211; UFPA 01\/2023 A Universidade Federal do Par\u00e1 torna p\u00fablico o Edital para a sele\u00e7\u00e3o de candidatos ao CURSO DE ESPECIALIZA\u00c7\u00c3O MULTIPROFISSIONAL EM GEST\u00c3O E INOVA\u00c7\u00c3O NOS SERVI\u00c7OS DE SA\u00daDE, aprovado pela Resolu\u00e7\u00e3o CONSEPE no. 5.471, de 23 de fevereiro de 2022, obedecendo [&hellip;]","og_url":"https:\/\/portalfadesp.org.br\/?page_id=35581","og_site_name":"FADESP","article_publisher":"https:\/\/www.facebook.com\/Fadesp-138351949524662\/","article_modified_time":"2023-06-22T17:17:46+00:00","og_image":[{"width":1195,"height":355,"url":"https:\/\/portalfadesp.org.br\/wp-content\/uploads\/2023\/06\/Vagas-remanescentes.jpeg","type":"image\/jpeg"}],"twitter_card":"summary_large_image","twitter_site":"@Fadesp","twitter_misc":{"Est. tempo de leitura":"2 minutos"},"schema":{"@context":"https:\/\/schema.org","@graph":[{"@type":"WebPage","@id":"https:\/\/portalfadesp.org.br\/?page_id=35581","url":"https:\/\/portalfadesp.org.br\/?page_id=35581","name":"Curso de Especializa\u00e7\u00e3o Multiprofissional em Gest\u00e3o e Inova\u00e7\u00e3o nos Servi\u00e7os de Sa\u00fade - UFPA 01\/2023 - FADESP","isPartOf":{"@id":"https:\/\/portalfadesp.org.br\/#website"},"primaryImageOfPage":{"@id":"https:\/\/portalfadesp.org.br\/?page_id=35581#primaryimage"},"image":{"@id":"https:\/\/portalfadesp.org.br\/?page_id=35581#primaryimage"},"thumbnailUrl":"https:\/\/portalfadesp.org.br\/wp-content\/uploads\/2023\/06\/Vagas-remanescentes.jpeg","datePublished":"2023-06-22T17:10:00+00:00","dateModified":"2023-06-22T17:17:46+00:00","breadcrumb":{"@id":"https:\/\/portalfadesp.org.br\/?page_id=35581#breadcrumb"},"inLanguage":"pt-BR","potentialAction":[{"@type":"ReadAction","target":["https:\/\/portalfadesp.org.br\/?page_id=35581"]}]},{"@type":"ImageObject","inLanguage":"pt-BR","@id":"https:\/\/portalfadesp.org.br\/?page_id=35581#primaryimage","url":"https:\/\/portalfadesp.org.br\/wp-content\/uploads\/2023\/06\/Vagas-remanescentes.jpeg","contentUrl":"https:\/\/portalfadesp.org.br\/wp-content\/uploads\/2023\/06\/Vagas-remanescentes.jpeg","width":1195,"height":355},{"@type":"BreadcrumbList","@id":"https:\/\/portalfadesp.org.br\/?page_id=35581#breadcrumb","itemListElement":[{"@type":"ListItem","position":1,"name":"In\u00edcio","item":"https:\/\/portalfadesp.org.br\/"},{"@type":"ListItem","position":2,"name":"Curso de Especializa\u00e7\u00e3o Multiprofissional em Gest\u00e3o e Inova\u00e7\u00e3o nos Servi\u00e7os de Sa\u00fade &#8211; UFPA 01\/2023"}]},{"@type":"WebSite","@id":"https:\/\/portalfadesp.org.br\/#website","url":"https:\/\/portalfadesp.org.br\/","name":"FADESP","description":"Funda\u00e7\u00e3o de Amparo e Desenvolvimento da Pesquisa","publisher":{"@id":"https:\/\/portalfadesp.org.br\/#organization"},"potentialAction":[{"@type":"SearchAction","target":{"@type":"EntryPoint","urlTemplate":"https:\/\/portalfadesp.org.br\/?s={search_term_string}"},"query-input":{"@type":"PropertyValueSpecification","valueRequired":true,"valueName":"search_term_string"}}],"inLanguage":"pt-BR"},{"@type":"Organization","@id":"https:\/\/portalfadesp.org.br\/#organization","name":"FADESP","url":"https:\/\/portalfadesp.org.br\/","logo":{"@type":"ImageObject","inLanguage":"pt-BR","@id":"https:\/\/portalfadesp.org.br\/#\/schema\/logo\/image\/","url":"https:\/\/portalfadesp.org.br\/wp-content\/uploads\/2024\/01\/NOVOLOGOFADESPlaranjaH.png","contentUrl":"https:\/\/portalfadesp.org.br\/wp-content\/uploads\/2024\/01\/NOVOLOGOFADESPlaranjaH.png","width":2742,"height":839,"caption":"FADESP"},"image":{"@id":"https:\/\/portalfadesp.org.br\/#\/schema\/logo\/image\/"},"sameAs":["https:\/\/www.facebook.com\/Fadesp-138351949524662\/","https:\/\/x.com\/Fadesp","https:\/\/www.instagram.com\/fadesp_ufpa\/","https:\/\/www.youtube.com\/@fundacaodeamparoedesenvolv1903","https:\/\/www.threads.net\/@fadesp_ufpa"]}]}},"_links":{"self":[{"href":"https:\/\/portalfadesp.org.br\/index.php?rest_route=\/wp\/v2\/pages\/35581","targetHints":{"allow":["GET"]}}],"collection":[{"href":"https:\/\/portalfadesp.org.br\/index.php?rest_route=\/wp\/v2\/pages"}],"about":[{"href":"https:\/\/portalfadesp.org.br\/index.php?rest_route=\/wp\/v2\/types\/page"}],"author":[{"embeddable":true,"href":"https:\/\/portalfadesp.org.br\/index.php?rest_route=\/wp\/v2\/users\/12"}],"replies":[{"embeddable":true,"href":"https:\/\/portalfadesp.org.br\/index.php?rest_route=%2Fwp%2Fv2%2Fcomments&post=35581"}],"version-history":[{"count":30,"href":"https:\/\/portalfadesp.org.br\/index.php?rest_route=\/wp\/v2\/pages\/35581\/revisions"}],"predecessor-version":[{"id":41384,"href":"https:\/\/portalfadesp.org.br\/index.php?rest_route=\/wp\/v2\/pages\/35581\/revisions\/41384"}],"wp:featuredmedia":[{"embeddable":true,"href":"https:\/\/portalfadesp.org.br\/index.php?rest_route=\/wp\/v2\/media\/41383"}],"wp:attachment":[{"href":"https:\/\/portalfadesp.org.br\/index.php?rest_route=%2Fwp%2Fv2%2Fmedia&parent=35581"}],"curies":[{"name":"wp","href":"https:\/\/api.w.org\/{rel}","templated":true}]}}