{"id":35333,"date":"2022-11-22T09:57:20","date_gmt":"2022-11-22T12:57:20","guid":{"rendered":"https:\/\/162.215.13.167?page_id=35333"},"modified":"2023-03-29T12:09:45","modified_gmt":"2023-03-29T15:09:45","slug":"pagina_modelo-19-12-16","status":"publish","type":"page","link":"https:\/\/portalfadesp.org.br\/?page_id=35333","title":{"rendered":"Concurso P\u00fablico do Servi\u00e7o Aut\u00f4nomo de \u00c1gua e Esgoto de Rondon do Par\u00e1 &#8211; SAAE &#8211; 2022"},"content":{"rendered":"\t\t<div data-elementor-type=\"wp-post\" data-elementor-id=\"35333\" class=\"elementor elementor-35333\" data-elementor-post-type=\"page\">\n\t\t\t\t\t\t<section class=\"elementor-section elementor-top-section elementor-element elementor-element-1f2996d1 elementor-section-boxed elementor-section-height-default elementor-section-height-default\" data-id=\"1f2996d1\" data-element_type=\"section\">\n\t\t\t\t\t\t<div class=\"elementor-container elementor-column-gap-default\">\n\t\t\t\t\t<div class=\"elementor-column elementor-col-100 elementor-top-column elementor-element elementor-element-59a4b3f8\" data-id=\"59a4b3f8\" data-element_type=\"column\">\n\t\t\t<div class=\"elementor-widget-wrap elementor-element-populated\">\n\t\t\t\t\t\t<div class=\"elementor-element elementor-element-799471af elementor-widget elementor-widget-heading\" data-id=\"799471af\" data-element_type=\"widget\" data-widget_type=\"heading.default\">\n\t\t\t\t<div class=\"elementor-widget-container\">\n\t\t\t\t\t<h2 class=\"elementor-heading-title elementor-size-default\">Concurso P\u00fablico do Servi\u00e7o Aut\u00f4nomo de \u00c1gua e Esgoto de Rondon do Par\u00e1 - SAAE - 2022<\/h2>\t\t\t\t<\/div>\n\t\t\t\t<\/div>\n\t\t\t\t<section class=\"elementor-section elementor-inner-section elementor-element elementor-element-336311f elementor-section-boxed elementor-section-height-default elementor-section-height-default\" data-id=\"336311f\" data-element_type=\"section\">\n\t\t\t\t\t\t<div class=\"elementor-container elementor-column-gap-default\">\n\t\t\t\t\t<div class=\"elementor-column elementor-col-50 elementor-inner-column elementor-element elementor-element-75ca0dc3\" data-id=\"75ca0dc3\" data-element_type=\"column\">\n\t\t\t<div class=\"elementor-widget-wrap elementor-element-populated\">\n\t\t\t\t\t\t<div class=\"elementor-element elementor-element-425a3096 elementor-widget elementor-widget-text-editor\" data-id=\"425a3096\" data-element_type=\"widget\" data-widget_type=\"text-editor.default\">\n\t\t\t\t<div class=\"elementor-widget-container\">\n\t\t\t\t\t\t\t\t\t<p>Diretora\/Presidente do Servi\u00e7o Aut\u00f4nomo de \u00c1gua e Esgoto de Rondon do Par\u00e1 &#8211; SAAE, no uso de suas atribui\u00e7\u00f5es, torna p\u00fablica a realiza\u00e7\u00e3o de Concurso P\u00fablico destinado ao preenchimento de vagas de cargos do quadro de pessoal efetivo de servidores, mediante as condi\u00e7\u00f5es estabelecidas no Edital\u00a0n\u00ba 001\/2022.<\/p><p><strong>Vagas: 34\u00a0<\/strong>(trinta e quatro)<\/p><p><strong>Cargos<\/strong>:<br \/>\u2013 N\u00edvel Alfabetizado: Bra\u00e7al e Zelador.<br \/>\u2013 N\u00edvel Fundamental Incompleto: Fiscal de Campo, Encanador de Rede, Ajudante de Operador, Ajudante de Encanador, Auxiliar Geral, Pedreiro e Eletricista.<br \/>&#8211; N\u00edvel Fundamental Completo: Auxiliar de Escrit\u00f3rio, Auxiliar de Administra\u00e7\u00e3o, Auxiliar de Atendimento e Almoxarife.<br \/>N\u00edvel M\u00e9dio: Assistente de Administra\u00e7\u00e3o.<\/p><p>\u00a0<strong>Per\u00edodo das Inscri\u00e7\u00f5es:\u00a0<\/strong>22\/11\/2022 a 09\/01\/2023.<\/p><p>\u00a0<strong>Solicita\u00e7\u00e3o de isen\u00e7\u00e3o da taxa de inscri\u00e7\u00e3o para PCD:<\/strong>\u00a022 a 30\/11\/2022.<\/p><p><strong>\u00a0\u00daltimo dia de pagamento:\u00a0<\/strong>10\/01\/2022<\/p><p><strong>Valor da Taxa:<\/strong><br \/>&#8211; R$ 70,00 (setenta reais) \u2013 N\u00edvel M\u00e9dio.<br \/>&#8211; R$ 60,00 (sessenta reais) \u2013 N\u00edvel Alfabetizado, N\u00edvel Fundamental Incompleto e N\u00edvel Fundamental Completo.<\/p><p><strong>Prova Objetiva:<\/strong><br \/>&#8211; 29\/01\/2023 \u2013 8h \u00e0s 12h para os cargos de N\u00edvel Fundamental Incompleto e N\u00edvel M\u00e9dio.<br \/>&#8211; 29\/01\/2023 \u2013 15h \u00e0s 19h para os cargos de N\u00edvel Alfabetizado e N\u00edvel Fundamental Completo.<\/p>\t\t\t\t\t\t\t\t<\/div>\n\t\t\t\t<\/div>\n\t\t\t\t\t<\/div>\n\t\t<\/div>\n\t\t\t\t<div class=\"elementor-column elementor-col-50 elementor-inner-column elementor-element elementor-element-79608089\" data-id=\"79608089\" data-element_type=\"column\">\n\t\t\t<div class=\"elementor-widget-wrap elementor-element-populated\">\n\t\t\t\t\t\t<div class=\"elementor-element elementor-element-7ccac55 elementor-widget elementor-widget-text-editor\" data-id=\"7ccac55\" data-element_type=\"widget\" data-widget_type=\"text-editor.default\">\n\t\t\t\t<div class=\"elementor-widget-container\">\n\t\t\t\t\t\t\t\t\t<p><strong>Avisos<\/strong><\/p>\t\t\t\t\t\t\t\t<\/div>\n\t\t\t\t<\/div>\n\t\t\t\t<div class=\"elementor-element elementor-element-7036201 elementor-widget elementor-widget-text-editor\" data-id=\"7036201\" data-element_type=\"widget\" data-widget_type=\"text-editor.default\">\n\t\t\t\t<div class=\"elementor-widget-container\">\n\t\t\t\t\t\t\t\t\t<div class=\"botaoBug\" style=\"margin-bottom: 10px;\"><a href=\"http:\/\/concursos2.fadesp.org.br\/prefeitura\/2022\/saae-rondon-do-para\/web\/\"><b>Respostas dos Recursos (clique aqui)<\/b><\/a><\/div><div>O Per\u00edodo de Inscri\u00e7\u00f5es foi Prorrogado at\u00e9 09\/01\/2023, com pagamento da taxa de inscri\u00e7\u00e3o at\u00e9 10\/01\/2023.<\/div>\t\t\t\t\t\t\t\t<\/div>\n\t\t\t\t<\/div>\n\t\t\t\t<div class=\"elementor-element elementor-element-fed639c elementor-widget elementor-widget-text-editor\" data-id=\"fed639c\" data-element_type=\"widget\" data-widget_type=\"text-editor.default\">\n\t\t\t\t<div class=\"elementor-widget-container\">\n\t\t\t\t\t\t\t\t\t<p><strong>Editais\u00a0<\/strong><\/p>\t\t\t\t\t\t\t\t<\/div>\n\t\t\t\t<\/div>\n\t\t\t\t<div class=\"elementor-element elementor-element-368e568 elementor-widget elementor-widget-text-editor\" data-id=\"368e568\" data-element_type=\"widget\" data-widget_type=\"text-editor.default\">\n\t\t\t\t<div class=\"elementor-widget-container\">\n\t\t\t\t\t\t\t\t\t<p style=\"text-align: center;\"><strong>Aten\u00e7\u00e3o:<\/strong> Informa\u00e7\u00f5es referentes as convoca\u00e7\u00f5es de candidatos a habilita\u00e7\u00e3o a posse nos cargos estar\u00e3o dispon\u00edveis no site da Prefeitura\/SAAE.<\/p><p style=\"text-align: center;\">AVISO &#8211; EDITAL N\u00ba 003_2023 &#8211; SAAE-HOMOLOGA\u00c7\u00c3O &#8211; DI\u00c1RIO OFICIAL DO MUNIC\u00cdPIO, 28\/02\/2023<strong><a href=\"http:\/\/concursos2.fadesp.org.br\/prefeitura\/2022\/saae-rondon-do-para\/arquivos\/AVISO - EDITAL N\u00ba 003_2023 - SAAE-HOMOLOGA\u00c7\u00c3O - DI\u00c1RIO OFICIAL DO MUNIC\u00cdPIO.pdf\"> (Clique Aqui)<\/a><\/strong><\/p><p style=\"text-align: center;\">Edital n\u00b0 03_2022_SAAE &#8211; Homologa\u00e7\u00e3o, 28\/02\/2023<strong><a href=\"http:\/\/concursos2.fadesp.org.br\/prefeitura\/2022\/saae-rondon-do-para\/arquivos\/Edital n\u00b0 03_2022_SAAE - Homologa\u00e7\u00e3o - 28-02-2023.pdf\"> (Clique Aqui)<\/a><\/strong><\/p><p style=\"text-align: center;\">Resultado Definitivo da Prova Objetiva, 24\/02\/2023<strong><a href=\"http:\/\/concursos2.fadesp.org.br\/prefeitura\/2022\/saae-rondon-do-para\/arquivos\/Resultado Definitivo da Prova Objetiva.pdf\"> (Clique Aqui)<\/a><\/strong><\/p><p style=\"text-align: center;\">Resultado Preliminar das Provas Objetivas, 15\/02\/2023<strong><a href=\"http:\/\/concursos2.fadesp.org.br\/prefeitura\/2022\/saae-rondon-do-para\/arquivos\/Resultado Preliminar das Provas Objetivas - 15-02-2023.pdf\"> (Clique Aqui)<\/a><\/strong><\/p><p style=\"text-align: center;\">GABARITO OFICIAL DEFINITIVO_N\u00cdVEL M\u00c9DIO, 08\/02\/2023<strong><a href=\"http:\/\/concursos2.fadesp.org.br\/prefeitura\/2022\/saae-rondon-do-para\/arquivos\/gabaritos\/GABARITO OFICIAL DEFINITIVO_N\u00cdVEL M\u00c9DIO - 08-02-2023.pdf\"> (Clique Aqui)<\/a><\/strong><\/p><p style=\"text-align: center;\">GABARITO OFICIAL DEFINITIVO_FUNDAMENTAL COMPLETO, 08\/02\/2023<strong><a href=\"http:\/\/concursos2.fadesp.org.br\/prefeitura\/2022\/saae-rondon-do-para\/arquivos\/gabaritos\/GABARITO OFICIAL DEFINITIVO_N\u00cdVEL FUNDAMENTAL COMPLETO - 08-02-2023.pdf\"> (Clique Aqui) <\/a><\/strong><\/p><p style=\"text-align: center;\">GABARITO OFICIAL DEFINITIVO_N\u00cdVEL FUNDAMENTAL INCOMPLETO, 08\/02\/2023<strong><a href=\"http:\/\/concursos2.fadesp.org.br\/prefeitura\/2022\/saae-rondon-do-para\/arquivos\/gabaritos\/GABARITO OFICIAL DEFINITIVO_N\u00cdVEL FUNDAMENTAL INCOMPLETO - 08-02-2023.pdf\"> (Clique Aqui)<\/a><\/strong><\/p><p style=\"text-align: center;\">GABARITO OFICIAL DEFINITIVO_N\u00cdVEL ALFABETIZADO, 08\/02\/2023<strong><a href=\"http:\/\/concursos2.fadesp.org.br\/prefeitura\/2022\/saae-rondon-do-para\/arquivos\/gabaritos\/GABARITO OFICIAL DEFINITIVO_N\u00cdVEL ALFABETIZADO - 08-02-2023.pdf\"> (Clique Aqui)<\/a><\/strong><\/p><p style=\"text-align: center;\">GABARITO OFICIAL PRELIMINAR_N\u00cdVEL M\u00c9DIO<strong><a href=\"http:\/\/concursos2.fadesp.org.br\/prefeitura\/2022\/saae-rondon-do-para\/arquivos\/gabaritos\/GABARITO OFICIAL PRELIMINAR_N\u00cdVEL_M\u00c9DIO.pdf\"> (Clique Aqui)<\/a><\/strong><\/p><p style=\"text-align: center;\">GABARITO OFICIAL PRELIMINAR_FUNDAMENTAL COMPLETO<strong><a href=\"http:\/\/concursos2.fadesp.org.br\/prefeitura\/2022\/saae-rondon-do-para\/arquivos\/gabaritos\/GABARITO OFICIAL PRELIMINAR_FUNDAMENTAL COMPLETO.pdf\"> (Clique Aqui) <\/a><\/strong><\/p><p style=\"text-align: center;\">GABARITO OFICIAL PRELIMINAR_N\u00cdVEL FUNDAMENTAL INCOMPLETO<strong><a href=\"http:\/\/concursos2.fadesp.org.br\/prefeitura\/2022\/saae-rondon-do-para\/arquivos\/gabaritos\/GABARITO OFICIAL PRELIMINAR_N\u00cdVEL FUNDAMENTAL INCOMPLETO.pdf\"> (Clique Aqui)<\/a><\/strong><\/p><p style=\"text-align: center;\">GABARITO OFICIAL PRELIMINAR_N\u00cdVEL ALFABETIZADO<strong><a href=\"http:\/\/concursos2.fadesp.org.br\/prefeitura\/2022\/saae-rondon-do-para\/arquivos\/gabaritos\/GABARITO OFICIAL PRELIMINAR_N\u00cdVEL ALFABETIZADO.pdf\"> (Clique Aqui)<\/a><\/strong><\/p><p style=\"text-align: center;\">PROVA N\u00cdVEL M\u00c9DIO <strong><a href=\"http:\/\/concursos2.fadesp.org.br\/prefeitura\/2022\/saae-rondon-do-para\/arquivos\/provas\/PROVA N\u00cdVEL M\u00c9DIO.pdf\"> (Clique Aqui)<\/a><\/strong><\/p><p style=\"text-align: center;\">PROVA FUNDAMENTAL COMPLETO<strong><a href=\"http:\/\/concursos2.fadesp.org.br\/prefeitura\/2022\/saae-rondon-do-para\/arquivos\/provas\/PROVA FUNDAMENTAL COMPLETO.pdf\">(Clique Aqui)<\/a><\/strong><\/p><p style=\"text-align: center;\">PROVA FUNDAMENTAL INCOMPLETO<strong><a href=\"http:\/\/concursos2.fadesp.org.br\/prefeitura\/2022\/saae-rondon-do-para\/arquivos\/provas\/PROVA FUNDAMENTAL INCOMPLETO.pdf\"> (Clique Aqui)<\/a><\/strong><\/p><p style=\"text-align: center;\">PROVA ALFABETIZADO <strong><a href=\"http:\/\/concursos2.fadesp.org.br\/prefeitura\/2022\/saae-rondon-do-para\/arquivos\/provas\/PROVA ALFABETIZADO.pdf\"> (Clique Aqui)<\/a><\/strong><\/p><p style=\"text-align: center;\">Demanda <a href=\"http:\/\/concursos2.fadesp.org.br\/prefeitura\/2022\/saae-rondon-do-para\/arquivos\/Demanda.pdf\"><strong> (Clique Aqui)<\/strong><\/a><\/p><p style=\"text-align: center;\">Resultado Definitivo das Inscri\u00e7\u00f5es Deferidas, de 16\/01\/2023 <a href=\"http:\/\/concursos2.fadesp.org.br\/prefeitura\/2022\/saae-rondon-do-para\/arquivos\/Resultado Definitivo das Inscri\u00e7\u00f5es Deferidas.pdf\"><strong> (Clique Aqui)<\/strong><\/a><\/p><p style=\"text-align: center;\">Resultado Definitivo de PcD Concorrentes, de 16\/01\/2023 <a href=\"http:\/\/concursos2.fadesp.org.br\/prefeitura\/2022\/saae-rondon-do-para\/arquivos\/Resultado Definitivo de PcD Concorrentes.pdf\"><strong> (Clique Aqui)<\/strong><\/a><\/p><p style=\"text-align: center;\">Resultado Definitivo de Atendimentos Especiais, de 16\/01\/2023 <a href=\"http:\/\/concursos2.fadesp.org.br\/prefeitura\/2022\/saae-rondon-do-para\/arquivos\/Resultado Preliminar de Atendimentos Especiais.pdf\"><strong> (Clique Aqui)<\/strong><\/a><\/p><p style=\"text-align: center;\">Resultado Preliminar das Inscri\u00e7\u00f5es Deferidas, de 11\/01\/2023 <a href=\"http:\/\/concursos2.fadesp.org.br\/prefeitura\/2022\/saae-rondon-do-para\/arquivos\/Resultado Preliminar das Inscri\u00e7\u00f5es Deferidas.pdf\"><strong> (Clique Aqui)<\/strong><\/a><\/p><p style=\"text-align: center;\">Resultado Preliminar de PcD Concorrentes, de 11\/01\/2023 <a href=\"http:\/\/concursos2.fadesp.org.br\/prefeitura\/2022\/saae-rondon-do-para\/arquivos\/Resultado Preliminar de PcD Concorrentes.pdf\"><strong>(Clique Aqui)<\/strong><\/a><\/p><p style=\"text-align: center;\">Resultado Preliminar de Atendimentos Especiais, de 11\/01\/2023 <a href=\"http:\/\/concursos2.fadesp.org.br\/prefeitura\/2022\/saae-rondon-do-para\/arquivos\/Resultado Preliminar de Atendimentos Especiais.pdf\"><strong>(Clique Aqui)<\/strong><\/a><\/p><p style=\"text-align: center;\">Edital n\u00b0 02\/2022\/SAAE &#8211; Prorroga\u00e7\u00e3o das Inscri\u00e7\u00f5es, de 15\/12\/2022 <a href=\"http:\/\/concursos2.fadesp.org.br\/prefeitura\/2022\/saae-rondon-do-para\/arquivos\/Edital n\u00b0 02_2022_SAAE - Prorroga\u00e7\u00e3o das Inscri\u00e7\u00f5es.pdf\"><strong>(Clique Aqui)<\/strong><\/a><\/p><p style=\"text-align: center;\">Resultado Definitivo de Isen\u00e7\u00e3o de Taxa de Inscri\u00e7\u00e3o para PcD, de 09\/12\/2022 <a href=\"http:\/\/concursos2.fadesp.org.br\/prefeitura\/2022\/saae-rondon-do-para\/arquivos\/Resultado Definitivo de Isen\u00e7\u00e3o da Taxa de Inscri\u00e7\u00e3o para PcD.pdf\"><strong>(Clique Aqui)<\/strong><\/a><\/p><p style=\"text-align: center;\">Resultado Preliminar de Isen\u00e7\u00e3o de Taxa de Inscri\u00e7\u00e3o para PcD, de 05\/12\/2022 <a href=\"http:\/\/concursos2.fadesp.org.br\/prefeitura\/2022\/saae-rondon-do-para\/arquivos\/SAAE - Resultado Preliminar de Isen\u00e7\u00e3o de Taxa de Inscri\u00e7\u00e3o para PcD.pdf\"><strong>(Clique Aqui)<\/strong><\/a><\/p><p style=\"text-align: center;\">Edita n\u00ba 01\/2022 &#8211; Edital de Abertura 01\/2022, de 22\/11\/2022 <a href=\"http:\/\/concursos2.fadesp.org.br\/prefeitura\/2022\/saae-rondon-do-para\/arquivos\/Edital n\u00b0 01_2022_SAAE.pdf\"><strong>(Clique Aqui)<\/strong><\/a><\/p>\t\t\t\t\t\t\t\t<\/div>\n\t\t\t\t<\/div>\n\t\t\t\t\t<\/div>\n\t\t<\/div>\n\t\t\t\t\t<\/div>\n\t\t<\/section>\n\t\t\t\t\t<\/div>\n\t\t<\/div>\n\t\t\t\t\t<\/div>\n\t\t<\/section>\n\t\t\t\t<\/div>\n\t\t","protected":false},"excerpt":{"rendered":"<p>Concurso P\u00fablico do Servi\u00e7o Aut\u00f4nomo de \u00c1gua e Esgoto de Rondon do Par\u00e1 &#8211; SAAE &#8211; 2022 Diretora\/Presidente do Servi\u00e7o Aut\u00f4nomo de \u00c1gua e Esgoto de Rondon do Par\u00e1 &#8211; SAAE, no uso de suas atribui\u00e7\u00f5es, torna p\u00fablica a realiza\u00e7\u00e3o de Concurso P\u00fablico destinado ao preenchimento de vagas de cargos do quadro de pessoal efetivo [&hellip;]<\/p>\n","protected":false},"author":12,"featured_media":0,"parent":329,"menu_order":0,"comment_status":"closed","ping_status":"closed","template":"","meta":{"_monsterinsights_skip_tracking":false,"_monsterinsights_sitenote_active":false,"_monsterinsights_sitenote_note":"","_monsterinsights_sitenote_category":0,"footnotes":""},"class_list":["post-35333","page","type-page","status-publish","hentry","entry"],"yoast_head":"<!-- This site is optimized with the Yoast SEO plugin v25.1 - https:\/\/yoast.com\/wordpress\/plugins\/seo\/ -->\n<title>Concurso P\u00fablico do Servi\u00e7o Aut\u00f4nomo de \u00c1gua e Esgoto de Rondon do Par\u00e1 - SAAE - 2022 - FADESP<\/title>\n<meta name=\"robots\" content=\"index, follow, max-snippet:-1, max-image-preview:large, max-video-preview:-1\" \/>\n<link rel=\"canonical\" href=\"https:\/\/portalfadesp.org.br\/?page_id=35333\" \/>\n<meta property=\"og:locale\" content=\"pt_BR\" \/>\n<meta property=\"og:type\" content=\"article\" \/>\n<meta property=\"og:title\" content=\"Concurso P\u00fablico do Servi\u00e7o Aut\u00f4nomo de \u00c1gua e Esgoto de Rondon do Par\u00e1 - SAAE - 2022 - FADESP\" \/>\n<meta property=\"og:description\" content=\"Concurso P\u00fablico do Servi\u00e7o Aut\u00f4nomo de \u00c1gua e Esgoto de Rondon do Par\u00e1 &#8211; SAAE &#8211; 2022 Diretora\/Presidente do Servi\u00e7o Aut\u00f4nomo de \u00c1gua e Esgoto de Rondon do Par\u00e1 &#8211; SAAE, no uso de suas atribui\u00e7\u00f5es, torna p\u00fablica a realiza\u00e7\u00e3o de Concurso P\u00fablico destinado ao preenchimento de vagas de cargos do quadro de pessoal efetivo [&hellip;]\" \/>\n<meta property=\"og:url\" content=\"https:\/\/portalfadesp.org.br\/?page_id=35333\" \/>\n<meta property=\"og:site_name\" content=\"FADESP\" \/>\n<meta property=\"article:publisher\" content=\"https:\/\/www.facebook.com\/Fadesp-138351949524662\/\" \/>\n<meta property=\"article:modified_time\" content=\"2023-03-29T15:09:45+00:00\" \/>\n<meta name=\"twitter:card\" content=\"summary_large_image\" \/>\n<meta name=\"twitter:site\" content=\"@Fadesp\" \/>\n<meta name=\"twitter:label1\" content=\"Est. tempo de leitura\" \/>\n\t<meta name=\"twitter:data1\" content=\"2 minutos\" \/>\n<script type=\"application\/ld+json\" class=\"yoast-schema-graph\">{\"@context\":\"https:\/\/schema.org\",\"@graph\":[{\"@type\":\"WebPage\",\"@id\":\"https:\/\/portalfadesp.org.br\/?page_id=35333\",\"url\":\"https:\/\/portalfadesp.org.br\/?page_id=35333\",\"name\":\"Concurso P\u00fablico do Servi\u00e7o Aut\u00f4nomo de \u00c1gua e Esgoto de Rondon do Par\u00e1 - SAAE - 2022 - FADESP\",\"isPartOf\":{\"@id\":\"https:\/\/portalfadesp.org.br\/#website\"},\"datePublished\":\"2022-11-22T12:57:20+00:00\",\"dateModified\":\"2023-03-29T15:09:45+00:00\",\"breadcrumb\":{\"@id\":\"https:\/\/portalfadesp.org.br\/?page_id=35333#breadcrumb\"},\"inLanguage\":\"pt-BR\",\"potentialAction\":[{\"@type\":\"ReadAction\",\"target\":[\"https:\/\/portalfadesp.org.br\/?page_id=35333\"]}]},{\"@type\":\"BreadcrumbList\",\"@id\":\"https:\/\/portalfadesp.org.br\/?page_id=35333#breadcrumb\",\"itemListElement\":[{\"@type\":\"ListItem\",\"position\":1,\"name\":\"In\u00edcio\",\"item\":\"https:\/\/portalfadesp.org.br\/\"},{\"@type\":\"ListItem\",\"position\":2,\"name\":\"Concursos &#8211; Homologados\",\"item\":\"https:\/\/portalfadesp.org.br\/?page_id=329\"},{\"@type\":\"ListItem\",\"position\":3,\"name\":\"Concurso P\u00fablico do Servi\u00e7o Aut\u00f4nomo de \u00c1gua e Esgoto de Rondon do Par\u00e1 &#8211; SAAE &#8211; 2022\"}]},{\"@type\":\"WebSite\",\"@id\":\"https:\/\/portalfadesp.org.br\/#website\",\"url\":\"https:\/\/portalfadesp.org.br\/\",\"name\":\"FADESP\",\"description\":\"Funda\u00e7\u00e3o de Amparo e Desenvolvimento da Pesquisa\",\"publisher\":{\"@id\":\"https:\/\/portalfadesp.org.br\/#organization\"},\"potentialAction\":[{\"@type\":\"SearchAction\",\"target\":{\"@type\":\"EntryPoint\",\"urlTemplate\":\"https:\/\/portalfadesp.org.br\/?s={search_term_string}\"},\"query-input\":{\"@type\":\"PropertyValueSpecification\",\"valueRequired\":true,\"valueName\":\"search_term_string\"}}],\"inLanguage\":\"pt-BR\"},{\"@type\":\"Organization\",\"@id\":\"https:\/\/portalfadesp.org.br\/#organization\",\"name\":\"FADESP\",\"url\":\"https:\/\/portalfadesp.org.br\/\",\"logo\":{\"@type\":\"ImageObject\",\"inLanguage\":\"pt-BR\",\"@id\":\"https:\/\/portalfadesp.org.br\/#\/schema\/logo\/image\/\",\"url\":\"https:\/\/portalfadesp.org.br\/wp-content\/uploads\/2024\/01\/NOVOLOGOFADESPlaranjaH.png\",\"contentUrl\":\"https:\/\/portalfadesp.org.br\/wp-content\/uploads\/2024\/01\/NOVOLOGOFADESPlaranjaH.png\",\"width\":2742,\"height\":839,\"caption\":\"FADESP\"},\"image\":{\"@id\":\"https:\/\/portalfadesp.org.br\/#\/schema\/logo\/image\/\"},\"sameAs\":[\"https:\/\/www.facebook.com\/Fadesp-138351949524662\/\",\"https:\/\/x.com\/Fadesp\",\"https:\/\/www.instagram.com\/fadesp_ufpa\/\",\"https:\/\/www.youtube.com\/@fundacaodeamparoedesenvolv1903\",\"https:\/\/www.threads.net\/@fadesp_ufpa\"]}]}<\/script>\n<!-- \/ Yoast SEO plugin. -->","yoast_head_json":{"title":"Concurso P\u00fablico do Servi\u00e7o Aut\u00f4nomo de \u00c1gua e Esgoto de Rondon do Par\u00e1 - SAAE - 2022 - FADESP","robots":{"index":"index","follow":"follow","max-snippet":"max-snippet:-1","max-image-preview":"max-image-preview:large","max-video-preview":"max-video-preview:-1"},"canonical":"https:\/\/portalfadesp.org.br\/?page_id=35333","og_locale":"pt_BR","og_type":"article","og_title":"Concurso P\u00fablico do Servi\u00e7o Aut\u00f4nomo de \u00c1gua e Esgoto de Rondon do Par\u00e1 - SAAE - 2022 - FADESP","og_description":"Concurso P\u00fablico do Servi\u00e7o Aut\u00f4nomo de \u00c1gua e Esgoto de Rondon do Par\u00e1 &#8211; SAAE &#8211; 2022 Diretora\/Presidente do Servi\u00e7o Aut\u00f4nomo de \u00c1gua e Esgoto de Rondon do Par\u00e1 &#8211; SAAE, no uso de suas atribui\u00e7\u00f5es, torna p\u00fablica a realiza\u00e7\u00e3o de Concurso P\u00fablico destinado ao preenchimento de vagas de cargos do quadro de pessoal efetivo [&hellip;]","og_url":"https:\/\/portalfadesp.org.br\/?page_id=35333","og_site_name":"FADESP","article_publisher":"https:\/\/www.facebook.com\/Fadesp-138351949524662\/","article_modified_time":"2023-03-29T15:09:45+00:00","twitter_card":"summary_large_image","twitter_site":"@Fadesp","twitter_misc":{"Est. tempo de leitura":"2 minutos"},"schema":{"@context":"https:\/\/schema.org","@graph":[{"@type":"WebPage","@id":"https:\/\/portalfadesp.org.br\/?page_id=35333","url":"https:\/\/portalfadesp.org.br\/?page_id=35333","name":"Concurso P\u00fablico do Servi\u00e7o Aut\u00f4nomo de \u00c1gua e Esgoto de Rondon do Par\u00e1 - SAAE - 2022 - FADESP","isPartOf":{"@id":"https:\/\/portalfadesp.org.br\/#website"},"datePublished":"2022-11-22T12:57:20+00:00","dateModified":"2023-03-29T15:09:45+00:00","breadcrumb":{"@id":"https:\/\/portalfadesp.org.br\/?page_id=35333#breadcrumb"},"inLanguage":"pt-BR","potentialAction":[{"@type":"ReadAction","target":["https:\/\/portalfadesp.org.br\/?page_id=35333"]}]},{"@type":"BreadcrumbList","@id":"https:\/\/portalfadesp.org.br\/?page_id=35333#breadcrumb","itemListElement":[{"@type":"ListItem","position":1,"name":"In\u00edcio","item":"https:\/\/portalfadesp.org.br\/"},{"@type":"ListItem","position":2,"name":"Concursos &#8211; Homologados","item":"https:\/\/portalfadesp.org.br\/?page_id=329"},{"@type":"ListItem","position":3,"name":"Concurso P\u00fablico do Servi\u00e7o Aut\u00f4nomo de \u00c1gua e Esgoto de Rondon do Par\u00e1 &#8211; SAAE &#8211; 2022"}]},{"@type":"WebSite","@id":"https:\/\/portalfadesp.org.br\/#website","url":"https:\/\/portalfadesp.org.br\/","name":"FADESP","description":"Funda\u00e7\u00e3o de Amparo e Desenvolvimento da Pesquisa","publisher":{"@id":"https:\/\/portalfadesp.org.br\/#organization"},"potentialAction":[{"@type":"SearchAction","target":{"@type":"EntryPoint","urlTemplate":"https:\/\/portalfadesp.org.br\/?s={search_term_string}"},"query-input":{"@type":"PropertyValueSpecification","valueRequired":true,"valueName":"search_term_string"}}],"inLanguage":"pt-BR"},{"@type":"Organization","@id":"https:\/\/portalfadesp.org.br\/#organization","name":"FADESP","url":"https:\/\/portalfadesp.org.br\/","logo":{"@type":"ImageObject","inLanguage":"pt-BR","@id":"https:\/\/portalfadesp.org.br\/#\/schema\/logo\/image\/","url":"https:\/\/portalfadesp.org.br\/wp-content\/uploads\/2024\/01\/NOVOLOGOFADESPlaranjaH.png","contentUrl":"https:\/\/portalfadesp.org.br\/wp-content\/uploads\/2024\/01\/NOVOLOGOFADESPlaranjaH.png","width":2742,"height":839,"caption":"FADESP"},"image":{"@id":"https:\/\/portalfadesp.org.br\/#\/schema\/logo\/image\/"},"sameAs":["https:\/\/www.facebook.com\/Fadesp-138351949524662\/","https:\/\/x.com\/Fadesp","https:\/\/www.instagram.com\/fadesp_ufpa\/","https:\/\/www.youtube.com\/@fundacaodeamparoedesenvolv1903","https:\/\/www.threads.net\/@fadesp_ufpa"]}]}},"_links":{"self":[{"href":"https:\/\/portalfadesp.org.br\/index.php?rest_route=\/wp\/v2\/pages\/35333","targetHints":{"allow":["GET"]}}],"collection":[{"href":"https:\/\/portalfadesp.org.br\/index.php?rest_route=\/wp\/v2\/pages"}],"about":[{"href":"https:\/\/portalfadesp.org.br\/index.php?rest_route=\/wp\/v2\/types\/page"}],"author":[{"embeddable":true,"href":"https:\/\/portalfadesp.org.br\/index.php?rest_route=\/wp\/v2\/users\/12"}],"replies":[{"embeddable":true,"href":"https:\/\/portalfadesp.org.br\/index.php?rest_route=%2Fwp%2Fv2%2Fcomments&post=35333"}],"version-history":[{"count":65,"href":"https:\/\/portalfadesp.org.br\/index.php?rest_route=\/wp\/v2\/pages\/35333\/revisions"}],"predecessor-version":[{"id":40793,"href":"https:\/\/portalfadesp.org.br\/index.php?rest_route=\/wp\/v2\/pages\/35333\/revisions\/40793"}],"up":[{"embeddable":true,"href":"https:\/\/portalfadesp.org.br\/index.php?rest_route=\/wp\/v2\/pages\/329"}],"wp:attachment":[{"href":"https:\/\/portalfadesp.org.br\/index.php?rest_route=%2Fwp%2Fv2%2Fmedia&parent=35333"}],"curies":[{"name":"wp","href":"https:\/\/api.w.org\/{rel}","templated":true}]}}