{"id":34147,"date":"2022-10-26T19:03:16","date_gmt":"2022-10-26T22:03:16","guid":{"rendered":"https:\/\/162.215.13.167?page_id=34147"},"modified":"2023-04-10T16:53:37","modified_gmt":"2023-04-10T19:53:37","slug":"pagina_modelo-19-12-15","status":"publish","type":"page","link":"https:\/\/portalfadesp.org.br\/?page_id=34147","title":{"rendered":"Concurso P\u00fablico da Prefeitura Municipal de Rondon do Par\u00e1 &#8211; 2022"},"content":{"rendered":"\t\t<div data-elementor-type=\"wp-post\" data-elementor-id=\"34147\" class=\"elementor elementor-34147\" data-elementor-post-type=\"page\">\n\t\t\t\t\t\t<section class=\"elementor-section elementor-top-section elementor-element elementor-element-1f2996d1 elementor-section-boxed elementor-section-height-default elementor-section-height-default\" data-id=\"1f2996d1\" data-element_type=\"section\">\n\t\t\t\t\t\t<div class=\"elementor-container elementor-column-gap-default\">\n\t\t\t\t\t<div class=\"elementor-column elementor-col-100 elementor-top-column elementor-element elementor-element-59a4b3f8\" data-id=\"59a4b3f8\" data-element_type=\"column\">\n\t\t\t<div class=\"elementor-widget-wrap elementor-element-populated\">\n\t\t\t\t\t\t<div class=\"elementor-element elementor-element-799471af elementor-widget elementor-widget-heading\" data-id=\"799471af\" data-element_type=\"widget\" data-widget_type=\"heading.default\">\n\t\t\t\t<div class=\"elementor-widget-container\">\n\t\t\t\t\t<h2 class=\"elementor-heading-title elementor-size-default\">Concurso P\u00fablico da Prefeitura Municipal de Rondon do Par\u00e1 - 2022<\/h2>\t\t\t\t<\/div>\n\t\t\t\t<\/div>\n\t\t\t\t<section class=\"elementor-section elementor-inner-section elementor-element elementor-element-336311f elementor-section-boxed elementor-section-height-default elementor-section-height-default\" data-id=\"336311f\" data-element_type=\"section\">\n\t\t\t\t\t\t<div class=\"elementor-container elementor-column-gap-default\">\n\t\t\t\t\t<div class=\"elementor-column elementor-col-50 elementor-inner-column elementor-element elementor-element-75ca0dc3\" data-id=\"75ca0dc3\" data-element_type=\"column\">\n\t\t\t<div class=\"elementor-widget-wrap elementor-element-populated\">\n\t\t\t\t\t\t<div class=\"elementor-element elementor-element-425a3096 elementor-widget elementor-widget-text-editor\" data-id=\"425a3096\" data-element_type=\"widget\" data-widget_type=\"text-editor.default\">\n\t\t\t\t<div class=\"elementor-widget-container\">\n\t\t\t\t\t\t\t\t\t<p style=\"font-weight: 400;\"><span data-originalfontsize=\"11pt\" data-originalcomputedfontsize=\"14.666666984558105\">A Prefeita Municipal de RONDON DO PAR\u00c1, no uso de suas atribui\u00e7\u00f5es, torna p\u00fablica a realiza\u00e7\u00e3o de Concurso P\u00fablico destinado ao preenchimento de vagas de cargos do quadro de pessoal efetivo de n\u00edvel superior (professor), n\u00edvel alfabetizado (servente) e n\u00edvel fundamental completo (motorista) da Prefeitura, mediante as condi\u00e7\u00f5es estabelecidas no Edital n\u00ba 001\/2022.<\/span><\/p><p style=\"font-weight: 400;\">\u00a0<strong><span data-removefontsize=\"true\" data-originalcomputedfontsize=\"14.666666984558105\">Vagas: <\/span><\/strong><span data-originalfontsize=\"11pt\" data-originalcomputedfontsize=\"14.666666984558105\">77<\/span><span data-originalfontsize=\"11pt\" data-originalcomputedfontsize=\"14.666666984558105\"> (setenta e sete)<\/span><\/p><p style=\"font-weight: 400;\"><strong><span data-removefontsize=\"true\" data-originalcomputedfontsize=\"14.666666984558105\">Cargos:<\/span><\/strong><\/p><p style=\"font-weight: 400;\"><strong>\u2013 N\u00edvel Superior:<\/strong> Professor N\u00edvel II (Pedagogia ou Licenciatura Plena em Educa\u00e7\u00e3o B\u00e1sica) \/ Professor N\u00edvel II de Matem\u00e1tica \/ Professor N\u00edvel II de Educa\u00e7\u00e3o F\u00edsica \/ Professor N\u00edvel II de L\u00edngua Estrangeira Ingl\u00eas \/ Professor N\u00edvel II de L\u00edngua Portuguesa \/ Professor N\u00edvel II de Hist\u00f3ria \/ Professor N\u00edvel II Geografia \/ Professor N\u00edvel II de Ci\u00eancias.<\/p><p style=\"font-weight: 400;\"><strong><span data-removefontsize=\"true\" data-originalcomputedfontsize=\"14.666666984558105\">\u2013 N\u00edvel Alfabetizado: <\/span><\/strong><span data-removefontsize=\"true\" data-originalcomputedfontsize=\"14.666666984558105\">Servente.<\/span><\/p><p style=\"font-weight: 400;\"><strong><span data-removefontsize=\"true\" data-originalcomputedfontsize=\"14.666666984558105\">\u2013 N\u00edvel Fundamental Completo: <\/span><\/strong><span data-removefontsize=\"true\" data-originalcomputedfontsize=\"14.666666984558105\">Motorista D.<\/span><\/p><p style=\"font-weight: 400;\"><strong><span data-removefontsize=\"true\" data-originalcomputedfontsize=\"14.666666984558105\">\u2013 Per\u00edodo das Inscri\u00e7\u00f5es: <\/span><\/strong><span data-removefontsize=\"true\" data-originalcomputedfontsize=\"14.666666984558105\">27<\/span><span data-removefontsize=\"true\" data-originalcomputedfontsize=\"14.666666984558105\">\/10\/2022 a 13\/12\/2022<\/span><\/p><p style=\"font-weight: 400;\"><span data-removefontsize=\"true\" data-originalcomputedfontsize=\"14.666666984558105\">&#8211; S<\/span><strong><span data-removefontsize=\"true\" data-originalcomputedfontsize=\"14.666666984558105\">olicita\u00e7\u00e3o de isen\u00e7\u00e3o da taxa de inscri\u00e7\u00e3o para PCD: <\/span><\/strong><span data-removefontsize=\"true\" data-originalcomputedfontsize=\"14.666666984558105\">27\/10\/2022 a 04\/11\/2022.<\/span><\/p><p style=\"font-weight: 400;\"><strong><span data-removefontsize=\"true\" data-originalcomputedfontsize=\"14.666666984558105\">\u2013 \u00daltimo dia de pagamento: <\/span><\/strong><span data-removefontsize=\"true\" data-originalcomputedfontsize=\"14.666666984558105\">14\/12\/2022<\/span><\/p><p style=\"font-weight: 400;\"><strong><span data-removefontsize=\"true\" data-originalcomputedfontsize=\"14.666666984558105\">\u2013 Valor da Taxa:<\/span><\/strong><\/p><p style=\"font-weight: 400;\"><span data-removefontsize=\"true\" data-originalcomputedfontsize=\"14.666666984558105\">R$ 90,00 (noventa reais) \u2013 N\u00edvel Superior.<\/span><\/p><p style=\"font-weight: 400;\"><span data-removefontsize=\"true\" data-originalcomputedfontsize=\"14.666666984558105\">R$ 60,00 (sessenta reais) \u2013 N\u00edvel Alfabetizado e N\u00edvel Fundamental Completo.<\/span><strong>\u00a0<\/strong><\/p><p style=\"font-weight: 400;\"><strong><span data-removefontsize=\"true\" data-originalcomputedfontsize=\"14.666666984558105\">\u2013 Prova Objetiva:<\/span><\/strong><\/p><p style=\"font-weight: 400;\"><strong><span data-removefontsize=\"true\" data-originalcomputedfontsize=\"14.666666984558105\">15\/01\/2023 \u2013 <\/span><\/strong>8h \u00e0s 12h<span data-removefontsize=\"true\" data-originalcomputedfontsize=\"14.666666984558105\">\u00a0para os cargos de N\u00edvel Superior e Fundamental Completo.<\/span><\/p><p style=\"font-weight: 400;\"><strong><span data-removefontsize=\"true\" data-originalcomputedfontsize=\"14.666666984558105\">15\/01\/2023 \u2013 <\/span><\/strong><span data-removefontsize=\"true\" data-originalcomputedfontsize=\"14.666666984558105\">15h \u00e0s 19h para o cargo de N\u00edvel Alfabetizado.<\/span><\/p>\t\t\t\t\t\t\t\t<\/div>\n\t\t\t\t<\/div>\n\t\t\t\t\t<\/div>\n\t\t<\/div>\n\t\t\t\t<div class=\"elementor-column elementor-col-50 elementor-inner-column elementor-element elementor-element-79608089\" data-id=\"79608089\" data-element_type=\"column\">\n\t\t\t<div class=\"elementor-widget-wrap elementor-element-populated\">\n\t\t\t\t\t\t<div class=\"elementor-element elementor-element-7ccac55 elementor-widget elementor-widget-text-editor\" data-id=\"7ccac55\" data-element_type=\"widget\" data-widget_type=\"text-editor.default\">\n\t\t\t\t<div class=\"elementor-widget-container\">\n\t\t\t\t\t\t\t\t\t<b>Avisos<\/b>\t\t\t\t\t\t\t\t<\/div>\n\t\t\t\t<\/div>\n\t\t\t\t<div class=\"elementor-element elementor-element-60b57bc elementor-widget elementor-widget-text-editor\" data-id=\"60b57bc\" data-element_type=\"widget\" data-widget_type=\"text-editor.default\">\n\t\t\t\t<div class=\"elementor-widget-container\">\n\t\t\t\t\t\t\t\t\t<b>Aten\u00e7\u00e3o:<\/b> candidatos aptos \u00e0 prova de t\u00edtulos, os documentos com a devida assinatura digital tem o mesmo efeito de documentos assinados de punho e reconhecida \u00e0 firma em cart\u00f3rios presenciais. Valer\u00e3o da mesma forma na avalia\u00e7\u00e3o de documentos na prova de t\u00edtulos, ap\u00f3s verifica\u00e7\u00e3o de sua autenticidade pela FADESP.\t\t\t\t\t\t\t\t<\/div>\n\t\t\t\t<\/div>\n\t\t\t\t<div class=\"elementor-element elementor-element-649e3ea elementor-widget elementor-widget-text-editor\" data-id=\"649e3ea\" data-element_type=\"widget\" data-widget_type=\"text-editor.default\">\n\t\t\t\t<div class=\"elementor-widget-container\">\n\t\t\t\t\t\t\t\t\t<div class=\"botaoBug\" style=\"margin-bottom: 10px;\"><a href=\"http:\/\/concursos2.fadesp.org.br\/prefeitura\/2022\/rondon-do-para\/web\/\"><strong>\u00c1rea do Candidato (Clique Aqui)<\/strong><\/a><\/div><p><b>Aten\u00e7\u00e3o:<\/b> Inscri\u00e7\u00f5es prorrogadas e inclu\u00eddos os cargos de Professor de Geografia, Hist\u00f3ria e Ci\u00eancias.<\/p>\t\t\t\t\t\t\t\t<\/div>\n\t\t\t\t<\/div>\n\t\t\t\t<div class=\"elementor-element elementor-element-b4ca9aa elementor-widget elementor-widget-text-editor\" data-id=\"b4ca9aa\" data-element_type=\"widget\" data-widget_type=\"text-editor.default\">\n\t\t\t\t<div class=\"elementor-widget-container\">\n\t\t\t\t\t\t\t\t\t<p><strong>Editais\u00a0<\/strong><\/p>\t\t\t\t\t\t\t\t<\/div>\n\t\t\t\t<\/div>\n\t\t\t\t<div class=\"elementor-element elementor-element-a80a610 elementor-widget elementor-widget-text-editor\" data-id=\"a80a610\" data-element_type=\"widget\" data-widget_type=\"text-editor.default\">\n\t\t\t\t<div class=\"elementor-widget-container\">\n\t\t\t\t\t\t\t\t\t<p style=\"text-align: center;\"><strong>Aten\u00e7\u00e3o:<\/strong> Informa\u00e7\u00f5es referentes as convoca\u00e7\u00f5es de candidatos a habilita\u00e7\u00e3o a posse nos cargos estar\u00e3o dispon\u00edveis no site da Prefeitura.<\/p><p style=\"text-align: center;\"><a href=\"http:\/\/concursos2.fadesp.org.br\/prefeitura\/2022\/rondon-do-para\/arquivos\/AVISO DO EDITAL N\u00ba 05-2023-PMP - HOMOLOGA\u00c7\u00c3O.pdf\" data-wplink-url-error=\"true\">AVISO DO EDITAL N\u00ba 05-2023-PMP &#8211; HOMOLOGA\u00c7\u00c3O, de 29\/03\/2023 <strong>(Clique Aqui)<\/strong><\/a><\/p><p style=\"text-align: center;\"><a href=\"http:\/\/concursos2.fadesp.org.br\/prefeitura\/2022\/rondon-do-para\/arquivos\/Edital n\u00b0 05_2023_PMRP - Homologa\u00e7\u00e3o do Resultado Final do Concurso - 29-03-2023.pdf\" data-wplink-url-error=\"true\">Edital n\u00b0 05_2023_PMRP &#8211; Homologa\u00e7\u00e3o do Resultado Final do Concurso, de 29\/03\/2023 <strong>(Clique Aqui)<\/strong><\/a><\/p><p style=\"text-align: center;\"><a href=\"http:\/\/concursos2.fadesp.org.br\/prefeitura\/2022\/rondon-do-para\/arquivos\/Resultado Definitivo de Professores - 29-03-2023.pdf\" data-wplink-url-error=\"true\">Resultado Definitivo de Professores, de 29\/03\/2023 <strong>(Clique Aqui)<\/strong><\/a><\/p><p style=\"text-align: center;\">Resultado Preliminar de Professores, de 22\/03\/2023 <a href=\"http:\/\/concursos2.fadesp.org.br\/prefeitura\/2022\/rondon-do-para\/arquivos\/Resultado Preliminar de Professores - 22-03-2023.pdf\"><strong>(Clique Aqui)<\/strong><\/a><\/p><p style=\"text-align: center;\">Resultado Definitivo da Prova de T\u00edtulos, de 22\/03\/2023 <a href=\"http:\/\/concursos2.fadesp.org.br\/prefeitura\/2022\/rondon-do-para\/arquivos\/Resultado Definitivo da Prova de T\u00edtulos - 22-03-2023.pdf\"><strong>(Clique Aqui)<\/strong><\/a><\/p><p style=\"text-align: center;\">Resultado Preliminar da Prova de T\u00edtulos, de 15\/03\/2023 <a href=\"http:\/\/concursos2.fadesp.org.br\/prefeitura\/2022\/rondon-do-para\/arquivos\/Resultado Preliminar da Prova de T\u00edtulos - 15-03-2023.pdf\"><strong>(Clique Aqui)<\/strong><\/a><\/p><p style=\"text-align: center;\">Edital n\u00b0 04_2023_PMRP &#8211; Convoca\u00e7\u00e3o da Prova de T\u00edtulos, de 15\/02\/2023 <a href=\"https:\/\/drive.google.com\/file\/d\/1AvJbgQpDSe1GwLY3F7SzKBYT3yqsc-_f\/view?usp=share_link\"><strong>(Clique Aqui)<\/strong><\/a><\/p><p style=\"text-align: center;\">Resultado Definitivo das Provas Objetivas, de 15\/02\/2023 <a href=\"http:\/\/concursos2.fadesp.org.br\/prefeitura\/2022\/rondon-do-para\/arquivos\/Resultado Definitivo das Provas Objetivas 15-02-2023.pdf\"><strong>(Clique Aqui)<\/strong><\/a><\/p><p style=\"text-align: center;\">Resultado Preliminar das Provas Objetivas, de 08\/02\/2023 <a href=\"http:\/\/concursos2.fadesp.org.br\/prefeitura\/2022\/rondon-do-para\/arquivos\/Resultado Preliminar da Provas Objetivas.pdf\"><strong>(Clique Aqui)<\/strong><\/a><\/p><p style=\"text-align: center;\">GABARITO OFICIAL DEFINITIVO &#8211; PEDAGOGIA OU LICENCIADO EM EDUCA\u00c7\u00c3O B\u00c1SICA, de 25\/01\/2023 <a href=\"http:\/\/concursos2.fadesp.org.br\/prefeitura\/2022\/rondon-do-para\/arquivos\/GABARITOS\/DEFINITIVO\/GABARITO OFICIAL DEFINITIVO_PROFESSOR PEDAGOGIA OU LICENCIADO EM EDUCA\u00c7\u00c3O B\u00c1SICA.pdf\"><strong>(Clique Aqui)<\/strong><\/a><\/p><p style=\"text-align: center;\">GABARITO OFICIAL DEFINITIVO &#8211; PROFESSOR DE MATEM\u00c1TICA, de 25\/01\/2023 <a href=\"http:\/\/concursos2.fadesp.org.br\/prefeitura\/2022\/rondon-do-para\/arquivos\/GABARITOS\/DEFINITIVO\/GABARITO OFICIAL DEFINITIVO_PROFESSOR DE MATEM\u00c1TICA.pdf\"><strong>(Clique Aqui)<\/strong><\/a><\/p><p style=\"text-align: center;\">GABARITO OFICIAL DEFINITIVO &#8211; PROFESSOR DE L\u00cdNGUA ESTRANGEIRA INGL\u00caS, de 25\/01\/2023 <a href=\"http:\/\/concursos2.fadesp.org.br\/prefeitura\/2022\/rondon-do-para\/arquivos\/GABARITOS\/DEFINITIVO\/GABARITO OFICIAL DEFINITIVO_PROFESSOR DE L\u00cdNGUA ESTRANGEIRA INGL\u00caS.pdf\"><strong>(Clique Aqui)<\/strong><\/a><\/p><p style=\"text-align: center;\">GABARITO OFICIAL DEFINITIVO &#8211; PROFESSOR DE HIST\u00d3RIA, de 25\/01\/2023 <a href=\"http:\/\/concursos2.fadesp.org.br\/prefeitura\/2022\/rondon-do-para\/arquivos\/GABARITOS\/DEFINITIVO\/GABARITO OFICIAL DEFINITIVO_PROFESSOR DE HIST\u00d3RIA.pdf\"><strong>(Clique Aqui)<\/strong><\/a><\/p><p style=\"text-align: center;\">GABARITO OFICIAL DEFINITIVO &#8211; PROFESSOR DE GEOGRAFIA, de 25\/01\/2023 <a href=\"http:\/\/concursos2.fadesp.org.br\/prefeitura\/2022\/rondon-do-para\/arquivos\/GABARITOS\/DEFINITIVO\/GABARITO OFICIAL DEFINITIVO_PROFESSOR DE GEOGRAFIA.pdf\"><strong>(Clique Aqui)<\/strong><\/a><\/p><p style=\"text-align: center;\">GABARITO OFICIAL DEFINITIVO &#8211; PROFESSOR DE EDUCA\u00c7\u00c3O F\u00cdSICA, de 25\/01\/2023 <a href=\"http:\/\/concursos2.fadesp.org.br\/prefeitura\/2022\/rondon-do-para\/arquivos\/GABARITOS\/DEFINITIVO\/GABARITO OFICIAL DEFINITIVO_PROFESSOR DE EDUCA\u00c7\u00c3O F\u00cdSICA.pdf\"><strong>(Clique Aqui)<\/strong><\/a><\/p><p style=\"text-align: center;\">GABARITO OFICIAL DEFINITIVO &#8211; PROFESSOR DE CI\u00caNCIAS, de 25\/01\/2023 <a href=\"http:\/\/concursos2.fadesp.org.br\/prefeitura\/2022\/rondon-do-para\/arquivos\/GABARITOS\/DEFINITIVO\/GABARITO OFICIAL DEFINITIVO_PROFESSOR DE CI\u00caNCIAS.pdf\"><strong>(Clique Aqui)<\/strong><\/a><\/p><p style=\"text-align: center;\">GABARITO OFICIAL DEFINITIVO &#8211; PROFESSOR DE L\u00cdNGUA PORTUGUESA, de 25\/01\/2023 <a href=\"http:\/\/concursos2.fadesp.org.br\/prefeitura\/2022\/rondon-do-para\/arquivos\/GABARITOS\/DEFINITIVO\/GABARITO OFICIAL DEFINITIVO_PROFESSOR DE L\u00cdNGUA PORTUGUESA.pdf\"><strong>(Clique Aqui)<\/strong><\/a><\/p><p style=\"text-align: center;\">GABARITO OFICIAL DEFINITIVO &#8211; FUNDAMENTAL COMPLETO, de 25\/01\/2023 <a href=\"http:\/\/concursos2.fadesp.org.br\/prefeitura\/2022\/rondon-do-para\/arquivos\/GABARITOS\/DEFINITIVO\/GABARITO OFICIAL DEFINITIVO_FUNDAMENTAL COMPLETO.pdf\"><strong>(Clique Aqui)<\/strong><\/a><\/p><p style=\"text-align: center;\">GABARITO OFICIAL DEFINITIVO &#8211; N\u00cdVEL ALFABETIZADO, de 25\/01\/2023 <a href=\"http:\/\/concursos2.fadesp.org.br\/prefeitura\/2022\/rondon-do-para\/arquivos\/GABARITOS\/DEFINITIVO\/GABARITO OFICIAL DEFINITIVO_N\u00cdVEL ALFABETIZADO.pdf\"><strong>(Clique Aqui)<\/strong><\/a><\/p>\t\t\t\t\t\t\t\t<\/div>\n\t\t\t\t<\/div>\n\t\t\t\t<div class=\"elementor-element elementor-element-30e744e elementor-widget elementor-widget-text-editor\" data-id=\"30e744e\" data-element_type=\"widget\" data-widget_type=\"text-editor.default\">\n\t\t\t\t<div class=\"elementor-widget-container\">\n\t\t\t\t\t\t\t\t\t<p style=\"text-align: center;\">GABARITO OFICIAL PRELIMINAR &#8211; PEDAGOGIA OU LICENCIADO EM EDUCA\u00c7\u00c3O B\u00c1SICA, de 16\/01\/2023 <a href=\"http:\/\/concursos2.fadesp.org.br\/prefeitura\/2022\/rondon-do-para\/arquivos\/GABARITOS\/GABARITO OFICIAL PRELIMINAR_PEDAGOGIA OU LICENCIADO EM EDUCA\u00c7\u00c3O B\u00c1SICA.pdf\"><strong>(Clique Aqui)<\/strong><\/a><\/p>\n<p style=\"text-align: center;\">GABARITO OFICIAL PRELIMINAR &#8211; PROFESSOR DE MATEM\u00c1TICA, de 16\/01\/2023 <a href=\"http:\/\/concursos2.fadesp.org.br\/prefeitura\/2022\/rondon-do-para\/arquivos\/GABARITOS\/GABARITO OFICIAL PRELIMINAR_PROFESSOR DE MATEM\u00c1TICA.pdf\"><strong>(Clique Aqui)<\/strong><\/a><\/p>\n<p style=\"text-align: center;\">GABARITO OFICIAL PRELIMINAR &#8211; PROFESSOR DE L\u00cdNGUA ESTRANGEIRA INGL\u00caS, de 16\/01\/2023 <a href=\"http:\/\/concursos2.fadesp.org.br\/prefeitura\/2022\/rondon-do-para\/arquivos\/GABARITOS\/GABARITO OFICIAL PRELIMINAR_PROFESSOR DE L\u00cdNGUA ESTRANGEIRA INGL\u00caS.pdf\"><strong>(Clique Aqui)<\/strong><\/a><\/p>\n<p style=\"text-align: center;\">GABARITO OFICIAL PRELIMINAR &#8211; PROFESSOR DE HIST\u00d3RIA, de 16\/01\/2023 <a href=\"http:\/\/concursos2.fadesp.org.br\/prefeitura\/2022\/rondon-do-para\/arquivos\/GABARITOS\/GABARITO OFICIAL PRELIMINAR_PROFESSOR DE HIST\u00d3RIA.pdf\"><strong>(Clique Aqui)<\/strong><\/a><\/p>\n<p style=\"text-align: center;\">GABARITO OFICIAL PRELIMINAR &#8211; PROFESSOR DE GEOGRAFIA, de 16\/01\/2023 <a href=\"http:\/\/concursos2.fadesp.org.br\/prefeitura\/2022\/rondon-do-para\/arquivos\/GABARITOS\/GABARITO OFICIAL PRELIMINAR_PROFESSOR DE GEOGRAFIA.pdf\"><strong>(Clique Aqui)<\/strong><\/a><\/p>\n<p style=\"text-align: center;\">GABARITO OFICIAL PRELIMINAR &#8211; PROFESSOR DE EDUCA\u00c7\u00c3O F\u00cdSICA, de 16\/01\/2023 <a href=\"http:\/\/concursos2.fadesp.org.br\/prefeitura\/2022\/rondon-do-para\/arquivos\/GABARITOS\/GABARITO OFICIAL PRELIMINAR_PROFESSOR DE EDUCA\u00c7\u00c3O F\u00cdSICA.pdf\"><strong>(Clique Aqui)<\/strong><\/a><\/p>\n<p style=\"text-align: center;\">GABARITO OFICIAL PRELIMINAR &#8211; PROFESSOR DE CI\u00caNCIAS, de 16\/01\/2023 <a href=\"http:\/\/concursos2.fadesp.org.br\/prefeitura\/2022\/rondon-do-para\/arquivos\/GABARITOS\/GABARITO OFICIAL PRELIMINAR_PROFESSOR DE CI\u00caNCIAS.pdf\"><strong>(Clique Aqui)<\/strong><\/a><\/p>\n<p style=\"text-align: center;\">GABARITO OFICIAL PRELIMINAR &#8211; PROFESSOR DE L\u00cdNGUA PORTUGUESA, de 16\/01\/2023 <a href=\"http:\/\/concursos2.fadesp.org.br\/prefeitura\/2022\/rondon-do-para\/arquivos\/GABARITOS\/GABARITO OFICIAL PRELIMINAR_PROFESSOR DE L\u00cdNGUA PORTUGUESA.pdf\"><strong>(Clique Aqui)<\/strong><\/a><\/p>\n<p style=\"text-align: center;\">GABARITO OFICIAL PRELIMINAR &#8211; FUNDAMENTAL COMPLETO, de 16\/01\/2023 <a href=\"http:\/\/concursos2.fadesp.org.br\/prefeitura\/2022\/rondon-do-para\/arquivos\/GABARITOS\/GABARITO OFICIAL PRELIMINAR_FUNDAMENTAL COMPLETO.pdf\"><strong>(Clique Aqui)<\/strong><\/a><\/p>\n<p style=\"text-align: center;\">GABARITO OFICIAL PRELIMINAR &#8211; N\u00cdVEL ALFABETIZADO, de 16\/01\/2023 <a href=\"http:\/\/concursos2.fadesp.org.br\/prefeitura\/2022\/rondon-do-para\/arquivos\/GABARITOS\/GABARITO OFICIAL PRELIMINAR_N\u00cdVEL ALFABETIZADO.pdf\"><strong>(Clique Aqui)<\/strong><\/a><\/p>\n<p style=\"text-align: center;\">PROVA PROFESSOR PEDAGOGIA OU LIC. PLENA EM ED. B\u00c1SICA, de 16\/01\/2023 <a href=\"http:\/\/concursos2.fadesp.org.br\/prefeitura\/2022\/rondon-do-para\/arquivos\/PROVAS\/PROVA PROFESSOR PEDAGOGIA OU LIC PLENA EM ED B\u00c1SICA.pdf\"><strong>(Clique Aqui)<\/strong><\/a><\/p>\n<p style=\"text-align: center;\">PROVA PROFESSOR DE MATEM\u00c1TICA, de 16\/01\/2023 <a href=\"http:\/\/concursos2.fadesp.org.br\/prefeitura\/2022\/rondon-do-para\/arquivos\/PROVAS\/PROVA PROFESSOR DE MATEM\u00c1TICA.pdf\"><strong>(Clique Aqui)<\/strong><\/a><\/p>\n<p style=\"text-align: center;\">PROVA PROFESSOR DE L\u00cdNGUA ESTRANGEIRA INGL\u00caS, de 16\/01\/2023 <a href=\"http:\/\/concursos2.fadesp.org.br\/prefeitura\/2022\/rondon-do-para\/arquivos\/PROVAS\/PROVA PROFESSOR DE L\u00cdNGUA ESTRANGEIRA INGL\u00caS.pdf\"><strong>(Clique Aqui)<\/strong><\/a><\/p>\n<p style=\"text-align: center;\">PROVA PROFESSOR DE HIST\u00d3RIA, de 16\/01\/2023 <a href=\"http:\/\/concursos2.fadesp.org.br\/prefeitura\/2022\/rondon-do-para\/arquivos\/PROVAS\/PROVA PROFESSOR DE HIST\u00d3RIA.pdf\"><strong>(Clique Aqui)<\/strong><\/a><\/p>\n<p style=\"text-align: center;\">PROVA PROFESSOR DE GEOGRAFIA, de 16\/01\/2023 <a href=\"http:\/\/concursos2.fadesp.org.br\/prefeitura\/2022\/rondon-do-para\/arquivos\/PROVAS\/PROVA PROFESSOR DE GEOGRAFIA.pdf\"><strong>(Clique Aqui)<\/strong><\/a><\/p>\n<p style=\"text-align: center;\">PROVA PROFESSOR DE EDUCA\u00c7\u00c3O F\u00cdSICA, de 16\/01\/2023 <a href=\"http:\/\/concursos2.fadesp.org.br\/prefeitura\/2022\/rondon-do-para\/arquivos\/PROVAS\/PROVA PROFESSOR DE EDUCA\u00c7\u00c3O F\u00cdSICA.pdf\"><strong>(Clique Aqui)<\/strong><\/a><\/p>\n<p style=\"text-align: center;\">PROVA PROFESSOR DE CI\u00caNCIAS, de 16\/01\/2023 <a href=\"http:\/\/concursos2.fadesp.org.br\/prefeitura\/2022\/rondon-do-para\/arquivos\/PROVAS\/PROVA PROFESSOR DE CI\u00caNCIAS.pdf\"><strong>(Clique Aqui)<\/strong><\/a><\/p>\n<p style=\"text-align: center;\">PROFESSOR DE L\u00cdNGUA PORTUGUESA, de 16\/01\/2023 <a href=\"http:\/\/concursos2.fadesp.org.br\/prefeitura\/2022\/rondon-do-para\/arquivos\/PROVAS\/PROFESSOR DE L\u00cdNGUA PORTUGUESA.pdf\"><strong>(Clique Aqui)<\/strong><\/a><\/p>\n<p style=\"text-align: center;\">PROVA MOTORISTA, de 16\/01\/2023 <a href=\"http:\/\/concursos2.fadesp.org.br\/prefeitura\/2022\/rondon-do-para\/arquivos\/PROVAS\/PROVA MOTORISTA.pdf\"><strong>(Clique Aqui)<\/strong><\/a><\/p>\n<p style=\"text-align: center;\">PROVA ALFABETIZADO, de 16\/01\/2023 <a href=\"http:\/\/concursos2.fadesp.org.br\/prefeitura\/2022\/rondon-do-para\/arquivos\/PROVAS\/PROVA ALFABETIZADO.pdf\"><strong>(Clique Aqui)<\/strong><\/a><\/p>\t\t\t\t\t\t\t\t<\/div>\n\t\t\t\t<\/div>\n\t\t\t\t<div class=\"elementor-element elementor-element-368e568 elementor-widget elementor-widget-text-editor\" data-id=\"368e568\" data-element_type=\"widget\" data-widget_type=\"text-editor.default\">\n\t\t\t\t<div class=\"elementor-widget-container\">\n\t\t\t\t\t\t\t\t\t<p style=\"text-align: center;\">Demanda <a href=\"http:\/\/concursos2.fadesp.org.br\/prefeitura\/2022\/rondon-do-para\/arquivos\/Demanda.pdf\"><strong>(Clique Aqui)<\/strong><\/a><\/p><p style=\"text-align: center;\">Resultado Definitivo das Inscri\u00e7\u00f5es Deferidas, de 27\/12\/2022 <a href=\"http:\/\/concursos2.fadesp.org.br\/prefeitura\/2022\/rondon-do-para\/arquivos\/Resultado Definitivo das Inscri\u00e7\u00f5es Deferidas.pdf\"><strong>(Clique Aqui)<\/strong><\/a><\/p><p style=\"text-align: center;\">Resultado Definitivo de Atendimentos no Dia das Provas, de 27\/12\/2022 <a href=\"http:\/\/concursos2.fadesp.org.br\/prefeitura\/2022\/rondon-do-para\/arquivos\/Resultado Definitivo de Atendimentos no Dia das Provas.pdf\"><strong>(Clique Aqui)<\/strong><\/a><\/p><p style=\"text-align: center;\">Resultado Definitivo de PcD Concorrentes, de 27\/12\/2022 <a href=\"http:\/\/concursos2.fadesp.org.br\/prefeitura\/2022\/rondon-do-para\/arquivos\/Resultado Definitivo de PcD Concorrentes.pdf\"><strong>(Clique Aqui)<\/strong><\/a><\/p><p style=\"text-align: center;\">Resultado Preliminar das Inscri\u00e7\u00f5es Deferidas, de 16\/12\/2022 <a href=\"http:\/\/concursos2.fadesp.org.br\/prefeitura\/2022\/rondon-do-para\/arquivos\/Resultado Preliminar das Inscri\u00e7\u00f5es Deferidas.pdf\"><strong>(Clique Aqui)<\/strong><\/a><\/p><p style=\"text-align: center;\">Resultado Preliminar de Atendimentos no Dia das Provas, de 16\/12\/2022 <a href=\"http:\/\/concursos2.fadesp.org.br\/prefeitura\/2022\/rondon-do-para\/arquivos\/Resultado Preliminar de Atendimentos no Dia das Provas.pdf\"><strong>(Clique Aqui)<\/strong><\/a><\/p><p style=\"text-align: center;\">Resultado Preliminar de PcD Concorrentes, de 16\/12\/2022 <a href=\"http:\/\/concursos2.fadesp.org.br\/prefeitura\/2022\/rondon-do-para\/arquivos\/Resultado Preliminar de PcD Concorrentes.pdf\"><strong>(Clique Aqui)<\/strong><\/a><\/p><p style=\"text-align: center;\">Resultado Definitivo de Isen\u00e7\u00e3o de Taxa de Inscri\u00e7\u00e3o para PcD &#8211; Atualizado, de 09\/12\/2022 <a href=\"http:\/\/concursos2.fadesp.org.br\/prefeitura\/2022\/rondon-do-para\/arquivos\/Resultado Definitivo de Isen\u00e7\u00e3o da Taxa de Inscri\u00e7\u00e3o para PcD.pdf\"><strong>(Clique Aqui)<\/strong><\/a><\/p><p style=\"text-align: center;\">Resultado Preliminar de Isen\u00e7\u00e3o de Taxa de Inscri\u00e7\u00e3o para PcD &#8211; Atualizado, de 05\/12\/2022 <a href=\"http:\/\/concursos2.fadesp.org.br\/prefeitura\/2022\/rondon-do-para\/arquivos\/PMRP - Resultado Preliminar de Isen\u00e7\u00e3o de Taxa de Inscri\u00e7\u00e3o para PcD - Atualizado.pdf\"><strong>(Clique Aqui)<\/strong><\/a><\/p><p style=\"text-align: center;\">Edita n\u00ba 03\/2022 &#8211; Segunda Retifica\u00e7\u00e3o do Edital de Abertura 01\/2022, de 16\/11\/2022 <a href=\"http:\/\/concursos2.fadesp.org.br\/prefeitura\/2022\/rondon-do-para\/arquivos\/Edital n\u00b0 03_2022_PMRP - Segunda Retifica\u00e7\u00e3o - 16-11-2022.pdf\"><strong>(Clique Aqui)<\/strong><\/a><\/p><p style=\"text-align: center;\">Resultado Definitivo de Isen\u00e7\u00e3o de Taxa de Inscri\u00e7\u00e3o para PcD, de 11\/11\/2022 <a href=\"http:\/\/concursos2.fadesp.org.br\/prefeitura\/2022\/rondon-do-para\/arquivos\/Resultado Definitivo de Isen\u00e7\u00e3o de Taxa de Inscri\u00e7\u00e3o para PcD.pdf\"><strong>(Clique Aqui)<\/strong><\/a><\/p><p style=\"text-align: center;\">Edita n\u00ba 02\/2022 &#8211; Retifica\u00e7\u00e3o do Edital de Abertura 01\/2022, de 10\/11\/2022 <a href=\"http:\/\/concursos2.fadesp.org.br\/prefeitura\/2022\/rondon-do-para\/arquivos\/Edital 002_2022_Retifica\u00e7\u00e3o Edital de Abertura 001_2022.pdf\"><strong>(Clique Aqui)<\/strong><\/a><\/p><p style=\"text-align: center;\">Resultado Preliminar de Isen\u00e7\u00e3o de Taxa de Inscri\u00e7\u00e3o para PcD, de 08\/11\/2022 <a href=\"http:\/\/concursos2.fadesp.org.br\/prefeitura\/2022\/rondon-do-para\/arquivos\/Resultado Preliminar de Isen\u00e7\u00e3o de Taxa de Inscri\u00e7\u00e3o para PcD.pdf\"><strong>(Clique Aqui)<\/strong><\/a><\/p><p style=\"text-align: center;\">Edital de Abertura n\u00ba 01\/2022, de 27\/10\/2022 <a href=\"https:\/\/drive.google.com\/file\/d\/1UDuHdM2GetPSNgZUe66wy_vz8XRAq9Km\/view?usp=share_link\"><strong>(Clique Aqui)<\/strong><\/a><\/p><p style=\"text-align: center;\">Lei Municipal n\u00ba 623\/2010 <a href=\"http:\/\/concursos2.fadesp.org.br\/prefeitura\/2022\/rondon-do-para\/arquivos\/Lei Municipal n\u00b0 623_2010 \u2013 Institui\u00e7\u00e3o do Plano de Cargos, Carreira e Remunera\u00e7\u00e3o dos Trabalhadores em Educa\u00e7\u00e3o P\u00fablica do Munic\u00edpio de Rondon Par\u00e1.pdf\"><strong>(Clique Aqui)<\/strong><\/a><\/p><p style=\"text-align: center;\">Lei Municipal n\u00ba 754\/2018 <a href=\"http:\/\/concursos2.fadesp.org.br\/prefeitura\/2022\/rondon-do-para\/arquivos\/Lei%20Municipa%20n%C2%BA%20754_2018%20-%20Altera%20a%20Lei%20Municipal%20n%C2%B0%20623_2010.pdf\"><strong>(Clique Aqui)<\/strong><\/a><\/p>\t\t\t\t\t\t\t\t<\/div>\n\t\t\t\t<\/div>\n\t\t\t\t\t<\/div>\n\t\t<\/div>\n\t\t\t\t\t<\/div>\n\t\t<\/section>\n\t\t\t\t\t<\/div>\n\t\t<\/div>\n\t\t\t\t\t<\/div>\n\t\t<\/section>\n\t\t\t\t<\/div>\n\t\t","protected":false},"excerpt":{"rendered":"<p>Concurso P\u00fablico da Prefeitura Municipal de Rondon do Par\u00e1 &#8211; 2022 A Prefeita Municipal de RONDON DO PAR\u00c1, no uso de suas atribui\u00e7\u00f5es, torna p\u00fablica a realiza\u00e7\u00e3o de Concurso P\u00fablico destinado ao preenchimento de vagas de cargos do quadro de pessoal efetivo de n\u00edvel superior (professor), n\u00edvel alfabetizado (servente) e n\u00edvel fundamental completo (motorista) da [&hellip;]<\/p>\n","protected":false},"author":12,"featured_media":0,"parent":329,"menu_order":0,"comment_status":"closed","ping_status":"closed","template":"","meta":{"_monsterinsights_skip_tracking":false,"_monsterinsights_sitenote_active":false,"_monsterinsights_sitenote_note":"","_monsterinsights_sitenote_category":0,"footnotes":""},"class_list":["post-34147","page","type-page","status-publish","hentry","entry"],"yoast_head":"<!-- This site is optimized with the Yoast SEO plugin v25.1 - https:\/\/yoast.com\/wordpress\/plugins\/seo\/ -->\n<title>Concurso P\u00fablico da Prefeitura Municipal de Rondon do Par\u00e1 - 2022 - FADESP<\/title>\n<meta name=\"robots\" content=\"index, follow, max-snippet:-1, max-image-preview:large, max-video-preview:-1\" \/>\n<link rel=\"canonical\" href=\"https:\/\/portalfadesp.org.br\/?page_id=34147\" \/>\n<meta property=\"og:locale\" content=\"pt_BR\" \/>\n<meta property=\"og:type\" content=\"article\" \/>\n<meta property=\"og:title\" content=\"Concurso P\u00fablico da Prefeitura Municipal de Rondon do Par\u00e1 - 2022 - FADESP\" \/>\n<meta property=\"og:description\" content=\"Concurso P\u00fablico da Prefeitura Municipal de Rondon do Par\u00e1 &#8211; 2022 A Prefeita Municipal de RONDON DO PAR\u00c1, no uso de suas atribui\u00e7\u00f5es, torna p\u00fablica a realiza\u00e7\u00e3o de Concurso P\u00fablico destinado ao preenchimento de vagas de cargos do quadro de pessoal efetivo de n\u00edvel superior (professor), n\u00edvel alfabetizado (servente) e n\u00edvel fundamental completo (motorista) da [&hellip;]\" \/>\n<meta property=\"og:url\" content=\"https:\/\/portalfadesp.org.br\/?page_id=34147\" \/>\n<meta property=\"og:site_name\" content=\"FADESP\" \/>\n<meta property=\"article:publisher\" content=\"https:\/\/www.facebook.com\/Fadesp-138351949524662\/\" \/>\n<meta property=\"article:modified_time\" content=\"2023-04-10T19:53:37+00:00\" \/>\n<meta name=\"twitter:card\" content=\"summary_large_image\" \/>\n<meta name=\"twitter:site\" content=\"@Fadesp\" \/>\n<meta name=\"twitter:label1\" content=\"Est. tempo de leitura\" \/>\n\t<meta name=\"twitter:data1\" content=\"4 minutos\" \/>\n<script type=\"application\/ld+json\" class=\"yoast-schema-graph\">{\"@context\":\"https:\/\/schema.org\",\"@graph\":[{\"@type\":\"WebPage\",\"@id\":\"https:\/\/portalfadesp.org.br\/?page_id=34147\",\"url\":\"https:\/\/portalfadesp.org.br\/?page_id=34147\",\"name\":\"Concurso P\u00fablico da Prefeitura Municipal de Rondon do Par\u00e1 - 2022 - FADESP\",\"isPartOf\":{\"@id\":\"https:\/\/portalfadesp.org.br\/#website\"},\"datePublished\":\"2022-10-26T22:03:16+00:00\",\"dateModified\":\"2023-04-10T19:53:37+00:00\",\"breadcrumb\":{\"@id\":\"https:\/\/portalfadesp.org.br\/?page_id=34147#breadcrumb\"},\"inLanguage\":\"pt-BR\",\"potentialAction\":[{\"@type\":\"ReadAction\",\"target\":[\"https:\/\/portalfadesp.org.br\/?page_id=34147\"]}]},{\"@type\":\"BreadcrumbList\",\"@id\":\"https:\/\/portalfadesp.org.br\/?page_id=34147#breadcrumb\",\"itemListElement\":[{\"@type\":\"ListItem\",\"position\":1,\"name\":\"In\u00edcio\",\"item\":\"https:\/\/portalfadesp.org.br\/\"},{\"@type\":\"ListItem\",\"position\":2,\"name\":\"Concursos &#8211; Homologados\",\"item\":\"https:\/\/portalfadesp.org.br\/?page_id=329\"},{\"@type\":\"ListItem\",\"position\":3,\"name\":\"Concurso P\u00fablico da Prefeitura Municipal de Rondon do Par\u00e1 &#8211; 2022\"}]},{\"@type\":\"WebSite\",\"@id\":\"https:\/\/portalfadesp.org.br\/#website\",\"url\":\"https:\/\/portalfadesp.org.br\/\",\"name\":\"FADESP\",\"description\":\"Funda\u00e7\u00e3o de Amparo e Desenvolvimento da Pesquisa\",\"publisher\":{\"@id\":\"https:\/\/portalfadesp.org.br\/#organization\"},\"potentialAction\":[{\"@type\":\"SearchAction\",\"target\":{\"@type\":\"EntryPoint\",\"urlTemplate\":\"https:\/\/portalfadesp.org.br\/?s={search_term_string}\"},\"query-input\":{\"@type\":\"PropertyValueSpecification\",\"valueRequired\":true,\"valueName\":\"search_term_string\"}}],\"inLanguage\":\"pt-BR\"},{\"@type\":\"Organization\",\"@id\":\"https:\/\/portalfadesp.org.br\/#organization\",\"name\":\"FADESP\",\"url\":\"https:\/\/portalfadesp.org.br\/\",\"logo\":{\"@type\":\"ImageObject\",\"inLanguage\":\"pt-BR\",\"@id\":\"https:\/\/portalfadesp.org.br\/#\/schema\/logo\/image\/\",\"url\":\"https:\/\/portalfadesp.org.br\/wp-content\/uploads\/2024\/01\/NOVOLOGOFADESPlaranjaH.png\",\"contentUrl\":\"https:\/\/portalfadesp.org.br\/wp-content\/uploads\/2024\/01\/NOVOLOGOFADESPlaranjaH.png\",\"width\":2742,\"height\":839,\"caption\":\"FADESP\"},\"image\":{\"@id\":\"https:\/\/portalfadesp.org.br\/#\/schema\/logo\/image\/\"},\"sameAs\":[\"https:\/\/www.facebook.com\/Fadesp-138351949524662\/\",\"https:\/\/x.com\/Fadesp\",\"https:\/\/www.instagram.com\/fadesp_ufpa\/\",\"https:\/\/www.youtube.com\/@fundacaodeamparoedesenvolv1903\",\"https:\/\/www.threads.net\/@fadesp_ufpa\"]}]}<\/script>\n<!-- \/ Yoast SEO plugin. -->","yoast_head_json":{"title":"Concurso P\u00fablico da Prefeitura Municipal de Rondon do Par\u00e1 - 2022 - FADESP","robots":{"index":"index","follow":"follow","max-snippet":"max-snippet:-1","max-image-preview":"max-image-preview:large","max-video-preview":"max-video-preview:-1"},"canonical":"https:\/\/portalfadesp.org.br\/?page_id=34147","og_locale":"pt_BR","og_type":"article","og_title":"Concurso P\u00fablico da Prefeitura Municipal de Rondon do Par\u00e1 - 2022 - FADESP","og_description":"Concurso P\u00fablico da Prefeitura Municipal de Rondon do Par\u00e1 &#8211; 2022 A Prefeita Municipal de RONDON DO PAR\u00c1, no uso de suas atribui\u00e7\u00f5es, torna p\u00fablica a realiza\u00e7\u00e3o de Concurso P\u00fablico destinado ao preenchimento de vagas de cargos do quadro de pessoal efetivo de n\u00edvel superior (professor), n\u00edvel alfabetizado (servente) e n\u00edvel fundamental completo (motorista) da [&hellip;]","og_url":"https:\/\/portalfadesp.org.br\/?page_id=34147","og_site_name":"FADESP","article_publisher":"https:\/\/www.facebook.com\/Fadesp-138351949524662\/","article_modified_time":"2023-04-10T19:53:37+00:00","twitter_card":"summary_large_image","twitter_site":"@Fadesp","twitter_misc":{"Est. tempo de leitura":"4 minutos"},"schema":{"@context":"https:\/\/schema.org","@graph":[{"@type":"WebPage","@id":"https:\/\/portalfadesp.org.br\/?page_id=34147","url":"https:\/\/portalfadesp.org.br\/?page_id=34147","name":"Concurso P\u00fablico da Prefeitura Municipal de Rondon do Par\u00e1 - 2022 - FADESP","isPartOf":{"@id":"https:\/\/portalfadesp.org.br\/#website"},"datePublished":"2022-10-26T22:03:16+00:00","dateModified":"2023-04-10T19:53:37+00:00","breadcrumb":{"@id":"https:\/\/portalfadesp.org.br\/?page_id=34147#breadcrumb"},"inLanguage":"pt-BR","potentialAction":[{"@type":"ReadAction","target":["https:\/\/portalfadesp.org.br\/?page_id=34147"]}]},{"@type":"BreadcrumbList","@id":"https:\/\/portalfadesp.org.br\/?page_id=34147#breadcrumb","itemListElement":[{"@type":"ListItem","position":1,"name":"In\u00edcio","item":"https:\/\/portalfadesp.org.br\/"},{"@type":"ListItem","position":2,"name":"Concursos &#8211; Homologados","item":"https:\/\/portalfadesp.org.br\/?page_id=329"},{"@type":"ListItem","position":3,"name":"Concurso P\u00fablico da Prefeitura Municipal de Rondon do Par\u00e1 &#8211; 2022"}]},{"@type":"WebSite","@id":"https:\/\/portalfadesp.org.br\/#website","url":"https:\/\/portalfadesp.org.br\/","name":"FADESP","description":"Funda\u00e7\u00e3o de Amparo e Desenvolvimento da Pesquisa","publisher":{"@id":"https:\/\/portalfadesp.org.br\/#organization"},"potentialAction":[{"@type":"SearchAction","target":{"@type":"EntryPoint","urlTemplate":"https:\/\/portalfadesp.org.br\/?s={search_term_string}"},"query-input":{"@type":"PropertyValueSpecification","valueRequired":true,"valueName":"search_term_string"}}],"inLanguage":"pt-BR"},{"@type":"Organization","@id":"https:\/\/portalfadesp.org.br\/#organization","name":"FADESP","url":"https:\/\/portalfadesp.org.br\/","logo":{"@type":"ImageObject","inLanguage":"pt-BR","@id":"https:\/\/portalfadesp.org.br\/#\/schema\/logo\/image\/","url":"https:\/\/portalfadesp.org.br\/wp-content\/uploads\/2024\/01\/NOVOLOGOFADESPlaranjaH.png","contentUrl":"https:\/\/portalfadesp.org.br\/wp-content\/uploads\/2024\/01\/NOVOLOGOFADESPlaranjaH.png","width":2742,"height":839,"caption":"FADESP"},"image":{"@id":"https:\/\/portalfadesp.org.br\/#\/schema\/logo\/image\/"},"sameAs":["https:\/\/www.facebook.com\/Fadesp-138351949524662\/","https:\/\/x.com\/Fadesp","https:\/\/www.instagram.com\/fadesp_ufpa\/","https:\/\/www.youtube.com\/@fundacaodeamparoedesenvolv1903","https:\/\/www.threads.net\/@fadesp_ufpa"]}]}},"_links":{"self":[{"href":"https:\/\/portalfadesp.org.br\/index.php?rest_route=\/wp\/v2\/pages\/34147","targetHints":{"allow":["GET"]}}],"collection":[{"href":"https:\/\/portalfadesp.org.br\/index.php?rest_route=\/wp\/v2\/pages"}],"about":[{"href":"https:\/\/portalfadesp.org.br\/index.php?rest_route=\/wp\/v2\/types\/page"}],"author":[{"embeddable":true,"href":"https:\/\/portalfadesp.org.br\/index.php?rest_route=\/wp\/v2\/users\/12"}],"replies":[{"embeddable":true,"href":"https:\/\/portalfadesp.org.br\/index.php?rest_route=%2Fwp%2Fv2%2Fcomments&post=34147"}],"version-history":[{"count":179,"href":"https:\/\/portalfadesp.org.br\/index.php?rest_route=\/wp\/v2\/pages\/34147\/revisions"}],"predecessor-version":[{"id":40438,"href":"https:\/\/portalfadesp.org.br\/index.php?rest_route=\/wp\/v2\/pages\/34147\/revisions\/40438"}],"up":[{"embeddable":true,"href":"https:\/\/portalfadesp.org.br\/index.php?rest_route=\/wp\/v2\/pages\/329"}],"wp:attachment":[{"href":"https:\/\/portalfadesp.org.br\/index.php?rest_route=%2Fwp%2Fv2%2Fmedia&parent=34147"}],"curies":[{"name":"wp","href":"https:\/\/api.w.org\/{rel}","templated":true}]}}