{"id":32957,"date":"2022-10-20T17:01:45","date_gmt":"2022-10-20T20:01:45","guid":{"rendered":"https:\/\/portalfadesp2.fadesp.org.br\/?page_id=32957"},"modified":"2023-03-03T09:42:31","modified_gmt":"2023-03-03T12:42:31","slug":"processo-seletivo-especial-ufopa-ii-2023-forma-para","status":"publish","type":"page","link":"https:\/\/portalfadesp.org.br\/?page_id=32957","title":{"rendered":"Processo Seletivo Especial UFOPA II &#8211; 2023 (Forma Par\u00e1)"},"content":{"rendered":"\t\t<div data-elementor-type=\"wp-page\" data-elementor-id=\"32957\" class=\"elementor elementor-32957\" data-elementor-post-type=\"page\">\n\t\t\t\t\t\t<section class=\"elementor-section elementor-top-section elementor-element elementor-element-db65ab9 elementor-section-boxed elementor-section-height-default elementor-section-height-default\" data-id=\"db65ab9\" data-element_type=\"section\">\n\t\t\t\t\t\t<div class=\"elementor-container elementor-column-gap-default\">\n\t\t\t\t\t<div class=\"elementor-column elementor-col-100 elementor-top-column elementor-element elementor-element-8ddae65\" data-id=\"8ddae65\" data-element_type=\"column\">\n\t\t\t<div class=\"elementor-widget-wrap elementor-element-populated\">\n\t\t\t\t\t\t<div class=\"elementor-element elementor-element-c0f7672 elementor-widget elementor-widget-heading\" data-id=\"c0f7672\" data-element_type=\"widget\" data-widget_type=\"heading.default\">\n\t\t\t\t<div class=\"elementor-widget-container\">\n\t\t\t\t\t<h2 class=\"elementor-heading-title elementor-size-default\">Processo Seletivo Especial UFOPA II - 2023 (Forma Par\u00e1)<\/h2>\t\t\t\t<\/div>\n\t\t\t\t<\/div>\n\t\t\t\t<section class=\"elementor-section elementor-inner-section elementor-element elementor-element-94683fb elementor-section-boxed elementor-section-height-default elementor-section-height-default\" data-id=\"94683fb\" data-element_type=\"section\">\n\t\t\t\t\t\t<div class=\"elementor-container elementor-column-gap-default\">\n\t\t\t\t\t<div class=\"elementor-column elementor-col-50 elementor-inner-column elementor-element elementor-element-b90191d\" data-id=\"b90191d\" data-element_type=\"column\">\n\t\t\t<div class=\"elementor-widget-wrap elementor-element-populated\">\n\t\t\t\t\t\t<div class=\"elementor-element elementor-element-8a4a0d4 elementor-widget elementor-widget-text-editor\" data-id=\"8a4a0d4\" data-element_type=\"widget\" data-widget_type=\"text-editor.default\">\n\t\t\t\t<div class=\"elementor-widget-container\">\n\t\t\t\t\t\t\t\t\t<p>A Reitora da Universidade Federal do Oeste do Par\u00e1 (UFOPA) torna p\u00fablica a realiza\u00e7\u00e3o do Processo Seletivo Especial 2023 II (PROSEL ESP UFOPA 2023 II), destinado a selecionar candidatos para o provimento de vagas nos cursos presenciais de gradua\u00e7\u00e3o, em regime especial, mediante conv\u00eanio celebrado com a Secretaria de Estado de Ci\u00eancia, Tecnologia e Educa\u00e7\u00e3o Profissional e Tecnol\u00f3gica (SECTET). Os referidos cursos ser\u00e3o ofertados pela Universidade Federal do Oeste do Par\u00e1 (UFOPA), mediante as condi\u00e7\u00f5es estabelecidas em edital.<\/p><p><b>Cursos Ofertados \/ Vagas \/ Munic\u00edpios de realiza\u00e7\u00e3o da prova<\/b>:<\/p><p>&#8211; Bacharelado em Direito &#8211; 50 vagas &#8211; Almeirim<\/p><p>&#8211; Bacharelado em Direito &#8211; 50 vagas &#8211; Novo Progresso<\/p><p>&#8211; Bacharelado em Administra\u00e7\u00e3o &#8211; 40 vagas &#8211; Oriximin\u00e1<\/p><p><b>Total de Vagas<\/b> \u2013 140<br \/><b>Taxa de inscri\u00e7\u00e3o<\/b>\u00a0\u2013 R$ 20,00<br \/><b>Per\u00edodo de Inscri\u00e7\u00e3o<\/b> \u2013 24\/10\/2022 a 14\/11\/2022<br \/><b>\u00daltimo dia de pagamento<\/b> \u201316\/11\/2022<\/p><p><strong>Realiza\u00e7\u00e3o da Prova Objetiva e de Reda\u00e7\u00e3o<\/strong>\u00a0\u2013 04\/12\/2022<\/p>\t\t\t\t\t\t\t\t<\/div>\n\t\t\t\t<\/div>\n\t\t\t\t\t<\/div>\n\t\t<\/div>\n\t\t\t\t<div class=\"elementor-column elementor-col-50 elementor-inner-column elementor-element elementor-element-629a56a\" data-id=\"629a56a\" data-element_type=\"column\">\n\t\t\t<div class=\"elementor-widget-wrap elementor-element-populated\">\n\t\t\t\t\t\t<div class=\"elementor-element elementor-element-e080641 elementor-widget elementor-widget-text-editor\" data-id=\"e080641\" data-element_type=\"widget\" data-widget_type=\"text-editor.default\">\n\t\t\t\t<div class=\"elementor-widget-container\">\n\t\t\t\t\t\t\t\t\t<p><strong>Avisos<\/strong><\/p>\t\t\t\t\t\t\t\t<\/div>\n\t\t\t\t<\/div>\n\t\t\t\t<div class=\"elementor-element elementor-element-bcbb6b9 elementor-widget elementor-widget-text-editor\" data-id=\"bcbb6b9\" data-element_type=\"widget\" data-widget_type=\"text-editor.default\">\n\t\t\t\t<div class=\"elementor-widget-container\">\n\t\t\t\t\t\t\t\t\t<div class=\"botaoBug\" style=\"margin-bottom: 10px;\"><a href=\"http:\/\/concursos2.fadesp.org.br\/prosel\/2023\/ufopa2\/web\/index.php\"><b>Respostas dos Recursos (clique aqui)<\/b><\/a><\/div>\n<div style=\"text-align:center;\">A Habilita\u00e7\u00e3o ao V\u00ednculo Institucional ser\u00e1 divulgado no site oficial do UFOPA\nhttps:\/\/ufopa.edu.br\/processos-seletivos\/formapara\/ ap\u00f3s a divulga\u00e7\u00e3o do resultado final. Tendo o\ncandidato classificado de acompanhar este processo de divulga\u00e7\u00e3o.<\/div>\t\t\t\t\t\t\t\t<\/div>\n\t\t\t\t<\/div>\n\t\t\t\t<div class=\"elementor-element elementor-element-066f3ef elementor-widget elementor-widget-text-editor\" data-id=\"066f3ef\" data-element_type=\"widget\" data-widget_type=\"text-editor.default\">\n\t\t\t\t<div class=\"elementor-widget-container\">\n\t\t\t\t\t\t\t\t\t<p><strong>Editais\u00a0<\/strong><\/p>\t\t\t\t\t\t\t\t<\/div>\n\t\t\t\t<\/div>\n\t\t\t\t<div class=\"elementor-element elementor-element-dd7e46b elementor-widget elementor-widget-text-editor\" data-id=\"dd7e46b\" data-element_type=\"widget\" data-widget_type=\"text-editor.default\">\n\t\t\t\t<div class=\"elementor-widget-container\">\n\t\t\t\t\t\t\t\t\t<p style=\"text-align: center;\">Resultado final em ordem alfab\u00e9tica dos n\u00e3o eliminados, de 20\/01\/2023 <a href=\"http:\/\/concursos2.fadesp.org.br\/prosel\/2023\/ufopa2\/arquivos\/Resultado final em ordem alfab\u00e9tica dos n\u00e3o eliminados.pdf\"><strong>(Clique Aqui)<\/strong><\/a><\/p><p style=\"text-align: center;\">Edital n\u00ba 73\/2023 &#8211; Resultado Classificat\u00f3rio Final Definitivo, de 20\/01\/2023 <a href=\"http:\/\/concursos2.fadesp.org.br\/prosel\/2023\/ufopa2\/arquivos\/Edital 73 Resultado Classificat\u00f3rio Final Definitivo.pdf\"><strong>(Clique Aqui)<\/strong><\/a><\/p><p style=\"text-align: center;\">Edital n\u00ba 72\/2023 &#8211; Resultado Classificat\u00f3rio Final Preliminar, de 13\/01\/2023 <a href=\"http:\/\/concursos2.fadesp.org.br\/prosel\/2023\/ufopa2\/arquivos\/Edital 72 Resultado Classificat\u00f3rio Final Preliminar.pdf\"><strong>(Clique Aqui)<\/strong><\/a><\/p><p style=\"text-align: center;\">Edital n\u00ba 71\/2023 &#8211; Resultado Definitivo da Prova de Reda\u00e7\u00e3o, de 13\/01\/2023 <a href=\"http:\/\/concursos2.fadesp.org.br\/prosel\/2023\/ufopa2\/arquivos\/Edital 71 Resultado Definitivo da Prova de Reda\u00e7\u00e3o.pdf\"><strong>(Clique Aqui)<\/strong><\/a><\/p><p style=\"text-align: center;\">Edital n\u00ba 70\/2022 &#8211; Resultado Preliminar da Prova de Reda\u00e7\u00e3o, de 27\/12\/2022 <a href=\"http:\/\/concursos2.fadesp.org.br\/prosel\/2023\/ufopa2\/arquivos\/Edital 70 Resultado Preliminar da Prova de Reda\u00e7\u00e3o.pdf\"><strong>(Clique Aqui)<\/strong><\/a><\/p><p style=\"text-align: center;\">Edital n\u00ba 69\/2022 &#8211; Resultado Definitivo da Prova Objetiva e Aptos a Reda\u00e7\u00e3o, de 27\/12\/2022 <a href=\"http:\/\/concursos2.fadesp.org.br\/prosel\/2023\/ufopa2\/arquivos\/Edital 69 Resultado Definitivo da Prova Objetiva.pdf\"><strong>(Clique Aqui)<\/strong><\/a><\/p><p style=\"text-align: center;\">Edital n\u00ba 68\/2022 Resultado Preliminar da Prova Objetiva e Aptos a Reda\u00e7\u00e3o, de 19\/12\/2022 <a href=\"https:\/\/drive.google.com\/file\/d\/1dDaLlZfCJqJmdy4_uVj680xaBht1vJk-\/view?usp=share_link\"><strong>(Clique Aqui)<\/strong><\/a><\/p><p style=\"text-align: center;\">Gabarito Oficial Definitivo, de 13\/12\/2022 <a href=\"http:\/\/concursos2.fadesp.org.br\/prosel\/2023\/ufopa2\/arquivos\/GABARITO OFICIAL DEFINITIVO_PROSEL UFOPA 2023.pdf\"><strong>(Clique aqui)<\/strong><\/a><\/p><p style=\"text-align: center;\">Gabarito Oficial Preliminar, de 05\/12\/2022 <a href=\"http:\/\/concursos2.fadesp.org.br\/prosel\/2023\/ufopa2\/arquivos\/GABARITO OFICIAL PRELIMINAR_PROSEL 2023.pdf\"><strong>(Clique aqui)<\/strong><\/a><\/p><p style=\"text-align: center;\">Edital n\u00ba 67\/2022 &#8211; Resultado Definitivo de PcD Concorrentes, de 22\/11\/2022 <a href=\"http:\/\/concursos2.fadesp.org.br\/prosel\/2023\/ufopa2\/arquivos\/Edital 67 Resultado Definitivo de PcD Concorrentes.pdf\"><strong>(Clique aqui)<\/strong><\/a><\/p><p style=\"text-align: center;\">Edital n\u00ba 66\/2022 &#8211; Resultado Definitivo de Atendimentos no Dia das Provas, de 22\/11\/2022 <a href=\"http:\/\/concursos2.fadesp.org.br\/prosel\/2023\/ufopa2\/arquivos\/Edital 66 Resultado Definitivo de Atendimentos no Dia das Provas.pdf\"><strong>(Clique aqui)<\/strong><\/a><\/p><p style=\"text-align: center;\">Edital n\u00ba 65\/2022 &#8211; Resultado Definitivo das Inscri\u00e7\u00f5es Deferidas, de 22\/11\/2022 <a href=\"http:\/\/concursos2.fadesp.org.br\/prosel\/2023\/ufopa2\/arquivos\/Edital 65 Resultado Definitivo das Inscri\u00e7\u00f5es Deferidas.pdf\"><strong>(Clique aqui)<\/strong><\/a><\/p><p style=\"text-align: center;\">Edital n\u00ba 64\/2022 &#8211; Resultado Preliminar de Atendimentos no Dia das Provas, de 17\/11\/2022 <a href=\"http:\/\/concursos2.fadesp.org.br\/prosel\/2023\/ufopa2\/arquivos\/Edital_64_Resultado_Preliminar_de_Atendimentos_no_Dia_das_Provas.pdf\"><strong>(Clique aqui)<\/strong><\/a><\/p><p style=\"text-align: center;\">Edital n\u00ba 63\/2022 &#8211; Resultado Preliminar de PcD Concorrentes, de 17\/11\/2022 <a href=\"http:\/\/concursos2.fadesp.org.br\/prosel\/2023\/ufopa2\/arquivos\/Edital_63_Resultado_Preliminar_de_PcD_Concorrentes.pdf\"><strong>(Clique aqui)<\/strong><\/a><\/p><p style=\"text-align: center;\">Edital n\u00ba 62\/2022 &#8211; Resultado Preliminar das Inscri\u00e7\u00f5es Deferidas, de 17\/11\/2022 <a href=\"http:\/\/concursos2.fadesp.org.br\/prosel\/2023\/ufopa2\/arquivos\/Edital_62_Resultado_Preliminar_das_Inscricoes_Deferidas.pdf\"><strong>(Clique aqui)<\/strong><\/a><\/p><p style=\"text-align: center;\">Edital n\u00ba 61\/2022 &#8211; Resultado Definitivo de Isen\u00e7\u00e3o PcD, de 07\/11\/2022 <a href=\"http:\/\/concursos2.fadesp.org.br\/prosel\/2023\/ufopa2\/arquivos\/Edital 61 Resultado Preliminar de Isen\u00e7\u00e3o PcD.pdf\"><strong>(Clique aqui)<\/strong><\/a><\/p><p style=\"text-align: center;\">Edital n\u00ba 60\/2022 &#8211; Resultado Definitivo de Isen\u00e7\u00e3o &#8211; Hipossufici\u00eancia Financeira, de 07\/11\/2022 <a href=\"http:\/\/concursos2.fadesp.org.br\/prosel\/2023\/ufopa2\/arquivos\/Edital 60 Resultado Definitivo de Isen\u00e7\u00e3o - Hipossufici\u00eancia Financeira.pdf\"><strong>(Clique aqui)<\/strong><\/a><\/p><p style=\"text-align: center;\">Edital n\u00ba 59\/2022 &#8211; Resultado Preliminar de Isen\u00e7\u00e3o PcD, de 07\/11\/2022<a href=\"http:\/\/concursos2.fadesp.org.br\/prosel\/2023\/ufopa2\/arquivos\/Edital 59 Resultado Preliminar de Isen\u00e7\u00e3o PcD.pdf\"><strong>(Clique aqui)<\/strong><\/a><\/p><p style=\"text-align: center;\">Edital n\u00ba 58\/2022 &#8211; Resultado Preliminar de Isen\u00e7\u00e3o &#8211; Hipossufici\u00eancia Financeira, de 07\/11\/2022<a href=\"http:\/\/concursos2.fadesp.org.br\/prosel\/2023\/ufopa2\/arquivos\/Edital 58 Resultado Preliminar de Isen\u00e7\u00e3o - Hipossufici\u00eancia Financeira.pdf\"><strong>(Clique aqui)<\/strong><\/a><\/p><p style=\"text-align: center;\">Edital de Abertura n\u00ba 57\/2022, de 20\/10\/2022<a href=\"http:\/\/concursos2.fadesp.org.br\/prosel\/2023\/ufopa2\/arquivos\/EDITAL%20PROSEL%202023-UFOPA%20II.pdf\"><strong>\u00a0(Clique aqui)<\/strong><\/a><\/p>\t\t\t\t\t\t\t\t<\/div>\n\t\t\t\t<\/div>\n\t\t\t\t\t<\/div>\n\t\t<\/div>\n\t\t\t\t\t<\/div>\n\t\t<\/section>\n\t\t\t\t\t<\/div>\n\t\t<\/div>\n\t\t\t\t\t<\/div>\n\t\t<\/section>\n\t\t\t\t<\/div>\n\t\t","protected":false},"excerpt":{"rendered":"<p>Processo Seletivo Especial UFOPA II &#8211; 2023 (Forma Par\u00e1) A Reitora da Universidade Federal do Oeste do Par\u00e1 (UFOPA) torna p\u00fablica a realiza\u00e7\u00e3o do Processo Seletivo Especial 2023 II (PROSEL ESP UFOPA 2023 II), destinado a selecionar candidatos para o provimento de vagas nos cursos presenciais de gradua\u00e7\u00e3o, em regime especial, mediante conv\u00eanio celebrado com [&hellip;]<\/p>\n","protected":false},"author":12,"featured_media":0,"parent":329,"menu_order":0,"comment_status":"closed","ping_status":"closed","template":"","meta":{"_monsterinsights_skip_tracking":false,"_monsterinsights_sitenote_active":false,"_monsterinsights_sitenote_note":"","_monsterinsights_sitenote_category":0,"footnotes":""},"class_list":["post-32957","page","type-page","status-publish","hentry","entry"],"yoast_head":"<!-- This site is optimized with the Yoast SEO plugin v25.1 - https:\/\/yoast.com\/wordpress\/plugins\/seo\/ -->\n<title>Processo Seletivo Especial UFOPA II - 2023 (Forma Par\u00e1) - FADESP<\/title>\n<meta name=\"robots\" content=\"index, follow, max-snippet:-1, max-image-preview:large, max-video-preview:-1\" \/>\n<link rel=\"canonical\" href=\"https:\/\/portalfadesp.org.br\/?page_id=32957\" \/>\n<meta property=\"og:locale\" content=\"pt_BR\" \/>\n<meta property=\"og:type\" content=\"article\" \/>\n<meta property=\"og:title\" content=\"Processo Seletivo Especial UFOPA II - 2023 (Forma Par\u00e1) - FADESP\" \/>\n<meta property=\"og:description\" content=\"Processo Seletivo Especial UFOPA II &#8211; 2023 (Forma Par\u00e1) A Reitora da Universidade Federal do Oeste do Par\u00e1 (UFOPA) torna p\u00fablica a realiza\u00e7\u00e3o do Processo Seletivo Especial 2023 II (PROSEL ESP UFOPA 2023 II), destinado a selecionar candidatos para o provimento de vagas nos cursos presenciais de gradua\u00e7\u00e3o, em regime especial, mediante conv\u00eanio celebrado com [&hellip;]\" \/>\n<meta property=\"og:url\" content=\"https:\/\/portalfadesp.org.br\/?page_id=32957\" \/>\n<meta property=\"og:site_name\" content=\"FADESP\" \/>\n<meta property=\"article:publisher\" content=\"https:\/\/www.facebook.com\/Fadesp-138351949524662\/\" \/>\n<meta property=\"article:modified_time\" content=\"2023-03-03T12:42:31+00:00\" \/>\n<meta name=\"twitter:card\" content=\"summary_large_image\" \/>\n<meta name=\"twitter:site\" content=\"@Fadesp\" \/>\n<meta name=\"twitter:label1\" content=\"Est. tempo de leitura\" \/>\n\t<meta name=\"twitter:data1\" content=\"2 minutos\" \/>\n<script type=\"application\/ld+json\" class=\"yoast-schema-graph\">{\"@context\":\"https:\/\/schema.org\",\"@graph\":[{\"@type\":\"WebPage\",\"@id\":\"https:\/\/portalfadesp.org.br\/?page_id=32957\",\"url\":\"https:\/\/portalfadesp.org.br\/?page_id=32957\",\"name\":\"Processo Seletivo Especial UFOPA II - 2023 (Forma Par\u00e1) - FADESP\",\"isPartOf\":{\"@id\":\"https:\/\/portalfadesp.org.br\/#website\"},\"datePublished\":\"2022-10-20T20:01:45+00:00\",\"dateModified\":\"2023-03-03T12:42:31+00:00\",\"breadcrumb\":{\"@id\":\"https:\/\/portalfadesp.org.br\/?page_id=32957#breadcrumb\"},\"inLanguage\":\"pt-BR\",\"potentialAction\":[{\"@type\":\"ReadAction\",\"target\":[\"https:\/\/portalfadesp.org.br\/?page_id=32957\"]}]},{\"@type\":\"BreadcrumbList\",\"@id\":\"https:\/\/portalfadesp.org.br\/?page_id=32957#breadcrumb\",\"itemListElement\":[{\"@type\":\"ListItem\",\"position\":1,\"name\":\"In\u00edcio\",\"item\":\"https:\/\/portalfadesp.org.br\/\"},{\"@type\":\"ListItem\",\"position\":2,\"name\":\"Concursos &#8211; Homologados\",\"item\":\"https:\/\/portalfadesp.org.br\/?page_id=329\"},{\"@type\":\"ListItem\",\"position\":3,\"name\":\"Processo Seletivo Especial UFOPA II &#8211; 2023 (Forma Par\u00e1)\"}]},{\"@type\":\"WebSite\",\"@id\":\"https:\/\/portalfadesp.org.br\/#website\",\"url\":\"https:\/\/portalfadesp.org.br\/\",\"name\":\"FADESP\",\"description\":\"Funda\u00e7\u00e3o de Amparo e Desenvolvimento da Pesquisa\",\"publisher\":{\"@id\":\"https:\/\/portalfadesp.org.br\/#organization\"},\"potentialAction\":[{\"@type\":\"SearchAction\",\"target\":{\"@type\":\"EntryPoint\",\"urlTemplate\":\"https:\/\/portalfadesp.org.br\/?s={search_term_string}\"},\"query-input\":{\"@type\":\"PropertyValueSpecification\",\"valueRequired\":true,\"valueName\":\"search_term_string\"}}],\"inLanguage\":\"pt-BR\"},{\"@type\":\"Organization\",\"@id\":\"https:\/\/portalfadesp.org.br\/#organization\",\"name\":\"FADESP\",\"url\":\"https:\/\/portalfadesp.org.br\/\",\"logo\":{\"@type\":\"ImageObject\",\"inLanguage\":\"pt-BR\",\"@id\":\"https:\/\/portalfadesp.org.br\/#\/schema\/logo\/image\/\",\"url\":\"https:\/\/portalfadesp.org.br\/wp-content\/uploads\/2024\/01\/NOVOLOGOFADESPlaranjaH.png\",\"contentUrl\":\"https:\/\/portalfadesp.org.br\/wp-content\/uploads\/2024\/01\/NOVOLOGOFADESPlaranjaH.png\",\"width\":2742,\"height\":839,\"caption\":\"FADESP\"},\"image\":{\"@id\":\"https:\/\/portalfadesp.org.br\/#\/schema\/logo\/image\/\"},\"sameAs\":[\"https:\/\/www.facebook.com\/Fadesp-138351949524662\/\",\"https:\/\/x.com\/Fadesp\",\"https:\/\/www.instagram.com\/fadesp_ufpa\/\",\"https:\/\/www.youtube.com\/@fundacaodeamparoedesenvolv1903\",\"https:\/\/www.threads.net\/@fadesp_ufpa\"]}]}<\/script>\n<!-- \/ Yoast SEO plugin. -->","yoast_head_json":{"title":"Processo Seletivo Especial UFOPA II - 2023 (Forma Par\u00e1) - FADESP","robots":{"index":"index","follow":"follow","max-snippet":"max-snippet:-1","max-image-preview":"max-image-preview:large","max-video-preview":"max-video-preview:-1"},"canonical":"https:\/\/portalfadesp.org.br\/?page_id=32957","og_locale":"pt_BR","og_type":"article","og_title":"Processo Seletivo Especial UFOPA II - 2023 (Forma Par\u00e1) - FADESP","og_description":"Processo Seletivo Especial UFOPA II &#8211; 2023 (Forma Par\u00e1) A Reitora da Universidade Federal do Oeste do Par\u00e1 (UFOPA) torna p\u00fablica a realiza\u00e7\u00e3o do Processo Seletivo Especial 2023 II (PROSEL ESP UFOPA 2023 II), destinado a selecionar candidatos para o provimento de vagas nos cursos presenciais de gradua\u00e7\u00e3o, em regime especial, mediante conv\u00eanio celebrado com [&hellip;]","og_url":"https:\/\/portalfadesp.org.br\/?page_id=32957","og_site_name":"FADESP","article_publisher":"https:\/\/www.facebook.com\/Fadesp-138351949524662\/","article_modified_time":"2023-03-03T12:42:31+00:00","twitter_card":"summary_large_image","twitter_site":"@Fadesp","twitter_misc":{"Est. tempo de leitura":"2 minutos"},"schema":{"@context":"https:\/\/schema.org","@graph":[{"@type":"WebPage","@id":"https:\/\/portalfadesp.org.br\/?page_id=32957","url":"https:\/\/portalfadesp.org.br\/?page_id=32957","name":"Processo Seletivo Especial UFOPA II - 2023 (Forma Par\u00e1) - FADESP","isPartOf":{"@id":"https:\/\/portalfadesp.org.br\/#website"},"datePublished":"2022-10-20T20:01:45+00:00","dateModified":"2023-03-03T12:42:31+00:00","breadcrumb":{"@id":"https:\/\/portalfadesp.org.br\/?page_id=32957#breadcrumb"},"inLanguage":"pt-BR","potentialAction":[{"@type":"ReadAction","target":["https:\/\/portalfadesp.org.br\/?page_id=32957"]}]},{"@type":"BreadcrumbList","@id":"https:\/\/portalfadesp.org.br\/?page_id=32957#breadcrumb","itemListElement":[{"@type":"ListItem","position":1,"name":"In\u00edcio","item":"https:\/\/portalfadesp.org.br\/"},{"@type":"ListItem","position":2,"name":"Concursos &#8211; Homologados","item":"https:\/\/portalfadesp.org.br\/?page_id=329"},{"@type":"ListItem","position":3,"name":"Processo Seletivo Especial UFOPA II &#8211; 2023 (Forma Par\u00e1)"}]},{"@type":"WebSite","@id":"https:\/\/portalfadesp.org.br\/#website","url":"https:\/\/portalfadesp.org.br\/","name":"FADESP","description":"Funda\u00e7\u00e3o de Amparo e Desenvolvimento da Pesquisa","publisher":{"@id":"https:\/\/portalfadesp.org.br\/#organization"},"potentialAction":[{"@type":"SearchAction","target":{"@type":"EntryPoint","urlTemplate":"https:\/\/portalfadesp.org.br\/?s={search_term_string}"},"query-input":{"@type":"PropertyValueSpecification","valueRequired":true,"valueName":"search_term_string"}}],"inLanguage":"pt-BR"},{"@type":"Organization","@id":"https:\/\/portalfadesp.org.br\/#organization","name":"FADESP","url":"https:\/\/portalfadesp.org.br\/","logo":{"@type":"ImageObject","inLanguage":"pt-BR","@id":"https:\/\/portalfadesp.org.br\/#\/schema\/logo\/image\/","url":"https:\/\/portalfadesp.org.br\/wp-content\/uploads\/2024\/01\/NOVOLOGOFADESPlaranjaH.png","contentUrl":"https:\/\/portalfadesp.org.br\/wp-content\/uploads\/2024\/01\/NOVOLOGOFADESPlaranjaH.png","width":2742,"height":839,"caption":"FADESP"},"image":{"@id":"https:\/\/portalfadesp.org.br\/#\/schema\/logo\/image\/"},"sameAs":["https:\/\/www.facebook.com\/Fadesp-138351949524662\/","https:\/\/x.com\/Fadesp","https:\/\/www.instagram.com\/fadesp_ufpa\/","https:\/\/www.youtube.com\/@fundacaodeamparoedesenvolv1903","https:\/\/www.threads.net\/@fadesp_ufpa"]}]}},"_links":{"self":[{"href":"https:\/\/portalfadesp.org.br\/index.php?rest_route=\/wp\/v2\/pages\/32957","targetHints":{"allow":["GET"]}}],"collection":[{"href":"https:\/\/portalfadesp.org.br\/index.php?rest_route=\/wp\/v2\/pages"}],"about":[{"href":"https:\/\/portalfadesp.org.br\/index.php?rest_route=\/wp\/v2\/types\/page"}],"author":[{"embeddable":true,"href":"https:\/\/portalfadesp.org.br\/index.php?rest_route=\/wp\/v2\/users\/12"}],"replies":[{"embeddable":true,"href":"https:\/\/portalfadesp.org.br\/index.php?rest_route=%2Fwp%2Fv2%2Fcomments&post=32957"}],"version-history":[{"count":109,"href":"https:\/\/portalfadesp.org.br\/index.php?rest_route=\/wp\/v2\/pages\/32957\/revisions"}],"predecessor-version":[{"id":39583,"href":"https:\/\/portalfadesp.org.br\/index.php?rest_route=\/wp\/v2\/pages\/32957\/revisions\/39583"}],"up":[{"embeddable":true,"href":"https:\/\/portalfadesp.org.br\/index.php?rest_route=\/wp\/v2\/pages\/329"}],"wp:attachment":[{"href":"https:\/\/portalfadesp.org.br\/index.php?rest_route=%2Fwp%2Fv2%2Fmedia&parent=32957"}],"curies":[{"name":"wp","href":"https:\/\/api.w.org\/{rel}","templated":true}]}}