{"id":32620,"date":"2022-10-11T15:01:00","date_gmt":"2022-10-11T18:01:00","guid":{"rendered":"https:\/\/portalfadesp2.fadesp.org.br\/?page_id=32620"},"modified":"2023-03-14T12:36:11","modified_gmt":"2023-03-14T15:36:11","slug":"pagina_modelo-19-12-14-16","status":"publish","type":"page","link":"https:\/\/portalfadesp.org.br\/?page_id=32620","title":{"rendered":"Concurso P\u00fablico da Prefeitura Municipal de Parauapebas (2022)\u200b"},"content":{"rendered":"\t\t<div data-elementor-type=\"wp-post\" data-elementor-id=\"32620\" class=\"elementor elementor-32620\" data-elementor-post-type=\"page\">\n\t\t\t\t\t\t<section class=\"elementor-section elementor-top-section elementor-element elementor-element-1f2996d1 elementor-section-boxed elementor-section-height-default elementor-section-height-default\" data-id=\"1f2996d1\" data-element_type=\"section\">\n\t\t\t\t\t\t<div class=\"elementor-container elementor-column-gap-default\">\n\t\t\t\t\t<div class=\"elementor-column elementor-col-100 elementor-top-column elementor-element elementor-element-59a4b3f8\" data-id=\"59a4b3f8\" data-element_type=\"column\">\n\t\t\t<div class=\"elementor-widget-wrap elementor-element-populated\">\n\t\t\t\t\t\t<div class=\"elementor-element elementor-element-799471af elementor-widget elementor-widget-heading\" data-id=\"799471af\" data-element_type=\"widget\" data-widget_type=\"heading.default\">\n\t\t\t\t<div class=\"elementor-widget-container\">\n\t\t\t\t\t<h2 class=\"elementor-heading-title elementor-size-default\"> Concurso P\u00fablico da Prefeitura Municipal de Parauapebas (2022)<\/h2>\t\t\t\t<\/div>\n\t\t\t\t<\/div>\n\t\t\t\t<section class=\"elementor-section elementor-inner-section elementor-element elementor-element-336311f elementor-section-boxed elementor-section-height-default elementor-section-height-default\" data-id=\"336311f\" data-element_type=\"section\">\n\t\t\t\t\t\t<div class=\"elementor-container elementor-column-gap-default\">\n\t\t\t\t\t<div class=\"elementor-column elementor-col-50 elementor-inner-column elementor-element elementor-element-75ca0dc3\" data-id=\"75ca0dc3\" data-element_type=\"column\">\n\t\t\t<div class=\"elementor-widget-wrap elementor-element-populated\">\n\t\t\t\t\t\t<div class=\"elementor-element elementor-element-425a3096 elementor-widget elementor-widget-text-editor\" data-id=\"425a3096\" data-element_type=\"widget\" data-widget_type=\"text-editor.default\">\n\t\t\t\t<div class=\"elementor-widget-container\">\n\t\t\t\t\t\t\t\t\t<p><span lang=\"PT\">O Prefeito Municipal de Parauapebas, no uso de suas atribui\u00e7\u00f5es, torna p\u00fablica a realiza\u00e7\u00e3o do\u00a0<\/span><b><span lang=\"PT\">Concurso P\u00fablico<\/span><\/b><span lang=\"PT\">\u00a0destinado ao preenchimento de vagas\u00a0de cargos do quadro de pessoal efetivo da Prefeitura,<\/span><span lang=\"PT\"> mediante as condi\u00e7\u00f5es estabelecidas no edital.<\/span><\/p><p><strong>Vagas: <\/strong>347 (trezentos e quarenta e sete)<\/p><p><strong>Cargos:<\/strong><\/p><p><span style=\"font-family: verdana, sans-serif;\"><strong>&#8211; N\u00edvel Superior:<\/strong> Professor \u00c1rea I: Ciclos Iniciais\u00a0(Zona Urbana\/Zona Rural \/\u00a0Professor \u00c1rea I: Creche (Zona Urbana) \/\u00a0\u00a0Professor \u00c1rea I: Educa\u00e7\u00e3o Infantil (Zona Urbana\/Zona Rural)<\/span><\/p><p><strong><span style=\"font-family: verdana, sans-serif;\">&#8211; N\u00edvel M\u00e9dio: <\/span><\/strong><span style=\"font-family: verdana, sans-serif;\">Agente de Tr\u00e2nsito e Transporte \/ Agente de Combate \u00e0s Endemias \/ Eletricista \/ Fiscal de Urbanismo \/ Instrutor de Inform\u00e1tica \/ T\u00e9cnico de Laborat\u00f3rio \/ T\u00e9cnico de Radiologia \/ T\u00e9cnico em Edifica\u00e7\u00f5es \/ T\u00e9cnico em Seguran\u00e7a no Trabalho \/ Agente Comunit\u00e1rio de Sa\u00fade (Zona Urbana\/Bairros &#8211; Zona Rural\/Bairros)<\/span><\/p><p><span style=\"font-family: verdana, sans-serif;\"><strong>&#8211; Per\u00edodo das Inscri\u00e7\u00f5es: <\/strong>19\/10\/2022 a 09\/11\/2022\u00a0<br \/><\/span><\/p><p><strong><span style=\"font-family: verdana, sans-serif;\">&#8211; \u00daltimo dia de pagamento: <\/span><\/strong><span style=\"font-family: verdana, sans-serif;\">10\/11\/2022<\/span><\/p><p><strong><span style=\"font-family: verdana, sans-serif;\">&#8211; Valor da Taxa: <\/span><\/strong><\/p><p><span style=\"font-family: verdana, sans-serif;\">R$ 90,00 (noventa reais) &#8211; N\u00edvel Superior;<\/span><\/p><p><span style=\"font-family: verdana, sans-serif;\">R$ 70,00 (setenta reais) &#8211; N\u00edvel M\u00e9dio.\u00a0<\/span><\/p><p><strong><span style=\"font-family: verdana, sans-serif;\">&#8211; Prova Objetiva:<\/span><\/strong><\/p><p><strong><span style=\"font-family: verdana, sans-serif;\">11\/12\/2022 &#8211; <\/span><\/strong><span style=\"font-family: verdana, sans-serif;\">8h \u00e0s 12h para os cargos Professor \u00c1rea I e Agente de Tr\u00e2nsito e Transporte.<\/span><\/p><p><span style=\"font-family: verdana, sans-serif;\"><strong>\u00a011\/12\/2022 &#8211; <\/strong>15h \u00e0s 19h para os cargos\u00a0Agente de Combate \u00e0s Endemias, Eletricista, Fiscal de Urbanismo, Instrutor de Inform\u00e1tica, T\u00e9cnico de Laborat\u00f3rio, T\u00e9cnico de Radiologia, T\u00e9cnico em Edifica\u00e7\u00f5es, T\u00e9cnico em Seguran\u00e7a no Trabalho.<\/span><\/p><p><span style=\"font-variant-ligatures: normal; font-variant-caps: normal; font-size: 14px; font-style: normal; font-weight: 600;\">18\/12\/2022 &#8211;\u00a0<\/span><span style=\"font-variant-ligatures: normal; font-variant-caps: normal; font-family: verdana, sans-serif; font-size: 14px; font-style: normal; font-weight: 400;\">8h \u00e0s 12h para o cargo de Agente Comunit\u00e1rio de Sa\u00fade.<\/span><span style=\"font-family: verdana, sans-serif;\"><br \/><\/span><\/p>\t\t\t\t\t\t\t\t<\/div>\n\t\t\t\t<\/div>\n\t\t\t\t\t<\/div>\n\t\t<\/div>\n\t\t\t\t<div class=\"elementor-column elementor-col-50 elementor-inner-column elementor-element elementor-element-79608089\" data-id=\"79608089\" data-element_type=\"column\">\n\t\t\t<div class=\"elementor-widget-wrap elementor-element-populated\">\n\t\t\t\t\t\t<div class=\"elementor-element elementor-element-f73dfbf elementor-widget elementor-widget-text-editor\" data-id=\"f73dfbf\" data-element_type=\"widget\" data-widget_type=\"text-editor.default\">\n\t\t\t\t<div class=\"elementor-widget-container\">\n\t\t\t\t\t\t\t\t\t<p><strong>Avisos<\/strong><\/p>\t\t\t\t\t\t\t\t<\/div>\n\t\t\t\t<\/div>\n\t\t\t\t<div class=\"elementor-element elementor-element-71ba404 elementor-widget elementor-widget-text-editor\" data-id=\"71ba404\" data-element_type=\"widget\" data-widget_type=\"text-editor.default\">\n\t\t\t\t<div class=\"elementor-widget-container\">\n\t\t\t\t\t\t\t\t\t<div class=\"botaoBug\" style=\"margin-bottom: 10px;\"><a href=\"http:\/\/concursos2.fadesp.org.br\/pmparauapebas2022\/web\/\">Respostas dos Recursos <strong>(Clique aqui)<\/strong><\/a><\/div><p><b>Aten\u00e7\u00e3o Candidatos ACS<\/b> &#8211; Distribui\u00e7\u00e3o Detalhada de Bairros de Parauapebas &#8211; Anexo I do Plano Diretor <strong><a href=\"http:\/\/concursos2.fadesp.org.br\/pmparauapebas2022\/arquivos\/Aten\u00e7\u00e3o Candidatos ACS - Distribui\u00e7\u00e3o Detalhada de Bairros de Parauapebas - Anexo I do Plano Diretor.pdf\">(Clique Aqui)<\/a><\/strong><\/p>\t\t\t\t\t\t\t\t<\/div>\n\t\t\t\t<\/div>\n\t\t\t\t<div class=\"elementor-element elementor-element-9c58482 elementor-widget elementor-widget-text-editor\" data-id=\"9c58482\" data-element_type=\"widget\" data-widget_type=\"text-editor.default\">\n\t\t\t\t<div class=\"elementor-widget-container\">\n\t\t\t\t\t\t\t\t\t<strong>Publica\u00e7\u00f5es\u00a0<\/strong>\t\t\t\t\t\t\t\t<\/div>\n\t\t\t\t<\/div>\n\t\t\t\t<div class=\"elementor-element elementor-element-9f33bfc elementor-widget elementor-widget-text-editor\" data-id=\"9f33bfc\" data-element_type=\"widget\" data-widget_type=\"text-editor.default\">\n\t\t\t\t<div class=\"elementor-widget-container\">\n\t\t\t\t\t\t\t\t\t<p style=\"text-align: center;\"><b>Aten\u00e7\u00e3o:<\/b> Informa\u00e7\u00f5es referentes as convoca\u00e7\u00f5es de candidatos estar\u00e3o dispon\u00edveis somente na site da Prefeitura, <a href=\"http:\/\/www.parauapebas.pa.gov.br\">www.parauapebas.pa.gov.br<\/a><\/p> \n\n<p style=\"text-align: center;\">Edital 06_2023 &#8211; Resultado Definitivo Classificat\u00f3rio Final, de 10\/03\/2023 <b><a href=\"https:\/\/drive.google.com\/file\/d\/1ltl2qxG-2zg_L556gibI6crV7xJQoHCR\/view?usp=share_link\">(Clique Aqui)<\/a><\/b><\/p>\n<p style=\"text-align: center;\">N\u00edvel Superior &#8211; Rela\u00e7\u00e3o de Classificados, de 09\/03\/2023 <b><a href=\"https:\/\/drive.google.com\/file\/d\/1n_Y6_t9YJnmWnKttlZoXgYhroxVctJ-0\/view?usp=share_link\">(Clique Aqui)<\/a><\/b><\/p>\n<p style=\"text-align: center;\">N\u00edvel M\u00e9dio &#8211; Rela\u00e7\u00e3o de Classificados, de 09\/03\/2023 <b><a href=\"https:\/\/drive.google.com\/file\/d\/1M2_USlhZI7lVawKJAHFvRs0BEgni8Ti3\/view?usp=share_link\">(Clique Aqui)<\/a><\/b><\/p>\n<p style=\"text-align: center;\">ACS &#8211; Rela\u00e7\u00e3o de Classificados, de 09\/03\/2023 <b><a href=\"https:\/\/drive.google.com\/file\/d\/18Bx7vq7WGBn6GWuTaVOI6Cf8532rWqmW\/view?usp=share_link\">(Clique Aqui)<\/a><\/b><\/p>\n<p style=\"text-align: center;\">N\u00edvel Superior &#8211; Resultado Definitivo Classificat\u00f3rio Final, de 09\/03\/2023 <b><a href=\"https:\/\/drive.google.com\/file\/d\/1hF186IT3vVJU49s4-Buh7Fbfu3V-Nk-F\/view?usp=share_link\">(Clique Aqui)<\/a><\/b><\/p>\n<p style=\"text-align: center;\">N\u00edvel M\u00e9dio &#8211; Resultado Definitivo Classificat\u00f3rio Final, de 09\/03\/2023 <b><a href=\"https:\/\/drive.google.com\/file\/d\/1b8GjR9NHnLITkym0ZeLa5w11iGzYpH73\/view?usp=share_link\">(Clique Aqui)<\/a><\/b><\/p>\n<p style=\"text-align: center;\">ACS &#8211; Resultado Definitivo Classificat\u00f3rio Final, de 09\/03\/2023 <b><a href=\"https:\/\/drive.google.com\/file\/d\/1DZ00Q1GAZPjUOwU9Wor-bvbtUrXyQmdM\/view?usp=share_link\">(Clique Aqui)<\/a><\/b><\/p>\n<p style=\"text-align: center;\">ACS &#8211; Resultado Final Classificat\u00f3rio Preliminar, de 03\/03\/2023 <b><a href=\"https:\/\/drive.google.com\/file\/d\/1dYUg-vkxN_UDnXfqi4aroAqZs2KsHfaH\/view?usp=sharing\">(Clique Aqui)<\/a><\/b><\/p>\n<p style=\"text-align: center;\">N\u00edvel M\u00e9dio &#8211; Resultado Final Classificat\u00f3rio Preliminar, de 03\/03\/2023 <b><a href=\"https:\/\/drive.google.com\/file\/d\/18hvejA-JkixcOI5x05gdk-i6wZUN1UV2\/view?usp=share_link\">(Clique Aqui)<\/a><\/b><\/p>\n<p style=\"text-align: center;\">N\u00edvel Superior &#8211; Resultado Final Classificat\u00f3rio Preliminar, de 03\/03\/2023 <b><a href=\"https:\/\/drive.google.com\/file\/d\/15DNBk66O1pCGiyI01J7uBrlAGFjeLUpM\/view?usp=share_link\">(Clique Aqui)<\/a><\/b><\/p>\n<p style=\"text-align: center;\">Resultado Definitivo Autodeclara\u00e7\u00e3o de Negros, de 03\/03\/2023 <b><a href=\"https:\/\/drive.google.com\/file\/d\/1siX2p5NEl0hcwvxc6RSDRRbgMn9uwCNb\/view?usp=share_link\">(Clique Aqui)<\/a><\/b><\/p>\n<p style=\"text-align: center;\">ERRATA N\u00ba 05 &#8211; EDOMP, de 28\/02\/2023 <b><a href=\"http:\/\/concursos2.fadesp.org.br\/pmparauapebas2022\/arquivos\/ERRATA N\u00ba 05 - EDOMP - 28-02-2023.pdf\">(Clique Aqui)<\/a><\/b><\/p>\n<p style=\"text-align: center;\">ERRATA N\u00ba 05 DO EDITAL 001-2022, de 28\/02\/2023 <b><a href=\"http:\/\/concursos2.fadesp.org.br\/pmparauapebas2022\/arquivos\/ERRATA N\u00ba 05 DO EDITAL 001-2022 - 28-02-2023.pdf\">(Clique Aqui)<\/a><\/b><\/p>\n<p style=\"text-align: center;\">Resultado Preliminar da Autodeclara\u00e7\u00e3o de Negros, de 24\/02\/2023 <b><a href=\"http:\/\/concursos2.fadesp.org.br\/pmparauapebas2022\/arquivos\/Resultado Preliminar da Autodeclara\u00e7\u00e3o de Negros - 24-02-2023.pdf\">(Clique Aqui)<\/a><\/b><\/p>\n<p style=\"text-align: center;\">Resultado Definitivo da Prova de T\u00edtulos &#8211; Professor, de 08\/02\/2023 <b><a href=\"http:\/\/concursos2.fadesp.org.br\/pmparauapebas2022\/arquivos\/Resultado Definitivo da Prova de T\u00edtulos - Professor.pdf\">(Clique Aqui)<\/a><\/b><\/p>\n<p style=\"text-align: center;\">Edital 05_2023 &#8211; Convoca\u00e7\u00e3o de Veracidade da Autodeclara\u00e7\u00e3o de Negros, de 08\/02\/2023 <b><a href=\"http:\/\/concursos2.fadesp.org.br\/pmparauapebas2022\/arquivos\/Edital 05_2023 - Convoca\u00e7\u00e3o de Veracidade da Autodeclara\u00e7\u00e3o de Negros.pdf\">(Clique Aqui)<\/a><\/b><\/p>\n<p style=\"text-align: center;\">Portaria 002_2023_Fadesp, de 08\/02\/2023 <b><a href=\"http:\/\/concursos2.fadesp.org.br\/pmparauapebas2022\/arquivos\/Portaria 01_2023_Fadesp.pdf\">(Clique Aqui)<\/a><\/b><\/p>\n<p style=\"text-align: center;\">Resultado Preliminar da Prova de T\u00edtulos &#8211; Professor, de 01\/02\/2023 <b><a href=\"http:\/\/concursos2.fadesp.org.br\/pmparauapebas2022\/arquivos\/Resultado Preliminar da Prova de T\u00edtulos - Professor.pdf\">(Clique Aqui)<\/a><\/b><\/p>\n<p style=\"text-align: center;\">Resultado Definitivo da Prova de Aptid\u00e3o F\u00edsica Agente de Tr\u00e2nsito e Transporte, de 30\/01\/2023 <b><a href=\"http:\/\/concursos2.fadesp.org.br\/pmparauapebas2022\/arquivos\/Resultado Definitivo da Prova de Aptid\u00e3o F\u00edsica_Agente de Tr\u00e2nsito e Transporte.pdf\">(Clique Aqui)<\/a><\/b><\/p>\n<p style=\"text-align: center;\">ERRATA N\u00ba 04 DO EDITAL 001\/2022 \u2013 Cronograma Retificado, de 27\/01\/2023 <b><a href=\"http:\/\/concursos2.fadesp.org.br\/pmparauapebas2022\/arquivos\/ERRATA N\u00ba 04 - 2023.01.27.EDOMP.EXTRA.pdf\">(Clique Aqui)<\/a><\/b><\/p>\n<p style=\"text-align: center;\">Resultado Preliminar da Prova de Aptid\u00e3o F\u00edsica Agente de Tr\u00e2nsito e Transporte, de 25\/01\/2023 <b><a href=\"http:\/\/concursos2.fadesp.org.br\/pmparauapebas2022\/arquivos\/Resultado Preliminar da Prova de Aptid\u00e3o F\u00edsica_Agente de Tr\u00e2nsito e Transporte.pdf\">(Clique Aqui)<\/a><\/b><\/p>\t\t\t\t\t\t\t\t<\/div>\n\t\t\t\t<\/div>\n\t\t\t\t<div class=\"elementor-element elementor-element-a1cb604 elementor-widget elementor-widget-text-editor\" data-id=\"a1cb604\" data-element_type=\"widget\" data-widget_type=\"text-editor.default\">\n\t\t\t\t<div class=\"elementor-widget-container\">\n\t\t\t\t\t\t\t\t\t<p style=\"text-align: center;\"><strong>Aten\u00e7\u00e3o<\/strong>\n<b>Candidatos aptos \u00e0 prova de t\u00edtulos<\/b>\nOs documentos com a devida assinatura digital tem o mesmo efeito de documentos assinados de punho e reconhecido a firma em cart\u00f3rios presenciais. Valer\u00e3o da mesma forma na avalia\u00e7\u00e3o de documentos da prova, ap\u00f3s verifica\u00e7\u00e3o de sua autenticidade pela FADESP.<\/p>\n<p style=\"text-align: center;\">Edital n\u00b0 04\/2023 &#8211; Convoca\u00e7\u00e3o ao TAF &#8211; Agente de Tr\u00e2nsito e Transportes, de 13\/01\/2023 <b><a href=\"http:\/\/concursos2.fadesp.org.br\/pmparauapebas2022\/arquivos\/Edital n\u00b0 04_2023 - Convoca\u00e7\u00e3o ao TAF - Agente de Tr\u00e2nsito e Transportes.pdf\">(Clique Aqui)<\/a><\/b><\/p>\n<p style=\"text-align: center;\">Edital n\u00b0 03\/2023 &#8211; Convoca\u00e7\u00e3o da Prova de T\u00edtulos, de 13\/01\/2023 <b><a href=\"http:\/\/concursos2.fadesp.org.br\/pmparauapebas2022\/arquivos\/Edital n\u00b0 03_2023 - Convoca\u00e7\u00e3o da Prova de T\u00edtulos.pdf\">(Clique Aqui)<\/a><\/b><\/p>\n<p style=\"text-align: center;\">N\u00edvel Superior &#8211; Resultado Definitivo por Cargo em Ordem de Pontua\u00e7\u00e3o, de 13\/01\/2023 <b><a href=\"https:\/\/drive.google.com\/file\/d\/10LeaxEriaf-QcOXnXd-kdu92_UPxK-Hb\/view?usp=share_link\">(Clique Aqui)<\/a><\/b><\/p>\n<p style=\"text-align: center;\">Agente de Tr\u00e2nsito e Transporte &#8211; Resultado Definitivo por Cargo em Ordem de Pontua\u00e7\u00e3o, de 13\/01\/2023 <b><a href=\"https:\/\/drive.google.com\/file\/d\/1dayvFwXRURNr0hXffye8HKaxXx5pLdeN\/view?usp=share_link\">(Clique Aqui)<\/a><\/b><\/p>\n<p style=\"text-align: center;\">ACS &#8211; Resultado Definitivo por Cargo em Ordem Alfab\u00e9tica, de 13\/01\/2023 <b><a href=\"https:\/\/drive.google.com\/file\/d\/1Sh4ORTBMQU79B06NKCTmAYHNSHWsB5rD\/view?usp=share_link\">(Clique Aqui)<\/a><\/b><\/p>\n<p style=\"text-align: center;\">Cargos de N\u00edvel M\u00e9dio &#8211; Resultado Definitivo por Cargo em Ordem Alfab\u00e9tica, de 13\/01\/2023 <b><a href=\"https:\/\/drive.google.com\/file\/d\/1x5Buz5S2W1JLg1sNv9vJtJqpbZu6J9qs\/view?usp=share_link\">(Clique Aqui)<\/a><\/b><\/p>\t\t\t\t\t\t\t\t<\/div>\n\t\t\t\t<\/div>\n\t\t\t\t<div class=\"elementor-element elementor-element-ce7beb8 elementor-widget elementor-widget-text-editor\" data-id=\"ce7beb8\" data-element_type=\"widget\" data-widget_type=\"text-editor.default\">\n\t\t\t\t<div class=\"elementor-widget-container\">\n\t\t\t\t\t\t\t\t\t<p style=\"text-align: center;\">N\u00edvel Superior &#8211; Resultado Preliminar por Cargo em Ordem Alfab\u00e9tica, de 04\/01\/2023 <strong>(<a href=\"https:\/\/drive.google.com\/file\/d\/1oP7sHyIssQ4suQFkxB-U_Q_jFPtOSxjE\/view\">Clique Aqui<\/a>)<\/strong><\/p>\n<p style=\"text-align: center;\">ACS &#8211; Resultado Preliminar por Cargo em Ordem Alfab\u00e9tica, de 04\/01\/2023 <strong>(<a href=\"https:\/\/drive.google.com\/file\/d\/1wXia2mwejc4PlUfw5dPRR8yiQXEb0L0T\/view\">Clique Aqui<\/a>)<\/strong><\/p>\n<p style=\"text-align: center;\">N\u00edvel M\u00e9dio &#8211; Resultado Preliminar por Cargo em Ordem Alfab\u00e9tica, de 04\/01\/2023 <strong>(<a href=\"https:\/\/drive.google.com\/file\/d\/1ndAi-01lS8ns5f_XOi6rCFKuuL9JclsN\/view\">Clique Aqui<\/a>)<\/strong><\/p>\n<p style=\"text-align: center;\">GABARITO OFICIAL DEFINITIVO AGENTE COMUNIT\u00c1RIO DE SA\u00daDE, de 28\/12\/2022 <a href=\"http:\/\/concursos2.fadesp.org.br\/pmparauapebas2022\/arquivos\/DEFINITIVO\/GABARITO OFICIAL DEFINITIVO_AGENTE COMUNIT\u00c1RIO DE SA\u00daDE.pdf\"><strong>(Clique Aqui)<\/strong><\/a><\/p>\n<p style=\"text-align: center;\">GABARITO OFICIAL DEFINITIVO PROFESSOR \u00c1REA I N\u00cdVEL SUPERIOR, de 21\/12\/2022 <a href=\"http:\/\/concursos2.fadesp.org.br\/pmparauapebas2022\/arquivos\/DEFINITIVO\/GABARITO OFICIAL DEFINITIVO_PROFESSOR \u00c1REA I_N\u00cdVEL SUPERIOR.pdf\"><strong>(Clique Aqui)<\/strong><\/a><\/p>\n<p style=\"text-align: center;\">GABARITO OFICIAL DEFINITIVO AGENTE DE TR\u00c2NSITO E TRANSPORTE, de 21\/12\/2022 <a href=\"http:\/\/concursos2.fadesp.org.br\/pmparauapebas2022\/arquivos\/DEFINITIVO\/GABARITO OFICIAL DEFINITIVO_AGENTE DE TR\u00c2NSITO E TRANSPORTE.pdf\"><strong>(Clique Aqui)<\/strong><\/a><\/p>\n<p style=\"text-align: center;\">GABARITO OFICIAL DEFINITIVO AGENTE DE COMBATE \u00c0S ENDEMIAS, de 21\/12\/2022 <a href=\"http:\/\/concursos2.fadesp.org.br\/pmparauapebas2022\/arquivos\/DEFINITIVO\/GABARITO OFICIAL DEFINITIVO_AGENTE DE COMBATE \u00c0S ENDEMIAS.pdf\"><strong>(Clique Aqui)<\/strong><\/a><\/p>\n<p style=\"text-align: center;\">GABARITO OFICIAL DEFINITIVO ELETRICISTA, de 21\/12\/2022 <a href=\"http:\/\/concursos2.fadesp.org.br\/pmparauapebas2022\/arquivos\/DEFINITIVO\/GABARITO OFICIAL DEFINITIVO_ELETRICISTA.pdf\"><strong>(Clique Aqui)<\/strong><\/a><\/p>\n<p style=\"text-align: center;\">GABARITO OFICIAL DEFINITIVO FISCAL DE URBANISMO, de 21\/12\/2022 <a href=\"http:\/\/concursos2.fadesp.org.br\/pmparauapebas2022\/arquivos\/DEFINITIVO\/GABARITO OFICIAL DEFINITIVO_FISCAL DE URBANISMO.pdf\"><strong>(Clique Aqui)<\/strong><\/a><\/p>\n<p style=\"text-align: center;\">GABARITO OFICIAL DEFINITIVO INSTRUTOR DE INFORM\u00c1TICA, de 21\/12\/2022 <a href=\"http:\/\/concursos2.fadesp.org.br\/pmparauapebas2022\/arquivos\/DEFINITIVO\/GABARITO OFICIAL DEFINITIVO_INSTRUTOR DE INFORM\u00c1TICA.pdf\"><strong>(Clique Aqui)<\/strong><\/a><\/p>\n<p style=\"text-align: center;\">GABARITO OFICIAL DEFINITIVO T\u00c9CNICO DE LABORAT\u00d3RIO, de 21\/12\/2022 <a href=\"http:\/\/concursos2.fadesp.org.br\/pmparauapebas2022\/arquivos\/DEFINITIVO\/GABARITO OFICIAL DEFINITIVO_T\u00c9CNICO DE LABORAT\u00d3RIO.pdf\"><strong>(Clique Aqui)<\/strong><\/a><\/p>\n<p style=\"text-align: center;\">GABARITO OFICIAL DEFINITIVO T\u00c9CNICO DE RADIOLOGIA, de 21\/12\/2022 <a href=\"http:\/\/concursos2.fadesp.org.br\/pmparauapebas2022\/arquivos\/DEFINITIVO\/GABARITO OFICIAL DEFINITIVO_T\u00c9CNICO DE RADIOLOGIA.pdf\"><strong>(Clique Aqui)<\/strong><\/a><\/p>\n<p style=\"text-align: center;\">GABARITO OFICIAL DEFINITIVO T\u00c9CNICO EM EDIFICA\u00c7\u00d5ES, de 21\/12\/2022 <a href=\"http:\/\/concursos2.fadesp.org.br\/pmparauapebas2022\/arquivos\/DEFINITIVO\/GABARITO OFICIAL DEFINITIVO_T\u00c9CNICO EM EDIFICA\u00c7\u00d5ES.pdf\"><strong>(Clique Aqui)<\/strong><\/a><\/p>\n<p style=\"text-align: center;\">GABARITO OFICIAL DEFINITIVO T\u00c9CNICO EM SEGURAN\u00c7A NO TRABALHO, de 21\/12\/2022 <a href=\"http:\/\/concursos2.fadesp.org.br\/pmparauapebas2022\/arquivos\/DEFINITIVO\/GABARITO OFICIAL DEFINITIVO_T\u00c9CNICO EM SEGURAN\u00c7A NO TRABALHO.pdf\"><strong>(Clique Aqui)<\/strong><\/a><\/p>\t\t\t\t\t\t\t\t<\/div>\n\t\t\t\t<\/div>\n\t\t\t\t<div class=\"elementor-element elementor-element-bdb110e elementor-widget elementor-widget-text-editor\" data-id=\"bdb110e\" data-element_type=\"widget\" data-widget_type=\"text-editor.default\">\n\t\t\t\t<div class=\"elementor-widget-container\">\n\t\t\t\t\t\t\t\t\t<p><!-- GABARITO --><\/p>\n<p style=\"text-align: center;\">GABARITO OFICIAL PRELIMINAR_AGENTE COMUNIT\u00c1RIO DE SA\u00daDE TIPO 1 e TIPO 2, de 19\/12\/2022 <a href=\"https:\/\/drive.google.com\/file\/d\/1lNQDPdps8V90M2K0H0GlDeGIT_yCdNFB\/view?usp=share_link\"><strong>(Clique Aqui)<\/strong><\/a><\/p>\n<p style=\"text-align: center;\">GABARITO OFICIAL PRELIMINAR &#8211; N\u00cdVEL SUPERIOR, de 12\/12\/2022<br>\n<a href=\"http:\/\/concursos2.fadesp.org.br\/pmparauapebas2022\/arquivos\/GABARITO_N\u00cdVEL SUPERIOR_MANH\u00c3\/GABARITO OFICIAL PRELIMINAR N\u00cdVEL SUPERIOR_MANH\u00c3.pdf\"><b>(Clique Aqui)<\/b><\/a><\/p>\n<p style=\"text-align: center;\">GABARITO OFICIAL PRELIMINAR &#8211; N\u00cdVEL M\u00c9DIO &#8211; T\u00c9CNICO EM SEGURAN\u00c7A NO TRABALHO, de 12\/12\/2022<br>\n<a href=\"http:\/\/concursos2.fadesp.org.br\/pmparauapebas2022\/arquivos\/GABARITOS_N\u00cdVEL M\u00c9DIO_TARDE\/GABARITO OFICIAL PRELIMINAR_N\u00cdVEL M\u00c9DIO MANH\u00c3 T\u00c9CNICO EM SEGURAN\u00c7A NO TRABALHO.pdf\"><b>(Clique Aqui)<\/b><\/a><\/p>\n<p style=\"text-align: center;\">GABARITO OFICIAL PRELIMINAR &#8211; N\u00cdVEL M\u00c9DIO &#8211; T\u00c9CNICO EM EDIFICA\u00c7\u00d5ES, de 12\/12\/2022<br>\n<a href=\"http:\/\/concursos2.fadesp.org.br\/pmparauapebas2022\/arquivos\/GABARITOS_N\u00cdVEL M\u00c9DIO_TARDE\/GABARITO OFICIAL PRELIMINAR_N\u00cdVEL M\u00c9DIO MANH\u00c3 T\u00c9CNICO EM EDIFICA\u00c7\u00d5ES.pdf\"><b>(Clique Aqui)<\/b><\/a><\/p>\n<p style=\"text-align: center;\">GABARITO OFICIAL PRELIMINAR &#8211; N\u00cdVEL M\u00c9DIO &#8211; T\u00c9CNICO DE RADIOLOGIA, de 12\/12\/2022<br>\n<a href=\"http:\/\/concursos2.fadesp.org.br\/pmparauapebas2022\/arquivos\/GABARITOS_N\u00cdVEL M\u00c9DIO_TARDE\/GABARITO OFICIAL PRELIMINAR_N\u00cdVEL M\u00c9DIO MANH\u00c3 T\u00c9CNICO DE RADIOLOGIA.pdf\"><b>(Clique Aqui)<\/b><\/a><\/p>\n<p style=\"text-align: center;\">GABARITO OFICIAL PRELIMINAR &#8211; N\u00cdVEL M\u00c9DIO &#8211; T\u00c9CNICO DE LABORAT\u00d3RIO, de 12\/12\/2022<br>\n<a href=\"http:\/\/concursos2.fadesp.org.br\/pmparauapebas2022\/arquivos\/GABARITOS_N\u00cdVEL M\u00c9DIO_TARDE\/GABARITO OFICIAL PRELIMINAR_N\u00cdVEL M\u00c9DIO MANH\u00c3 T\u00c9CNICO DE LABORAT\u00d3RIO.pdf\"><b>(Clique Aqui)<\/b><\/a><\/p>\n<p style=\"text-align: center;\">GABARITO OFICIAL PRELIMINAR &#8211; N\u00cdVEL M\u00c9DIO &#8211; INSTRUTOR DE INFORM\u00c1TICA, de 12\/12\/2022<br>\n<a href=\"http:\/\/concursos2.fadesp.org.br\/pmparauapebas2022\/arquivos\/GABARITOS_N\u00cdVEL M\u00c9DIO_TARDE\/GABARITO OFICIAL PRELIMINAR_N\u00cdVEL M\u00c9DIO MANH\u00c3 INSTRUTOR DE INFORM\u00c1TICA.pdf\"><b>(Clique Aqui)<\/b><\/a><\/p>\n<p style=\"text-align: center;\">GABARITO OFICIAL PRELIMINAR &#8211; N\u00cdVEL M\u00c9DIO &#8211; ELETRICISTA, de 12\/12\/2022<br>\n<a href=\"http:\/\/concursos2.fadesp.org.br\/pmparauapebas2022\/arquivos\/GABARITOS_N\u00cdVEL M\u00c9DIO_TARDE\/GABARITO OFICIAL PRELIMINAR_N\u00cdVEL M\u00c9DIO MANH\u00c3 ELETRICISTA.pdf\"><b>(Clique Aqui)<\/b><\/a><\/p>\n<p style=\"text-align: center;\">GABARITO OFICIAL PRELIMINAR &#8211; N\u00cdVEL M\u00c9DIO &#8211; FISCAL DE URBANISMO, de 12\/12\/2022<br>\n<a href=\"http:\/\/concursos2.fadesp.org.br\/pmparauapebas2022\/arquivos\/GABARITOS_N\u00cdVEL M\u00c9DIO_TARDE\/GABARITO OFICIAL PRELIMINAR_N\u00cdVEL M\u00c9DIO FISCAL DE URBANISMO.pdf\"><b>(Clique Aqui)<\/b><\/a><\/p>\n<p style=\"text-align: center;\">GABARITO OFICIAL PRELIMINAR &#8211; N\u00cdVEL M\u00c9DIO &#8211; AGENTE DE COMBATE \u00c0S ENDEMIAS, de 12\/12\/2022<br>\n<a href=\"http:\/\/concursos2.fadesp.org.br\/pmparauapebas2022\/arquivos\/GABARITOS_N\u00cdVEL M\u00c9DIO_TARDE\/GABARITO OFICIAL PRELIMINAR_ N\u00cdVEL M\u00c9DIO_AGENTE DE COMBATE \u00c0S ENDEMIAS.pdf\"><b>(Clique Aqui)<\/b><\/a><\/p>\n<p style=\"text-align: center;\">GABARITO OFICIAL PRELIMINAR &#8211; N\u00cdVEL M\u00c9DIO &#8211; AGENTE DE TR\u00c2NSITO E TRANSPORTE, de 12\/12\/2022<br>\n<a href=\"http:\/\/concursos2.fadesp.org.br\/pmparauapebas2022\/arquivos\/GABARITO_N\u00cdVEL M\u00c9DIO_MANH\u00c3\/GABARITO OFICIAL PRELIMINAR_N\u00cdVEL M\u00c9DIO_MANH\u00c3_AGENTE DE TR\u00c2NSITO E TRANSPORTE.pdf\"><b>(Clique Aqui)<\/b><\/a><\/p>\t\t\t\t\t\t\t\t<\/div>\n\t\t\t\t<\/div>\n\t\t\t\t<div class=\"elementor-element elementor-element-89c7765 elementor-widget elementor-widget-text-editor\" data-id=\"89c7765\" data-element_type=\"widget\" data-widget_type=\"text-editor.default\">\n\t\t\t\t<div class=\"elementor-widget-container\">\n\t\t\t\t\t\t\t\t\t<p style=\"text-align: center;\">Demanda<br>\n<a href=\"http:\/\/concursos2.fadesp.org.br\/pmparauapebas2022\/arquivos\/Demanda.pdf\"><b>(Clique Aqui)<\/b><\/a><\/p>\n<p style=\"text-align: center;\">Cargo de ACS &#8211; Resultado Definitivo da Fase Eliminat\u00f3ria de Comprova\u00e7\u00e3o de Resid\u00eancia, de 03\/12\/2022<br>\n<a href=\"http:\/\/concursos2.fadesp.org.br\/pmparauapebas2022\/arquivos\/Cargo de ACS - Resultado Definitivo da Fase Eliminat\u00f3ria de Comprova\u00e7\u00e3o de Resid\u00eancia.pdf\"><b>(Clique Aqui)<\/b><\/a><\/p>\n<p style=\"text-align: center;\">ERRATA N\u00ba 03 &#8211; Cronograma de Execu\u00e7\u00e3o 2022.12.02.EDOMP, de 02\/12\/2022<br>\n<a href=\"http:\/\/concursos2.fadesp.org.br\/pmparauapebas2022\/arquivos\/ERRATA N\u00ba 03 - 2022_12_02_EDOMP.PDF\"><b>(Clique Aqui)<\/b><\/a><\/p>\n<p style=\"text-align: center;\">Errata n\u00ba 03 do Edital n\u00ba 01\/2022 &#8211; Cronograma de Execu\u00e7\u00e3o, de 02\/12\/2022<br>\n<a href=\"http:\/\/concursos2.fadesp.org.br\/pmparauapebas2022\/arquivos\/ERRATA N\u00ba 03 DO EDITAL 001_2022_SEMAD.PDF\"><b>(Clique Aqui)<\/b><\/a><\/p>\n<p style=\"text-align: center;\"><strong>Informamos que qualquer questionamento quanto ao resultado preliminar do processo de comprova\u00e7\u00e3o de resid\u00eancia \u2013 cargo ACS ser\u00e1 somente mediante interposi\u00e7\u00e3o de recurso online (29\/11 a 30\/11\/2022), de acordo com o item 5 do resultado anteriormente citado. Questionamentos por telefone n\u00e3o ser\u00e3o aceitos!<\/strong><\/p>\n<p style=\"text-align: center;\">Cargo de ACS &#8211; Resultado Preliminar da Fase Eliminat\u00f3ria de Comprova\u00e7\u00e3o de Resid\u00eancia, de 28\/11\/2022<br>\n<a href=\"http:\/\/concursos2.fadesp.org.br\/pmparauapebas2022\/arquivos\/Cargo de ACS - Resultado Preliminar da Fase Eliminat\u00f3ria de Comprova\u00e7\u00e3o de Resid\u00eancia.pdf\"><b>(Clique Aqui)<\/b><\/a><\/p>\n<p style=\"text-align: center;\">Cargo de ACS &#8211; Resultado Definitivo de Inscri\u00e7\u00f5es Deferidas, de 18\/11\/2022<br>\n<a href=\"http:\/\/concursos2.fadesp.org.br\/pmparauapebas2022\/arquivos\/Cargo de ACS - Resultado Definitivo de Inscri\u00e7\u00f5es Deferidas.pdf\"><b>(Clique Aqui)<\/b><\/a><\/p>\n<p style=\"text-align: center;\">Cargos de N\u00edvel M\u00e9dio \u2013 Exceto ACS &#8211; Resultado Definitivo de Inscri\u00e7\u00f5es Deferidas, de 18\/11\/2022<br>\n<a href=\"http:\/\/concursos2.fadesp.org.br\/pmparauapebas2022\/arquivos\/Cargos de N\u00edvel M\u00e9dio - Exceto ACS - Resultado Definitivo de Inscri\u00e7\u00f5es Deferidas.pdf\"><b>(Clique Aqui)<\/b><\/a><\/p>\n<p style=\"text-align: center;\">Cargos de Professor &#8211; Resultado Definitivo de Inscri\u00e7\u00f5es Deferidas, de 18\/11\/2022<br>\n<a href=\"http:\/\/concursos2.fadesp.org.br\/pmparauapebas2022\/arquivos\/Cargos de Professor - Resultado Definitivo de Inscri\u00e7\u00f5es Deferidas.pdf\"><b>(Clique Aqui)<\/b><\/a><\/p>\n<p style=\"text-align: center;\">Resultado Definitivo de Concorrentes \u00e0 Reserva de Vagas de Negros, de 18\/11\/2022<br>\n<a href=\"http:\/\/concursos2.fadesp.org.br\/pmparauapebas2022\/arquivos\/Resultado Definitivo de Concorrentes \u00e0 Reserva de Vagas de Negros.pdf\"><b>(Clique Aqui)<\/b><\/a><\/p>\n<p style=\"text-align: center;\">Resultado Definitivo de Lactantes, de 18\/11\/2022<br>\n<a href=\"http:\/\/concursos2.fadesp.org.br\/pmparauapebas2022\/arquivos\/Resultado Definitivo de Lactantes.pdf\"><b>(Clique Aqui)<\/b><\/a><\/p>\n<p style=\"text-align: center;\">Resultado Definitivo de PcD Concorrentes, de 18\/11\/2022<br>\n<a href=\"http:\/\/concursos2.fadesp.org.br\/pmparauapebas2022\/arquivos\/Resultado Definitivo de PcD Concorrentes.pdf\"><b>(Clique Aqui)<\/b><\/a><\/p>\n<p style=\"text-align: center;\">Resultado Definitivo de Atendimentos Especiais, de 18\/11\/2022<br>\n<a href=\"http:\/\/concursos2.fadesp.org.br\/pmparauapebas2022\/arquivos\/Resultado Defitivo de Atendimentos Especiais.pdf\"><b>(Clique Aqui)<\/b><\/a><\/p>\n<p style=\"text-align: center;\">Resultado Definitivo de PcD Com Tempo Adicional, de 18\/11\/2022<br>\n<a href=\"http:\/\/concursos2.fadesp.org.br\/pmparauapebas2022\/arquivos\/Resultado Definitivo de PcD Com Tempo Adicional.pdf\"><b>(Clique Aqui)<\/b><\/a><\/p>\n<p style=\"text-align: center;\">Edital n\u00b0 02\/2022\/PMP &#8211; Convoca\u00e7\u00e3o de ACS Para Comprova\u00e7\u00e3o de Endere\u00e7o, de 14\/11\/2022<br>\n<a href=\"http:\/\/concursos2.fadesp.org.br\/pmparauapebas2022\/arquivos\/Edital n\u00b0 02_2022_PMP _ Convoca\u00e7\u00e3o de ACS Para Comprova\u00e7\u00e3o de Endere\u00e7o.pdf\" target=\"_blank\" rel=\"noopener\"><b>(Clique Aqui)<\/b><\/a><\/p>\n<p style=\"text-align: center;\">Cargo de ACS &#8211; Resultado Preliminar de Inscri\u00e7\u00f5es Deferidas, de 14\/11\/2022<br>\n<a href=\"http:\/\/concursos2.fadesp.org.br\/pmparauapebas2022\/arquivos\/Cargo de ACS - Resultado Preliminar de Inscri\u00e7\u00f5es Deferidas.pdf\"><b>(Clique Aqui)<\/b><\/a><\/p>\n<p style=\"text-align: center;\">Cargos de N\u00edvel M\u00e9dio \u2013 Exceto ACS &#8211; Resultado Preliminar de Inscri\u00e7\u00f5es Deferidas, de 14\/11\/2022<br>\n<a href=\"http:\/\/concursos2.fadesp.org.br\/pmparauapebas2022\/arquivos\/Cargos de N\u00edvel M\u00e9dio - Exceto ACS - Resultado Preliminar de Inscri\u00e7\u00f5es Deferidas.pdf\"><b>(Clique Aqui)<\/b><\/a><\/p>\n<p style=\"text-align: center;\">Cargos de Professor &#8211; Resultado Preliminar de Inscri\u00e7\u00f5es Deferidas, de 14\/11\/2022<br>\n<a href=\"http:\/\/concursos2.fadesp.org.br\/pmparauapebas2022\/arquivos\/Cargos de Professor - Resultado Preliminar de Inscri\u00e7\u00f5es Deferidas.pdf\"><b>(Clique Aqui)<\/b><\/a><\/p>\n<p style=\"text-align: center;\">Resultado Preliminar de Concorrentes \u00e0 Reserva de Vagas de Negros, de 14\/11\/2022<br>\n<a href=\"http:\/\/concursos2.fadesp.org.br\/pmparauapebas2022\/arquivos\/Resultado Preliminar de Concorrentes \u00e0 Reserva de Vagas de Negros.pdf\"><b>(Clique Aqui)<\/b><\/a><\/p>\n<p style=\"text-align: center;\">Resultado Preliminar de Lactantes, de 14\/11\/2022<br>\n<a href=\"http:\/\/concursos2.fadesp.org.br\/pmparauapebas2022\/arquivos\/Resultado Preliminar de Lactantes.pdf\"><b>(Clique Aqui)<\/b><\/a><\/p>\n<p style=\"text-align: center;\">Resultado Preliminar de PcD Concorrentes, de 14\/11\/2022<br>\n<a href=\"http:\/\/concursos2.fadesp.org.br\/pmparauapebas2022\/arquivos\/Resultado Preliminar de PcD Concorrentes.pdf\"><b>(Clique Aqui)<\/b><\/a><\/p>\n<p style=\"text-align: center;\">Resultado Preliminar de Atendimentos Especiais, de 14\/11\/2022<br>\n<a href=\"http:\/\/concursos2.fadesp.org.br\/pmparauapebas2022\/arquivos\/Resultado Preliminar de Atendimentos Especiais.pdf\"><b>(Clique Aqui)<\/b><\/a><\/p>\n<p style=\"text-align: center;\">Resultado Preliminar de PcD Com Tempo Adicional, de 14\/11\/2022<br>\n<a href=\"http:\/\/concursos2.fadesp.org.br\/pmparauapebas2022\/arquivos\/Resultado Preliminar de PcD Com Tempo Adicional.pdf\"><b>(Clique Aqui)<\/b><\/a><\/p>\n<p style=\"text-align: center;\">2\u00aa Errata do Edital de Abertura, de 11\/11\/2022<br>\n<a href=\"http:\/\/concursos2.fadesp.org.br\/pmparauapebas2022\/arquivos\/2022.11.11.EDOMP.EXTRA.pdf\"><b>(Clique Aqui)<\/b><\/a><\/p>\n<p style=\"text-align: center;\">Resultado Definitivo da Solicita\u00e7\u00e3o de Isen\u00e7\u00e3o de Taxa de Inscri\u00e7\u00e3o para PcD, de 03\/11\/2022<br>\n<a href=\"http:\/\/concursos2.fadesp.org.br\/pmparauapebas2022\/arquivos\/Resultado Definitivo de Isen\u00e7\u00e3o de Taxa de Inscri\u00e7\u00e3o para PcD.pdf\"><b>(Clique Aqui)<\/b><\/a><\/p>\n<p style=\"text-align: center;\">Resultado Preliminar da Solicita\u00e7\u00e3o de Isen\u00e7\u00e3o de Taxa de Inscri\u00e7\u00e3o para PcD, de 26\/10\/2022<br>\n<a href=\"http:\/\/concursos2.fadesp.org.br\/pmparauapebas2022\/arquivos\/Resultado Preliminar de Isen\u00e7\u00e3o de Taxa de Inscri\u00e7\u00e3o para PcD.pdf\"><b>(Clique Aqui)<\/b><\/a><\/p>\n<p style=\"text-align: center;\">Errata Edital N\u00ba 01\/2022, de 19\/10\/2022<br>\n<a href=\"http:\/\/concursos2.fadesp.org.br\/pmparauapebas2022\/arquivos\/ERRATA EDITAL N\u00ba 001-2022.pdf\"><b>(Clique Aqui)<\/b><\/a><\/p>\n<p style=\"text-align: center;\">Errata Edital N\u00ba 01\/2022 &#8211; Di\u00e1rio Oficial Municipal, de 19\/10\/2022<br>\n<a href=\"http:\/\/concursos2.fadesp.org.br\/pmparauapebas2022\/arquivos\/ERRATA EDITAL N\u00ba 001-2022_PDF_DI\u00c1RIO OFICIAL DO MUNICIPAL.pdf\"><b>(Clique Aqui)<\/b><\/a><\/p>\n<p style=\"text-align: center;\">Edital n\u00ba 01\/2022, de 11\/10\/2022 <a href=\"http:\/\/concursos2.fadesp.org.br\/pmparauapebas2022\/arquivos\/Edital n\u00b0 01_2022_PMP 11-10-2022.pdf\"><b>(Clique Aqui)<\/b><\/a><\/p>\n<p style=\"text-align: center;\">Lei que Regulamenta o Sistema de Transporte do Munic\u00edpio de Parauapebas <a href=\"https:\/\/sapl.parauapebas.pa.leg.br\/norma\/pesquisar?tipo=1&amp;numero=4551&amp;ano=&amp;data_0=&amp;data_1=&amp;data_publicacao_0=&amp;data_publicacao_1=&amp;ementa=&amp;assuntos=&amp;data_vigencia_0=&amp;data_vigencia_1=&amp;orgao=&amp;o=&amp;indexacao=&amp;autorianorma__autor=&amp;autorianorma__primeiro_autor=unknown&amp;autorianorma__autor__tipo=&amp;autorianorma__autor__parlamentar_set__filiacao__partido=&amp;salvar=Pesquisar\"><b>(Clique Aqui)<\/b><\/a><\/p>\n<p style=\"text-align: center;\">Di\u00e1rio Municipal de Parauapebas, de 11\/10\/2022 <a href=\"http:\/\/concursos2.fadesp.org.br\/pmparauapebas2022\/arquivos\/EDOMP.EXTRA-EDITALCONCURSOPMP.pdf\"><b>(Clique Aqui)<\/b><\/a><\/p>\n<p style=\"text-align: center;\">Lei n\u00ba 4.283 (31\/12\/2004) &#8211; C\u00f3digo de Posturas Municipais &#8211; <b>Retificado<\/b> em 28\/10\/2022 <a href=\"https:\/\/sapl.parauapebas.pa.leg.br\/norma\/pesquisar?tipo=&amp;numero=4283&amp;ano=&amp;data_0=&amp;data_1=&amp;data_publicacao_0=&amp;data_publicacao_1=&amp;ementa=&amp;assuntos=&amp;data_vigencia_0=&amp;data_vigencia_1=&amp;orgao=&amp;o=&amp;indexacao=&amp;autorianorma__autor=&amp;autorianorma__primeiro_autor=unknown&amp;autorianorma__autor__tipo=&amp;autorianorma__autor__parlamentar_set__filiacao__partido=&amp;salvar=Pesquisar\"><b>(Clique Aqui)<\/b><\/a><\/p>\n<p style=\"text-align: center;\">Estatuto dos Servidores do Munic\u00edpio de Parauapebas <a href=\"https:\/\/leismunicipais.com.br\/a1\/estatuto-do-servidor-funcionario-publico-parauapebas-pa\"><b>(Clique Aqui)<\/b><\/a><\/p>\n<p style=\"text-align: center;\">Lei Org\u00e2nica do Munic\u00edpio de Parauapebas <a href=\"https:\/\/sapl.parauapebas.pa.leg.br\/norma\/pesquisar?tipo=6&amp;numero=&amp;ano=&amp;data_0=&amp;data_1=&amp;data_publicacao_0=&amp;data_publicacao_1=&amp;ementa=&amp;assuntos=&amp;data_vigencia_0=&amp;data_vigencia_1=&amp;orgao=&amp;o=&amp;indexacao=&amp;autorianorma__autor=&amp;autorianorma__primeiro_autor=unknown&amp;autorianorma__autor__tipo=&amp;autorianorma__autor__parlamentar_set__filiacao__partido=&amp;salvar=Pesquisar\"><b>(Clique Aqui)<\/b><\/a><\/p>\t\t\t\t\t\t\t\t<\/div>\n\t\t\t\t<\/div>\n\t\t\t\t\t<\/div>\n\t\t<\/div>\n\t\t\t\t\t<\/div>\n\t\t<\/section>\n\t\t\t\t\t<\/div>\n\t\t<\/div>\n\t\t\t\t\t<\/div>\n\t\t<\/section>\n\t\t\t\t<\/div>\n\t\t","protected":false},"excerpt":{"rendered":"<p>Concurso P\u00fablico da Prefeitura Municipal de Parauapebas (2022) O Prefeito Municipal de Parauapebas, no uso de suas atribui\u00e7\u00f5es, torna p\u00fablica a realiza\u00e7\u00e3o do\u00a0Concurso P\u00fablico\u00a0destinado ao preenchimento de vagas\u00a0de cargos do quadro de pessoal efetivo da Prefeitura, mediante as condi\u00e7\u00f5es estabelecidas no edital. Vagas: 347 (trezentos e quarenta e sete) Cargos: &#8211; N\u00edvel Superior: Professor \u00c1rea [&hellip;]<\/p>\n","protected":false},"author":12,"featured_media":0,"parent":329,"menu_order":0,"comment_status":"closed","ping_status":"closed","template":"","meta":{"_monsterinsights_skip_tracking":false,"_monsterinsights_sitenote_active":false,"_monsterinsights_sitenote_note":"","_monsterinsights_sitenote_category":0,"footnotes":""},"class_list":["post-32620","page","type-page","status-publish","hentry","entry"],"yoast_head":"<!-- This site is optimized with the Yoast SEO plugin v25.1 - https:\/\/yoast.com\/wordpress\/plugins\/seo\/ -->\n<title>Concurso P\u00fablico da Prefeitura Municipal de Parauapebas (2022)\u200b - FADESP<\/title>\n<meta name=\"robots\" content=\"index, follow, max-snippet:-1, max-image-preview:large, max-video-preview:-1\" \/>\n<link rel=\"canonical\" href=\"https:\/\/portalfadesp.org.br\/?page_id=32620\" \/>\n<meta property=\"og:locale\" content=\"pt_BR\" \/>\n<meta property=\"og:type\" content=\"article\" \/>\n<meta property=\"og:title\" content=\"Concurso P\u00fablico da Prefeitura Municipal de Parauapebas (2022)\u200b - FADESP\" \/>\n<meta property=\"og:description\" content=\"Concurso P\u00fablico da Prefeitura Municipal de Parauapebas (2022) O Prefeito Municipal de Parauapebas, no uso de suas atribui\u00e7\u00f5es, torna p\u00fablica a realiza\u00e7\u00e3o do\u00a0Concurso P\u00fablico\u00a0destinado ao preenchimento de vagas\u00a0de cargos do quadro de pessoal efetivo da Prefeitura, mediante as condi\u00e7\u00f5es estabelecidas no edital. Vagas: 347 (trezentos e quarenta e sete) Cargos: &#8211; N\u00edvel Superior: Professor \u00c1rea [&hellip;]\" \/>\n<meta property=\"og:url\" content=\"https:\/\/portalfadesp.org.br\/?page_id=32620\" \/>\n<meta property=\"og:site_name\" content=\"FADESP\" \/>\n<meta property=\"article:publisher\" content=\"https:\/\/www.facebook.com\/Fadesp-138351949524662\/\" \/>\n<meta property=\"article:modified_time\" content=\"2023-03-14T15:36:11+00:00\" \/>\n<meta name=\"twitter:card\" content=\"summary_large_image\" \/>\n<meta name=\"twitter:site\" content=\"@Fadesp\" \/>\n<meta name=\"twitter:label1\" content=\"Est. tempo de leitura\" \/>\n\t<meta name=\"twitter:data1\" content=\"7 minutos\" \/>\n<script type=\"application\/ld+json\" class=\"yoast-schema-graph\">{\"@context\":\"https:\/\/schema.org\",\"@graph\":[{\"@type\":\"WebPage\",\"@id\":\"https:\/\/portalfadesp.org.br\/?page_id=32620\",\"url\":\"https:\/\/portalfadesp.org.br\/?page_id=32620\",\"name\":\"Concurso P\u00fablico da Prefeitura Municipal de Parauapebas (2022)\u200b - FADESP\",\"isPartOf\":{\"@id\":\"https:\/\/portalfadesp.org.br\/#website\"},\"datePublished\":\"2022-10-11T18:01:00+00:00\",\"dateModified\":\"2023-03-14T15:36:11+00:00\",\"breadcrumb\":{\"@id\":\"https:\/\/portalfadesp.org.br\/?page_id=32620#breadcrumb\"},\"inLanguage\":\"pt-BR\",\"potentialAction\":[{\"@type\":\"ReadAction\",\"target\":[\"https:\/\/portalfadesp.org.br\/?page_id=32620\"]}]},{\"@type\":\"BreadcrumbList\",\"@id\":\"https:\/\/portalfadesp.org.br\/?page_id=32620#breadcrumb\",\"itemListElement\":[{\"@type\":\"ListItem\",\"position\":1,\"name\":\"In\u00edcio\",\"item\":\"https:\/\/portalfadesp.org.br\/\"},{\"@type\":\"ListItem\",\"position\":2,\"name\":\"Concursos &#8211; Homologados\",\"item\":\"https:\/\/portalfadesp.org.br\/?page_id=329\"},{\"@type\":\"ListItem\",\"position\":3,\"name\":\"Concurso P\u00fablico da Prefeitura Municipal de Parauapebas (2022)\u200b\"}]},{\"@type\":\"WebSite\",\"@id\":\"https:\/\/portalfadesp.org.br\/#website\",\"url\":\"https:\/\/portalfadesp.org.br\/\",\"name\":\"FADESP\",\"description\":\"Funda\u00e7\u00e3o de Amparo e Desenvolvimento da Pesquisa\",\"publisher\":{\"@id\":\"https:\/\/portalfadesp.org.br\/#organization\"},\"potentialAction\":[{\"@type\":\"SearchAction\",\"target\":{\"@type\":\"EntryPoint\",\"urlTemplate\":\"https:\/\/portalfadesp.org.br\/?s={search_term_string}\"},\"query-input\":{\"@type\":\"PropertyValueSpecification\",\"valueRequired\":true,\"valueName\":\"search_term_string\"}}],\"inLanguage\":\"pt-BR\"},{\"@type\":\"Organization\",\"@id\":\"https:\/\/portalfadesp.org.br\/#organization\",\"name\":\"FADESP\",\"url\":\"https:\/\/portalfadesp.org.br\/\",\"logo\":{\"@type\":\"ImageObject\",\"inLanguage\":\"pt-BR\",\"@id\":\"https:\/\/portalfadesp.org.br\/#\/schema\/logo\/image\/\",\"url\":\"https:\/\/portalfadesp.org.br\/wp-content\/uploads\/2024\/01\/NOVOLOGOFADESPlaranjaH.png\",\"contentUrl\":\"https:\/\/portalfadesp.org.br\/wp-content\/uploads\/2024\/01\/NOVOLOGOFADESPlaranjaH.png\",\"width\":2742,\"height\":839,\"caption\":\"FADESP\"},\"image\":{\"@id\":\"https:\/\/portalfadesp.org.br\/#\/schema\/logo\/image\/\"},\"sameAs\":[\"https:\/\/www.facebook.com\/Fadesp-138351949524662\/\",\"https:\/\/x.com\/Fadesp\",\"https:\/\/www.instagram.com\/fadesp_ufpa\/\",\"https:\/\/www.youtube.com\/@fundacaodeamparoedesenvolv1903\",\"https:\/\/www.threads.net\/@fadesp_ufpa\"]}]}<\/script>\n<!-- \/ Yoast SEO plugin. -->","yoast_head_json":{"title":"Concurso P\u00fablico da Prefeitura Municipal de Parauapebas (2022)\u200b - FADESP","robots":{"index":"index","follow":"follow","max-snippet":"max-snippet:-1","max-image-preview":"max-image-preview:large","max-video-preview":"max-video-preview:-1"},"canonical":"https:\/\/portalfadesp.org.br\/?page_id=32620","og_locale":"pt_BR","og_type":"article","og_title":"Concurso P\u00fablico da Prefeitura Municipal de Parauapebas (2022)\u200b - FADESP","og_description":"Concurso P\u00fablico da Prefeitura Municipal de Parauapebas (2022) O Prefeito Municipal de Parauapebas, no uso de suas atribui\u00e7\u00f5es, torna p\u00fablica a realiza\u00e7\u00e3o do\u00a0Concurso P\u00fablico\u00a0destinado ao preenchimento de vagas\u00a0de cargos do quadro de pessoal efetivo da Prefeitura, mediante as condi\u00e7\u00f5es estabelecidas no edital. Vagas: 347 (trezentos e quarenta e sete) Cargos: &#8211; N\u00edvel Superior: Professor \u00c1rea [&hellip;]","og_url":"https:\/\/portalfadesp.org.br\/?page_id=32620","og_site_name":"FADESP","article_publisher":"https:\/\/www.facebook.com\/Fadesp-138351949524662\/","article_modified_time":"2023-03-14T15:36:11+00:00","twitter_card":"summary_large_image","twitter_site":"@Fadesp","twitter_misc":{"Est. tempo de leitura":"7 minutos"},"schema":{"@context":"https:\/\/schema.org","@graph":[{"@type":"WebPage","@id":"https:\/\/portalfadesp.org.br\/?page_id=32620","url":"https:\/\/portalfadesp.org.br\/?page_id=32620","name":"Concurso P\u00fablico da Prefeitura Municipal de Parauapebas (2022)\u200b - FADESP","isPartOf":{"@id":"https:\/\/portalfadesp.org.br\/#website"},"datePublished":"2022-10-11T18:01:00+00:00","dateModified":"2023-03-14T15:36:11+00:00","breadcrumb":{"@id":"https:\/\/portalfadesp.org.br\/?page_id=32620#breadcrumb"},"inLanguage":"pt-BR","potentialAction":[{"@type":"ReadAction","target":["https:\/\/portalfadesp.org.br\/?page_id=32620"]}]},{"@type":"BreadcrumbList","@id":"https:\/\/portalfadesp.org.br\/?page_id=32620#breadcrumb","itemListElement":[{"@type":"ListItem","position":1,"name":"In\u00edcio","item":"https:\/\/portalfadesp.org.br\/"},{"@type":"ListItem","position":2,"name":"Concursos &#8211; Homologados","item":"https:\/\/portalfadesp.org.br\/?page_id=329"},{"@type":"ListItem","position":3,"name":"Concurso P\u00fablico da Prefeitura Municipal de Parauapebas (2022)\u200b"}]},{"@type":"WebSite","@id":"https:\/\/portalfadesp.org.br\/#website","url":"https:\/\/portalfadesp.org.br\/","name":"FADESP","description":"Funda\u00e7\u00e3o de Amparo e Desenvolvimento da Pesquisa","publisher":{"@id":"https:\/\/portalfadesp.org.br\/#organization"},"potentialAction":[{"@type":"SearchAction","target":{"@type":"EntryPoint","urlTemplate":"https:\/\/portalfadesp.org.br\/?s={search_term_string}"},"query-input":{"@type":"PropertyValueSpecification","valueRequired":true,"valueName":"search_term_string"}}],"inLanguage":"pt-BR"},{"@type":"Organization","@id":"https:\/\/portalfadesp.org.br\/#organization","name":"FADESP","url":"https:\/\/portalfadesp.org.br\/","logo":{"@type":"ImageObject","inLanguage":"pt-BR","@id":"https:\/\/portalfadesp.org.br\/#\/schema\/logo\/image\/","url":"https:\/\/portalfadesp.org.br\/wp-content\/uploads\/2024\/01\/NOVOLOGOFADESPlaranjaH.png","contentUrl":"https:\/\/portalfadesp.org.br\/wp-content\/uploads\/2024\/01\/NOVOLOGOFADESPlaranjaH.png","width":2742,"height":839,"caption":"FADESP"},"image":{"@id":"https:\/\/portalfadesp.org.br\/#\/schema\/logo\/image\/"},"sameAs":["https:\/\/www.facebook.com\/Fadesp-138351949524662\/","https:\/\/x.com\/Fadesp","https:\/\/www.instagram.com\/fadesp_ufpa\/","https:\/\/www.youtube.com\/@fundacaodeamparoedesenvolv1903","https:\/\/www.threads.net\/@fadesp_ufpa"]}]}},"_links":{"self":[{"href":"https:\/\/portalfadesp.org.br\/index.php?rest_route=\/wp\/v2\/pages\/32620","targetHints":{"allow":["GET"]}}],"collection":[{"href":"https:\/\/portalfadesp.org.br\/index.php?rest_route=\/wp\/v2\/pages"}],"about":[{"href":"https:\/\/portalfadesp.org.br\/index.php?rest_route=\/wp\/v2\/types\/page"}],"author":[{"embeddable":true,"href":"https:\/\/portalfadesp.org.br\/index.php?rest_route=\/wp\/v2\/users\/12"}],"replies":[{"embeddable":true,"href":"https:\/\/portalfadesp.org.br\/index.php?rest_route=%2Fwp%2Fv2%2Fcomments&post=32620"}],"version-history":[{"count":231,"href":"https:\/\/portalfadesp.org.br\/index.php?rest_route=\/wp\/v2\/pages\/32620\/revisions"}],"predecessor-version":[{"id":40275,"href":"https:\/\/portalfadesp.org.br\/index.php?rest_route=\/wp\/v2\/pages\/32620\/revisions\/40275"}],"up":[{"embeddable":true,"href":"https:\/\/portalfadesp.org.br\/index.php?rest_route=\/wp\/v2\/pages\/329"}],"wp:attachment":[{"href":"https:\/\/portalfadesp.org.br\/index.php?rest_route=%2Fwp%2Fv2%2Fmedia&parent=32620"}],"curies":[{"name":"wp","href":"https:\/\/api.w.org\/{rel}","templated":true}]}}