{"id":32581,"date":"2022-09-28T10:34:00","date_gmt":"2022-09-28T13:34:00","guid":{"rendered":"https:\/\/portalfadesp2.fadesp.org.br\/?page_id=32581"},"modified":"2022-12-20T09:48:00","modified_gmt":"2022-12-20T12:48:00","slug":"pagina_modelo-19-12-14-15","status":"publish","type":"page","link":"https:\/\/portalfadesp.org.br\/?page_id=32581","title":{"rendered":"Exame de Profici\u00eancia em Leitura em L\u00ednguas Estrangeiras &#8211; 2022\/2 PROFILE\u200b"},"content":{"rendered":"\t\t<div data-elementor-type=\"wp-post\" data-elementor-id=\"32581\" class=\"elementor elementor-32581\" data-elementor-post-type=\"page\">\n\t\t\t\t\t\t<section class=\"elementor-section elementor-top-section elementor-element elementor-element-1f2996d1 elementor-section-boxed elementor-section-height-default elementor-section-height-default\" data-id=\"1f2996d1\" data-element_type=\"section\">\n\t\t\t\t\t\t<div class=\"elementor-container elementor-column-gap-default\">\n\t\t\t\t\t<div class=\"elementor-column elementor-col-100 elementor-top-column elementor-element elementor-element-59a4b3f8\" data-id=\"59a4b3f8\" data-element_type=\"column\">\n\t\t\t<div class=\"elementor-widget-wrap elementor-element-populated\">\n\t\t\t\t\t\t<div class=\"elementor-element elementor-element-799471af elementor-widget elementor-widget-heading\" data-id=\"799471af\" data-element_type=\"widget\" data-widget_type=\"heading.default\">\n\t\t\t\t<div class=\"elementor-widget-container\">\n\t\t\t\t\t<h1 class=\"elementor-heading-title elementor-size-default\">Exame de Profici\u00eancia em Leitura em L\u00ednguas Estrangeiras - 2022\/2 PROFILE<\/h1>\t\t\t\t<\/div>\n\t\t\t\t<\/div>\n\t\t\t\t<section class=\"elementor-section elementor-inner-section elementor-element elementor-element-336311f elementor-section-boxed elementor-section-height-default elementor-section-height-default\" data-id=\"336311f\" data-element_type=\"section\">\n\t\t\t\t\t\t<div class=\"elementor-container elementor-column-gap-default\">\n\t\t\t\t\t<div class=\"elementor-column elementor-col-50 elementor-inner-column elementor-element elementor-element-75ca0dc3\" data-id=\"75ca0dc3\" data-element_type=\"column\">\n\t\t\t<div class=\"elementor-widget-wrap elementor-element-populated\">\n\t\t\t\t\t\t<div class=\"elementor-element elementor-element-425a3096 elementor-widget elementor-widget-text-editor\" data-id=\"425a3096\" data-element_type=\"widget\" data-widget_type=\"text-editor.default\">\n\t\t\t\t<div class=\"elementor-widget-container\">\n\t\t\t\t\t\t\t\t\t<p style=\"margin-top: 0px; font-variant-ligatures: normal; font-variant-caps: normal; font-size: 14px; font-style: normal; font-weight: 400; font-family: Lato, Montserrat, 'sans-serif' !important;\">A coordenadora do PROFILE, Profa. Dra. Cristina Vasconcelos Porto, por meio da Faculdade de Letras Estrangeiras Modernas (FALEM), da Universidade Federal do Par\u00e1, publica inscri\u00e7\u00f5es abertas para a Profici\u00eancia em Leitura em L\u00ednguas Estrangeiras\u00a0<span style=\"font-family: inherit; font-size: 14px; font-weight: bolder;\">para os candidatos a Programas de P\u00f3s-Gradua\u00e7\u00e3o strictu sensu (Mestrado e\/ou Doutorado).<\/span>\u00a0Confira todas informa\u00e7\u00f5es no edital em anexo.<\/p><p style=\"margin-top: 0px; font-variant-ligatures: normal; font-variant-caps: normal; font-size: 14px; font-style: normal; font-weight: 400; font-family: Lato, Montserrat, 'sans-serif' !important;\"><span style=\"font-family: inherit; font-size: 14px; font-weight: bolder;\">Per\u00edodo de Inscri\u00e7\u00e3o:\u00a0<\/span>28 de setembro a 13 de outubro de 2022.<\/p><p style=\"margin-top: 0px; font-variant-ligatures: normal; font-variant-caps: normal; font-size: 14px; font-style: normal; font-weight: 400; font-family: Lato, Montserrat, 'sans-serif' !important;\"><span style=\"font-family: inherit; font-size: 14px; font-weight: bolder;\">Taxa de inscri\u00e7\u00e3o:<\/span>\u00a0R$60,00 (sessenta reais).<\/p><p style=\"margin-top: 0px; font-variant-ligatures: normal; font-variant-caps: normal; font-size: 14px; font-style: normal; font-weight: 400; font-family: Lato, Montserrat, 'sans-serif' !important;\"><span style=\"font-family: inherit; font-size: 14px; font-weight: bolder;\">Data da prova:<\/span>\u00a031 de outubro de 2022.<\/p><p style=\"margin-top: 0px; font-variant-ligatures: normal; font-variant-caps: normal; font-size: 14px; font-style: normal; font-weight: 400; font-family: Lato, Montserrat, 'sans-serif' !important;\"><span style=\"font-family: inherit; font-size: 14px; font-weight: bolder;\">Local e hor\u00e1rio das provas:<\/span>\u00a0As provas ser\u00e3o realizadas no Campus da<br \/>UFPA, na cidade de Bel\u00e9m\/PA. Os locais e hor\u00e1rios das provas ser\u00e3o<br \/>informados aos candidatos no site do PROFILE (profile.ufpa.br) a partir das 18h do dia 26 de outubro de 2022<\/p><p style=\"margin-top: 0px; font-variant-ligatures: normal; font-variant-caps: normal; font-size: 14px; font-style: normal; font-weight: 400; font-family: Lato, Montserrat, 'sans-serif' !important;\">Para realizar inscri\u00e7\u00e3o,\u00a0<span style=\"font-family: inherit; font-size: 14px; font-weight: bolder;\"><a style=\"font-size: 14px; color: #000000; font-family: Lato, Montserrat, 'sans-serif' !important;\" href=\"http:\/\/cursoseventos.fadesp.org.br\/gui\/PortalCursosEventos.aspx\">CLIQUE AQUI.<\/a><\/span><\/p><p style=\"margin-top: 0px; font-variant-ligatures: normal; font-variant-caps: normal; font-size: 14px; font-style: normal; font-weight: 400; font-family: Lato, Montserrat, 'sans-serif' !important;\"><span style=\"font-family: inherit; font-size: 14px; font-weight: bolder;\">Para mais informa\u00e7\u00f5es:<\/span><\/p><p style=\"margin-top: 0px; font-variant-ligatures: normal; font-variant-caps: normal; font-size: 14px; font-style: normal; font-weight: 400; font-family: Lato, Montserrat, 'sans-serif' !important;\">\u2013 Telefone: (91)3201-8779, no hor\u00e1rio de 10h \u00e0s 16h (segunda a sexta-<br \/>feira, exceto feriados).<\/p><p style=\"margin-top: 0px; font-variant-ligatures: normal; font-variant-caps: normal; font-size: 14px; font-style: normal; font-weight: 400; font-family: Lato, Montserrat, 'sans-serif' !important;\">\u2013 Site do PROFILE: profile.ufpa.br<br \/>\u2013 E-Mail: profile.falem@gmail.com<\/p>\t\t\t\t\t\t\t\t<\/div>\n\t\t\t\t<\/div>\n\t\t\t\t\t<\/div>\n\t\t<\/div>\n\t\t\t\t<div class=\"elementor-column elementor-col-50 elementor-inner-column elementor-element elementor-element-79608089\" data-id=\"79608089\" data-element_type=\"column\">\n\t\t\t<div class=\"elementor-widget-wrap elementor-element-populated\">\n\t\t\t\t\t\t<div class=\"elementor-element elementor-element-f73dfbf elementor-widget elementor-widget-text-editor\" data-id=\"f73dfbf\" data-element_type=\"widget\" data-widget_type=\"text-editor.default\">\n\t\t\t\t<div class=\"elementor-widget-container\">\n\t\t\t\t\t\t\t\t\t<p><strong>Editais\u00a0<\/strong><\/p>\t\t\t\t\t\t\t\t<\/div>\n\t\t\t\t<\/div>\n\t\t\t\t<div class=\"elementor-element elementor-element-89c7765 elementor-widget elementor-widget-text-editor\" data-id=\"89c7765\" data-element_type=\"widget\" data-widget_type=\"text-editor.default\">\n\t\t\t\t<div class=\"elementor-widget-container\">\n\t\t\t\t\t\t\t\t\t<p style=\"text-align: center;\"><span style=\"font-family: Lato, Montserrat, 'sans-serif'; font-size: 14px; font-style: normal; font-variant-ligatures: normal; font-variant-caps: normal; font-weight: 400;\">Edital 1\u00a0<\/span><span style=\"font-variant-ligatures: normal; font-variant-caps: normal; font-family: Lato, Montserrat, 'sans-serif'; font-size: 14px; font-style: normal; font-weight: bolder;\"><a style=\"font-size: 14px; color: #000000; font-family: Lato, Montserrat, 'sans-serif' !important;\" href=\"https:\/\/portalfadesp.org.br\/wp-content\/uploads\/2022\/09\/profileeditaloutubro2022.pdf\">(Clique aqui)<\/a><\/span><\/p>\t\t\t\t\t\t\t\t<\/div>\n\t\t\t\t<\/div>\n\t\t\t\t\t<\/div>\n\t\t<\/div>\n\t\t\t\t\t<\/div>\n\t\t<\/section>\n\t\t\t\t\t<\/div>\n\t\t<\/div>\n\t\t\t\t\t<\/div>\n\t\t<\/section>\n\t\t\t\t<\/div>\n\t\t","protected":false},"excerpt":{"rendered":"<p>Exame de Profici\u00eancia em Leitura em L\u00ednguas Estrangeiras &#8211; 2022\/2 PROFILE A coordenadora do PROFILE, Profa. Dra. Cristina Vasconcelos Porto, por meio da Faculdade de Letras Estrangeiras Modernas (FALEM), da Universidade Federal do Par\u00e1, publica inscri\u00e7\u00f5es abertas para a Profici\u00eancia em Leitura em L\u00ednguas Estrangeiras\u00a0para os candidatos a Programas de P\u00f3s-Gradua\u00e7\u00e3o strictu sensu (Mestrado e\/ou [&hellip;]<\/p>\n","protected":false},"author":12,"featured_media":0,"parent":0,"menu_order":0,"comment_status":"closed","ping_status":"closed","template":"","meta":{"_monsterinsights_skip_tracking":false,"_monsterinsights_sitenote_active":false,"_monsterinsights_sitenote_note":"","_monsterinsights_sitenote_category":0,"footnotes":""},"class_list":["post-32581","page","type-page","status-publish","hentry","entry"],"yoast_head":"<!-- This site is optimized with the Yoast SEO plugin v25.1 - https:\/\/yoast.com\/wordpress\/plugins\/seo\/ -->\n<title>Exame de Profici\u00eancia em Leitura em L\u00ednguas Estrangeiras - 2022\/2 PROFILE\u200b - FADESP<\/title>\n<meta name=\"robots\" content=\"index, follow, max-snippet:-1, max-image-preview:large, max-video-preview:-1\" \/>\n<link rel=\"canonical\" href=\"https:\/\/portalfadesp.org.br\/?page_id=32581\" \/>\n<meta property=\"og:locale\" content=\"pt_BR\" \/>\n<meta property=\"og:type\" content=\"article\" \/>\n<meta property=\"og:title\" content=\"Exame de Profici\u00eancia em Leitura em L\u00ednguas Estrangeiras - 2022\/2 PROFILE\u200b - FADESP\" \/>\n<meta property=\"og:description\" content=\"Exame de Profici\u00eancia em Leitura em L\u00ednguas Estrangeiras &#8211; 2022\/2 PROFILE A coordenadora do PROFILE, Profa. Dra. Cristina Vasconcelos Porto, por meio da Faculdade de Letras Estrangeiras Modernas (FALEM), da Universidade Federal do Par\u00e1, publica inscri\u00e7\u00f5es abertas para a Profici\u00eancia em Leitura em L\u00ednguas Estrangeiras\u00a0para os candidatos a Programas de P\u00f3s-Gradua\u00e7\u00e3o strictu sensu (Mestrado e\/ou [&hellip;]\" \/>\n<meta property=\"og:url\" content=\"https:\/\/portalfadesp.org.br\/?page_id=32581\" \/>\n<meta property=\"og:site_name\" content=\"FADESP\" \/>\n<meta property=\"article:publisher\" content=\"https:\/\/www.facebook.com\/Fadesp-138351949524662\/\" \/>\n<meta property=\"article:modified_time\" content=\"2022-12-20T12:48:00+00:00\" \/>\n<meta name=\"twitter:card\" content=\"summary_large_image\" \/>\n<meta name=\"twitter:site\" content=\"@Fadesp\" \/>\n<meta name=\"twitter:label1\" content=\"Est. tempo de leitura\" \/>\n\t<meta name=\"twitter:data1\" content=\"1 minuto\" \/>\n<script type=\"application\/ld+json\" class=\"yoast-schema-graph\">{\"@context\":\"https:\/\/schema.org\",\"@graph\":[{\"@type\":\"WebPage\",\"@id\":\"https:\/\/portalfadesp.org.br\/?page_id=32581\",\"url\":\"https:\/\/portalfadesp.org.br\/?page_id=32581\",\"name\":\"Exame de Profici\u00eancia em Leitura em L\u00ednguas Estrangeiras - 2022\/2 PROFILE\u200b - FADESP\",\"isPartOf\":{\"@id\":\"https:\/\/portalfadesp.org.br\/#website\"},\"datePublished\":\"2022-09-28T13:34:00+00:00\",\"dateModified\":\"2022-12-20T12:48:00+00:00\",\"breadcrumb\":{\"@id\":\"https:\/\/portalfadesp.org.br\/?page_id=32581#breadcrumb\"},\"inLanguage\":\"pt-BR\",\"potentialAction\":[{\"@type\":\"ReadAction\",\"target\":[\"https:\/\/portalfadesp.org.br\/?page_id=32581\"]}]},{\"@type\":\"BreadcrumbList\",\"@id\":\"https:\/\/portalfadesp.org.br\/?page_id=32581#breadcrumb\",\"itemListElement\":[{\"@type\":\"ListItem\",\"position\":1,\"name\":\"In\u00edcio\",\"item\":\"https:\/\/portalfadesp.org.br\/\"},{\"@type\":\"ListItem\",\"position\":2,\"name\":\"Exame de Profici\u00eancia em Leitura em L\u00ednguas Estrangeiras &#8211; 2022\/2 PROFILE\u200b\"}]},{\"@type\":\"WebSite\",\"@id\":\"https:\/\/portalfadesp.org.br\/#website\",\"url\":\"https:\/\/portalfadesp.org.br\/\",\"name\":\"FADESP\",\"description\":\"Funda\u00e7\u00e3o de Amparo e Desenvolvimento da Pesquisa\",\"publisher\":{\"@id\":\"https:\/\/portalfadesp.org.br\/#organization\"},\"potentialAction\":[{\"@type\":\"SearchAction\",\"target\":{\"@type\":\"EntryPoint\",\"urlTemplate\":\"https:\/\/portalfadesp.org.br\/?s={search_term_string}\"},\"query-input\":{\"@type\":\"PropertyValueSpecification\",\"valueRequired\":true,\"valueName\":\"search_term_string\"}}],\"inLanguage\":\"pt-BR\"},{\"@type\":\"Organization\",\"@id\":\"https:\/\/portalfadesp.org.br\/#organization\",\"name\":\"FADESP\",\"url\":\"https:\/\/portalfadesp.org.br\/\",\"logo\":{\"@type\":\"ImageObject\",\"inLanguage\":\"pt-BR\",\"@id\":\"https:\/\/portalfadesp.org.br\/#\/schema\/logo\/image\/\",\"url\":\"https:\/\/portalfadesp.org.br\/wp-content\/uploads\/2024\/01\/NOVOLOGOFADESPlaranjaH.png\",\"contentUrl\":\"https:\/\/portalfadesp.org.br\/wp-content\/uploads\/2024\/01\/NOVOLOGOFADESPlaranjaH.png\",\"width\":2742,\"height\":839,\"caption\":\"FADESP\"},\"image\":{\"@id\":\"https:\/\/portalfadesp.org.br\/#\/schema\/logo\/image\/\"},\"sameAs\":[\"https:\/\/www.facebook.com\/Fadesp-138351949524662\/\",\"https:\/\/x.com\/Fadesp\",\"https:\/\/www.instagram.com\/fadesp_ufpa\/\",\"https:\/\/www.youtube.com\/@fundacaodeamparoedesenvolv1903\",\"https:\/\/www.threads.net\/@fadesp_ufpa\"]}]}<\/script>\n<!-- \/ Yoast SEO plugin. -->","yoast_head_json":{"title":"Exame de Profici\u00eancia em Leitura em L\u00ednguas Estrangeiras - 2022\/2 PROFILE\u200b - FADESP","robots":{"index":"index","follow":"follow","max-snippet":"max-snippet:-1","max-image-preview":"max-image-preview:large","max-video-preview":"max-video-preview:-1"},"canonical":"https:\/\/portalfadesp.org.br\/?page_id=32581","og_locale":"pt_BR","og_type":"article","og_title":"Exame de Profici\u00eancia em Leitura em L\u00ednguas Estrangeiras - 2022\/2 PROFILE\u200b - FADESP","og_description":"Exame de Profici\u00eancia em Leitura em L\u00ednguas Estrangeiras &#8211; 2022\/2 PROFILE A coordenadora do PROFILE, Profa. Dra. Cristina Vasconcelos Porto, por meio da Faculdade de Letras Estrangeiras Modernas (FALEM), da Universidade Federal do Par\u00e1, publica inscri\u00e7\u00f5es abertas para a Profici\u00eancia em Leitura em L\u00ednguas Estrangeiras\u00a0para os candidatos a Programas de P\u00f3s-Gradua\u00e7\u00e3o strictu sensu (Mestrado e\/ou [&hellip;]","og_url":"https:\/\/portalfadesp.org.br\/?page_id=32581","og_site_name":"FADESP","article_publisher":"https:\/\/www.facebook.com\/Fadesp-138351949524662\/","article_modified_time":"2022-12-20T12:48:00+00:00","twitter_card":"summary_large_image","twitter_site":"@Fadesp","twitter_misc":{"Est. tempo de leitura":"1 minuto"},"schema":{"@context":"https:\/\/schema.org","@graph":[{"@type":"WebPage","@id":"https:\/\/portalfadesp.org.br\/?page_id=32581","url":"https:\/\/portalfadesp.org.br\/?page_id=32581","name":"Exame de Profici\u00eancia em Leitura em L\u00ednguas Estrangeiras - 2022\/2 PROFILE\u200b - FADESP","isPartOf":{"@id":"https:\/\/portalfadesp.org.br\/#website"},"datePublished":"2022-09-28T13:34:00+00:00","dateModified":"2022-12-20T12:48:00+00:00","breadcrumb":{"@id":"https:\/\/portalfadesp.org.br\/?page_id=32581#breadcrumb"},"inLanguage":"pt-BR","potentialAction":[{"@type":"ReadAction","target":["https:\/\/portalfadesp.org.br\/?page_id=32581"]}]},{"@type":"BreadcrumbList","@id":"https:\/\/portalfadesp.org.br\/?page_id=32581#breadcrumb","itemListElement":[{"@type":"ListItem","position":1,"name":"In\u00edcio","item":"https:\/\/portalfadesp.org.br\/"},{"@type":"ListItem","position":2,"name":"Exame de Profici\u00eancia em Leitura em L\u00ednguas Estrangeiras &#8211; 2022\/2 PROFILE\u200b"}]},{"@type":"WebSite","@id":"https:\/\/portalfadesp.org.br\/#website","url":"https:\/\/portalfadesp.org.br\/","name":"FADESP","description":"Funda\u00e7\u00e3o de Amparo e Desenvolvimento da Pesquisa","publisher":{"@id":"https:\/\/portalfadesp.org.br\/#organization"},"potentialAction":[{"@type":"SearchAction","target":{"@type":"EntryPoint","urlTemplate":"https:\/\/portalfadesp.org.br\/?s={search_term_string}"},"query-input":{"@type":"PropertyValueSpecification","valueRequired":true,"valueName":"search_term_string"}}],"inLanguage":"pt-BR"},{"@type":"Organization","@id":"https:\/\/portalfadesp.org.br\/#organization","name":"FADESP","url":"https:\/\/portalfadesp.org.br\/","logo":{"@type":"ImageObject","inLanguage":"pt-BR","@id":"https:\/\/portalfadesp.org.br\/#\/schema\/logo\/image\/","url":"https:\/\/portalfadesp.org.br\/wp-content\/uploads\/2024\/01\/NOVOLOGOFADESPlaranjaH.png","contentUrl":"https:\/\/portalfadesp.org.br\/wp-content\/uploads\/2024\/01\/NOVOLOGOFADESPlaranjaH.png","width":2742,"height":839,"caption":"FADESP"},"image":{"@id":"https:\/\/portalfadesp.org.br\/#\/schema\/logo\/image\/"},"sameAs":["https:\/\/www.facebook.com\/Fadesp-138351949524662\/","https:\/\/x.com\/Fadesp","https:\/\/www.instagram.com\/fadesp_ufpa\/","https:\/\/www.youtube.com\/@fundacaodeamparoedesenvolv1903","https:\/\/www.threads.net\/@fadesp_ufpa"]}]}},"_links":{"self":[{"href":"https:\/\/portalfadesp.org.br\/index.php?rest_route=\/wp\/v2\/pages\/32581","targetHints":{"allow":["GET"]}}],"collection":[{"href":"https:\/\/portalfadesp.org.br\/index.php?rest_route=\/wp\/v2\/pages"}],"about":[{"href":"https:\/\/portalfadesp.org.br\/index.php?rest_route=\/wp\/v2\/types\/page"}],"author":[{"embeddable":true,"href":"https:\/\/portalfadesp.org.br\/index.php?rest_route=\/wp\/v2\/users\/12"}],"replies":[{"embeddable":true,"href":"https:\/\/portalfadesp.org.br\/index.php?rest_route=%2Fwp%2Fv2%2Fcomments&post=32581"}],"version-history":[{"count":10,"href":"https:\/\/portalfadesp.org.br\/index.php?rest_route=\/wp\/v2\/pages\/32581\/revisions"}],"predecessor-version":[{"id":36110,"href":"https:\/\/portalfadesp.org.br\/index.php?rest_route=\/wp\/v2\/pages\/32581\/revisions\/36110"}],"wp:attachment":[{"href":"https:\/\/portalfadesp.org.br\/index.php?rest_route=%2Fwp%2Fv2%2Fmedia&parent=32581"}],"curies":[{"name":"wp","href":"https:\/\/api.w.org\/{rel}","templated":true}]}}