{"id":29303,"date":"2022-09-06T09:38:05","date_gmt":"2022-09-06T12:38:05","guid":{"rendered":"https:\/\/162.215.13.167?page_id=29303"},"modified":"2023-03-03T09:42:49","modified_gmt":"2023-03-03T12:42:49","slug":"pagina_modelo-19-12-14","status":"publish","type":"page","link":"https:\/\/portalfadesp.org.br\/?page_id=29303","title":{"rendered":"Processo Seletivo Especial IFPA 2023 (PROSEL IFPA)"},"content":{"rendered":"\t\t<div data-elementor-type=\"wp-post\" data-elementor-id=\"29303\" class=\"elementor elementor-29303\" data-elementor-post-type=\"page\">\n\t\t\t\t\t\t<section class=\"elementor-section elementor-top-section elementor-element elementor-element-1f2996d1 elementor-section-boxed elementor-section-height-default elementor-section-height-default\" data-id=\"1f2996d1\" data-element_type=\"section\">\n\t\t\t\t\t\t<div class=\"elementor-container elementor-column-gap-default\">\n\t\t\t\t\t<div class=\"elementor-column elementor-col-100 elementor-top-column elementor-element elementor-element-59a4b3f8\" data-id=\"59a4b3f8\" data-element_type=\"column\">\n\t\t\t<div class=\"elementor-widget-wrap elementor-element-populated\">\n\t\t\t\t\t\t<div class=\"elementor-element elementor-element-799471af elementor-widget elementor-widget-heading\" data-id=\"799471af\" data-element_type=\"widget\" data-widget_type=\"heading.default\">\n\t\t\t\t<div class=\"elementor-widget-container\">\n\t\t\t\t\t<h2 class=\"elementor-heading-title elementor-size-default\">Processo Seletivo Especial IFPA 2023 (PROSEL IFPA)<\/h2>\t\t\t\t<\/div>\n\t\t\t\t<\/div>\n\t\t\t\t<section class=\"elementor-section elementor-inner-section elementor-element elementor-element-336311f elementor-section-boxed elementor-section-height-default elementor-section-height-default\" data-id=\"336311f\" data-element_type=\"section\">\n\t\t\t\t\t\t<div class=\"elementor-container elementor-column-gap-default\">\n\t\t\t\t\t<div class=\"elementor-column elementor-col-50 elementor-inner-column elementor-element elementor-element-75ca0dc3\" data-id=\"75ca0dc3\" data-element_type=\"column\">\n\t\t\t<div class=\"elementor-widget-wrap elementor-element-populated\">\n\t\t\t\t\t\t<div class=\"elementor-element elementor-element-425a3096 elementor-widget elementor-widget-text-editor\" data-id=\"425a3096\" data-element_type=\"widget\" data-widget_type=\"text-editor.default\">\n\t\t\t\t<div class=\"elementor-widget-container\">\n\t\t\t\t\t\t\t\t\t<p>O Reitor do Instituto Federal de Educa\u00e7\u00e3o, Ci\u00eancia e Tecnologia do Par\u00e1 (IFPA), reconduzido por meio do Decreto Presidencial de 31 de julho de 2019, publicado no D.O.U. de 1\u00ba de agosto de 2019, se\u00e7\u00e3o 2, p\u00e1gina 1, no uso de suas atribui\u00e7\u00f5es legais e regimentares, por este ato administrativo, torna p\u00fablica a realiza\u00e7\u00e3o do Processo Seletivo Especial 2023 (PROSEL ESP IFPA 2023), destinado a selecionar candidatos para o provimento de vagas nos cursos presenciais de gradua\u00e7\u00e3o, em regime especial, mediante conv\u00eanio celebrado com a Secretaria de Estado de Ci\u00eancia, Tecnologia e Educa\u00e7\u00e3o Profissional e Tecnol\u00f3gica (SECTET). Os referidos cursos ser\u00e3o ofertados pelo Instituto Federal de Educa\u00e7\u00e3o, Ci\u00eancia e Tecnologia do Par\u00e1 (IFPA), mediante as condi\u00e7\u00f5es estabelecidas neste edital.<\/p><div><span style=\"font-family: verdana, sans-serif;\"><b>Cursos Ofertados \/ Vagas \/ Munic\u00edpios de realiza\u00e7\u00e3o da prova<\/b>:<br \/>&#8211; Gest\u00e3o Hospitalar &#8211; 50 vagas &#8211; Terra Alta<br \/>&#8211; Educa\u00e7\u00e3o do Campo &#8211; 50 vagas &#8211; Irituia<br \/>&#8211; Engenharia Civil &#8211; 50 vagas &#8211; Belterra<\/span><\/div><div><span style=\"font-family: verdana, sans-serif;\">&#8211; Agronomia &#8211; 50 vagas &#8211; Prainha<\/span><\/div><div><span style=\"font-family: verdana, sans-serif;\">&#8211; Engenharia Ambiental e Sanit\u00e1ria &#8211; 40 vagas &#8211; Ipixuna do Par\u00e1<\/span><\/div><div><span style=\"font-family: verdana, sans-serif;\">&#8211; Gest\u00e3o Ambiental &#8211; 40 vagas &#8211; Abaetetuba<\/span><\/div><div><span style=\"font-family: verdana, sans-serif;\">&#8211; Engenharia Sanit\u00e1ria e Ambiental &#8211; 40 vagas &#8211; Vigia<\/span><\/div><div>\u00a0<\/div><p><span style=\"font-family: verdana, sans-serif;\"><b>Total de Vagas<\/b>\u00a0\u2013 320<br \/><b>Taxa de inscri\u00e7\u00e3o<\/b>\u00a0\u2013 R$ 20,00<br \/><b>Per\u00edodo de Inscri\u00e7\u00e3o<\/b> \u2013 08\/09\/2022 a 14\/11\/2022<br \/><b>\u00daltimo dia de pagamento<\/b> \u2013 16\/11\/2022<\/span><\/p><p><span style=\"font-family: verdana, sans-serif;\"><strong>Realiza\u00e7\u00e3o da Prova Objetiva e de Reda\u00e7\u00e3o<\/strong> \u2013 04\/12\/2022<\/span><\/p>\t\t\t\t\t\t\t\t<\/div>\n\t\t\t\t<\/div>\n\t\t\t\t\t<\/div>\n\t\t<\/div>\n\t\t\t\t<div class=\"elementor-column elementor-col-50 elementor-inner-column elementor-element elementor-element-79608089\" data-id=\"79608089\" data-element_type=\"column\">\n\t\t\t<div class=\"elementor-widget-wrap elementor-element-populated\">\n\t\t\t\t\t\t<div class=\"elementor-element elementor-element-7ccac55 elementor-widget elementor-widget-text-editor\" data-id=\"7ccac55\" data-element_type=\"widget\" data-widget_type=\"text-editor.default\">\n\t\t\t\t<div class=\"elementor-widget-container\">\n\t\t\t\t\t\t\t\t\t<p><strong>Avisos<\/strong><\/p>\t\t\t\t\t\t\t\t<\/div>\n\t\t\t\t<\/div>\n\t\t\t\t<div class=\"elementor-element elementor-element-9ff0075 elementor-widget elementor-widget-text-editor\" data-id=\"9ff0075\" data-element_type=\"widget\" data-widget_type=\"text-editor.default\">\n\t\t\t\t<div class=\"elementor-widget-container\">\n\t\t\t\t\t\t\t\t\t<div class=\"botaoBug\" style=\"margin-bottom: 10px;\"><a href=\"http:\/\/concursos2.fadesp.org.br\/prosel\/2023\/ifpa\/web\/index.php\"><b>Respostas dos Recursos (clique aqui)<\/b><\/a><\/div>\n<div style=\"text-align:center\">A Habilita\u00e7\u00e3o ao V\u00ednculo Institucional ser\u00e1 divulgado no site oficial do IFPA http:\/\/www.prosel.ifpa.edu.br\nap\u00f3s a divulga\u00e7\u00e3o do resultado final. Tendo o candidato classificado de acompanhar este processo de\ndivulga\u00e7\u00e3o.<\/div>\t\t\t\t\t\t\t\t<\/div>\n\t\t\t\t<\/div>\n\t\t\t\t<div class=\"elementor-element elementor-element-f73dfbf elementor-widget elementor-widget-text-editor\" data-id=\"f73dfbf\" data-element_type=\"widget\" data-widget_type=\"text-editor.default\">\n\t\t\t\t<div class=\"elementor-widget-container\">\n\t\t\t\t\t\t\t\t\t<p><strong>Editais\u00a0<\/strong><\/p>\t\t\t\t\t\t\t\t<\/div>\n\t\t\t\t<\/div>\n\t\t\t\t<div class=\"elementor-element elementor-element-89c7765 elementor-widget elementor-widget-text-editor\" data-id=\"89c7765\" data-element_type=\"widget\" data-widget_type=\"text-editor.default\">\n\t\t\t\t<div class=\"elementor-widget-container\">\n\t\t\t\t\t\t\t\t\t<p style=\"text-align: center;\">Resultado final em ordem alfab\u00e9tica dos n\u00e3o eliminados, de 20\/01\/2023 <a href=\"http:\/\/concursos2.fadesp.org.br\/prosel\/2023\/ifpa\/arquivos\/Resultado final em ordem alfab\u00e9tica dos n\u00e3o eliminados.pdf\"><strong>(Clique Aqui)<\/strong><\/a><\/p><p style=\"text-align: center;\">Edital n\u00ba 33\/2023 Resultado Classificat\u00f3rio Final Definitivo, de 20\/01\/2023 <a href=\"http:\/\/concursos2.fadesp.org.br\/prosel\/2023\/ifpa\/arquivos\/Edital 33 Resultado Classificat\u00f3rio Final Definitivo.pdf\"><strong>(Clique Aqui)<\/strong><\/a><\/p><p style=\"text-align: center;\">Edital n\u00ba 32\/2023 Resultado Classificat\u00f3rio Final Preliminar, de 13\/01\/2022 <a href=\"http:\/\/concursos2.fadesp.org.br\/prosel\/2023\/ifpa\/arquivos\/Edital 32 Resultado Classificat\u00f3rio Final Preliminar.pdf\"><strong>(Clique Aqui)<\/strong><\/a><\/p><p style=\"text-align: center;\">Edital n\u00ba 31\/2023 Resultado Definitivo da Prova de Reda\u00e7\u00e3o, de 13\/01\/2022 <a href=\"http:\/\/concursos2.fadesp.org.br\/prosel\/2023\/ifpa\/arquivos\/Edital 31 Resultado Definitivo da Prova de Reda\u00e7\u00e3o.pdf\"><strong>(Clique Aqui)<\/strong><\/a><\/p><p style=\"text-align: center;\">Edital n\u00ba 30\/2022 Resultado Preliminar da Prova de Reda\u00e7\u00e3o, de 27\/12\/2022 <a href=\"http:\/\/concursos2.fadesp.org.br\/prosel\/2023\/ifpa\/arquivos\/Edital 30 Resultado Preliminar da Prova de Reda\u00e7\u00e3o.pdf\"><strong>(Clique Aqui)<\/strong><\/a><\/p><p style=\"text-align: center;\">Edital n\u00ba 29\/2022 Resultado Definitivo da Prova Objetiva e Aptos a Reda\u00e7\u00e3o, de 27\/12\/2022 <a href=\"http:\/\/concursos2.fadesp.org.br\/prosel\/2023\/ifpa\/arquivos\/Edital 29_IFPA_Resultado Definitivo da Prova Objetiva e Aptos a Reda\u00e7\u00e3o.pdf\"><strong>(Clique Aqui)<\/strong><\/a><\/p><p style=\"text-align: center;\">Edital n\u00ba 28\/2022 Resultado Preliminar da Prova Objetiva e Aptos a Reda\u00e7\u00e3o, de 19\/12\/2022 <a href=\"https:\/\/drive.google.com\/file\/d\/1psmeFjRK75LSCsQlxC0AFGzDgN6M2P4W\/view?usp=share_link\"><strong>(Clique Aqui)<\/strong><\/a><\/p><p style=\"text-align: center;\">Gabarito Oficial Definitivo, de 13\/12\/2022 <a href=\"http:\/\/concursos2.fadesp.org.br\/prosel\/2023\/ifpa\/arquivos\/GABARITO OFICIAL DEFINITIVO_PROSEL IFPA 2023.pdf\"><strong>(Clique aqui)<\/strong><\/a><\/p><p style=\"text-align: center;\">Gabarito Oficial Preliminar, de 05\/12\/2022 <a href=\"http:\/\/concursos2.fadesp.org.br\/prosel\/2023\/ifpa\/arquivos\/GABARITO OFICIAL PRELIMINAR_PROSEL 2023.pdf\"><strong>(Clique aqui)<\/strong><\/a><\/p><p style=\"text-align: center;\">Edital n\u00ba 27\/2022 &#8211; Resultado Definitivo de Atendimentos no Dia das Provas, de 22\/11\/2022 <a href=\"http:\/\/concursos2.fadesp.org.br\/prosel\/2023\/ifpa\/arquivos\/Edital 27 Resultado Definitivo de Atendimentos no Dia das Provas.pdf\"><strong>(Clique Aqui)<\/strong><\/a><\/p><p style=\"text-align: center;\">Edital n\u00ba 26\/2022 &#8211; Resultado Definitivo de PcD Concorrentes, de 22\/11\/2022 <a href=\"http:\/\/concursos2.fadesp.org.br\/prosel\/2023\/ifpa\/arquivos\/Edital 26 Resultado Definitivo de PcD Concorrentes.pdf\"><strong>(Clique Aqui)<\/strong><\/a><\/p><p style=\"text-align: center;\">Edital n\u00ba 25\/2022 &#8211; Resultado Definitivo das Inscri\u00e7\u00f5es Deferidas, de 22\/11\/2022 <a href=\"http:\/\/concursos2.fadesp.org.br\/prosel\/2023\/ifpa\/arquivos\/Edital 25 Resultado Definitivo das Inscri\u00e7\u00f5es Deferidas.pdf\"><strong>(Clique Aqui)<\/strong><\/a><\/p><p style=\"text-align: center;\">Edital n\u00ba 24\/2022 &#8211; Resultado Preliminar de Atendimentos no Dia das Provas, de 17\/11\/2022 <a href=\"http:\/\/concursos2.fadesp.org.br\/prosel\/2023\/ifpa\/arquivos\/Edital 24 Resultado Preliminar de Atendimentos no Dia das Provas.pdf\"><strong>(Clique Aqui)<\/strong><\/a><\/p><p style=\"text-align: center;\">Edital n\u00ba 23\/2022 &#8211; Resultado Preliminar de PcD Concorrentes, de 17\/11\/2022 <a href=\"http:\/\/concursos2.fadesp.org.br\/prosel\/2023\/ifpa\/arquivos\/Edital 23 Resultado Preliminar de PcD Concorrentes.pdf\"><strong>(Clique Aqui)<\/strong><\/a><\/p><p style=\"text-align: center;\">Edital n\u00ba 22\/2022 &#8211; Resultado Preliminar das Inscri\u00e7\u00f5es Deferidas, de 17\/11\/2022 <a href=\"http:\/\/concursos2.fadesp.org.br\/prosel\/2023\/ifpa\/arquivos\/Edital 22 Resultado Preliminar das Inscri\u00e7\u00f5es Deferidas.pdf\"><strong>(Clique Aqui)<\/strong><\/a><\/p><p style=\"text-align: center;\">2\u00aa Retifica\u00e7\u00e3o do Cronograma, de 21\/10\/2022 <a href=\"http:\/\/concursos2.fadesp.org.br\/prosel\/2023\/ifpa\/arquivos\/2\u00aa RETIFICA\u00c7\u00c3O DO CRONOGRAMA_PROSEL 2023 - IFPA - 20-10-2022.pdf\"><strong>(Clique Aqui)<\/strong><\/a><\/p><p style=\"text-align: center;\">Edital n\u00ba 21\/2022 &#8211; Resultado Definitivo de Hipossufici\u00eancia, de 07\/10\/2022 <a href=\"http:\/\/concursos2.fadesp.org.br\/prosel\/2023\/ifpa\/arquivos\/Edital_N_21_IFPA_Resultado_Definitivo_de_Isen%C3%A7%C3%A3o_por_Hipossuficiencia.pdf\"><strong>(Clique Aqui)<\/strong><\/a><\/p><p style=\"text-align: center;\">Edital n\u00ba 20\/2022 &#8211; Resultado De de Isen\u00e7\u00e3o para PcD, de 07\/10\/2022 <a href=\"http:\/\/concursos2.fadesp.org.br\/prosel\/2023\/ifpa\/arquivos\/Edital_N_20_IFPA_Resultado_Definitivo_de_%20Isen%C3%A7%C3%A3o_para_PcD.pdf\"><strong>(Clique Aqui)<\/strong><\/a><\/p><p style=\"text-align: center;\">Retifica\u00e7\u00e3o do Cronograma, de 05\/10\/2022 <a href=\"http:\/\/concursos2.fadesp.org.br\/prosel\/2023\/ifpa\/arquivos\/RETIFICA\u00c7\u00c3O DO CRONOGRAMA_PROSEL 2023 - IFPA.pdf\"><strong>(Clique Aqui)<\/strong><\/a><\/p><p style=\"text-align: center;\">19\/2022 &#8211; Resultado Preliminar de Hipossufici\u00eancia, de 27\/09\/2022 <a href=\"http:\/\/concursos2.fadesp.org.br\/prosel\/2023\/ifpa\/arquivos\/Edital_N_19_IFPA_Resultado_Preliminar_de_Isen\u00e7\u00e3o_por_Hipossuficiencia.pdf\"><strong>(Clique Aqui)<\/strong><\/a><\/p><p style=\"text-align: center;\">Edital n\u00ba 18\/2022 &#8211; Resultado Preliminar de Isen\u00e7\u00e3o para PcD, de 27\/09\/2022 <a href=\"http:\/\/concursos2.fadesp.org.br\/prosel\/2023\/ifpa\/arquivos\/Edital_N_18_IFPA_Resultado_Preliminar_de_ Isen\u00e7\u00e3o_para_PcD.pdf\"><strong>(Clique Aqui)<\/strong><\/a><\/p><p style=\"text-align: center;\">Errata n\u00ba 01 &#8211; Edital n\u00ba 17\/2022, de 14\/09\/2022 <a href=\"http:\/\/concursos2.fadesp.org.br\/prosel\/2023\/ifpa\/arquivos\/Errata n\u00b0 01 - Edital n\u00b0 17.pdf\"><strong>(Clique Aqui)<\/strong><\/a><\/p><p style=\"text-align: center;\">Edital n\u00ba 17\/2022, de 06\/09\/2022 <a href=\"http:\/\/concursos2.fadesp.org.br\/prosel\/2023\/ifpa\/arquivos\/Edital_PROSEL2023-IFPA.pdf\"><strong>(Clique Aqui)<\/strong><\/a><\/p>\t\t\t\t\t\t\t\t<\/div>\n\t\t\t\t<\/div>\n\t\t\t\t\t<\/div>\n\t\t<\/div>\n\t\t\t\t\t<\/div>\n\t\t<\/section>\n\t\t\t\t\t<\/div>\n\t\t<\/div>\n\t\t\t\t\t<\/div>\n\t\t<\/section>\n\t\t\t\t<\/div>\n\t\t","protected":false},"excerpt":{"rendered":"<p>Processo Seletivo Especial IFPA 2023 (PROSEL IFPA) O Reitor do Instituto Federal de Educa\u00e7\u00e3o, Ci\u00eancia e Tecnologia do Par\u00e1 (IFPA), reconduzido por meio do Decreto Presidencial de 31 de julho de 2019, publicado no D.O.U. de 1\u00ba de agosto de 2019, se\u00e7\u00e3o 2, p\u00e1gina 1, no uso de suas atribui\u00e7\u00f5es legais e regimentares, por este [&hellip;]<\/p>\n","protected":false},"author":12,"featured_media":0,"parent":329,"menu_order":0,"comment_status":"closed","ping_status":"closed","template":"","meta":{"_monsterinsights_skip_tracking":false,"_monsterinsights_sitenote_active":false,"_monsterinsights_sitenote_note":"","_monsterinsights_sitenote_category":0,"footnotes":""},"class_list":["post-29303","page","type-page","status-publish","hentry","entry"],"yoast_head":"<!-- This site is optimized with the Yoast SEO plugin v25.1 - https:\/\/yoast.com\/wordpress\/plugins\/seo\/ -->\n<title>Processo Seletivo Especial IFPA 2023 (PROSEL IFPA) - FADESP<\/title>\n<meta name=\"robots\" content=\"index, follow, max-snippet:-1, max-image-preview:large, max-video-preview:-1\" \/>\n<link rel=\"canonical\" href=\"https:\/\/portalfadesp.org.br\/?page_id=29303\" \/>\n<meta property=\"og:locale\" content=\"pt_BR\" \/>\n<meta property=\"og:type\" content=\"article\" \/>\n<meta property=\"og:title\" content=\"Processo Seletivo Especial IFPA 2023 (PROSEL IFPA) - FADESP\" \/>\n<meta property=\"og:description\" content=\"Processo Seletivo Especial IFPA 2023 (PROSEL IFPA) O Reitor do Instituto Federal de Educa\u00e7\u00e3o, Ci\u00eancia e Tecnologia do Par\u00e1 (IFPA), reconduzido por meio do Decreto Presidencial de 31 de julho de 2019, publicado no D.O.U. de 1\u00ba de agosto de 2019, se\u00e7\u00e3o 2, p\u00e1gina 1, no uso de suas atribui\u00e7\u00f5es legais e regimentares, por este [&hellip;]\" \/>\n<meta property=\"og:url\" content=\"https:\/\/portalfadesp.org.br\/?page_id=29303\" \/>\n<meta property=\"og:site_name\" content=\"FADESP\" \/>\n<meta property=\"article:publisher\" content=\"https:\/\/www.facebook.com\/Fadesp-138351949524662\/\" \/>\n<meta property=\"article:modified_time\" content=\"2023-03-03T12:42:49+00:00\" \/>\n<meta name=\"twitter:card\" content=\"summary_large_image\" \/>\n<meta name=\"twitter:site\" content=\"@Fadesp\" \/>\n<meta name=\"twitter:label1\" content=\"Est. tempo de leitura\" \/>\n\t<meta name=\"twitter:data1\" content=\"3 minutos\" \/>\n<script type=\"application\/ld+json\" class=\"yoast-schema-graph\">{\"@context\":\"https:\/\/schema.org\",\"@graph\":[{\"@type\":\"WebPage\",\"@id\":\"https:\/\/portalfadesp.org.br\/?page_id=29303\",\"url\":\"https:\/\/portalfadesp.org.br\/?page_id=29303\",\"name\":\"Processo Seletivo Especial IFPA 2023 (PROSEL IFPA) - FADESP\",\"isPartOf\":{\"@id\":\"https:\/\/portalfadesp.org.br\/#website\"},\"datePublished\":\"2022-09-06T12:38:05+00:00\",\"dateModified\":\"2023-03-03T12:42:49+00:00\",\"breadcrumb\":{\"@id\":\"https:\/\/portalfadesp.org.br\/?page_id=29303#breadcrumb\"},\"inLanguage\":\"pt-BR\",\"potentialAction\":[{\"@type\":\"ReadAction\",\"target\":[\"https:\/\/portalfadesp.org.br\/?page_id=29303\"]}]},{\"@type\":\"BreadcrumbList\",\"@id\":\"https:\/\/portalfadesp.org.br\/?page_id=29303#breadcrumb\",\"itemListElement\":[{\"@type\":\"ListItem\",\"position\":1,\"name\":\"In\u00edcio\",\"item\":\"https:\/\/portalfadesp.org.br\/\"},{\"@type\":\"ListItem\",\"position\":2,\"name\":\"Concursos &#8211; Homologados\",\"item\":\"https:\/\/portalfadesp.org.br\/?page_id=329\"},{\"@type\":\"ListItem\",\"position\":3,\"name\":\"Processo Seletivo Especial IFPA 2023 (PROSEL IFPA)\"}]},{\"@type\":\"WebSite\",\"@id\":\"https:\/\/portalfadesp.org.br\/#website\",\"url\":\"https:\/\/portalfadesp.org.br\/\",\"name\":\"FADESP\",\"description\":\"Funda\u00e7\u00e3o de Amparo e Desenvolvimento da Pesquisa\",\"publisher\":{\"@id\":\"https:\/\/portalfadesp.org.br\/#organization\"},\"potentialAction\":[{\"@type\":\"SearchAction\",\"target\":{\"@type\":\"EntryPoint\",\"urlTemplate\":\"https:\/\/portalfadesp.org.br\/?s={search_term_string}\"},\"query-input\":{\"@type\":\"PropertyValueSpecification\",\"valueRequired\":true,\"valueName\":\"search_term_string\"}}],\"inLanguage\":\"pt-BR\"},{\"@type\":\"Organization\",\"@id\":\"https:\/\/portalfadesp.org.br\/#organization\",\"name\":\"FADESP\",\"url\":\"https:\/\/portalfadesp.org.br\/\",\"logo\":{\"@type\":\"ImageObject\",\"inLanguage\":\"pt-BR\",\"@id\":\"https:\/\/portalfadesp.org.br\/#\/schema\/logo\/image\/\",\"url\":\"https:\/\/portalfadesp.org.br\/wp-content\/uploads\/2024\/01\/NOVOLOGOFADESPlaranjaH.png\",\"contentUrl\":\"https:\/\/portalfadesp.org.br\/wp-content\/uploads\/2024\/01\/NOVOLOGOFADESPlaranjaH.png\",\"width\":2742,\"height\":839,\"caption\":\"FADESP\"},\"image\":{\"@id\":\"https:\/\/portalfadesp.org.br\/#\/schema\/logo\/image\/\"},\"sameAs\":[\"https:\/\/www.facebook.com\/Fadesp-138351949524662\/\",\"https:\/\/x.com\/Fadesp\",\"https:\/\/www.instagram.com\/fadesp_ufpa\/\",\"https:\/\/www.youtube.com\/@fundacaodeamparoedesenvolv1903\",\"https:\/\/www.threads.net\/@fadesp_ufpa\"]}]}<\/script>\n<!-- \/ Yoast SEO plugin. -->","yoast_head_json":{"title":"Processo Seletivo Especial IFPA 2023 (PROSEL IFPA) - FADESP","robots":{"index":"index","follow":"follow","max-snippet":"max-snippet:-1","max-image-preview":"max-image-preview:large","max-video-preview":"max-video-preview:-1"},"canonical":"https:\/\/portalfadesp.org.br\/?page_id=29303","og_locale":"pt_BR","og_type":"article","og_title":"Processo Seletivo Especial IFPA 2023 (PROSEL IFPA) - FADESP","og_description":"Processo Seletivo Especial IFPA 2023 (PROSEL IFPA) O Reitor do Instituto Federal de Educa\u00e7\u00e3o, Ci\u00eancia e Tecnologia do Par\u00e1 (IFPA), reconduzido por meio do Decreto Presidencial de 31 de julho de 2019, publicado no D.O.U. de 1\u00ba de agosto de 2019, se\u00e7\u00e3o 2, p\u00e1gina 1, no uso de suas atribui\u00e7\u00f5es legais e regimentares, por este [&hellip;]","og_url":"https:\/\/portalfadesp.org.br\/?page_id=29303","og_site_name":"FADESP","article_publisher":"https:\/\/www.facebook.com\/Fadesp-138351949524662\/","article_modified_time":"2023-03-03T12:42:49+00:00","twitter_card":"summary_large_image","twitter_site":"@Fadesp","twitter_misc":{"Est. tempo de leitura":"3 minutos"},"schema":{"@context":"https:\/\/schema.org","@graph":[{"@type":"WebPage","@id":"https:\/\/portalfadesp.org.br\/?page_id=29303","url":"https:\/\/portalfadesp.org.br\/?page_id=29303","name":"Processo Seletivo Especial IFPA 2023 (PROSEL IFPA) - FADESP","isPartOf":{"@id":"https:\/\/portalfadesp.org.br\/#website"},"datePublished":"2022-09-06T12:38:05+00:00","dateModified":"2023-03-03T12:42:49+00:00","breadcrumb":{"@id":"https:\/\/portalfadesp.org.br\/?page_id=29303#breadcrumb"},"inLanguage":"pt-BR","potentialAction":[{"@type":"ReadAction","target":["https:\/\/portalfadesp.org.br\/?page_id=29303"]}]},{"@type":"BreadcrumbList","@id":"https:\/\/portalfadesp.org.br\/?page_id=29303#breadcrumb","itemListElement":[{"@type":"ListItem","position":1,"name":"In\u00edcio","item":"https:\/\/portalfadesp.org.br\/"},{"@type":"ListItem","position":2,"name":"Concursos &#8211; Homologados","item":"https:\/\/portalfadesp.org.br\/?page_id=329"},{"@type":"ListItem","position":3,"name":"Processo Seletivo Especial IFPA 2023 (PROSEL IFPA)"}]},{"@type":"WebSite","@id":"https:\/\/portalfadesp.org.br\/#website","url":"https:\/\/portalfadesp.org.br\/","name":"FADESP","description":"Funda\u00e7\u00e3o de Amparo e Desenvolvimento da Pesquisa","publisher":{"@id":"https:\/\/portalfadesp.org.br\/#organization"},"potentialAction":[{"@type":"SearchAction","target":{"@type":"EntryPoint","urlTemplate":"https:\/\/portalfadesp.org.br\/?s={search_term_string}"},"query-input":{"@type":"PropertyValueSpecification","valueRequired":true,"valueName":"search_term_string"}}],"inLanguage":"pt-BR"},{"@type":"Organization","@id":"https:\/\/portalfadesp.org.br\/#organization","name":"FADESP","url":"https:\/\/portalfadesp.org.br\/","logo":{"@type":"ImageObject","inLanguage":"pt-BR","@id":"https:\/\/portalfadesp.org.br\/#\/schema\/logo\/image\/","url":"https:\/\/portalfadesp.org.br\/wp-content\/uploads\/2024\/01\/NOVOLOGOFADESPlaranjaH.png","contentUrl":"https:\/\/portalfadesp.org.br\/wp-content\/uploads\/2024\/01\/NOVOLOGOFADESPlaranjaH.png","width":2742,"height":839,"caption":"FADESP"},"image":{"@id":"https:\/\/portalfadesp.org.br\/#\/schema\/logo\/image\/"},"sameAs":["https:\/\/www.facebook.com\/Fadesp-138351949524662\/","https:\/\/x.com\/Fadesp","https:\/\/www.instagram.com\/fadesp_ufpa\/","https:\/\/www.youtube.com\/@fundacaodeamparoedesenvolv1903","https:\/\/www.threads.net\/@fadesp_ufpa"]}]}},"_links":{"self":[{"href":"https:\/\/portalfadesp.org.br\/index.php?rest_route=\/wp\/v2\/pages\/29303","targetHints":{"allow":["GET"]}}],"collection":[{"href":"https:\/\/portalfadesp.org.br\/index.php?rest_route=\/wp\/v2\/pages"}],"about":[{"href":"https:\/\/portalfadesp.org.br\/index.php?rest_route=\/wp\/v2\/types\/page"}],"author":[{"embeddable":true,"href":"https:\/\/portalfadesp.org.br\/index.php?rest_route=\/wp\/v2\/users\/12"}],"replies":[{"embeddable":true,"href":"https:\/\/portalfadesp.org.br\/index.php?rest_route=%2Fwp%2Fv2%2Fcomments&post=29303"}],"version-history":[{"count":113,"href":"https:\/\/portalfadesp.org.br\/index.php?rest_route=\/wp\/v2\/pages\/29303\/revisions"}],"predecessor-version":[{"id":39580,"href":"https:\/\/portalfadesp.org.br\/index.php?rest_route=\/wp\/v2\/pages\/29303\/revisions\/39580"}],"up":[{"embeddable":true,"href":"https:\/\/portalfadesp.org.br\/index.php?rest_route=\/wp\/v2\/pages\/329"}],"wp:attachment":[{"href":"https:\/\/portalfadesp.org.br\/index.php?rest_route=%2Fwp%2Fv2%2Fmedia&parent=29303"}],"curies":[{"name":"wp","href":"https:\/\/api.w.org\/{rel}","templated":true}]}}