{"id":28971,"date":"2022-08-10T09:23:09","date_gmt":"2022-08-10T12:23:09","guid":{"rendered":"https:\/\/162.215.13.167?page_id=28971"},"modified":"2022-12-21T12:17:24","modified_gmt":"2022-12-21T15:17:24","slug":"pagina_modelo-19-12-13","status":"publish","type":"page","link":"https:\/\/portalfadesp.org.br\/?page_id=28971","title":{"rendered":"Concurso P\u00fablico da Prefeitura Municipal de Marab\u00e1 &#8211; Professor 02\/2022"},"content":{"rendered":"\t\t<div data-elementor-type=\"wp-post\" data-elementor-id=\"28971\" class=\"elementor elementor-28971\" data-elementor-post-type=\"page\">\n\t\t\t\t\t\t<section class=\"elementor-section elementor-top-section elementor-element elementor-element-1f2996d1 elementor-section-boxed elementor-section-height-default elementor-section-height-default\" data-id=\"1f2996d1\" data-element_type=\"section\">\n\t\t\t\t\t\t<div class=\"elementor-container elementor-column-gap-default\">\n\t\t\t\t\t<div class=\"elementor-column elementor-col-100 elementor-top-column elementor-element elementor-element-59a4b3f8\" data-id=\"59a4b3f8\" data-element_type=\"column\">\n\t\t\t<div class=\"elementor-widget-wrap elementor-element-populated\">\n\t\t\t\t\t\t<div class=\"elementor-element elementor-element-799471af elementor-widget elementor-widget-heading\" data-id=\"799471af\" data-element_type=\"widget\" data-widget_type=\"heading.default\">\n\t\t\t\t<div class=\"elementor-widget-container\">\n\t\t\t\t\t<h1 class=\"elementor-heading-title elementor-size-default\">Concurso P\u00fablico da Prefeitura Municipal de Marab\u00e1  - Professor 02\/2022\n<\/h1>\t\t\t\t<\/div>\n\t\t\t\t<\/div>\n\t\t\t\t<section class=\"elementor-section elementor-inner-section elementor-element elementor-element-336311f elementor-section-boxed elementor-section-height-default elementor-section-height-default\" data-id=\"336311f\" data-element_type=\"section\">\n\t\t\t\t\t\t<div class=\"elementor-container elementor-column-gap-default\">\n\t\t\t\t\t<div class=\"elementor-column elementor-col-50 elementor-inner-column elementor-element elementor-element-75ca0dc3\" data-id=\"75ca0dc3\" data-element_type=\"column\">\n\t\t\t<div class=\"elementor-widget-wrap elementor-element-populated\">\n\t\t\t\t\t\t<div class=\"elementor-element elementor-element-425a3096 elementor-widget elementor-widget-text-editor\" data-id=\"425a3096\" data-element_type=\"widget\" data-widget_type=\"text-editor.default\">\n\t\t\t\t<div class=\"elementor-widget-container\">\n\t\t\t\t\t\t\t\t\t<div>\u00a0<\/div><div>O Prefeito Municipal de Marab\u00e1, no uso de suas atribui\u00e7\u00f5es, torna p\u00fablica a realiza\u00e7\u00e3o de<br \/>Concurso P\u00fablico destinado ao preenchimento de vagas de cargos de professores do quadro de<br \/>pessoal efetivo de n\u00edvel superior da Prefeitura, mediante as condi\u00e7\u00f5es estabelecidas neste Edital.<\/div><div>\u00a0<\/div><div><strong><span style=\"font-family: verdana, sans-serif;\">Cargos \/ Vagas:\u00a0<\/span><\/strong><\/div><div><strong><span style=\"font-family: verdana, sans-serif;\">-Professor Licenciado em Pedagogia = 478 vagas + cadastro reserva<\/span><\/strong><\/div><div><strong><span style=\"font-family: verdana, sans-serif;\">-Professor Licenciado em L\u00edngua Portuguesa\u00a0<\/span><\/strong><strong><span style=\"font-family: verdana, sans-serif;\">= 21 vagas + cadastro reserva<\/span><\/strong><\/div><div><strong><span style=\"font-family: verdana, sans-serif;\">-Professor Licenciado em Matem\u00e1tica\u00a0<\/span><\/strong><strong><span style=\"font-family: verdana, sans-serif;\">= 23 vagas + cadastro reserva<\/span><\/strong><\/div><div><strong><span style=\"font-family: verdana, sans-serif;\">-Professor Licenciado em Hist\u00f3ria\u00a0<\/span><\/strong><strong><span style=\"font-family: verdana, sans-serif;\">= 13 vagas + cadastro reserva<\/span><\/strong><\/div><div><strong><span style=\"font-family: verdana, sans-serif;\">-Professor Licenciado em Ci\u00eancias\u00a0<\/span><\/strong><strong><span style=\"font-family: verdana, sans-serif;\">= 11 vagas + cadastro reserva<\/span><\/strong><\/div><div><strong><span style=\"font-family: verdana, sans-serif;\">-Professor Licenciado em Educa\u00e7\u00e3o F\u00edsica\u00a0<\/span><\/strong><strong><span style=\"font-family: verdana, sans-serif;\">= 03 vagas + cadastro reserva<\/span><\/strong><\/div><div><strong><span style=\"font-family: verdana, sans-serif;\">-Professor Licenciado em L\u00edngua Portuguesa, com habilita\u00e7\u00e3o em L\u00edngua Estrangeira Ingl\u00eas e\/ou Licenciado em L\u00edngua Estrangeira Ingl\u00eas\u00a0<\/span><\/strong><strong><span style=\"font-family: verdana, sans-serif;\">= 04 vagas + cadastro reserva<\/span><\/strong><\/div><div><strong><span style=\"font-family: verdana, sans-serif;\">\u00a0<\/span><\/strong><\/div><div><strong><span style=\"font-family: verdana, sans-serif;\">Sal\u00e1rio Base = <\/span><\/strong><span style=\"font-family: verdana, sans-serif;\">R$ 2.381,07<\/span><\/div><div><strong><span style=\"font-family: verdana, sans-serif;\">\u00a0<\/span><\/strong><\/div><div><strong><span style=\"font-family: verdana, sans-serif;\">Carga hor\u00e1ria semanal = <\/span><\/strong><span style=\"font-family: verdana, sans-serif;\">20 horas ou conforme Regime Jur\u00eddico \u00danico<\/span><\/div><div><span style=\"font-family: verdana, sans-serif;\">\u00a0<\/span><\/div><div><div><span style=\"font-family: verdana, sans-serif;\"><strong>Valor taxa de Inscri\u00e7\u00e3o =<\/strong> R$ 80,00<\/span><\/div><div><span style=\"font-family: verdana, sans-serif;\"><strong>\u00a0<\/strong><\/span><\/div><div><span style=\"font-family: verdana, sans-serif;\"><strong>Per\u00edodo de Inscri\u00e7\u00e3o <\/strong>\u2013\u00a010\/08 a 12\/09\/2022<br \/><\/span><\/div><div><span style=\"font-family: verdana, sans-serif;\"><b>\u00a0<\/b><\/span><\/div><p><span style=\"font-family: verdana, sans-serif;\"><strong>Solicita\u00e7\u00e3o de isen\u00e7\u00e3o da taxa de inscri\u00e7\u00e3o para PCD \u2013<\/strong> 10\u00a0a 19\/08\/2022<\/span><\/p><p><span style=\"font-family: verdana, sans-serif;\"><strong>\u00daltimo dia para pagamento da taxa de inscri\u00e7\u00e3o \u2013 <\/strong>13\/09\/2022<br \/><\/span><\/p><p><b><span style=\"font-family: verdana, sans-serif;\">Prova Objetiva\u00a0= <\/span><\/b><span style=\"font-family: verdana, sans-serif;\">25\/09\/2022 &#8211; 9h \u00e0s 13h<\/span><\/p><\/div>\t\t\t\t\t\t\t\t<\/div>\n\t\t\t\t<\/div>\n\t\t\t\t\t<\/div>\n\t\t<\/div>\n\t\t\t\t<div class=\"elementor-column elementor-col-50 elementor-inner-column elementor-element elementor-element-79608089\" data-id=\"79608089\" data-element_type=\"column\">\n\t\t\t<div class=\"elementor-widget-wrap elementor-element-populated\">\n\t\t\t\t\t\t<div class=\"elementor-element elementor-element-7ccac55 elementor-widget elementor-widget-text-editor\" data-id=\"7ccac55\" data-element_type=\"widget\" data-widget_type=\"text-editor.default\">\n\t\t\t\t<div class=\"elementor-widget-container\">\n\t\t\t\t\t\t\t\t\t<div style=\"margin-bottom: 5px;\"><strong>Avisos\u00a0<\/strong><\/div>\t\t\t\t\t\t\t\t<\/div>\n\t\t\t\t<\/div>\n\t\t\t\t<div class=\"elementor-element elementor-element-1a4597f elementor-widget elementor-widget-text-editor\" data-id=\"1a4597f\" data-element_type=\"widget\" data-widget_type=\"text-editor.default\">\n\t\t\t\t<div class=\"elementor-widget-container\">\n\t\t\t\t\t\t\t\t\t<div class=\"botaoBug\" style=\"margin-bottom: 10px;\"><a href=\"http:\/\/concursos2.fadesp.org.br\/marabaprof2022\/web\/index.php\"><b>Recurso On-line (clique aqui)<\/b><\/a><\/div><div class=\"botaoBug\" style=\"margin-bottom: 10px; display: none;\"><a href=\"http:\/\/concursos2.fadesp.org.br\/marabaprof2022\/web\/index.php\"><b>Recurso On-line (clique aqui)<\/b><\/a><\/div><p>Editais de convoca\u00e7\u00f5es de candidatos classificados estar\u00e3o dispon\u00edveis somente na p\u00e1gina da Prefeitura, <a href=\"https:\/\/maraba.pa.gov.br\/\">www.maraba.pa.gov.br<\/a><\/p>\t\t\t\t\t\t\t\t<\/div>\n\t\t\t\t<\/div>\n\t\t\t\t<div class=\"elementor-element elementor-element-15b12fc elementor-widget elementor-widget-text-editor\" data-id=\"15b12fc\" data-element_type=\"widget\" data-widget_type=\"text-editor.default\">\n\t\t\t\t<div class=\"elementor-widget-container\">\n\t\t\t\t\t\t\t\t\t<p><strong>Editais\u00a0<\/strong><\/p>\t\t\t\t\t\t\t\t<\/div>\n\t\t\t\t<\/div>\n\t\t\t\t<div class=\"elementor-element elementor-element-368e568 elementor-widget elementor-widget-text-editor\" data-id=\"368e568\" data-element_type=\"widget\" data-widget_type=\"text-editor.default\">\n\t\t\t\t<div class=\"elementor-widget-container\">\n\t\t\t\t\t\t\t\t\t<p>Resultado Final Definitivo, de 30\/11\/2022 <a href=\"http:\/\/concursos2.fadesp.org.br\/marabaprof2022\/arquivos\/Edital n\u00b0 05_2022_PMM - Homologa\u00e7\u00e3o do Resultado Final do Concurso.pdf\"><b>(Clique Aqui)<\/b><\/a><\/p><p>Resultado Definitivo da Prova de T\u00edtulos &#8211; Retificado, de 30\/11\/2022 <a href=\"http:\/\/concursos2.fadesp.org.br\/marabaprof2022\/arquivos\/Resultado_Definitivo_da_Prova_de_Titulos_Retificado.pdf\"><b>(Clique Aqui)<\/b><\/a><\/p><p>Resultado Final Preliminar, de 23\/11\/2022 <a href=\"http:\/\/concursos2.fadesp.org.br\/marabaprof2022\/arquivos\/Resultado Final Preliminar_Prova Objetiva_Prova de T\u00edtulos.pdf\"><b>(Clique Aqui)<\/b><\/a><\/p><p>Resultado Definitivo da Prova de T\u00edtulos, de 23\/11\/2022 <a href=\"http:\/\/concursos2.fadesp.org.br\/marabaprof2022\/arquivos\/Resultado Definitivo da Prova de T\u00edtulos.pdf\"><b>(Clique Aqui)<\/b><\/a><\/p><p>Resultado Preliminar da Prova de T\u00edtulos, de 16\/11\/2022 <a href=\"http:\/\/concursos2.fadesp.org.br\/marabaprof2022\/arquivos\/Resultado Preliminar da Prova de T\u00edtulos_16-11-2022.pdf\"><b>(Clique Aqui)<\/b><\/a><\/p><p>EDITAL N\u00ba 04\/2022 &#8211; Retifica\u00e7\u00e3o do Cronograma, de 26\/10\/2022 <a href=\"http:\/\/concursos2.fadesp.org.br\/marabaprof2022\/arquivos\/Edital n\u00b0 04_2022_PMM - Edital de Retifica\u00e7\u00e3o de Cronograma - 26-10-2022.pdf\"><b>(Clique Aqui)<\/b><\/a><\/p><p>EDITAL N\u00ba 03\/2022 &#8211; CONVOCA\u00c7\u00c3O DOS APTOS A PROVA DE T\u00cdTULOS, de 14\/10\/2022 <a href=\"http:\/\/concursos2.fadesp.org.br\/marabaprof2022\/arquivos\/Edital n\u00b0 03_2022 - Convoca\u00e7\u00e3o da Prova de T\u00edtulos.pdf\"><b>(Clique Aqui)<\/b><\/a><\/p><p>RESULTADO DEFINITIVO DA PROVA OBJETIVA, de 14\/10\/2022 <a href=\"http:\/\/concursos2.fadesp.org.br\/marabaprof2022\/arquivos\/Resultado Definitivo da Prova Objetiva.pdf\"><b>(Clique Aqui)<\/b><\/a><\/p><p>RESULTADO PRELIMINAR DA PROVA OBJETIVA, de 05\/10\/2022 <a href=\"http:\/\/concursos2.fadesp.org.br\/marabaprof2022\/arquivos\/Resultado Preliminar da Prova Objetiva_05-09-2022.pdf\"><b>(Clique Aqui)<\/b><\/a><\/p><p>GABARITO OFICIAL DEFINITIVO PROF LETRAS L\u00cdNGUA PORTUGUESA, de 05\/10\/2022 <a href=\"http:\/\/concursos2.fadesp.org.br\/marabaprof2022\/arquivos\/GABARITOS\/DEFINITIVO\/GABARITO OFICIAL DEFINITIVO PROF LETRAS L\u00cdNGUA PORTUGUESA.pdf\"><b>(Clique Aqui)<\/b><\/a><\/p><p>GABARITO OFICIAL DEFINITIVO PROFESSOR CI\u00caNCIAS, de 05\/10\/2022 <a href=\"http:\/\/concursos2.fadesp.org.br\/marabaprof2022\/arquivos\/GABARITOS\/DEFINITIVO\/GABARITO OFICIAL DEFINITIVO PROFESSOR CI\u00caNCIAS.pdf\"><b>(Clique Aqui)<\/b><\/a><\/p><p>GABARITO OFICIAL DEFINITIVO PROFESSOR EDUCA\u00c7\u00c3O F\u00cdSICA, de 05\/10\/2022 <a href=\"http:\/\/concursos2.fadesp.org.br\/marabaprof2022\/arquivos\/GABARITOS\/DEFINITIVO\/GABARITO OFICIAL DEFINITIVO PROFESSOR EDUCA\u00c7\u00c3O F\u00cdSICA.pdf\"><b>(Clique Aqui)<\/b><\/a><\/p><p>GABARITO OFICIAL DEFINITIVO PROFESSOR HIST\u00d3RIA, de 05\/10\/2022 <a href=\"http:\/\/concursos2.fadesp.org.br\/marabaprof2022\/arquivos\/GABARITOS\/DEFINITIVO\/GABARITO OFICIAL DEFINITIVO PROFESSOR HIST\u00d3RIA.pdf\"><b>(Clique Aqui)<\/b><\/a><\/p><p>GABARITO OFICIAL DEFINITIVO PROFESSOR LETRAS INGL\u00caS, de 05\/10\/2022 <a href=\"http:\/\/concursos2.fadesp.org.br\/marabaprof2022\/arquivos\/GABARITOS\/DEFINITIVO\/GABARITO OFICIAL DEFINITIVO PROFESSOR LETRAS INGL\u00caS.pdf\"><b>(Clique Aqui)<\/b><\/a><\/p><p>GABARITO OFICIAL DEFINITIVO PROFESSOR MATEM\u00c1TICA, de 05\/10\/2022 <a href=\"http:\/\/concursos2.fadesp.org.br\/marabaprof2022\/arquivos\/GABARITOS\/DEFINITIVO\/GABARITO OFICIAL DEFINITIVO PROFESSOR MATEM\u00c1TICA.pdf\"><b>(Clique Aqui)<\/b><\/a><\/p><p>GABARITO OFICIAL DEFINITIVO PROFESSOR PEDAGOGIA, de 05\/10\/2022 <a href=\"http:\/\/concursos2.fadesp.org.br\/marabaprof2022\/arquivos\/GABARITOS\/DEFINITIVO\/GABARITO OFICIAL DEFINITIVO PROFESSOR PEDAGOGIA.pdf\"><b>(Clique Aqui)<\/b><\/a><\/p><p>GABARITO OFICIAL PRELIMINAR PROF LETRAS L\u00cdNGUA PORTUGUESA, de 26\/09\/2022<a href=\"http:\/\/concursos2.fadesp.org.br\/marabaprof2022\/arquivos\/GABARITOS\/GABARITO OFICIAL PRELIMINAR PROF LETRAS L\u00cdNGUA PORTUGUESA_26_09_2022.pdf\"><b>(Clique Aqui)<\/b><\/a><\/p><p>GABARITO OFICIAL PRELIMINAR PROFESSOR CI\u00caNCIAS, de 26\/09\/2022<a href=\"http:\/\/concursos2.fadesp.org.br\/marabaprof2022\/arquivos\/GABARITOS\/GABARITO OFICIAL PRELIMINAR PROFESSOR CI\u00caNCIAS_26_09_2022.pdf\"><b>(Clique Aqui)<\/b><\/a><\/p><p>GABARITO OFICIAL PRELIMINAR PROFESSOR EDUCA\u00c7\u00c3O F\u00cdSICA, de 26\/09\/2022<a href=\"http:\/\/concursos2.fadesp.org.br\/marabaprof2022\/arquivos\/GABARITOS\/GABARITO OFICIAL PRELIMINAR PROFESSOR EDUCA\u00c7\u00c3O F\u00cdSICA_26_09_2022.pdf\"><b>(Clique Aqui)<\/b><\/a><\/p><p>GABARITO OFICIAL PRELIMINAR PROFESSOR HIST\u00d3RIA, de 26\/09\/2022<a href=\"http:\/\/concursos2.fadesp.org.br\/marabaprof2022\/arquivos\/GABARITOS\/GABARITO OFICIAL PRELIMINAR PROFESSOR HIST\u00d3RIA_26_09_2022.pdf\"><b>(Clique Aqui)<\/b><\/a><\/p><p>GABARITO OFICIAL PRELIMINAR PROFESSOR LETRAS INGL\u00caS, de 26\/09\/2022<a href=\"http:\/\/concursos2.fadesp.org.br\/marabaprof2022\/arquivos\/GABARITOS\/GABARITO OFICIAL PRELIMINAR PROFESSOR LETRAS INGL\u00caS_26_09_2022.pdf\"><b>(Clique Aqui)<\/b><\/a><\/p><p>GABARITO OFICIAL PRELIMINAR PROFESSOR MATEM\u00c1TICA, de 26\/09\/2022<a href=\"http:\/\/concursos2.fadesp.org.br\/marabaprof2022\/arquivos\/GABARITOS\/GABARITO OFICIAL PRELIMINAR PROFESSOR MATEM\u00c1TICA_26_09_2022.pdf\"><b>(Clique Aqui)<\/b><\/a><\/p><p>GABARITO OFICIAL PRELIMINAR PROFESSOR PEDAGOGIA, de 26\/09\/2022<a href=\"http:\/\/concursos2.fadesp.org.br\/marabaprof2022\/arquivos\/GABARITOS\/GABARITO OFICIAL PRELIMINAR PROFESSOR PEDAGOGIA_26_09_2022.pdf\"><b>(Clique Aqui)<\/b><\/a><\/p><p>GABARITO OFICIAL PRELIMINAR PROF LETRAS L\u00cdNGUA PORTUGUESA, de 26\/09\/2022<a href=\"http:\/\/concursos2.fadesp.org.br\/marabaprof2022\/arquivos\/GABARITOS\/GABARITO OFICIAL PRELIMINAR PROF LETRAS L\u00cdNGUA PORTUGUESA_26_09_2022.pdf\"><b>(Clique Aqui)<\/b><\/a><\/p><p>GABARITO OFICIAL PRELIMINAR PROFESSOR CI\u00caNCIAS, de 26\/09\/2022<a href=\"http:\/\/concursos2.fadesp.org.br\/marabaprof2022\/arquivos\/GABARITOS\/GABARITO OFICIAL PRELIMINAR PROFESSOR CI\u00caNCIAS_26_09_2022.pdf\"><b>(Clique Aqui)<\/b><\/a><\/p><p>GABARITO OFICIAL PRELIMINAR PROFESSOR EDUCA\u00c7\u00c3O F\u00cdSICA, de 26\/09\/2022<a href=\"http:\/\/concursos2.fadesp.org.br\/marabaprof2022\/arquivos\/GABARITOS\/GABARITO OFICIAL PRELIMINAR PROFESSOR EDUCA\u00c7\u00c3O F\u00cdSICA_26_09_2022.pdf\"><b>(Clique Aqui)<\/b><\/a><\/p><p>GABARITO OFICIAL PRELIMINAR PROFESSOR HIST\u00d3RIA, de 26\/09\/2022<a href=\"http:\/\/concursos2.fadesp.org.br\/marabaprof2022\/arquivos\/GABARITOS\/GABARITO OFICIAL PRELIMINAR PROFESSOR HIST\u00d3RIA_26_09_2022.pdf\"><b>(Clique Aqui)<\/b><\/a><\/p><p>GABARITO OFICIAL PRELIMINAR PROFESSOR LETRAS INGL\u00caS, de 26\/09\/2022<a href=\"http:\/\/concursos2.fadesp.org.br\/marabaprof2022\/arquivos\/GABARITOS\/GABARITO OFICIAL PRELIMINAR PROFESSOR LETRAS INGL\u00caS_26_09_2022.pdf\"><b>(Clique Aqui)<\/b><\/a><\/p><p>GABARITO OFICIAL PRELIMINAR PROFESSOR MATEM\u00c1TICA, de 26\/09\/2022<a href=\"http:\/\/concursos2.fadesp.org.br\/marabaprof2022\/arquivos\/GABARITOS\/GABARITO OFICIAL PRELIMINAR PROFESSOR MATEM\u00c1TICA_26_09_2022.pdf\"><b>(Clique Aqui)<\/b><\/a><\/p><p>GABARITO OFICIAL PRELIMINAR PROFESSOR PEDAGOGIA, de 26\/09\/2022<a href=\"http:\/\/concursos2.fadesp.org.br\/marabaprof2022\/arquivos\/GABARITOS\/GABARITO OFICIAL PRELIMINAR PROFESSOR PEDAGOGIA_26_09_2022.pdf\"><b>(Clique Aqui)<\/b><\/a><\/p><p>Prova &#8211; PROFESSOR LICENCIADO EM CI\u00caNCIAS, de 26\/09\/2022<a href=\"http:\/\/concursos2.fadesp.org.br\/marabaprof2022\/arquivos\/PROVAS\/PROFESSOR LICENCIADO EM CI\u00caNCIAS.pdf\"><b>(Clique Aqui)<\/b><\/a><\/p><p>Prova &#8211; PROFESSOR LICENCIADO EM EDUCA\u00c7\u00c3O F\u00cdSICA, de 26\/09\/2022<a href=\"http:\/\/concursos2.fadesp.org.br\/marabaprof2022\/arquivos\/PROVAS\/PROFESSOR LICENCIADO EM EDUCA\u00c7\u00c3O F\u00cdSICA.pdf\"><b>(Clique Aqui)<\/b><\/a><\/p><p>Prova &#8211; PROFESSOR LICENCIADO EM HIST\u00d3RIA, de 26\/09\/2022<a href=\"http:\/\/concursos2.fadesp.org.br\/marabaprof2022\/arquivos\/PROVAS\/PROFESSOR LICENCIADO EM HIST\u00d3RIA.pdf\"><b>(Clique Aqui)<\/b><\/a><\/p><p>Prova &#8211; PROFESSOR LICENCIADO EM INGL\u00caS, de 26\/09\/2022<a href=\"http:\/\/concursos2.fadesp.org.br\/marabaprof2022\/arquivos\/PROVAS\/PROFESSOR LICENCIADO EM INGL\u00caS.pdf\"><b>(Clique Aqui)<\/b><\/a><\/p><p>Prova &#8211; PROFESSOR LICENCIADO EM LETRAS &#8211; L\u00cdNGUA PORTUGUESA, de 26\/09\/2022<a href=\"http:\/\/concursos2.fadesp.org.br\/marabaprof2022\/arquivos\/PROVAS\/PROFESSOR LICENCIADO EM LETRAS - L\u00cdNGUA PORTUGUESA.pdf\"><b>(Clique Aqui)<\/b><\/a><\/p><p>Prova &#8211; PROFESSOR LICENCIADO EM MATEM\u00c1TICA, de 26\/09\/2022<a href=\"http:\/\/concursos2.fadesp.org.br\/marabaprof2022\/arquivos\/PROVAS\/PROFESSOR LICENCIADO EM MATEM\u00c1TICA.pdf\"><b>(Clique Aqui)<\/b><\/a><\/p><p>Prova &#8211; PROFESSOR LICENCIADO EM PEDAGOGIA, de 26\/09\/2022<a href=\"http:\/\/concursos2.fadesp.org.br\/marabaprof2022\/arquivos\/PROVAS\/PROFESSOR LICENCIADO EM PEDAGOGIA.pdf\"><b>(Clique Aqui)<\/b><\/a><\/p><table><tbody><tr><td><a href=\"http:\/\/concursos2.fadesp.org.br\/marabaprof2022\/arquivos\/Demanda.pdf\">Demanda, de 20\/09\/2022 <strong>(Clique aqui)<\/strong><\/a><\/td><\/tr><tr><td><a href=\"http:\/\/concursos2.fadesp.org.br\/marabaprof2022\/arquivos\/Resultado Definitivo de Atendimentos Especiais.pdf\">Resultado Definitivo de Atendimentos Especiais, de 20\/09\/2022 <strong>(Clique aqui)<\/strong><\/a><\/td><\/tr><tr><td><a href=\"http:\/\/concursos2.fadesp.org.br\/marabaprof2022\/arquivos\/Resultado Definitivo de Lactantes.pdf\">Resultado Definitivo de Lactantes, de 20\/09\/2022 <strong>(Clique aqui)<\/strong><\/a><\/td><\/tr><tr><td><a href=\"http:\/\/concursos2.fadesp.org.br\/marabaprof2022\/arquivos\/Resultado Definitivo de Concorrentes como PcD.pdf\">Resultado Definitivo de Concorrentes como PcD, de 20\/09\/2022 <strong>(Clique aqui)<\/strong><\/a><\/td><\/tr><tr><td><a href=\"http:\/\/concursos2.fadesp.org.br\/marabaprof2022\/arquivos\/Resultado Definitivo de Inscri\u00e7\u00f5es Deferidas.pdf\">Resultado Definitivo de Inscri\u00e7\u00f5es Deferidas, de 20\/09\/2022 <strong>(Clique aqui)<\/strong><\/a><\/td><\/tr><tr><td><a href=\"http:\/\/concursos2.fadesp.org.br\/marabaprof2022\/arquivos\/Resultado Preliminar de Atendimentos Especiais.pdf\">Resultado Preliminar de Atendimentos Especiais, de 14\/09\/2022 <strong>(Clique aqui)<\/strong><\/a><\/td><\/tr><tr><td><a href=\"http:\/\/concursos2.fadesp.org.br\/marabaprof2022\/arquivos\/Resultado Preliminar de Lactantes.pdf\">Resultado Preliminar de Lactantes, de 14\/09\/2022 <strong>(Clique aqui)<\/strong><\/a><\/td><\/tr><tr><td><a href=\"http:\/\/concursos2.fadesp.org.br\/marabaprof2022\/arquivos\/Resultado Preliminar de PcD.pdf\">Resultado Preliminar de PcD, de 14\/09\/2022 <strong>(Clique aqui)<\/strong><\/a><\/td><\/tr><tr><td><a href=\"http:\/\/concursos2.fadesp.org.br\/marabaprof2022\/arquivos\/Resultado Preliminar de Inscri\u00e7\u00f5es Deferidas.pdf\">Resultado Preliminar de Inscri\u00e7\u00f5es Deferidas, de 14\/09\/2022 <strong>(Clique aqui)<\/strong><\/a><\/td><\/tr><tr><td><a href=\"http:\/\/concursos2.fadesp.org.br\/marabaprof2022\/arquivos\/Resultado Definitivo de Isen\u00e7\u00e3o de Taxa de Inscri\u00e7\u00e3o para PcD.pdf\">Resultado Definitivo de Isen\u00e7\u00e3o de Taxa de Inscri\u00e7\u00e3o para PcD, de 31\/08\/2022 <strong>(Clique aqui)<\/strong><\/a><\/td><\/tr><tr><td><a href=\"http:\/\/concursos2.fadesp.org.br\/marabaprof2022\/arquivos\/Resultado Preliminar de Isen\u00e7\u00e3o de Taxa de Inscri\u00e7\u00e3o para PcD.pdf\">Resultado Preliminar de Isen\u00e7\u00e3o de Taxa de Inscri\u00e7\u00e3o para PcD, de 24\/08\/2022 <strong>(Clique aqui)<\/strong><\/a><\/td><\/tr><tr><td><a href=\"http:\/\/concursos2.fadesp.org.br\/marabaprof2022\/arquivos\/Edital n02_2022_PMM - Edital de Abertura - 10-08-2022.pdf\">Edital n\u00ba 02\/2022, de 10\/08\/2022 <strong>(Clique aqui)<\/strong><\/a><\/td><\/tr><tr><td>Lei Municipal n\u00ba 17.827\u2013 Altera o art. 112 da Lei Municipal n\u00ba 17.331 de 30122008 <a href=\"http:\/\/concursos2.fadesp.org.br\/marabaprof2022\/arquivos\/leis\/Lei Municipal n\u00ba 17.827\u2013 Altera o art. 112 da Lei Municipal n\u00ba 17.331 de 30122008.pdf\"><b>(Clique Aqui)<\/b><\/a><\/td><\/tr><tr><td>Lei Municipal n\u00ba 17.759 \u2013 Disp\u00f5e sobre a altera\u00e7\u00e3o de dispositivos da Lei Municipal n\u00ba 17.331, de 31122008 <a href=\"http:\/\/concursos2.fadesp.org.br\/marabaprof2022\/arquivos\/leis\/Lei Municipal n\u00ba 17.759 \u2013 Disp\u00f5e sobre a altera\u00e7\u00e3o de dispositivos da Lei Municipal n\u00ba 17.331, de 31122008.pdf\"><b>(Clique Aqui)<\/b><\/a><\/td><\/tr><tr><td>Lei Municipal n\u00ba 17.592 \u2013 Altera o captu e o 1\u00ba do art. 75 da Lei n 17.331, de 31122008 <a href=\"http:\/\/concursos2.fadesp.org.br\/marabaprof2022\/arquivos\/leis\/Lei Municipal n\u00ba 17.592 \u2013 Altera o captu e o 1\u00ba do art. 75 da Lei n 17.331, de 31122008.pdf\"><b>(Clique Aqui)<\/b><\/a><\/td><\/tr><tr><td>Lei Municipal n\u00ba 17.385 \u2013 Altera o artigo 62 da Lei Municipal n\u00ba 17.3312008 <a href=\"http:\/\/concursos2.fadesp.org.br\/marabaprof2022\/arquivos\/leis\/Lei Municipal n\u00ba 17.385 \u2013 Altera o artigo 62 da Lei Municipal n\u00ba 17.3312008.pdf\"><b>(Clique Aqui)<\/b><\/a><\/td><\/tr><tr><td>Lei Municipal n\u00ba 17.336 \u2013 Nova reda\u00e7\u00e3o aos Art. 68, 74 e 86 da Lei n\u00ba 17.331-RJU <a href=\"http:\/\/concursos2.fadesp.org.br\/marabaprof2022\/arquivos\/leis\/Lei Municipal n\u00ba 17.336 \u2013 Nova reda\u00e7\u00e3o aos Art. 68, 74 e 86 da Lei n\u00ba 17.331-RJU.pdf\"><b>(Clique Aqui)<\/b><\/a><\/td><\/tr><tr><td>Lei Municipal n\u00ba 17.331\u2013 RJU \u2013 Nova Reda\u00e7\u00e3o <a href=\"http:\/\/concursos2.fadesp.org.br\/marabaprof2022\/arquivos\/leis\/Lei Municipal n\u00ba 17.331\u2013 RJU \u2013 Nova Reda\u00e7\u00e3o.pdf\"><b>(Clique Aqui)<\/b><\/a><\/td><\/tr><\/tbody><\/table>\t\t\t\t\t\t\t\t<\/div>\n\t\t\t\t<\/div>\n\t\t\t\t\t<\/div>\n\t\t<\/div>\n\t\t\t\t\t<\/div>\n\t\t<\/section>\n\t\t\t\t\t<\/div>\n\t\t<\/div>\n\t\t\t\t\t<\/div>\n\t\t<\/section>\n\t\t\t\t<\/div>\n\t\t","protected":false},"excerpt":{"rendered":"<p>Concurso P\u00fablico da Prefeitura Municipal de Marab\u00e1 &#8211; Professor 02\/2022 \u00a0O Prefeito Municipal de Marab\u00e1, no uso de suas atribui\u00e7\u00f5es, torna p\u00fablica a realiza\u00e7\u00e3o deConcurso P\u00fablico destinado ao preenchimento de vagas de cargos de professores do quadro depessoal efetivo de n\u00edvel superior da Prefeitura, mediante as condi\u00e7\u00f5es estabelecidas neste Edital.\u00a0Cargos \/ Vagas:\u00a0-Professor Licenciado em Pedagogia [&hellip;]<\/p>\n","protected":false},"author":12,"featured_media":0,"parent":329,"menu_order":0,"comment_status":"closed","ping_status":"closed","template":"","meta":{"_monsterinsights_skip_tracking":false,"_monsterinsights_sitenote_active":false,"_monsterinsights_sitenote_note":"","_monsterinsights_sitenote_category":0,"footnotes":""},"class_list":["post-28971","page","type-page","status-publish","hentry","entry"],"yoast_head":"<!-- This site is optimized with the Yoast SEO plugin v25.1 - https:\/\/yoast.com\/wordpress\/plugins\/seo\/ -->\n<title>Concurso P\u00fablico da Prefeitura Municipal de Marab\u00e1 - Professor 02\/2022 - FADESP<\/title>\n<meta name=\"robots\" content=\"index, follow, max-snippet:-1, max-image-preview:large, max-video-preview:-1\" \/>\n<link rel=\"canonical\" href=\"https:\/\/portalfadesp.org.br\/?page_id=28971\" \/>\n<meta property=\"og:locale\" content=\"pt_BR\" \/>\n<meta property=\"og:type\" content=\"article\" \/>\n<meta property=\"og:title\" content=\"Concurso P\u00fablico da Prefeitura Municipal de Marab\u00e1 - Professor 02\/2022 - FADESP\" \/>\n<meta property=\"og:description\" content=\"Concurso P\u00fablico da Prefeitura Municipal de Marab\u00e1 &#8211; Professor 02\/2022 \u00a0O Prefeito Municipal de Marab\u00e1, no uso de suas atribui\u00e7\u00f5es, torna p\u00fablica a realiza\u00e7\u00e3o deConcurso P\u00fablico destinado ao preenchimento de vagas de cargos de professores do quadro depessoal efetivo de n\u00edvel superior da Prefeitura, mediante as condi\u00e7\u00f5es estabelecidas neste Edital.\u00a0Cargos \/ Vagas:\u00a0-Professor Licenciado em Pedagogia [&hellip;]\" \/>\n<meta property=\"og:url\" content=\"https:\/\/portalfadesp.org.br\/?page_id=28971\" \/>\n<meta property=\"og:site_name\" content=\"FADESP\" \/>\n<meta property=\"article:publisher\" content=\"https:\/\/www.facebook.com\/Fadesp-138351949524662\/\" \/>\n<meta property=\"article:modified_time\" content=\"2022-12-21T15:17:24+00:00\" \/>\n<meta name=\"twitter:card\" content=\"summary_large_image\" \/>\n<meta name=\"twitter:site\" content=\"@Fadesp\" \/>\n<meta name=\"twitter:label1\" content=\"Est. tempo de leitura\" \/>\n\t<meta name=\"twitter:data1\" content=\"4 minutos\" \/>\n<script type=\"application\/ld+json\" class=\"yoast-schema-graph\">{\"@context\":\"https:\/\/schema.org\",\"@graph\":[{\"@type\":\"WebPage\",\"@id\":\"https:\/\/portalfadesp.org.br\/?page_id=28971\",\"url\":\"https:\/\/portalfadesp.org.br\/?page_id=28971\",\"name\":\"Concurso P\u00fablico da Prefeitura Municipal de Marab\u00e1 - Professor 02\/2022 - FADESP\",\"isPartOf\":{\"@id\":\"https:\/\/portalfadesp.org.br\/#website\"},\"datePublished\":\"2022-08-10T12:23:09+00:00\",\"dateModified\":\"2022-12-21T15:17:24+00:00\",\"breadcrumb\":{\"@id\":\"https:\/\/portalfadesp.org.br\/?page_id=28971#breadcrumb\"},\"inLanguage\":\"pt-BR\",\"potentialAction\":[{\"@type\":\"ReadAction\",\"target\":[\"https:\/\/portalfadesp.org.br\/?page_id=28971\"]}]},{\"@type\":\"BreadcrumbList\",\"@id\":\"https:\/\/portalfadesp.org.br\/?page_id=28971#breadcrumb\",\"itemListElement\":[{\"@type\":\"ListItem\",\"position\":1,\"name\":\"In\u00edcio\",\"item\":\"https:\/\/portalfadesp.org.br\/\"},{\"@type\":\"ListItem\",\"position\":2,\"name\":\"Concursos &#8211; Homologados\",\"item\":\"https:\/\/portalfadesp.org.br\/?page_id=329\"},{\"@type\":\"ListItem\",\"position\":3,\"name\":\"Concurso P\u00fablico da Prefeitura Municipal de Marab\u00e1 &#8211; Professor 02\/2022\"}]},{\"@type\":\"WebSite\",\"@id\":\"https:\/\/portalfadesp.org.br\/#website\",\"url\":\"https:\/\/portalfadesp.org.br\/\",\"name\":\"FADESP\",\"description\":\"Funda\u00e7\u00e3o de Amparo e Desenvolvimento da Pesquisa\",\"publisher\":{\"@id\":\"https:\/\/portalfadesp.org.br\/#organization\"},\"potentialAction\":[{\"@type\":\"SearchAction\",\"target\":{\"@type\":\"EntryPoint\",\"urlTemplate\":\"https:\/\/portalfadesp.org.br\/?s={search_term_string}\"},\"query-input\":{\"@type\":\"PropertyValueSpecification\",\"valueRequired\":true,\"valueName\":\"search_term_string\"}}],\"inLanguage\":\"pt-BR\"},{\"@type\":\"Organization\",\"@id\":\"https:\/\/portalfadesp.org.br\/#organization\",\"name\":\"FADESP\",\"url\":\"https:\/\/portalfadesp.org.br\/\",\"logo\":{\"@type\":\"ImageObject\",\"inLanguage\":\"pt-BR\",\"@id\":\"https:\/\/portalfadesp.org.br\/#\/schema\/logo\/image\/\",\"url\":\"https:\/\/portalfadesp.org.br\/wp-content\/uploads\/2024\/01\/NOVOLOGOFADESPlaranjaH.png\",\"contentUrl\":\"https:\/\/portalfadesp.org.br\/wp-content\/uploads\/2024\/01\/NOVOLOGOFADESPlaranjaH.png\",\"width\":2742,\"height\":839,\"caption\":\"FADESP\"},\"image\":{\"@id\":\"https:\/\/portalfadesp.org.br\/#\/schema\/logo\/image\/\"},\"sameAs\":[\"https:\/\/www.facebook.com\/Fadesp-138351949524662\/\",\"https:\/\/x.com\/Fadesp\",\"https:\/\/www.instagram.com\/fadesp_ufpa\/\",\"https:\/\/www.youtube.com\/@fundacaodeamparoedesenvolv1903\",\"https:\/\/www.threads.net\/@fadesp_ufpa\"]}]}<\/script>\n<!-- \/ Yoast SEO plugin. -->","yoast_head_json":{"title":"Concurso P\u00fablico da Prefeitura Municipal de Marab\u00e1 - Professor 02\/2022 - FADESP","robots":{"index":"index","follow":"follow","max-snippet":"max-snippet:-1","max-image-preview":"max-image-preview:large","max-video-preview":"max-video-preview:-1"},"canonical":"https:\/\/portalfadesp.org.br\/?page_id=28971","og_locale":"pt_BR","og_type":"article","og_title":"Concurso P\u00fablico da Prefeitura Municipal de Marab\u00e1 - Professor 02\/2022 - FADESP","og_description":"Concurso P\u00fablico da Prefeitura Municipal de Marab\u00e1 &#8211; Professor 02\/2022 \u00a0O Prefeito Municipal de Marab\u00e1, no uso de suas atribui\u00e7\u00f5es, torna p\u00fablica a realiza\u00e7\u00e3o deConcurso P\u00fablico destinado ao preenchimento de vagas de cargos de professores do quadro depessoal efetivo de n\u00edvel superior da Prefeitura, mediante as condi\u00e7\u00f5es estabelecidas neste Edital.\u00a0Cargos \/ Vagas:\u00a0-Professor Licenciado em Pedagogia [&hellip;]","og_url":"https:\/\/portalfadesp.org.br\/?page_id=28971","og_site_name":"FADESP","article_publisher":"https:\/\/www.facebook.com\/Fadesp-138351949524662\/","article_modified_time":"2022-12-21T15:17:24+00:00","twitter_card":"summary_large_image","twitter_site":"@Fadesp","twitter_misc":{"Est. tempo de leitura":"4 minutos"},"schema":{"@context":"https:\/\/schema.org","@graph":[{"@type":"WebPage","@id":"https:\/\/portalfadesp.org.br\/?page_id=28971","url":"https:\/\/portalfadesp.org.br\/?page_id=28971","name":"Concurso P\u00fablico da Prefeitura Municipal de Marab\u00e1 - Professor 02\/2022 - FADESP","isPartOf":{"@id":"https:\/\/portalfadesp.org.br\/#website"},"datePublished":"2022-08-10T12:23:09+00:00","dateModified":"2022-12-21T15:17:24+00:00","breadcrumb":{"@id":"https:\/\/portalfadesp.org.br\/?page_id=28971#breadcrumb"},"inLanguage":"pt-BR","potentialAction":[{"@type":"ReadAction","target":["https:\/\/portalfadesp.org.br\/?page_id=28971"]}]},{"@type":"BreadcrumbList","@id":"https:\/\/portalfadesp.org.br\/?page_id=28971#breadcrumb","itemListElement":[{"@type":"ListItem","position":1,"name":"In\u00edcio","item":"https:\/\/portalfadesp.org.br\/"},{"@type":"ListItem","position":2,"name":"Concursos &#8211; Homologados","item":"https:\/\/portalfadesp.org.br\/?page_id=329"},{"@type":"ListItem","position":3,"name":"Concurso P\u00fablico da Prefeitura Municipal de Marab\u00e1 &#8211; Professor 02\/2022"}]},{"@type":"WebSite","@id":"https:\/\/portalfadesp.org.br\/#website","url":"https:\/\/portalfadesp.org.br\/","name":"FADESP","description":"Funda\u00e7\u00e3o de Amparo e Desenvolvimento da Pesquisa","publisher":{"@id":"https:\/\/portalfadesp.org.br\/#organization"},"potentialAction":[{"@type":"SearchAction","target":{"@type":"EntryPoint","urlTemplate":"https:\/\/portalfadesp.org.br\/?s={search_term_string}"},"query-input":{"@type":"PropertyValueSpecification","valueRequired":true,"valueName":"search_term_string"}}],"inLanguage":"pt-BR"},{"@type":"Organization","@id":"https:\/\/portalfadesp.org.br\/#organization","name":"FADESP","url":"https:\/\/portalfadesp.org.br\/","logo":{"@type":"ImageObject","inLanguage":"pt-BR","@id":"https:\/\/portalfadesp.org.br\/#\/schema\/logo\/image\/","url":"https:\/\/portalfadesp.org.br\/wp-content\/uploads\/2024\/01\/NOVOLOGOFADESPlaranjaH.png","contentUrl":"https:\/\/portalfadesp.org.br\/wp-content\/uploads\/2024\/01\/NOVOLOGOFADESPlaranjaH.png","width":2742,"height":839,"caption":"FADESP"},"image":{"@id":"https:\/\/portalfadesp.org.br\/#\/schema\/logo\/image\/"},"sameAs":["https:\/\/www.facebook.com\/Fadesp-138351949524662\/","https:\/\/x.com\/Fadesp","https:\/\/www.instagram.com\/fadesp_ufpa\/","https:\/\/www.youtube.com\/@fundacaodeamparoedesenvolv1903","https:\/\/www.threads.net\/@fadesp_ufpa"]}]}},"_links":{"self":[{"href":"https:\/\/portalfadesp.org.br\/index.php?rest_route=\/wp\/v2\/pages\/28971","targetHints":{"allow":["GET"]}}],"collection":[{"href":"https:\/\/portalfadesp.org.br\/index.php?rest_route=\/wp\/v2\/pages"}],"about":[{"href":"https:\/\/portalfadesp.org.br\/index.php?rest_route=\/wp\/v2\/types\/page"}],"author":[{"embeddable":true,"href":"https:\/\/portalfadesp.org.br\/index.php?rest_route=\/wp\/v2\/users\/12"}],"replies":[{"embeddable":true,"href":"https:\/\/portalfadesp.org.br\/index.php?rest_route=%2Fwp%2Fv2%2Fcomments&post=28971"}],"version-history":[{"count":94,"href":"https:\/\/portalfadesp.org.br\/index.php?rest_route=\/wp\/v2\/pages\/28971\/revisions"}],"predecessor-version":[{"id":38287,"href":"https:\/\/portalfadesp.org.br\/index.php?rest_route=\/wp\/v2\/pages\/28971\/revisions\/38287"}],"up":[{"embeddable":true,"href":"https:\/\/portalfadesp.org.br\/index.php?rest_route=\/wp\/v2\/pages\/329"}],"wp:attachment":[{"href":"https:\/\/portalfadesp.org.br\/index.php?rest_route=%2Fwp%2Fv2%2Fmedia&parent=28971"}],"curies":[{"name":"wp","href":"https:\/\/api.w.org\/{rel}","templated":true}]}}