{"id":28658,"date":"2022-08-05T11:54:16","date_gmt":"2022-08-05T14:54:16","guid":{"rendered":"https:\/\/162.215.13.167?page_id=28658"},"modified":"2022-12-21T12:18:39","modified_gmt":"2022-12-21T15:18:39","slug":"pagina_modelo-19","status":"publish","type":"page","link":"https:\/\/portalfadesp.org.br\/?page_id=28658","title":{"rendered":"P\u00f3s-Gradua\u00e7\u00e3o em Engenharia El\u00e9trica \/ Matr\u00edculas em disciplinas isoladas (2022\/2)"},"content":{"rendered":"\t\t<div data-elementor-type=\"wp-post\" data-elementor-id=\"28658\" class=\"elementor elementor-28658\" data-elementor-post-type=\"page\">\n\t\t\t\t\t\t<section class=\"elementor-section elementor-top-section elementor-element elementor-element-1f2996d1 elementor-section-boxed elementor-section-height-default elementor-section-height-default\" data-id=\"1f2996d1\" data-element_type=\"section\">\n\t\t\t\t\t\t<div class=\"elementor-container elementor-column-gap-default\">\n\t\t\t\t\t<div class=\"elementor-column elementor-col-100 elementor-top-column elementor-element elementor-element-59a4b3f8\" data-id=\"59a4b3f8\" data-element_type=\"column\">\n\t\t\t<div class=\"elementor-widget-wrap elementor-element-populated\">\n\t\t\t\t\t\t<div class=\"elementor-element elementor-element-799471af elementor-widget elementor-widget-heading\" data-id=\"799471af\" data-element_type=\"widget\" data-widget_type=\"heading.default\">\n\t\t\t\t<div class=\"elementor-widget-container\">\n\t\t\t\t\t<h2 class=\"elementor-heading-title elementor-size-default\">P\u00f3s-Gradua\u00e7\u00e3o em Engenharia El\u00e9trica \/ Matr\u00edculas em disciplinas isoladas (2022\/2)<\/h2>\t\t\t\t<\/div>\n\t\t\t\t<\/div>\n\t\t\t\t<section class=\"elementor-section elementor-inner-section elementor-element elementor-element-336311f elementor-section-boxed elementor-section-height-default elementor-section-height-default\" data-id=\"336311f\" data-element_type=\"section\">\n\t\t\t\t\t\t<div class=\"elementor-container elementor-column-gap-default\">\n\t\t\t\t\t<div class=\"elementor-column elementor-col-50 elementor-inner-column elementor-element elementor-element-75ca0dc3\" data-id=\"75ca0dc3\" data-element_type=\"column\">\n\t\t\t<div class=\"elementor-widget-wrap elementor-element-populated\">\n\t\t\t\t\t\t<div class=\"elementor-element elementor-element-425a3096 elementor-widget elementor-widget-text-editor\" data-id=\"425a3096\" data-element_type=\"widget\" data-widget_type=\"text-editor.default\">\n\t\t\t\t<div class=\"elementor-widget-container\">\n\t\t\t\t\t\t\t\t\t<p>O Programa de P\u00f3s-Gradua\u00e7\u00e3o em Engenharia El\u00e9trica divulga as orienta\u00e7\u00f5es para os candidatos que desejam participar do Processo Seletivo de <strong>matr\u00edculas em disciplinas isoladas<\/strong> para o segundo <strong>semestre de 2022<\/strong> e esclarece que podem concorrer a este Processo Seletivo.<\/p><p><b>Pr\u00e9-requisitos:<\/b>Alunos graduados, p\u00f3s-graduados em n\u00edvel de Mestrado e dos dois \u00faltimos semestres de cursos de gradua\u00e7\u00e3o compat\u00edveis, que pretendam antecipar<br \/>cr\u00e9ditos com vistas a uma futura inscri\u00e7\u00e3o como alunos regulares no Programa.<\/p><p><strong>SOLICITA\u00c7\u00c3O DE INSCRI\u00c7\u00c3O:<\/strong><br \/>No per\u00edodo de <strong>25 a 26 de agosto de 2022<\/strong> o discente deve solicitar sua inscri\u00e7\u00e3o nas disciplinas do programa atrav\u00e9s do <strong>formul\u00e1rio Matr\u00edcula em disciplina Isolada e quadro de disciplinas<\/strong> conforme item \u201c1. Dos requisitos para a inscri\u00e7\u00e3o\u201d, no edital ao lado.<\/p><p>Os candidatos podem realizar at\u00e9 4 (quatro) disciplinas na modalidade de Matr\u00edcula em Disciplina Isolada. As disciplinas realizadas em per\u00edodos anteriores em at\u00e9 2 anos devem ser informadas no formul\u00e1rio de solicita\u00e7\u00e3o de matr\u00edcula, no campo \u201cDisciplinas j\u00e1 cursadas anteriormente\u201d.<\/p><p><strong>SOLICITA\u00c7\u00c3O DE INSCRI\u00c7\u00c3O:<\/strong> 25 A 26\/08\/2022<br \/><strong>RESULTADO:<\/strong> 29\/08\/2022<br \/><strong>EMISS\u00c3O DE BOLETO:<\/strong> 29 a 31\/08\/2022<br \/><strong>MATR\u00cdCULA:<\/strong> 01\/09\/2022<\/p><p>\u00a0<\/p><p>Confira todas informa\u00e7\u00f5es no edital ao lado.<\/p>\t\t\t\t\t\t\t\t<\/div>\n\t\t\t\t<\/div>\n\t\t\t\t\t<\/div>\n\t\t<\/div>\n\t\t\t\t<div class=\"elementor-column elementor-col-50 elementor-inner-column elementor-element elementor-element-79608089\" data-id=\"79608089\" data-element_type=\"column\">\n\t\t\t<div class=\"elementor-widget-wrap elementor-element-populated\">\n\t\t\t\t\t\t<div class=\"elementor-element elementor-element-7ccac55 elementor-widget elementor-widget-text-editor\" data-id=\"7ccac55\" data-element_type=\"widget\" data-widget_type=\"text-editor.default\">\n\t\t\t\t<div class=\"elementor-widget-container\">\n\t\t\t\t\t\t\t\t\t<p><strong>Editais\u00a0<\/strong><\/p>\t\t\t\t\t\t\t\t<\/div>\n\t\t\t\t<\/div>\n\t\t\t\t<div class=\"elementor-element elementor-element-368e568 elementor-widget elementor-widget-text-editor\" data-id=\"368e568\" data-element_type=\"widget\" data-widget_type=\"text-editor.default\">\n\t\t\t\t<div class=\"elementor-widget-container\">\n\t\t\t\t\t\t\t\t\t<p style=\"text-align: center;\">Edital 1 <strong><a href=\"..\/wp-content\/uploads\/2022\/08\/PPGEE_EDITAL_2022_2.pdf\">(Clique aqui)<\/a><\/strong><\/p>\t\t\t\t\t\t\t\t<\/div>\n\t\t\t\t<\/div>\n\t\t\t\t\t<\/div>\n\t\t<\/div>\n\t\t\t\t\t<\/div>\n\t\t<\/section>\n\t\t\t\t\t<\/div>\n\t\t<\/div>\n\t\t\t\t\t<\/div>\n\t\t<\/section>\n\t\t\t\t<\/div>\n\t\t","protected":false},"excerpt":{"rendered":"<p>P\u00f3s-Gradua\u00e7\u00e3o em Engenharia El\u00e9trica \/ Matr\u00edculas em disciplinas isoladas (2022\/2) O Programa de P\u00f3s-Gradua\u00e7\u00e3o em Engenharia El\u00e9trica divulga as orienta\u00e7\u00f5es para os candidatos que desejam participar do Processo Seletivo de matr\u00edculas em disciplinas isoladas para o segundo semestre de 2022 e esclarece que podem concorrer a este Processo Seletivo. Pr\u00e9-requisitos:Alunos graduados, p\u00f3s-graduados em n\u00edvel de [&hellip;]<\/p>\n","protected":false},"author":9,"featured_media":0,"parent":0,"menu_order":0,"comment_status":"closed","ping_status":"closed","template":"","meta":{"_monsterinsights_skip_tracking":false,"_monsterinsights_sitenote_active":false,"_monsterinsights_sitenote_note":"","_monsterinsights_sitenote_category":0,"footnotes":""},"class_list":["post-28658","page","type-page","status-publish","hentry","entry"],"yoast_head":"<!-- This site is optimized with the Yoast SEO plugin v25.1 - https:\/\/yoast.com\/wordpress\/plugins\/seo\/ -->\n<title>P\u00f3s-Gradua\u00e7\u00e3o em Engenharia El\u00e9trica \/ Matr\u00edculas em disciplinas isoladas (2022\/2) - FADESP<\/title>\n<meta name=\"robots\" content=\"index, follow, max-snippet:-1, max-image-preview:large, max-video-preview:-1\" \/>\n<link rel=\"canonical\" href=\"https:\/\/portalfadesp.org.br\/?page_id=28658\" \/>\n<meta property=\"og:locale\" content=\"pt_BR\" \/>\n<meta property=\"og:type\" content=\"article\" \/>\n<meta property=\"og:title\" content=\"P\u00f3s-Gradua\u00e7\u00e3o em Engenharia El\u00e9trica \/ Matr\u00edculas em disciplinas isoladas (2022\/2) - FADESP\" \/>\n<meta property=\"og:description\" content=\"P\u00f3s-Gradua\u00e7\u00e3o em Engenharia El\u00e9trica \/ Matr\u00edculas em disciplinas isoladas (2022\/2) O Programa de P\u00f3s-Gradua\u00e7\u00e3o em Engenharia El\u00e9trica divulga as orienta\u00e7\u00f5es para os candidatos que desejam participar do Processo Seletivo de matr\u00edculas em disciplinas isoladas para o segundo semestre de 2022 e esclarece que podem concorrer a este Processo Seletivo. Pr\u00e9-requisitos:Alunos graduados, p\u00f3s-graduados em n\u00edvel de [&hellip;]\" \/>\n<meta property=\"og:url\" content=\"https:\/\/portalfadesp.org.br\/?page_id=28658\" \/>\n<meta property=\"og:site_name\" content=\"FADESP\" \/>\n<meta property=\"article:publisher\" content=\"https:\/\/www.facebook.com\/Fadesp-138351949524662\/\" \/>\n<meta property=\"article:modified_time\" content=\"2022-12-21T15:18:39+00:00\" \/>\n<meta name=\"twitter:card\" content=\"summary_large_image\" \/>\n<meta name=\"twitter:site\" content=\"@Fadesp\" \/>\n<meta name=\"twitter:label1\" content=\"Est. tempo de leitura\" \/>\n\t<meta name=\"twitter:data1\" content=\"1 minuto\" \/>\n<script type=\"application\/ld+json\" class=\"yoast-schema-graph\">{\"@context\":\"https:\/\/schema.org\",\"@graph\":[{\"@type\":\"WebPage\",\"@id\":\"https:\/\/portalfadesp.org.br\/?page_id=28658\",\"url\":\"https:\/\/portalfadesp.org.br\/?page_id=28658\",\"name\":\"P\u00f3s-Gradua\u00e7\u00e3o em Engenharia El\u00e9trica \/ Matr\u00edculas em disciplinas isoladas (2022\/2) - FADESP\",\"isPartOf\":{\"@id\":\"https:\/\/portalfadesp.org.br\/#website\"},\"datePublished\":\"2022-08-05T14:54:16+00:00\",\"dateModified\":\"2022-12-21T15:18:39+00:00\",\"breadcrumb\":{\"@id\":\"https:\/\/portalfadesp.org.br\/?page_id=28658#breadcrumb\"},\"inLanguage\":\"pt-BR\",\"potentialAction\":[{\"@type\":\"ReadAction\",\"target\":[\"https:\/\/portalfadesp.org.br\/?page_id=28658\"]}]},{\"@type\":\"BreadcrumbList\",\"@id\":\"https:\/\/portalfadesp.org.br\/?page_id=28658#breadcrumb\",\"itemListElement\":[{\"@type\":\"ListItem\",\"position\":1,\"name\":\"In\u00edcio\",\"item\":\"https:\/\/portalfadesp.org.br\/\"},{\"@type\":\"ListItem\",\"position\":2,\"name\":\"P\u00f3s-Gradua\u00e7\u00e3o em Engenharia El\u00e9trica \/ Matr\u00edculas em disciplinas isoladas (2022\/2)\"}]},{\"@type\":\"WebSite\",\"@id\":\"https:\/\/portalfadesp.org.br\/#website\",\"url\":\"https:\/\/portalfadesp.org.br\/\",\"name\":\"FADESP\",\"description\":\"Funda\u00e7\u00e3o de Amparo e Desenvolvimento da Pesquisa\",\"publisher\":{\"@id\":\"https:\/\/portalfadesp.org.br\/#organization\"},\"potentialAction\":[{\"@type\":\"SearchAction\",\"target\":{\"@type\":\"EntryPoint\",\"urlTemplate\":\"https:\/\/portalfadesp.org.br\/?s={search_term_string}\"},\"query-input\":{\"@type\":\"PropertyValueSpecification\",\"valueRequired\":true,\"valueName\":\"search_term_string\"}}],\"inLanguage\":\"pt-BR\"},{\"@type\":\"Organization\",\"@id\":\"https:\/\/portalfadesp.org.br\/#organization\",\"name\":\"FADESP\",\"url\":\"https:\/\/portalfadesp.org.br\/\",\"logo\":{\"@type\":\"ImageObject\",\"inLanguage\":\"pt-BR\",\"@id\":\"https:\/\/portalfadesp.org.br\/#\/schema\/logo\/image\/\",\"url\":\"https:\/\/portalfadesp.org.br\/wp-content\/uploads\/2024\/01\/NOVOLOGOFADESPlaranjaH.png\",\"contentUrl\":\"https:\/\/portalfadesp.org.br\/wp-content\/uploads\/2024\/01\/NOVOLOGOFADESPlaranjaH.png\",\"width\":2742,\"height\":839,\"caption\":\"FADESP\"},\"image\":{\"@id\":\"https:\/\/portalfadesp.org.br\/#\/schema\/logo\/image\/\"},\"sameAs\":[\"https:\/\/www.facebook.com\/Fadesp-138351949524662\/\",\"https:\/\/x.com\/Fadesp\",\"https:\/\/www.instagram.com\/fadesp_ufpa\/\",\"https:\/\/www.youtube.com\/@fundacaodeamparoedesenvolv1903\",\"https:\/\/www.threads.net\/@fadesp_ufpa\"]}]}<\/script>\n<!-- \/ Yoast SEO plugin. -->","yoast_head_json":{"title":"P\u00f3s-Gradua\u00e7\u00e3o em Engenharia El\u00e9trica \/ Matr\u00edculas em disciplinas isoladas (2022\/2) - FADESP","robots":{"index":"index","follow":"follow","max-snippet":"max-snippet:-1","max-image-preview":"max-image-preview:large","max-video-preview":"max-video-preview:-1"},"canonical":"https:\/\/portalfadesp.org.br\/?page_id=28658","og_locale":"pt_BR","og_type":"article","og_title":"P\u00f3s-Gradua\u00e7\u00e3o em Engenharia El\u00e9trica \/ Matr\u00edculas em disciplinas isoladas (2022\/2) - FADESP","og_description":"P\u00f3s-Gradua\u00e7\u00e3o em Engenharia El\u00e9trica \/ Matr\u00edculas em disciplinas isoladas (2022\/2) O Programa de P\u00f3s-Gradua\u00e7\u00e3o em Engenharia El\u00e9trica divulga as orienta\u00e7\u00f5es para os candidatos que desejam participar do Processo Seletivo de matr\u00edculas em disciplinas isoladas para o segundo semestre de 2022 e esclarece que podem concorrer a este Processo Seletivo. Pr\u00e9-requisitos:Alunos graduados, p\u00f3s-graduados em n\u00edvel de [&hellip;]","og_url":"https:\/\/portalfadesp.org.br\/?page_id=28658","og_site_name":"FADESP","article_publisher":"https:\/\/www.facebook.com\/Fadesp-138351949524662\/","article_modified_time":"2022-12-21T15:18:39+00:00","twitter_card":"summary_large_image","twitter_site":"@Fadesp","twitter_misc":{"Est. tempo de leitura":"1 minuto"},"schema":{"@context":"https:\/\/schema.org","@graph":[{"@type":"WebPage","@id":"https:\/\/portalfadesp.org.br\/?page_id=28658","url":"https:\/\/portalfadesp.org.br\/?page_id=28658","name":"P\u00f3s-Gradua\u00e7\u00e3o em Engenharia El\u00e9trica \/ Matr\u00edculas em disciplinas isoladas (2022\/2) - FADESP","isPartOf":{"@id":"https:\/\/portalfadesp.org.br\/#website"},"datePublished":"2022-08-05T14:54:16+00:00","dateModified":"2022-12-21T15:18:39+00:00","breadcrumb":{"@id":"https:\/\/portalfadesp.org.br\/?page_id=28658#breadcrumb"},"inLanguage":"pt-BR","potentialAction":[{"@type":"ReadAction","target":["https:\/\/portalfadesp.org.br\/?page_id=28658"]}]},{"@type":"BreadcrumbList","@id":"https:\/\/portalfadesp.org.br\/?page_id=28658#breadcrumb","itemListElement":[{"@type":"ListItem","position":1,"name":"In\u00edcio","item":"https:\/\/portalfadesp.org.br\/"},{"@type":"ListItem","position":2,"name":"P\u00f3s-Gradua\u00e7\u00e3o em Engenharia El\u00e9trica \/ Matr\u00edculas em disciplinas isoladas (2022\/2)"}]},{"@type":"WebSite","@id":"https:\/\/portalfadesp.org.br\/#website","url":"https:\/\/portalfadesp.org.br\/","name":"FADESP","description":"Funda\u00e7\u00e3o de Amparo e Desenvolvimento da Pesquisa","publisher":{"@id":"https:\/\/portalfadesp.org.br\/#organization"},"potentialAction":[{"@type":"SearchAction","target":{"@type":"EntryPoint","urlTemplate":"https:\/\/portalfadesp.org.br\/?s={search_term_string}"},"query-input":{"@type":"PropertyValueSpecification","valueRequired":true,"valueName":"search_term_string"}}],"inLanguage":"pt-BR"},{"@type":"Organization","@id":"https:\/\/portalfadesp.org.br\/#organization","name":"FADESP","url":"https:\/\/portalfadesp.org.br\/","logo":{"@type":"ImageObject","inLanguage":"pt-BR","@id":"https:\/\/portalfadesp.org.br\/#\/schema\/logo\/image\/","url":"https:\/\/portalfadesp.org.br\/wp-content\/uploads\/2024\/01\/NOVOLOGOFADESPlaranjaH.png","contentUrl":"https:\/\/portalfadesp.org.br\/wp-content\/uploads\/2024\/01\/NOVOLOGOFADESPlaranjaH.png","width":2742,"height":839,"caption":"FADESP"},"image":{"@id":"https:\/\/portalfadesp.org.br\/#\/schema\/logo\/image\/"},"sameAs":["https:\/\/www.facebook.com\/Fadesp-138351949524662\/","https:\/\/x.com\/Fadesp","https:\/\/www.instagram.com\/fadesp_ufpa\/","https:\/\/www.youtube.com\/@fundacaodeamparoedesenvolv1903","https:\/\/www.threads.net\/@fadesp_ufpa"]}]}},"_links":{"self":[{"href":"https:\/\/portalfadesp.org.br\/index.php?rest_route=\/wp\/v2\/pages\/28658","targetHints":{"allow":["GET"]}}],"collection":[{"href":"https:\/\/portalfadesp.org.br\/index.php?rest_route=\/wp\/v2\/pages"}],"about":[{"href":"https:\/\/portalfadesp.org.br\/index.php?rest_route=\/wp\/v2\/types\/page"}],"author":[{"embeddable":true,"href":"https:\/\/portalfadesp.org.br\/index.php?rest_route=\/wp\/v2\/users\/9"}],"replies":[{"embeddable":true,"href":"https:\/\/portalfadesp.org.br\/index.php?rest_route=%2Fwp%2Fv2%2Fcomments&post=28658"}],"version-history":[{"count":15,"href":"https:\/\/portalfadesp.org.br\/index.php?rest_route=\/wp\/v2\/pages\/28658\/revisions"}],"predecessor-version":[{"id":38293,"href":"https:\/\/portalfadesp.org.br\/index.php?rest_route=\/wp\/v2\/pages\/28658\/revisions\/38293"}],"wp:attachment":[{"href":"https:\/\/portalfadesp.org.br\/index.php?rest_route=%2Fwp%2Fv2%2Fmedia&parent=28658"}],"curies":[{"name":"wp","href":"https:\/\/api.w.org\/{rel}","templated":true}]}}