{"id":28547,"date":"2022-07-27T08:55:21","date_gmt":"2022-07-27T11:55:21","guid":{"rendered":"https:\/\/162.215.13.167?page_id=28547"},"modified":"2022-12-19T23:41:41","modified_gmt":"2022-12-20T02:41:41","slug":"prefeitura-municipal-de-obidos-2021-3-9","status":"publish","type":"page","link":"https:\/\/portalfadesp.org.br\/?page_id=28547","title":{"rendered":"Curso Livre de Alem\u00e3o &#8211; Presencial e Online 2022\/2"},"content":{"rendered":"\t\t<div data-elementor-type=\"wp-post\" data-elementor-id=\"28547\" class=\"elementor elementor-28547\" data-elementor-post-type=\"page\">\n\t\t\t\t\t\t<section class=\"elementor-section elementor-top-section elementor-element elementor-element-1f2996d1 elementor-section-boxed elementor-section-height-default elementor-section-height-default\" data-id=\"1f2996d1\" data-element_type=\"section\">\n\t\t\t\t\t\t<div class=\"elementor-container elementor-column-gap-default\">\n\t\t\t\t\t<div class=\"elementor-column elementor-col-100 elementor-top-column elementor-element elementor-element-59a4b3f8\" data-id=\"59a4b3f8\" data-element_type=\"column\">\n\t\t\t<div class=\"elementor-widget-wrap elementor-element-populated\">\n\t\t\t\t\t\t<div class=\"elementor-element elementor-element-799471af elementor-widget elementor-widget-heading\" data-id=\"799471af\" data-element_type=\"widget\" data-widget_type=\"heading.default\">\n\t\t\t\t<div class=\"elementor-widget-container\">\n\t\t\t\t\t<h2 class=\"elementor-heading-title elementor-size-default\">Curso Livre de Alem\u00e3o - Presencial e Online 2022\/2<\/h2>\t\t\t\t<\/div>\n\t\t\t\t<\/div>\n\t\t\t\t<section class=\"elementor-section elementor-inner-section elementor-element elementor-element-336311f elementor-section-boxed elementor-section-height-default elementor-section-height-default\" data-id=\"336311f\" data-element_type=\"section\">\n\t\t\t\t\t\t<div class=\"elementor-container elementor-column-gap-default\">\n\t\t\t\t\t<div class=\"elementor-column elementor-col-50 elementor-inner-column elementor-element elementor-element-75ca0dc3\" data-id=\"75ca0dc3\" data-element_type=\"column\">\n\t\t\t<div class=\"elementor-widget-wrap elementor-element-populated\">\n\t\t\t\t\t\t<div class=\"elementor-element elementor-element-425a3096 elementor-widget elementor-widget-text-editor\" data-id=\"425a3096\" data-element_type=\"widget\" data-widget_type=\"text-editor.default\">\n\t\t\t\t<div class=\"elementor-widget-container\">\n\t\t\t\t\t\t\t\t\t<p>A Coordena\u00e7\u00e3o do Projeto de Extens\u00e3o \u2018Curso Livre de Alem\u00e3o\u2019 torna p\u00fablico a abertura de vagas e matr\u00edculas para o Curso Regular de L\u00edngua Alem\u00e3, ofertado pela Faculdade de Letras Estrangeiras Modernas (FALEM\/ILC\/UFPA).<\/p><p><strong>P\u00fablico Alvo:<\/strong><br \/>Comunidade interna (agentes universit\u00e1rios, estagi\u00e1rios, docentes, discentes da Gradua\u00e7\u00e3o e P\u00f3s-gradua\u00e7\u00e3o); comunidade externa da UFPA e demais interessados pelos conhecimentos lingu\u00edsticos do referido idioma.<\/p><p><strong>Data de Inscri\u00e7\u00f5es:<\/strong> 01 at\u00e9 25 de agosto de 2022\u00a0<br \/><a href=\"http:\/\/(http:\/\/cursoseventos.fadesp.org.br\/gui\/PortalCursosEventos.aspx#).\" data-wplink-url-error=\"true\"><strong>Clique aqui<\/strong> para se inscrever.<\/a><\/p><p><strong>Per\u00edodo das Aulas: <\/strong>30 de agosto at\u00e9 17 de<br \/>dezembro de 2022, nos dias de ter\u00e7as-feiras \u00e0s sextas-feiras (14h00-18h00) e aos s\u00e1bados (09h00-13h00).<\/p><p><strong>Investimento do Curso:<\/strong><br \/>O valor do investimento total \u00e9 de R$ 350,00 por cada n\u00edvel do curso, sendo pagos em taxa \u00fanica mediante o boleto gerado no ato da inscri\u00e7\u00e3o.<\/p><p>Ser\u00e3o ofertadas as seguintes turmas:<br \/>N\u00edvel 1- N1T1 TER\u00c7A E QUINTA, 14:00 \u00e0s 16: 00 (PRESENCIAL)<br \/>N\u00edvel 1- N1T2 TER\u00c7A E QUINTA, 14:00 \u00e0s 16: 00 (ON-LINE)<br \/>N\u00edvel 1- N1T3 QUARTA E SEXTA, 14:00 \u00e0s 16: 00(PRESENCIAL)<br \/>N\u00edvel 1- N1T4 S\u00c1BADO 14:00 \u00e0s 18:00 (ON-LINE)<br \/>N\u00edvel 2- N2T1 SEXTA 14:00 \u00e0s 18:00 (PRESENCIAL)<br \/>N\u00edvel 2- N2T2 S\u00c1BADO 14:00 \u00e0s 18:00 (ON-LINE)<br \/>N\u00edvel 3- N3T1 S\u00c1BADO 09:00 \u00e0s 13:00 (ON-LINE)<br \/>N\u00edvel 4- N4T1 S\u00c1BADO 09:00 \u00e0s 13:00 (ON-LINE)<\/p><p>Os alunos novos que desejam ingressar no Projeto a partir dos n\u00edveis 2 ao 6, devem realizar o Teste de Nivelamento contido no s\u00edtio eletr\u00f4nico da Editora Hueber e enviar para a Coordena\u00e7\u00e3o do Curso o resultado do teste como est\u00e1indicado no pr\u00f3prio site:<br \/>https:\/\/www.hueber.de\/schritte-international-neu\/oet?niveau=a11.<\/p>\t\t\t\t\t\t\t\t<\/div>\n\t\t\t\t<\/div>\n\t\t\t\t\t<\/div>\n\t\t<\/div>\n\t\t\t\t<div class=\"elementor-column elementor-col-50 elementor-inner-column elementor-element elementor-element-79608089\" data-id=\"79608089\" data-element_type=\"column\">\n\t\t\t<div class=\"elementor-widget-wrap elementor-element-populated\">\n\t\t\t\t\t\t<div class=\"elementor-element elementor-element-7ccac55 elementor-widget elementor-widget-text-editor\" data-id=\"7ccac55\" data-element_type=\"widget\" data-widget_type=\"text-editor.default\">\n\t\t\t\t<div class=\"elementor-widget-container\">\n\t\t\t\t\t\t\t\t\t<p><strong>Editais\u00a0<\/strong><\/p>\t\t\t\t\t\t\t\t<\/div>\n\t\t\t\t<\/div>\n\t\t\t\t<div class=\"elementor-element elementor-element-368e568 elementor-widget elementor-widget-text-editor\" data-id=\"368e568\" data-element_type=\"widget\" data-widget_type=\"text-editor.default\">\n\t\t\t\t<div class=\"elementor-widget-container\">\n\t\t\t\t\t\t\t\t\t<p style=\"text-align: center;\">Edital 1 <strong><a href=\"..\/wp-content\/uploads\/2022\/07\/EDITAL-do-Curso-Livre-de-Alemao-2022.2UFPA.pdf\">(Clique aqui)<\/a><\/strong><\/p>\t\t\t\t\t\t\t\t<\/div>\n\t\t\t\t<\/div>\n\t\t\t\t\t<\/div>\n\t\t<\/div>\n\t\t\t\t\t<\/div>\n\t\t<\/section>\n\t\t\t\t\t<\/div>\n\t\t<\/div>\n\t\t\t\t\t<\/div>\n\t\t<\/section>\n\t\t\t\t<\/div>\n\t\t","protected":false},"excerpt":{"rendered":"<p>Curso Livre de Alem\u00e3o &#8211; Presencial e Online 2022\/2 A Coordena\u00e7\u00e3o do Projeto de Extens\u00e3o \u2018Curso Livre de Alem\u00e3o\u2019 torna p\u00fablico a abertura de vagas e matr\u00edculas para o Curso Regular de L\u00edngua Alem\u00e3, ofertado pela Faculdade de Letras Estrangeiras Modernas (FALEM\/ILC\/UFPA). P\u00fablico Alvo:Comunidade interna (agentes universit\u00e1rios, estagi\u00e1rios, docentes, discentes da Gradua\u00e7\u00e3o e P\u00f3s-gradua\u00e7\u00e3o); comunidade [&hellip;]<\/p>\n","protected":false},"author":12,"featured_media":0,"parent":0,"menu_order":0,"comment_status":"closed","ping_status":"closed","template":"","meta":{"_monsterinsights_skip_tracking":false,"_monsterinsights_sitenote_active":false,"_monsterinsights_sitenote_note":"","_monsterinsights_sitenote_category":0,"footnotes":""},"class_list":["post-28547","page","type-page","status-publish","hentry","entry"],"yoast_head":"<!-- This site is optimized with the Yoast SEO plugin v25.1 - https:\/\/yoast.com\/wordpress\/plugins\/seo\/ -->\n<title>Curso Livre de Alem\u00e3o - Presencial e Online 2022\/2 - FADESP<\/title>\n<meta name=\"robots\" content=\"index, follow, max-snippet:-1, max-image-preview:large, max-video-preview:-1\" \/>\n<link rel=\"canonical\" href=\"https:\/\/portalfadesp.org.br\/?page_id=28547\" \/>\n<meta property=\"og:locale\" content=\"pt_BR\" \/>\n<meta property=\"og:type\" content=\"article\" \/>\n<meta property=\"og:title\" content=\"Curso Livre de Alem\u00e3o - Presencial e Online 2022\/2 - FADESP\" \/>\n<meta property=\"og:description\" content=\"Curso Livre de Alem\u00e3o &#8211; Presencial e Online 2022\/2 A Coordena\u00e7\u00e3o do Projeto de Extens\u00e3o \u2018Curso Livre de Alem\u00e3o\u2019 torna p\u00fablico a abertura de vagas e matr\u00edculas para o Curso Regular de L\u00edngua Alem\u00e3, ofertado pela Faculdade de Letras Estrangeiras Modernas (FALEM\/ILC\/UFPA). P\u00fablico Alvo:Comunidade interna (agentes universit\u00e1rios, estagi\u00e1rios, docentes, discentes da Gradua\u00e7\u00e3o e P\u00f3s-gradua\u00e7\u00e3o); comunidade [&hellip;]\" \/>\n<meta property=\"og:url\" content=\"https:\/\/portalfadesp.org.br\/?page_id=28547\" \/>\n<meta property=\"og:site_name\" content=\"FADESP\" \/>\n<meta property=\"article:publisher\" content=\"https:\/\/www.facebook.com\/Fadesp-138351949524662\/\" \/>\n<meta property=\"article:modified_time\" content=\"2022-12-20T02:41:41+00:00\" \/>\n<meta name=\"twitter:card\" content=\"summary_large_image\" \/>\n<meta name=\"twitter:site\" content=\"@Fadesp\" \/>\n<meta name=\"twitter:label1\" content=\"Est. tempo de leitura\" \/>\n\t<meta name=\"twitter:data1\" content=\"1 minuto\" \/>\n<script type=\"application\/ld+json\" class=\"yoast-schema-graph\">{\"@context\":\"https:\/\/schema.org\",\"@graph\":[{\"@type\":\"WebPage\",\"@id\":\"https:\/\/portalfadesp.org.br\/?page_id=28547\",\"url\":\"https:\/\/portalfadesp.org.br\/?page_id=28547\",\"name\":\"Curso Livre de Alem\u00e3o - Presencial e Online 2022\/2 - FADESP\",\"isPartOf\":{\"@id\":\"https:\/\/portalfadesp.org.br\/#website\"},\"datePublished\":\"2022-07-27T11:55:21+00:00\",\"dateModified\":\"2022-12-20T02:41:41+00:00\",\"breadcrumb\":{\"@id\":\"https:\/\/portalfadesp.org.br\/?page_id=28547#breadcrumb\"},\"inLanguage\":\"pt-BR\",\"potentialAction\":[{\"@type\":\"ReadAction\",\"target\":[\"https:\/\/portalfadesp.org.br\/?page_id=28547\"]}]},{\"@type\":\"BreadcrumbList\",\"@id\":\"https:\/\/portalfadesp.org.br\/?page_id=28547#breadcrumb\",\"itemListElement\":[{\"@type\":\"ListItem\",\"position\":1,\"name\":\"In\u00edcio\",\"item\":\"https:\/\/portalfadesp.org.br\/\"},{\"@type\":\"ListItem\",\"position\":2,\"name\":\"Curso Livre de Alem\u00e3o &#8211; Presencial e Online 2022\/2\"}]},{\"@type\":\"WebSite\",\"@id\":\"https:\/\/portalfadesp.org.br\/#website\",\"url\":\"https:\/\/portalfadesp.org.br\/\",\"name\":\"FADESP\",\"description\":\"Funda\u00e7\u00e3o de Amparo e Desenvolvimento da Pesquisa\",\"publisher\":{\"@id\":\"https:\/\/portalfadesp.org.br\/#organization\"},\"potentialAction\":[{\"@type\":\"SearchAction\",\"target\":{\"@type\":\"EntryPoint\",\"urlTemplate\":\"https:\/\/portalfadesp.org.br\/?s={search_term_string}\"},\"query-input\":{\"@type\":\"PropertyValueSpecification\",\"valueRequired\":true,\"valueName\":\"search_term_string\"}}],\"inLanguage\":\"pt-BR\"},{\"@type\":\"Organization\",\"@id\":\"https:\/\/portalfadesp.org.br\/#organization\",\"name\":\"FADESP\",\"url\":\"https:\/\/portalfadesp.org.br\/\",\"logo\":{\"@type\":\"ImageObject\",\"inLanguage\":\"pt-BR\",\"@id\":\"https:\/\/portalfadesp.org.br\/#\/schema\/logo\/image\/\",\"url\":\"https:\/\/portalfadesp.org.br\/wp-content\/uploads\/2024\/01\/NOVOLOGOFADESPlaranjaH.png\",\"contentUrl\":\"https:\/\/portalfadesp.org.br\/wp-content\/uploads\/2024\/01\/NOVOLOGOFADESPlaranjaH.png\",\"width\":2742,\"height\":839,\"caption\":\"FADESP\"},\"image\":{\"@id\":\"https:\/\/portalfadesp.org.br\/#\/schema\/logo\/image\/\"},\"sameAs\":[\"https:\/\/www.facebook.com\/Fadesp-138351949524662\/\",\"https:\/\/x.com\/Fadesp\",\"https:\/\/www.instagram.com\/fadesp_ufpa\/\",\"https:\/\/www.youtube.com\/@fundacaodeamparoedesenvolv1903\",\"https:\/\/www.threads.net\/@fadesp_ufpa\"]}]}<\/script>\n<!-- \/ Yoast SEO plugin. -->","yoast_head_json":{"title":"Curso Livre de Alem\u00e3o - Presencial e Online 2022\/2 - FADESP","robots":{"index":"index","follow":"follow","max-snippet":"max-snippet:-1","max-image-preview":"max-image-preview:large","max-video-preview":"max-video-preview:-1"},"canonical":"https:\/\/portalfadesp.org.br\/?page_id=28547","og_locale":"pt_BR","og_type":"article","og_title":"Curso Livre de Alem\u00e3o - Presencial e Online 2022\/2 - FADESP","og_description":"Curso Livre de Alem\u00e3o &#8211; Presencial e Online 2022\/2 A Coordena\u00e7\u00e3o do Projeto de Extens\u00e3o \u2018Curso Livre de Alem\u00e3o\u2019 torna p\u00fablico a abertura de vagas e matr\u00edculas para o Curso Regular de L\u00edngua Alem\u00e3, ofertado pela Faculdade de Letras Estrangeiras Modernas (FALEM\/ILC\/UFPA). P\u00fablico Alvo:Comunidade interna (agentes universit\u00e1rios, estagi\u00e1rios, docentes, discentes da Gradua\u00e7\u00e3o e P\u00f3s-gradua\u00e7\u00e3o); comunidade [&hellip;]","og_url":"https:\/\/portalfadesp.org.br\/?page_id=28547","og_site_name":"FADESP","article_publisher":"https:\/\/www.facebook.com\/Fadesp-138351949524662\/","article_modified_time":"2022-12-20T02:41:41+00:00","twitter_card":"summary_large_image","twitter_site":"@Fadesp","twitter_misc":{"Est. tempo de leitura":"1 minuto"},"schema":{"@context":"https:\/\/schema.org","@graph":[{"@type":"WebPage","@id":"https:\/\/portalfadesp.org.br\/?page_id=28547","url":"https:\/\/portalfadesp.org.br\/?page_id=28547","name":"Curso Livre de Alem\u00e3o - Presencial e Online 2022\/2 - FADESP","isPartOf":{"@id":"https:\/\/portalfadesp.org.br\/#website"},"datePublished":"2022-07-27T11:55:21+00:00","dateModified":"2022-12-20T02:41:41+00:00","breadcrumb":{"@id":"https:\/\/portalfadesp.org.br\/?page_id=28547#breadcrumb"},"inLanguage":"pt-BR","potentialAction":[{"@type":"ReadAction","target":["https:\/\/portalfadesp.org.br\/?page_id=28547"]}]},{"@type":"BreadcrumbList","@id":"https:\/\/portalfadesp.org.br\/?page_id=28547#breadcrumb","itemListElement":[{"@type":"ListItem","position":1,"name":"In\u00edcio","item":"https:\/\/portalfadesp.org.br\/"},{"@type":"ListItem","position":2,"name":"Curso Livre de Alem\u00e3o &#8211; Presencial e Online 2022\/2"}]},{"@type":"WebSite","@id":"https:\/\/portalfadesp.org.br\/#website","url":"https:\/\/portalfadesp.org.br\/","name":"FADESP","description":"Funda\u00e7\u00e3o de Amparo e Desenvolvimento da Pesquisa","publisher":{"@id":"https:\/\/portalfadesp.org.br\/#organization"},"potentialAction":[{"@type":"SearchAction","target":{"@type":"EntryPoint","urlTemplate":"https:\/\/portalfadesp.org.br\/?s={search_term_string}"},"query-input":{"@type":"PropertyValueSpecification","valueRequired":true,"valueName":"search_term_string"}}],"inLanguage":"pt-BR"},{"@type":"Organization","@id":"https:\/\/portalfadesp.org.br\/#organization","name":"FADESP","url":"https:\/\/portalfadesp.org.br\/","logo":{"@type":"ImageObject","inLanguage":"pt-BR","@id":"https:\/\/portalfadesp.org.br\/#\/schema\/logo\/image\/","url":"https:\/\/portalfadesp.org.br\/wp-content\/uploads\/2024\/01\/NOVOLOGOFADESPlaranjaH.png","contentUrl":"https:\/\/portalfadesp.org.br\/wp-content\/uploads\/2024\/01\/NOVOLOGOFADESPlaranjaH.png","width":2742,"height":839,"caption":"FADESP"},"image":{"@id":"https:\/\/portalfadesp.org.br\/#\/schema\/logo\/image\/"},"sameAs":["https:\/\/www.facebook.com\/Fadesp-138351949524662\/","https:\/\/x.com\/Fadesp","https:\/\/www.instagram.com\/fadesp_ufpa\/","https:\/\/www.youtube.com\/@fundacaodeamparoedesenvolv1903","https:\/\/www.threads.net\/@fadesp_ufpa"]}]}},"_links":{"self":[{"href":"https:\/\/portalfadesp.org.br\/index.php?rest_route=\/wp\/v2\/pages\/28547","targetHints":{"allow":["GET"]}}],"collection":[{"href":"https:\/\/portalfadesp.org.br\/index.php?rest_route=\/wp\/v2\/pages"}],"about":[{"href":"https:\/\/portalfadesp.org.br\/index.php?rest_route=\/wp\/v2\/types\/page"}],"author":[{"embeddable":true,"href":"https:\/\/portalfadesp.org.br\/index.php?rest_route=\/wp\/v2\/users\/12"}],"replies":[{"embeddable":true,"href":"https:\/\/portalfadesp.org.br\/index.php?rest_route=%2Fwp%2Fv2%2Fcomments&post=28547"}],"version-history":[{"count":32,"href":"https:\/\/portalfadesp.org.br\/index.php?rest_route=\/wp\/v2\/pages\/28547\/revisions"}],"predecessor-version":[{"id":36063,"href":"https:\/\/portalfadesp.org.br\/index.php?rest_route=\/wp\/v2\/pages\/28547\/revisions\/36063"}],"wp:attachment":[{"href":"https:\/\/portalfadesp.org.br\/index.php?rest_route=%2Fwp%2Fv2%2Fmedia&parent=28547"}],"curies":[{"name":"wp","href":"https:\/\/api.w.org\/{rel}","templated":true}]}}