{"id":2852,"date":"2019-07-09T13:50:51","date_gmt":"2019-07-09T16:50:51","guid":{"rendered":"https:\/\/162.215.13.167?page_id=2852"},"modified":"2022-12-20T11:18:34","modified_gmt":"2022-12-20T14:18:34","slug":"processo-seletivo-2019-prosel-especial-uepa","status":"publish","type":"page","link":"https:\/\/portalfadesp.org.br\/?page_id=2852","title":{"rendered":"Processo Seletivo 2019 (PROSEL ESP UEPA 2019)"},"content":{"rendered":"\t\t<div data-elementor-type=\"wp-post\" data-elementor-id=\"2852\" class=\"elementor elementor-2852\" data-elementor-post-type=\"page\">\n\t\t\t\t\t\t<section class=\"elementor-section elementor-top-section elementor-element elementor-element-1f2996d1 elementor-section-boxed elementor-section-height-default elementor-section-height-default\" data-id=\"1f2996d1\" data-element_type=\"section\">\n\t\t\t\t\t\t<div class=\"elementor-container elementor-column-gap-default\">\n\t\t\t\t\t<div class=\"elementor-column elementor-col-100 elementor-top-column elementor-element elementor-element-59a4b3f8\" data-id=\"59a4b3f8\" data-element_type=\"column\">\n\t\t\t<div class=\"elementor-widget-wrap elementor-element-populated\">\n\t\t\t\t\t\t<div class=\"elementor-element elementor-element-799471af elementor-widget elementor-widget-heading\" data-id=\"799471af\" data-element_type=\"widget\" data-widget_type=\"heading.default\">\n\t\t\t\t<div class=\"elementor-widget-container\">\n\t\t\t\t\t<h1 class=\"elementor-heading-title elementor-size-default\">Processo Seletivo 2019 (PROSEL ESP UEPA 2019)<\/h1>\t\t\t\t<\/div>\n\t\t\t\t<\/div>\n\t\t\t\t<section class=\"elementor-section elementor-inner-section elementor-element elementor-element-336311f elementor-section-boxed elementor-section-height-default elementor-section-height-default\" data-id=\"336311f\" data-element_type=\"section\">\n\t\t\t\t\t\t<div class=\"elementor-container elementor-column-gap-default\">\n\t\t\t\t\t<div class=\"elementor-column elementor-col-50 elementor-inner-column elementor-element elementor-element-75ca0dc3\" data-id=\"75ca0dc3\" data-element_type=\"column\">\n\t\t\t<div class=\"elementor-widget-wrap elementor-element-populated\">\n\t\t\t\t\t\t<div class=\"elementor-element elementor-element-425a3096 elementor-widget elementor-widget-text-editor\" data-id=\"425a3096\" data-element_type=\"widget\" data-widget_type=\"text-editor.default\">\n\t\t\t\t<div class=\"elementor-widget-container\">\n\t\t\t\t\t\t\t\t\t<p>A\u00a0Universidade do Estado do Par\u00e1 (UEPA) torna p\u00fablica a realiza\u00e7\u00e3o do Processo Seletivo 2019 (PROSEL ESPECIAL UEPA 2019) para o provimento de vagas nos cursos presenciais de gradua\u00e7\u00e3o, em regime especial, mediante as condi\u00e7\u00f5es estabelecidas no edital de abertura.<\/p><p><strong>Vagas &#8211; <\/strong>200<\/p><p><strong>Cursos \/ local da oferta<\/strong> &#8211;\u00a0 Educa\u00e7\u00e3o F\u00edsica (Gurup\u00e1, Benevides e Melga\u00e7o) e Geografia\u00a0 Licenciatura (Salin\u00f3polis).<\/p><p><strong>Requisitos &#8211; <\/strong>Ensino M\u00e9dio completo ou equivalente.<\/p><p><strong>Taxa &#8211;\u00a0<\/strong>R$ 30,00<\/p><p>&#8230;&#8230;&#8230;&#8230;&#8230;&#8230;&#8230;&#8230;&#8230;&#8230;..<\/p><p><strong>Datas importantes<\/strong>:<\/p><p><strong>Per\u00edodo de Inscri\u00e7\u00e3o<\/strong>\u00a0<strong>Preliminar\u00a0<\/strong>&#8211; 16 a 22\/07\/2019<\/p><p><strong>Solicita\u00e7\u00e3o de isen\u00e7\u00e3o\u00a0da taxa<\/strong>&#8211; at\u00e9 17\/07\/2019<\/p><p><strong>Pagamento da taxa de inscri\u00e7\u00e3o<\/strong> &#8211; at\u00e9 22\/07\/2019<\/p><p><strong>Inscri\u00e7\u00e3o definitiva presencial<\/strong> &#8211; 24 a 31\/07\/2019, no munic\u00edpio onde o curso ser\u00e1 realizado.<\/p><p><strong>Solicita\u00e7\u00e3o de atendimento especial &#8211; <\/strong>at\u00e9 22\/07\/19<\/p><p><strong>Cart\u00e3o de Inscri\u00e7\u00e3o para impress\u00e3o<\/strong>\u00a0&#8211; 02\/08\/2019<\/p><p><strong>Data da Prova Objetiva<\/strong> &#8211; 11\/08\/2019, das 8h \u00e0s 12h.<\/p>\t\t\t\t\t\t\t\t<\/div>\n\t\t\t\t<\/div>\n\t\t\t\t\t<\/div>\n\t\t<\/div>\n\t\t\t\t<div class=\"elementor-column elementor-col-50 elementor-inner-column elementor-element elementor-element-79608089\" data-id=\"79608089\" data-element_type=\"column\">\n\t\t\t<div class=\"elementor-widget-wrap elementor-element-populated\">\n\t\t\t\t\t\t<div class=\"elementor-element elementor-element-37283151 elementor-widget elementor-widget-text-editor\" data-id=\"37283151\" data-element_type=\"widget\" data-widget_type=\"text-editor.default\">\n\t\t\t\t<div class=\"elementor-widget-container\">\n\t\t\t\t\t\t\t\t\t<p><span style=\"color: #ffffff;\"><strong>Avisos<\/strong><\/span><\/p>\t\t\t\t\t\t\t\t<\/div>\n\t\t\t\t<\/div>\n\t\t\t\t<div class=\"elementor-element elementor-element-65d6b70b elementor-widget elementor-widget-text-editor\" data-id=\"65d6b70b\" data-element_type=\"widget\" data-widget_type=\"text-editor.default\">\n\t\t\t\t<div class=\"elementor-widget-container\">\n\t\t\t\t\t\t\t\t\t<ul><li style=\"text-align: left;\"><span style=\"color: #000000;\"><a style=\"color: #000000;\" href=\"http:\/\/concursos.fadesp.org.br\/uepa2019\/arquivos\/ListaClassificados%20-%20Uepa.pdf\"><span style=\"font-family: Roboto, sans-serif; font-size: 14px; font-style: normal; font-variant-ligatures: normal; font-variant-caps: normal; font-weight: 400;\">Lista dos Classificados &#8211; UEPA.<\/span><\/a><\/span><\/li><li style=\"text-align: left;\"><a href=\"http:\/\/concursos.fadesp.org.br\/uepa2019\/web\/index_nota.php\"><span style=\"color: #000000; font-family: Roboto, sans-serif; font-size: 14px; font-style: normal; font-variant-ligatures: normal; font-variant-caps: normal; font-weight: 400;\">Consulta de notas.<\/span><\/a><\/li><\/ul><p style=\"text-align: left;\"><span style=\"font-family: Roboto, sans-serif; font-size: 14px; font-style: normal; font-variant-ligatures: normal; font-variant-caps: normal; font-weight: 400; color: #000000;\">Os candidatos classificados devem acessar o <strong>\u00a0<a style=\"color: #000000;\" href=\"http:\/\/www.uepa.br\/pt-br\/editais\" target=\"_blank\" rel=\"noopener\"><span style=\"text-decoration: underline;\"><span style=\"color: #008000; text-decoration: underline;\">site da UEPA<\/span><\/span><\/a>,<\/strong> para se informar sobre as chamadas, os procedimentos de habilita\u00e7\u00e3o e matr\u00edcula.<\/span><\/p><p style=\"text-align: left;\"><span style=\"color: #000000; font-family: Roboto, sans-serif; font-size: 14px; font-style: normal; font-variant-ligatures: normal; font-variant-caps: normal; font-weight: 400;\">Contato DCA UEPA: (91) 3299-2299.<\/span><\/p>\t\t\t\t\t\t\t\t<\/div>\n\t\t\t\t<\/div>\n\t\t\t\t<div class=\"elementor-element elementor-element-519019c1 elementor-widget elementor-widget-text-editor\" data-id=\"519019c1\" data-element_type=\"widget\" data-widget_type=\"text-editor.default\">\n\t\t\t\t<div class=\"elementor-widget-container\">\n\t\t\t\t\t\t\t\t\t<p style=\"text-align: center;\"><span style=\"color: #ffffff;\"><strong>Editais\u00a0<\/strong><\/span><\/p>\t\t\t\t\t\t\t\t<\/div>\n\t\t\t\t<\/div>\n\t\t\t\t<div class=\"elementor-element elementor-element-165e423c elementor-widget elementor-widget-text-editor\" data-id=\"165e423c\" data-element_type=\"widget\" data-widget_type=\"text-editor.default\">\n\t\t\t\t<div class=\"elementor-widget-container\">\n\t\t\t\t\t\t\t\t\t<p style=\"text-align: center;\"><strong><a href=\"http:\/\/concursos.fadesp.org.br\/uepa2019\/arquivos\/PROVA%20PROSEL.pdf\">PROVA PROSEL<\/a><\/strong><\/p>\n<p style=\"text-align: center;\"><strong><a href=\"http:\/\/concursos.fadesp.org.br\/uepa2019\/arquivos\/GABARITO PROSEL.pdf\">GABARITO PROSEL<\/a><\/strong><\/p>\n<p style=\"text-align: center;\"><strong><a href=\"..\/wp-content\/uploads\/2019\/08\/PROSEL-ESP-2019-aviso-data-da-divulga\u00e7\u00e3o-do-resultado.pdf\" target=\"_blank\" rel=\"noopener\">PROSEL ESP 2019 &#8211; aviso sobre a data da divulga\u00e7\u00e3o do resultado<\/a><\/strong><\/p>\n<p style=\"text-align: center;\"><strong><a href=\"http:\/\/concursos.fadesp.org.br\/uepa2019\/arquivos\/Rela\u00e7\u00e3o PCD.pdf\">Rela\u00e7\u00e3o de candidatos PcD com inscri\u00e7\u00e3o definitiva deferida<\/a><\/strong><\/p>\n<p style=\"text-align: center;\"><strong><a href=\"http:\/\/concursos.fadesp.org.br\/uepa2019\/arquivos\/Rela\u00e7\u00e3o dos candidatos com inscri\u00e7\u00e3o deferida.pdf\">Rela\u00e7\u00e3o de candidatos com Inscri\u00e7\u00e3o definitiva confirmada para participarem da prova objetiva do dia 11\/08\/2019<\/a><\/strong><\/p>\n<p style=\"text-align: center;\"><strong><a href=\"http:\/\/concursos.fadesp.org.br\/uepa2019\/arquivos\/Inscri\u00e7\u00f5es Preliminares - UEPA.pdf\">INSCRI\u00c7\u00d5ES PRELIMINARES<\/a><\/strong><\/p>\n<p style=\"text-align: center;\"><strong><a href=\"http:\/\/concursos.fadesp.org.br\/uepa2019\/arquivos\/LOCAIS DE REALIZA\u00c7\u00c3O DA INSCRI\u00c7\u00c3O DEFINITIVA.pdf\">LOCAIS DE REALIZA\u00c7\u00c3O DA INSCRI\u00c7\u00c3O DEFINITIVA<\/a><\/strong><\/p>\n<p style=\"text-align: center;\"><strong><a href=\"http:\/\/concursos.fadesp.org.br\/uepa2019\/arquivos\/REQUERIMENTO DE INSCRI\u00c7\u00c3O DEFINITIVA.pdf\">REQUERIMENTO DE INSCRI\u00c7\u00c3O DEFINITIVA<\/a><\/strong><\/p>\n<p style=\"text-align: center;\"><strong><a href=\"http:\/\/concursos.fadesp.org.br\/uepa2019\/arquivos\/ORIENTA\u00c7\u00d5ES AOS CANDIDATO PARA A INSCRI\u00c7\u00c3O DEFINITIVA.pdf\">ORIENTA\u00c7\u00d5ES AOS CANDIDATO PARA A INSCRI\u00c7\u00c3O DEFINITIVA<\/a><\/strong><\/p>\n<p style=\"text-align: center;\"><strong><a href=\"http:\/\/concursos.fadesp.org.br\/uepa2019\/arquivos\/UEPA%20-%20Resultado%20do%20Processo%20de%20Isen%C3%A7%C3%A3o%20de%20Taxa%20de%20Inscri%C3%A7%C3%A3o.pdf\">UEPA &#8211; Resultado do Processo de Isen\u00e7\u00e3o de Taxa de Inscri\u00e7\u00e3o<\/a><\/strong><\/p>\n<p style=\"text-align: center;\"><strong><a href=\"..\/wp-content\/uploads\/2019\/07\/Edital-RETIFICADO-PROSEL-UEPA-2019.pdf\" target=\"_blank\" rel=\"noopener\">Edital Retificado UEPA PROSEL ESP 2019<\/a><\/strong><\/p>\n<p style=\"text-align: center;\"><strong>\u00a0Informa\u00e7\u00f5es no setor de Concursos,\u00a0das 8h \u00e0s 17h\u00a0<\/strong>\n<strong>(91) 4005-7440 \/ 7441 \/ 7442 concursos@fadesp.org.br\u00a0<\/strong><\/p>\t\t\t\t\t\t\t\t<\/div>\n\t\t\t\t<\/div>\n\t\t\t\t\t<\/div>\n\t\t<\/div>\n\t\t\t\t\t<\/div>\n\t\t<\/section>\n\t\t\t\t\t<\/div>\n\t\t<\/div>\n\t\t\t\t\t<\/div>\n\t\t<\/section>\n\t\t\t\t<\/div>\n\t\t","protected":false},"excerpt":{"rendered":"<p>Processo Seletivo 2019 (PROSEL ESP UEPA 2019) A\u00a0Universidade do Estado do Par\u00e1 (UEPA) torna p\u00fablica a realiza\u00e7\u00e3o do Processo Seletivo 2019 (PROSEL ESPECIAL UEPA 2019) para o provimento de vagas nos cursos presenciais de gradua\u00e7\u00e3o, em regime especial, mediante as condi\u00e7\u00f5es estabelecidas no edital de abertura. Vagas &#8211; 200 Cursos \/ local da oferta &#8211;\u00a0 [&hellip;]<\/p>\n","protected":false},"author":11,"featured_media":0,"parent":329,"menu_order":50,"comment_status":"closed","ping_status":"closed","template":"","meta":{"_monsterinsights_skip_tracking":false,"_monsterinsights_sitenote_active":false,"_monsterinsights_sitenote_note":"","_monsterinsights_sitenote_category":0,"footnotes":""},"class_list":["post-2852","page","type-page","status-publish","hentry","entry"],"yoast_head":"<!-- This site is optimized with the Yoast SEO plugin v25.1 - https:\/\/yoast.com\/wordpress\/plugins\/seo\/ -->\n<title>Processo Seletivo 2019 (PROSEL ESP UEPA 2019) - FADESP<\/title>\n<meta name=\"robots\" content=\"index, follow, max-snippet:-1, max-image-preview:large, max-video-preview:-1\" \/>\n<link rel=\"canonical\" href=\"https:\/\/portalfadesp.org.br\/?page_id=2852\" \/>\n<meta property=\"og:locale\" content=\"pt_BR\" \/>\n<meta property=\"og:type\" content=\"article\" \/>\n<meta property=\"og:title\" content=\"Processo Seletivo 2019 (PROSEL ESP UEPA 2019) - FADESP\" \/>\n<meta property=\"og:description\" content=\"Processo Seletivo 2019 (PROSEL ESP UEPA 2019) A\u00a0Universidade do Estado do Par\u00e1 (UEPA) torna p\u00fablica a realiza\u00e7\u00e3o do Processo Seletivo 2019 (PROSEL ESPECIAL UEPA 2019) para o provimento de vagas nos cursos presenciais de gradua\u00e7\u00e3o, em regime especial, mediante as condi\u00e7\u00f5es estabelecidas no edital de abertura. Vagas &#8211; 200 Cursos \/ local da oferta &#8211;\u00a0 [&hellip;]\" \/>\n<meta property=\"og:url\" content=\"https:\/\/portalfadesp.org.br\/?page_id=2852\" \/>\n<meta property=\"og:site_name\" content=\"FADESP\" \/>\n<meta property=\"article:publisher\" content=\"https:\/\/www.facebook.com\/Fadesp-138351949524662\/\" \/>\n<meta property=\"article:modified_time\" content=\"2022-12-20T14:18:34+00:00\" \/>\n<meta name=\"twitter:card\" content=\"summary_large_image\" \/>\n<meta name=\"twitter:site\" content=\"@Fadesp\" \/>\n<meta name=\"twitter:label1\" content=\"Est. tempo de leitura\" \/>\n\t<meta name=\"twitter:data1\" content=\"1 minuto\" \/>\n<script type=\"application\/ld+json\" class=\"yoast-schema-graph\">{\"@context\":\"https:\/\/schema.org\",\"@graph\":[{\"@type\":\"WebPage\",\"@id\":\"https:\/\/portalfadesp.org.br\/?page_id=2852\",\"url\":\"https:\/\/portalfadesp.org.br\/?page_id=2852\",\"name\":\"Processo Seletivo 2019 (PROSEL ESP UEPA 2019) - FADESP\",\"isPartOf\":{\"@id\":\"https:\/\/portalfadesp.org.br\/#website\"},\"datePublished\":\"2019-07-09T16:50:51+00:00\",\"dateModified\":\"2022-12-20T14:18:34+00:00\",\"breadcrumb\":{\"@id\":\"https:\/\/portalfadesp.org.br\/?page_id=2852#breadcrumb\"},\"inLanguage\":\"pt-BR\",\"potentialAction\":[{\"@type\":\"ReadAction\",\"target\":[\"https:\/\/portalfadesp.org.br\/?page_id=2852\"]}]},{\"@type\":\"BreadcrumbList\",\"@id\":\"https:\/\/portalfadesp.org.br\/?page_id=2852#breadcrumb\",\"itemListElement\":[{\"@type\":\"ListItem\",\"position\":1,\"name\":\"In\u00edcio\",\"item\":\"https:\/\/portalfadesp.org.br\/\"},{\"@type\":\"ListItem\",\"position\":2,\"name\":\"Concursos &#8211; Homologados\",\"item\":\"https:\/\/portalfadesp.org.br\/?page_id=329\"},{\"@type\":\"ListItem\",\"position\":3,\"name\":\"Processo Seletivo 2019 (PROSEL ESP UEPA 2019)\"}]},{\"@type\":\"WebSite\",\"@id\":\"https:\/\/portalfadesp.org.br\/#website\",\"url\":\"https:\/\/portalfadesp.org.br\/\",\"name\":\"FADESP\",\"description\":\"Funda\u00e7\u00e3o de Amparo e Desenvolvimento da Pesquisa\",\"publisher\":{\"@id\":\"https:\/\/portalfadesp.org.br\/#organization\"},\"potentialAction\":[{\"@type\":\"SearchAction\",\"target\":{\"@type\":\"EntryPoint\",\"urlTemplate\":\"https:\/\/portalfadesp.org.br\/?s={search_term_string}\"},\"query-input\":{\"@type\":\"PropertyValueSpecification\",\"valueRequired\":true,\"valueName\":\"search_term_string\"}}],\"inLanguage\":\"pt-BR\"},{\"@type\":\"Organization\",\"@id\":\"https:\/\/portalfadesp.org.br\/#organization\",\"name\":\"FADESP\",\"url\":\"https:\/\/portalfadesp.org.br\/\",\"logo\":{\"@type\":\"ImageObject\",\"inLanguage\":\"pt-BR\",\"@id\":\"https:\/\/portalfadesp.org.br\/#\/schema\/logo\/image\/\",\"url\":\"https:\/\/portalfadesp.org.br\/wp-content\/uploads\/2024\/01\/NOVOLOGOFADESPlaranjaH.png\",\"contentUrl\":\"https:\/\/portalfadesp.org.br\/wp-content\/uploads\/2024\/01\/NOVOLOGOFADESPlaranjaH.png\",\"width\":2742,\"height\":839,\"caption\":\"FADESP\"},\"image\":{\"@id\":\"https:\/\/portalfadesp.org.br\/#\/schema\/logo\/image\/\"},\"sameAs\":[\"https:\/\/www.facebook.com\/Fadesp-138351949524662\/\",\"https:\/\/x.com\/Fadesp\",\"https:\/\/www.instagram.com\/fadesp_ufpa\/\",\"https:\/\/www.youtube.com\/@fundacaodeamparoedesenvolv1903\",\"https:\/\/www.threads.net\/@fadesp_ufpa\"]}]}<\/script>\n<!-- \/ Yoast SEO plugin. -->","yoast_head_json":{"title":"Processo Seletivo 2019 (PROSEL ESP UEPA 2019) - FADESP","robots":{"index":"index","follow":"follow","max-snippet":"max-snippet:-1","max-image-preview":"max-image-preview:large","max-video-preview":"max-video-preview:-1"},"canonical":"https:\/\/portalfadesp.org.br\/?page_id=2852","og_locale":"pt_BR","og_type":"article","og_title":"Processo Seletivo 2019 (PROSEL ESP UEPA 2019) - FADESP","og_description":"Processo Seletivo 2019 (PROSEL ESP UEPA 2019) A\u00a0Universidade do Estado do Par\u00e1 (UEPA) torna p\u00fablica a realiza\u00e7\u00e3o do Processo Seletivo 2019 (PROSEL ESPECIAL UEPA 2019) para o provimento de vagas nos cursos presenciais de gradua\u00e7\u00e3o, em regime especial, mediante as condi\u00e7\u00f5es estabelecidas no edital de abertura. Vagas &#8211; 200 Cursos \/ local da oferta &#8211;\u00a0 [&hellip;]","og_url":"https:\/\/portalfadesp.org.br\/?page_id=2852","og_site_name":"FADESP","article_publisher":"https:\/\/www.facebook.com\/Fadesp-138351949524662\/","article_modified_time":"2022-12-20T14:18:34+00:00","twitter_card":"summary_large_image","twitter_site":"@Fadesp","twitter_misc":{"Est. tempo de leitura":"1 minuto"},"schema":{"@context":"https:\/\/schema.org","@graph":[{"@type":"WebPage","@id":"https:\/\/portalfadesp.org.br\/?page_id=2852","url":"https:\/\/portalfadesp.org.br\/?page_id=2852","name":"Processo Seletivo 2019 (PROSEL ESP UEPA 2019) - FADESP","isPartOf":{"@id":"https:\/\/portalfadesp.org.br\/#website"},"datePublished":"2019-07-09T16:50:51+00:00","dateModified":"2022-12-20T14:18:34+00:00","breadcrumb":{"@id":"https:\/\/portalfadesp.org.br\/?page_id=2852#breadcrumb"},"inLanguage":"pt-BR","potentialAction":[{"@type":"ReadAction","target":["https:\/\/portalfadesp.org.br\/?page_id=2852"]}]},{"@type":"BreadcrumbList","@id":"https:\/\/portalfadesp.org.br\/?page_id=2852#breadcrumb","itemListElement":[{"@type":"ListItem","position":1,"name":"In\u00edcio","item":"https:\/\/portalfadesp.org.br\/"},{"@type":"ListItem","position":2,"name":"Concursos &#8211; Homologados","item":"https:\/\/portalfadesp.org.br\/?page_id=329"},{"@type":"ListItem","position":3,"name":"Processo Seletivo 2019 (PROSEL ESP UEPA 2019)"}]},{"@type":"WebSite","@id":"https:\/\/portalfadesp.org.br\/#website","url":"https:\/\/portalfadesp.org.br\/","name":"FADESP","description":"Funda\u00e7\u00e3o de Amparo e Desenvolvimento da Pesquisa","publisher":{"@id":"https:\/\/portalfadesp.org.br\/#organization"},"potentialAction":[{"@type":"SearchAction","target":{"@type":"EntryPoint","urlTemplate":"https:\/\/portalfadesp.org.br\/?s={search_term_string}"},"query-input":{"@type":"PropertyValueSpecification","valueRequired":true,"valueName":"search_term_string"}}],"inLanguage":"pt-BR"},{"@type":"Organization","@id":"https:\/\/portalfadesp.org.br\/#organization","name":"FADESP","url":"https:\/\/portalfadesp.org.br\/","logo":{"@type":"ImageObject","inLanguage":"pt-BR","@id":"https:\/\/portalfadesp.org.br\/#\/schema\/logo\/image\/","url":"https:\/\/portalfadesp.org.br\/wp-content\/uploads\/2024\/01\/NOVOLOGOFADESPlaranjaH.png","contentUrl":"https:\/\/portalfadesp.org.br\/wp-content\/uploads\/2024\/01\/NOVOLOGOFADESPlaranjaH.png","width":2742,"height":839,"caption":"FADESP"},"image":{"@id":"https:\/\/portalfadesp.org.br\/#\/schema\/logo\/image\/"},"sameAs":["https:\/\/www.facebook.com\/Fadesp-138351949524662\/","https:\/\/x.com\/Fadesp","https:\/\/www.instagram.com\/fadesp_ufpa\/","https:\/\/www.youtube.com\/@fundacaodeamparoedesenvolv1903","https:\/\/www.threads.net\/@fadesp_ufpa"]}]}},"_links":{"self":[{"href":"https:\/\/portalfadesp.org.br\/index.php?rest_route=\/wp\/v2\/pages\/2852","targetHints":{"allow":["GET"]}}],"collection":[{"href":"https:\/\/portalfadesp.org.br\/index.php?rest_route=\/wp\/v2\/pages"}],"about":[{"href":"https:\/\/portalfadesp.org.br\/index.php?rest_route=\/wp\/v2\/types\/page"}],"author":[{"embeddable":true,"href":"https:\/\/portalfadesp.org.br\/index.php?rest_route=\/wp\/v2\/users\/11"}],"replies":[{"embeddable":true,"href":"https:\/\/portalfadesp.org.br\/index.php?rest_route=%2Fwp%2Fv2%2Fcomments&post=2852"}],"version-history":[{"count":115,"href":"https:\/\/portalfadesp.org.br\/index.php?rest_route=\/wp\/v2\/pages\/2852\/revisions"}],"predecessor-version":[{"id":36366,"href":"https:\/\/portalfadesp.org.br\/index.php?rest_route=\/wp\/v2\/pages\/2852\/revisions\/36366"}],"up":[{"embeddable":true,"href":"https:\/\/portalfadesp.org.br\/index.php?rest_route=\/wp\/v2\/pages\/329"}],"wp:attachment":[{"href":"https:\/\/portalfadesp.org.br\/index.php?rest_route=%2Fwp%2Fv2%2Fmedia&parent=2852"}],"curies":[{"name":"wp","href":"https:\/\/api.w.org\/{rel}","templated":true}]}}