{"id":28235,"date":"2022-06-30T18:00:00","date_gmt":"2022-06-30T21:00:00","guid":{"rendered":"https:\/\/162.215.13.167?page_id=28235"},"modified":"2022-12-20T10:39:42","modified_gmt":"2022-12-20T13:39:42","slug":"processo-seletivo-especial-unifesspa-prosel-unifesspa-2023","status":"publish","type":"page","link":"https:\/\/portalfadesp.org.br\/?page_id=28235","title":{"rendered":"Processo Seletivo Especial UNIFESSPA (PROSEL UNIFESSPA) &#8211; 2023"},"content":{"rendered":"\t\t<div data-elementor-type=\"wp-post\" data-elementor-id=\"28235\" class=\"elementor elementor-28235\" data-elementor-post-type=\"page\">\n\t\t\t\t\t\t<section class=\"elementor-section elementor-top-section elementor-element elementor-element-1f2996d1 elementor-section-boxed elementor-section-height-default elementor-section-height-default\" data-id=\"1f2996d1\" data-element_type=\"section\">\n\t\t\t\t\t\t<div class=\"elementor-container elementor-column-gap-default\">\n\t\t\t\t\t<div class=\"elementor-column elementor-col-100 elementor-top-column elementor-element elementor-element-59a4b3f8\" data-id=\"59a4b3f8\" data-element_type=\"column\">\n\t\t\t<div class=\"elementor-widget-wrap elementor-element-populated\">\n\t\t\t\t\t\t<div class=\"elementor-element elementor-element-799471af elementor-widget elementor-widget-heading\" data-id=\"799471af\" data-element_type=\"widget\" data-widget_type=\"heading.default\">\n\t\t\t\t<div class=\"elementor-widget-container\">\n\t\t\t\t\t<h1 class=\"elementor-heading-title elementor-size-default\">Processo Seletivo Especial UNIFESSPA 2023 (PROSEL UNIFESSPA) <\/h1>\t\t\t\t<\/div>\n\t\t\t\t<\/div>\n\t\t\t\t<section class=\"elementor-section elementor-inner-section elementor-element elementor-element-336311f elementor-section-boxed elementor-section-height-default elementor-section-height-default\" data-id=\"336311f\" data-element_type=\"section\">\n\t\t\t\t\t\t<div class=\"elementor-container elementor-column-gap-default\">\n\t\t\t\t\t<div class=\"elementor-column elementor-col-50 elementor-inner-column elementor-element elementor-element-75ca0dc3\" data-id=\"75ca0dc3\" data-element_type=\"column\">\n\t\t\t<div class=\"elementor-widget-wrap elementor-element-populated\">\n\t\t\t\t\t\t<div class=\"elementor-element elementor-element-425a3096 elementor-widget elementor-widget-text-editor\" data-id=\"425a3096\" data-element_type=\"widget\" data-widget_type=\"text-editor.default\">\n\t\t\t\t<div class=\"elementor-widget-container\">\n\t\t\t\t\t\t\t\t\t<p>O Reitor da Universidade Federal do Sul e Sudeste do Par\u00e1 (UNIFESSPA) torna p\u00fablica a realiza\u00e7\u00e3o do Processo Seletivo Especial 2023 (PROSEL ESP UNIFESSPA 2023), destinado a selecionar candidatos para o provimento de vagas nos cursos presenciais de gradua\u00e7\u00e3o, em regime especial, mediante<br \/>conv\u00eanio celebrado com a Secretaria de Estado de Ci\u00eancia, Tecnologia e Educa\u00e7\u00e3o Profissional e Tecnol\u00f3gica (SECTET). Os referidos cursos ser\u00e3o ofertados pela Universidade Federal do Sul e Sudeste do Par\u00e1 (UNIFESSPA), mediante as condi\u00e7\u00f5es estabelecidas neste edital.<\/p><p><strong>Vagas \u2013 530<\/strong><\/p><p>Munic\u00edpios de realiza\u00e7\u00e3o da prova:<br \/>Eldorado dos Caraj\u00e1s <br \/>\u00c1gua Azul do Norte<br \/>Bannach<br \/>Pau D&#8217;Arco<br \/>Sapucaia<br \/>S\u00e3o Domingos do Araguaia<br \/>Palestina do Par\u00e1<br \/>Peixe Boi<br \/>Placas<br \/>S\u00e3o Jo\u00e3o do Araguaia<br \/>Floresta do Araguaia<\/p><p><strong>Taxa de inscri\u00e7\u00e3o \u2013<\/strong>\u00a0R$ 20,00<\/p><p>\u2026\u2026\u2026\u2026\u2026\u2026\u2026\u2026\u2026\u2026..<\/p><p><strong>Datas importantes<\/strong>:<\/p><p><strong>Per\u00edodo de Inscri\u00e7\u00e3o<\/strong> \u2013 04\/07\/2022 a 24\/08\/2022<\/p><p><strong>\u00daltimo dia de pagamento \u2013<\/strong>25\/08\/2022<\/p><p><strong>Realiza\u00e7\u00e3o da Prova Objetiva e de Reda\u00e7\u00e3o \u2013<\/strong> 11\/09\/2022<\/p>\t\t\t\t\t\t\t\t<\/div>\n\t\t\t\t<\/div>\n\t\t\t\t\t<\/div>\n\t\t<\/div>\n\t\t\t\t<div class=\"elementor-column elementor-col-50 elementor-inner-column elementor-element elementor-element-79608089\" data-id=\"79608089\" data-element_type=\"column\">\n\t\t\t<div class=\"elementor-widget-wrap elementor-element-populated\">\n\t\t\t\t\t\t<div class=\"elementor-element elementor-element-7ccac55 elementor-widget elementor-widget-text-editor\" data-id=\"7ccac55\" data-element_type=\"widget\" data-widget_type=\"text-editor.default\">\n\t\t\t\t<div class=\"elementor-widget-container\">\n\t\t\t\t\t\t\t\t\t<p><strong>Avisos<\/strong><\/p>\t\t\t\t\t\t\t\t<\/div>\n\t\t\t\t<\/div>\n\t\t\t\t<div class=\"elementor-element elementor-element-6663b3d elementor-widget elementor-widget-text-editor\" data-id=\"6663b3d\" data-element_type=\"widget\" data-widget_type=\"text-editor.default\">\n\t\t\t\t<div class=\"elementor-widget-container\">\n\t\t\t\t\t\t\t\t\t<div class=\"botaoBug\" style=\"margin-top: 10px;\"><a href=\"http:\/\/concursos2.fadesp.org.br\/prosel\/2023\/unifesspa\/web\/index.php\"><strong>Respostas dos Recursos (Clique Aqui)<\/strong><\/a><\/div>\t\t\t\t\t\t\t\t<\/div>\n\t\t\t\t<\/div>\n\t\t\t\t<div class=\"elementor-element elementor-element-fa5dbef elementor-widget elementor-widget-text-editor\" data-id=\"fa5dbef\" data-element_type=\"widget\" data-widget_type=\"text-editor.default\">\n\t\t\t\t<div class=\"elementor-widget-container\">\n\t\t\t\t\t\t\t\t\t<p><strong>Editais<\/strong><\/p>\t\t\t\t\t\t\t\t<\/div>\n\t\t\t\t<\/div>\n\t\t\t\t<div class=\"elementor-element elementor-element-368e568 elementor-widget elementor-widget-text-editor\" data-id=\"368e568\" data-element_type=\"widget\" data-widget_type=\"text-editor.default\">\n\t\t\t\t<div class=\"elementor-widget-container\">\n\t\t\t\t\t\t\t\t\t<p style=\"text-align: center;\">O Edital de habilita\u00e7\u00f5es de Matr\u00edcula ser\u00e1 divulgado pela UNIFESSPA no site oficial <strong><a href=\"https:\/\/crca.unifesspa.edu.br\">https:\/\/crca.unifesspa.edu.br<\/a><\/strong><\/p><p style=\"text-align: center;\">Resultado Final Definitivo em Ordem Alfab\u00e9tica N\u00e3o Eliminados, de 28\/10\/2022 <strong><a href=\"http:\/\/concursos2.fadesp.org.br\/prosel\/2023\/unifesspa\/arquivos\/Resultado Final Definitivo em Ordem Alfab\u00e9tica.pdf\">(Clique aqui)<\/a><\/strong><\/p><p style=\"text-align: center;\">Edital n\u00ba 17\/2022 &#8211; Resultado Classificat\u00f3rio Final Definitivo, de 28\/10\/2022 <strong><a href=\"http:\/\/concursos2.fadesp.org.br\/prosel\/2023\/unifesspa\/arquivos\/Edital 17_2022 Resultado Classificat\u00f3rio Final Definitivo - 28-10-2022.pdf\">(Clique aqui)<\/a><\/strong><\/p><p style=\"text-align: center;\">Edital n\u00ba 16\/2022 &#8211; Resultado Classificat\u00f3rio Final Preliminar, de 21\/10\/2022 <strong><a href=\"http:\/\/concursos2.fadesp.org.br\/prosel\/2023\/unifesspa\/arquivos\/Edital 16 Resultado Classificat\u00f3rio Final Preliminar.pdf\">(Clique aqui)<\/a><\/strong><\/p><p style=\"text-align: center;\">Edital n\u00ba 15\/2022 &#8211; Resultado Definitivo da Prova de Reda\u00e7\u00e3o, de 21\/10\/2022 <strong><a href=\"http:\/\/concursos2.fadesp.org.br\/prosel\/2023\/unifesspa\/arquivos\/Edital 15 Resultado Definitivo da Prova de Reda\u00e7\u00e3o.pdf\">(Clique aqui)<\/a><\/strong><\/p><p style=\"text-align: center;\">Resultado Preliminar da Prova de Reda\u00e7\u00e3o, de 12\/10\/2022 <strong><a href=\"http:\/\/concursos2.fadesp.org.br\/prosel\/2023\/unifesspa\/arquivos\/Edital 14 Resultado Preliminar da Prova de Reda\u00e7\u00e3o.pdf\">(Clique aqui)<\/a><\/strong><\/p><p style=\"text-align: center;\">Resultado Definitivo da Prova Objetiva, de 12\/10\/2022<strong> <a href=\"http:\/\/concursos2.fadesp.org.br\/prosel\/2023\/unifesspa\/arquivos\/Edital 13 Resultado Definitivo da Prova Objetiva.pdf\">(Clique aqui)<\/a><\/strong><\/p><p style=\"text-align: center;\">Resultado Preliminar da Prova Objetiva, de 04\/10\/2022 <strong><a href=\"http:\/\/concursos2.fadesp.org.br\/prosel\/2023\/unifesspa\/arquivos\/UNIFESSPA - Edital 12 Resultado Preliminar da Prova Objetiva.pdf\">(Clique aqui)<\/a><\/strong><\/p><p style=\"text-align: center;\">Gabarito Oficial Definitivo, de 21\/09\/2022 <strong><a href=\"http:\/\/concursos2.fadesp.org.br\/prosel\/2023\/unifesspa\/arquivos\/GABARITO_OFICIAL_DEFINITIVO_21_09_2022.pdf\">(Clique aqui)<\/a><\/strong><\/p><p style=\"text-align: center;\">Prova, de 12\/09\/2022 <strong><a href=\"http:\/\/concursos2.fadesp.org.br\/prosel\/2023\/unifesspa\/arquivos\/Prova.pdf\">(Clique aqui)<\/a><\/strong><\/p><p style=\"text-align: center;\">Gabarito Oficial Preliminar, de 12\/09\/2022 <strong><a href=\"http:\/\/concursos2.fadesp.org.br\/prosel\/2023\/unifesspa\/arquivos\/Gabarito Oficial Preliminar.pdf\">(Clique aqui)<\/a><\/strong><\/p><p style=\"text-align: center;\">Demanda, de 06\/09\/2022 <strong><a href=\"http:\/\/concursos2.fadesp.org.br\/prosel\/2023\/unifesspa\/arquivos\/UNIFESSPA - Demanda.pdf\">(Clique aqui)<\/a><\/strong><\/p><p style=\"text-align: center;\">Edital n\u00ba 11\/2022 &#8211; Resultado Definitivo de Atendimento Especial, de 02\/09\/2022<strong> <a href=\"http:\/\/concursos2.fadesp.org.br\/prosel\/2023\/unifesspa\/arquivos\/Edital 11 Resultado Definitivo de Atendimentos Especiais.pdf\">(Clique aqui)<\/a><\/strong><\/p><p style=\"text-align: center;\">Edital n\u00ba 10\/2022 &#8211; Resultado Definitivo de PcD Concorrentes, de 02\/09\/2022 <strong><a href=\"http:\/\/concursos2.fadesp.org.br\/prosel\/2023\/unifesspa\/arquivos\/Edital 10 Resultado Definitivo de PcD Concorrentes.pdf\">(Clique aqui)<\/a><\/strong><\/p><p style=\"text-align: center;\">Edital n\u00ba 09\/2022 &#8211; Resultado Definitivo das Inscri\u00e7\u00f5es Deferidas, de 02\/09\/2022 <strong><a href=\"http:\/\/concursos2.fadesp.org.br\/prosel\/2023\/unifesspa\/arquivos\/Edital 09 Resultado Definitivo das Inscri\u00e7\u00f5es Deferidas.pdf\">(Clique aqui)<\/a><\/strong><\/p><p style=\"text-align: center;\">Edital n\u00ba 08\/2022 &#8211; Resultado Preliminar de Atendimento Especial, de 29\/08\/2022 <strong><a href=\"http:\/\/concursos2.fadesp.org.br\/prosel\/2023\/unifesspa\/arquivos\/Edital 08 Resultado Preliminar de Atendimentos Especiais.pdf\">(Clique aqui)<\/a><\/strong><\/p><p style=\"text-align: center;\">Edital n\u00ba 07\/2022 &#8211; Resultado Preliminar de PcD Concorrentes, de 29\/08\/2022 <strong><a href=\"http:\/\/concursos2.fadesp.org.br\/prosel\/2023\/unifesspa\/arquivos\/Edital 07 Resultado Preliminar de PcD Concorrentes.pdf\">(Clique aqui)<\/a><\/strong><\/p><p style=\"text-align: center;\">Edital n\u00ba 06\/2022 &#8211; Resultado Preliminar das Inscri\u00e7\u00f5es Deferidas, de 29\/08\/2022 <strong><a href=\"http:\/\/concursos2.fadesp.org.br\/prosel\/2023\/unifesspa\/arquivos\/Edital 06 Resultado Preliminar das Inscri\u00e7\u00f5es Deferidas.pdf\">(Clique aqui)<\/a><\/strong><\/p><p style=\"text-align: center;\">Novo Cronograma (Inscri\u00e7\u00e3o e Prova Prorrogadas), de 08\/08\/2022 <strong><a href=\"http:\/\/concursos2.fadesp.org.br\/prosel\/2023\/unifesspa\/arquivos\/NOVO%20CRONOGRAMA_PROSEL%202023-2.pdf\">(Clique aqui)<\/a><\/strong><\/p><p style=\"text-align: center;\">Novo Cronograma (Inscri\u00e7\u00e3o e Prova Prorrogadas), de 13\/07\/2022 <strong><a href=\"https:\/\/portalfadesp.org.br\/wp-content\/uploads\/2022\/07\/NOVO-CRONOGRAMA_PROSEL-2023-1-1.pdf\">(Clique aqui)<\/a><\/strong><\/p><p style=\"text-align: center;\"><a href=\"http:\/\/concursos2.fadesp.org.br\/prosel\/2023\/unifesspa\/arquivos\/Edital 05 Resultado Definitiva de Isen\u00e7\u00e3o para PcD.pdf\">Edital n\u00ba 05\/2022 &#8211; Resultado Definitivo de Isen\u00e7\u00e3o para PcD, de 12\/07\/2022 <strong>(Clique Aqui)<\/strong><\/a><\/p><p style=\"text-align: center;\"><a href=\"http:\/\/concursos2.fadesp.org.br\/prosel\/2023\/unifesspa\/arquivos\/Edital 04 Resultado Definitivo de Isen\u00e7\u00e3o por Hipossuficiencia.pdf\">Edital n\u00ba 04\/2022 &#8211; Resultado Definitivo de Isen\u00e7\u00e3o por Hipossufici\u00eancia, de 12\/07\/2022 <strong>(Clique Aqui)<\/strong><\/a><\/p><p style=\"text-align: center;\"><a href=\"http:\/\/concursos2.fadesp.org.br\/prosel\/2023\/unifesspa\/arquivos\/Edital 03 Resultado de Isen\u00e7\u00e3o para PcD.pdf\">Edital n\u00ba 03\/2022 &#8211; Resultado de Isen\u00e7\u00e3o para PcD, de 08\/07\/2022 <strong>(Clique Aqui)<\/strong><\/a><\/p><p style=\"text-align: center;\"><a href=\"http:\/\/concursos2.fadesp.org.br\/prosel\/2023\/unifesspa\/arquivos\/Edital 02 Resultado de Isen\u00e7\u00e3o por Hipossuficiencia.pdf\">Edital n\u00ba 02\/2022 &#8211; Resultado de Isen\u00e7\u00e3o por Hipossufici\u00eancia, de 08\/07\/2022 <strong>(Clique Aqui)<\/strong><\/a><\/p><p style=\"text-align: center;\"><a href=\"http:\/\/concursos2.fadesp.org.br\/prosel\/2023\/unifesspa\/arquivos\/Edital%20PROSEL2023-UNIFESSPA.pdf\">Edital n\u00ba 01\/2022, de 01\/07\/2022 <strong>(Clique Aqui)<\/strong><\/a><\/p>\t\t\t\t\t\t\t\t<\/div>\n\t\t\t\t<\/div>\n\t\t\t\t\t<\/div>\n\t\t<\/div>\n\t\t\t\t\t<\/div>\n\t\t<\/section>\n\t\t\t\t\t<\/div>\n\t\t<\/div>\n\t\t\t\t\t<\/div>\n\t\t<\/section>\n\t\t\t\t<\/div>\n\t\t","protected":false},"excerpt":{"rendered":"<p>Processo Seletivo Especial UNIFESSPA 2023 (PROSEL UNIFESSPA) O Reitor da Universidade Federal do Sul e Sudeste do Par\u00e1 (UNIFESSPA) torna p\u00fablica a realiza\u00e7\u00e3o do Processo Seletivo Especial 2023 (PROSEL ESP UNIFESSPA 2023), destinado a selecionar candidatos para o provimento de vagas nos cursos presenciais de gradua\u00e7\u00e3o, em regime especial, medianteconv\u00eanio celebrado com a Secretaria de [&hellip;]<\/p>\n","protected":false},"author":12,"featured_media":0,"parent":329,"menu_order":50,"comment_status":"closed","ping_status":"closed","template":"","meta":{"_monsterinsights_skip_tracking":false,"_monsterinsights_sitenote_active":false,"_monsterinsights_sitenote_note":"","_monsterinsights_sitenote_category":0,"footnotes":""},"class_list":["post-28235","page","type-page","status-publish","hentry","entry"],"yoast_head":"<!-- This site is optimized with the Yoast SEO plugin v25.1 - https:\/\/yoast.com\/wordpress\/plugins\/seo\/ -->\n<title>Processo Seletivo Especial UNIFESSPA (PROSEL UNIFESSPA) - 2023 - FADESP<\/title>\n<meta name=\"robots\" content=\"index, follow, max-snippet:-1, max-image-preview:large, max-video-preview:-1\" \/>\n<link rel=\"canonical\" href=\"https:\/\/portalfadesp.org.br\/?page_id=28235\" \/>\n<meta property=\"og:locale\" content=\"pt_BR\" \/>\n<meta property=\"og:type\" content=\"article\" \/>\n<meta property=\"og:title\" content=\"Processo Seletivo Especial UNIFESSPA (PROSEL UNIFESSPA) - 2023 - FADESP\" \/>\n<meta property=\"og:description\" content=\"Processo Seletivo Especial UNIFESSPA 2023 (PROSEL UNIFESSPA) O Reitor da Universidade Federal do Sul e Sudeste do Par\u00e1 (UNIFESSPA) torna p\u00fablica a realiza\u00e7\u00e3o do Processo Seletivo Especial 2023 (PROSEL ESP UNIFESSPA 2023), destinado a selecionar candidatos para o provimento de vagas nos cursos presenciais de gradua\u00e7\u00e3o, em regime especial, medianteconv\u00eanio celebrado com a Secretaria de [&hellip;]\" \/>\n<meta property=\"og:url\" content=\"https:\/\/portalfadesp.org.br\/?page_id=28235\" \/>\n<meta property=\"og:site_name\" content=\"FADESP\" \/>\n<meta property=\"article:publisher\" content=\"https:\/\/www.facebook.com\/Fadesp-138351949524662\/\" \/>\n<meta property=\"article:modified_time\" content=\"2022-12-20T13:39:42+00:00\" \/>\n<meta name=\"twitter:card\" content=\"summary_large_image\" \/>\n<meta name=\"twitter:site\" content=\"@Fadesp\" \/>\n<meta name=\"twitter:label1\" content=\"Est. tempo de leitura\" \/>\n\t<meta name=\"twitter:data1\" content=\"2 minutos\" \/>\n<script type=\"application\/ld+json\" class=\"yoast-schema-graph\">{\"@context\":\"https:\/\/schema.org\",\"@graph\":[{\"@type\":\"WebPage\",\"@id\":\"https:\/\/portalfadesp.org.br\/?page_id=28235\",\"url\":\"https:\/\/portalfadesp.org.br\/?page_id=28235\",\"name\":\"Processo Seletivo Especial UNIFESSPA (PROSEL UNIFESSPA) - 2023 - FADESP\",\"isPartOf\":{\"@id\":\"https:\/\/portalfadesp.org.br\/#website\"},\"datePublished\":\"2022-06-30T21:00:00+00:00\",\"dateModified\":\"2022-12-20T13:39:42+00:00\",\"breadcrumb\":{\"@id\":\"https:\/\/portalfadesp.org.br\/?page_id=28235#breadcrumb\"},\"inLanguage\":\"pt-BR\",\"potentialAction\":[{\"@type\":\"ReadAction\",\"target\":[\"https:\/\/portalfadesp.org.br\/?page_id=28235\"]}]},{\"@type\":\"BreadcrumbList\",\"@id\":\"https:\/\/portalfadesp.org.br\/?page_id=28235#breadcrumb\",\"itemListElement\":[{\"@type\":\"ListItem\",\"position\":1,\"name\":\"In\u00edcio\",\"item\":\"https:\/\/portalfadesp.org.br\/\"},{\"@type\":\"ListItem\",\"position\":2,\"name\":\"Concursos &#8211; Homologados\",\"item\":\"https:\/\/portalfadesp.org.br\/?page_id=329\"},{\"@type\":\"ListItem\",\"position\":3,\"name\":\"Processo Seletivo Especial UNIFESSPA (PROSEL UNIFESSPA) &#8211; 2023\"}]},{\"@type\":\"WebSite\",\"@id\":\"https:\/\/portalfadesp.org.br\/#website\",\"url\":\"https:\/\/portalfadesp.org.br\/\",\"name\":\"FADESP\",\"description\":\"Funda\u00e7\u00e3o de Amparo e Desenvolvimento da Pesquisa\",\"publisher\":{\"@id\":\"https:\/\/portalfadesp.org.br\/#organization\"},\"potentialAction\":[{\"@type\":\"SearchAction\",\"target\":{\"@type\":\"EntryPoint\",\"urlTemplate\":\"https:\/\/portalfadesp.org.br\/?s={search_term_string}\"},\"query-input\":{\"@type\":\"PropertyValueSpecification\",\"valueRequired\":true,\"valueName\":\"search_term_string\"}}],\"inLanguage\":\"pt-BR\"},{\"@type\":\"Organization\",\"@id\":\"https:\/\/portalfadesp.org.br\/#organization\",\"name\":\"FADESP\",\"url\":\"https:\/\/portalfadesp.org.br\/\",\"logo\":{\"@type\":\"ImageObject\",\"inLanguage\":\"pt-BR\",\"@id\":\"https:\/\/portalfadesp.org.br\/#\/schema\/logo\/image\/\",\"url\":\"https:\/\/portalfadesp.org.br\/wp-content\/uploads\/2024\/01\/NOVOLOGOFADESPlaranjaH.png\",\"contentUrl\":\"https:\/\/portalfadesp.org.br\/wp-content\/uploads\/2024\/01\/NOVOLOGOFADESPlaranjaH.png\",\"width\":2742,\"height\":839,\"caption\":\"FADESP\"},\"image\":{\"@id\":\"https:\/\/portalfadesp.org.br\/#\/schema\/logo\/image\/\"},\"sameAs\":[\"https:\/\/www.facebook.com\/Fadesp-138351949524662\/\",\"https:\/\/x.com\/Fadesp\",\"https:\/\/www.instagram.com\/fadesp_ufpa\/\",\"https:\/\/www.youtube.com\/@fundacaodeamparoedesenvolv1903\",\"https:\/\/www.threads.net\/@fadesp_ufpa\"]}]}<\/script>\n<!-- \/ Yoast SEO plugin. -->","yoast_head_json":{"title":"Processo Seletivo Especial UNIFESSPA (PROSEL UNIFESSPA) - 2023 - FADESP","robots":{"index":"index","follow":"follow","max-snippet":"max-snippet:-1","max-image-preview":"max-image-preview:large","max-video-preview":"max-video-preview:-1"},"canonical":"https:\/\/portalfadesp.org.br\/?page_id=28235","og_locale":"pt_BR","og_type":"article","og_title":"Processo Seletivo Especial UNIFESSPA (PROSEL UNIFESSPA) - 2023 - FADESP","og_description":"Processo Seletivo Especial UNIFESSPA 2023 (PROSEL UNIFESSPA) O Reitor da Universidade Federal do Sul e Sudeste do Par\u00e1 (UNIFESSPA) torna p\u00fablica a realiza\u00e7\u00e3o do Processo Seletivo Especial 2023 (PROSEL ESP UNIFESSPA 2023), destinado a selecionar candidatos para o provimento de vagas nos cursos presenciais de gradua\u00e7\u00e3o, em regime especial, medianteconv\u00eanio celebrado com a Secretaria de [&hellip;]","og_url":"https:\/\/portalfadesp.org.br\/?page_id=28235","og_site_name":"FADESP","article_publisher":"https:\/\/www.facebook.com\/Fadesp-138351949524662\/","article_modified_time":"2022-12-20T13:39:42+00:00","twitter_card":"summary_large_image","twitter_site":"@Fadesp","twitter_misc":{"Est. tempo de leitura":"2 minutos"},"schema":{"@context":"https:\/\/schema.org","@graph":[{"@type":"WebPage","@id":"https:\/\/portalfadesp.org.br\/?page_id=28235","url":"https:\/\/portalfadesp.org.br\/?page_id=28235","name":"Processo Seletivo Especial UNIFESSPA (PROSEL UNIFESSPA) - 2023 - FADESP","isPartOf":{"@id":"https:\/\/portalfadesp.org.br\/#website"},"datePublished":"2022-06-30T21:00:00+00:00","dateModified":"2022-12-20T13:39:42+00:00","breadcrumb":{"@id":"https:\/\/portalfadesp.org.br\/?page_id=28235#breadcrumb"},"inLanguage":"pt-BR","potentialAction":[{"@type":"ReadAction","target":["https:\/\/portalfadesp.org.br\/?page_id=28235"]}]},{"@type":"BreadcrumbList","@id":"https:\/\/portalfadesp.org.br\/?page_id=28235#breadcrumb","itemListElement":[{"@type":"ListItem","position":1,"name":"In\u00edcio","item":"https:\/\/portalfadesp.org.br\/"},{"@type":"ListItem","position":2,"name":"Concursos &#8211; Homologados","item":"https:\/\/portalfadesp.org.br\/?page_id=329"},{"@type":"ListItem","position":3,"name":"Processo Seletivo Especial UNIFESSPA (PROSEL UNIFESSPA) &#8211; 2023"}]},{"@type":"WebSite","@id":"https:\/\/portalfadesp.org.br\/#website","url":"https:\/\/portalfadesp.org.br\/","name":"FADESP","description":"Funda\u00e7\u00e3o de Amparo e Desenvolvimento da Pesquisa","publisher":{"@id":"https:\/\/portalfadesp.org.br\/#organization"},"potentialAction":[{"@type":"SearchAction","target":{"@type":"EntryPoint","urlTemplate":"https:\/\/portalfadesp.org.br\/?s={search_term_string}"},"query-input":{"@type":"PropertyValueSpecification","valueRequired":true,"valueName":"search_term_string"}}],"inLanguage":"pt-BR"},{"@type":"Organization","@id":"https:\/\/portalfadesp.org.br\/#organization","name":"FADESP","url":"https:\/\/portalfadesp.org.br\/","logo":{"@type":"ImageObject","inLanguage":"pt-BR","@id":"https:\/\/portalfadesp.org.br\/#\/schema\/logo\/image\/","url":"https:\/\/portalfadesp.org.br\/wp-content\/uploads\/2024\/01\/NOVOLOGOFADESPlaranjaH.png","contentUrl":"https:\/\/portalfadesp.org.br\/wp-content\/uploads\/2024\/01\/NOVOLOGOFADESPlaranjaH.png","width":2742,"height":839,"caption":"FADESP"},"image":{"@id":"https:\/\/portalfadesp.org.br\/#\/schema\/logo\/image\/"},"sameAs":["https:\/\/www.facebook.com\/Fadesp-138351949524662\/","https:\/\/x.com\/Fadesp","https:\/\/www.instagram.com\/fadesp_ufpa\/","https:\/\/www.youtube.com\/@fundacaodeamparoedesenvolv1903","https:\/\/www.threads.net\/@fadesp_ufpa"]}]}},"_links":{"self":[{"href":"https:\/\/portalfadesp.org.br\/index.php?rest_route=\/wp\/v2\/pages\/28235","targetHints":{"allow":["GET"]}}],"collection":[{"href":"https:\/\/portalfadesp.org.br\/index.php?rest_route=\/wp\/v2\/pages"}],"about":[{"href":"https:\/\/portalfadesp.org.br\/index.php?rest_route=\/wp\/v2\/types\/page"}],"author":[{"embeddable":true,"href":"https:\/\/portalfadesp.org.br\/index.php?rest_route=\/wp\/v2\/users\/12"}],"replies":[{"embeddable":true,"href":"https:\/\/portalfadesp.org.br\/index.php?rest_route=%2Fwp%2Fv2%2Fcomments&post=28235"}],"version-history":[{"count":111,"href":"https:\/\/portalfadesp.org.br\/index.php?rest_route=\/wp\/v2\/pages\/28235\/revisions"}],"predecessor-version":[{"id":36192,"href":"https:\/\/portalfadesp.org.br\/index.php?rest_route=\/wp\/v2\/pages\/28235\/revisions\/36192"}],"up":[{"embeddable":true,"href":"https:\/\/portalfadesp.org.br\/index.php?rest_route=\/wp\/v2\/pages\/329"}],"wp:attachment":[{"href":"https:\/\/portalfadesp.org.br\/index.php?rest_route=%2Fwp%2Fv2%2Fmedia&parent=28235"}],"curies":[{"name":"wp","href":"https:\/\/api.w.org\/{rel}","templated":true}]}}