{"id":26483,"date":"2022-03-17T12:19:24","date_gmt":"2022-03-17T15:19:24","guid":{"rendered":"https:\/\/162.215.13.167?page_id=26483"},"modified":"2022-12-20T10:41:00","modified_gmt":"2022-12-20T13:41:00","slug":"pagina-modelo-7-3-4-6-7-8","status":"publish","type":"page","link":"https:\/\/portalfadesp.org.br\/?page_id=26483","title":{"rendered":"Concurso P\u00fablico &#8211; Prefeitura Municipal de Marab\u00e1 &#8211; 2022"},"content":{"rendered":"\t\t<div data-elementor-type=\"wp-page\" data-elementor-id=\"26483\" class=\"elementor elementor-26483\" data-elementor-post-type=\"page\">\n\t\t\t\t\t\t<section class=\"elementor-section elementor-top-section elementor-element elementor-element-0008ba3 elementor-section-boxed elementor-section-height-default elementor-section-height-default\" data-id=\"0008ba3\" data-element_type=\"section\">\n\t\t\t\t\t\t<div class=\"elementor-container elementor-column-gap-default\">\n\t\t\t\t\t<div class=\"elementor-column elementor-col-100 elementor-top-column elementor-element elementor-element-d25367f\" data-id=\"d25367f\" data-element_type=\"column\">\n\t\t\t<div class=\"elementor-widget-wrap elementor-element-populated\">\n\t\t\t\t\t\t<div class=\"elementor-element elementor-element-f423579 elementor-widget elementor-widget-heading\" data-id=\"f423579\" data-element_type=\"widget\" data-widget_type=\"heading.default\">\n\t\t\t\t<div class=\"elementor-widget-container\">\n\t\t\t\t\t<h1 class=\"elementor-heading-title elementor-size-default\">Concurso P\u00fablico - Prefeitura Municipal de Marab\u00e1 - 2022<\/h1>\t\t\t\t<\/div>\n\t\t\t\t<\/div>\n\t\t\t\t<section class=\"elementor-section elementor-inner-section elementor-element elementor-element-2a57068 elementor-section-boxed elementor-section-height-default elementor-section-height-default\" data-id=\"2a57068\" data-element_type=\"section\">\n\t\t\t\t\t\t<div class=\"elementor-container elementor-column-gap-default\">\n\t\t\t\t\t<div class=\"elementor-column elementor-col-50 elementor-inner-column elementor-element elementor-element-5d504b0\" data-id=\"5d504b0\" data-element_type=\"column\">\n\t\t\t<div class=\"elementor-widget-wrap elementor-element-populated\">\n\t\t\t\t\t\t<div class=\"elementor-element elementor-element-78c2191 elementor-widget elementor-widget-text-editor\" data-id=\"78c2191\" data-element_type=\"widget\" data-widget_type=\"text-editor.default\">\n\t\t\t\t<div class=\"elementor-widget-container\">\n\t\t\t\t\t\t\t\t\t<p class=\"Default\" style=\"text-align: justify;\">O Prefeito Municipal de Marab\u00e1 &#8211; PA, no uso de suas atribui\u00e7\u00f5es, torna p\u00fablica a realiza\u00e7\u00e3o de Concurso P\u00fablico para o provimento de vagas para o cargo de Cuidador-PcD, n\u00edvel m\u00e9dio, do quadro efetivo de pessoal da Administra\u00e7\u00e3o P\u00fablica, junto ao Poder Executivo do Munic\u00edpio de Marab\u00e1, mediante as condi\u00e7\u00f5es estabelecidas no Edital.<\/p><p><strong>Vagas: <\/strong>150<\/p><p><strong>Cargo: <\/strong>\u00a0Cuidador-PcD<\/p><p><strong>Requisitos:<\/strong> Ensino m\u00e9dio completo e curso de qualifica\u00e7\u00e3o na \u00e1rea, devidamente reconhecido pelo MEC<\/p><p><strong>Taxa: <\/strong>R$ 80,00(oitenta reais)<\/p><p><strong>Inscri\u00e7\u00f5es: <\/strong>20\/05\/2022 a 09\/06\/2022<\/p><p><strong>Inscri\u00e7\u00f5es de candidato PcD solicitante de isen\u00e7\u00e3o :<\/strong>20 a 27\/05\/2022<\/p><p><strong>\u00daltimo dia para pagamento do boleto de inscri\u00e7\u00e3o: <\/strong>10\/06\/2022<\/p>\t\t\t\t\t\t\t\t<\/div>\n\t\t\t\t<\/div>\n\t\t\t\t\t<\/div>\n\t\t<\/div>\n\t\t\t\t<div class=\"elementor-column elementor-col-50 elementor-inner-column elementor-element elementor-element-992d68d\" data-id=\"992d68d\" data-element_type=\"column\">\n\t\t\t<div class=\"elementor-widget-wrap elementor-element-populated\">\n\t\t\t\t\t\t<div class=\"elementor-element elementor-element-82d96f3 elementor-widget elementor-widget-text-editor\" data-id=\"82d96f3\" data-element_type=\"widget\" data-widget_type=\"text-editor.default\">\n\t\t\t\t<div class=\"elementor-widget-container\">\n\t\t\t\t\t\t\t\t\t<p><span style=\"color: #ffffff;\"><b>Avisos<\/b><\/span><\/p>\t\t\t\t\t\t\t\t<\/div>\n\t\t\t\t<\/div>\n\t\t\t\t<div class=\"elementor-element elementor-element-56c9dc0 elementor-widget elementor-widget-text-editor\" data-id=\"56c9dc0\" data-element_type=\"widget\" data-widget_type=\"text-editor.default\">\n\t\t\t\t<div class=\"elementor-widget-container\">\n\t\t\t\t\t\t\t\t\t<div class=\"botaoBug\" style=\"margin-top: 20px;\"><a href=\"http:\/\/concursos2.fadesp.org.br\/pmaraba2022\/web\/index.php\"><strong>Recurso On-line (Clique Aqui)<\/strong><\/a><\/div>\t\t\t\t\t\t\t\t<\/div>\n\t\t\t\t<\/div>\n\t\t\t\t<div class=\"elementor-element elementor-element-edc6d71 elementor-widget elementor-widget-text-editor\" data-id=\"edc6d71\" data-element_type=\"widget\" data-widget_type=\"text-editor.default\">\n\t\t\t\t<div class=\"elementor-widget-container\">\n\t\t\t\t\t\t\t\t\t<p style=\"text-align: center;\"><strong><span style=\"color: #ffffff;\">Editais<\/span><\/strong><\/p>\t\t\t\t\t\t\t\t<\/div>\n\t\t\t\t<\/div>\n\t\t\t\t<div class=\"elementor-element elementor-element-1957ae6 editaisScroll elementor-widget elementor-widget-text-editor\" data-id=\"1957ae6\" data-element_type=\"widget\" data-widget_type=\"text-editor.default\">\n\t\t\t\t<div class=\"elementor-widget-container\">\n\t\t\t\t\t\t\t\t\t<div style=\"color: black;\"><a style=\"font-variant-ligatures: normal; font-variant-caps: normal; font-size: 14px; font-style: normal; font-weight: 400; background-color: #ffffff;\" href=\"http:\/\/concursos2.fadesp.org.br\/pmaraba2022\/arquivos\/Homologa\u00e7\u00e3o do Resultado Final.pdf\">Homologa\u00e7\u00e3o do Resultado Final, de 22\/07\/2022 <strong>(Clique Aqui)<\/strong><\/a><\/div><div>\u00a0<\/div><div style=\"color: black;\"><a style=\"font-variant-ligatures: normal; font-variant-caps: normal; font-size: 14px; font-style: normal; font-weight: 400; background-color: #ffffff;\" href=\"http:\/\/concursos2.fadesp.org.br\/pmaraba2022\/arquivos\/Resultado Preliminar da Prova Objetiva.pdf\">Resultado Preliminar da Prova Objetiva, de 13\/07\/2022 <strong>(Clique Aqui)<\/strong><\/a><\/div><div>\u00a0<\/div><div style=\"color: black;\"><a style=\"font-variant-ligatures: normal; font-variant-caps: normal; font-size: 14px; font-style: normal; font-weight: 400; background-color: #ffffff;\" href=\"http:\/\/concursos2.fadesp.org.br\/pmaraba2022\/arquivos\/GABARITO OFICIAL DEFINITIVO_CUIDADOR_ PREFEITURA DE MARAB\u00c1.pdf\">Gabarito Oficial Definitivo, de 07\/07\/2022 <strong>(Clique Aqui)<\/strong><\/a><\/div><div style=\"color: black;\"><a style=\"font-variant-ligatures: normal; font-variant-caps: normal; font-size: 14px; font-style: normal; font-weight: 400; background-color: #ffffff;\" href=\"http:\/\/concursos2.fadesp.org.br\/pmaraba2022\/arquivos\/PROVA OBJETIVA_CUIDADOR_PREFEITURA DE MARAB\u00c1.pdf\"><br \/>Prova Objetiva, de 27\/06\/2022 <strong>(Clique Aqui)<\/strong><\/a><\/div><div>\u00a0<\/div><div style=\"color: black;\"><a style=\"font-variant-ligatures: normal; font-variant-caps: normal; font-size: 14px; font-style: normal; font-weight: 400; background-color: #ffffff;\" href=\"http:\/\/concursos2.fadesp.org.br\/pmaraba2022\/arquivos\/GABARITO OFICIAL PRELIMINAR_CUIDADOR_ PREFEITURA DE MARAB\u00c1.pdf\">Gabarito Oficial Preliminar, de 27\/06\/2022 <strong>(Clique Aqui)<\/strong><\/a><\/div><div style=\"color: black;\"><a style=\"font-variant-ligatures: normal; font-variant-caps: normal; font-size: 14px; font-style: normal; font-weight: 400; background-color: #ffffff;\" href=\"http:\/\/concursos2.fadesp.org.br\/pmaraba2022\/arquivos\/PROVA OBJETIVA_CUIDADOR_PREFEITURA DE MARAB\u00c1.pdf\"><br \/>Prova Objetiva, de 27\/06\/2022 <strong>(Clique Aqui)<\/strong><\/a><\/div><div>\u00a0<\/div><div style=\"color: black;\"><a style=\"font-variant-ligatures: normal; font-variant-caps: normal; font-size: 14px; font-style: normal; font-weight: 400; background-color: #ffffff;\" href=\"http:\/\/concursos2.fadesp.org.br\/pmaraba2022\/arquivos\/Demanda de Inscritos.pdf\">Demanda de Inscritos, de 21\/06\/2022 <strong>(Clique Aqui)<\/strong><\/a><\/div><div>\u00a0<\/div><div style=\"color: black;\"><a style=\"font-variant-ligatures: normal; font-variant-caps: normal; font-size: 14px; font-style: normal; font-weight: 400; background-color: #ffffff;\" href=\"http:\/\/concursos2.fadesp.org.br\/pmaraba2022\/arquivos\/Resultado Definitivo de Inscri\u00e7\u00f5es Deferidas.pdf\">Resultado Definitivo de Inscri\u00e7\u00f5es, de 21\/06\/2022 <strong>(Clique Aqui)<\/strong><\/a><\/div><div>\u00a0<\/div><div style=\"color: black;\"><a style=\"font-variant-ligatures: normal; font-variant-caps: normal; font-size: 14px; font-style: normal; font-weight: 400; background-color: #ffffff;\" href=\"http:\/\/concursos2.fadesp.org.br\/pmaraba2022\/arquivos\/Resultado Definitivo de Atendimentos Especiais no Dia da Prova Objetiva.pdf\">Resultado Definitivo de Atendimentos Especiais no Dia da Prova Objetiva, de 21\/06\/2022 <strong>(Clique Aqui)<\/strong><\/a><\/div><div>\u00a0<\/div><div style=\"color: black;\"><a style=\"font-variant-ligatures: normal; font-variant-caps: normal; font-size: 14px; font-style: normal; font-weight: 400; background-color: #ffffff;\" href=\"http:\/\/concursos2.fadesp.org.br\/pmaraba2022\/arquivos\/Resultado Definitivo de PcD Concorrentes.pdf\">Resultado Definitivo de PcD Concorrentes, de 21\/06\/2022 <strong>(Clique Aqui)<\/strong><\/a><\/div><div>\u00a0<\/div><div style=\"color: black;\"><a style=\"font-variant-ligatures: normal; font-variant-caps: normal; font-size: 14px; font-style: normal; font-weight: 400; background-color: #ffffff;\" href=\"http:\/\/concursos2.fadesp.org.br\/pmaraba2022\/arquivos\/Resultado Preliminar de Inscri\u00e7\u00f5es Deferidas.pdf\">Resultado Preliminar das Inscri\u00e7\u00f5es, de 17\/06\/2022 <strong>(Clique Aqui)<\/strong><\/a><\/div><div>\u00a0<\/div><div style=\"color: black;\"><a style=\"font-variant-ligatures: normal; font-variant-caps: normal; font-size: 14px; font-style: normal; font-weight: 400; background-color: #ffffff;\" href=\"http:\/\/concursos2.fadesp.org.br\/pmaraba2022\/arquivos\/Resultado Preliminar de PcD Concorrentes.pdf\">Resultado Preliminar de PcD Concorrentes, de 17\/06\/2022 <strong>(Clique Aqui)<\/strong><\/a><\/div><div>\u00a0<\/div><div style=\"color: black;\"><a style=\"font-variant-ligatures: normal; font-variant-caps: normal; font-size: 14px; font-style: normal; font-weight: 400; background-color: #ffffff;\" href=\"http:\/\/concursos2.fadesp.org.br\/pmaraba2022\/arquivos\/Resultado Preliminar de Atendimentos Especiais no Dia da Prova Objetiva.pdf\">Resultado Preliminar de Atendimentos Especiais, de 17\/06\/2022 <strong>(Clique Aqui)<\/strong><\/a><\/div><div>\u00a0<\/div><div style=\"color: black;\"><a style=\"font-variant-ligatures: normal; font-variant-caps: normal; font-size: 14px; font-style: normal; font-weight: 400; background-color: #ffffff;\" href=\"http:\/\/concursos2.fadesp.org.br\/pmaraba2022\/arquivos\/Edital n\u00b0 02_2022_PMM - Retifica\u00e7\u00f5es.pdf\">Edital n\u00ba 02\/2022 &#8211; Retifica\u00e7\u00f5es, de 08\/06\/2022 <span style=\"font-family: inherit; font-size: 14px; font-weight: bolder;\">(Clique Aqui)<\/span><\/a><\/div><div>\u00a0<\/div><div style=\"color: black;\">Resultado Definitivo de Isen\u00e7\u00e3o para PcD, de 07\/06\/2022 <a href=\"http:\/\/concursos2.fadesp.org.br\/pmaraba2022\/arquivos\/Resultado Definitivo de Isen\u00e7\u00e3o de taxa de inscri\u00e7\u00e3o para candidatos PcD.pdf\"><strong>(Clique Aqui)<\/strong><\/a><\/div><div>\u00a0<\/div><div style=\"color: black;\">Resultado Preliminar de Isen\u00e7\u00e3o para PcD, de 31\/05\/2022 <a href=\"http:\/\/concursos2.fadesp.org.br\/pmaraba2022\/arquivos\/Resultado Preliminar de Isen\u00e7\u00e3o de taxa de inscri\u00e7\u00e3o para candidatos PcD.pdf\"><strong>(Clique Aqui)<\/strong><\/a><\/div><div>\u00a0<\/div><div style=\"color: black;\">Lei Municipal n\u00ba 17.827\u2013 Altera o art. 112 da Lei Municipal n\u00ba 17.331 de 30122008 <a href=\"http:\/\/concursos2.fadesp.org.br\/pmaraba2022\/arquivos\/leis\/Lei Municipal n\u00ba 17.827\u2013 Altera o art. 112 da Lei Municipal n\u00ba 17.331 de 30122008.pdf\"><b>(Clique Aqui)<\/b><\/a><\/div><div>\u00a0<\/div><div style=\"color: black;\">Lei Municipal n\u00ba 17.759 \u2013 Disp\u00f5e sobre a altera\u00e7\u00e3o de dispositivos da Lei Municipal n\u00ba 17.331, de 31122008 <a href=\"http:\/\/concursos2.fadesp.org.br\/pmaraba2022\/arquivos\/leis\/Lei Municipal n\u00ba 17.759 \u2013 Disp\u00f5e sobre a altera\u00e7\u00e3o de dispositivos da Lei Municipal n\u00ba 17.331, de 31122008.pdf\"><b>(Clique Aqui)<\/b><\/a><\/div><div style=\"color: black;\">Lei Municipal n\u00ba 17.592 \u2013 Altera o captu e o 1\u00ba do art. 75 da Lei n 17.331, de 31122008 <a href=\"http:\/\/concursos2.fadesp.org.br\/pmaraba2022\/arquivos\/leis\/Lei Municipal n\u00ba 17.592 \u2013 Altera o captu e o 1\u00ba do art. 75 da Lei n 17.331, de 31122008.pdf\"><b>(Clique Aqui)<\/b><\/a><\/div><div style=\"color: black;\">Lei Municipal n\u00ba 17.385 \u2013 Altera o artigo 62 da Lei Municipal n\u00ba 17.3312008 <a href=\"http:\/\/concursos2.fadesp.org.br\/pmaraba2022\/arquivos\/leis\/Lei Municipal n\u00ba 17.385 \u2013 Altera o artigo 62 da Lei Municipal n\u00ba 17.3312008.pdf\"><b>(Clique Aqui)<\/b><\/a><\/div><div style=\"color: black;\">Lei Municipal n\u00ba 17.336 \u2013 Nova reda\u00e7\u00e3o aos Art. 68, 74 e 86 da Lei n\u00ba 17.331-RJU <a href=\"http:\/\/concursos2.fadesp.org.br\/pmaraba2022\/arquivos\/leis\/Lei Municipal n\u00ba 17.336 \u2013 Nova reda\u00e7\u00e3o aos Art. 68, 74 e 86 da Lei n\u00ba 17.331-RJU.pdf\"><b>(Clique Aqui)<\/b><\/a><\/div><div style=\"color: black;\">Lei Municipal n\u00ba 17.331\u2013 RJU \u2013 Nova Reda\u00e7\u00e3o <a href=\"http:\/\/concursos2.fadesp.org.br\/pmaraba2022\/arquivos\/leis\/Lei Municipal n\u00ba 17.331\u2013 RJU \u2013 Nova Reda\u00e7\u00e3o.pdf\"><b>(Clique Aqui)<\/b><\/a><\/div><div style=\"color: black;\">Lei n\u00ba 17.984 &#8211; Lei de Cria\u00e7\u00e3o do Cargo de Cuidador <a href=\"http:\/\/concursos2.fadesp.org.br\/pmaraba2022\/arquivos\/leis\/Lei n\u00ba 17.984 - Lei de Cria\u00e7\u00e3o do Cargo de Cuidador.pdf\"><b>(Clique Aqui)<\/b><\/a><\/div><div style=\"color: black;\"><a href=\"https:\/\/portalfadesp.org.br\/wp-content\/uploads\/2022\/05\/Edital-de-Abertura-n\u00b0-01_2022_PMM.pdf\">Edital n\u00ba 01\/2022, de 20\/05\/2022 <strong>(Clique aqui)<\/strong><\/a><\/div>\t\t\t\t\t\t\t\t<\/div>\n\t\t\t\t<\/div>\n\t\t\t\t\t<\/div>\n\t\t<\/div>\n\t\t\t\t\t<\/div>\n\t\t<\/section>\n\t\t\t\t\t<\/div>\n\t\t<\/div>\n\t\t\t\t\t<\/div>\n\t\t<\/section>\n\t\t\t\t<\/div>\n\t\t","protected":false},"excerpt":{"rendered":"<p>Concurso P\u00fablico &#8211; Prefeitura Municipal de Marab\u00e1 &#8211; 2022 O Prefeito Municipal de Marab\u00e1 &#8211; PA, no uso de suas atribui\u00e7\u00f5es, torna p\u00fablica a realiza\u00e7\u00e3o de Concurso P\u00fablico para o provimento de vagas para o cargo de Cuidador-PcD, n\u00edvel m\u00e9dio, do quadro efetivo de pessoal da Administra\u00e7\u00e3o P\u00fablica, junto ao Poder Executivo do Munic\u00edpio de [&hellip;]<\/p>\n","protected":false},"author":12,"featured_media":0,"parent":329,"menu_order":0,"comment_status":"closed","ping_status":"closed","template":"","meta":{"_monsterinsights_skip_tracking":false,"_monsterinsights_sitenote_active":false,"_monsterinsights_sitenote_note":"","_monsterinsights_sitenote_category":0,"footnotes":""},"class_list":["post-26483","page","type-page","status-publish","hentry","entry"],"yoast_head":"<!-- This site is optimized with the Yoast SEO plugin v25.1 - https:\/\/yoast.com\/wordpress\/plugins\/seo\/ -->\n<title>Concurso P\u00fablico - Prefeitura Municipal de Marab\u00e1 - 2022 - FADESP<\/title>\n<meta name=\"robots\" content=\"index, follow, max-snippet:-1, max-image-preview:large, max-video-preview:-1\" \/>\n<link rel=\"canonical\" href=\"https:\/\/portalfadesp.org.br\/?page_id=26483\" \/>\n<meta property=\"og:locale\" content=\"pt_BR\" \/>\n<meta property=\"og:type\" content=\"article\" \/>\n<meta property=\"og:title\" content=\"Concurso P\u00fablico - Prefeitura Municipal de Marab\u00e1 - 2022 - FADESP\" \/>\n<meta property=\"og:description\" content=\"Concurso P\u00fablico &#8211; Prefeitura Municipal de Marab\u00e1 &#8211; 2022 O Prefeito Municipal de Marab\u00e1 &#8211; PA, no uso de suas atribui\u00e7\u00f5es, torna p\u00fablica a realiza\u00e7\u00e3o de Concurso P\u00fablico para o provimento de vagas para o cargo de Cuidador-PcD, n\u00edvel m\u00e9dio, do quadro efetivo de pessoal da Administra\u00e7\u00e3o P\u00fablica, junto ao Poder Executivo do Munic\u00edpio de [&hellip;]\" \/>\n<meta property=\"og:url\" content=\"https:\/\/portalfadesp.org.br\/?page_id=26483\" \/>\n<meta property=\"og:site_name\" content=\"FADESP\" \/>\n<meta property=\"article:publisher\" content=\"https:\/\/www.facebook.com\/Fadesp-138351949524662\/\" \/>\n<meta property=\"article:modified_time\" content=\"2022-12-20T13:41:00+00:00\" \/>\n<meta name=\"twitter:card\" content=\"summary_large_image\" \/>\n<meta name=\"twitter:site\" content=\"@Fadesp\" \/>\n<meta name=\"twitter:label1\" content=\"Est. tempo de leitura\" \/>\n\t<meta name=\"twitter:data1\" content=\"2 minutos\" \/>\n<script type=\"application\/ld+json\" class=\"yoast-schema-graph\">{\"@context\":\"https:\/\/schema.org\",\"@graph\":[{\"@type\":\"WebPage\",\"@id\":\"https:\/\/portalfadesp.org.br\/?page_id=26483\",\"url\":\"https:\/\/portalfadesp.org.br\/?page_id=26483\",\"name\":\"Concurso P\u00fablico - Prefeitura Municipal de Marab\u00e1 - 2022 - FADESP\",\"isPartOf\":{\"@id\":\"https:\/\/portalfadesp.org.br\/#website\"},\"datePublished\":\"2022-03-17T15:19:24+00:00\",\"dateModified\":\"2022-12-20T13:41:00+00:00\",\"breadcrumb\":{\"@id\":\"https:\/\/portalfadesp.org.br\/?page_id=26483#breadcrumb\"},\"inLanguage\":\"pt-BR\",\"potentialAction\":[{\"@type\":\"ReadAction\",\"target\":[\"https:\/\/portalfadesp.org.br\/?page_id=26483\"]}]},{\"@type\":\"BreadcrumbList\",\"@id\":\"https:\/\/portalfadesp.org.br\/?page_id=26483#breadcrumb\",\"itemListElement\":[{\"@type\":\"ListItem\",\"position\":1,\"name\":\"In\u00edcio\",\"item\":\"https:\/\/portalfadesp.org.br\/\"},{\"@type\":\"ListItem\",\"position\":2,\"name\":\"Concursos &#8211; Homologados\",\"item\":\"https:\/\/portalfadesp.org.br\/?page_id=329\"},{\"@type\":\"ListItem\",\"position\":3,\"name\":\"Concurso P\u00fablico &#8211; Prefeitura Municipal de Marab\u00e1 &#8211; 2022\"}]},{\"@type\":\"WebSite\",\"@id\":\"https:\/\/portalfadesp.org.br\/#website\",\"url\":\"https:\/\/portalfadesp.org.br\/\",\"name\":\"FADESP\",\"description\":\"Funda\u00e7\u00e3o de Amparo e Desenvolvimento da Pesquisa\",\"publisher\":{\"@id\":\"https:\/\/portalfadesp.org.br\/#organization\"},\"potentialAction\":[{\"@type\":\"SearchAction\",\"target\":{\"@type\":\"EntryPoint\",\"urlTemplate\":\"https:\/\/portalfadesp.org.br\/?s={search_term_string}\"},\"query-input\":{\"@type\":\"PropertyValueSpecification\",\"valueRequired\":true,\"valueName\":\"search_term_string\"}}],\"inLanguage\":\"pt-BR\"},{\"@type\":\"Organization\",\"@id\":\"https:\/\/portalfadesp.org.br\/#organization\",\"name\":\"FADESP\",\"url\":\"https:\/\/portalfadesp.org.br\/\",\"logo\":{\"@type\":\"ImageObject\",\"inLanguage\":\"pt-BR\",\"@id\":\"https:\/\/portalfadesp.org.br\/#\/schema\/logo\/image\/\",\"url\":\"https:\/\/portalfadesp.org.br\/wp-content\/uploads\/2024\/01\/NOVOLOGOFADESPlaranjaH.png\",\"contentUrl\":\"https:\/\/portalfadesp.org.br\/wp-content\/uploads\/2024\/01\/NOVOLOGOFADESPlaranjaH.png\",\"width\":2742,\"height\":839,\"caption\":\"FADESP\"},\"image\":{\"@id\":\"https:\/\/portalfadesp.org.br\/#\/schema\/logo\/image\/\"},\"sameAs\":[\"https:\/\/www.facebook.com\/Fadesp-138351949524662\/\",\"https:\/\/x.com\/Fadesp\",\"https:\/\/www.instagram.com\/fadesp_ufpa\/\",\"https:\/\/www.youtube.com\/@fundacaodeamparoedesenvolv1903\",\"https:\/\/www.threads.net\/@fadesp_ufpa\"]}]}<\/script>\n<!-- \/ Yoast SEO plugin. -->","yoast_head_json":{"title":"Concurso P\u00fablico - Prefeitura Municipal de Marab\u00e1 - 2022 - FADESP","robots":{"index":"index","follow":"follow","max-snippet":"max-snippet:-1","max-image-preview":"max-image-preview:large","max-video-preview":"max-video-preview:-1"},"canonical":"https:\/\/portalfadesp.org.br\/?page_id=26483","og_locale":"pt_BR","og_type":"article","og_title":"Concurso P\u00fablico - Prefeitura Municipal de Marab\u00e1 - 2022 - FADESP","og_description":"Concurso P\u00fablico &#8211; Prefeitura Municipal de Marab\u00e1 &#8211; 2022 O Prefeito Municipal de Marab\u00e1 &#8211; PA, no uso de suas atribui\u00e7\u00f5es, torna p\u00fablica a realiza\u00e7\u00e3o de Concurso P\u00fablico para o provimento de vagas para o cargo de Cuidador-PcD, n\u00edvel m\u00e9dio, do quadro efetivo de pessoal da Administra\u00e7\u00e3o P\u00fablica, junto ao Poder Executivo do Munic\u00edpio de [&hellip;]","og_url":"https:\/\/portalfadesp.org.br\/?page_id=26483","og_site_name":"FADESP","article_publisher":"https:\/\/www.facebook.com\/Fadesp-138351949524662\/","article_modified_time":"2022-12-20T13:41:00+00:00","twitter_card":"summary_large_image","twitter_site":"@Fadesp","twitter_misc":{"Est. tempo de leitura":"2 minutos"},"schema":{"@context":"https:\/\/schema.org","@graph":[{"@type":"WebPage","@id":"https:\/\/portalfadesp.org.br\/?page_id=26483","url":"https:\/\/portalfadesp.org.br\/?page_id=26483","name":"Concurso P\u00fablico - Prefeitura Municipal de Marab\u00e1 - 2022 - FADESP","isPartOf":{"@id":"https:\/\/portalfadesp.org.br\/#website"},"datePublished":"2022-03-17T15:19:24+00:00","dateModified":"2022-12-20T13:41:00+00:00","breadcrumb":{"@id":"https:\/\/portalfadesp.org.br\/?page_id=26483#breadcrumb"},"inLanguage":"pt-BR","potentialAction":[{"@type":"ReadAction","target":["https:\/\/portalfadesp.org.br\/?page_id=26483"]}]},{"@type":"BreadcrumbList","@id":"https:\/\/portalfadesp.org.br\/?page_id=26483#breadcrumb","itemListElement":[{"@type":"ListItem","position":1,"name":"In\u00edcio","item":"https:\/\/portalfadesp.org.br\/"},{"@type":"ListItem","position":2,"name":"Concursos &#8211; Homologados","item":"https:\/\/portalfadesp.org.br\/?page_id=329"},{"@type":"ListItem","position":3,"name":"Concurso P\u00fablico &#8211; Prefeitura Municipal de Marab\u00e1 &#8211; 2022"}]},{"@type":"WebSite","@id":"https:\/\/portalfadesp.org.br\/#website","url":"https:\/\/portalfadesp.org.br\/","name":"FADESP","description":"Funda\u00e7\u00e3o de Amparo e Desenvolvimento da Pesquisa","publisher":{"@id":"https:\/\/portalfadesp.org.br\/#organization"},"potentialAction":[{"@type":"SearchAction","target":{"@type":"EntryPoint","urlTemplate":"https:\/\/portalfadesp.org.br\/?s={search_term_string}"},"query-input":{"@type":"PropertyValueSpecification","valueRequired":true,"valueName":"search_term_string"}}],"inLanguage":"pt-BR"},{"@type":"Organization","@id":"https:\/\/portalfadesp.org.br\/#organization","name":"FADESP","url":"https:\/\/portalfadesp.org.br\/","logo":{"@type":"ImageObject","inLanguage":"pt-BR","@id":"https:\/\/portalfadesp.org.br\/#\/schema\/logo\/image\/","url":"https:\/\/portalfadesp.org.br\/wp-content\/uploads\/2024\/01\/NOVOLOGOFADESPlaranjaH.png","contentUrl":"https:\/\/portalfadesp.org.br\/wp-content\/uploads\/2024\/01\/NOVOLOGOFADESPlaranjaH.png","width":2742,"height":839,"caption":"FADESP"},"image":{"@id":"https:\/\/portalfadesp.org.br\/#\/schema\/logo\/image\/"},"sameAs":["https:\/\/www.facebook.com\/Fadesp-138351949524662\/","https:\/\/x.com\/Fadesp","https:\/\/www.instagram.com\/fadesp_ufpa\/","https:\/\/www.youtube.com\/@fundacaodeamparoedesenvolv1903","https:\/\/www.threads.net\/@fadesp_ufpa"]}]}},"_links":{"self":[{"href":"https:\/\/portalfadesp.org.br\/index.php?rest_route=\/wp\/v2\/pages\/26483","targetHints":{"allow":["GET"]}}],"collection":[{"href":"https:\/\/portalfadesp.org.br\/index.php?rest_route=\/wp\/v2\/pages"}],"about":[{"href":"https:\/\/portalfadesp.org.br\/index.php?rest_route=\/wp\/v2\/types\/page"}],"author":[{"embeddable":true,"href":"https:\/\/portalfadesp.org.br\/index.php?rest_route=\/wp\/v2\/users\/12"}],"replies":[{"embeddable":true,"href":"https:\/\/portalfadesp.org.br\/index.php?rest_route=%2Fwp%2Fv2%2Fcomments&post=26483"}],"version-history":[{"count":98,"href":"https:\/\/portalfadesp.org.br\/index.php?rest_route=\/wp\/v2\/pages\/26483\/revisions"}],"predecessor-version":[{"id":36204,"href":"https:\/\/portalfadesp.org.br\/index.php?rest_route=\/wp\/v2\/pages\/26483\/revisions\/36204"}],"up":[{"embeddable":true,"href":"https:\/\/portalfadesp.org.br\/index.php?rest_route=\/wp\/v2\/pages\/329"}],"wp:attachment":[{"href":"https:\/\/portalfadesp.org.br\/index.php?rest_route=%2Fwp%2Fv2%2Fmedia&parent=26483"}],"curies":[{"name":"wp","href":"https:\/\/api.w.org\/{rel}","templated":true}]}}