{"id":26338,"date":"2022-03-17T12:19:24","date_gmt":"2022-03-17T15:19:24","guid":{"rendered":"https:\/\/162.215.13.167?page_id=26338"},"modified":"2022-12-21T12:34:50","modified_gmt":"2022-12-21T15:34:50","slug":"pagina-modelo-7-3-4-5","status":"publish","type":"page","link":"https:\/\/portalfadesp.org.br\/?page_id=26338","title":{"rendered":"V Encontro do Programa de P\u00f3s-Gradua\u00e7\u00e3o em Odontologia (PPGO\/UFPA)"},"content":{"rendered":"\t\t<div data-elementor-type=\"wp-page\" data-elementor-id=\"26338\" class=\"elementor elementor-26338\" data-elementor-post-type=\"page\">\n\t\t\t\t\t\t<section class=\"elementor-section elementor-top-section elementor-element elementor-element-0008ba3 elementor-section-boxed elementor-section-height-default elementor-section-height-default\" data-id=\"0008ba3\" data-element_type=\"section\">\n\t\t\t\t\t\t<div class=\"elementor-container elementor-column-gap-default\">\n\t\t\t\t\t<div class=\"elementor-column elementor-col-100 elementor-top-column elementor-element elementor-element-d25367f\" data-id=\"d25367f\" data-element_type=\"column\">\n\t\t\t<div class=\"elementor-widget-wrap elementor-element-populated\">\n\t\t\t\t\t\t<div class=\"elementor-element elementor-element-f423579 elementor-widget elementor-widget-heading\" data-id=\"f423579\" data-element_type=\"widget\" data-widget_type=\"heading.default\">\n\t\t\t\t<div class=\"elementor-widget-container\">\n\t\t\t\t\t<h1 class=\"elementor-heading-title elementor-size-default\">V Encontro do Programa de P\u00f3s-Gradua\u00e7\u00e3o em Odontologia (PPGO\/UFPA)<\/h1>\t\t\t\t<\/div>\n\t\t\t\t<\/div>\n\t\t\t\t<section class=\"elementor-section elementor-inner-section elementor-element elementor-element-2a57068 elementor-section-boxed elementor-section-height-default elementor-section-height-default\" data-id=\"2a57068\" data-element_type=\"section\">\n\t\t\t\t\t\t<div class=\"elementor-container elementor-column-gap-default\">\n\t\t\t\t\t<div class=\"elementor-column elementor-col-50 elementor-inner-column elementor-element elementor-element-5d504b0\" data-id=\"5d504b0\" data-element_type=\"column\">\n\t\t\t<div class=\"elementor-widget-wrap elementor-element-populated\">\n\t\t\t\t\t\t<div class=\"elementor-element elementor-element-78c2191 elementor-widget elementor-widget-text-editor\" data-id=\"78c2191\" data-element_type=\"widget\" data-widget_type=\"text-editor.default\">\n\t\t\t\t<div class=\"elementor-widget-container\">\n\t\t\t\t\t\t\t\t\t<p>A coordena\u00e7ao do Programa de P\u00f3s-Gradua\u00e7\u00e3o em Odontologia da UFPA \u2013 PPGO\/UFPA torna p\u00fablica a realiza\u00e7\u00e3o do seu V Encontro do Programa de P\u00f3s-Gradua\u00e7\u00e3o em Odontologia \u2013 PPGO\/UFPA. O evento ser\u00e1 realizado no formato H\u00edbrido, no audit\u00f3rio da Faculdade de Odontologia, localizado na Universidade Federal do Par\u00e1, Campus profissional (Rua Augusto C\u00f4rrea, 1 \u2013 Guam\u00e1) e por transmiss\u00e3o via online.<\/p><p>\u00a0<\/p><p><strong>Data:<\/strong> Ocorrer\u00e1 nos dias 02 e 03 de maio de 2022.<\/p><p>\u00a0<\/p><p><strong>Inscri\u00e7\u00e3o para evento<\/strong>: at\u00e9\u00a0<span style=\"color: #212529; font-family: -apple-system, BlinkMacSystemFont, 'Segoe UI', Roboto, 'Helvetica Neue', Arial, 'Noto Sans', sans-serif, 'Apple Color Emoji', 'Segoe UI Emoji', 'Segoe UI Symbol', 'Noto Color Emoji'; font-size: 16px; font-style: normal; font-variant-ligatures: normal; font-variant-caps: normal; font-weight: 400;\">28\/04\/2022<\/span><span style=\"color: #212529; font-family: -apple-system, BlinkMacSystemFont, 'Segoe UI', Roboto, 'Helvetica Neue', Arial, 'Noto Sans', sans-serif, 'Apple Color Emoji', 'Segoe UI Emoji', 'Segoe UI Symbol', 'Noto Color Emoji'; font-size: 16px; font-style: normal; font-variant-ligatures: normal; font-variant-caps: normal; font-weight: 400;\">\u00a0<\/span><\/p><p>\u00a0<\/p><p><strong>Taxa de inscri\u00e7\u00e3o:\u00a0<\/strong><\/p><p>Valores at\u00e9 o dia <strong>14\/04\/2022.<\/strong><br \/><strong>Alunos de gradua\u00e7\u00e3o:<\/strong> R$60,00.<br \/><strong>Alunos de P\u00f3s-gradua\u00e7\u00e3o:<\/strong> R$100,00.<br \/><strong>Profissionais sem v\u00ednculo com P\u00f3s-gradua\u00e7\u00e3o<\/strong><strong>:<\/strong> $150,00.<\/p><p>\u00a0<\/p><p>Valores a partir de <strong>15\/04\/2022.<\/strong><br \/><strong>Alunos de gradua\u00e7\u00e3o:<\/strong> R$80,00.<br \/><strong>Alunos de P\u00f3s-gradua\u00e7\u00e3o:<\/strong> R$130,00 .<br \/><strong>Profissionais sem v\u00ednculo com P\u00f3s-gradua\u00e7\u00e3o:<\/strong> R$180,00<\/p><p>\u00a0<\/p><p>*A comprova\u00e7\u00e3o do pagamento e a ficha de inscri\u00e7\u00e3o no evento preenchida dever\u00e3o ser enviados para o e-mail do evento: vencontroppgo@gmail.com,\u00a0 juntamente com o<br \/>resumo do trabalho, caso tenha interesse em apresentar, com o t\u00edtulo INSCRI\u00c7\u00c3O NO EVENTO.<\/p><p>\u00a0<\/p><p><strong>Para informa\u00e7\u00f5es completas acesse o edital ao lado.<\/strong><\/p><p><strong>____________________________________________________<\/strong><\/p><p><strong>NORMAS PARA INSCRI\u00c7\u00c3O E APRESENTA\u00c7\u00c3O DE TRABALHOS:<\/strong><\/p><p>&#8211; O prazo para inscri\u00e7\u00e3o de resumos \u00e9 at\u00e9 o dia 15\/04\/2022;<\/p><p>&#8211; As inscri\u00e7\u00f5es de trabalhos ser\u00e3o realizadas apenas pelo e-mail: vencontroppgo@gmail.com;<\/p><p><strong>Para informa\u00e7\u00f5es completas acesse o edital ao lado.<\/strong><\/p>\t\t\t\t\t\t\t\t<\/div>\n\t\t\t\t<\/div>\n\t\t\t\t\t<\/div>\n\t\t<\/div>\n\t\t\t\t<div class=\"elementor-column elementor-col-50 elementor-inner-column elementor-element elementor-element-992d68d\" data-id=\"992d68d\" data-element_type=\"column\">\n\t\t\t<div class=\"elementor-widget-wrap elementor-element-populated\">\n\t\t\t\t\t\t<div class=\"elementor-element elementor-element-82d96f3 elementor-widget elementor-widget-text-editor\" data-id=\"82d96f3\" data-element_type=\"widget\" data-widget_type=\"text-editor.default\">\n\t\t\t\t<div class=\"elementor-widget-container\">\n\t\t\t\t\t\t\t\t\t<p><span style=\"color: #ffffff;\"><b>Avisos<\/b><\/span><\/p>\t\t\t\t\t\t\t\t<\/div>\n\t\t\t\t<\/div>\n\t\t\t\t<div class=\"elementor-element elementor-element-56c9dc0 elementor-widget elementor-widget-text-editor\" data-id=\"56c9dc0\" data-element_type=\"widget\" data-widget_type=\"text-editor.default\">\n\t\t\t\t<div class=\"elementor-widget-container\">\n\t\t\t\t\t\t\t\t\t<p>Para realizar inscri\u00e7\u00e3o, <strong><a href=\"http:\/\/cursoseventos.fadesp.org.br\/gui\/PortalCursosEventos.aspx\">clique aqui.<\/a><\/strong><\/p>\t\t\t\t\t\t\t\t<\/div>\n\t\t\t\t<\/div>\n\t\t\t\t<div class=\"elementor-element elementor-element-edc6d71 elementor-widget elementor-widget-text-editor\" data-id=\"edc6d71\" data-element_type=\"widget\" data-widget_type=\"text-editor.default\">\n\t\t\t\t<div class=\"elementor-widget-container\">\n\t\t\t\t\t\t\t\t\t<p style=\"text-align: center;\"><strong><span style=\"color: #ffffff;\">Editais<\/span><\/strong><\/p>\t\t\t\t\t\t\t\t<\/div>\n\t\t\t\t<\/div>\n\t\t\t\t<div class=\"elementor-element elementor-element-1957ae6 editaisScroll elementor-widget elementor-widget-text-editor\" data-id=\"1957ae6\" data-element_type=\"widget\" data-widget_type=\"text-editor.default\">\n\t\t\t\t<div class=\"elementor-widget-container\">\n\t\t\t\t\t\t\t\t\t<p>Edital de Abertura e Programa\u00e7\u00e3o <strong><a href=\"..\/wp-content\/uploads\/2022\/03\/EDITAL-01_2022-ABERTURA-e-PROGRAMACAO-do-V-ENCONTRO-PESQUISA-PPGO-UFPA.pdf\">(Clique aqui)<\/a><\/strong><\/p><p>Normas para apresenta\u00e7\u00e3o de trabalhos <strong><a href=\"..\/wp-content\/uploads\/2022\/03\/EDITAL-02_2022-NORMAS-ENVIO-TRABALHOS-V-ENCONTRO-PESQUISA-PPGO-UFPA.pdf\">(Clique aqui)<\/a><\/strong><\/p><p>Ficha de Inscri\u00e7\u00e3o <strong><a href=\"..\/wp-content\/uploads\/2022\/03\/Ficha-Inscricao-V-ENCONTRO-PESQUISA-PPGO-UFPA.pdf\">(Clique aqui)<\/a><\/strong><\/p><p>Folder <strong><a href=\"..\/wp-content\/uploads\/2022\/04\/Folder_compressed.pdf\">(Clique aqui)<\/a><\/strong><\/p>\t\t\t\t\t\t\t\t<\/div>\n\t\t\t\t<\/div>\n\t\t\t\t\t<\/div>\n\t\t<\/div>\n\t\t\t\t\t<\/div>\n\t\t<\/section>\n\t\t\t\t\t<\/div>\n\t\t<\/div>\n\t\t\t\t\t<\/div>\n\t\t<\/section>\n\t\t\t\t<\/div>\n\t\t","protected":false},"excerpt":{"rendered":"<p>V Encontro do Programa de P\u00f3s-Gradua\u00e7\u00e3o em Odontologia (PPGO\/UFPA) A coordena\u00e7ao do Programa de P\u00f3s-Gradua\u00e7\u00e3o em Odontologia da UFPA \u2013 PPGO\/UFPA torna p\u00fablica a realiza\u00e7\u00e3o do seu V Encontro do Programa de P\u00f3s-Gradua\u00e7\u00e3o em Odontologia \u2013 PPGO\/UFPA. O evento ser\u00e1 realizado no formato H\u00edbrido, no audit\u00f3rio da Faculdade de Odontologia, localizado na Universidade Federal do [&hellip;]<\/p>\n","protected":false},"author":12,"featured_media":0,"parent":0,"menu_order":0,"comment_status":"closed","ping_status":"closed","template":"","meta":{"_monsterinsights_skip_tracking":false,"_monsterinsights_sitenote_active":false,"_monsterinsights_sitenote_note":"","_monsterinsights_sitenote_category":0,"footnotes":""},"class_list":["post-26338","page","type-page","status-publish","hentry","entry"],"yoast_head":"<!-- This site is optimized with the Yoast SEO plugin v25.1 - https:\/\/yoast.com\/wordpress\/plugins\/seo\/ -->\n<title>V Encontro do Programa de P\u00f3s-Gradua\u00e7\u00e3o em Odontologia (PPGO\/UFPA) - FADESP<\/title>\n<meta name=\"robots\" content=\"index, follow, max-snippet:-1, max-image-preview:large, max-video-preview:-1\" \/>\n<link rel=\"canonical\" href=\"https:\/\/portalfadesp.org.br\/?page_id=26338\" \/>\n<meta property=\"og:locale\" content=\"pt_BR\" \/>\n<meta property=\"og:type\" content=\"article\" \/>\n<meta property=\"og:title\" content=\"V Encontro do Programa de P\u00f3s-Gradua\u00e7\u00e3o em Odontologia (PPGO\/UFPA) - FADESP\" \/>\n<meta property=\"og:description\" content=\"V Encontro do Programa de P\u00f3s-Gradua\u00e7\u00e3o em Odontologia (PPGO\/UFPA) A coordena\u00e7ao do Programa de P\u00f3s-Gradua\u00e7\u00e3o em Odontologia da UFPA \u2013 PPGO\/UFPA torna p\u00fablica a realiza\u00e7\u00e3o do seu V Encontro do Programa de P\u00f3s-Gradua\u00e7\u00e3o em Odontologia \u2013 PPGO\/UFPA. O evento ser\u00e1 realizado no formato H\u00edbrido, no audit\u00f3rio da Faculdade de Odontologia, localizado na Universidade Federal do [&hellip;]\" \/>\n<meta property=\"og:url\" content=\"https:\/\/portalfadesp.org.br\/?page_id=26338\" \/>\n<meta property=\"og:site_name\" content=\"FADESP\" \/>\n<meta property=\"article:publisher\" content=\"https:\/\/www.facebook.com\/Fadesp-138351949524662\/\" \/>\n<meta property=\"article:modified_time\" content=\"2022-12-21T15:34:50+00:00\" \/>\n<meta name=\"twitter:card\" content=\"summary_large_image\" \/>\n<meta name=\"twitter:site\" content=\"@Fadesp\" \/>\n<meta name=\"twitter:label1\" content=\"Est. tempo de leitura\" \/>\n\t<meta name=\"twitter:data1\" content=\"1 minuto\" \/>\n<script type=\"application\/ld+json\" class=\"yoast-schema-graph\">{\"@context\":\"https:\/\/schema.org\",\"@graph\":[{\"@type\":\"WebPage\",\"@id\":\"https:\/\/portalfadesp.org.br\/?page_id=26338\",\"url\":\"https:\/\/portalfadesp.org.br\/?page_id=26338\",\"name\":\"V Encontro do Programa de P\u00f3s-Gradua\u00e7\u00e3o em Odontologia (PPGO\/UFPA) - FADESP\",\"isPartOf\":{\"@id\":\"https:\/\/portalfadesp.org.br\/#website\"},\"datePublished\":\"2022-03-17T15:19:24+00:00\",\"dateModified\":\"2022-12-21T15:34:50+00:00\",\"breadcrumb\":{\"@id\":\"https:\/\/portalfadesp.org.br\/?page_id=26338#breadcrumb\"},\"inLanguage\":\"pt-BR\",\"potentialAction\":[{\"@type\":\"ReadAction\",\"target\":[\"https:\/\/portalfadesp.org.br\/?page_id=26338\"]}]},{\"@type\":\"BreadcrumbList\",\"@id\":\"https:\/\/portalfadesp.org.br\/?page_id=26338#breadcrumb\",\"itemListElement\":[{\"@type\":\"ListItem\",\"position\":1,\"name\":\"In\u00edcio\",\"item\":\"https:\/\/portalfadesp.org.br\/\"},{\"@type\":\"ListItem\",\"position\":2,\"name\":\"V Encontro do Programa de P\u00f3s-Gradua\u00e7\u00e3o em Odontologia (PPGO\/UFPA)\"}]},{\"@type\":\"WebSite\",\"@id\":\"https:\/\/portalfadesp.org.br\/#website\",\"url\":\"https:\/\/portalfadesp.org.br\/\",\"name\":\"FADESP\",\"description\":\"Funda\u00e7\u00e3o de Amparo e Desenvolvimento da Pesquisa\",\"publisher\":{\"@id\":\"https:\/\/portalfadesp.org.br\/#organization\"},\"potentialAction\":[{\"@type\":\"SearchAction\",\"target\":{\"@type\":\"EntryPoint\",\"urlTemplate\":\"https:\/\/portalfadesp.org.br\/?s={search_term_string}\"},\"query-input\":{\"@type\":\"PropertyValueSpecification\",\"valueRequired\":true,\"valueName\":\"search_term_string\"}}],\"inLanguage\":\"pt-BR\"},{\"@type\":\"Organization\",\"@id\":\"https:\/\/portalfadesp.org.br\/#organization\",\"name\":\"FADESP\",\"url\":\"https:\/\/portalfadesp.org.br\/\",\"logo\":{\"@type\":\"ImageObject\",\"inLanguage\":\"pt-BR\",\"@id\":\"https:\/\/portalfadesp.org.br\/#\/schema\/logo\/image\/\",\"url\":\"https:\/\/portalfadesp.org.br\/wp-content\/uploads\/2024\/01\/NOVOLOGOFADESPlaranjaH.png\",\"contentUrl\":\"https:\/\/portalfadesp.org.br\/wp-content\/uploads\/2024\/01\/NOVOLOGOFADESPlaranjaH.png\",\"width\":2742,\"height\":839,\"caption\":\"FADESP\"},\"image\":{\"@id\":\"https:\/\/portalfadesp.org.br\/#\/schema\/logo\/image\/\"},\"sameAs\":[\"https:\/\/www.facebook.com\/Fadesp-138351949524662\/\",\"https:\/\/x.com\/Fadesp\",\"https:\/\/www.instagram.com\/fadesp_ufpa\/\",\"https:\/\/www.youtube.com\/@fundacaodeamparoedesenvolv1903\",\"https:\/\/www.threads.net\/@fadesp_ufpa\"]}]}<\/script>\n<!-- \/ Yoast SEO plugin. -->","yoast_head_json":{"title":"V Encontro do Programa de P\u00f3s-Gradua\u00e7\u00e3o em Odontologia (PPGO\/UFPA) - FADESP","robots":{"index":"index","follow":"follow","max-snippet":"max-snippet:-1","max-image-preview":"max-image-preview:large","max-video-preview":"max-video-preview:-1"},"canonical":"https:\/\/portalfadesp.org.br\/?page_id=26338","og_locale":"pt_BR","og_type":"article","og_title":"V Encontro do Programa de P\u00f3s-Gradua\u00e7\u00e3o em Odontologia (PPGO\/UFPA) - FADESP","og_description":"V Encontro do Programa de P\u00f3s-Gradua\u00e7\u00e3o em Odontologia (PPGO\/UFPA) A coordena\u00e7ao do Programa de P\u00f3s-Gradua\u00e7\u00e3o em Odontologia da UFPA \u2013 PPGO\/UFPA torna p\u00fablica a realiza\u00e7\u00e3o do seu V Encontro do Programa de P\u00f3s-Gradua\u00e7\u00e3o em Odontologia \u2013 PPGO\/UFPA. O evento ser\u00e1 realizado no formato H\u00edbrido, no audit\u00f3rio da Faculdade de Odontologia, localizado na Universidade Federal do [&hellip;]","og_url":"https:\/\/portalfadesp.org.br\/?page_id=26338","og_site_name":"FADESP","article_publisher":"https:\/\/www.facebook.com\/Fadesp-138351949524662\/","article_modified_time":"2022-12-21T15:34:50+00:00","twitter_card":"summary_large_image","twitter_site":"@Fadesp","twitter_misc":{"Est. tempo de leitura":"1 minuto"},"schema":{"@context":"https:\/\/schema.org","@graph":[{"@type":"WebPage","@id":"https:\/\/portalfadesp.org.br\/?page_id=26338","url":"https:\/\/portalfadesp.org.br\/?page_id=26338","name":"V Encontro do Programa de P\u00f3s-Gradua\u00e7\u00e3o em Odontologia (PPGO\/UFPA) - FADESP","isPartOf":{"@id":"https:\/\/portalfadesp.org.br\/#website"},"datePublished":"2022-03-17T15:19:24+00:00","dateModified":"2022-12-21T15:34:50+00:00","breadcrumb":{"@id":"https:\/\/portalfadesp.org.br\/?page_id=26338#breadcrumb"},"inLanguage":"pt-BR","potentialAction":[{"@type":"ReadAction","target":["https:\/\/portalfadesp.org.br\/?page_id=26338"]}]},{"@type":"BreadcrumbList","@id":"https:\/\/portalfadesp.org.br\/?page_id=26338#breadcrumb","itemListElement":[{"@type":"ListItem","position":1,"name":"In\u00edcio","item":"https:\/\/portalfadesp.org.br\/"},{"@type":"ListItem","position":2,"name":"V Encontro do Programa de P\u00f3s-Gradua\u00e7\u00e3o em Odontologia (PPGO\/UFPA)"}]},{"@type":"WebSite","@id":"https:\/\/portalfadesp.org.br\/#website","url":"https:\/\/portalfadesp.org.br\/","name":"FADESP","description":"Funda\u00e7\u00e3o de Amparo e Desenvolvimento da Pesquisa","publisher":{"@id":"https:\/\/portalfadesp.org.br\/#organization"},"potentialAction":[{"@type":"SearchAction","target":{"@type":"EntryPoint","urlTemplate":"https:\/\/portalfadesp.org.br\/?s={search_term_string}"},"query-input":{"@type":"PropertyValueSpecification","valueRequired":true,"valueName":"search_term_string"}}],"inLanguage":"pt-BR"},{"@type":"Organization","@id":"https:\/\/portalfadesp.org.br\/#organization","name":"FADESP","url":"https:\/\/portalfadesp.org.br\/","logo":{"@type":"ImageObject","inLanguage":"pt-BR","@id":"https:\/\/portalfadesp.org.br\/#\/schema\/logo\/image\/","url":"https:\/\/portalfadesp.org.br\/wp-content\/uploads\/2024\/01\/NOVOLOGOFADESPlaranjaH.png","contentUrl":"https:\/\/portalfadesp.org.br\/wp-content\/uploads\/2024\/01\/NOVOLOGOFADESPlaranjaH.png","width":2742,"height":839,"caption":"FADESP"},"image":{"@id":"https:\/\/portalfadesp.org.br\/#\/schema\/logo\/image\/"},"sameAs":["https:\/\/www.facebook.com\/Fadesp-138351949524662\/","https:\/\/x.com\/Fadesp","https:\/\/www.instagram.com\/fadesp_ufpa\/","https:\/\/www.youtube.com\/@fundacaodeamparoedesenvolv1903","https:\/\/www.threads.net\/@fadesp_ufpa"]}]}},"_links":{"self":[{"href":"https:\/\/portalfadesp.org.br\/index.php?rest_route=\/wp\/v2\/pages\/26338","targetHints":{"allow":["GET"]}}],"collection":[{"href":"https:\/\/portalfadesp.org.br\/index.php?rest_route=\/wp\/v2\/pages"}],"about":[{"href":"https:\/\/portalfadesp.org.br\/index.php?rest_route=\/wp\/v2\/types\/page"}],"author":[{"embeddable":true,"href":"https:\/\/portalfadesp.org.br\/index.php?rest_route=\/wp\/v2\/users\/12"}],"replies":[{"embeddable":true,"href":"https:\/\/portalfadesp.org.br\/index.php?rest_route=%2Fwp%2Fv2%2Fcomments&post=26338"}],"version-history":[{"count":34,"href":"https:\/\/portalfadesp.org.br\/index.php?rest_route=\/wp\/v2\/pages\/26338\/revisions"}],"predecessor-version":[{"id":38323,"href":"https:\/\/portalfadesp.org.br\/index.php?rest_route=\/wp\/v2\/pages\/26338\/revisions\/38323"}],"wp:attachment":[{"href":"https:\/\/portalfadesp.org.br\/index.php?rest_route=%2Fwp%2Fv2%2Fmedia&parent=26338"}],"curies":[{"name":"wp","href":"https:\/\/api.w.org\/{rel}","templated":true}]}}