{"id":26200,"date":"2022-03-17T12:19:24","date_gmt":"2022-03-17T15:19:24","guid":{"rendered":"https:\/\/162.215.13.167?page_id=26200"},"modified":"2022-12-21T12:35:37","modified_gmt":"2022-12-21T15:35:37","slug":"pagina-modelo-7-3-4","status":"publish","type":"page","link":"https:\/\/portalfadesp.org.br\/?page_id=26200","title":{"rendered":"Processo Seletivo Especial UFPA 2022 (PROSEL ESP UFPA)"},"content":{"rendered":"\t\t<div data-elementor-type=\"wp-page\" data-elementor-id=\"26200\" class=\"elementor elementor-26200\" data-elementor-post-type=\"page\">\n\t\t\t\t\t\t<section class=\"elementor-section elementor-top-section elementor-element elementor-element-0008ba3 elementor-section-boxed elementor-section-height-default elementor-section-height-default\" data-id=\"0008ba3\" data-element_type=\"section\">\n\t\t\t\t\t\t<div class=\"elementor-container elementor-column-gap-default\">\n\t\t\t\t\t<div class=\"elementor-column elementor-col-100 elementor-top-column elementor-element elementor-element-d25367f\" data-id=\"d25367f\" data-element_type=\"column\">\n\t\t\t<div class=\"elementor-widget-wrap elementor-element-populated\">\n\t\t\t\t\t\t<div class=\"elementor-element elementor-element-f423579 elementor-widget elementor-widget-heading\" data-id=\"f423579\" data-element_type=\"widget\" data-widget_type=\"heading.default\">\n\t\t\t\t<div class=\"elementor-widget-container\">\n\t\t\t\t\t<h1 class=\"elementor-heading-title elementor-size-default\">Processo Seletivo Especial UFPA 2022 (PROSEL ESP UFPA)<\/h1>\t\t\t\t<\/div>\n\t\t\t\t<\/div>\n\t\t\t\t<section class=\"elementor-section elementor-inner-section elementor-element elementor-element-2a57068 elementor-section-boxed elementor-section-height-default elementor-section-height-default\" data-id=\"2a57068\" data-element_type=\"section\">\n\t\t\t\t\t\t<div class=\"elementor-container elementor-column-gap-default\">\n\t\t\t\t\t<div class=\"elementor-column elementor-col-50 elementor-inner-column elementor-element elementor-element-5d504b0\" data-id=\"5d504b0\" data-element_type=\"column\">\n\t\t\t<div class=\"elementor-widget-wrap elementor-element-populated\">\n\t\t\t\t\t\t<div class=\"elementor-element elementor-element-78c2191 elementor-widget elementor-widget-text-editor\" data-id=\"78c2191\" data-element_type=\"widget\" data-widget_type=\"text-editor.default\">\n\t\t\t\t<div class=\"elementor-widget-container\">\n\t\t\t\t\t\t\t\t\t<p>A Universidade Federal do Par\u00e1, por meio de sua Comiss\u00e3o Permanente de Processos Seletivos torna p\u00fablica a abertura de inscri\u00e7\u00f5es e normas que regem o Processo Seletivo Especial 2022-3 (PSE Forma Par\u00e1), destinado a selecionar candidatos para o provimento de vagas nos cursos presenciais de gradua\u00e7\u00e3o, em regime especial, mediante conv\u00eanio celebrado com a Secretaria de Estado de Ci\u00eancia, Tecnologia e Educa\u00e7\u00e3o Profissional e Tecnol\u00f3gica (SECTET). Os referidos cursos ser\u00e3o ofertados pela Universidade Federal do Par\u00e1 (UFPA), mediante as condi\u00e7\u00f5es estabelecidas neste edital.\u00a0<\/p><p><strong>Vagas: <\/strong>195 (inclu\u00eddas as vagas PCD, conforme edital)<\/p><p><strong>Campus\/Curso\/Munic\u00edpio:<\/strong><br \/>Campus Camet\u00e1: Sistemas de Informa\u00e7\u00e3o &#8211; Oeiras do Par\u00e1<br \/>Campus Ananindeua: Geoprocessamento &#8211; Outeiro<br \/>Campus Bel\u00e9m: Hist\u00f3ria &#8211; Curralinho<br \/>Campus Bragan\u00e7a: Letras \u2013 L\u00edngua Inglesa &#8211; Vizeu<br \/>Campus Altamira: Agronomia &#8211; Pacaj\u00e1<\/p><p><strong>Requisitos \u2013<\/strong>\u00a0Ensino M\u00e9dio completo ou equivalente.<\/p><p><strong>Taxa de inscri\u00e7\u00e3o<\/strong> \u2013 R$ 20,00\u00a0(vinte reais)\u00a0\u00a0<br \/>\u2026\u2026\u2026\u2026\u2026\u2026\u2026\u2026\u2026\u2026&#8230;&#8230;&#8230;&#8230;&#8230;&#8230;&#8230;&#8230;&#8230;&#8230;&#8230;&#8230;&#8230;&#8230;&#8230;&#8230;&#8230;&#8230;&#8230;&#8230;&#8230;.<\/p><p><strong>Datas importantes:<\/strong><br \/><strong>Per\u00edodo de Inscri\u00e7\u00e3o \u2013<\/strong>\u00a0<span style=\"font-size: 11.0pt; line-height: 107%; font-family: 'Calibri',sans-serif; mso-ascii-theme-font: minor-latin; mso-fareast-font-family: Calibri; mso-fareast-theme-font: minor-latin; mso-hansi-theme-font: minor-latin; mso-bidi-font-family: 'Times New Roman'; mso-bidi-theme-font: minor-bidi; mso-ansi-language: PT-BR; mso-fareast-language: EN-US; mso-bidi-language: AR-SA;\">Para participar do PSE FORMA PAR\u00c1 2022-3, o(a) candidato(a) dever\u00e1 efetuar a sua inscri\u00e7\u00e3o neste Processo Seletivo Especial, admitida exclusivamente via internet, no endere\u00e7o eletr\u00f4nico da FADESP \u2013 Funda\u00e7\u00e3o de Amparo e Desenvolvimento da Pesquisa (portalfadesp.org.br), <b>das 14h do dia 04 de abril de 2022 at\u00e9 as 23:59h do dia 18 de abril de 2022<\/b><\/span><br \/><strong><br \/><\/strong><\/p><p><strong>Solicita\u00e7\u00e3o de atendimento especial \u2013<\/strong>\u00a004 a 18\/04\/2022<br \/><strong>Solicita\u00e7\u00e3o de isen\u00e7\u00e3o da taxa de inscri\u00e7\u00e3o<\/strong> \u2013\u00a004 a 18\/04\/2022<br \/><strong>Resultado preliminar da solicita\u00e7\u00e3o de isen\u00e7\u00e3o da taxa de inscri\u00e7\u00e3o \u2013<\/strong>\u00a020\/04\/2022<br \/><strong>\u00daltimo dia para pagamento da taxa de inscri\u00e7\u00e3o \u2013<\/strong>\u00a027\/04\/2022<\/p>\t\t\t\t\t\t\t\t<\/div>\n\t\t\t\t<\/div>\n\t\t\t\t\t<\/div>\n\t\t<\/div>\n\t\t\t\t<div class=\"elementor-column elementor-col-50 elementor-inner-column elementor-element elementor-element-992d68d\" data-id=\"992d68d\" data-element_type=\"column\">\n\t\t\t<div class=\"elementor-widget-wrap elementor-element-populated\">\n\t\t\t\t\t\t<div class=\"elementor-element elementor-element-82d96f3 elementor-widget elementor-widget-text-editor\" data-id=\"82d96f3\" data-element_type=\"widget\" data-widget_type=\"text-editor.default\">\n\t\t\t\t<div class=\"elementor-widget-container\">\n\t\t\t\t\t\t\t\t\t<p><span style=\"color: #ffffff;\"><b>Avisos<\/b><\/span><\/p>\t\t\t\t\t\t\t\t<\/div>\n\t\t\t\t<\/div>\n\t\t\t\t<div class=\"elementor-element elementor-element-334b6a0 elementor-widget elementor-widget-text-editor\" data-id=\"334b6a0\" data-element_type=\"widget\" data-widget_type=\"text-editor.default\">\n\t\t\t\t<div class=\"elementor-widget-container\">\n\t\t\t\t\t\t\t\t\t<div class=\"botaoBug\" style=\"margin-top: 10px;\"><a href=\"http:\/\/concursos2.fadesp.org.br\/proselufpa2022\/web\/index.php\"><strong>Recurso On-line (Clique Aqui)<\/strong><\/a><\/div>\t\t\t\t\t\t\t\t<\/div>\n\t\t\t\t<\/div>\n\t\t\t\t<div class=\"elementor-element elementor-element-edc6d71 elementor-widget elementor-widget-text-editor\" data-id=\"edc6d71\" data-element_type=\"widget\" data-widget_type=\"text-editor.default\">\n\t\t\t\t<div class=\"elementor-widget-container\">\n\t\t\t\t\t\t\t\t\t<p style=\"text-align: center;\"><strong><span style=\"color: #ffffff;\">Editais<\/span><\/strong><\/p>\t\t\t\t\t\t\t\t<\/div>\n\t\t\t\t<\/div>\n\t\t\t\t<div class=\"elementor-element elementor-element-1957ae6 editaisScroll elementor-widget elementor-widget-text-editor\" data-id=\"1957ae6\" data-element_type=\"widget\" data-widget_type=\"text-editor.default\">\n\t\t\t\t<div class=\"elementor-widget-container\">\n\t\t\t\t\t\t\t\t\t<p>CLASSIFICADOS TECNOLOGO EM GEOPROCESSAMENTO OUTEIRO, de 10\/06\/2022 <a href=\"http:\/\/concursos2.fadesp.org.br\/proselufpa2022\/arquivos\/HTML\/Classificados\/CLASSIFICADOS TECNOLOGO EM GEOPROCESSAMENTO OUTEIRO.htm\"><strong>(Clique Aqui)<\/strong><\/a><\/p><p>CLASSIFICADOS LICENCIATURA LETRAS LINGUA INGLESA VISEU, de 10\/06\/2022 <a href=\"http:\/\/concursos2.fadesp.org.br\/proselufpa2022\/arquivos\/HTML\/Classificados\/CLASSIFICADOS LICENCIATURA LETRAS LINGUA INGLESA VISEU.htm\"><strong>(Clique Aqui)<\/strong><\/a><\/p><p>CLASSIFICADOS BACHARELADO SISTEMAS DE INFORMACAO OEIRAS DO PAR\u00c1, de 10\/06\/2022 <a href=\"http:\/\/concursos2.fadesp.org.br\/proselufpa2022\/arquivos\/HTML\/Classificados\/CLASSIFICADOS BACHARELADO SISTEMAS DE INFORMACAO OEIRAS DO PAR\u00c1.htm\"><strong>(Clique Aqui)<\/strong><\/a><\/p><p>CLASSIFICADOS BACHARELADO AGRONOMIA PACAJ\u00c1, de 10\/06\/2022 <a href=\"http:\/\/concursos2.fadesp.org.br\/proselufpa2022\/arquivos\/HTML\/Classificados\/CLASSIFICADOS BACHARELADO AGRONOMIA PACAJ\u00c1.htm\"><strong>(Clique Aqui)<\/strong><\/a><\/p><p>CLASSIFICADOS LICENCIATURA HISTORIA CURRALINHO, de 10\/06\/2022 <a href=\"http:\/\/concursos2.fadesp.org.br\/proselufpa2022\/arquivos\/HTML\/Classificados\/CLASSIFICADOS LICENCIATURA HISTORIA CURRALINHO.htm\"><strong>(Clique Aqui)<\/strong><\/a><\/p><p>N\u00c3O CLASSIFICADOS TECNOLOGO EM GEOPROCESSAMENTO OUTEIRO, de 10\/06\/2022 <a href=\"http:\/\/concursos2.fadesp.org.br\/proselufpa2022\/arquivos\/HTML\/N\u00e3o Classificados\/N\u00c3O CLASSIFICADOS TECNOLOGO EM GEOPROCESSAMENTO OUTEIRO.htm\"><strong>(Clique Aqui)<\/strong><\/a><\/p><p>N\u00c3O CLASSIFICADOS LICENCIATURA LETRAS LINGUA INGLESA VISEU, de 10\/06\/2022 <a href=\"http:\/\/concursos2.fadesp.org.br\/proselufpa2022\/arquivos\/HTML\/N\u00e3o Classificados\/N\u00c3O CLASSIFICADOS LICENCIATURA LETRAS LINGUA INGLESA VISEU.htm\"><strong>(Clique Aqui)<\/strong><\/a><\/p><p>N\u00c3O CLASSIFICADOS BACHARELADO SISTEMAS DE INFORMACAO OEIRAS DO PAR\u00c1, de 10\/06\/2022 <a href=\"http:\/\/concursos2.fadesp.org.br\/proselufpa2022\/arquivos\/HTML\/N\u00e3o Classificados\/N\u00c3O CLASSIFICADOS BACHARELADO SISTEMAS DE INFORMACAO OEIRAS DO PAR\u00c1.htm\"><strong>(Clique Aqui)<\/strong><\/a><\/p><p>N\u00c3O CLASSIFICADOS BACHARELADO AGRONOMIA PACAJ\u00c1, de 10\/06\/2022 <a href=\"http:\/\/concursos2.fadesp.org.br\/proselufpa2022\/arquivos\/HTML\/N\u00e3o Classificados\/N\u00c3O CLASSIFICADOS BACHARELADO AGRONOMIA PACAJ\u00c1.htm\"><strong>(Clique Aqui)<\/strong><\/a><\/p><p>N\u00c3O CLASSIFICADOS LICENCIATURA HISTORIA CURRALINHO, de 10\/06\/2022 <a href=\"http:\/\/concursos2.fadesp.org.br\/proselufpa2022\/arquivos\/HTML\/N\u00e3o Classificados\/N\u00c3O CLASSIFICADOS LICENCIATURA HISTORIA CURRALINHO.htm\"><strong>(Clique Aqui)<\/strong><\/a><\/p><p>Resultado Definitivo da Prova Objetiva, de 09\/06\/2022 <span style=\"font-size: 14px; font-style: normal; font-variant-ligatures: normal; font-variant-caps: normal; font-weight: bolder;\">\u00a0<a style=\"font-size: 14px;\" href=\"http:\/\/concursos2.fadesp.org.br\/proselufpa2022\/arquivos\/Resultado Definitivo da Prova Objetiva.pdf\">(Clique Aqui)<\/a><\/span><\/p><p>Resultado Definitivo da Prova de Reda\u00e7\u00e3o, de 09\/06\/2022<span style=\"font-size: 14px; font-style: normal; font-variant-ligatures: normal; font-variant-caps: normal; font-weight: bolder;\">\u00a0<a style=\"font-size: 14px;\" href=\"http:\/\/concursos2.fadesp.org.br\/proselufpa2022\/arquivos\/Resultado Definitivo da Prova de Reda\u00e7\u00e3o.pdf\">(Clique Aqui)<\/a><\/span><\/p><p>Resultado Preliminar da Prova Objetiva, de 06\/06\/2022 <span style=\"font-size: 14px; font-style: normal; font-variant-ligatures: normal; font-variant-caps: normal; font-weight: bolder;\">\u00a0<a style=\"font-size: 14px;\" href=\"http:\/\/concursos2.fadesp.org.br\/proselufpa2022\/arquivos\/Resultado Preliminar da Prova Objetiva.pdf\">(Clique Aqui)<\/a><\/span><\/p><p>Resultado Preliminar da Prova de Reda\u00e7\u00e3o, de 06\/06\/2022<span style=\"font-size: 14px; font-style: normal; font-variant-ligatures: normal; font-variant-caps: normal; font-weight: bolder;\">\u00a0<a style=\"font-size: 14px;\" href=\"http:\/\/concursos2.fadesp.org.br\/proselufpa2022\/arquivos\/Resultado Preliminar da Prova de Reda\u00e7\u00e3o.pdf\">(Clique Aqui)<\/a><\/span><\/p><p>Gabarito Oficial Definitivo<span style=\"font-size: 14px; font-style: normal; font-variant-ligatures: normal; font-variant-caps: normal; font-weight: bolder;\">\u00a0<a style=\"font-size: 14px;\" href=\"http:\/\/concursos2.fadesp.org.br\/proselufpa2022\/arquivos\/GABARITO OFICIAL DEFINITIVO_PROSEL UFPA 2022.pdf\">(Clique Aqui)<\/a><\/span><\/p><p>Gabarito Oficial Preliminar, de 16\/05\/2022<span style=\"font-size: 14px; font-style: normal; font-variant-ligatures: normal; font-variant-caps: normal; font-weight: bolder;\"> <a style=\"font-size: 14px;\" href=\"http:\/\/concursos2.fadesp.org.br\/proselufpa2022\/arquivos\/GABARITO OFICIAL PRELIMINAR_PROSEL UFPA 2022.pdf\">(Clique Aqui)<\/a><\/span><\/p><p>Prova Prosel, de 16\/05\/2022<span style=\"font-size: 14px; font-style: normal; font-variant-ligatures: normal; font-variant-caps: normal; font-weight: bolder;\"> <a style=\"font-size: 14px;\" href=\"http:\/\/concursos2.fadesp.org.br\/proselufpa2022\/arquivos\/PROVA PROSEL UFPA 2022.pdf\">(Clique Aqui)<\/a><\/span><\/p><p>Resultado Definitivo de PcD Concorrentes <span style=\"font-size: 14px; font-style: normal; font-variant-ligatures: normal; font-variant-caps: normal; font-weight: bolder;\"><a style=\"font-size: 14px;\" href=\"http:\/\/concursos2.fadesp.org.br\/proselufpa2022\/arquivos\/Resultado Definitivo de PcD Concorrentes.pdf\">(Clique Aqui)<\/a><\/span><\/p><p>Resultado Definitivo de Atendimentos Especiais <span style=\"font-size: 14px; font-style: normal; font-variant-ligatures: normal; font-variant-caps: normal; font-weight: bolder;\"><a style=\"font-size: 14px;\" href=\"http:\/\/concursos2.fadesp.org.br\/proselufpa2022\/arquivos\/Resultado Definitivo de Atendimentos Especiais Deferidos.pdf\">(Clique Aqui)<\/a><\/span><\/p><p>Resultado Definitivo das Inscri\u00e7\u00f5es <span style=\"font-size: 14px; font-style: normal; font-variant-ligatures: normal; font-variant-caps: normal; font-weight: bolder;\"><a style=\"font-size: 14px;\" href=\"http:\/\/concursos2.fadesp.org.br\/proselufpa2022\/arquivos\/Resultado Definitivo das Inscri\u00e7\u00f5es Deferidas.pdf\">(Clique Aqui)<\/a><\/span><\/p><p>Resultado Preliminar das Inscri\u00e7\u00f5es &#8211; Retificado <span style=\"font-size: 14px; font-style: normal; font-variant-ligatures: normal; font-variant-caps: normal; font-weight: bolder;\"><a style=\"font-size: 14px;\" href=\"http:\/\/concursos2.fadesp.org.br\/proselufpa2022\/arquivos\/Resultado Preliminar das Inscri\u00e7\u00f5es Deferidas - Retificado.pdf\">(Clique Aqui)<\/a><\/span><\/p><p>Resultado Preliminar de PcD Concorrentes <span style=\"font-size: 14px; font-style: normal; font-variant-ligatures: normal; font-variant-caps: normal; font-weight: bolder;\"><a style=\"font-size: 14px;\" href=\"http:\/\/concursos2.fadesp.org.br\/proselufpa2022\/arquivos\/Resultado Preliminar de PcD Concorrentes.pdf\">(Clique Aqui)<\/a><\/span><\/p><p>Resultado Preliminar de Atendimentos Especiais <span style=\"font-size: 14px; font-style: normal; font-variant-ligatures: normal; font-variant-caps: normal; font-weight: bolder;\"><a style=\"font-size: 14px;\" href=\"http:\/\/concursos2.fadesp.org.br\/proselufpa2022\/arquivos\/Resultado Preliminar de Atendimentos Especiais.pdf\">(Clique Aqui)<\/a><\/span><\/p><p>Resultado Preliminar das Inscri\u00e7\u00f5es <span style=\"font-size: 14px; font-style: normal; font-variant-ligatures: normal; font-variant-caps: normal; font-weight: bolder;\"><a style=\"font-size: 14px;\" href=\"http:\/\/concursos2.fadesp.org.br\/proselufpa2022\/arquivos\/Resultado Preliminar de Inscri\u00e7\u00f5es Homologadas.pdf\">(Clique Aqui)<\/a><\/span><\/p><p>Resultado Definitivo de Isen\u00e7\u00e3o &#8211; Por ser PcD &#8211; Ampla Concorr\u00eancia, <span style=\"font-size: 14px; font-style: normal; font-variant-ligatures: normal; font-variant-caps: normal; font-weight: 400;\">de 25\/04\/2022 <\/span><span style=\"font-size: 14px; font-style: normal; font-variant-ligatures: normal; font-variant-caps: normal; font-weight: bolder;\"><a style=\"font-size: 14px;\" href=\"http:\/\/concursos2.fadesp.org.br\/proselufpa2022\/arquivos\/Resultado Definitivo de Isen\u00e7\u00e3o - Por ser PcD - Ampla Concorr\u00eancia.pdf\">(Clique Aqui)<\/a><\/span><\/p><p>Resultado Definitivo de Isen\u00e7\u00e3o &#8211; Por Ser Cotista, de 25\/04\/2022 <strong><a href=\"http:\/\/concursos2.fadesp.org.br\/proselufpa2022\/arquivos\/Resultado Definitivo de Isen\u00e7\u00e3o - Por ser Cotista.pdf\">(Clique Aqui)<\/a><\/strong><\/p><p>Resultado Definitivo de Isen\u00e7\u00e3o &#8211; Hipossufici\u00eancia Financeira, de 25\/04\/2022 <strong><a href=\"http:\/\/concursos2.fadesp.org.br\/proselufpa2022\/arquivos\/Resultado Definitivo de Isen\u00e7\u00e3o - Hipossufici\u00eancia Financeira.pdf\">(Clique Aqui)<\/a><\/strong><\/p><p>Resultado Preliminar de Isen\u00e7\u00e3o &#8211; Por ser PcD &#8211; Ampla Concorr\u00eancia,\u00a0<span style=\"font-size: 14px; font-style: normal; font-variant-ligatures: normal; font-variant-caps: normal; font-weight: 400;\">de 20\/04\/2022\u00a0<\/span><span style=\"font-size: 14px; font-style: normal; font-variant-ligatures: normal; font-variant-caps: normal; font-weight: bolder;\"><a style=\"font-size: 14px;\" href=\"http:\/\/concursos2.fadesp.org.br\/proselufpa2022\/arquivos\/Resultado Preliminar de Isen\u00e7\u00e3o - Por ser PcD - Ampla Concorr\u00eancia.pdf\">(Clique Aqui)<\/a><\/span><\/p><p>Resultado Preliminar de Isen\u00e7\u00e3o &#8211; Por Ser Cotista, de 20\/04\/2022 <strong><a href=\"http:\/\/concursos2.fadesp.org.br\/proselufpa2022\/arquivos\/Resultado Preliminar de Isen\u00e7\u00e3o - Por ser Cotista.pdf\">(Clique Aqui)<\/a><\/strong><\/p><p>Resultado Preliminar de Isen\u00e7\u00e3o &#8211; Hipossufici\u00eancia Financeira, de 20\/04\/2022 <strong><a href=\"http:\/\/concursos2.fadesp.org.br\/proselufpa2022\/arquivos\/Resultado Preliminar de Isen\u00e7\u00e3o - Hipossufici\u00eancia Financeira.pdf\">(Clique Aqui)<\/a><\/strong><\/p><p>Edital n\u00ba 01\/2022 Republicado, de 05\/04\/2022 <strong><a href=\"http:\/\/concursos2.fadesp.org.br\/proselufpa2022\/arquivos\/Edital_n_01_2022_Republicado.pdf\">(Clique Aqui)<\/a><\/strong><\/p><p>Retifica\u00e7\u00e3o do Edital n\u00ba 01\/2022, de 04\/04\/2022 <strong><a href=\"http:\/\/concursos2.fadesp.org.br\/proselufpa2022\/arquivos\/Edital_de_Abertura_Retificado.pdf\">(Clique Aqui)<\/a><\/strong><\/p><p>Edital n\u00ba 01\/2022, de 04\/04\/2022 <strong><a href=\"http:\/\/concursos2.fadesp.org.br\/proselufpa2022\/arquivos\/Edital_n_1_UFPA.pdf\">(Clique Aqui)<\/a><\/strong><\/p>\t\t\t\t\t\t\t\t<\/div>\n\t\t\t\t<\/div>\n\t\t\t\t\t<\/div>\n\t\t<\/div>\n\t\t\t\t\t<\/div>\n\t\t<\/section>\n\t\t\t\t\t<\/div>\n\t\t<\/div>\n\t\t\t\t\t<\/div>\n\t\t<\/section>\n\t\t\t\t<\/div>\n\t\t","protected":false},"excerpt":{"rendered":"<p>Processo Seletivo Especial UFPA 2022 (PROSEL ESP UFPA) A Universidade Federal do Par\u00e1, por meio de sua Comiss\u00e3o Permanente de Processos Seletivos torna p\u00fablica a abertura de inscri\u00e7\u00f5es e normas que regem o Processo Seletivo Especial 2022-3 (PSE Forma Par\u00e1), destinado a selecionar candidatos para o provimento de vagas nos cursos presenciais de gradua\u00e7\u00e3o, em [&hellip;]<\/p>\n","protected":false},"author":12,"featured_media":0,"parent":329,"menu_order":0,"comment_status":"closed","ping_status":"closed","template":"","meta":{"_monsterinsights_skip_tracking":false,"_monsterinsights_sitenote_active":false,"_monsterinsights_sitenote_note":"","_monsterinsights_sitenote_category":0,"footnotes":""},"class_list":["post-26200","page","type-page","status-publish","hentry","entry"],"yoast_head":"<!-- This site is optimized with the Yoast SEO plugin v25.1 - https:\/\/yoast.com\/wordpress\/plugins\/seo\/ -->\n<title>Processo Seletivo Especial UFPA 2022 (PROSEL ESP UFPA) - FADESP<\/title>\n<meta name=\"robots\" content=\"index, follow, max-snippet:-1, max-image-preview:large, max-video-preview:-1\" \/>\n<link rel=\"canonical\" href=\"https:\/\/portalfadesp.org.br\/?page_id=26200\" \/>\n<meta property=\"og:locale\" content=\"pt_BR\" \/>\n<meta property=\"og:type\" content=\"article\" \/>\n<meta property=\"og:title\" content=\"Processo Seletivo Especial UFPA 2022 (PROSEL ESP UFPA) - FADESP\" \/>\n<meta property=\"og:description\" content=\"Processo Seletivo Especial UFPA 2022 (PROSEL ESP UFPA) A Universidade Federal do Par\u00e1, por meio de sua Comiss\u00e3o Permanente de Processos Seletivos torna p\u00fablica a abertura de inscri\u00e7\u00f5es e normas que regem o Processo Seletivo Especial 2022-3 (PSE Forma Par\u00e1), destinado a selecionar candidatos para o provimento de vagas nos cursos presenciais de gradua\u00e7\u00e3o, em [&hellip;]\" \/>\n<meta property=\"og:url\" content=\"https:\/\/portalfadesp.org.br\/?page_id=26200\" \/>\n<meta property=\"og:site_name\" content=\"FADESP\" \/>\n<meta property=\"article:publisher\" content=\"https:\/\/www.facebook.com\/Fadesp-138351949524662\/\" \/>\n<meta property=\"article:modified_time\" content=\"2022-12-21T15:35:37+00:00\" \/>\n<meta name=\"twitter:card\" content=\"summary_large_image\" \/>\n<meta name=\"twitter:site\" content=\"@Fadesp\" \/>\n<meta name=\"twitter:label1\" content=\"Est. tempo de leitura\" \/>\n\t<meta name=\"twitter:data1\" content=\"3 minutos\" \/>\n<script type=\"application\/ld+json\" class=\"yoast-schema-graph\">{\"@context\":\"https:\/\/schema.org\",\"@graph\":[{\"@type\":\"WebPage\",\"@id\":\"https:\/\/portalfadesp.org.br\/?page_id=26200\",\"url\":\"https:\/\/portalfadesp.org.br\/?page_id=26200\",\"name\":\"Processo Seletivo Especial UFPA 2022 (PROSEL ESP UFPA) - FADESP\",\"isPartOf\":{\"@id\":\"https:\/\/portalfadesp.org.br\/#website\"},\"datePublished\":\"2022-03-17T15:19:24+00:00\",\"dateModified\":\"2022-12-21T15:35:37+00:00\",\"breadcrumb\":{\"@id\":\"https:\/\/portalfadesp.org.br\/?page_id=26200#breadcrumb\"},\"inLanguage\":\"pt-BR\",\"potentialAction\":[{\"@type\":\"ReadAction\",\"target\":[\"https:\/\/portalfadesp.org.br\/?page_id=26200\"]}]},{\"@type\":\"BreadcrumbList\",\"@id\":\"https:\/\/portalfadesp.org.br\/?page_id=26200#breadcrumb\",\"itemListElement\":[{\"@type\":\"ListItem\",\"position\":1,\"name\":\"In\u00edcio\",\"item\":\"https:\/\/portalfadesp.org.br\/\"},{\"@type\":\"ListItem\",\"position\":2,\"name\":\"Concursos &#8211; Homologados\",\"item\":\"https:\/\/portalfadesp.org.br\/?page_id=329\"},{\"@type\":\"ListItem\",\"position\":3,\"name\":\"Processo Seletivo Especial UFPA 2022 (PROSEL ESP UFPA)\"}]},{\"@type\":\"WebSite\",\"@id\":\"https:\/\/portalfadesp.org.br\/#website\",\"url\":\"https:\/\/portalfadesp.org.br\/\",\"name\":\"FADESP\",\"description\":\"Funda\u00e7\u00e3o de Amparo e Desenvolvimento da Pesquisa\",\"publisher\":{\"@id\":\"https:\/\/portalfadesp.org.br\/#organization\"},\"potentialAction\":[{\"@type\":\"SearchAction\",\"target\":{\"@type\":\"EntryPoint\",\"urlTemplate\":\"https:\/\/portalfadesp.org.br\/?s={search_term_string}\"},\"query-input\":{\"@type\":\"PropertyValueSpecification\",\"valueRequired\":true,\"valueName\":\"search_term_string\"}}],\"inLanguage\":\"pt-BR\"},{\"@type\":\"Organization\",\"@id\":\"https:\/\/portalfadesp.org.br\/#organization\",\"name\":\"FADESP\",\"url\":\"https:\/\/portalfadesp.org.br\/\",\"logo\":{\"@type\":\"ImageObject\",\"inLanguage\":\"pt-BR\",\"@id\":\"https:\/\/portalfadesp.org.br\/#\/schema\/logo\/image\/\",\"url\":\"https:\/\/portalfadesp.org.br\/wp-content\/uploads\/2024\/01\/NOVOLOGOFADESPlaranjaH.png\",\"contentUrl\":\"https:\/\/portalfadesp.org.br\/wp-content\/uploads\/2024\/01\/NOVOLOGOFADESPlaranjaH.png\",\"width\":2742,\"height\":839,\"caption\":\"FADESP\"},\"image\":{\"@id\":\"https:\/\/portalfadesp.org.br\/#\/schema\/logo\/image\/\"},\"sameAs\":[\"https:\/\/www.facebook.com\/Fadesp-138351949524662\/\",\"https:\/\/x.com\/Fadesp\",\"https:\/\/www.instagram.com\/fadesp_ufpa\/\",\"https:\/\/www.youtube.com\/@fundacaodeamparoedesenvolv1903\",\"https:\/\/www.threads.net\/@fadesp_ufpa\"]}]}<\/script>\n<!-- \/ Yoast SEO plugin. -->","yoast_head_json":{"title":"Processo Seletivo Especial UFPA 2022 (PROSEL ESP UFPA) - FADESP","robots":{"index":"index","follow":"follow","max-snippet":"max-snippet:-1","max-image-preview":"max-image-preview:large","max-video-preview":"max-video-preview:-1"},"canonical":"https:\/\/portalfadesp.org.br\/?page_id=26200","og_locale":"pt_BR","og_type":"article","og_title":"Processo Seletivo Especial UFPA 2022 (PROSEL ESP UFPA) - FADESP","og_description":"Processo Seletivo Especial UFPA 2022 (PROSEL ESP UFPA) A Universidade Federal do Par\u00e1, por meio de sua Comiss\u00e3o Permanente de Processos Seletivos torna p\u00fablica a abertura de inscri\u00e7\u00f5es e normas que regem o Processo Seletivo Especial 2022-3 (PSE Forma Par\u00e1), destinado a selecionar candidatos para o provimento de vagas nos cursos presenciais de gradua\u00e7\u00e3o, em [&hellip;]","og_url":"https:\/\/portalfadesp.org.br\/?page_id=26200","og_site_name":"FADESP","article_publisher":"https:\/\/www.facebook.com\/Fadesp-138351949524662\/","article_modified_time":"2022-12-21T15:35:37+00:00","twitter_card":"summary_large_image","twitter_site":"@Fadesp","twitter_misc":{"Est. tempo de leitura":"3 minutos"},"schema":{"@context":"https:\/\/schema.org","@graph":[{"@type":"WebPage","@id":"https:\/\/portalfadesp.org.br\/?page_id=26200","url":"https:\/\/portalfadesp.org.br\/?page_id=26200","name":"Processo Seletivo Especial UFPA 2022 (PROSEL ESP UFPA) - FADESP","isPartOf":{"@id":"https:\/\/portalfadesp.org.br\/#website"},"datePublished":"2022-03-17T15:19:24+00:00","dateModified":"2022-12-21T15:35:37+00:00","breadcrumb":{"@id":"https:\/\/portalfadesp.org.br\/?page_id=26200#breadcrumb"},"inLanguage":"pt-BR","potentialAction":[{"@type":"ReadAction","target":["https:\/\/portalfadesp.org.br\/?page_id=26200"]}]},{"@type":"BreadcrumbList","@id":"https:\/\/portalfadesp.org.br\/?page_id=26200#breadcrumb","itemListElement":[{"@type":"ListItem","position":1,"name":"In\u00edcio","item":"https:\/\/portalfadesp.org.br\/"},{"@type":"ListItem","position":2,"name":"Concursos &#8211; Homologados","item":"https:\/\/portalfadesp.org.br\/?page_id=329"},{"@type":"ListItem","position":3,"name":"Processo Seletivo Especial UFPA 2022 (PROSEL ESP UFPA)"}]},{"@type":"WebSite","@id":"https:\/\/portalfadesp.org.br\/#website","url":"https:\/\/portalfadesp.org.br\/","name":"FADESP","description":"Funda\u00e7\u00e3o de Amparo e Desenvolvimento da Pesquisa","publisher":{"@id":"https:\/\/portalfadesp.org.br\/#organization"},"potentialAction":[{"@type":"SearchAction","target":{"@type":"EntryPoint","urlTemplate":"https:\/\/portalfadesp.org.br\/?s={search_term_string}"},"query-input":{"@type":"PropertyValueSpecification","valueRequired":true,"valueName":"search_term_string"}}],"inLanguage":"pt-BR"},{"@type":"Organization","@id":"https:\/\/portalfadesp.org.br\/#organization","name":"FADESP","url":"https:\/\/portalfadesp.org.br\/","logo":{"@type":"ImageObject","inLanguage":"pt-BR","@id":"https:\/\/portalfadesp.org.br\/#\/schema\/logo\/image\/","url":"https:\/\/portalfadesp.org.br\/wp-content\/uploads\/2024\/01\/NOVOLOGOFADESPlaranjaH.png","contentUrl":"https:\/\/portalfadesp.org.br\/wp-content\/uploads\/2024\/01\/NOVOLOGOFADESPlaranjaH.png","width":2742,"height":839,"caption":"FADESP"},"image":{"@id":"https:\/\/portalfadesp.org.br\/#\/schema\/logo\/image\/"},"sameAs":["https:\/\/www.facebook.com\/Fadesp-138351949524662\/","https:\/\/x.com\/Fadesp","https:\/\/www.instagram.com\/fadesp_ufpa\/","https:\/\/www.youtube.com\/@fundacaodeamparoedesenvolv1903","https:\/\/www.threads.net\/@fadesp_ufpa"]}]}},"_links":{"self":[{"href":"https:\/\/portalfadesp.org.br\/index.php?rest_route=\/wp\/v2\/pages\/26200","targetHints":{"allow":["GET"]}}],"collection":[{"href":"https:\/\/portalfadesp.org.br\/index.php?rest_route=\/wp\/v2\/pages"}],"about":[{"href":"https:\/\/portalfadesp.org.br\/index.php?rest_route=\/wp\/v2\/types\/page"}],"author":[{"embeddable":true,"href":"https:\/\/portalfadesp.org.br\/index.php?rest_route=\/wp\/v2\/users\/12"}],"replies":[{"embeddable":true,"href":"https:\/\/portalfadesp.org.br\/index.php?rest_route=%2Fwp%2Fv2%2Fcomments&post=26200"}],"version-history":[{"count":114,"href":"https:\/\/portalfadesp.org.br\/index.php?rest_route=\/wp\/v2\/pages\/26200\/revisions"}],"predecessor-version":[{"id":38326,"href":"https:\/\/portalfadesp.org.br\/index.php?rest_route=\/wp\/v2\/pages\/26200\/revisions\/38326"}],"up":[{"embeddable":true,"href":"https:\/\/portalfadesp.org.br\/index.php?rest_route=\/wp\/v2\/pages\/329"}],"wp:attachment":[{"href":"https:\/\/portalfadesp.org.br\/index.php?rest_route=%2Fwp%2Fv2%2Fmedia&parent=26200"}],"curies":[{"name":"wp","href":"https:\/\/api.w.org\/{rel}","templated":true}]}}