{"id":25962,"date":"2022-03-17T12:19:24","date_gmt":"2022-03-17T15:19:24","guid":{"rendered":"https:\/\/162.215.13.167?page_id=25962"},"modified":"2022-12-21T12:36:56","modified_gmt":"2022-12-21T15:36:56","slug":"pagina-modelo-7-3","status":"publish","type":"page","link":"https:\/\/portalfadesp.org.br\/?page_id=25962","title":{"rendered":"Curso T\u00e9cnico em Sa\u00fade Bucal em Mocajuba &#8211; 2022 (UFPA\/SECTET)"},"content":{"rendered":"\t\t<div data-elementor-type=\"wp-page\" data-elementor-id=\"25962\" class=\"elementor elementor-25962\" data-elementor-post-type=\"page\">\n\t\t\t\t\t\t<section class=\"elementor-section elementor-top-section elementor-element elementor-element-0008ba3 elementor-section-boxed elementor-section-height-default elementor-section-height-default\" data-id=\"0008ba3\" data-element_type=\"section\">\n\t\t\t\t\t\t<div class=\"elementor-container elementor-column-gap-default\">\n\t\t\t\t\t<div class=\"elementor-column elementor-col-100 elementor-top-column elementor-element elementor-element-d25367f\" data-id=\"d25367f\" data-element_type=\"column\">\n\t\t\t<div class=\"elementor-widget-wrap elementor-element-populated\">\n\t\t\t\t\t\t<div class=\"elementor-element elementor-element-f423579 elementor-widget elementor-widget-heading\" data-id=\"f423579\" data-element_type=\"widget\" data-widget_type=\"heading.default\">\n\t\t\t\t<div class=\"elementor-widget-container\">\n\t\t\t\t\t<h2 class=\"elementor-heading-title elementor-size-default\">Curso T\u00e9cnico em Sa\u00fade Bucal em Mocajuba - 2022 (UFPA\/SECTET)<\/h2>\t\t\t\t<\/div>\n\t\t\t\t<\/div>\n\t\t\t\t<section class=\"elementor-section elementor-inner-section elementor-element elementor-element-2a57068 elementor-section-boxed elementor-section-height-default elementor-section-height-default\" data-id=\"2a57068\" data-element_type=\"section\">\n\t\t\t\t\t\t<div class=\"elementor-container elementor-column-gap-default\">\n\t\t\t\t\t<div class=\"elementor-column elementor-col-50 elementor-inner-column elementor-element elementor-element-5d504b0\" data-id=\"5d504b0\" data-element_type=\"column\">\n\t\t\t<div class=\"elementor-widget-wrap elementor-element-populated\">\n\t\t\t\t\t\t<div class=\"elementor-element elementor-element-78c2191 elementor-widget elementor-widget-text-editor\" data-id=\"78c2191\" data-element_type=\"widget\" data-widget_type=\"text-editor.default\">\n\t\t\t\t<div class=\"elementor-widget-container\">\n\t\t\t\t\t\t\t\t\t<p>A Secretaria de Ci\u00eancia, Tecnologia e Educa\u00e7\u00e3o T\u00e9cnica e Tecnol\u00f3gica (SECTET), no uso de suas atribui\u00e7\u00f5es legais, torna p\u00fablica a abertura das inscri\u00e7\u00f5es para o Curso T\u00e9cnico em Sa\u00fade Bucal, de car\u00e1ter te\u00f3rico-pr\u00e1tico, com o objetivo de proporcionar Educa\u00e7\u00e3o Profissional em Sa\u00fade Bucal, no n\u00edvel Habilita\u00e7\u00e3o Profissional de T\u00e9cnico de Sa\u00fade Bucal.\u00a0<\/p><p>\u00a0<\/p><p><b>Vagas: <\/b>40 (quarenta)<\/p><p>\u00a0<\/p><p><strong>Inscri\u00e7\u00f5es: <\/strong>28 a 30 de mar\u00e7o de 2022.<\/p><p>\u00a0<\/p><p><b>Exig\u00eancias<\/b><strong>:<\/strong><\/p><p>\u00a0<\/p><p>&#8211; Ter idade m\u00ednima de 18 anos completos no momento da<br \/>conclus\u00e3o do Curso;<\/p><p>&#8211; N\u00e3o dever\u00e3o possuir outra Certifica\u00e7\u00e3o de N\u00edvel T\u00e9cnico;<\/p><p>&#8211; Devem possuir o Ensino M\u00e9dio Completo ;<\/p><p>\u00a0<\/p><p><strong>Taxa de inscri\u00e7\u00e3o:<\/strong> gratuito.<\/p><p>\u00a0<\/p><p><strong>Para mais informa\u00e7\u00f5es:\u00a0<\/strong><\/p><p>tsbufpasectet.mocajuba@gmail.com,<\/p>\t\t\t\t\t\t\t\t<\/div>\n\t\t\t\t<\/div>\n\t\t\t\t\t<\/div>\n\t\t<\/div>\n\t\t\t\t<div class=\"elementor-column elementor-col-50 elementor-inner-column elementor-element elementor-element-992d68d\" data-id=\"992d68d\" data-element_type=\"column\">\n\t\t\t<div class=\"elementor-widget-wrap elementor-element-populated\">\n\t\t\t\t\t\t<div class=\"elementor-element elementor-element-82d96f3 elementor-widget elementor-widget-text-editor\" data-id=\"82d96f3\" data-element_type=\"widget\" data-widget_type=\"text-editor.default\">\n\t\t\t\t<div class=\"elementor-widget-container\">\n\t\t\t\t\t\t\t\t\t<p><span style=\"color: #ffffff;\"><b>Avisos<\/b><\/span><\/p>\t\t\t\t\t\t\t\t<\/div>\n\t\t\t\t<\/div>\n\t\t\t\t<div class=\"elementor-element elementor-element-56c9dc0 elementor-widget elementor-widget-text-editor\" data-id=\"56c9dc0\" data-element_type=\"widget\" data-widget_type=\"text-editor.default\">\n\t\t\t\t<div class=\"elementor-widget-container\">\n\t\t\t\t\t\t\t\t\t<p>\u00a0<\/p><p class=\"MsoNormal\">A divulga\u00e7\u00e3o do resultado dos aprovados no Curso T\u00e9cnico em Sa\u00fade Bucal de Mocajuba ocorrer\u00e1 no dia 08 de abril de 2022.<\/p>\t\t\t\t\t\t\t\t<\/div>\n\t\t\t\t<\/div>\n\t\t\t\t<div class=\"elementor-element elementor-element-edc6d71 elementor-widget elementor-widget-text-editor\" data-id=\"edc6d71\" data-element_type=\"widget\" data-widget_type=\"text-editor.default\">\n\t\t\t\t<div class=\"elementor-widget-container\">\n\t\t\t\t\t\t\t\t\t<p style=\"text-align: center;\"><strong><span style=\"color: #ffffff;\">Editais<\/span><\/strong><\/p>\t\t\t\t\t\t\t\t<\/div>\n\t\t\t\t<\/div>\n\t\t\t\t<div class=\"elementor-element elementor-element-1957ae6 editaisScroll elementor-widget elementor-widget-text-editor\" data-id=\"1957ae6\" data-element_type=\"widget\" data-widget_type=\"text-editor.default\">\n\t\t\t\t<div class=\"elementor-widget-container\">\n\t\t\t\t\t\t\t\t\t<p>Rela\u00e7\u00e3o dos aprovados do curso de forma\u00e7\u00e3o de t\u00e9cnicos de sa\u00fade bucal &#8211; Mocajuba. <b><a href=\"..\/?attachment_id=26664\">(Clique aqui)<\/a><\/b><\/p>\t\t\t\t\t\t\t\t<\/div>\n\t\t\t\t<\/div>\n\t\t\t\t\t<\/div>\n\t\t<\/div>\n\t\t\t\t\t<\/div>\n\t\t<\/section>\n\t\t\t\t\t<\/div>\n\t\t<\/div>\n\t\t\t\t\t<\/div>\n\t\t<\/section>\n\t\t\t\t<\/div>\n\t\t","protected":false},"excerpt":{"rendered":"<p>Curso T\u00e9cnico em Sa\u00fade Bucal em Mocajuba &#8211; 2022 (UFPA\/SECTET) A Secretaria de Ci\u00eancia, Tecnologia e Educa\u00e7\u00e3o T\u00e9cnica e Tecnol\u00f3gica (SECTET), no uso de suas atribui\u00e7\u00f5es legais, torna p\u00fablica a abertura das inscri\u00e7\u00f5es para o Curso T\u00e9cnico em Sa\u00fade Bucal, de car\u00e1ter te\u00f3rico-pr\u00e1tico, com o objetivo de proporcionar Educa\u00e7\u00e3o Profissional em Sa\u00fade Bucal, no n\u00edvel [&hellip;]<\/p>\n","protected":false},"author":9,"featured_media":0,"parent":0,"menu_order":0,"comment_status":"closed","ping_status":"closed","template":"","meta":{"_monsterinsights_skip_tracking":false,"_monsterinsights_sitenote_active":false,"_monsterinsights_sitenote_note":"","_monsterinsights_sitenote_category":0,"footnotes":""},"class_list":["post-25962","page","type-page","status-publish","hentry","entry"],"yoast_head":"<!-- This site is optimized with the Yoast SEO plugin v25.1 - https:\/\/yoast.com\/wordpress\/plugins\/seo\/ -->\n<title>Curso T\u00e9cnico em Sa\u00fade Bucal em Mocajuba - 2022 (UFPA\/SECTET) - FADESP<\/title>\n<meta name=\"robots\" content=\"index, follow, max-snippet:-1, max-image-preview:large, max-video-preview:-1\" \/>\n<link rel=\"canonical\" href=\"https:\/\/portalfadesp.org.br\/?page_id=25962\" \/>\n<meta property=\"og:locale\" content=\"pt_BR\" \/>\n<meta property=\"og:type\" content=\"article\" \/>\n<meta property=\"og:title\" content=\"Curso T\u00e9cnico em Sa\u00fade Bucal em Mocajuba - 2022 (UFPA\/SECTET) - FADESP\" \/>\n<meta property=\"og:description\" content=\"Curso T\u00e9cnico em Sa\u00fade Bucal em Mocajuba &#8211; 2022 (UFPA\/SECTET) A Secretaria de Ci\u00eancia, Tecnologia e Educa\u00e7\u00e3o T\u00e9cnica e Tecnol\u00f3gica (SECTET), no uso de suas atribui\u00e7\u00f5es legais, torna p\u00fablica a abertura das inscri\u00e7\u00f5es para o Curso T\u00e9cnico em Sa\u00fade Bucal, de car\u00e1ter te\u00f3rico-pr\u00e1tico, com o objetivo de proporcionar Educa\u00e7\u00e3o Profissional em Sa\u00fade Bucal, no n\u00edvel [&hellip;]\" \/>\n<meta property=\"og:url\" content=\"https:\/\/portalfadesp.org.br\/?page_id=25962\" \/>\n<meta property=\"og:site_name\" content=\"FADESP\" \/>\n<meta property=\"article:publisher\" content=\"https:\/\/www.facebook.com\/Fadesp-138351949524662\/\" \/>\n<meta property=\"article:modified_time\" content=\"2022-12-21T15:36:56+00:00\" \/>\n<meta name=\"twitter:card\" content=\"summary_large_image\" \/>\n<meta name=\"twitter:site\" content=\"@Fadesp\" \/>\n<meta name=\"twitter:label1\" content=\"Est. tempo de leitura\" \/>\n\t<meta name=\"twitter:data1\" content=\"1 minuto\" \/>\n<script type=\"application\/ld+json\" class=\"yoast-schema-graph\">{\"@context\":\"https:\/\/schema.org\",\"@graph\":[{\"@type\":\"WebPage\",\"@id\":\"https:\/\/portalfadesp.org.br\/?page_id=25962\",\"url\":\"https:\/\/portalfadesp.org.br\/?page_id=25962\",\"name\":\"Curso T\u00e9cnico em Sa\u00fade Bucal em Mocajuba - 2022 (UFPA\/SECTET) - FADESP\",\"isPartOf\":{\"@id\":\"https:\/\/portalfadesp.org.br\/#website\"},\"datePublished\":\"2022-03-17T15:19:24+00:00\",\"dateModified\":\"2022-12-21T15:36:56+00:00\",\"breadcrumb\":{\"@id\":\"https:\/\/portalfadesp.org.br\/?page_id=25962#breadcrumb\"},\"inLanguage\":\"pt-BR\",\"potentialAction\":[{\"@type\":\"ReadAction\",\"target\":[\"https:\/\/portalfadesp.org.br\/?page_id=25962\"]}]},{\"@type\":\"BreadcrumbList\",\"@id\":\"https:\/\/portalfadesp.org.br\/?page_id=25962#breadcrumb\",\"itemListElement\":[{\"@type\":\"ListItem\",\"position\":1,\"name\":\"In\u00edcio\",\"item\":\"https:\/\/portalfadesp.org.br\/\"},{\"@type\":\"ListItem\",\"position\":2,\"name\":\"Curso T\u00e9cnico em Sa\u00fade Bucal em Mocajuba &#8211; 2022 (UFPA\/SECTET)\"}]},{\"@type\":\"WebSite\",\"@id\":\"https:\/\/portalfadesp.org.br\/#website\",\"url\":\"https:\/\/portalfadesp.org.br\/\",\"name\":\"FADESP\",\"description\":\"Funda\u00e7\u00e3o de Amparo e Desenvolvimento da Pesquisa\",\"publisher\":{\"@id\":\"https:\/\/portalfadesp.org.br\/#organization\"},\"potentialAction\":[{\"@type\":\"SearchAction\",\"target\":{\"@type\":\"EntryPoint\",\"urlTemplate\":\"https:\/\/portalfadesp.org.br\/?s={search_term_string}\"},\"query-input\":{\"@type\":\"PropertyValueSpecification\",\"valueRequired\":true,\"valueName\":\"search_term_string\"}}],\"inLanguage\":\"pt-BR\"},{\"@type\":\"Organization\",\"@id\":\"https:\/\/portalfadesp.org.br\/#organization\",\"name\":\"FADESP\",\"url\":\"https:\/\/portalfadesp.org.br\/\",\"logo\":{\"@type\":\"ImageObject\",\"inLanguage\":\"pt-BR\",\"@id\":\"https:\/\/portalfadesp.org.br\/#\/schema\/logo\/image\/\",\"url\":\"https:\/\/portalfadesp.org.br\/wp-content\/uploads\/2024\/01\/NOVOLOGOFADESPlaranjaH.png\",\"contentUrl\":\"https:\/\/portalfadesp.org.br\/wp-content\/uploads\/2024\/01\/NOVOLOGOFADESPlaranjaH.png\",\"width\":2742,\"height\":839,\"caption\":\"FADESP\"},\"image\":{\"@id\":\"https:\/\/portalfadesp.org.br\/#\/schema\/logo\/image\/\"},\"sameAs\":[\"https:\/\/www.facebook.com\/Fadesp-138351949524662\/\",\"https:\/\/x.com\/Fadesp\",\"https:\/\/www.instagram.com\/fadesp_ufpa\/\",\"https:\/\/www.youtube.com\/@fundacaodeamparoedesenvolv1903\",\"https:\/\/www.threads.net\/@fadesp_ufpa\"]}]}<\/script>\n<!-- \/ Yoast SEO plugin. -->","yoast_head_json":{"title":"Curso T\u00e9cnico em Sa\u00fade Bucal em Mocajuba - 2022 (UFPA\/SECTET) - FADESP","robots":{"index":"index","follow":"follow","max-snippet":"max-snippet:-1","max-image-preview":"max-image-preview:large","max-video-preview":"max-video-preview:-1"},"canonical":"https:\/\/portalfadesp.org.br\/?page_id=25962","og_locale":"pt_BR","og_type":"article","og_title":"Curso T\u00e9cnico em Sa\u00fade Bucal em Mocajuba - 2022 (UFPA\/SECTET) - FADESP","og_description":"Curso T\u00e9cnico em Sa\u00fade Bucal em Mocajuba &#8211; 2022 (UFPA\/SECTET) A Secretaria de Ci\u00eancia, Tecnologia e Educa\u00e7\u00e3o T\u00e9cnica e Tecnol\u00f3gica (SECTET), no uso de suas atribui\u00e7\u00f5es legais, torna p\u00fablica a abertura das inscri\u00e7\u00f5es para o Curso T\u00e9cnico em Sa\u00fade Bucal, de car\u00e1ter te\u00f3rico-pr\u00e1tico, com o objetivo de proporcionar Educa\u00e7\u00e3o Profissional em Sa\u00fade Bucal, no n\u00edvel [&hellip;]","og_url":"https:\/\/portalfadesp.org.br\/?page_id=25962","og_site_name":"FADESP","article_publisher":"https:\/\/www.facebook.com\/Fadesp-138351949524662\/","article_modified_time":"2022-12-21T15:36:56+00:00","twitter_card":"summary_large_image","twitter_site":"@Fadesp","twitter_misc":{"Est. tempo de leitura":"1 minuto"},"schema":{"@context":"https:\/\/schema.org","@graph":[{"@type":"WebPage","@id":"https:\/\/portalfadesp.org.br\/?page_id=25962","url":"https:\/\/portalfadesp.org.br\/?page_id=25962","name":"Curso T\u00e9cnico em Sa\u00fade Bucal em Mocajuba - 2022 (UFPA\/SECTET) - FADESP","isPartOf":{"@id":"https:\/\/portalfadesp.org.br\/#website"},"datePublished":"2022-03-17T15:19:24+00:00","dateModified":"2022-12-21T15:36:56+00:00","breadcrumb":{"@id":"https:\/\/portalfadesp.org.br\/?page_id=25962#breadcrumb"},"inLanguage":"pt-BR","potentialAction":[{"@type":"ReadAction","target":["https:\/\/portalfadesp.org.br\/?page_id=25962"]}]},{"@type":"BreadcrumbList","@id":"https:\/\/portalfadesp.org.br\/?page_id=25962#breadcrumb","itemListElement":[{"@type":"ListItem","position":1,"name":"In\u00edcio","item":"https:\/\/portalfadesp.org.br\/"},{"@type":"ListItem","position":2,"name":"Curso T\u00e9cnico em Sa\u00fade Bucal em Mocajuba &#8211; 2022 (UFPA\/SECTET)"}]},{"@type":"WebSite","@id":"https:\/\/portalfadesp.org.br\/#website","url":"https:\/\/portalfadesp.org.br\/","name":"FADESP","description":"Funda\u00e7\u00e3o de Amparo e Desenvolvimento da Pesquisa","publisher":{"@id":"https:\/\/portalfadesp.org.br\/#organization"},"potentialAction":[{"@type":"SearchAction","target":{"@type":"EntryPoint","urlTemplate":"https:\/\/portalfadesp.org.br\/?s={search_term_string}"},"query-input":{"@type":"PropertyValueSpecification","valueRequired":true,"valueName":"search_term_string"}}],"inLanguage":"pt-BR"},{"@type":"Organization","@id":"https:\/\/portalfadesp.org.br\/#organization","name":"FADESP","url":"https:\/\/portalfadesp.org.br\/","logo":{"@type":"ImageObject","inLanguage":"pt-BR","@id":"https:\/\/portalfadesp.org.br\/#\/schema\/logo\/image\/","url":"https:\/\/portalfadesp.org.br\/wp-content\/uploads\/2024\/01\/NOVOLOGOFADESPlaranjaH.png","contentUrl":"https:\/\/portalfadesp.org.br\/wp-content\/uploads\/2024\/01\/NOVOLOGOFADESPlaranjaH.png","width":2742,"height":839,"caption":"FADESP"},"image":{"@id":"https:\/\/portalfadesp.org.br\/#\/schema\/logo\/image\/"},"sameAs":["https:\/\/www.facebook.com\/Fadesp-138351949524662\/","https:\/\/x.com\/Fadesp","https:\/\/www.instagram.com\/fadesp_ufpa\/","https:\/\/www.youtube.com\/@fundacaodeamparoedesenvolv1903","https:\/\/www.threads.net\/@fadesp_ufpa"]}]}},"_links":{"self":[{"href":"https:\/\/portalfadesp.org.br\/index.php?rest_route=\/wp\/v2\/pages\/25962","targetHints":{"allow":["GET"]}}],"collection":[{"href":"https:\/\/portalfadesp.org.br\/index.php?rest_route=\/wp\/v2\/pages"}],"about":[{"href":"https:\/\/portalfadesp.org.br\/index.php?rest_route=\/wp\/v2\/types\/page"}],"author":[{"embeddable":true,"href":"https:\/\/portalfadesp.org.br\/index.php?rest_route=\/wp\/v2\/users\/9"}],"replies":[{"embeddable":true,"href":"https:\/\/portalfadesp.org.br\/index.php?rest_route=%2Fwp%2Fv2%2Fcomments&post=25962"}],"version-history":[{"count":59,"href":"https:\/\/portalfadesp.org.br\/index.php?rest_route=\/wp\/v2\/pages\/25962\/revisions"}],"predecessor-version":[{"id":38329,"href":"https:\/\/portalfadesp.org.br\/index.php?rest_route=\/wp\/v2\/pages\/25962\/revisions\/38329"}],"wp:attachment":[{"href":"https:\/\/portalfadesp.org.br\/index.php?rest_route=%2Fwp%2Fv2%2Fmedia&parent=25962"}],"curies":[{"name":"wp","href":"https:\/\/api.w.org\/{rel}","templated":true}]}}