{"id":2565,"date":"2019-06-29T18:12:03","date_gmt":"2019-06-29T21:12:03","guid":{"rendered":"https:\/\/162.215.13.167?page_id=2565"},"modified":"2022-12-21T15:21:53","modified_gmt":"2022-12-21T18:21:53","slug":"elementor-2565","status":"publish","type":"page","link":"https:\/\/portalfadesp.org.br\/?page_id=2565","title":{"rendered":"Curso de Capacita\u00e7\u00e3o em ATER do Programa Rota do Cacau no P\u00f3lo Transamaz\u00f4nica &#8211; T\u00c9CNICOS"},"content":{"rendered":"\t\t<div data-elementor-type=\"wp-post\" data-elementor-id=\"2565\" class=\"elementor elementor-2565\" data-elementor-post-type=\"page\">\n\t\t\t\t\t\t<section class=\"elementor-section elementor-top-section elementor-element elementor-element-5f5675a8 elementor-section-boxed elementor-section-height-default elementor-section-height-default\" data-id=\"5f5675a8\" data-element_type=\"section\">\n\t\t\t\t\t\t<div class=\"elementor-container elementor-column-gap-default\">\n\t\t\t\t\t<div class=\"elementor-column elementor-col-100 elementor-top-column elementor-element elementor-element-30cf931c\" data-id=\"30cf931c\" data-element_type=\"column\">\n\t\t\t<div class=\"elementor-widget-wrap elementor-element-populated\">\n\t\t\t\t\t\t<div class=\"elementor-element elementor-element-5fab3045 elementor-widget elementor-widget-heading\" data-id=\"5fab3045\" data-element_type=\"widget\" data-widget_type=\"heading.default\">\n\t\t\t\t<div class=\"elementor-widget-container\">\n\t\t\t\t\t<h1 class=\"elementor-heading-title elementor-size-default\">Curso de Capacita\u00e7\u00e3o em ATER do Programa Rota do Cacau no P\u00f3lo Transamaz\u00f4nica - T\u00c9CNICOS\n<\/h1>\t\t\t\t<\/div>\n\t\t\t\t<\/div>\n\t\t\t\t<section class=\"elementor-section elementor-inner-section elementor-element elementor-element-5b57fc3 elementor-section-boxed elementor-section-height-default elementor-section-height-default\" data-id=\"5b57fc3\" data-element_type=\"section\">\n\t\t\t\t\t\t<div class=\"elementor-container elementor-column-gap-default\">\n\t\t\t\t\t<div class=\"elementor-column elementor-col-50 elementor-inner-column elementor-element elementor-element-6714b52d\" data-id=\"6714b52d\" data-element_type=\"column\">\n\t\t\t<div class=\"elementor-widget-wrap elementor-element-populated\">\n\t\t\t\t\t\t<div class=\"elementor-element elementor-element-df628e5 elementor-widget elementor-widget-text-editor\" data-id=\"df628e5\" data-element_type=\"widget\" data-widget_type=\"text-editor.default\">\n\t\t\t\t<div class=\"elementor-widget-container\">\n\t\t\t\t\t\t\t\t\t<p>A Ag\u00eancia de Inova\u00e7\u00e3o Tecnol\u00f3gica da UFPA (Universitec) torna p\u00fablico o processo seletivo de t\u00e9cnicos de institui\u00e7\u00f5es governamentais e n\u00e3o governamentais para a participa\u00e7\u00e3o nos cursos de forma\u00e7\u00e3o, capacita\u00e7\u00e3o e qualifica\u00e7\u00e3o em tecnologias de manejo integrado da lavoura cacaueira em Sistemas Agroflorestais, em metodologia participativa de assist\u00eancia t\u00e9cnica e extens\u00e3o rural (ATER) e em sistema de produ\u00e7\u00e3o da cultura do cacau no P\u00f3lo Transamaz\u00f4nica &#8211; Rota do Cacau.<\/p><p><strong>Inscri\u00e7\u00e3o:<\/strong> de 1 a 15 de agosto de 2019.<\/p><p><strong>Como se inscrever:<\/strong><br \/>&#8211;\u00a0Preenhcer formul\u00e1rio dispon\u00edvel no campo ao lado e entreg\u00e1-lo junto com a documenta\u00e7\u00e3o exigida no edital, na\u00a0Associa\u00e7\u00e3o de Munic\u00edpios do Cons\u00f3rcio Belo Monte (ACBM), que fica na Rua Ot\u00e1vio Neri, n\u00famero 761, em Altamira, de 9h \u00e0s 16h.<br \/><strong>*<\/strong>A inscri\u00e7\u00e3o tamb\u00e9m pode ser feita por correspond\u00eancia. O candidato deve enviar a documenta\u00e7\u00e3o via postal e para o email\u00a0a empreendedorismo.ufpa@gmail.com.<\/p><p><strong>Requisitos para a inscri\u00e7\u00e3o:<br \/><\/strong>&#8211; Ser profissional vinculado ao servi\u00e7o p\u00fablico ou a cooperativas de produtores de cacau ou a empresas de cultivo de cacau estabelecidas em munic\u00edpios do Polo Transamaz\u00f4nica da Rota do Cacau.<br \/>&#8211; Possuir forma\u00e7\u00e3o superior em Agronomia ou Engenharia Florestal ou t\u00e9cnica em Sistemas Agr\u00edcolas ou Agropecu\u00e1rios;<br \/>&#8211; Estar atuando h\u00e1 pelo menos dois anos nos munic\u00edpios de Pacaj\u00e1, Anapu, Altamira, Brasil Novo, Medicil\u00e2ndia, Uruar\u00e1, Placas, Senador Jos\u00e9 Porf\u00edrio, Vit\u00f3ria do Xingu, Novo Repartimento e Rur\u00f3polis, na<br \/>cadeia da cacauicultura como prestador de servi\u00e7o de assist\u00eancia t\u00e9cnica e extens\u00e3o rural;<br \/>&#8211; Apresentar termo de dispensa do trabalho para afastamento das atividades laborais no per\u00edodo das<br \/>capacita\u00e7\u00f5es, previstas para ocorrer entre 15\/09 a 30\/09 e 15\/10 a 30\/10.<\/p><p><strong>Carga Hor\u00e1ria:<\/strong>\u00a0160\u00a0horas.<\/p><p><strong>Vagas:<\/strong> 11\u00a0<\/p><p><strong>*Os temas das capacita\u00e7\u00f5es est\u00e3o no edital.<\/strong>\u00a0<\/p>\t\t\t\t\t\t\t\t<\/div>\n\t\t\t\t<\/div>\n\t\t\t\t\t<\/div>\n\t\t<\/div>\n\t\t\t\t<div class=\"elementor-column elementor-col-50 elementor-inner-column elementor-element elementor-element-71bcc395\" data-id=\"71bcc395\" data-element_type=\"column\">\n\t\t\t<div class=\"elementor-widget-wrap elementor-element-populated\">\n\t\t\t\t\t\t<div class=\"elementor-element elementor-element-1fd3bb07 elementor-widget elementor-widget-text-editor\" data-id=\"1fd3bb07\" data-element_type=\"widget\" data-widget_type=\"text-editor.default\">\n\t\t\t\t<div class=\"elementor-widget-container\">\n\t\t\t\t\t\t\t\t\t<p style=\"text-align: center;\"><span style=\"color: #ffffff;\"><strong>Editais e Avisos<\/strong><\/span><\/p>\t\t\t\t\t\t\t\t<\/div>\n\t\t\t\t<\/div>\n\t\t\t\t<div class=\"elementor-element elementor-element-2a6347e elementor-widget elementor-widget-text-editor\" data-id=\"2a6347e\" data-element_type=\"widget\" data-widget_type=\"text-editor.default\">\n\t\t\t\t<div class=\"elementor-widget-container\">\n\t\t\t\t\t\t\t\t\t<p style=\"text-align: center;\"><span style=\"text-decoration: underline;\"><strong><a href=\"..\/wp-content\/uploads\/2019\/08\/CHAMADA-N\u00ba-04-ROTA-DO-CACAU-ALUNOS-30-07.pdf\" target=\"_blank\" rel=\"noopener\">Edital de sele\u00e7\u00e3o<\/a><\/strong><\/span><\/p>\n<p style=\"text-align: center;\"><strong><a href=\"http:\/\/extranet.fadesp.org.br\/QUADRO DE ALUNOS PARA CAPACITA\u00c7\u00c3O EM ATER NA CULTURA DO CACAU FINALIZADO ATUAL.pdf\" target=\"_blank\" rel=\"noopener\">Lista de selecionados <span style=\"color: #008000;\">(CLIQUE AQUI)<\/span><\/a><\/strong><\/p>\n<p style=\"text-align: center;\"><\/p>\t\t\t\t\t\t\t\t<\/div>\n\t\t\t\t<\/div>\n\t\t\t\t\t<\/div>\n\t\t<\/div>\n\t\t\t\t\t<\/div>\n\t\t<\/section>\n\t\t\t\t\t<\/div>\n\t\t<\/div>\n\t\t\t\t\t<\/div>\n\t\t<\/section>\n\t\t\t\t<\/div>\n\t\t","protected":false},"excerpt":{"rendered":"<p>Curso de Capacita\u00e7\u00e3o em ATER do Programa Rota do Cacau no P\u00f3lo Transamaz\u00f4nica &#8211; T\u00c9CNICOS A Ag\u00eancia de Inova\u00e7\u00e3o Tecnol\u00f3gica da UFPA (Universitec) torna p\u00fablico o processo seletivo de t\u00e9cnicos de institui\u00e7\u00f5es governamentais e n\u00e3o governamentais para a participa\u00e7\u00e3o nos cursos de forma\u00e7\u00e3o, capacita\u00e7\u00e3o e qualifica\u00e7\u00e3o em tecnologias de manejo integrado da lavoura cacaueira em [&hellip;]<\/p>\n","protected":false},"author":11,"featured_media":0,"parent":0,"menu_order":0,"comment_status":"closed","ping_status":"closed","template":"","meta":{"_monsterinsights_skip_tracking":false,"_monsterinsights_sitenote_active":false,"_monsterinsights_sitenote_note":"","_monsterinsights_sitenote_category":0,"footnotes":""},"class_list":["post-2565","page","type-page","status-publish","hentry","entry"],"yoast_head":"<!-- This site is optimized with the Yoast SEO plugin v25.1 - https:\/\/yoast.com\/wordpress\/plugins\/seo\/ -->\n<title>Curso de Capacita\u00e7\u00e3o em ATER do Programa Rota do Cacau no P\u00f3lo Transamaz\u00f4nica - T\u00c9CNICOS - FADESP<\/title>\n<meta name=\"robots\" content=\"index, follow, max-snippet:-1, max-image-preview:large, max-video-preview:-1\" \/>\n<link rel=\"canonical\" href=\"https:\/\/portalfadesp.org.br\/?page_id=2565\" \/>\n<meta property=\"og:locale\" content=\"pt_BR\" \/>\n<meta property=\"og:type\" content=\"article\" \/>\n<meta property=\"og:title\" content=\"Curso de Capacita\u00e7\u00e3o em ATER do Programa Rota do Cacau no P\u00f3lo Transamaz\u00f4nica - T\u00c9CNICOS - FADESP\" \/>\n<meta property=\"og:description\" content=\"Curso de Capacita\u00e7\u00e3o em ATER do Programa Rota do Cacau no P\u00f3lo Transamaz\u00f4nica &#8211; T\u00c9CNICOS A Ag\u00eancia de Inova\u00e7\u00e3o Tecnol\u00f3gica da UFPA (Universitec) torna p\u00fablico o processo seletivo de t\u00e9cnicos de institui\u00e7\u00f5es governamentais e n\u00e3o governamentais para a participa\u00e7\u00e3o nos cursos de forma\u00e7\u00e3o, capacita\u00e7\u00e3o e qualifica\u00e7\u00e3o em tecnologias de manejo integrado da lavoura cacaueira em [&hellip;]\" \/>\n<meta property=\"og:url\" content=\"https:\/\/portalfadesp.org.br\/?page_id=2565\" \/>\n<meta property=\"og:site_name\" content=\"FADESP\" \/>\n<meta property=\"article:publisher\" content=\"https:\/\/www.facebook.com\/Fadesp-138351949524662\/\" \/>\n<meta property=\"article:modified_time\" content=\"2022-12-21T18:21:53+00:00\" \/>\n<meta name=\"twitter:card\" content=\"summary_large_image\" \/>\n<meta name=\"twitter:site\" content=\"@Fadesp\" \/>\n<meta name=\"twitter:label1\" content=\"Est. tempo de leitura\" \/>\n\t<meta name=\"twitter:data1\" content=\"2 minutos\" \/>\n<script type=\"application\/ld+json\" class=\"yoast-schema-graph\">{\"@context\":\"https:\/\/schema.org\",\"@graph\":[{\"@type\":\"WebPage\",\"@id\":\"https:\/\/portalfadesp.org.br\/?page_id=2565\",\"url\":\"https:\/\/portalfadesp.org.br\/?page_id=2565\",\"name\":\"Curso de Capacita\u00e7\u00e3o em ATER do Programa Rota do Cacau no P\u00f3lo Transamaz\u00f4nica - T\u00c9CNICOS - FADESP\",\"isPartOf\":{\"@id\":\"https:\/\/portalfadesp.org.br\/#website\"},\"datePublished\":\"2019-06-29T21:12:03+00:00\",\"dateModified\":\"2022-12-21T18:21:53+00:00\",\"breadcrumb\":{\"@id\":\"https:\/\/portalfadesp.org.br\/?page_id=2565#breadcrumb\"},\"inLanguage\":\"pt-BR\",\"potentialAction\":[{\"@type\":\"ReadAction\",\"target\":[\"https:\/\/portalfadesp.org.br\/?page_id=2565\"]}]},{\"@type\":\"BreadcrumbList\",\"@id\":\"https:\/\/portalfadesp.org.br\/?page_id=2565#breadcrumb\",\"itemListElement\":[{\"@type\":\"ListItem\",\"position\":1,\"name\":\"In\u00edcio\",\"item\":\"https:\/\/portalfadesp.org.br\/\"},{\"@type\":\"ListItem\",\"position\":2,\"name\":\"Curso de Capacita\u00e7\u00e3o em ATER do Programa Rota do Cacau no P\u00f3lo Transamaz\u00f4nica &#8211; T\u00c9CNICOS\"}]},{\"@type\":\"WebSite\",\"@id\":\"https:\/\/portalfadesp.org.br\/#website\",\"url\":\"https:\/\/portalfadesp.org.br\/\",\"name\":\"FADESP\",\"description\":\"Funda\u00e7\u00e3o de Amparo e Desenvolvimento da Pesquisa\",\"publisher\":{\"@id\":\"https:\/\/portalfadesp.org.br\/#organization\"},\"potentialAction\":[{\"@type\":\"SearchAction\",\"target\":{\"@type\":\"EntryPoint\",\"urlTemplate\":\"https:\/\/portalfadesp.org.br\/?s={search_term_string}\"},\"query-input\":{\"@type\":\"PropertyValueSpecification\",\"valueRequired\":true,\"valueName\":\"search_term_string\"}}],\"inLanguage\":\"pt-BR\"},{\"@type\":\"Organization\",\"@id\":\"https:\/\/portalfadesp.org.br\/#organization\",\"name\":\"FADESP\",\"url\":\"https:\/\/portalfadesp.org.br\/\",\"logo\":{\"@type\":\"ImageObject\",\"inLanguage\":\"pt-BR\",\"@id\":\"https:\/\/portalfadesp.org.br\/#\/schema\/logo\/image\/\",\"url\":\"https:\/\/portalfadesp.org.br\/wp-content\/uploads\/2024\/01\/NOVOLOGOFADESPlaranjaH.png\",\"contentUrl\":\"https:\/\/portalfadesp.org.br\/wp-content\/uploads\/2024\/01\/NOVOLOGOFADESPlaranjaH.png\",\"width\":2742,\"height\":839,\"caption\":\"FADESP\"},\"image\":{\"@id\":\"https:\/\/portalfadesp.org.br\/#\/schema\/logo\/image\/\"},\"sameAs\":[\"https:\/\/www.facebook.com\/Fadesp-138351949524662\/\",\"https:\/\/x.com\/Fadesp\",\"https:\/\/www.instagram.com\/fadesp_ufpa\/\",\"https:\/\/www.youtube.com\/@fundacaodeamparoedesenvolv1903\",\"https:\/\/www.threads.net\/@fadesp_ufpa\"]}]}<\/script>\n<!-- \/ Yoast SEO plugin. -->","yoast_head_json":{"title":"Curso de Capacita\u00e7\u00e3o em ATER do Programa Rota do Cacau no P\u00f3lo Transamaz\u00f4nica - T\u00c9CNICOS - FADESP","robots":{"index":"index","follow":"follow","max-snippet":"max-snippet:-1","max-image-preview":"max-image-preview:large","max-video-preview":"max-video-preview:-1"},"canonical":"https:\/\/portalfadesp.org.br\/?page_id=2565","og_locale":"pt_BR","og_type":"article","og_title":"Curso de Capacita\u00e7\u00e3o em ATER do Programa Rota do Cacau no P\u00f3lo Transamaz\u00f4nica - T\u00c9CNICOS - FADESP","og_description":"Curso de Capacita\u00e7\u00e3o em ATER do Programa Rota do Cacau no P\u00f3lo Transamaz\u00f4nica &#8211; T\u00c9CNICOS A Ag\u00eancia de Inova\u00e7\u00e3o Tecnol\u00f3gica da UFPA (Universitec) torna p\u00fablico o processo seletivo de t\u00e9cnicos de institui\u00e7\u00f5es governamentais e n\u00e3o governamentais para a participa\u00e7\u00e3o nos cursos de forma\u00e7\u00e3o, capacita\u00e7\u00e3o e qualifica\u00e7\u00e3o em tecnologias de manejo integrado da lavoura cacaueira em [&hellip;]","og_url":"https:\/\/portalfadesp.org.br\/?page_id=2565","og_site_name":"FADESP","article_publisher":"https:\/\/www.facebook.com\/Fadesp-138351949524662\/","article_modified_time":"2022-12-21T18:21:53+00:00","twitter_card":"summary_large_image","twitter_site":"@Fadesp","twitter_misc":{"Est. tempo de leitura":"2 minutos"},"schema":{"@context":"https:\/\/schema.org","@graph":[{"@type":"WebPage","@id":"https:\/\/portalfadesp.org.br\/?page_id=2565","url":"https:\/\/portalfadesp.org.br\/?page_id=2565","name":"Curso de Capacita\u00e7\u00e3o em ATER do Programa Rota do Cacau no P\u00f3lo Transamaz\u00f4nica - T\u00c9CNICOS - FADESP","isPartOf":{"@id":"https:\/\/portalfadesp.org.br\/#website"},"datePublished":"2019-06-29T21:12:03+00:00","dateModified":"2022-12-21T18:21:53+00:00","breadcrumb":{"@id":"https:\/\/portalfadesp.org.br\/?page_id=2565#breadcrumb"},"inLanguage":"pt-BR","potentialAction":[{"@type":"ReadAction","target":["https:\/\/portalfadesp.org.br\/?page_id=2565"]}]},{"@type":"BreadcrumbList","@id":"https:\/\/portalfadesp.org.br\/?page_id=2565#breadcrumb","itemListElement":[{"@type":"ListItem","position":1,"name":"In\u00edcio","item":"https:\/\/portalfadesp.org.br\/"},{"@type":"ListItem","position":2,"name":"Curso de Capacita\u00e7\u00e3o em ATER do Programa Rota do Cacau no P\u00f3lo Transamaz\u00f4nica &#8211; T\u00c9CNICOS"}]},{"@type":"WebSite","@id":"https:\/\/portalfadesp.org.br\/#website","url":"https:\/\/portalfadesp.org.br\/","name":"FADESP","description":"Funda\u00e7\u00e3o de Amparo e Desenvolvimento da Pesquisa","publisher":{"@id":"https:\/\/portalfadesp.org.br\/#organization"},"potentialAction":[{"@type":"SearchAction","target":{"@type":"EntryPoint","urlTemplate":"https:\/\/portalfadesp.org.br\/?s={search_term_string}"},"query-input":{"@type":"PropertyValueSpecification","valueRequired":true,"valueName":"search_term_string"}}],"inLanguage":"pt-BR"},{"@type":"Organization","@id":"https:\/\/portalfadesp.org.br\/#organization","name":"FADESP","url":"https:\/\/portalfadesp.org.br\/","logo":{"@type":"ImageObject","inLanguage":"pt-BR","@id":"https:\/\/portalfadesp.org.br\/#\/schema\/logo\/image\/","url":"https:\/\/portalfadesp.org.br\/wp-content\/uploads\/2024\/01\/NOVOLOGOFADESPlaranjaH.png","contentUrl":"https:\/\/portalfadesp.org.br\/wp-content\/uploads\/2024\/01\/NOVOLOGOFADESPlaranjaH.png","width":2742,"height":839,"caption":"FADESP"},"image":{"@id":"https:\/\/portalfadesp.org.br\/#\/schema\/logo\/image\/"},"sameAs":["https:\/\/www.facebook.com\/Fadesp-138351949524662\/","https:\/\/x.com\/Fadesp","https:\/\/www.instagram.com\/fadesp_ufpa\/","https:\/\/www.youtube.com\/@fundacaodeamparoedesenvolv1903","https:\/\/www.threads.net\/@fadesp_ufpa"]}]}},"_links":{"self":[{"href":"https:\/\/portalfadesp.org.br\/index.php?rest_route=\/wp\/v2\/pages\/2565","targetHints":{"allow":["GET"]}}],"collection":[{"href":"https:\/\/portalfadesp.org.br\/index.php?rest_route=\/wp\/v2\/pages"}],"about":[{"href":"https:\/\/portalfadesp.org.br\/index.php?rest_route=\/wp\/v2\/types\/page"}],"author":[{"embeddable":true,"href":"https:\/\/portalfadesp.org.br\/index.php?rest_route=\/wp\/v2\/users\/11"}],"replies":[{"embeddable":true,"href":"https:\/\/portalfadesp.org.br\/index.php?rest_route=%2Fwp%2Fv2%2Fcomments&post=2565"}],"version-history":[{"count":44,"href":"https:\/\/portalfadesp.org.br\/index.php?rest_route=\/wp\/v2\/pages\/2565\/revisions"}],"predecessor-version":[{"id":38860,"href":"https:\/\/portalfadesp.org.br\/index.php?rest_route=\/wp\/v2\/pages\/2565\/revisions\/38860"}],"wp:attachment":[{"href":"https:\/\/portalfadesp.org.br\/index.php?rest_route=%2Fwp%2Fv2%2Fmedia&parent=2565"}],"curies":[{"name":"wp","href":"https:\/\/api.w.org\/{rel}","templated":true}]}}