{"id":25317,"date":"2022-02-25T11:22:40","date_gmt":"2022-02-25T14:22:40","guid":{"rendered":"https:\/\/162.215.13.167?page_id=25317"},"modified":"2022-12-21T12:38:44","modified_gmt":"2022-12-21T15:38:44","slug":"processo-seletivo-especial-ifpa-2022-prosel-esp-ifpa","status":"publish","type":"page","link":"https:\/\/portalfadesp.org.br\/?page_id=25317","title":{"rendered":"Processo Seletivo Especial IFPA 2022 (PROSEL ESP IFPA)"},"content":{"rendered":"\t\t<div data-elementor-type=\"wp-post\" data-elementor-id=\"25317\" class=\"elementor elementor-25317\" data-elementor-post-type=\"page\">\n\t\t\t\t\t\t<section class=\"elementor-section elementor-top-section elementor-element elementor-element-2a40db40 elementor-section-boxed elementor-section-height-default elementor-section-height-default\" data-id=\"2a40db40\" data-element_type=\"section\">\n\t\t\t\t\t\t<div class=\"elementor-container elementor-column-gap-default\">\n\t\t\t\t\t<div class=\"elementor-column elementor-col-100 elementor-top-column elementor-element elementor-element-4e956b47\" data-id=\"4e956b47\" data-element_type=\"column\">\n\t\t\t<div class=\"elementor-widget-wrap elementor-element-populated\">\n\t\t\t\t\t\t<div class=\"elementor-element elementor-element-372de194 elementor-widget elementor-widget-heading\" data-id=\"372de194\" data-element_type=\"widget\" data-widget_type=\"heading.default\">\n\t\t\t\t<div class=\"elementor-widget-container\">\n\t\t\t\t\t<h1 class=\"elementor-heading-title elementor-size-default\">Processo Seletivo Especial IFPA 2022 (PROSEL ESP IFPA)<\/h1>\t\t\t\t<\/div>\n\t\t\t\t<\/div>\n\t\t\t\t<section class=\"elementor-section elementor-inner-section elementor-element elementor-element-31e54043 elementor-section-boxed elementor-section-height-default elementor-section-height-default\" data-id=\"31e54043\" data-element_type=\"section\">\n\t\t\t\t\t\t<div class=\"elementor-container elementor-column-gap-default\">\n\t\t\t\t\t<div class=\"elementor-column elementor-col-50 elementor-inner-column elementor-element elementor-element-15f41bd\" data-id=\"15f41bd\" data-element_type=\"column\">\n\t\t\t<div class=\"elementor-widget-wrap elementor-element-populated\">\n\t\t\t\t\t\t<div class=\"elementor-element elementor-element-35279451 elementor-widget elementor-widget-text-editor\" data-id=\"35279451\" data-element_type=\"widget\" data-widget_type=\"text-editor.default\">\n\t\t\t\t<div class=\"elementor-widget-container\">\n\t\t\t\t\t\t\t\t\t<p>O Reitor do&nbsp;<b>Instituto Federal de Educa\u00e7\u00e3o, Ci\u00eancia e Tecnologia do Par\u00e1 (IFPA)<\/b>, designado pelo Decreto Presidencial de 31 de julho de 2019, publicado no DOU de 01 de agosto de 2019, Se\u00e7\u00e3o 2, p\u00e1gina 1, no uso de suas atribui\u00e7\u00f5es legais e regimentais, por este ato administrativo, torna p\u00fablica a realiza\u00e7\u00e3o do&nbsp;<b>Processo Seletivo Especial 2022 (PROSEL ESP. IFPA 2022)<\/b>, destinado a selecionar candidatos para o provimento&nbsp;<b>150 (cento e cinquenta) de vagas nos cursos superiores de gradua\u00e7\u00e3o<\/b>, na modalidade de ensino presencial, em regime especial, mediante conv\u00eanio celebrado com a&nbsp;<b>Secretaria de Estado de Ci\u00eancia, Tecnologia e Educa\u00e7\u00e3o Profissional e Tecnol\u00f3gica (SECTET)<\/b>. Os referidos cursos ser\u00e3o ofertados pelo IFPA mediante as condi\u00e7\u00f5es estabelecidas neste edital.&nbsp;<\/p>\n<p><b>Vagas \u2013 <\/b><b>150&nbsp;<\/b><\/p>\n<p><b>Cursos \/ local da oferta: Tecnologia em Agroecologia &#8211; Moju-PA, Bacharelado em Agronomia &#8211; Santa Maria das Barreiras-PA e Engenharia de Pesca &#8211; Breu Branco-PA<br><\/b><\/p>\n<p><b>Requisitos \u2013&nbsp;<\/b>Ensino M\u00e9dio completo ou equivalente.<\/p>\n<p><b>Taxa de inscri\u00e7\u00e3o \u2013 R$ 20,00&nbsp;<\/b>(vinte reais)<b>&nbsp;&nbsp;<\/b><\/p>\n<p><b>\u2026\u2026\u2026\u2026\u2026\u2026\u2026\u2026\u2026\u2026..<\/b><\/p>\n<p><b>Datas importantes:<\/b><\/p>\n<p><b>Per\u00edodo de Inscri\u00e7\u00e3o \u2013 20\/04\/2022 a 12\/05\/2022<\/b><\/p>\n<p><b>Solicita\u00e7\u00e3o de atendimento especial \u2013 20\/04\/2022 a 05\/05\/2022<\/b><\/p>\n<p><b>Solicita\u00e7\u00e3o de isen\u00e7\u00e3o da taxa de inscri\u00e7\u00e3o \u2013<\/b><span style=\"font-family: Roboto, sans-serif; font-size: 14.4px; font-style: normal; font-variant-ligatures: normal; font-variant-caps: normal; font-weight: bold;\">a 20 a 25\/04\/2022<\/span><\/p>\n<p><b>Resultado preliminar da solicita\u00e7\u00e3o de isen\u00e7\u00e3o da taxa de inscri\u00e7\u00e3o \u2013 27\/04\/2022<\/b><span style=\"font-family: Roboto, sans-serif; font-size: 14.4px; font-style: normal; font-variant-ligatures: normal; font-variant-caps: normal; font-weight: bold;\">&nbsp;<\/span><\/p>\n<p><b>\u00daltimo dia para pagamento da taxa de inscri\u00e7\u00e3o \u2013 06\/05\/2022<\/b><\/p>\n<p><strong>Prova Objetiva e Discursiva \u2013 29\/05\/2022<\/strong><\/p>\t\t\t\t\t\t\t\t<\/div>\n\t\t\t\t<\/div>\n\t\t\t\t\t<\/div>\n\t\t<\/div>\n\t\t\t\t<div class=\"elementor-column elementor-col-50 elementor-inner-column elementor-element elementor-element-1a284bc5\" data-id=\"1a284bc5\" data-element_type=\"column\">\n\t\t\t<div class=\"elementor-widget-wrap elementor-element-populated\">\n\t\t\t\t\t\t<div class=\"elementor-element elementor-element-6445c0f3 elementor-widget elementor-widget-text-editor\" data-id=\"6445c0f3\" data-element_type=\"widget\" data-widget_type=\"text-editor.default\">\n\t\t\t\t<div class=\"elementor-widget-container\">\n\t\t\t\t\t\t\t\t\t<span style=\"color: #ffffff;\"><b>Avisos<\/b><\/span>\t\t\t\t\t\t\t\t<\/div>\n\t\t\t\t<\/div>\n\t\t\t\t<div class=\"elementor-element elementor-element-1680d43 elementor-widget elementor-widget-text-editor\" data-id=\"1680d43\" data-element_type=\"widget\" data-widget_type=\"text-editor.default\">\n\t\t\t\t<div class=\"elementor-widget-container\">\n\t\t\t\t\t\t\t\t\t<div class=\"botaoBug\" style=\"margin-top: 10px;\"><a href=\"http:\/\/concursos2.fadesp.org.br\/proselifpa2022\/web\/index.php\"><strong>Respostas dos Recursos (Clique Aqui)<\/strong><\/a><\/div>\t\t\t\t\t\t\t\t<\/div>\n\t\t\t\t<\/div>\n\t\t\t\t<div class=\"elementor-element elementor-element-433fb7f0 elementor-widget elementor-widget-text-editor\" data-id=\"433fb7f0\" data-element_type=\"widget\" data-widget_type=\"text-editor.default\">\n\t\t\t\t<div class=\"elementor-widget-container\">\n\t\t\t\t\t\t\t\t\t<p style=\"text-align: center;\"><span style=\"color: #ffffff;\"><strong>Editais<\/strong><\/span><\/p>\t\t\t\t\t\t\t\t<\/div>\n\t\t\t\t<\/div>\n\t\t\t\t<div class=\"elementor-element elementor-element-83e78f1 elementor-widget elementor-widget-text-editor\" data-id=\"83e78f1\" data-element_type=\"widget\" data-widget_type=\"text-editor.default\">\n\t\t\t\t<div class=\"elementor-widget-container\">\n\t\t\t\t\t\t\t\t\t<div style=\"color: black;\">\n<div>CONVOCA\u00c7\u00c3O PARA HABILITA\u00c7\u00c3O\u00a0 <a href=\"https:\/\/prosel.ifpa.edu.br\/pse-forma-para-2022\"><strong>(Clique Aqui)<\/strong><\/a><\/div>\n<div><\/div>\n<div>Edital n\u00ba 20\/2022 &#8211; Resultado Final dos Classificados, de 24\/06\/2022 <a href=\"http:\/\/concursos2.fadesp.org.br\/proselifpa2022\/arquivos\/Resultado Final dos Classificados PROSEL FORMA PAR\u00c1 IFPA 2022.pdf\"><strong>(Clique Aqui)<\/strong><\/a><\/div>\n<div><\/div>\n<div>Rela\u00e7\u00e3o Geral em Ordem Alfab\u00e9tica <a href=\"http:\/\/concursos2.fadesp.org.br\/proselifpa2022\/arquivos\/IFPA - Rela\u00e7\u00e3o Geral em Ordem Alfab\u00e9tica.pdf\"><strong>(Clique Aqui)<\/strong><\/a><\/div>\n<div><\/div>\n<div>Edital n\u00ba 19\/2022 &#8211; Resultado Definitivo da Prova Objetiva, de 22\/06\/2022 <a href=\"http:\/\/concursos2.fadesp.org.br\/proselifpa2022\/arquivos\/Edital 19 Resultado Definitivo da Prova Objetiva.pdf\"><strong>(Clique Aqui)<\/strong><\/a><\/div>\n<div><\/div>\n<div style=\"color: black;\">\n<div>Edital n\u00ba 18\/2022 &#8211; Resultado Definitivo da Prova de Reda\u00e7\u00e3o, de 22\/06\/2022 <a href=\"http:\/\/concursos2.fadesp.org.br\/proselifpa2022\/arquivos\/Edital 18 Resultado Definitivo da Prova de Reda\u00e7\u00e3o.pdf\"><strong>(Clique Aqui)<\/strong><\/a><\/div>\n<div><\/div>\n<div style=\"color: black;\">\n<div>Edital n\u00ba 17\/2022 &#8211; Resultado Preliminar da Prova Objetiva, de 15\/06\/2022 <a href=\"http:\/\/concursos2.fadesp.org.br\/proselifpa2022\/arquivos\/Edital 17 Resultado Preliminar da Prova Objetiva.pdf\"><strong>(Clique Aqui)<\/strong><\/a><\/div>\n<div><\/div>\n<div>Edital n\u00ba 16\/2022 &#8211; Resultado Preliminar da Prova de Reda\u00e7\u00e3o, de 15\/06\/2022 <a href=\"http:\/\/concursos2.fadesp.org.br\/proselifpa2022\/arquivos\/Edital 16 Resultado Preliminar da Prova de Reda\u00e7\u00e3o.pdf\"><strong>(Clique Aqui)<\/strong><\/a><\/div>\n<div><\/div>\n<div>Gabarito Oficial Definitivo, de 08\/06\/2022 <a href=\"http:\/\/concursos2.fadesp.org.br\/proselifpa2022\/arquivos\/GABARITO OFICIAL DEFINITIVO_PROSEL 2022 IFPA.pdf\"><strong>(Clique Aqui)<\/strong><\/a><\/div>\n<div><\/div>\n<div>Gabarito Oficial Preliminar, de 30\/05\/2022 <a href=\"http:\/\/concursos2.fadesp.org.br\/proselifpa2022\/arquivos\/GABARITO OFICIAL PRELIMINAR_PROSEL 2022.pdf\"><strong>(Clique Aqui)<\/strong><\/a><\/div>\n<div><\/div>\n<div>Prova Prosel, de 30\/05\/2022 <a href=\"http:\/\/concursos2.fadesp.org.br\/proselifpa2022\/arquivos\/PROVA IFPA 29_05-2022.pdf\"><strong>(Clique Aqui)<\/strong><\/a><\/div>\n<div><\/div>\n<div>Edital n\u00ba 13\/2022 &#8211; Resultado Definitivo das Inscri\u00e7\u00f5es &#8211; Retificado, de 23\/05\/2022 <a href=\"http:\/\/concursos2.fadesp.org.br\/proselifpa2022\/arquivos\/Edital%2013%20Resultado%20Definitivo%20das%20Inscri%C3%A7%C3%B5es%20Deferidas%20-%20Retificado.pdf\"><strong>(Clique Aqui)<\/strong><\/a><\/div>\n<div><\/div>\n<div>Edital n\u00ba 15\/2022 &#8211; Resultado Definitivo de Atendimento Especial, de 20\/05\/2022 <a href=\"http:\/\/concursos2.fadesp.org.br\/proselifpa2022\/arquivos\/Edital 15 Resultado Definitivo de Atendimento Especial.pdf\"><strong>(Clique Aqui)<\/strong><\/a><\/div>\n<div><\/div>\n<div>Edital n\u00ba 14\/2022 &#8211; Resultado Definitivo de PcD Concorrentes, de 20\/05\/2022 <a href=\"http:\/\/concursos2.fadesp.org.br\/proselifpa2022\/arquivos\/Edital 14 Resultado Definitivo de PcD Concorrentes.pdf\"><strong>(Clique Aqui)<\/strong><\/a><\/div>\n<div><\/div>\n<div>Edital n\u00ba 13\/2022 &#8211; Resultado Definitivo das Inscri\u00e7\u00f5es, de 20\/2022 <a href=\"http:\/\/concursos2.fadesp.org.br\/proselifpa2022\/arquivos\/Edital 13 Resultado Definitivo das Inscri\u00e7\u00f5es Deferidas.pdf\"><strong>(Clique Aqui)<\/strong><\/a><\/div>\n<div><\/div>\n<div>Edital n\u00ba 12\/2022 &#8211; Resultado Preliminar de Atendimento Especial, de 16\/05\/2022<a href=\"http:\/\/concursos2.fadesp.org.br\/proselifpa2022\/arquivos\/Edital 12 Resultado Preliminar de Atendimento Especial.pdf\"><strong>(Clique Aqui)<\/strong><\/a><\/div>\n<div><\/div>\n<div>Edital n\u00ba 11\/2022 &#8211; Resultado Preliminar de PcD Concorrentes, de 16\/05\/2022 <a href=\"http:\/\/concursos2.fadesp.org.br\/proselifpa2022\/arquivos\/Edital 11 Resultado Preliminar de PcD Concorrentes.pdf\"><strong>(Clique Aqui)<\/strong><\/a><\/div>\n<div><\/div>\n<div>Edital n\u00ba 10\/2022 &#8211; Resultado Preliminar das Inscri\u00e7\u00f5es, de 16\/05\/2022 <a href=\"http:\/\/concursos2.fadesp.org.br\/proselifpa2022\/arquivos\/Edital 10 Resultado Preliminar das Inscri\u00e7\u00f5es Deferidas.pdf\"><strong>(Clique Aqui)<\/strong><\/a><\/div>\n<div><\/div>\n<div>Prorroga\u00e7\u00e3o das Inscri\u00e7\u00f5es &#8211; Cronograma Retificado, de 04\/05\/2022 <a href=\"http:\/\/concursos2.fadesp.org.br\/proselifpa2022\/arquivos\/Prorroga\u00e7\u00e3o das Inscri\u00e7\u00f5es - Cronograma Retificado.pdf\"><strong>(Clique Aqui)<\/strong><\/a><\/div>\n<div><\/div>\n<div>Edital n\u00ba 07\/2022 &#8211; Resultado Definitivo de Isen\u00e7\u00e3o por Hipossufici\u00eancia, de 03\/05\/2022 <a href=\"http:\/\/concursos2.fadesp.org.br\/proselifpa2022\/arquivos\/Edital_N_09_IFPA_Resultado_Definitivo_de_Isen\u00e7\u00e3o_por_Hipossuficiencia.pdf\"><strong>(Clique Aqui)<\/strong><\/a><\/div>\n<div><\/div>\n<div>Edital n\u00ba 08\/2022 &#8211; Resultado Definitivo de Isen\u00e7\u00e3o para PcD, de 03\/05\/2022 <a href=\"http:\/\/concursos2.fadesp.org.br\/proselifpa2022\/arquivos\/Edital_N_08_IFPA_Resultado_Definitivo_de_ Isen\u00e7\u00e3o_para_PcD.pdf\"><strong>(Clique Aqui)<\/strong><\/a><\/div>\n<div><\/div>\n<div>Edital n\u00ba 07\/2022 &#8211; Resultado Preliminar de Isen\u00e7\u00e3o por Hipossufici\u00eancia, de 27\/04\/2022 <a href=\"http:\/\/concursos2.fadesp.org.br\/proselifpa2022\/arquivos\/Edital_N_07_IFPA_Resultado_Preliminar_de_Isen\u00e7\u00e3o_por_Hipossuficiencia.pdf\"><strong>(Clique Aqui)<\/strong><\/a><\/div>\n<div><\/div>\n<div>Edital n\u00ba 06\/2022 &#8211; Resultado Preliminar de Isen\u00e7\u00e3o para PcD, de 27\/04\/2022 <a href=\"http:\/\/concursos2.fadesp.org.br\/proselifpa2022\/arquivos\/Edital_N_06_IFPA_Resultado_Preliminar_de_ Isen\u00e7\u00e3o_para_PcD.pdf\"><strong>(Clique Aqui)<\/strong><\/a><\/div>\n<div><\/div>\nEdital n\u00ba 05\/2022, de 20\/04\/2022 <a href=\"http:\/\/concursos2.fadesp.org.br\/proselifpa2022\/arquivos\/Edital_N_05_IFPA_de_20_de_Abril_de_2022.pdf\"><strong>(Clique Aqui)<\/strong><\/a>\n\n<\/div>\n<\/div>\n<\/div>\t\t\t\t\t\t\t\t<\/div>\n\t\t\t\t<\/div>\n\t\t\t\t\t<\/div>\n\t\t<\/div>\n\t\t\t\t\t<\/div>\n\t\t<\/section>\n\t\t\t\t\t<\/div>\n\t\t<\/div>\n\t\t\t\t\t<\/div>\n\t\t<\/section>\n\t\t\t\t<\/div>\n\t\t","protected":false},"excerpt":{"rendered":"<p>Processo Seletivo Especial IFPA 2022 (PROSEL ESP IFPA) O Reitor do&nbsp;Instituto Federal de Educa\u00e7\u00e3o, Ci\u00eancia e Tecnologia do Par\u00e1 (IFPA), designado pelo Decreto Presidencial de 31 de julho de 2019, publicado no DOU de 01 de agosto de 2019, Se\u00e7\u00e3o 2, p\u00e1gina 1, no uso de suas atribui\u00e7\u00f5es legais e regimentais, por este ato administrativo, [&hellip;]<\/p>\n","protected":false},"author":9,"featured_media":0,"parent":329,"menu_order":0,"comment_status":"closed","ping_status":"closed","template":"","meta":{"_monsterinsights_skip_tracking":false,"_monsterinsights_sitenote_active":false,"_monsterinsights_sitenote_note":"","_monsterinsights_sitenote_category":0,"footnotes":""},"class_list":["post-25317","page","type-page","status-publish","hentry","entry"],"yoast_head":"<!-- This site is optimized with the Yoast SEO plugin v25.1 - https:\/\/yoast.com\/wordpress\/plugins\/seo\/ -->\n<title>Processo Seletivo Especial IFPA 2022 (PROSEL ESP IFPA) - FADESP<\/title>\n<meta name=\"robots\" content=\"index, follow, max-snippet:-1, max-image-preview:large, max-video-preview:-1\" \/>\n<link rel=\"canonical\" href=\"https:\/\/portalfadesp.org.br\/?page_id=25317\" \/>\n<meta property=\"og:locale\" content=\"pt_BR\" \/>\n<meta property=\"og:type\" content=\"article\" \/>\n<meta property=\"og:title\" content=\"Processo Seletivo Especial IFPA 2022 (PROSEL ESP IFPA) - FADESP\" \/>\n<meta property=\"og:description\" content=\"Processo Seletivo Especial IFPA 2022 (PROSEL ESP IFPA) O Reitor do&nbsp;Instituto Federal de Educa\u00e7\u00e3o, Ci\u00eancia e Tecnologia do Par\u00e1 (IFPA), designado pelo Decreto Presidencial de 31 de julho de 2019, publicado no DOU de 01 de agosto de 2019, Se\u00e7\u00e3o 2, p\u00e1gina 1, no uso de suas atribui\u00e7\u00f5es legais e regimentais, por este ato administrativo, [&hellip;]\" \/>\n<meta property=\"og:url\" content=\"https:\/\/portalfadesp.org.br\/?page_id=25317\" \/>\n<meta property=\"og:site_name\" content=\"FADESP\" \/>\n<meta property=\"article:publisher\" content=\"https:\/\/www.facebook.com\/Fadesp-138351949524662\/\" \/>\n<meta property=\"article:modified_time\" content=\"2022-12-21T15:38:44+00:00\" \/>\n<meta name=\"twitter:card\" content=\"summary_large_image\" \/>\n<meta name=\"twitter:site\" content=\"@Fadesp\" \/>\n<meta name=\"twitter:label1\" content=\"Est. tempo de leitura\" \/>\n\t<meta name=\"twitter:data1\" content=\"2 minutos\" \/>\n<script type=\"application\/ld+json\" class=\"yoast-schema-graph\">{\"@context\":\"https:\/\/schema.org\",\"@graph\":[{\"@type\":\"WebPage\",\"@id\":\"https:\/\/portalfadesp.org.br\/?page_id=25317\",\"url\":\"https:\/\/portalfadesp.org.br\/?page_id=25317\",\"name\":\"Processo Seletivo Especial IFPA 2022 (PROSEL ESP IFPA) - FADESP\",\"isPartOf\":{\"@id\":\"https:\/\/portalfadesp.org.br\/#website\"},\"datePublished\":\"2022-02-25T14:22:40+00:00\",\"dateModified\":\"2022-12-21T15:38:44+00:00\",\"breadcrumb\":{\"@id\":\"https:\/\/portalfadesp.org.br\/?page_id=25317#breadcrumb\"},\"inLanguage\":\"pt-BR\",\"potentialAction\":[{\"@type\":\"ReadAction\",\"target\":[\"https:\/\/portalfadesp.org.br\/?page_id=25317\"]}]},{\"@type\":\"BreadcrumbList\",\"@id\":\"https:\/\/portalfadesp.org.br\/?page_id=25317#breadcrumb\",\"itemListElement\":[{\"@type\":\"ListItem\",\"position\":1,\"name\":\"In\u00edcio\",\"item\":\"https:\/\/portalfadesp.org.br\/\"},{\"@type\":\"ListItem\",\"position\":2,\"name\":\"Concursos &#8211; Homologados\",\"item\":\"https:\/\/portalfadesp.org.br\/?page_id=329\"},{\"@type\":\"ListItem\",\"position\":3,\"name\":\"Processo Seletivo Especial IFPA 2022 (PROSEL ESP IFPA)\"}]},{\"@type\":\"WebSite\",\"@id\":\"https:\/\/portalfadesp.org.br\/#website\",\"url\":\"https:\/\/portalfadesp.org.br\/\",\"name\":\"FADESP\",\"description\":\"Funda\u00e7\u00e3o de Amparo e Desenvolvimento da Pesquisa\",\"publisher\":{\"@id\":\"https:\/\/portalfadesp.org.br\/#organization\"},\"potentialAction\":[{\"@type\":\"SearchAction\",\"target\":{\"@type\":\"EntryPoint\",\"urlTemplate\":\"https:\/\/portalfadesp.org.br\/?s={search_term_string}\"},\"query-input\":{\"@type\":\"PropertyValueSpecification\",\"valueRequired\":true,\"valueName\":\"search_term_string\"}}],\"inLanguage\":\"pt-BR\"},{\"@type\":\"Organization\",\"@id\":\"https:\/\/portalfadesp.org.br\/#organization\",\"name\":\"FADESP\",\"url\":\"https:\/\/portalfadesp.org.br\/\",\"logo\":{\"@type\":\"ImageObject\",\"inLanguage\":\"pt-BR\",\"@id\":\"https:\/\/portalfadesp.org.br\/#\/schema\/logo\/image\/\",\"url\":\"https:\/\/portalfadesp.org.br\/wp-content\/uploads\/2024\/01\/NOVOLOGOFADESPlaranjaH.png\",\"contentUrl\":\"https:\/\/portalfadesp.org.br\/wp-content\/uploads\/2024\/01\/NOVOLOGOFADESPlaranjaH.png\",\"width\":2742,\"height\":839,\"caption\":\"FADESP\"},\"image\":{\"@id\":\"https:\/\/portalfadesp.org.br\/#\/schema\/logo\/image\/\"},\"sameAs\":[\"https:\/\/www.facebook.com\/Fadesp-138351949524662\/\",\"https:\/\/x.com\/Fadesp\",\"https:\/\/www.instagram.com\/fadesp_ufpa\/\",\"https:\/\/www.youtube.com\/@fundacaodeamparoedesenvolv1903\",\"https:\/\/www.threads.net\/@fadesp_ufpa\"]}]}<\/script>\n<!-- \/ Yoast SEO plugin. -->","yoast_head_json":{"title":"Processo Seletivo Especial IFPA 2022 (PROSEL ESP IFPA) - FADESP","robots":{"index":"index","follow":"follow","max-snippet":"max-snippet:-1","max-image-preview":"max-image-preview:large","max-video-preview":"max-video-preview:-1"},"canonical":"https:\/\/portalfadesp.org.br\/?page_id=25317","og_locale":"pt_BR","og_type":"article","og_title":"Processo Seletivo Especial IFPA 2022 (PROSEL ESP IFPA) - FADESP","og_description":"Processo Seletivo Especial IFPA 2022 (PROSEL ESP IFPA) O Reitor do&nbsp;Instituto Federal de Educa\u00e7\u00e3o, Ci\u00eancia e Tecnologia do Par\u00e1 (IFPA), designado pelo Decreto Presidencial de 31 de julho de 2019, publicado no DOU de 01 de agosto de 2019, Se\u00e7\u00e3o 2, p\u00e1gina 1, no uso de suas atribui\u00e7\u00f5es legais e regimentais, por este ato administrativo, [&hellip;]","og_url":"https:\/\/portalfadesp.org.br\/?page_id=25317","og_site_name":"FADESP","article_publisher":"https:\/\/www.facebook.com\/Fadesp-138351949524662\/","article_modified_time":"2022-12-21T15:38:44+00:00","twitter_card":"summary_large_image","twitter_site":"@Fadesp","twitter_misc":{"Est. tempo de leitura":"2 minutos"},"schema":{"@context":"https:\/\/schema.org","@graph":[{"@type":"WebPage","@id":"https:\/\/portalfadesp.org.br\/?page_id=25317","url":"https:\/\/portalfadesp.org.br\/?page_id=25317","name":"Processo Seletivo Especial IFPA 2022 (PROSEL ESP IFPA) - FADESP","isPartOf":{"@id":"https:\/\/portalfadesp.org.br\/#website"},"datePublished":"2022-02-25T14:22:40+00:00","dateModified":"2022-12-21T15:38:44+00:00","breadcrumb":{"@id":"https:\/\/portalfadesp.org.br\/?page_id=25317#breadcrumb"},"inLanguage":"pt-BR","potentialAction":[{"@type":"ReadAction","target":["https:\/\/portalfadesp.org.br\/?page_id=25317"]}]},{"@type":"BreadcrumbList","@id":"https:\/\/portalfadesp.org.br\/?page_id=25317#breadcrumb","itemListElement":[{"@type":"ListItem","position":1,"name":"In\u00edcio","item":"https:\/\/portalfadesp.org.br\/"},{"@type":"ListItem","position":2,"name":"Concursos &#8211; Homologados","item":"https:\/\/portalfadesp.org.br\/?page_id=329"},{"@type":"ListItem","position":3,"name":"Processo Seletivo Especial IFPA 2022 (PROSEL ESP IFPA)"}]},{"@type":"WebSite","@id":"https:\/\/portalfadesp.org.br\/#website","url":"https:\/\/portalfadesp.org.br\/","name":"FADESP","description":"Funda\u00e7\u00e3o de Amparo e Desenvolvimento da Pesquisa","publisher":{"@id":"https:\/\/portalfadesp.org.br\/#organization"},"potentialAction":[{"@type":"SearchAction","target":{"@type":"EntryPoint","urlTemplate":"https:\/\/portalfadesp.org.br\/?s={search_term_string}"},"query-input":{"@type":"PropertyValueSpecification","valueRequired":true,"valueName":"search_term_string"}}],"inLanguage":"pt-BR"},{"@type":"Organization","@id":"https:\/\/portalfadesp.org.br\/#organization","name":"FADESP","url":"https:\/\/portalfadesp.org.br\/","logo":{"@type":"ImageObject","inLanguage":"pt-BR","@id":"https:\/\/portalfadesp.org.br\/#\/schema\/logo\/image\/","url":"https:\/\/portalfadesp.org.br\/wp-content\/uploads\/2024\/01\/NOVOLOGOFADESPlaranjaH.png","contentUrl":"https:\/\/portalfadesp.org.br\/wp-content\/uploads\/2024\/01\/NOVOLOGOFADESPlaranjaH.png","width":2742,"height":839,"caption":"FADESP"},"image":{"@id":"https:\/\/portalfadesp.org.br\/#\/schema\/logo\/image\/"},"sameAs":["https:\/\/www.facebook.com\/Fadesp-138351949524662\/","https:\/\/x.com\/Fadesp","https:\/\/www.instagram.com\/fadesp_ufpa\/","https:\/\/www.youtube.com\/@fundacaodeamparoedesenvolv1903","https:\/\/www.threads.net\/@fadesp_ufpa"]}]}},"_links":{"self":[{"href":"https:\/\/portalfadesp.org.br\/index.php?rest_route=\/wp\/v2\/pages\/25317","targetHints":{"allow":["GET"]}}],"collection":[{"href":"https:\/\/portalfadesp.org.br\/index.php?rest_route=\/wp\/v2\/pages"}],"about":[{"href":"https:\/\/portalfadesp.org.br\/index.php?rest_route=\/wp\/v2\/types\/page"}],"author":[{"embeddable":true,"href":"https:\/\/portalfadesp.org.br\/index.php?rest_route=\/wp\/v2\/users\/9"}],"replies":[{"embeddable":true,"href":"https:\/\/portalfadesp.org.br\/index.php?rest_route=%2Fwp%2Fv2%2Fcomments&post=25317"}],"version-history":[{"count":115,"href":"https:\/\/portalfadesp.org.br\/index.php?rest_route=\/wp\/v2\/pages\/25317\/revisions"}],"predecessor-version":[{"id":38335,"href":"https:\/\/portalfadesp.org.br\/index.php?rest_route=\/wp\/v2\/pages\/25317\/revisions\/38335"}],"up":[{"embeddable":true,"href":"https:\/\/portalfadesp.org.br\/index.php?rest_route=\/wp\/v2\/pages\/329"}],"wp:attachment":[{"href":"https:\/\/portalfadesp.org.br\/index.php?rest_route=%2Fwp%2Fv2%2Fmedia&parent=25317"}],"curies":[{"name":"wp","href":"https:\/\/api.w.org\/{rel}","templated":true}]}}