{"id":25305,"date":"2022-02-25T11:15:11","date_gmt":"2022-02-25T14:15:11","guid":{"rendered":"https:\/\/162.215.13.167?page_id=25305"},"modified":"2022-12-21T12:47:13","modified_gmt":"2022-12-21T15:47:13","slug":"processo-seletivo-2022-prosel-esp-unifesspa","status":"publish","type":"page","link":"https:\/\/portalfadesp.org.br\/?page_id=25305","title":{"rendered":"Processo Seletivo Especial UNIFESSPA 2022 (PROSEL ESP UNIFESSPA)"},"content":{"rendered":"\t\t<div data-elementor-type=\"wp-post\" data-elementor-id=\"25305\" class=\"elementor elementor-25305\" data-elementor-post-type=\"page\">\n\t\t\t\t\t\t<section class=\"elementor-section elementor-top-section elementor-element elementor-element-2a40db40 elementor-section-boxed elementor-section-height-default elementor-section-height-default\" data-id=\"2a40db40\" data-element_type=\"section\">\n\t\t\t\t\t\t<div class=\"elementor-container elementor-column-gap-default\">\n\t\t\t\t\t<div class=\"elementor-column elementor-col-100 elementor-top-column elementor-element elementor-element-4e956b47\" data-id=\"4e956b47\" data-element_type=\"column\">\n\t\t\t<div class=\"elementor-widget-wrap elementor-element-populated\">\n\t\t\t\t\t\t<div class=\"elementor-element elementor-element-372de194 elementor-widget elementor-widget-heading\" data-id=\"372de194\" data-element_type=\"widget\" data-widget_type=\"heading.default\">\n\t\t\t\t<div class=\"elementor-widget-container\">\n\t\t\t\t\t<h1 class=\"elementor-heading-title elementor-size-default\">Processo Seletivo Especial UNIFESSPA 2022 (PROSEL ESP UNIFESSPA)<\/h1>\t\t\t\t<\/div>\n\t\t\t\t<\/div>\n\t\t\t\t<section class=\"elementor-section elementor-inner-section elementor-element elementor-element-31e54043 elementor-section-boxed elementor-section-height-default elementor-section-height-default\" data-id=\"31e54043\" data-element_type=\"section\">\n\t\t\t\t\t\t<div class=\"elementor-container elementor-column-gap-default\">\n\t\t\t\t\t<div class=\"elementor-column elementor-col-50 elementor-inner-column elementor-element elementor-element-15f41bd\" data-id=\"15f41bd\" data-element_type=\"column\">\n\t\t\t<div class=\"elementor-widget-wrap elementor-element-populated\">\n\t\t\t\t\t\t<div class=\"elementor-element elementor-element-35279451 elementor-widget elementor-widget-text-editor\" data-id=\"35279451\" data-element_type=\"widget\" data-widget_type=\"text-editor.default\">\n\t\t\t\t<div class=\"elementor-widget-container\">\n\t\t\t\t\t\t\t\t\t<p>O Reitor da\u00a0<b>Universidade Federal do Sul e Sudeste do Par\u00e1 (Unifesspa)<\/b> torna p\u00fablica a realiza\u00e7\u00e3o do <b>Processo Seletivo Especial 2022 (PROSEL ESP UNIFESSPA 2022)<\/b>, destinado a selecionar candidatos para o provimento de vagas nos cursos presenciais de gradua\u00e7\u00e3o, em regime especial, mediante conv\u00eanio celebrado com a\u00a0<b>Secretaria de Estado de Ci\u00eancia, Tecnologia e Educa\u00e7\u00e3o Profissional e Tecnol\u00f3gica (SECTET)<\/b>. Os referidos cursos ser\u00e3o ofertados pelo Universidade Federal do Sul e Sudeste do Par\u00e1 (Unifesspa), mediante as condi\u00e7\u00f5es estabelecidas neste edital.<\/p><p><b>Vagas \u2013 <\/b>210<\/p><p><b>Cursos \/ local da oferta: <\/b>Arquitetura e Urbanismo \u2013 Reden\u00e7\u00e3o, Arquitetura e Urbanismo &#8211; Cana\u00e3 dos Caraj\u00e1s, Geologia &#8211; Rondon do Par\u00e1, Medicina Veterin\u00e1ria &#8211; S\u00e3o F\u00e9lix do Xingu e Pedagogia &#8211; Tucuru\u00ed<\/p><p><b>Requisitos \u2013\u00a0<\/b>Ensino M\u00e9dio completo ou equivalente.<\/p><p><b>Taxa de inscri\u00e7\u00e3o \u2013 R$ 20,00\u00a0<\/b>(vinte reais)<b>\u00a0\u00a0<\/b><\/p><p><b>\u2026\u2026\u2026\u2026\u2026\u2026\u2026\u2026\u2026\u2026..<\/b><\/p><p><b>Datas importantes:<\/b><\/p><p><b>Per\u00edodo de Inscri\u00e7\u00e3o \u2013\u00a0<\/b><b>03\/03\/2022 a 04\/04\/2022<\/b><\/p><p><b>Solicita\u00e7\u00e3o de atendimento especial \u2013\u00a0\u00a0<\/b>03 a 07\/03\/2022<\/p><p><b>Solicita\u00e7\u00e3o de isen\u00e7\u00e3o da taxa de inscri\u00e7\u00e3o \u2013\u00a0<\/b>03 a 07\/03\/2022<\/p><p><b>Resultado preliminar da solicita\u00e7\u00e3o de isen\u00e7\u00e3o da taxa de inscri\u00e7\u00e3o \u2013\u00a0<\/b>09\/03\/2022<\/p><p><b>\u00daltimo dia para pagamento da taxa de inscri\u00e7\u00e3o \u2013 05<\/b><b>\/04\/2022<\/b><\/p><p><strong>Prova Objetiva e Discursiva &#8211; <\/strong>01\/05\/2022<b><br \/><\/b><\/p>\t\t\t\t\t\t\t\t<\/div>\n\t\t\t\t<\/div>\n\t\t\t\t\t<\/div>\n\t\t<\/div>\n\t\t\t\t<div class=\"elementor-column elementor-col-50 elementor-inner-column elementor-element elementor-element-1a284bc5\" data-id=\"1a284bc5\" data-element_type=\"column\">\n\t\t\t<div class=\"elementor-widget-wrap elementor-element-populated\">\n\t\t\t\t\t\t<div class=\"elementor-element elementor-element-6445c0f3 elementor-widget elementor-widget-text-editor\" data-id=\"6445c0f3\" data-element_type=\"widget\" data-widget_type=\"text-editor.default\">\n\t\t\t\t<div class=\"elementor-widget-container\">\n\t\t\t\t\t\t\t\t\t<p><span style=\"color: #ffffff;\"><b>Avisos<\/b><\/span><\/p>\t\t\t\t\t\t\t\t<\/div>\n\t\t\t\t<\/div>\n\t\t\t\t<div class=\"elementor-element elementor-element-1680d43 elementor-widget elementor-widget-text-editor\" data-id=\"1680d43\" data-element_type=\"widget\" data-widget_type=\"text-editor.default\">\n\t\t\t\t<div class=\"elementor-widget-container\">\n\t\t\t\t\t\t\t\t\t<div class=\"botaoBug\" style=\"margin-top: 10px;\"><strong><a href=\"http:\/\/concursos2.fadesp.org.br\/proselunifesspa2022\/web\/index.php\">\u00c1rea do Candidato (Clique Aqui)<\/a><\/strong><\/div>\n<div class=\"botaoBug\" style=\"margin-top: 10px;\"><strong><a href=\"http:\/\/concursos2.fadesp.org.br\/proselunifesspa2022\/web\/index.php\">Recurso Online (Clique Aqui)<\/a><\/strong><\/div>\n<div><\/div>\t\t\t\t\t\t\t\t<\/div>\n\t\t\t\t<\/div>\n\t\t\t\t<div class=\"elementor-element elementor-element-433fb7f0 elementor-widget elementor-widget-text-editor\" data-id=\"433fb7f0\" data-element_type=\"widget\" data-widget_type=\"text-editor.default\">\n\t\t\t\t<div class=\"elementor-widget-container\">\n\t\t\t\t\t\t\t\t\t<p style=\"text-align: center;\"><span style=\"color: #ffffff;\"><strong>Editais<\/strong><\/span><\/p>\t\t\t\t\t\t\t\t<\/div>\n\t\t\t\t<\/div>\n\t\t\t\t<div class=\"elementor-element elementor-element-a0fd3cd elementor-widget elementor-widget-text-editor\" data-id=\"a0fd3cd\" data-element_type=\"widget\" data-widget_type=\"text-editor.default\">\n\t\t\t\t<div class=\"elementor-widget-container\">\n\t\t\t\t\t\t\t\t\t<div style=\"text-align: center; margin-top: 15px;\">\n<div style=\"text-align: center; margin-top: 15px;\">\n<div style=\"text-align: center; margin-top: 15px;\">Rela\u00e7\u00e3o Geral em Ordem Alfab\u00e9tica, de 10\/06\/2022 <a href=\"http:\/\/concursos2.fadesp.org.br\/proselunifesspa2022\/arquivos\/UNIFESSPA - Rela\u00e7\u00e3o Geral em Ordem Alfab\u00e9tica.pdf\"><strong>(Clique Aqui)<\/strong><\/a><\/div>\n<div style=\"text-align: center; margin-top: 15px;\">Edital n\u00ba 18\/2022 &#8211; Resultado Final Definitivo, de 07\/06\/2022 <a href=\"http:\/\/concursos2.fadesp.org.br\/proselunifesspa2022\/arquivos\/Edital 18 Resultado Classificat\u00f3rio Definitivo.pdf\"><strong>(Clique Aqui)<\/strong><\/a><\/div>\n<div style=\"text-align: center; margin-top: 15px;\">Edital n\u00ba 17\/2022 &#8211; Resultado Final Preliminar\u00a0 &#8211; Retificado, de 28\/05\/2022 <a href=\"http:\/\/concursos2.fadesp.org.br\/proselunifesspa2022\/arquivos\/Edital 17 Resultado Classificat\u00f3rio Preliminar - Retificado.pdf\"><strong>(Clique Aqui)<\/strong><\/a><\/div>\n<div style=\"text-align: center; margin-top: 15px;\">\n<div style=\"text-align: center; margin-top: 15px;\">Edital n\u00ba 16\/2022 &#8211; Resultado Definitivo da Prova Reda\u00e7\u00e3o, de 27\/05\/2022 <a href=\"http:\/\/concursos2.fadesp.org.br\/proselunifesspa2022\/arquivos\/Edital 16 Resultado Definitivo da Prova de Reda\u00e7\u00e3o.pdf\"><strong>(Clique Aqui)<\/strong><\/a><\/div>\n<\/div>\n<\/div>\n<div style=\"text-align: center; margin-top: 15px;\">Edital n\u00ba 15\/2022 &#8211; Resultado Definitivo da Prova Objetiva, de 27\/05\/2022 <a href=\"http:\/\/concursos2.fadesp.org.br\/proselunifesspa2022\/arquivos\/Edital 15 Resultado Definitivo da Prova Objetiva.pdf\"><strong>(Clique Aqui)<\/strong><\/a><\/div>\nEdital n\u00ba 14\/2022 &#8211; Resultado Preliminar da Prova Reda\u00e7\u00e3o &#8211; <strong>Retificado<\/strong>, de 25\/05\/2022 <a href=\"http:\/\/concursos2.fadesp.org.br\/proselunifesspa2022\/arquivos\/Edital 14 Resultado Preliminar da Prova de Reda\u00e7\u00e3o - Retificado.pdf\"><strong>(Clique Aqui)<\/strong><\/a>\n\n<\/div>\n<div style=\"text-align: center; margin-top: 15px;\">Edital n\u00ba 13\/2022 &#8211; Resultado Preliminar da Prova Objetiva &#8211; <strong>Retificado<\/strong>, de 25\/05\/2022 <a href=\"http:\/\/concursos2.fadesp.org.br\/proselunifesspa2022\/arquivos\/Edital 13 Resultado Preliminar da Prova Objetiva - Retificado.pdf\"><strong>(Clique Aqui)<\/strong><\/a><\/div>\n<div style=\"text-align: center; margin-top: 15px;\">\n\nEdital n\u00ba 14\/2022 &#8211; Resultado Preliminar da Prova Reda\u00e7\u00e3o, de 18\/05\/2022\u00a0<a href=\"http:\/\/concursos2.fadesp.org.br\/proselunifesspa2022\/arquivos\/Edital 14 Resultado Preliminar da Prova de Reda\u00e7\u00e3o.pdf\"><strong>(Clique Aqui)<\/strong><\/a>\nEdital n\u00ba 13\/2022 &#8211; Resultado Preliminar da Prova Objetiva, de 18\/05\/2022\u00a0<a href=\"http:\/\/concursos2.fadesp.org.br\/proselunifesspa2022\/arquivos\/Edital 13 Resultado Preliminar da Prova Objetiva.pdf\"><strong>(Clique Aqui)<\/strong><\/a>\n\nGabarito Oficial Definitivo, de 11\/05\/2022 <a href=\"http:\/\/concursos2.fadesp.org.br\/proselunifesspa2022\/arquivos\/GABARITO\/GABARITO OFICIAL DEFINITIVO_PROSEL 2022.pdf\"><strong>(Clique Aqui)<\/strong><\/a>\n\n<\/div>\n<div style=\"text-align: center; margin-top: 15px;\">Gabarito Oficial Preliminar, de 02\/05\/2022 <a href=\"http:\/\/concursos2.fadesp.org.br\/proselunifesspa2022\/arquivos\/GABARITO\/GABARITO OFICIAL PRELIMINAR_PROSEL 2022.pdf\"><strong>(Clique Aqui)<\/strong><\/a><\/div>\n<div style=\"text-align: center; margin-top: 15px;\">\n\nProva Prosel, de 02\/05\/2022 <a href=\"http:\/\/concursos2.fadesp.org.br\/proselunifesspa2022\/arquivos\/PROVA\/PROVA PROSEL 2022.pdf\"><strong>(Clique Aqui)<\/strong><\/a>\n\n<span style=\"font-size: 14.4px; font-style: normal; font-variant-ligatures: normal; font-variant-caps: normal; font-weight: 400;\">Demanda, de 28\/04 <\/span><span style=\"font-variant-ligatures: normal; font-variant-caps: normal; font-size: 14.4px; font-style: normal; font-weight: bolder;\">(<a style=\"font-size: 14.4px;\" href=\"http:\/\/concursos2.fadesp.org.br\/proselunifesspa2022\/arquivos\/Demanda de Inscritos.pdf\">Clique Aqui)<\/a><\/span>\n\n<span style=\"font-size: 14.4px; font-style: normal; font-variant-ligatures: normal; font-variant-caps: normal; font-weight: 400;\">Edital n\u00ba 12\/2022 &#8211; Resultado Definitivo de Atendimentos Especiais, de 19\/04 <\/span><span style=\"font-variant-ligatures: normal; font-variant-caps: normal; font-size: 14.4px; font-style: normal; font-weight: bolder;\">(<a style=\"font-size: 14.4px;\" href=\"http:\/\/concursos2.fadesp.org.br\/proselunifesspa2022\/arquivos\/Edital 12 Resultado Definitivo de Atendimentos Especiais.pdf\">Clique Aqui)<\/a><\/span>\n\n<span style=\"font-size: 14.4px; font-style: normal; font-variant-ligatures: normal; font-variant-caps: normal; font-weight: 400;\">Edital n\u00ba 11\/2022 &#8211; Resultado Definitivo de PcD Concorrentes, de 19\/04 <\/span><span style=\"font-variant-ligatures: normal; font-variant-caps: normal; font-size: 14.4px; font-style: normal; font-weight: bolder;\">(<a style=\"font-size: 14.4px;\" href=\"http:\/\/concursos2.fadesp.org.br\/proselunifesspa2022\/arquivos\/Edital 11 Resultado Definitivo de PcD Concorrentes.pdf\">Clique Aqui)<\/a><\/span>\n\nEdital n\u00ba 10\/2022 &#8211; Resultado Definitivo das Inscri\u00e7\u00f5es, de 19\/04 <strong>(<a href=\"http:\/\/concursos2.fadesp.org.br\/proselunifesspa2022\/arquivos\/Edital 10 Resultado Definitivo das Inscri\u00e7\u00f5es Deferidas.pdf\">Clique Aqui)<\/a><\/strong>\n\n<span style=\"font-size: 14.4px; font-style: normal; font-variant-ligatures: normal; font-variant-caps: normal; font-weight: 400;\">Edital n\u00ba 09\/2022 &#8211; Resultado Preliminar de Atendimentos Especiais, de 08\/04 <\/span><span style=\"font-variant-ligatures: normal; font-variant-caps: normal; font-size: 14.4px; font-style: normal; font-weight: bolder;\">(<a style=\"font-size: 14.4px;\" href=\"http:\/\/concursos2.fadesp.org.br\/proselunifesspa2022\/arquivos\/Edital 09 Resultado Preliminar de Atendimentos Especiais.pdf\">Clique Aqui)<\/a><\/span>\n\n<span style=\"font-size: 14.4px; font-style: normal; font-variant-ligatures: normal; font-variant-caps: normal; font-weight: 400;\">Edital n\u00ba 08\/2022 &#8211; Resultado Preliminar de PcD Concorrentes, de 08\/04\u00a0<\/span><span style=\"font-variant-ligatures: normal; font-variant-caps: normal; font-size: 14.4px; font-style: normal; font-weight: bolder;\">(<a style=\"font-size: 14.4px;\" href=\"http:\/\/concursos2.fadesp.org.br\/proselunifesspa2022\/arquivos\/Edital 08 Resultado Preliminar de PcD Concorrentes.pdf\">Clique Aqui)<\/a><\/span>\n\nEdital n\u00ba 07\/2022 &#8211; Resultado Preliminar das Inscri\u00e7\u00f5es, de 08\/04 <strong>(<a href=\"http:\/\/concursos2.fadesp.org.br\/proselunifesspa2022\/arquivos\/Edital 07 Resultado Preliminar das Inscri\u00e7\u00f5es Deferidas.pdf\">Clique Aqui)<\/a><\/strong>\n\nCronograma &#8211; Segunda Retifica\u00e7\u00e3o, de 01\/04\/2022 <strong>(<a href=\"http:\/\/concursos2.fadesp.org.br\/proselunifesspa2022\/arquivos\/Cronograma_Segunda_Retificacao.pdf\">Clique Aqui)<\/a><\/strong>\n\nNovo Cronograma &#8211; Retificado<strong>(<a href=\"http:\/\/concursos2.fadesp.org.br\/proselunifesspa2022\/arquivos\/Cronograma_PROSEL_2022_Atualizado.pdf\">Clique Aqui<\/a>)<\/strong>\n\nEdital n\u00ba 06\/2022 \u2013 Resultado Definitivo de Isen\u00e7\u00e3o por PcD, de 14\/03\/2022 (<strong><a href=\"http:\/\/concursos2.fadesp.org.br\/proselunifesspa2022\/arquivos\/Edital_n06_Resultado_Definitivo_Isen\u00e7\u00e3o_PcD.pdf\">Clique Aqui<\/a><\/strong>)\n\nEdital n\u00ba 05\/2022 \u2013 Resultado Definitivo de Isen\u00e7\u00e3o por Hipossufici\u00eancia, de 14\/03\/2022 (<strong><a href=\"http:\/\/concursos2.fadesp.org.br\/proselunifesspa2022\/arquivos\/Edital_n05_Resultado_Definitivo_Isen\u00e7\u00e3o_por_Hipossuficiencia.pdf\">Clique Aqui<\/a><\/strong>)\n\nEdital n\u00ba 04\/2022 \u2013 Resultado Preliminar de Isen\u00e7\u00e3o por PcD, de 09\/03\/2022 (<strong><a href=\"http:\/\/concursos2.fadesp.org.br\/proselunifesspa2022\/arquivos\/Edital_n4_Resultado_Isen\u00e7\u00e3o_PcD.pdf\">Clique Aqui<\/a><\/strong>)\n\nEdital n\u00ba 03\/2022 \u2013 Resultado Preliminar de Isen\u00e7\u00e3o por Hipossufici\u00eancia, de 09\/03\/2022 (<strong><a href=\"http:\/\/concursos2.fadesp.org.br\/proselunifesspa2022\/arquivos\/Edital_n3_Resultado_Isen\u00e7\u00e3o_Hipossuficiencia.pdf\">Clique Aqui<\/a><\/strong>)\n\nEdital n\u00ba 02\/2022, de 08\/03\/2022 (<strong><a href=\"http:\/\/concursos2.fadesp.org.br\/proselunifesspa2022\/arquivos\/Edital_PROSEL_2022_UNIFESSPA.pdf\">Clique Aqui<\/a><\/strong>)\n\n<\/div>\t\t\t\t\t\t\t\t<\/div>\n\t\t\t\t<\/div>\n\t\t\t\t\t<\/div>\n\t\t<\/div>\n\t\t\t\t\t<\/div>\n\t\t<\/section>\n\t\t\t\t\t<\/div>\n\t\t<\/div>\n\t\t\t\t\t<\/div>\n\t\t<\/section>\n\t\t\t\t<\/div>\n\t\t","protected":false},"excerpt":{"rendered":"<p>Processo Seletivo Especial UNIFESSPA 2022 (PROSEL ESP UNIFESSPA) O Reitor da\u00a0Universidade Federal do Sul e Sudeste do Par\u00e1 (Unifesspa) torna p\u00fablica a realiza\u00e7\u00e3o do Processo Seletivo Especial 2022 (PROSEL ESP UNIFESSPA 2022), destinado a selecionar candidatos para o provimento de vagas nos cursos presenciais de gradua\u00e7\u00e3o, em regime especial, mediante conv\u00eanio celebrado com a\u00a0Secretaria de [&hellip;]<\/p>\n","protected":false},"author":9,"featured_media":0,"parent":329,"menu_order":0,"comment_status":"closed","ping_status":"closed","template":"","meta":{"_monsterinsights_skip_tracking":false,"_monsterinsights_sitenote_active":false,"_monsterinsights_sitenote_note":"","_monsterinsights_sitenote_category":0,"footnotes":""},"class_list":["post-25305","page","type-page","status-publish","hentry","entry"],"yoast_head":"<!-- This site is optimized with the Yoast SEO plugin v25.1 - https:\/\/yoast.com\/wordpress\/plugins\/seo\/ -->\n<title>Processo Seletivo Especial UNIFESSPA 2022 (PROSEL ESP UNIFESSPA) - FADESP<\/title>\n<meta name=\"robots\" content=\"index, follow, max-snippet:-1, max-image-preview:large, max-video-preview:-1\" \/>\n<link rel=\"canonical\" href=\"https:\/\/portalfadesp.org.br\/?page_id=25305\" \/>\n<meta property=\"og:locale\" content=\"pt_BR\" \/>\n<meta property=\"og:type\" content=\"article\" \/>\n<meta property=\"og:title\" content=\"Processo Seletivo Especial UNIFESSPA 2022 (PROSEL ESP UNIFESSPA) - FADESP\" \/>\n<meta property=\"og:description\" content=\"Processo Seletivo Especial UNIFESSPA 2022 (PROSEL ESP UNIFESSPA) O Reitor da\u00a0Universidade Federal do Sul e Sudeste do Par\u00e1 (Unifesspa) torna p\u00fablica a realiza\u00e7\u00e3o do Processo Seletivo Especial 2022 (PROSEL ESP UNIFESSPA 2022), destinado a selecionar candidatos para o provimento de vagas nos cursos presenciais de gradua\u00e7\u00e3o, em regime especial, mediante conv\u00eanio celebrado com a\u00a0Secretaria de [&hellip;]\" \/>\n<meta property=\"og:url\" content=\"https:\/\/portalfadesp.org.br\/?page_id=25305\" \/>\n<meta property=\"og:site_name\" content=\"FADESP\" \/>\n<meta property=\"article:publisher\" content=\"https:\/\/www.facebook.com\/Fadesp-138351949524662\/\" \/>\n<meta property=\"article:modified_time\" content=\"2022-12-21T15:47:13+00:00\" \/>\n<meta name=\"twitter:card\" content=\"summary_large_image\" \/>\n<meta name=\"twitter:site\" content=\"@Fadesp\" \/>\n<meta name=\"twitter:label1\" content=\"Est. tempo de leitura\" \/>\n\t<meta name=\"twitter:data1\" content=\"2 minutos\" \/>\n<script type=\"application\/ld+json\" class=\"yoast-schema-graph\">{\"@context\":\"https:\/\/schema.org\",\"@graph\":[{\"@type\":\"WebPage\",\"@id\":\"https:\/\/portalfadesp.org.br\/?page_id=25305\",\"url\":\"https:\/\/portalfadesp.org.br\/?page_id=25305\",\"name\":\"Processo Seletivo Especial UNIFESSPA 2022 (PROSEL ESP UNIFESSPA) - FADESP\",\"isPartOf\":{\"@id\":\"https:\/\/portalfadesp.org.br\/#website\"},\"datePublished\":\"2022-02-25T14:15:11+00:00\",\"dateModified\":\"2022-12-21T15:47:13+00:00\",\"breadcrumb\":{\"@id\":\"https:\/\/portalfadesp.org.br\/?page_id=25305#breadcrumb\"},\"inLanguage\":\"pt-BR\",\"potentialAction\":[{\"@type\":\"ReadAction\",\"target\":[\"https:\/\/portalfadesp.org.br\/?page_id=25305\"]}]},{\"@type\":\"BreadcrumbList\",\"@id\":\"https:\/\/portalfadesp.org.br\/?page_id=25305#breadcrumb\",\"itemListElement\":[{\"@type\":\"ListItem\",\"position\":1,\"name\":\"In\u00edcio\",\"item\":\"https:\/\/portalfadesp.org.br\/\"},{\"@type\":\"ListItem\",\"position\":2,\"name\":\"Concursos &#8211; Homologados\",\"item\":\"https:\/\/portalfadesp.org.br\/?page_id=329\"},{\"@type\":\"ListItem\",\"position\":3,\"name\":\"Processo Seletivo Especial UNIFESSPA 2022 (PROSEL ESP UNIFESSPA)\"}]},{\"@type\":\"WebSite\",\"@id\":\"https:\/\/portalfadesp.org.br\/#website\",\"url\":\"https:\/\/portalfadesp.org.br\/\",\"name\":\"FADESP\",\"description\":\"Funda\u00e7\u00e3o de Amparo e Desenvolvimento da Pesquisa\",\"publisher\":{\"@id\":\"https:\/\/portalfadesp.org.br\/#organization\"},\"potentialAction\":[{\"@type\":\"SearchAction\",\"target\":{\"@type\":\"EntryPoint\",\"urlTemplate\":\"https:\/\/portalfadesp.org.br\/?s={search_term_string}\"},\"query-input\":{\"@type\":\"PropertyValueSpecification\",\"valueRequired\":true,\"valueName\":\"search_term_string\"}}],\"inLanguage\":\"pt-BR\"},{\"@type\":\"Organization\",\"@id\":\"https:\/\/portalfadesp.org.br\/#organization\",\"name\":\"FADESP\",\"url\":\"https:\/\/portalfadesp.org.br\/\",\"logo\":{\"@type\":\"ImageObject\",\"inLanguage\":\"pt-BR\",\"@id\":\"https:\/\/portalfadesp.org.br\/#\/schema\/logo\/image\/\",\"url\":\"https:\/\/portalfadesp.org.br\/wp-content\/uploads\/2024\/01\/NOVOLOGOFADESPlaranjaH.png\",\"contentUrl\":\"https:\/\/portalfadesp.org.br\/wp-content\/uploads\/2024\/01\/NOVOLOGOFADESPlaranjaH.png\",\"width\":2742,\"height\":839,\"caption\":\"FADESP\"},\"image\":{\"@id\":\"https:\/\/portalfadesp.org.br\/#\/schema\/logo\/image\/\"},\"sameAs\":[\"https:\/\/www.facebook.com\/Fadesp-138351949524662\/\",\"https:\/\/x.com\/Fadesp\",\"https:\/\/www.instagram.com\/fadesp_ufpa\/\",\"https:\/\/www.youtube.com\/@fundacaodeamparoedesenvolv1903\",\"https:\/\/www.threads.net\/@fadesp_ufpa\"]}]}<\/script>\n<!-- \/ Yoast SEO plugin. -->","yoast_head_json":{"title":"Processo Seletivo Especial UNIFESSPA 2022 (PROSEL ESP UNIFESSPA) - FADESP","robots":{"index":"index","follow":"follow","max-snippet":"max-snippet:-1","max-image-preview":"max-image-preview:large","max-video-preview":"max-video-preview:-1"},"canonical":"https:\/\/portalfadesp.org.br\/?page_id=25305","og_locale":"pt_BR","og_type":"article","og_title":"Processo Seletivo Especial UNIFESSPA 2022 (PROSEL ESP UNIFESSPA) - FADESP","og_description":"Processo Seletivo Especial UNIFESSPA 2022 (PROSEL ESP UNIFESSPA) O Reitor da\u00a0Universidade Federal do Sul e Sudeste do Par\u00e1 (Unifesspa) torna p\u00fablica a realiza\u00e7\u00e3o do Processo Seletivo Especial 2022 (PROSEL ESP UNIFESSPA 2022), destinado a selecionar candidatos para o provimento de vagas nos cursos presenciais de gradua\u00e7\u00e3o, em regime especial, mediante conv\u00eanio celebrado com a\u00a0Secretaria de [&hellip;]","og_url":"https:\/\/portalfadesp.org.br\/?page_id=25305","og_site_name":"FADESP","article_publisher":"https:\/\/www.facebook.com\/Fadesp-138351949524662\/","article_modified_time":"2022-12-21T15:47:13+00:00","twitter_card":"summary_large_image","twitter_site":"@Fadesp","twitter_misc":{"Est. tempo de leitura":"2 minutos"},"schema":{"@context":"https:\/\/schema.org","@graph":[{"@type":"WebPage","@id":"https:\/\/portalfadesp.org.br\/?page_id=25305","url":"https:\/\/portalfadesp.org.br\/?page_id=25305","name":"Processo Seletivo Especial UNIFESSPA 2022 (PROSEL ESP UNIFESSPA) - FADESP","isPartOf":{"@id":"https:\/\/portalfadesp.org.br\/#website"},"datePublished":"2022-02-25T14:15:11+00:00","dateModified":"2022-12-21T15:47:13+00:00","breadcrumb":{"@id":"https:\/\/portalfadesp.org.br\/?page_id=25305#breadcrumb"},"inLanguage":"pt-BR","potentialAction":[{"@type":"ReadAction","target":["https:\/\/portalfadesp.org.br\/?page_id=25305"]}]},{"@type":"BreadcrumbList","@id":"https:\/\/portalfadesp.org.br\/?page_id=25305#breadcrumb","itemListElement":[{"@type":"ListItem","position":1,"name":"In\u00edcio","item":"https:\/\/portalfadesp.org.br\/"},{"@type":"ListItem","position":2,"name":"Concursos &#8211; Homologados","item":"https:\/\/portalfadesp.org.br\/?page_id=329"},{"@type":"ListItem","position":3,"name":"Processo Seletivo Especial UNIFESSPA 2022 (PROSEL ESP UNIFESSPA)"}]},{"@type":"WebSite","@id":"https:\/\/portalfadesp.org.br\/#website","url":"https:\/\/portalfadesp.org.br\/","name":"FADESP","description":"Funda\u00e7\u00e3o de Amparo e Desenvolvimento da Pesquisa","publisher":{"@id":"https:\/\/portalfadesp.org.br\/#organization"},"potentialAction":[{"@type":"SearchAction","target":{"@type":"EntryPoint","urlTemplate":"https:\/\/portalfadesp.org.br\/?s={search_term_string}"},"query-input":{"@type":"PropertyValueSpecification","valueRequired":true,"valueName":"search_term_string"}}],"inLanguage":"pt-BR"},{"@type":"Organization","@id":"https:\/\/portalfadesp.org.br\/#organization","name":"FADESP","url":"https:\/\/portalfadesp.org.br\/","logo":{"@type":"ImageObject","inLanguage":"pt-BR","@id":"https:\/\/portalfadesp.org.br\/#\/schema\/logo\/image\/","url":"https:\/\/portalfadesp.org.br\/wp-content\/uploads\/2024\/01\/NOVOLOGOFADESPlaranjaH.png","contentUrl":"https:\/\/portalfadesp.org.br\/wp-content\/uploads\/2024\/01\/NOVOLOGOFADESPlaranjaH.png","width":2742,"height":839,"caption":"FADESP"},"image":{"@id":"https:\/\/portalfadesp.org.br\/#\/schema\/logo\/image\/"},"sameAs":["https:\/\/www.facebook.com\/Fadesp-138351949524662\/","https:\/\/x.com\/Fadesp","https:\/\/www.instagram.com\/fadesp_ufpa\/","https:\/\/www.youtube.com\/@fundacaodeamparoedesenvolv1903","https:\/\/www.threads.net\/@fadesp_ufpa"]}]}},"_links":{"self":[{"href":"https:\/\/portalfadesp.org.br\/index.php?rest_route=\/wp\/v2\/pages\/25305","targetHints":{"allow":["GET"]}}],"collection":[{"href":"https:\/\/portalfadesp.org.br\/index.php?rest_route=\/wp\/v2\/pages"}],"about":[{"href":"https:\/\/portalfadesp.org.br\/index.php?rest_route=\/wp\/v2\/types\/page"}],"author":[{"embeddable":true,"href":"https:\/\/portalfadesp.org.br\/index.php?rest_route=\/wp\/v2\/users\/9"}],"replies":[{"embeddable":true,"href":"https:\/\/portalfadesp.org.br\/index.php?rest_route=%2Fwp%2Fv2%2Fcomments&post=25305"}],"version-history":[{"count":126,"href":"https:\/\/portalfadesp.org.br\/index.php?rest_route=\/wp\/v2\/pages\/25305\/revisions"}],"predecessor-version":[{"id":38372,"href":"https:\/\/portalfadesp.org.br\/index.php?rest_route=\/wp\/v2\/pages\/25305\/revisions\/38372"}],"up":[{"embeddable":true,"href":"https:\/\/portalfadesp.org.br\/index.php?rest_route=\/wp\/v2\/pages\/329"}],"wp:attachment":[{"href":"https:\/\/portalfadesp.org.br\/index.php?rest_route=%2Fwp%2Fv2%2Fmedia&parent=25305"}],"curies":[{"name":"wp","href":"https:\/\/api.w.org\/{rel}","templated":true}]}}