{"id":24873,"date":"2022-02-16T15:15:11","date_gmt":"2022-02-16T18:15:11","guid":{"rendered":"https:\/\/162.215.13.167?page_id=24873"},"modified":"2022-12-21T12:46:47","modified_gmt":"2022-12-21T15:46:47","slug":"processo-seletivo-2022-prosel-esp-vr-unifesspa-2022-vagas-remanescentes","status":"publish","type":"page","link":"https:\/\/portalfadesp.org.br\/?page_id=24873","title":{"rendered":"Processo Seletivo 2022 (PROSEL ESP VR UNIFESSPA 2022) \u2013 Vagas Remanescentes"},"content":{"rendered":"\t\t<div data-elementor-type=\"wp-post\" data-elementor-id=\"24873\" class=\"elementor elementor-24873\" data-elementor-post-type=\"page\">\n\t\t\t\t\t\t<section class=\"elementor-section elementor-top-section elementor-element elementor-element-1f2996d1 elementor-section-boxed elementor-section-height-default elementor-section-height-default\" data-id=\"1f2996d1\" data-element_type=\"section\">\n\t\t\t\t\t\t<div class=\"elementor-container elementor-column-gap-default\">\n\t\t\t\t\t<div class=\"elementor-column elementor-col-100 elementor-top-column elementor-element elementor-element-59a4b3f8\" data-id=\"59a4b3f8\" data-element_type=\"column\">\n\t\t\t<div class=\"elementor-widget-wrap elementor-element-populated\">\n\t\t\t\t\t\t<div class=\"elementor-element elementor-element-799471af elementor-widget elementor-widget-heading\" data-id=\"799471af\" data-element_type=\"widget\" data-widget_type=\"heading.default\">\n\t\t\t\t<div class=\"elementor-widget-container\">\n\t\t\t\t\t<h1 class=\"elementor-heading-title elementor-size-default\">Processo Seletivo 2022 (PROSEL ESP UNIFESSPA 2022) \u2013 Vagas Remanescentes\n<\/h1>\t\t\t\t<\/div>\n\t\t\t\t<\/div>\n\t\t\t\t<section class=\"elementor-section elementor-inner-section elementor-element elementor-element-336311f elementor-section-boxed elementor-section-height-default elementor-section-height-default\" data-id=\"336311f\" data-element_type=\"section\">\n\t\t\t\t\t\t<div class=\"elementor-container elementor-column-gap-default\">\n\t\t\t\t\t<div class=\"elementor-column elementor-col-50 elementor-inner-column elementor-element elementor-element-75ca0dc3\" data-id=\"75ca0dc3\" data-element_type=\"column\">\n\t\t\t<div class=\"elementor-widget-wrap elementor-element-populated\">\n\t\t\t\t\t\t<div class=\"elementor-element elementor-element-425a3096 elementor-widget elementor-widget-text-editor\" data-id=\"425a3096\" data-element_type=\"widget\" data-widget_type=\"text-editor.default\">\n\t\t\t\t<div class=\"elementor-widget-container\">\n\t\t\t\t\t\t\t\t\t<p>O Reitor da <strong><span style=\"font-family: Arial, sans-serif; padding: 0cm; background-image: initial; background-position: initial; background-size: initial; background-repeat: initial; background-attachment: initial; background-origin: initial; background-clip: initial; border: 1pt none windowtext;\">Universidade Federal do Sul e Sudeste do Par\u00e1 (UNIFESSPA)<\/span><\/strong>, no uso de suas\u00a0atribui\u00e7\u00f5es legais, torna p\u00fablica a realiza\u00e7\u00e3o do <b>Processo Seletivo Especial (PROSEL ESP VR <\/b><strong><span style=\"font-family: Arial, sans-serif; padding: 0cm; background-image: initial; background-position: initial; background-size: initial; background-repeat: initial; background-attachment: initial; background-origin: initial; background-clip: initial; border: 1pt none windowtext;\">UNIFESSPA<\/span><\/strong><b> 2022)<\/b>, destinado a selecionar\u00a0candidatos para o provimento de <strong>83<\/strong><b>\u00a0Vagas<br \/>Remanescentes <\/b>referente ao <b>Processo\u00a0Seletivo realizado pelo Edital n\u00ba 006\/2021 (PROSEL ESP <\/b><strong><span style=\"font-family: Arial, sans-serif; padding: 0cm; background-image: initial; background-position: initial; background-size: initial; background-repeat: initial; background-attachment: initial; background-origin: initial; background-clip: initial; border: 1pt none windowtext;\">UNIFESSPA<\/span><\/strong><b> 2021)<\/b> nos cursos presenciais de\u00a0gradua\u00e7\u00e3o, em regime especial, mediante conv\u00eanio celebrado com a <b>Secretaria de Estado de Ci\u00eancia, Tecnologia\u00a0e Educa\u00e7\u00e3o Profissional e Tecnol\u00f3gica (SECTET)<\/b>. Os referidos cursos ser\u00e3o\u00a0ofertados pelo <strong><span style=\"font-family: Arial, sans-serif; padding: 0cm; background-image: initial; background-position: initial; background-size: initial; background-repeat: initial; background-attachment: initial; background-origin: initial; background-clip: initial; border: 1pt none windowtext;\">Universidade Federal do Sul e Sudeste do Par\u00e1 (<\/span><\/strong><span style=\"font-variant-ligatures: normal; font-variant-caps: normal; font-size: 14.4px; font-style: normal; font-weight: bolder;\"><span style=\"padding: 0cm; font-family: Arial, sans-serif; font-size: 14.4px; background-image: initial; background-position: initial; background-size: initial; background-repeat: initial; background-attachment: initial; background-origin: initial; background-clip: initial; border: 1pt none windowtext;\">UNIFESSPA<\/span><\/span><strong><span style=\"font-family: Arial, sans-serif; padding: 0cm; background-image: initial; background-position: initial; background-size: initial; background-repeat: initial; background-attachment: initial; background-origin: initial; background-clip: initial; border: 1pt none windowtext;\">)<\/span><\/strong>,\u00a0mediante as condi\u00e7\u00f5es estabelecidas neste edital.<\/p><p style=\"margin: 0cm 0cm 0.0001pt; background-image: initial; background-position: initial; background-size: initial; background-repeat: initial; background-attachment: initial; background-origin: initial; background-clip: initial;\"><b><span style=\"font-size: 11pt;\">Vagas \u2013 83<br \/><\/span><\/b><\/p><p style=\"margin: 0cm 0cm 0.0001pt; background-image: initial; background-position: initial; background-size: initial; background-repeat: initial; background-attachment: initial; background-origin: initial; background-clip: initial;\"><b><span style=\"font-size: 11pt;\">\u00a0<\/span><\/b><\/p><p style=\"margin: 0cm 0cm 0.0001pt; background-image: initial; background-position: initial; background-size: initial; background-repeat: initial; background-attachment: initial; background-origin: initial; background-clip: initial;\"><span style=\"font-variant-ligatures: normal; font-variant-caps: normal;\"><strong><span style=\"font-size: 11pt; font-family: Arial, sans-serif; padding: 0cm; background-image: initial; background-position: initial; background-size: initial; background-repeat: initial; background-attachment: initial; background-origin: initial; background-clip: initial; border: 1pt none windowtext;\">Cursos \/ local\u00a0da oferta:<\/span><\/strong><span style=\"font-size: 11pt; font-family: Arial, sans-serif; background-image: initial; background-position: initial; background-size: initial; background-repeat: initial; background-attachment: initial; background-origin: initial; background-clip: initial;\"><span style=\"font-variant-ligatures: normal; font-variant-caps: normal;\">\u00a0Matem\u00e1tica (Cumaru do Norte), Matem\u00e1tica\u00a0(Santa Maria das Barreiras),\u00a0<\/span><\/span><\/span><span style=\"font-size: 14.6667px;\">Geologia (Ouril\u00e2ndia do Norte), <\/span><span style=\"font-variant-ligatures: normal; font-variant-caps: normal; font-size: 14.6667px;\">\u00a0Engenharia da Computa\u00e7\u00e3o (Nova Ipixuna), Zootecnia &#8211; Pi\u00e7arra e Engenharia Civil &#8211; Rio Maria.<\/span><\/p><p style=\"margin: 0cm 0cm 0.0001pt; background-image: initial; background-position: initial; background-size: initial; background-repeat: initial; background-attachment: initial; background-origin: initial; background-clip: initial;\"><span style=\"font-variant-ligatures: normal; font-variant-caps: normal; font-size: 14.6667px;\">\u00a0<\/span><\/p><p style=\"margin: 0cm 5.95pt 0.0001pt 6.45pt; text-align: center; background-image: initial; background-position: initial; background-size: initial; background-repeat: initial; background-attachment: initial; background-origin: initial; background-clip: initial; font-variant-ligatures: normal; font-variant-caps: normal;\" align=\"center\"><span style=\"font-size: 11pt; font-family: Arial, sans-serif;\">\u00a0<\/span><\/p><p style=\"margin: 0cm 0cm 0.0001pt; background-image: initial; background-position: initial; background-size: initial; background-repeat: initial; background-attachment: initial; background-origin: initial; background-clip: initial; font-variant-ligatures: normal; font-variant-caps: normal;\"><b><span style=\"font-size: 11pt;\">Requisitos \u2013\u00a0<\/span><\/b><span style=\"font-size: 11pt; font-family: Arial, sans-serif;\">Ensino M\u00e9dio completo ou\u00a0equivalente.<\/span><\/p><p style=\"margin: 0cm 0cm 0.0001pt; background-image: initial; background-position: initial; background-size: initial; background-repeat: initial; background-attachment: initial; background-origin: initial; background-clip: initial; font-variant-ligatures: normal; font-variant-caps: normal;\"><b><span style=\"font-size: 11pt;\">Taxa de inscri\u00e7\u00e3o \u2013\u00a0<\/span><\/b><span style=\"font-size: 11pt; font-family: Arial, sans-serif;\">R$ 80,00<\/span><\/p><p style=\"margin: 0cm 0cm 0.0001pt; background-image: initial; background-position: initial; background-size: initial; background-repeat: initial; background-attachment: initial; background-origin: initial; background-clip: initial; font-variant-ligatures: normal; font-variant-caps: normal;\"><span style=\"font-size: 11pt; font-family: Arial, sans-serif;\">\u00a0<\/span><\/p><p style=\"margin: 0cm 0cm 0.0001pt; background-image: initial; background-position: initial; background-size: initial; background-repeat: initial; background-attachment: initial; background-origin: initial; background-clip: initial; font-variant-ligatures: normal; font-variant-caps: normal;\"><span style=\"font-size: 11pt; font-family: Arial, sans-serif;\">\u2026\u2026\u2026\u2026\u2026\u2026\u2026\u2026\u2026\u2026..<\/span><\/p><p style=\"margin: 0cm 0cm 0.0001pt; background-image: initial; background-position: initial; background-size: initial; background-repeat: initial; background-attachment: initial; background-origin: initial; background-clip: initial; font-variant-ligatures: normal; font-variant-caps: normal;\"><span style=\"font-size: 11pt; font-family: Arial, sans-serif;\">\u00a0<\/span><\/p><p style=\"margin: 0cm 0cm 0.0001pt; background-image: initial; background-position: initial; background-size: initial; background-repeat: initial; background-attachment: initial; background-origin: initial; background-clip: initial; font-variant-ligatures: normal; font-variant-caps: normal;\"><b><span style=\"font-size: 11pt;\">Datas importantes<\/span><\/b><span style=\"font-size: 11pt; font-family: Arial, sans-serif;\">:<\/span><\/p><p style=\"margin: 0cm 0cm 0.0001pt; background-image: initial; background-position: initial; background-size: initial; background-repeat: initial; background-attachment: initial; background-origin: initial; background-clip: initial; font-variant-ligatures: normal; font-variant-caps: normal;\"><b><span style=\"font-size: 11pt;\">Per\u00edodo de Inscri\u00e7\u00e3o<\/span><\/b><span style=\"font-size: 11pt; font-family: Arial, sans-serif;\">\u00a0\u2013 22\/02\/2022 a 10\/03\/2022<\/span><\/p><p style=\"margin: 0cm 0cm 0.0001pt; background-image: initial; background-position: initial; background-size: initial; background-repeat: initial; background-attachment: initial; background-origin: initial; background-clip: initial; font-variant-ligatures: normal; font-variant-caps: normal;\"><b><span style=\"font-size: 10.5pt; font-family: Arial, sans-serif; padding: 0cm; border: 1pt none windowtext;\">Solicita\u00e7\u00e3o de isen\u00e7\u00e3o da taxa\u00a0de inscri\u00e7\u00e3o\u00a0<\/span><\/b><span style=\"font-size: 10.5pt; font-family: Arial, sans-serif; padding: 0cm; border: 1pt none windowtext;\">\u2013 22 a 28\/02\/2022<\/span><\/p><p style=\"margin: 0cm 0cm 0.0001pt; background-image: initial; background-position: initial; background-size: initial; background-repeat: initial; background-attachment: initial; background-origin: initial; background-clip: initial; font-variant-ligatures: normal; font-variant-caps: normal;\"><b><span style=\"font-size: 11pt;\">Resultado\u00a0preliminar da isen\u00e7\u00e3o de taxa de inscri\u00e7\u00e3o\u00a0<\/span><\/b><span style=\"font-size: 11pt; font-family: Arial, sans-serif; background-image: initial; background-position: initial; background-size: initial; background-repeat: initial; background-attachment: initial; background-origin: initial; background-clip: initial;\"><span style=\"font-variant-ligatures: normal; font-variant-caps: normal;\">\u2013 02\/03\/2022<\/span><\/span><\/p><p style=\"margin: 0cm 0cm 0.0001pt; background-image: initial; background-position: initial; background-size: initial; background-repeat: initial; background-attachment: initial; background-origin: initial; background-clip: initial;\"><b><span style=\"font-size: 11pt;\">Pagamento da taxa de inscri\u00e7\u00e3o<\/span><\/b><span style=\"font-size: 11pt; font-family: Arial, sans-serif;\">\u00a0\u2013\u00a011\/03<\/span><span style=\"font-family: Arial, sans-serif; font-size: 11pt;\">\/2022<\/span><\/p>\t\t\t\t\t\t\t\t<\/div>\n\t\t\t\t<\/div>\n\t\t\t\t\t<\/div>\n\t\t<\/div>\n\t\t\t\t<div class=\"elementor-column elementor-col-50 elementor-inner-column elementor-element elementor-element-79608089\" data-id=\"79608089\" data-element_type=\"column\">\n\t\t\t<div class=\"elementor-widget-wrap elementor-element-populated\">\n\t\t\t\t\t\t<div class=\"elementor-element elementor-element-37283151 elementor-widget elementor-widget-text-editor\" data-id=\"37283151\" data-element_type=\"widget\" data-widget_type=\"text-editor.default\">\n\t\t\t\t<div class=\"elementor-widget-container\">\n\t\t\t\t\t\t\t\t\t<p><span style=\"color: #ffffff;\"><b>Acompanhe sua Inscri\u00e7\u00e3o<\/b><\/span><\/p>\t\t\t\t\t\t\t\t<\/div>\n\t\t\t\t<\/div>\n\t\t\t\t<div class=\"elementor-element elementor-element-16533ad elementor-widget elementor-widget-text-editor\" data-id=\"16533ad\" data-element_type=\"widget\" data-widget_type=\"text-editor.default\">\n\t\t\t\t<div class=\"elementor-widget-container\">\n\t\t\t\t\t\t\t\t\t<div class=\"botaoBug\" style=\"margin-bottom: 10px;\"><strong><a href=\"http:\/\/concursos2.fadesp.org.br\/pssunifesspa2021_2\/web\/index.php\">\u00c1rea do Candidato (Clique Aqui)<\/a><\/strong><\/div><div class=\"botaoBug\" style=\"margin-bottom: 10px;\"><strong><a href=\"http:\/\/concursos2.fadesp.org.br\/pssunifesspa2021_2\/web\/index_recurso.php\">Recurso On-line (Clique Aqui)<\/a><\/strong><\/div>\t\t\t\t\t\t\t\t<\/div>\n\t\t\t\t<\/div>\n\t\t\t\t<div class=\"elementor-element elementor-element-346f138 elementor-widget elementor-widget-text-editor\" data-id=\"346f138\" data-element_type=\"widget\" data-widget_type=\"text-editor.default\">\n\t\t\t\t<div class=\"elementor-widget-container\">\n\t\t\t\t\t\t\t\t\t<div style=\"text-align: center;\"><strong>Nota T\u00e9cnica Jur\u00eddica, 14\/04\/2022<\/strong>\u00a0 <a href=\"http:\/\/concursos2.fadesp.org.br\/pssunifesspa2021_2\/arquivos\/Nota T\u00e9cnica Jur\u00eddica.pdf\"><strong>(Clique Aqui)<\/strong><\/a><\/div>\t\t\t\t\t\t\t\t<\/div>\n\t\t\t\t<\/div>\n\t\t\t\t<div class=\"elementor-element elementor-element-7ccac55 elementor-widget elementor-widget-text-editor\" data-id=\"7ccac55\" data-element_type=\"widget\" data-widget_type=\"text-editor.default\">\n\t\t\t\t<div class=\"elementor-widget-container\">\n\t\t\t\t\t\t\t\t\t<p><strong>Editais e Avisos<\/strong><\/p>\t\t\t\t\t\t\t\t<\/div>\n\t\t\t\t<\/div>\n\t\t\t\t<div class=\"elementor-element elementor-element-11781c9 elementor-widget elementor-widget-text-editor\" data-id=\"11781c9\" data-element_type=\"widget\" data-widget_type=\"text-editor.default\">\n\t\t\t\t<div class=\"elementor-widget-container\">\n\t\t\t\t\t\t\t\t\t<p>Edital n\u00ba 10\/2022 &#8211; Resultado Final &#8211; Classificados, de 14\/04\/2022\u00a0 <a href=\"http:\/\/concursos2.fadesp.org.br\/pssunifesspa2021_2\/arquivos\/Edital_n_10_Resultado_Final.pdf\"><strong>(Clique Aqui)<\/strong><\/a><\/p><p>Rela\u00e7\u00e3o com Pontua\u00e7\u00e3o em Ordem Alfab\u00e9tica, de 14\/04\/2022\u00a0 <a href=\"http:\/\/concursos2.fadesp.org.br\/pssunifesspa2021_2\/arquivos\/Rela\u00e7\u00e3o com pontua\u00e7\u00e3o em ordem alfab\u00e9tica.pdf\" data-wplink-url-error=\"true\"><strong>(Clique Aqui)<\/strong><\/a><\/p><p>Edital n\u00ba 09\/2022 &#8211; Resultado Definitivo da Valida\u00e7\u00e3o das Notas\/Conceitos e Bonifica\u00e7\u00e3o &#8211; Retificado, de 14\/04\/2022\u00a0 <a href=\"http:\/\/concursos2.fadesp.org.br\/pssunifesspa2021_2\/arquivos\/Edital_n_09_Resultado_Definitivo_de_Notas_e_Bonifica\u00e7\u00e3o - Retificado.pdf\" data-wplink-url-error=\"true\"><strong>(Clique Aqui)<\/strong><\/a><\/p><p>Edital n\u00ba 09\/2022 &#8211; Resultado Definitivo da Valida\u00e7\u00e3o das Notas\/Conceitos e Bonifica\u00e7\u00e3o, de 01\/04\/2022\u00a0 <a href=\"http:\/\/concursos2.fadesp.org.br\/pssunifesspa2021_2\/arquivos\/Edital_n_09_Resultado_Definitivo_de_Notas_e_Bonifica\u00e7\u00e3o.pdf\"><strong>(Clique Aqui)<\/strong><\/a><\/p><p>Edital n\u00ba 08\/2022 &#8211; Resultado Preliminar da Valida\u00e7\u00e3o das Notas\/Conceitos e Bonifica\u00e7\u00e3o, de 28\/03\/2022\u00a0 <a href=\"http:\/\/concursos2.fadesp.org.br\/pssunifesspa2021_2\/arquivos\/Edital_n_08_Resultado_Preliminar_de_Notas_e_Bonifica\u00e7\u00e3o.pdf\"><strong>(Clique Aqui)<\/strong><\/a><\/p><p>Cronograma &#8211; <strong>Retificado<\/strong>, de 24\/03\/2022\u00a0 <a href=\"http:\/\/concursos2.fadesp.org.br\/pssunifesspa2021_2\/arquivos\/Cronograma_Retificado_24032022.pdf\"><strong>(Clique Aqui)<\/strong><\/a><\/p><p>Edital n\u00ba 07\/2022 &#8211; Resultado Definitivo das Inscri\u00e7\u00f5es, de 17\/03\/2022\u00a0 <a href=\"http:\/\/concursos2.fadesp.org.br\/pssunifesspa2021_2\/arquivos\/Edital_n_07_Resultado_Definitivo_das_Inscri\u00e7\u00f5es.pdf\"><strong>(Clique Aqui)<\/strong><\/a><\/p><p>Edital n\u00ba 06\/2022 &#8211; Resultado Preliminar das Inscri\u00e7\u00f5es, de 14\/03\/2022\u00a0 <a href=\"http:\/\/concursos2.fadesp.org.br\/pssunifesspa2021_2\/arquivos\/Edital_n_06_Resultado_Preliminar_das_Inscri\u00e7\u00f5es.pdf\"><strong>(Clique Aqui)<\/strong><\/a><\/p><p>Edital n\u00ba 05\/2022 &#8211; Resultado Definitivo de Isen\u00e7\u00e3o por PcD, de 08\/03\/2022\u00a0 <a href=\"http:\/\/concursos2.fadesp.org.br\/pssunifesspa2021_2\/arquivos\/Edital_n_05_PROSEL_2021_UNIFESSPA_Resultado_Definitivo_Solicita\u00e7\u00e3o_de_Isen\u00e7\u00e3o_PcD.pdf\"><strong>(Clique Aqui)<\/strong><\/a><\/p><p>Edital n\u00ba 04\/2022 &#8211; Resultado Definitivo de Isen\u00e7\u00e3o por Hipossuficiente, de 08\/03\/2022\u00a0 <a href=\"http:\/\/concursos2.fadesp.org.br\/pssunifesspa2021_2\/arquivos\/Edital_n_04_PROSEL_2021_UNIFESSPA_Resultado_Definitivo_Solicita\u00e7\u00e3o_de_Isen\u00e7\u00e3o_Hipossuficiente.pdf\"><strong>(Clique Aqui)<\/strong><\/a><\/p><p>Edital n\u00ba 03\/2022 &#8211; Resultado Preliminar de Isen\u00e7\u00e3o por PcD, de 02\/03\/2022\u00a0 <a href=\"http:\/\/concursos2.fadesp.org.br\/pssunifesspa2021_2\/arquivos\/Edital_n_03_PROSEL_2021_UNIFESSPA_Solicita\u00e7\u00e3o_de_Isen\u00e7\u00e3o_PcD.pdf\"><strong>(Clique Aqui)<\/strong><\/a><\/p><p>Edital n\u00ba 02\/2022 &#8211; Resultado Preliminar de Isen\u00e7\u00e3o por Hipossuficiente, de 02\/03\/2022\u00a0 <a href=\"http:\/\/concursos2.fadesp.org.br\/pssunifesspa2021_2\/arquivos\/Edital_n_02_PROSEL_2021_UNIFESSPA_Solicita\u00e7\u00e3o_de_Isen\u00e7\u00e3o_Hipossuficiente.pdf\"><strong>(Clique Aqui)<\/strong><\/a><\/p><p>Passo a passo da Inscri\u00e7\u00e3o 22\/02\/2022\u00a0 <a href=\"http:\/\/concursos2.fadesp.org.br\/pssunifesspa2021_2\/arquivos\/Como_Fazer_Minha_Inscri\u00e7\u00e3o_no_PROSEL.pdf\"><strong>(Clique Aqui)<\/strong><\/a><\/p><p>Edital n\u00ba 01\/2022 UNIFESSPA &#8211; Retificado, de 22\/02\/2022\u00a0 <a href=\"http:\/\/concursos2.fadesp.org.br\/pssunifesspa2021_2\/arquivos\/Edital_PROSEL_2021_UNIFESSPA_Vagas_Remanescentes_Republicado.pdf\"><strong>(Clique Aqui)<\/strong><\/a><\/p>\t\t\t\t\t\t\t\t<\/div>\n\t\t\t\t<\/div>\n\t\t\t\t\t<\/div>\n\t\t<\/div>\n\t\t\t\t\t<\/div>\n\t\t<\/section>\n\t\t\t\t\t<\/div>\n\t\t<\/div>\n\t\t\t\t\t<\/div>\n\t\t<\/section>\n\t\t\t\t<\/div>\n\t\t","protected":false},"excerpt":{"rendered":"<p>Processo Seletivo 2022 (PROSEL ESP UNIFESSPA 2022) \u2013 Vagas Remanescentes O Reitor da Universidade Federal do Sul e Sudeste do Par\u00e1 (UNIFESSPA), no uso de suas\u00a0atribui\u00e7\u00f5es legais, torna p\u00fablica a realiza\u00e7\u00e3o do Processo Seletivo Especial (PROSEL ESP VR UNIFESSPA 2022), destinado a selecionar\u00a0candidatos para o provimento de 83\u00a0VagasRemanescentes referente ao Processo\u00a0Seletivo realizado pelo Edital n\u00ba [&hellip;]<\/p>\n","protected":false},"author":9,"featured_media":0,"parent":329,"menu_order":0,"comment_status":"closed","ping_status":"closed","template":"","meta":{"_monsterinsights_skip_tracking":false,"_monsterinsights_sitenote_active":false,"_monsterinsights_sitenote_note":"","_monsterinsights_sitenote_category":0,"footnotes":""},"class_list":["post-24873","page","type-page","status-publish","hentry","entry"],"yoast_head":"<!-- This site is optimized with the Yoast SEO plugin v25.1 - https:\/\/yoast.com\/wordpress\/plugins\/seo\/ -->\n<title>Processo Seletivo 2022 (PROSEL ESP VR UNIFESSPA 2022) \u2013 Vagas Remanescentes - FADESP<\/title>\n<meta name=\"robots\" content=\"index, follow, max-snippet:-1, max-image-preview:large, max-video-preview:-1\" \/>\n<link rel=\"canonical\" href=\"https:\/\/portalfadesp.org.br\/?page_id=24873\" \/>\n<meta property=\"og:locale\" content=\"pt_BR\" \/>\n<meta property=\"og:type\" content=\"article\" \/>\n<meta property=\"og:title\" content=\"Processo Seletivo 2022 (PROSEL ESP VR UNIFESSPA 2022) \u2013 Vagas Remanescentes - FADESP\" \/>\n<meta property=\"og:description\" content=\"Processo Seletivo 2022 (PROSEL ESP UNIFESSPA 2022) \u2013 Vagas Remanescentes O Reitor da Universidade Federal do Sul e Sudeste do Par\u00e1 (UNIFESSPA), no uso de suas\u00a0atribui\u00e7\u00f5es legais, torna p\u00fablica a realiza\u00e7\u00e3o do Processo Seletivo Especial (PROSEL ESP VR UNIFESSPA 2022), destinado a selecionar\u00a0candidatos para o provimento de 83\u00a0VagasRemanescentes referente ao Processo\u00a0Seletivo realizado pelo Edital n\u00ba [&hellip;]\" \/>\n<meta property=\"og:url\" content=\"https:\/\/portalfadesp.org.br\/?page_id=24873\" \/>\n<meta property=\"og:site_name\" content=\"FADESP\" \/>\n<meta property=\"article:publisher\" content=\"https:\/\/www.facebook.com\/Fadesp-138351949524662\/\" \/>\n<meta property=\"article:modified_time\" content=\"2022-12-21T15:46:47+00:00\" \/>\n<meta name=\"twitter:card\" content=\"summary_large_image\" \/>\n<meta name=\"twitter:site\" content=\"@Fadesp\" \/>\n<meta name=\"twitter:label1\" content=\"Est. tempo de leitura\" \/>\n\t<meta name=\"twitter:data1\" content=\"2 minutos\" \/>\n<script type=\"application\/ld+json\" class=\"yoast-schema-graph\">{\"@context\":\"https:\/\/schema.org\",\"@graph\":[{\"@type\":\"WebPage\",\"@id\":\"https:\/\/portalfadesp.org.br\/?page_id=24873\",\"url\":\"https:\/\/portalfadesp.org.br\/?page_id=24873\",\"name\":\"Processo Seletivo 2022 (PROSEL ESP VR UNIFESSPA 2022) \u2013 Vagas Remanescentes - FADESP\",\"isPartOf\":{\"@id\":\"https:\/\/portalfadesp.org.br\/#website\"},\"datePublished\":\"2022-02-16T18:15:11+00:00\",\"dateModified\":\"2022-12-21T15:46:47+00:00\",\"breadcrumb\":{\"@id\":\"https:\/\/portalfadesp.org.br\/?page_id=24873#breadcrumb\"},\"inLanguage\":\"pt-BR\",\"potentialAction\":[{\"@type\":\"ReadAction\",\"target\":[\"https:\/\/portalfadesp.org.br\/?page_id=24873\"]}]},{\"@type\":\"BreadcrumbList\",\"@id\":\"https:\/\/portalfadesp.org.br\/?page_id=24873#breadcrumb\",\"itemListElement\":[{\"@type\":\"ListItem\",\"position\":1,\"name\":\"In\u00edcio\",\"item\":\"https:\/\/portalfadesp.org.br\/\"},{\"@type\":\"ListItem\",\"position\":2,\"name\":\"Concursos &#8211; Homologados\",\"item\":\"https:\/\/portalfadesp.org.br\/?page_id=329\"},{\"@type\":\"ListItem\",\"position\":3,\"name\":\"Processo Seletivo 2022 (PROSEL ESP VR UNIFESSPA 2022) \u2013 Vagas Remanescentes\"}]},{\"@type\":\"WebSite\",\"@id\":\"https:\/\/portalfadesp.org.br\/#website\",\"url\":\"https:\/\/portalfadesp.org.br\/\",\"name\":\"FADESP\",\"description\":\"Funda\u00e7\u00e3o de Amparo e Desenvolvimento da Pesquisa\",\"publisher\":{\"@id\":\"https:\/\/portalfadesp.org.br\/#organization\"},\"potentialAction\":[{\"@type\":\"SearchAction\",\"target\":{\"@type\":\"EntryPoint\",\"urlTemplate\":\"https:\/\/portalfadesp.org.br\/?s={search_term_string}\"},\"query-input\":{\"@type\":\"PropertyValueSpecification\",\"valueRequired\":true,\"valueName\":\"search_term_string\"}}],\"inLanguage\":\"pt-BR\"},{\"@type\":\"Organization\",\"@id\":\"https:\/\/portalfadesp.org.br\/#organization\",\"name\":\"FADESP\",\"url\":\"https:\/\/portalfadesp.org.br\/\",\"logo\":{\"@type\":\"ImageObject\",\"inLanguage\":\"pt-BR\",\"@id\":\"https:\/\/portalfadesp.org.br\/#\/schema\/logo\/image\/\",\"url\":\"https:\/\/portalfadesp.org.br\/wp-content\/uploads\/2024\/01\/NOVOLOGOFADESPlaranjaH.png\",\"contentUrl\":\"https:\/\/portalfadesp.org.br\/wp-content\/uploads\/2024\/01\/NOVOLOGOFADESPlaranjaH.png\",\"width\":2742,\"height\":839,\"caption\":\"FADESP\"},\"image\":{\"@id\":\"https:\/\/portalfadesp.org.br\/#\/schema\/logo\/image\/\"},\"sameAs\":[\"https:\/\/www.facebook.com\/Fadesp-138351949524662\/\",\"https:\/\/x.com\/Fadesp\",\"https:\/\/www.instagram.com\/fadesp_ufpa\/\",\"https:\/\/www.youtube.com\/@fundacaodeamparoedesenvolv1903\",\"https:\/\/www.threads.net\/@fadesp_ufpa\"]}]}<\/script>\n<!-- \/ Yoast SEO plugin. -->","yoast_head_json":{"title":"Processo Seletivo 2022 (PROSEL ESP VR UNIFESSPA 2022) \u2013 Vagas Remanescentes - FADESP","robots":{"index":"index","follow":"follow","max-snippet":"max-snippet:-1","max-image-preview":"max-image-preview:large","max-video-preview":"max-video-preview:-1"},"canonical":"https:\/\/portalfadesp.org.br\/?page_id=24873","og_locale":"pt_BR","og_type":"article","og_title":"Processo Seletivo 2022 (PROSEL ESP VR UNIFESSPA 2022) \u2013 Vagas Remanescentes - FADESP","og_description":"Processo Seletivo 2022 (PROSEL ESP UNIFESSPA 2022) \u2013 Vagas Remanescentes O Reitor da Universidade Federal do Sul e Sudeste do Par\u00e1 (UNIFESSPA), no uso de suas\u00a0atribui\u00e7\u00f5es legais, torna p\u00fablica a realiza\u00e7\u00e3o do Processo Seletivo Especial (PROSEL ESP VR UNIFESSPA 2022), destinado a selecionar\u00a0candidatos para o provimento de 83\u00a0VagasRemanescentes referente ao Processo\u00a0Seletivo realizado pelo Edital n\u00ba [&hellip;]","og_url":"https:\/\/portalfadesp.org.br\/?page_id=24873","og_site_name":"FADESP","article_publisher":"https:\/\/www.facebook.com\/Fadesp-138351949524662\/","article_modified_time":"2022-12-21T15:46:47+00:00","twitter_card":"summary_large_image","twitter_site":"@Fadesp","twitter_misc":{"Est. tempo de leitura":"2 minutos"},"schema":{"@context":"https:\/\/schema.org","@graph":[{"@type":"WebPage","@id":"https:\/\/portalfadesp.org.br\/?page_id=24873","url":"https:\/\/portalfadesp.org.br\/?page_id=24873","name":"Processo Seletivo 2022 (PROSEL ESP VR UNIFESSPA 2022) \u2013 Vagas Remanescentes - FADESP","isPartOf":{"@id":"https:\/\/portalfadesp.org.br\/#website"},"datePublished":"2022-02-16T18:15:11+00:00","dateModified":"2022-12-21T15:46:47+00:00","breadcrumb":{"@id":"https:\/\/portalfadesp.org.br\/?page_id=24873#breadcrumb"},"inLanguage":"pt-BR","potentialAction":[{"@type":"ReadAction","target":["https:\/\/portalfadesp.org.br\/?page_id=24873"]}]},{"@type":"BreadcrumbList","@id":"https:\/\/portalfadesp.org.br\/?page_id=24873#breadcrumb","itemListElement":[{"@type":"ListItem","position":1,"name":"In\u00edcio","item":"https:\/\/portalfadesp.org.br\/"},{"@type":"ListItem","position":2,"name":"Concursos &#8211; Homologados","item":"https:\/\/portalfadesp.org.br\/?page_id=329"},{"@type":"ListItem","position":3,"name":"Processo Seletivo 2022 (PROSEL ESP VR UNIFESSPA 2022) \u2013 Vagas Remanescentes"}]},{"@type":"WebSite","@id":"https:\/\/portalfadesp.org.br\/#website","url":"https:\/\/portalfadesp.org.br\/","name":"FADESP","description":"Funda\u00e7\u00e3o de Amparo e Desenvolvimento da Pesquisa","publisher":{"@id":"https:\/\/portalfadesp.org.br\/#organization"},"potentialAction":[{"@type":"SearchAction","target":{"@type":"EntryPoint","urlTemplate":"https:\/\/portalfadesp.org.br\/?s={search_term_string}"},"query-input":{"@type":"PropertyValueSpecification","valueRequired":true,"valueName":"search_term_string"}}],"inLanguage":"pt-BR"},{"@type":"Organization","@id":"https:\/\/portalfadesp.org.br\/#organization","name":"FADESP","url":"https:\/\/portalfadesp.org.br\/","logo":{"@type":"ImageObject","inLanguage":"pt-BR","@id":"https:\/\/portalfadesp.org.br\/#\/schema\/logo\/image\/","url":"https:\/\/portalfadesp.org.br\/wp-content\/uploads\/2024\/01\/NOVOLOGOFADESPlaranjaH.png","contentUrl":"https:\/\/portalfadesp.org.br\/wp-content\/uploads\/2024\/01\/NOVOLOGOFADESPlaranjaH.png","width":2742,"height":839,"caption":"FADESP"},"image":{"@id":"https:\/\/portalfadesp.org.br\/#\/schema\/logo\/image\/"},"sameAs":["https:\/\/www.facebook.com\/Fadesp-138351949524662\/","https:\/\/x.com\/Fadesp","https:\/\/www.instagram.com\/fadesp_ufpa\/","https:\/\/www.youtube.com\/@fundacaodeamparoedesenvolv1903","https:\/\/www.threads.net\/@fadesp_ufpa"]}]}},"_links":{"self":[{"href":"https:\/\/portalfadesp.org.br\/index.php?rest_route=\/wp\/v2\/pages\/24873","targetHints":{"allow":["GET"]}}],"collection":[{"href":"https:\/\/portalfadesp.org.br\/index.php?rest_route=\/wp\/v2\/pages"}],"about":[{"href":"https:\/\/portalfadesp.org.br\/index.php?rest_route=\/wp\/v2\/types\/page"}],"author":[{"embeddable":true,"href":"https:\/\/portalfadesp.org.br\/index.php?rest_route=\/wp\/v2\/users\/9"}],"replies":[{"embeddable":true,"href":"https:\/\/portalfadesp.org.br\/index.php?rest_route=%2Fwp%2Fv2%2Fcomments&post=24873"}],"version-history":[{"count":108,"href":"https:\/\/portalfadesp.org.br\/index.php?rest_route=\/wp\/v2\/pages\/24873\/revisions"}],"predecessor-version":[{"id":38369,"href":"https:\/\/portalfadesp.org.br\/index.php?rest_route=\/wp\/v2\/pages\/24873\/revisions\/38369"}],"up":[{"embeddable":true,"href":"https:\/\/portalfadesp.org.br\/index.php?rest_route=\/wp\/v2\/pages\/329"}],"wp:attachment":[{"href":"https:\/\/portalfadesp.org.br\/index.php?rest_route=%2Fwp%2Fv2%2Fmedia&parent=24873"}],"curies":[{"name":"wp","href":"https:\/\/api.w.org\/{rel}","templated":true}]}}