{"id":24872,"date":"2022-02-16T15:15:04","date_gmt":"2022-02-16T18:15:04","guid":{"rendered":"https:\/\/162.215.13.167?page_id=24872"},"modified":"2022-12-20T10:44:47","modified_gmt":"2022-12-20T13:44:47","slug":"processo-seletivo-2022-prosel-esp-vr-ifpa-2022-vagas-remanescentes","status":"publish","type":"page","link":"https:\/\/portalfadesp.org.br\/?page_id=24872","title":{"rendered":"Processo Seletivo 2022 (PROSEL ESP VR IFPA 2022) &#8211; Vagas Remanescentes"},"content":{"rendered":"\t\t<div data-elementor-type=\"wp-page\" data-elementor-id=\"24872\" class=\"elementor elementor-24872\" data-elementor-post-type=\"page\">\n\t\t\t\t\t\t<section class=\"elementor-section elementor-top-section elementor-element elementor-element-e1804d9 elementor-section-boxed elementor-section-height-default elementor-section-height-default\" data-id=\"e1804d9\" data-element_type=\"section\">\n\t\t\t\t\t\t<div class=\"elementor-container elementor-column-gap-default\">\n\t\t\t\t\t<div class=\"elementor-column elementor-col-100 elementor-top-column elementor-element elementor-element-c64afbd\" data-id=\"c64afbd\" data-element_type=\"column\">\n\t\t\t<div class=\"elementor-widget-wrap elementor-element-populated\">\n\t\t\t\t\t\t<div class=\"elementor-element elementor-element-f66f9da elementor-widget elementor-widget-heading\" data-id=\"f66f9da\" data-element_type=\"widget\" data-widget_type=\"heading.default\">\n\t\t\t\t<div class=\"elementor-widget-container\">\n\t\t\t\t\t<h1 class=\"elementor-heading-title elementor-size-default\">Processo Seletivo 2022 (PROSEL ESP IFPA 2022) - Vagas Remanescentes<\/h1>\t\t\t\t<\/div>\n\t\t\t\t<\/div>\n\t\t\t\t<section class=\"elementor-section elementor-inner-section elementor-element elementor-element-dbb439d elementor-section-boxed elementor-section-height-default elementor-section-height-default\" data-id=\"dbb439d\" data-element_type=\"section\">\n\t\t\t\t\t\t<div class=\"elementor-container elementor-column-gap-default\">\n\t\t\t\t\t<div class=\"elementor-column elementor-col-50 elementor-inner-column elementor-element elementor-element-d7d3a1f\" data-id=\"d7d3a1f\" data-element_type=\"column\">\n\t\t\t<div class=\"elementor-widget-wrap elementor-element-populated\">\n\t\t\t\t\t\t<div class=\"elementor-element elementor-element-cc05b78 elementor-widget elementor-widget-text-editor\" data-id=\"cc05b78\" data-element_type=\"widget\" data-widget_type=\"text-editor.default\">\n\t\t\t\t<div class=\"elementor-widget-container\">\n\t\t\t\t\t\t\t\t\t<p>O Reitor do <b>Instituto Federal de Educa\u00e7\u00e3o, Ci\u00eancia e Tecnologia do Par\u00e1 (IFPA)<\/b>, designado pelo Decreto Presidencial de 31 de julho de 2019, publicado no DOU de\u00a001 de agosto de 2019, Se\u00e7\u00e3o 2, p\u00e1gina 1, no uso de suas atribui\u00e7\u00f5es legais e\u00a0regimentares, por este ato administrativo, torna p\u00fablica a realiza\u00e7\u00e3o do <b>Processo Seletivo Especial (PROSEL ESP VR\u00a0IFPA 2022)<\/b>, destinado a selecionar candidatos para o provimento de <strong>107 Vagas<\/strong>\u00a0Remanescentes referente ao <b>Processo<br \/>Seletivo realizado pelo Edital n\u00ba 22\/2021 (PROSEL ESP IFPA 2021)<\/b> nos cursos\u00a0presenciais de gradua\u00e7\u00e3o, em regime especial, mediante conv\u00eanio celebrado com a\u00a0<b>Secretaria de Estado de Ci\u00eancia,\u00a0Tecnologia e Educa\u00e7\u00e3o Profissional e Tecnol\u00f3gica (SECTET)<\/b>. Os referidos\u00a0cursos ser\u00e3o ofertados pelo <b>Instituto<br \/>Federal de Educa\u00e7\u00e3o, Ci\u00eancia e Tecnologia do Par\u00e1 (IFPA)<\/b>, mediante as\u00a0condi\u00e7\u00f5es estabelecidas neste edital.<\/p><p><strong>Vagas \u2013 107<\/strong><strong>\u00a0<\/strong><\/p><p><span style=\"font-variant-ligatures: normal; font-variant-caps: normal; font-size: 14.4px; font-style: normal; font-weight: bolder;\"><strong>Cursos \/ local da oferta<\/strong> \u2013\u00a0\u00a0<\/span><span style=\"font-size: 14.4px; font-style: normal; font-variant-ligatures: normal; font-variant-caps: normal; font-weight: 400;\">Engenharia de Pesca (Bonito), Engenharia de Alimentos (Santa Maria), Tecnologia em Gest\u00e3o Ambiental (Bel\u00e9m \u2013 Distrito de Icoaraci) e Tecnologia em Agroecologia (Bom Jesus do Tocantins).<\/span><\/p><p style=\"font-variant-ligatures: normal; font-variant-caps: normal; font-size: 14.4px; font-style: normal; font-weight: 400;\"><span style=\"font-family: inherit; font-size: 14.4px; font-weight: bolder;\">Requisitos \u2013\u00a0<\/span>Ensino M\u00e9dio completo ou equivalente.<\/p><p style=\"font-variant-ligatures: normal; font-variant-caps: normal; font-size: 14.4px; font-style: normal; font-weight: 400;\"><span style=\"font-family: inherit; font-size: 14.4px; font-weight: bolder;\">Taxa de inscri\u00e7\u00e3o \u2013\u00a0<\/span>R$ 80,00<\/p><p style=\"font-variant-ligatures: normal; font-variant-caps: normal; font-size: 14.4px; font-style: normal; font-weight: 400;\">\u2026\u2026\u2026\u2026\u2026\u2026\u2026\u2026\u2026\u2026..<\/p><p style=\"font-variant-ligatures: normal; font-variant-caps: normal; font-size: 14.4px; font-style: normal; font-weight: 400;\"><span style=\"font-family: inherit; font-size: 14.4px; font-weight: bolder;\">Datas importantes<\/span>:<\/p><p style=\"font-variant-ligatures: normal; font-variant-caps: normal; font-size: 14.4px; font-style: normal; font-weight: 400;\"><span style=\"font-family: inherit; font-size: 14.4px; font-weight: bolder;\">Per\u00edodo de Inscri\u00e7\u00e3o<\/span>\u00a0\u2013 22\/02\/2022 a 10\/03\/2022<\/p><p style=\"font-variant-ligatures: normal; font-variant-caps: normal; font-size: 14.4px; font-style: normal; font-weight: 400;\"><span style=\"font-size: 14px; font-weight: bolder;\">Solicita\u00e7\u00e3o de isen\u00e7\u00e3o da taxa de inscri\u00e7\u00e3o\u00a0<\/span><span style=\"font-size: 14px;\">\u2013 22 a 28\/02\/2022<\/span><\/p><p style=\"font-variant-ligatures: normal; font-variant-caps: normal; font-size: 14.4px; font-style: normal; font-weight: 400;\"><span style=\"font-family: inherit; font-size: 14.4px; font-weight: bolder;\">Resultado preliminar da isen\u00e7\u00e3o de taxa de inscri\u00e7\u00e3o <\/span>\u2013 02\/03\/2022<\/p><p style=\"font-variant-ligatures: normal; font-variant-caps: normal; font-size: 14.4px; font-style: normal; font-weight: 400;\"><span style=\"font-family: inherit; font-size: 14.4px; font-weight: bolder;\">Pagamento da taxa de inscri\u00e7\u00e3o<\/span>\u00a0\u2013 11\/03\/2022<\/p>\t\t\t\t\t\t\t\t<\/div>\n\t\t\t\t<\/div>\n\t\t\t\t\t<\/div>\n\t\t<\/div>\n\t\t\t\t<div class=\"elementor-column elementor-col-50 elementor-inner-column elementor-element elementor-element-51ef3c9\" data-id=\"51ef3c9\" data-element_type=\"column\">\n\t\t\t<div class=\"elementor-widget-wrap elementor-element-populated\">\n\t\t\t\t\t\t<div class=\"elementor-element elementor-element-552c919 elementor-widget elementor-widget-text-editor\" data-id=\"552c919\" data-element_type=\"widget\" data-widget_type=\"text-editor.default\">\n\t\t\t\t<div class=\"elementor-widget-container\">\n\t\t\t\t\t\t\t\t\t<p style=\"text-align: center;\"><span style=\"color: #ffffff;\"><b>Acompanhe sua Inscri\u00e7\u00e3o<\/b><\/span><\/p>\t\t\t\t\t\t\t\t<\/div>\n\t\t\t\t<\/div>\n\t\t\t\t<div class=\"elementor-element elementor-element-ae824ce elementor-widget elementor-widget-text-editor\" data-id=\"ae824ce\" data-element_type=\"widget\" data-widget_type=\"text-editor.default\">\n\t\t\t\t<div class=\"elementor-widget-container\">\n\t\t\t\t\t\t\t\t\t<div class=\"botaoBug\" style=\"margin-bottom: 10px;\"><strong><a href=\"http:\/\/concursos2.fadesp.org.br\/pssifpa2021_2\/web\/index.php\">\u00c1rea do Candidato (Clique Aqui)<\/a><\/strong><\/div><div class=\"botaoBug\" style=\"margin-bottom: 10px;\"><strong><a href=\"http:\/\/concursos2.fadesp.org.br\/pssifpa2021_2\/web\/index_recurso.php\">Recurso On-line (Clique Aqui)<\/a><\/strong><\/div>\t\t\t\t\t\t\t\t<\/div>\n\t\t\t\t<\/div>\n\t\t\t\t<div class=\"elementor-element elementor-element-00fc857 elementor-widget elementor-widget-text-editor\" data-id=\"00fc857\" data-element_type=\"widget\" data-widget_type=\"text-editor.default\">\n\t\t\t\t<div class=\"elementor-widget-container\">\n\t\t\t\t\t\t\t\t\t<div style=\"text-align: center;\"><strong>Nota T\u00e9cnica Jur\u00eddica, 14\/04\/2022<\/strong>\u00a0<a href=\"http:\/\/concursos2.fadesp.org.br\/pssifpa2021_2\/arquivos\/Nota T\u00e9cnica Jur\u00eddica.pdf\"><strong> (Clique Aqui)<\/strong><\/a><\/div>\t\t\t\t\t\t\t\t<\/div>\n\t\t\t\t<\/div>\n\t\t\t\t<div class=\"elementor-element elementor-element-69ea65d elementor-widget elementor-widget-text-editor\" data-id=\"69ea65d\" data-element_type=\"widget\" data-widget_type=\"text-editor.default\">\n\t\t\t\t<div class=\"elementor-widget-container\">\n\t\t\t\t\t\t\t\t\t<p style=\"text-align: center;\"><span style=\"color: #ffffff;\"><b>Editais e Avisos<br \/><\/b><\/span><\/p>\t\t\t\t\t\t\t\t<\/div>\n\t\t\t\t<\/div>\n\t\t\t\t<div class=\"elementor-element elementor-element-3117828 elementor-widget elementor-widget-text-editor\" data-id=\"3117828\" data-element_type=\"widget\" data-widget_type=\"text-editor.default\">\n\t\t\t\t<div class=\"elementor-widget-container\">\n\t\t\t\t\t\t\t\t\t<div style=\"text-align: center;\"><p>Edital n\u00ba 12\/2022 &#8211; Resultado Final &#8211; Classificados, de 14\/2022 <a style=\"font-variant-ligatures: normal; font-variant-caps: normal; font-family: Roboto, sans-serif; font-size: 14.4px; font-style: normal; font-weight: 400; background-color: #ffffff;\" href=\"http:\/\/concursos2.fadesp.org.br\/pssifpa2021_2\/arquivos\/Edital_n_12_Resultado_Final.pdf\"><span style=\"font-size: 14.4px; font-weight: bolder;\">(Clique Aqui)<\/span><\/a><\/p><p>Resultado com Pontua\u00e7\u00f5es em Ordem Alfab\u00e9tica, de 14\/04\/2022 <a style=\"font-variant-ligatures: normal; font-variant-caps: normal; font-family: Roboto, sans-serif; font-size: 14.4px; font-style: normal; font-weight: 400; background-color: #ffffff;\" href=\"http:\/\/concursos2.fadesp.org.br\/pssifpa2021_2\/arquivos\/Resultado com pontua\u00e7\u00f5es em ordem alfab\u00e9tica.pdf\" data-wplink-url-error=\"true\"><span style=\"font-size: 14.4px; font-weight: bolder;\">(Clique Aqui)<\/span><\/a><\/p><p><span style=\"font-variant-ligatures: normal; font-variant-caps: normal; font-family: Roboto, sans-serif; font-size: 14.4px; font-style: normal; font-weight: 400;\">Edital n\u00ba 11\/2022 &#8211; Resultado Definitivo da Valida\u00e7\u00e3o das Notas\/Conceitos e Bonifica\u00e7\u00e3o &#8211; Retificado, de 14\/04\/2022 <\/span><a style=\"font-variant-ligatures: normal; font-variant-caps: normal; font-family: Roboto, sans-serif; font-size: 14.4px; font-style: normal; font-weight: 400; background-color: #ffffff;\" href=\"http:\/\/concursos2.fadesp.org.br\/pssifpa2021_2\/arquivos\/Edital_n_11_Resultado_Definitivo_de_Notas_e_Bonifica\u00e7\u00e3o - Retificado.pdf\" data-wplink-url-error=\"true\"><span style=\"font-size: 14.4px; font-weight: bolder;\">(Clique Aqui)<\/span><\/a><\/p><p><span style=\"font-variant-ligatures: normal; font-variant-caps: normal; font-family: Roboto, sans-serif; font-size: 14.4px; font-style: normal; font-weight: 400;\">Edital n\u00ba 11\/2022 &#8211; Resultado Definitivo da Valida\u00e7\u00e3o das Notas\/Conceitos e Bonifica\u00e7\u00e3o, de 01\/04\/2022 <\/span><a style=\"font-variant-ligatures: normal; font-variant-caps: normal; font-family: Roboto, sans-serif; font-size: 14.4px; font-style: normal; font-weight: 400; background-color: #ffffff;\" href=\"http:\/\/concursos2.fadesp.org.br\/pssifpa2021_2\/arquivos\/Edital_n_11_Resultado_Definitivo_de_Notas_e_Bonifica\u00e7\u00e3o.pdf\"><span style=\"font-size: 14.4px; font-weight: bolder;\">(Clique Aqui)<\/span><\/a><span style=\"font-variant-ligatures: normal; font-variant-caps: normal; font-family: Roboto, sans-serif; font-size: 14.4px; font-style: normal; font-weight: 400;\"><br \/><\/span><\/p><p><span style=\"font-variant-ligatures: normal; font-variant-caps: normal; font-family: Roboto, sans-serif; font-size: 14.4px; font-style: normal; font-weight: 400;\">Edital n\u00ba 10\/2022 &#8211; Resultado Preliminar da Valida\u00e7\u00e3o das Notas\/Conceitos e Bonifica\u00e7\u00e3o, de 28\/03\/2022 <\/span><a style=\"font-variant-ligatures: normal; font-variant-caps: normal; font-family: Roboto, sans-serif; font-size: 14.4px; font-style: normal; font-weight: 400; background-color: #ffffff;\" href=\"http:\/\/concursos2.fadesp.org.br\/pssifpa2021_2\/arquivos\/Edital_n_10_Resultado_Preliminar_de_Notas_e_Bonifica\u00e7\u00e3o.pdf\"><span style=\"font-size: 14.4px; font-weight: bolder;\">(Clique Aqui)<\/span><\/a><\/p><p>Cronograma &#8211; <strong>Retificado<\/strong>, de 24\/03\/2022 <a href=\"http:\/\/concursos2.fadesp.org.br\/pssifpa2021_2\/arquivos\/Cornograma_Retificado24032022.pdf\"><strong>(Clique Aqui)<\/strong><\/a><\/p><p><span style=\"font-variant-ligatures: normal; font-variant-caps: normal; font-family: Roboto, sans-serif; font-size: 14.4px; font-style: normal; font-weight: 400;\">Edital n\u00ba 9\/2022 &#8211; Resultado Definitivo das Inscri\u00e7\u00f5es, de 17\/03\/2022 <\/span><a style=\"font-variant-ligatures: normal; font-variant-caps: normal; font-family: Roboto, sans-serif; font-size: 14.4px; font-style: normal; font-weight: 400; background-color: #ffffff;\" href=\"http:\/\/concursos2.fadesp.org.br\/pssifpa2021_2\/arquivos\/Edital_n9_Resultado_Definitivo_das_Inscri\u00e7\u00f5es.pdf\"><span style=\"font-size: 14.4px; font-weight: bolder;\">(Clique Aqui)<\/span><\/a><\/p><p><span style=\"font-variant-ligatures: normal; font-variant-caps: normal; font-family: Roboto, sans-serif; font-size: 14.4px; font-style: normal; font-weight: 400;\">Edital n\u00ba 8\/2022 &#8211; Resultado Preliminar das Inscri\u00e7\u00f5es, de 14\/03\/2022 <\/span><a style=\"font-variant-ligatures: normal; font-variant-caps: normal; font-family: Roboto, sans-serif; font-size: 14.4px; font-style: normal; font-weight: 400; background-color: #ffffff;\" href=\"http:\/\/concursos2.fadesp.org.br\/pssifpa2021_2\/arquivos\/Edital_n_8_Resultado_Preliminar_das_Inscri\u00e7\u00f5es.pdf\"><span style=\"font-size: 14.4px; font-weight: bolder;\">(Clique Aqui)<\/span><\/a><\/p><p><span style=\"font-variant-ligatures: normal; font-variant-caps: normal; font-family: Roboto, sans-serif; font-size: 14.4px; font-style: normal; font-weight: 400;\">Edital n\u00ba 7\/2022 &#8211; Resultado Definitivo Isen\u00e7\u00e3o por PcD, de 08\/03\/2022 <\/span><a style=\"font-variant-ligatures: normal; font-variant-caps: normal; font-family: Roboto, sans-serif; font-size: 14.4px; font-style: normal; font-weight: 400; background-color: #ffffff;\" href=\"http:\/\/concursos2.fadesp.org.br\/pssifpa2021_2\/arquivos\/Edital_n_7_PROSEL_2022_IFPA_Resultado_Definitivo_Isen\u00e7\u00e3o_por_PcD.pdf\"><span style=\"font-size: 14.4px; font-weight: bolder;\">(Clique Aqui)<\/span><\/a><\/p><p><span style=\"font-variant-ligatures: normal; font-variant-caps: normal; font-family: Roboto, sans-serif; font-size: 14.4px; font-style: normal; font-weight: 400;\">Edital n\u00ba 6\/2022 &#8211; Resultado Definitivo Isen\u00e7\u00e3o por Hipossufici\u00eancia, de 08\/03\/2022 <\/span><a style=\"font-variant-ligatures: normal; font-variant-caps: normal; font-family: Roboto, sans-serif; font-size: 14.4px; font-style: normal; font-weight: 400; background-color: #ffffff;\" href=\"http:\/\/concursos2.fadesp.org.br\/pssifpa2021_2\/arquivos\/Edital_n_6_PROSEL_2022_IFPA_Resultado_Definitivo_Isen\u00e7\u00e3o_por_Hipossufici\u00eancia.pdf\"><span style=\"font-size: 14.4px; font-weight: bolder;\">(Clique Aqui)<\/span><\/a><\/p><p><span style=\"font-variant-ligatures: normal; font-variant-caps: normal; font-family: Roboto, sans-serif; font-size: 14.4px; font-style: normal; font-weight: 400;\">Edital n\u00ba 5\/2022 &#8211; Resultado Preliminar Isen\u00e7\u00e3o por PcD, de 02\/03\/2022 <\/span><a style=\"font-variant-ligatures: normal; font-variant-caps: normal; font-family: Roboto, sans-serif; font-size: 14.4px; font-style: normal; font-weight: 400; background-color: #ffffff;\" href=\"http:\/\/concursos2.fadesp.org.br\/pssifpa2021_2\/arquivos\/Edital_n_5_PROSEL_2022_IFPA_Isen\u00e7\u00e3o_por_PcD.pdf\"><span style=\"font-size: 14.4px; font-weight: bolder;\">(Clique Aqui)<\/span><\/a><span style=\"font-family: Roboto, sans-serif; font-size: 14.4px; font-style: normal; font-variant-ligatures: normal; font-variant-caps: normal; font-weight: 400;\"><br \/><\/span><\/p><p><span style=\"font-family: Roboto, sans-serif; font-size: 14.4px; font-style: normal; font-variant-ligatures: normal; font-variant-caps: normal; font-weight: 400;\">Edital n\u00ba 4\/2022 &#8211; Resultado Preliminar Isen\u00e7\u00e3o por Hipossufici\u00eancia , de 02\/03\/2022\u00a0<\/span><a style=\"font-variant-ligatures: normal; font-variant-caps: normal; font-family: Roboto, sans-serif; font-size: 14.4px; font-style: normal; font-weight: 400; background-color: #ffffff;\" href=\"http:\/\/concursos2.fadesp.org.br\/pssifpa2021_2\/arquivos\/Edital_n_4_PROSEL_2022_IFPA_Isen\u00e7\u00e3o_por_Hipossufici\u00eancia.pdf\"><span style=\"font-size: 14.4px; font-weight: bolder;\">(Clique Aqui)<\/span><\/a><\/p><p>Passo a passo da Inscri\u00e7\u00e3o 22\/02\/2022\u00a0 <a href=\"http:\/\/concursos2.fadesp.org.br\/pssifpa2021_2\/arquivos\/Como_Fazer_Minha_Inscri\u00e7\u00e3o_no_PROSEL.pdf\"><strong>(Clique Aqui)<\/strong><\/a><\/p><p>Edital n\u00ba 3\/2022 IFPA, de 18\/02\/2022 <a href=\"http:\/\/concursos2.fadesp.org.br\/pssifpa2021_2\/arquivos\/Edital_n_03_PROSEL_2021_IFPA_Vagas_Remanescentes.pdf\"><strong>(Clique Aqui)<\/strong><\/a><\/p><div>\u00a0<\/div><\/div>\t\t\t\t\t\t\t\t<\/div>\n\t\t\t\t<\/div>\n\t\t\t\t\t<\/div>\n\t\t<\/div>\n\t\t\t\t\t<\/div>\n\t\t<\/section>\n\t\t\t\t\t<\/div>\n\t\t<\/div>\n\t\t\t\t\t<\/div>\n\t\t<\/section>\n\t\t\t\t<\/div>\n\t\t","protected":false},"excerpt":{"rendered":"<p>Processo Seletivo 2022 (PROSEL ESP IFPA 2022) &#8211; Vagas Remanescentes O Reitor do Instituto Federal de Educa\u00e7\u00e3o, Ci\u00eancia e Tecnologia do Par\u00e1 (IFPA), designado pelo Decreto Presidencial de 31 de julho de 2019, publicado no DOU de\u00a001 de agosto de 2019, Se\u00e7\u00e3o 2, p\u00e1gina 1, no uso de suas atribui\u00e7\u00f5es legais e\u00a0regimentares, por este ato [&hellip;]<\/p>\n","protected":false},"author":9,"featured_media":0,"parent":329,"menu_order":0,"comment_status":"closed","ping_status":"closed","template":"","meta":{"_monsterinsights_skip_tracking":false,"_monsterinsights_sitenote_active":false,"_monsterinsights_sitenote_note":"","_monsterinsights_sitenote_category":0,"footnotes":""},"class_list":["post-24872","page","type-page","status-publish","hentry","entry"],"yoast_head":"<!-- This site is optimized with the Yoast SEO plugin v25.1 - https:\/\/yoast.com\/wordpress\/plugins\/seo\/ -->\n<title>Processo Seletivo 2022 (PROSEL ESP VR IFPA 2022) - Vagas Remanescentes - FADESP<\/title>\n<meta name=\"robots\" content=\"index, follow, max-snippet:-1, max-image-preview:large, max-video-preview:-1\" \/>\n<link rel=\"canonical\" href=\"https:\/\/portalfadesp.org.br\/?page_id=24872\" \/>\n<meta property=\"og:locale\" content=\"pt_BR\" \/>\n<meta property=\"og:type\" content=\"article\" \/>\n<meta property=\"og:title\" content=\"Processo Seletivo 2022 (PROSEL ESP VR IFPA 2022) - Vagas Remanescentes - FADESP\" \/>\n<meta property=\"og:description\" content=\"Processo Seletivo 2022 (PROSEL ESP IFPA 2022) &#8211; Vagas Remanescentes O Reitor do Instituto Federal de Educa\u00e7\u00e3o, Ci\u00eancia e Tecnologia do Par\u00e1 (IFPA), designado pelo Decreto Presidencial de 31 de julho de 2019, publicado no DOU de\u00a001 de agosto de 2019, Se\u00e7\u00e3o 2, p\u00e1gina 1, no uso de suas atribui\u00e7\u00f5es legais e\u00a0regimentares, por este ato [&hellip;]\" \/>\n<meta property=\"og:url\" content=\"https:\/\/portalfadesp.org.br\/?page_id=24872\" \/>\n<meta property=\"og:site_name\" content=\"FADESP\" \/>\n<meta property=\"article:publisher\" content=\"https:\/\/www.facebook.com\/Fadesp-138351949524662\/\" \/>\n<meta property=\"article:modified_time\" content=\"2022-12-20T13:44:47+00:00\" \/>\n<meta name=\"twitter:card\" content=\"summary_large_image\" \/>\n<meta name=\"twitter:site\" content=\"@Fadesp\" \/>\n<meta name=\"twitter:label1\" content=\"Est. tempo de leitura\" \/>\n\t<meta name=\"twitter:data1\" content=\"2 minutos\" \/>\n<script type=\"application\/ld+json\" class=\"yoast-schema-graph\">{\"@context\":\"https:\/\/schema.org\",\"@graph\":[{\"@type\":\"WebPage\",\"@id\":\"https:\/\/portalfadesp.org.br\/?page_id=24872\",\"url\":\"https:\/\/portalfadesp.org.br\/?page_id=24872\",\"name\":\"Processo Seletivo 2022 (PROSEL ESP VR IFPA 2022) - Vagas Remanescentes - FADESP\",\"isPartOf\":{\"@id\":\"https:\/\/portalfadesp.org.br\/#website\"},\"datePublished\":\"2022-02-16T18:15:04+00:00\",\"dateModified\":\"2022-12-20T13:44:47+00:00\",\"breadcrumb\":{\"@id\":\"https:\/\/portalfadesp.org.br\/?page_id=24872#breadcrumb\"},\"inLanguage\":\"pt-BR\",\"potentialAction\":[{\"@type\":\"ReadAction\",\"target\":[\"https:\/\/portalfadesp.org.br\/?page_id=24872\"]}]},{\"@type\":\"BreadcrumbList\",\"@id\":\"https:\/\/portalfadesp.org.br\/?page_id=24872#breadcrumb\",\"itemListElement\":[{\"@type\":\"ListItem\",\"position\":1,\"name\":\"In\u00edcio\",\"item\":\"https:\/\/portalfadesp.org.br\/\"},{\"@type\":\"ListItem\",\"position\":2,\"name\":\"Concursos &#8211; Homologados\",\"item\":\"https:\/\/portalfadesp.org.br\/?page_id=329\"},{\"@type\":\"ListItem\",\"position\":3,\"name\":\"Processo Seletivo 2022 (PROSEL ESP VR IFPA 2022) &#8211; Vagas Remanescentes\"}]},{\"@type\":\"WebSite\",\"@id\":\"https:\/\/portalfadesp.org.br\/#website\",\"url\":\"https:\/\/portalfadesp.org.br\/\",\"name\":\"FADESP\",\"description\":\"Funda\u00e7\u00e3o de Amparo e Desenvolvimento da Pesquisa\",\"publisher\":{\"@id\":\"https:\/\/portalfadesp.org.br\/#organization\"},\"potentialAction\":[{\"@type\":\"SearchAction\",\"target\":{\"@type\":\"EntryPoint\",\"urlTemplate\":\"https:\/\/portalfadesp.org.br\/?s={search_term_string}\"},\"query-input\":{\"@type\":\"PropertyValueSpecification\",\"valueRequired\":true,\"valueName\":\"search_term_string\"}}],\"inLanguage\":\"pt-BR\"},{\"@type\":\"Organization\",\"@id\":\"https:\/\/portalfadesp.org.br\/#organization\",\"name\":\"FADESP\",\"url\":\"https:\/\/portalfadesp.org.br\/\",\"logo\":{\"@type\":\"ImageObject\",\"inLanguage\":\"pt-BR\",\"@id\":\"https:\/\/portalfadesp.org.br\/#\/schema\/logo\/image\/\",\"url\":\"https:\/\/portalfadesp.org.br\/wp-content\/uploads\/2024\/01\/NOVOLOGOFADESPlaranjaH.png\",\"contentUrl\":\"https:\/\/portalfadesp.org.br\/wp-content\/uploads\/2024\/01\/NOVOLOGOFADESPlaranjaH.png\",\"width\":2742,\"height\":839,\"caption\":\"FADESP\"},\"image\":{\"@id\":\"https:\/\/portalfadesp.org.br\/#\/schema\/logo\/image\/\"},\"sameAs\":[\"https:\/\/www.facebook.com\/Fadesp-138351949524662\/\",\"https:\/\/x.com\/Fadesp\",\"https:\/\/www.instagram.com\/fadesp_ufpa\/\",\"https:\/\/www.youtube.com\/@fundacaodeamparoedesenvolv1903\",\"https:\/\/www.threads.net\/@fadesp_ufpa\"]}]}<\/script>\n<!-- \/ Yoast SEO plugin. -->","yoast_head_json":{"title":"Processo Seletivo 2022 (PROSEL ESP VR IFPA 2022) - Vagas Remanescentes - FADESP","robots":{"index":"index","follow":"follow","max-snippet":"max-snippet:-1","max-image-preview":"max-image-preview:large","max-video-preview":"max-video-preview:-1"},"canonical":"https:\/\/portalfadesp.org.br\/?page_id=24872","og_locale":"pt_BR","og_type":"article","og_title":"Processo Seletivo 2022 (PROSEL ESP VR IFPA 2022) - Vagas Remanescentes - FADESP","og_description":"Processo Seletivo 2022 (PROSEL ESP IFPA 2022) &#8211; Vagas Remanescentes O Reitor do Instituto Federal de Educa\u00e7\u00e3o, Ci\u00eancia e Tecnologia do Par\u00e1 (IFPA), designado pelo Decreto Presidencial de 31 de julho de 2019, publicado no DOU de\u00a001 de agosto de 2019, Se\u00e7\u00e3o 2, p\u00e1gina 1, no uso de suas atribui\u00e7\u00f5es legais e\u00a0regimentares, por este ato [&hellip;]","og_url":"https:\/\/portalfadesp.org.br\/?page_id=24872","og_site_name":"FADESP","article_publisher":"https:\/\/www.facebook.com\/Fadesp-138351949524662\/","article_modified_time":"2022-12-20T13:44:47+00:00","twitter_card":"summary_large_image","twitter_site":"@Fadesp","twitter_misc":{"Est. tempo de leitura":"2 minutos"},"schema":{"@context":"https:\/\/schema.org","@graph":[{"@type":"WebPage","@id":"https:\/\/portalfadesp.org.br\/?page_id=24872","url":"https:\/\/portalfadesp.org.br\/?page_id=24872","name":"Processo Seletivo 2022 (PROSEL ESP VR IFPA 2022) - Vagas Remanescentes - FADESP","isPartOf":{"@id":"https:\/\/portalfadesp.org.br\/#website"},"datePublished":"2022-02-16T18:15:04+00:00","dateModified":"2022-12-20T13:44:47+00:00","breadcrumb":{"@id":"https:\/\/portalfadesp.org.br\/?page_id=24872#breadcrumb"},"inLanguage":"pt-BR","potentialAction":[{"@type":"ReadAction","target":["https:\/\/portalfadesp.org.br\/?page_id=24872"]}]},{"@type":"BreadcrumbList","@id":"https:\/\/portalfadesp.org.br\/?page_id=24872#breadcrumb","itemListElement":[{"@type":"ListItem","position":1,"name":"In\u00edcio","item":"https:\/\/portalfadesp.org.br\/"},{"@type":"ListItem","position":2,"name":"Concursos &#8211; Homologados","item":"https:\/\/portalfadesp.org.br\/?page_id=329"},{"@type":"ListItem","position":3,"name":"Processo Seletivo 2022 (PROSEL ESP VR IFPA 2022) &#8211; Vagas Remanescentes"}]},{"@type":"WebSite","@id":"https:\/\/portalfadesp.org.br\/#website","url":"https:\/\/portalfadesp.org.br\/","name":"FADESP","description":"Funda\u00e7\u00e3o de Amparo e Desenvolvimento da Pesquisa","publisher":{"@id":"https:\/\/portalfadesp.org.br\/#organization"},"potentialAction":[{"@type":"SearchAction","target":{"@type":"EntryPoint","urlTemplate":"https:\/\/portalfadesp.org.br\/?s={search_term_string}"},"query-input":{"@type":"PropertyValueSpecification","valueRequired":true,"valueName":"search_term_string"}}],"inLanguage":"pt-BR"},{"@type":"Organization","@id":"https:\/\/portalfadesp.org.br\/#organization","name":"FADESP","url":"https:\/\/portalfadesp.org.br\/","logo":{"@type":"ImageObject","inLanguage":"pt-BR","@id":"https:\/\/portalfadesp.org.br\/#\/schema\/logo\/image\/","url":"https:\/\/portalfadesp.org.br\/wp-content\/uploads\/2024\/01\/NOVOLOGOFADESPlaranjaH.png","contentUrl":"https:\/\/portalfadesp.org.br\/wp-content\/uploads\/2024\/01\/NOVOLOGOFADESPlaranjaH.png","width":2742,"height":839,"caption":"FADESP"},"image":{"@id":"https:\/\/portalfadesp.org.br\/#\/schema\/logo\/image\/"},"sameAs":["https:\/\/www.facebook.com\/Fadesp-138351949524662\/","https:\/\/x.com\/Fadesp","https:\/\/www.instagram.com\/fadesp_ufpa\/","https:\/\/www.youtube.com\/@fundacaodeamparoedesenvolv1903","https:\/\/www.threads.net\/@fadesp_ufpa"]}]}},"_links":{"self":[{"href":"https:\/\/portalfadesp.org.br\/index.php?rest_route=\/wp\/v2\/pages\/24872","targetHints":{"allow":["GET"]}}],"collection":[{"href":"https:\/\/portalfadesp.org.br\/index.php?rest_route=\/wp\/v2\/pages"}],"about":[{"href":"https:\/\/portalfadesp.org.br\/index.php?rest_route=\/wp\/v2\/types\/page"}],"author":[{"embeddable":true,"href":"https:\/\/portalfadesp.org.br\/index.php?rest_route=\/wp\/v2\/users\/9"}],"replies":[{"embeddable":true,"href":"https:\/\/portalfadesp.org.br\/index.php?rest_route=%2Fwp%2Fv2%2Fcomments&post=24872"}],"version-history":[{"count":130,"href":"https:\/\/portalfadesp.org.br\/index.php?rest_route=\/wp\/v2\/pages\/24872\/revisions"}],"predecessor-version":[{"id":36231,"href":"https:\/\/portalfadesp.org.br\/index.php?rest_route=\/wp\/v2\/pages\/24872\/revisions\/36231"}],"up":[{"embeddable":true,"href":"https:\/\/portalfadesp.org.br\/index.php?rest_route=\/wp\/v2\/pages\/329"}],"wp:attachment":[{"href":"https:\/\/portalfadesp.org.br\/index.php?rest_route=%2Fwp%2Fv2%2Fmedia&parent=24872"}],"curies":[{"name":"wp","href":"https:\/\/api.w.org\/{rel}","templated":true}]}}