{"id":24871,"date":"2022-02-16T15:14:56","date_gmt":"2022-02-16T18:14:56","guid":{"rendered":"https:\/\/162.215.13.167?page_id=24871"},"modified":"2022-12-21T12:46:40","modified_gmt":"2022-12-21T15:46:40","slug":"processo-seletivo-2022-prosel-esp-vr-ufra-2022-vagas-remanescentes","status":"publish","type":"page","link":"https:\/\/portalfadesp.org.br\/?page_id=24871","title":{"rendered":"Processo Seletivo 2022 (PROSEL ESP VR UFRA 2022) \u2013 Vagas Remanescentes"},"content":{"rendered":"\t\t<div data-elementor-type=\"wp-page\" data-elementor-id=\"24871\" class=\"elementor elementor-24871\" data-elementor-post-type=\"page\">\n\t\t\t\t\t\t<section class=\"elementor-section elementor-top-section elementor-element elementor-element-7759e82 elementor-section-boxed elementor-section-height-default elementor-section-height-default\" data-id=\"7759e82\" data-element_type=\"section\">\n\t\t\t\t\t\t<div class=\"elementor-container elementor-column-gap-default\">\n\t\t\t\t\t<div class=\"elementor-column elementor-col-100 elementor-top-column elementor-element elementor-element-288dbe9\" data-id=\"288dbe9\" data-element_type=\"column\">\n\t\t\t<div class=\"elementor-widget-wrap elementor-element-populated\">\n\t\t\t\t\t\t<div class=\"elementor-element elementor-element-1ce31c8 elementor-widget elementor-widget-heading\" data-id=\"1ce31c8\" data-element_type=\"widget\" data-widget_type=\"heading.default\">\n\t\t\t\t<div class=\"elementor-widget-container\">\n\t\t\t\t\t<h1 class=\"elementor-heading-title elementor-size-default\">Processo Seletivo 2022 (PROSEL ESP UFRA 2022) \u2013 Vagas Remanescentes<\/h1>\t\t\t\t<\/div>\n\t\t\t\t<\/div>\n\t\t\t\t<section class=\"elementor-section elementor-inner-section elementor-element elementor-element-5ba10ed elementor-section-boxed elementor-section-height-default elementor-section-height-default\" data-id=\"5ba10ed\" data-element_type=\"section\">\n\t\t\t\t\t\t<div class=\"elementor-container elementor-column-gap-default\">\n\t\t\t\t\t<div class=\"elementor-column elementor-col-50 elementor-inner-column elementor-element elementor-element-0b38389\" data-id=\"0b38389\" data-element_type=\"column\">\n\t\t\t<div class=\"elementor-widget-wrap elementor-element-populated\">\n\t\t\t\t\t\t<div class=\"elementor-element elementor-element-390424d elementor-widget elementor-widget-text-editor\" data-id=\"390424d\" data-element_type=\"widget\" data-widget_type=\"text-editor.default\">\n\t\t\t\t<div class=\"elementor-widget-container\">\n\t\t\t\t\t\t\t\t\t<p>O Reitor da <strong>Universidade Federal Rural da Amaz\u00f4nia\u00a0(UFRA)<\/strong>, no uso de suas atribui\u00e7\u00f5es legais, torna p\u00fablica a realiza\u00e7\u00e3o do <strong>Processo Seletivo Especial (PROSEL ESP VR <\/strong><strong>UFRA<\/strong><strong> 2022)<\/strong>, destinado a selecionar candidatos para o provimento de 29<strong> Vagas Remanescentes <\/strong>referente ao <strong>Processo Seletivo realizado pelo Edital n\u00ba 042\/2021 (PROSEL ESP <\/strong><strong>UFRA<\/strong><strong> 2021)<\/strong> nos cursos presenciais de gradua\u00e7\u00e3o, em regime especial, mediante conv\u00eanio celebrado com a <strong>Secretaria de Estado de Ci\u00eancia, Tecnologia e Educa\u00e7\u00e3o Profissional e Tecnol\u00f3gica (SECTET)<\/strong>. Os referidos cursos ser\u00e3o ofertados pelo <strong>Universidade Federal Rural da Amaz\u00f4nia\u00a0(UFRA)<\/strong>, mediante as condi\u00e7\u00f5es estabelecidas neste edital.<\/p><p><strong>Vagas \u2013 29<\/strong><\/p><p><strong>Cursos \/ local da oferta \u2013\u00a0<\/strong>Bacharelado em Sistemas de Informa\u00e7\u00e3o (Icoaraci) e Licenciatura em Letras L\u00edngua Portuguesa (Santa Cruz do Arari)<\/p><p><span style=\"font-style: inherit;\"><strong>Requisitos \u2013\u00a0<\/strong><\/span>Ensino M\u00e9dio completo ou equivalente.<\/p><p><span style=\"font-style: inherit;\"><strong>Taxa de inscri\u00e7\u00e3o \u2013\u00a0<\/strong><\/span>R$ 80,00<\/p><p>\u00a0<\/p><p>\u2026\u2026\u2026\u2026\u2026\u2026\u2026\u2026\u2026\u2026..<\/p><p>\u00a0<\/p><p><span style=\"font-style: inherit;\"><strong>Datas importantes<\/strong><\/span>:<\/p><p><span style=\"font-style: inherit;\"><strong>Per\u00edodo de Inscri\u00e7\u00e3o<\/strong><\/span>\u00a0\u2013 22\/02\/2022 a 10\/03\/2022<\/p><p><span style=\"font-style: inherit;\"><strong>Solicita\u00e7\u00e3o de isen\u00e7\u00e3o da taxa de inscri\u00e7\u00e3o\u00a0<\/strong><\/span><span style=\"font-style: inherit; font-weight: inherit;\">\u2013 22 a 28\/02\/2022<\/span><\/p><p><span style=\"font-style: inherit;\"><strong>Resultado preliminar da isen\u00e7\u00e3o de taxa de inscri\u00e7\u00e3o\u00a0<\/strong><\/span>\u2013 02\/03\/2022<\/p><p><strong>Pagamento da taxa de inscri\u00e7\u00e3o<\/strong>\u00a0\u2013 11\/03\/2022<\/p>\t\t\t\t\t\t\t\t<\/div>\n\t\t\t\t<\/div>\n\t\t\t\t\t<\/div>\n\t\t<\/div>\n\t\t\t\t<div class=\"elementor-column elementor-col-50 elementor-inner-column elementor-element elementor-element-7503a48\" data-id=\"7503a48\" data-element_type=\"column\">\n\t\t\t<div class=\"elementor-widget-wrap elementor-element-populated\">\n\t\t\t\t\t\t<div class=\"elementor-element elementor-element-d825992 elementor-widget elementor-widget-text-editor\" data-id=\"d825992\" data-element_type=\"widget\" data-widget_type=\"text-editor.default\">\n\t\t\t\t<div class=\"elementor-widget-container\">\n\t\t\t\t\t\t\t\t\t<p><span style=\"color: #ffffff;\"><strong>Acompanhe sua Inscri\u00e7\u00e3o<\/strong><\/span><\/p>\t\t\t\t\t\t\t\t<\/div>\n\t\t\t\t<\/div>\n\t\t\t\t<div class=\"elementor-element elementor-element-4483a2e elementor-widget elementor-widget-text-editor\" data-id=\"4483a2e\" data-element_type=\"widget\" data-widget_type=\"text-editor.default\">\n\t\t\t\t<div class=\"elementor-widget-container\">\n\t\t\t\t\t\t\t\t\t<div class=\"botaoBug\" style=\"margin-bottom: 10px;\"><strong><a href=\"http:\/\/concursos2.fadesp.org.br\/pssufra2021_2\/web\/index.php\">\u00c1rea do Candidato (Clique Aqui)<\/a><\/strong><\/div><div class=\"botaoBug\" style=\"margin-bottom: 10px;\"><a href=\"http:\/\/concursos2.fadesp.org.br\/pssufra2021_2\/web\/index_recurso.php\"><b>Recurso Online (Clique Aqui)<\/b><\/a><\/div>\t\t\t\t\t\t\t\t<\/div>\n\t\t\t\t<\/div>\n\t\t\t\t<div class=\"elementor-element elementor-element-e0f84cd elementor-widget elementor-widget-text-editor\" data-id=\"e0f84cd\" data-element_type=\"widget\" data-widget_type=\"text-editor.default\">\n\t\t\t\t<div class=\"elementor-widget-container\">\n\t\t\t\t\t\t\t\t\t<div style=\"text-align: center;\"><strong>Nota T\u00e9cnica Jur\u00eddica, 14\/04\/2022<\/strong>\u00a0<a href=\"http:\/\/concursos2.fadesp.org.br\/pssufra2021_2\/arquivos\/Nota T\u00e9cnica Jur\u00eddica.pdf\" data-wplink-url-error=\"true\"><strong> (Clique Aqui)<\/strong><\/a><\/div>\t\t\t\t\t\t\t\t<\/div>\n\t\t\t\t<\/div>\n\t\t\t\t<div class=\"elementor-element elementor-element-81ea865 elementor-widget elementor-widget-text-editor\" data-id=\"81ea865\" data-element_type=\"widget\" data-widget_type=\"text-editor.default\">\n\t\t\t\t<div class=\"elementor-widget-container\">\n\t\t\t\t\t\t\t\t\t<p style=\"text-align: center;\"><span style=\"color: #ffffff;\"><strong>Editais e Avisos<\/strong><\/span><\/p>\t\t\t\t\t\t\t\t<\/div>\n\t\t\t\t<\/div>\n\t\t\t\t<div class=\"elementor-element elementor-element-fc70b72 elementor-widget elementor-widget-text-editor\" data-id=\"fc70b72\" data-element_type=\"widget\" data-widget_type=\"text-editor.default\">\n\t\t\t\t<div class=\"elementor-widget-container\">\n\t\t\t\t\t\t\t\t\t<p style=\"text-align: center;\">Edital n\u00ba 14 &#8211; Resultado Final &#8211; Classificados, 14\/04\/2022 <a href=\"http:\/\/concursos2.fadesp.org.br\/pssufra2021_2\/arquivos\/Edital_n_14_Resultado_Final.pdf\">(<strong>Clique Aqui<\/strong>)<\/a><\/p>\n<p style=\"text-align: center;\">Rela\u00e7\u00e3o com Pontua\u00e7\u00e3o em Ordem Alfab\u00e9tica, de 14\/04\/2022 <a href=\"http:\/\/concursos2.fadesp.org.br\/pssufra2021_2\/arquivos\/Rela\u00e7\u00e3o com pontua\u00e7\u00e3o em ordem alfab\u00e9tica.pdf\">(<strong>Clique Aqui<\/strong>)<\/a><\/p>\n<p style=\"text-align: center;\">Edital N\u00ba 13\/2022 \u2013 Resultado Definitivo da Valida\u00e7\u00e3o das Notas\/Conceitos e Bonifica\u00e7\u00e3o, de 01\/04\/2022 <a href=\"http:\/\/concursos2.fadesp.org.br\/pssufra2021_2\/arquivos\/Edital_n_13_Resultado_Definitivo_de_Notas_e_Bonifica\u00e7\u00e3o.pdf\">(<strong>Clique Aqui<\/strong>)<\/a><\/p>\n<p style=\"text-align: center;\">Edital N\u00ba 12\/2022 \u2013 Resultado Preliminar da Valida\u00e7\u00e3o das Notas\/Conceitos e Bonifica\u00e7\u00e3o, de 28\/03\/2022 <a href=\"http:\/\/concursos2.fadesp.org.br\/pssufra2021_2\/arquivos\/Edital_n_12_Resultado_Preliminar_de_Notas_e_Bonifica\u00e7\u00e3o.pdf\">(<strong>Clique Aqui<\/strong>)<\/a><\/p>\n<p style=\"text-align: center;\">Cronograma &#8211; <strong>Retificado<\/strong>, de 24\/03\/2022 <a href=\"http:\/\/concursos2.fadesp.org.br\/pssufra2021_2\/arquivos\/Cronograma_Retificado_24032022.pdf\">(<strong>Clique Aqui<\/strong>)<\/a><\/p>\n<p style=\"text-align: center;\">Edital N\u00ba 11\/2022 \u2013 Resultado Definitivo das Inscri\u00e7\u00f5es, de 17\/03\/2022 <a href=\"http:\/\/concursos2.fadesp.org.br\/pssufra2021_2\/arquivos\/Edital_n_11_Resultado_Definitivo_das_Inscri\u00e7\u00f5es.pdf\">(<strong>Clique Aqui<\/strong>)<\/a><\/p>\n<p style=\"text-align: center;\">Edital N\u00ba 10\/2022 \u2013 Resultado Preliminar das Inscri\u00e7\u00f5es, de 14\/03\/2022 <a href=\"http:\/\/concursos2.fadesp.org.br\/pssufra2021_2\/arquivos\/Edital_n_10_Resultado_Preliminar_das_Inscri\u00e7\u00f5es.pdf\">(<strong>Clique Aqui<\/strong>)<\/a><\/p>\n<p style=\"text-align: center;\">Edital N\u00ba 09\/2022 \u2013 Resultado Definitivo de Isen\u00e7\u00e3o por PcD, de 08\/03\/2022 <a href=\"http:\/\/concursos2.fadesp.org.br\/pssufra2021_2\/arquivos\/Edital_n_9_PROSEL_2021_UFRA_Resultado_Definitivo_Solicita\u00e7\u00e3o_Isen\u00e7\u00e3o_por_PcD.pdf\">(<strong>Clique Aqui<\/strong>)<\/a><\/p>\n<p style=\"text-align: center;\">Edital N\u00ba 08\/2022 \u2013 Resultado Definitivo de Isen\u00e7\u00e3o por Hipossufici\u00eancia, de 08\/03\/2022 <a href=\"http:\/\/concursos2.fadesp.org.br\/pssufra2021_2\/arquivos\/Edital_n_8_PROSEL_2021_UFRA_Resultado_Definitivo_Solicita\u00e7\u00e3o_Isen\u00e7\u00e3o_por_Hipossuficiencia.pdf\">(<strong>Clique Aqui<\/strong>)<\/a><\/p>\n<p style=\"text-align: center;\"><span style=\"font-family: Roboto, sans-serif; font-size: 14.4px; font-style: normal; font-variant-ligatures: normal; font-variant-caps: normal; font-weight: 400;\">Edital N\u00ba 07\/2022 \u2013 Resultado Preliminar de Isen\u00e7\u00e3o por PcD, de 02\/03\/2022<\/span><span style=\"font-variant-ligatures: normal; font-variant-caps: normal; font-family: Roboto, sans-serif; font-size: 14.4px; font-style: normal; font-weight: bolder;\">\u00a0<a style=\"font-size: 14.4px;\" href=\"http:\/\/concursos2.fadesp.org.br\/pssufra2021_2\/arquivos\/Edital_n_7_PROSEL_2021_UFRA_Solicita\u00e7\u00e3o_Isen\u00e7\u00e3o_por_PcD.pdf\">(Clique Aqui)<\/a><\/span><\/p>\n<p style=\"text-align: center;\"><span style=\"font-family: Roboto, sans-serif; font-size: 14.4px; font-style: normal; font-variant-ligatures: normal; font-variant-caps: normal; font-weight: 400;\">Edital N\u00ba 06\/2022 \u2013 Resultado Preliminar de Isen\u00e7\u00e3o por Hipossuficiente, de 02\/03\/2022<\/span><span style=\"font-variant-ligatures: normal; font-variant-caps: normal; font-family: Roboto, sans-serif; font-size: 14.4px; font-style: normal; font-weight: bolder;\">\u00a0<a style=\"font-size: 14.4px;\" href=\"http:\/\/concursos2.fadesp.org.br\/pssufra2021_2\/arquivos\/Edital_n_6_PROSEL_2021_UFRA_Solicita\u00e7\u00e3o_Isen\u00e7\u00e3o_por_Hipossuficiencia.pdf\">(Clique Aqui)<\/a><\/span><\/p>\n<p style=\"text-align: center;\">Passo a passo da Inscri\u00e7\u00e3o 22\/02\/2022\u00a0\u00a0<a href=\"http:\/\/concursos2.fadesp.org.br\/pssufra2021_2\/arquivos\/Como_Fazer_Minha_Inscri\u00e7\u00e3o_no_PROSEL.pdf\"><strong>(Clique Aqui)<\/strong><\/a><\/p>\n<p style=\"text-align: center;\">Edital N\u00ba 05\/2022 \u2013 PROEN\/UFRA, de 18\/02\/2022<strong> <a href=\"http:\/\/concursos2.fadesp.org.br\/pssufra2021_2\/arquivos\/Edital_n_05_PROSEL_2021_UFRA_Vagas_Remanescentes.pdf\">(Clique Aqui)<\/a><\/strong><\/p>\t\t\t\t\t\t\t\t<\/div>\n\t\t\t\t<\/div>\n\t\t\t\t\t<\/div>\n\t\t<\/div>\n\t\t\t\t\t<\/div>\n\t\t<\/section>\n\t\t\t\t\t<\/div>\n\t\t<\/div>\n\t\t\t\t\t<\/div>\n\t\t<\/section>\n\t\t\t\t<\/div>\n\t\t","protected":false},"excerpt":{"rendered":"<p>Processo Seletivo 2022 (PROSEL ESP UFRA 2022) \u2013 Vagas Remanescentes O Reitor da Universidade Federal Rural da Amaz\u00f4nia\u00a0(UFRA), no uso de suas atribui\u00e7\u00f5es legais, torna p\u00fablica a realiza\u00e7\u00e3o do Processo Seletivo Especial (PROSEL ESP VR UFRA 2022), destinado a selecionar candidatos para o provimento de 29 Vagas Remanescentes referente ao Processo Seletivo realizado pelo Edital [&hellip;]<\/p>\n","protected":false},"author":9,"featured_media":0,"parent":329,"menu_order":0,"comment_status":"closed","ping_status":"closed","template":"","meta":{"_monsterinsights_skip_tracking":false,"_monsterinsights_sitenote_active":false,"_monsterinsights_sitenote_note":"","_monsterinsights_sitenote_category":0,"footnotes":""},"class_list":["post-24871","page","type-page","status-publish","hentry","entry"],"yoast_head":"<!-- This site is optimized with the Yoast SEO plugin v25.1 - https:\/\/yoast.com\/wordpress\/plugins\/seo\/ -->\n<title>Processo Seletivo 2022 (PROSEL ESP VR UFRA 2022) \u2013 Vagas Remanescentes - FADESP<\/title>\n<meta name=\"robots\" content=\"index, follow, max-snippet:-1, max-image-preview:large, max-video-preview:-1\" \/>\n<link rel=\"canonical\" href=\"https:\/\/portalfadesp.org.br\/?page_id=24871\" \/>\n<meta property=\"og:locale\" content=\"pt_BR\" \/>\n<meta property=\"og:type\" content=\"article\" \/>\n<meta property=\"og:title\" content=\"Processo Seletivo 2022 (PROSEL ESP VR UFRA 2022) \u2013 Vagas Remanescentes - FADESP\" \/>\n<meta property=\"og:description\" content=\"Processo Seletivo 2022 (PROSEL ESP UFRA 2022) \u2013 Vagas Remanescentes O Reitor da Universidade Federal Rural da Amaz\u00f4nia\u00a0(UFRA), no uso de suas atribui\u00e7\u00f5es legais, torna p\u00fablica a realiza\u00e7\u00e3o do Processo Seletivo Especial (PROSEL ESP VR UFRA 2022), destinado a selecionar candidatos para o provimento de 29 Vagas Remanescentes referente ao Processo Seletivo realizado pelo Edital [&hellip;]\" \/>\n<meta property=\"og:url\" content=\"https:\/\/portalfadesp.org.br\/?page_id=24871\" \/>\n<meta property=\"og:site_name\" content=\"FADESP\" \/>\n<meta property=\"article:publisher\" content=\"https:\/\/www.facebook.com\/Fadesp-138351949524662\/\" \/>\n<meta property=\"article:modified_time\" content=\"2022-12-21T15:46:40+00:00\" \/>\n<meta name=\"twitter:card\" content=\"summary_large_image\" \/>\n<meta name=\"twitter:site\" content=\"@Fadesp\" \/>\n<meta name=\"twitter:label1\" content=\"Est. tempo de leitura\" \/>\n\t<meta name=\"twitter:data1\" content=\"2 minutos\" \/>\n<script type=\"application\/ld+json\" class=\"yoast-schema-graph\">{\"@context\":\"https:\/\/schema.org\",\"@graph\":[{\"@type\":\"WebPage\",\"@id\":\"https:\/\/portalfadesp.org.br\/?page_id=24871\",\"url\":\"https:\/\/portalfadesp.org.br\/?page_id=24871\",\"name\":\"Processo Seletivo 2022 (PROSEL ESP VR UFRA 2022) \u2013 Vagas Remanescentes - FADESP\",\"isPartOf\":{\"@id\":\"https:\/\/portalfadesp.org.br\/#website\"},\"datePublished\":\"2022-02-16T18:14:56+00:00\",\"dateModified\":\"2022-12-21T15:46:40+00:00\",\"breadcrumb\":{\"@id\":\"https:\/\/portalfadesp.org.br\/?page_id=24871#breadcrumb\"},\"inLanguage\":\"pt-BR\",\"potentialAction\":[{\"@type\":\"ReadAction\",\"target\":[\"https:\/\/portalfadesp.org.br\/?page_id=24871\"]}]},{\"@type\":\"BreadcrumbList\",\"@id\":\"https:\/\/portalfadesp.org.br\/?page_id=24871#breadcrumb\",\"itemListElement\":[{\"@type\":\"ListItem\",\"position\":1,\"name\":\"In\u00edcio\",\"item\":\"https:\/\/portalfadesp.org.br\/\"},{\"@type\":\"ListItem\",\"position\":2,\"name\":\"Concursos &#8211; Homologados\",\"item\":\"https:\/\/portalfadesp.org.br\/?page_id=329\"},{\"@type\":\"ListItem\",\"position\":3,\"name\":\"Processo Seletivo 2022 (PROSEL ESP VR UFRA 2022) \u2013 Vagas Remanescentes\"}]},{\"@type\":\"WebSite\",\"@id\":\"https:\/\/portalfadesp.org.br\/#website\",\"url\":\"https:\/\/portalfadesp.org.br\/\",\"name\":\"FADESP\",\"description\":\"Funda\u00e7\u00e3o de Amparo e Desenvolvimento da Pesquisa\",\"publisher\":{\"@id\":\"https:\/\/portalfadesp.org.br\/#organization\"},\"potentialAction\":[{\"@type\":\"SearchAction\",\"target\":{\"@type\":\"EntryPoint\",\"urlTemplate\":\"https:\/\/portalfadesp.org.br\/?s={search_term_string}\"},\"query-input\":{\"@type\":\"PropertyValueSpecification\",\"valueRequired\":true,\"valueName\":\"search_term_string\"}}],\"inLanguage\":\"pt-BR\"},{\"@type\":\"Organization\",\"@id\":\"https:\/\/portalfadesp.org.br\/#organization\",\"name\":\"FADESP\",\"url\":\"https:\/\/portalfadesp.org.br\/\",\"logo\":{\"@type\":\"ImageObject\",\"inLanguage\":\"pt-BR\",\"@id\":\"https:\/\/portalfadesp.org.br\/#\/schema\/logo\/image\/\",\"url\":\"https:\/\/portalfadesp.org.br\/wp-content\/uploads\/2024\/01\/NOVOLOGOFADESPlaranjaH.png\",\"contentUrl\":\"https:\/\/portalfadesp.org.br\/wp-content\/uploads\/2024\/01\/NOVOLOGOFADESPlaranjaH.png\",\"width\":2742,\"height\":839,\"caption\":\"FADESP\"},\"image\":{\"@id\":\"https:\/\/portalfadesp.org.br\/#\/schema\/logo\/image\/\"},\"sameAs\":[\"https:\/\/www.facebook.com\/Fadesp-138351949524662\/\",\"https:\/\/x.com\/Fadesp\",\"https:\/\/www.instagram.com\/fadesp_ufpa\/\",\"https:\/\/www.youtube.com\/@fundacaodeamparoedesenvolv1903\",\"https:\/\/www.threads.net\/@fadesp_ufpa\"]}]}<\/script>\n<!-- \/ Yoast SEO plugin. -->","yoast_head_json":{"title":"Processo Seletivo 2022 (PROSEL ESP VR UFRA 2022) \u2013 Vagas Remanescentes - FADESP","robots":{"index":"index","follow":"follow","max-snippet":"max-snippet:-1","max-image-preview":"max-image-preview:large","max-video-preview":"max-video-preview:-1"},"canonical":"https:\/\/portalfadesp.org.br\/?page_id=24871","og_locale":"pt_BR","og_type":"article","og_title":"Processo Seletivo 2022 (PROSEL ESP VR UFRA 2022) \u2013 Vagas Remanescentes - FADESP","og_description":"Processo Seletivo 2022 (PROSEL ESP UFRA 2022) \u2013 Vagas Remanescentes O Reitor da Universidade Federal Rural da Amaz\u00f4nia\u00a0(UFRA), no uso de suas atribui\u00e7\u00f5es legais, torna p\u00fablica a realiza\u00e7\u00e3o do Processo Seletivo Especial (PROSEL ESP VR UFRA 2022), destinado a selecionar candidatos para o provimento de 29 Vagas Remanescentes referente ao Processo Seletivo realizado pelo Edital [&hellip;]","og_url":"https:\/\/portalfadesp.org.br\/?page_id=24871","og_site_name":"FADESP","article_publisher":"https:\/\/www.facebook.com\/Fadesp-138351949524662\/","article_modified_time":"2022-12-21T15:46:40+00:00","twitter_card":"summary_large_image","twitter_site":"@Fadesp","twitter_misc":{"Est. tempo de leitura":"2 minutos"},"schema":{"@context":"https:\/\/schema.org","@graph":[{"@type":"WebPage","@id":"https:\/\/portalfadesp.org.br\/?page_id=24871","url":"https:\/\/portalfadesp.org.br\/?page_id=24871","name":"Processo Seletivo 2022 (PROSEL ESP VR UFRA 2022) \u2013 Vagas Remanescentes - FADESP","isPartOf":{"@id":"https:\/\/portalfadesp.org.br\/#website"},"datePublished":"2022-02-16T18:14:56+00:00","dateModified":"2022-12-21T15:46:40+00:00","breadcrumb":{"@id":"https:\/\/portalfadesp.org.br\/?page_id=24871#breadcrumb"},"inLanguage":"pt-BR","potentialAction":[{"@type":"ReadAction","target":["https:\/\/portalfadesp.org.br\/?page_id=24871"]}]},{"@type":"BreadcrumbList","@id":"https:\/\/portalfadesp.org.br\/?page_id=24871#breadcrumb","itemListElement":[{"@type":"ListItem","position":1,"name":"In\u00edcio","item":"https:\/\/portalfadesp.org.br\/"},{"@type":"ListItem","position":2,"name":"Concursos &#8211; Homologados","item":"https:\/\/portalfadesp.org.br\/?page_id=329"},{"@type":"ListItem","position":3,"name":"Processo Seletivo 2022 (PROSEL ESP VR UFRA 2022) \u2013 Vagas Remanescentes"}]},{"@type":"WebSite","@id":"https:\/\/portalfadesp.org.br\/#website","url":"https:\/\/portalfadesp.org.br\/","name":"FADESP","description":"Funda\u00e7\u00e3o de Amparo e Desenvolvimento da Pesquisa","publisher":{"@id":"https:\/\/portalfadesp.org.br\/#organization"},"potentialAction":[{"@type":"SearchAction","target":{"@type":"EntryPoint","urlTemplate":"https:\/\/portalfadesp.org.br\/?s={search_term_string}"},"query-input":{"@type":"PropertyValueSpecification","valueRequired":true,"valueName":"search_term_string"}}],"inLanguage":"pt-BR"},{"@type":"Organization","@id":"https:\/\/portalfadesp.org.br\/#organization","name":"FADESP","url":"https:\/\/portalfadesp.org.br\/","logo":{"@type":"ImageObject","inLanguage":"pt-BR","@id":"https:\/\/portalfadesp.org.br\/#\/schema\/logo\/image\/","url":"https:\/\/portalfadesp.org.br\/wp-content\/uploads\/2024\/01\/NOVOLOGOFADESPlaranjaH.png","contentUrl":"https:\/\/portalfadesp.org.br\/wp-content\/uploads\/2024\/01\/NOVOLOGOFADESPlaranjaH.png","width":2742,"height":839,"caption":"FADESP"},"image":{"@id":"https:\/\/portalfadesp.org.br\/#\/schema\/logo\/image\/"},"sameAs":["https:\/\/www.facebook.com\/Fadesp-138351949524662\/","https:\/\/x.com\/Fadesp","https:\/\/www.instagram.com\/fadesp_ufpa\/","https:\/\/www.youtube.com\/@fundacaodeamparoedesenvolv1903","https:\/\/www.threads.net\/@fadesp_ufpa"]}]}},"_links":{"self":[{"href":"https:\/\/portalfadesp.org.br\/index.php?rest_route=\/wp\/v2\/pages\/24871","targetHints":{"allow":["GET"]}}],"collection":[{"href":"https:\/\/portalfadesp.org.br\/index.php?rest_route=\/wp\/v2\/pages"}],"about":[{"href":"https:\/\/portalfadesp.org.br\/index.php?rest_route=\/wp\/v2\/types\/page"}],"author":[{"embeddable":true,"href":"https:\/\/portalfadesp.org.br\/index.php?rest_route=\/wp\/v2\/users\/9"}],"replies":[{"embeddable":true,"href":"https:\/\/portalfadesp.org.br\/index.php?rest_route=%2Fwp%2Fv2%2Fcomments&post=24871"}],"version-history":[{"count":105,"href":"https:\/\/portalfadesp.org.br\/index.php?rest_route=\/wp\/v2\/pages\/24871\/revisions"}],"predecessor-version":[{"id":38366,"href":"https:\/\/portalfadesp.org.br\/index.php?rest_route=\/wp\/v2\/pages\/24871\/revisions\/38366"}],"up":[{"embeddable":true,"href":"https:\/\/portalfadesp.org.br\/index.php?rest_route=\/wp\/v2\/pages\/329"}],"wp:attachment":[{"href":"https:\/\/portalfadesp.org.br\/index.php?rest_route=%2Fwp%2Fv2%2Fmedia&parent=24871"}],"curies":[{"name":"wp","href":"https:\/\/api.w.org\/{rel}","templated":true}]}}