{"id":24791,"date":"2022-02-14T16:44:42","date_gmt":"2022-02-14T19:44:42","guid":{"rendered":"https:\/\/162.215.13.167?page_id=24791"},"modified":"2022-12-21T12:46:36","modified_gmt":"2022-12-21T15:46:36","slug":"pagina_modelo-17","status":"publish","type":"page","link":"https:\/\/portalfadesp.org.br\/?page_id=24791","title":{"rendered":"Curso Livre de Alem\u00e3o &#8211; Presencial e Online (2022\/1)"},"content":{"rendered":"\t\t<div data-elementor-type=\"wp-post\" data-elementor-id=\"24791\" class=\"elementor elementor-24791\" data-elementor-post-type=\"page\">\n\t\t\t\t\t\t<section class=\"elementor-section elementor-top-section elementor-element elementor-element-2a40db40 elementor-section-boxed elementor-section-height-default elementor-section-height-default\" data-id=\"2a40db40\" data-element_type=\"section\">\n\t\t\t\t\t\t<div class=\"elementor-container elementor-column-gap-default\">\n\t\t\t\t\t<div class=\"elementor-column elementor-col-100 elementor-top-column elementor-element elementor-element-4e956b47\" data-id=\"4e956b47\" data-element_type=\"column\">\n\t\t\t<div class=\"elementor-widget-wrap elementor-element-populated\">\n\t\t\t\t\t\t<div class=\"elementor-element elementor-element-372de194 elementor-widget elementor-widget-heading\" data-id=\"372de194\" data-element_type=\"widget\" data-widget_type=\"heading.default\">\n\t\t\t\t<div class=\"elementor-widget-container\">\n\t\t\t\t\t<h1 class=\"elementor-heading-title elementor-size-default\">Curso Livre de Alem\u00e3o - Presencial e Online (2022\/1)<\/h1>\t\t\t\t<\/div>\n\t\t\t\t<\/div>\n\t\t\t\t<section class=\"elementor-section elementor-inner-section elementor-element elementor-element-31e54043 elementor-section-boxed elementor-section-height-default elementor-section-height-default\" data-id=\"31e54043\" data-element_type=\"section\">\n\t\t\t\t\t\t<div class=\"elementor-container elementor-column-gap-default\">\n\t\t\t\t\t<div class=\"elementor-column elementor-col-50 elementor-inner-column elementor-element elementor-element-15f41bd\" data-id=\"15f41bd\" data-element_type=\"column\">\n\t\t\t<div class=\"elementor-widget-wrap elementor-element-populated\">\n\t\t\t\t\t\t<div class=\"elementor-element elementor-element-35279451 elementor-widget elementor-widget-text-editor\" data-id=\"35279451\" data-element_type=\"widget\" data-widget_type=\"text-editor.default\">\n\t\t\t\t<div class=\"elementor-widget-container\">\n\t\t\t\t\t\t\t\t\t<p>A Coordena\u00e7\u00e3o do Projeto de Extens\u00e3o \u2018Curso Livre de Alem\u00e3o\u2019 torna p\u00fablico a abertura de vagas e matr\u00edculas para o Curso Regular de L\u00edngua Alem\u00e3, ofertado pela Faculdade de Letras Estrangeiras Modernas (FALEM\/ILC\/UFPA).<\/p><p>\u00a0<\/p><p><strong>Vagas:<\/strong> 200 <strong>(duzentas)<\/strong><\/p><p><strong>\u00a0<\/strong><\/p><p><strong>P\u00fablico Alvo:\u00a0<\/strong><br \/>Comunidade interna e externa da UFPA e demais interessados pelos conhecimentos lingu\u00edsticos do referido idioma.<\/p><p>\u00a0<\/p><p><strong>Inscri\u00e7\u00f5es:<\/strong> <span style=\"text-decoration: underline;\">21\/02\/2022 at\u00e9 05\/03\/2022<\/span><\/p><p><span style=\"text-decoration: underline;\">\u00a0<\/span><\/p><p><strong>Taxa de inscri\u00e7\u00e3o:<\/strong> R$ 350,00 por cada n\u00edvel do curso, sendo pagos em taxa \u00fanica mediante o boleto gerado no ato da inscri\u00e7\u00e3o.<\/p><p>\u00a0<\/p><p><strong>Per\u00edodo das aulas: <\/strong>Ser\u00e3o realizadas no per\u00edodo de 22 de mar\u00e7o at\u00e9 09 de julho de 2022, nos dias de ter\u00e7as-feiras \u00e0s sextas-feiras (14h00-18h00) e aos s\u00e1bados (09h00-13h00).<\/p><p>\u00a0<\/p><p>Para se inscrever, <em><a href=\"http:\/\/cursoseventos.fadesp.org.br\/gui\/PortalCursosEventos.aspx\">clique aqui.<\/a><\/em><\/p><p>\u00a0<\/p><p><strong>Mais informa\u00e7\u00f5es pe<\/strong><strong>lo e-mail: <\/strong>ufpacursolivrealemao@gmail.com.<\/p>\t\t\t\t\t\t\t\t<\/div>\n\t\t\t\t<\/div>\n\t\t\t\t\t<\/div>\n\t\t<\/div>\n\t\t\t\t<div class=\"elementor-column elementor-col-50 elementor-inner-column elementor-element elementor-element-1a284bc5\" data-id=\"1a284bc5\" data-element_type=\"column\">\n\t\t\t<div class=\"elementor-widget-wrap elementor-element-populated\">\n\t\t\t\t\t\t<div class=\"elementor-element elementor-element-6445c0f3 elementor-widget elementor-widget-text-editor\" data-id=\"6445c0f3\" data-element_type=\"widget\" data-widget_type=\"text-editor.default\">\n\t\t\t\t<div class=\"elementor-widget-container\">\n\t\t\t\t\t\t\t\t\t<p><span style=\"color: #ffffff;\"><b>Avisos<\/b><\/span><\/p>\t\t\t\t\t\t\t\t<\/div>\n\t\t\t\t<\/div>\n\t\t\t\t<div class=\"elementor-element elementor-element-433fb7f0 elementor-widget elementor-widget-text-editor\" data-id=\"433fb7f0\" data-element_type=\"widget\" data-widget_type=\"text-editor.default\">\n\t\t\t\t<div class=\"elementor-widget-container\">\n\t\t\t\t\t\t\t\t\t<p style=\"text-align: center;\"><span style=\"color: #ffffff;\"><strong>Editais<\/strong><\/span><\/p>\t\t\t\t\t\t\t\t<\/div>\n\t\t\t\t<\/div>\n\t\t\t\t<div class=\"elementor-element elementor-element-61ab10cc elementor-widget elementor-widget-text-editor\" data-id=\"61ab10cc\" data-element_type=\"widget\" data-widget_type=\"text-editor.default\">\n\t\t\t\t<div class=\"elementor-widget-container\">\n\t\t\t\t\t\t\t\t\t<p><span style=\"color: #000000;\">Edital\u00a0 <\/span><strong><span style=\"color: #000000;\"><a href=\"..\/wp-content\/uploads\/2022\/02\/EDITAL-do-Curso-Livre-de-Alemao-2022.1-UFPA.pdf\">(Clique aqui)<\/a><\/span><\/strong><\/p><p><strong>\u00a0<\/strong><\/p>\t\t\t\t\t\t\t\t<\/div>\n\t\t\t\t<\/div>\n\t\t\t\t\t<\/div>\n\t\t<\/div>\n\t\t\t\t\t<\/div>\n\t\t<\/section>\n\t\t\t\t\t<\/div>\n\t\t<\/div>\n\t\t\t\t\t<\/div>\n\t\t<\/section>\n\t\t\t\t<\/div>\n\t\t","protected":false},"excerpt":{"rendered":"<p>Curso Livre de Alem\u00e3o &#8211; Presencial e Online (2022\/1) A Coordena\u00e7\u00e3o do Projeto de Extens\u00e3o \u2018Curso Livre de Alem\u00e3o\u2019 torna p\u00fablico a abertura de vagas e matr\u00edculas para o Curso Regular de L\u00edngua Alem\u00e3, ofertado pela Faculdade de Letras Estrangeiras Modernas (FALEM\/ILC\/UFPA). \u00a0 Vagas: 200 (duzentas) \u00a0 P\u00fablico Alvo:\u00a0Comunidade interna e externa da UFPA e [&hellip;]<\/p>\n","protected":false},"author":12,"featured_media":0,"parent":0,"menu_order":0,"comment_status":"closed","ping_status":"closed","template":"","meta":{"_monsterinsights_skip_tracking":false,"_monsterinsights_sitenote_active":false,"_monsterinsights_sitenote_note":"","_monsterinsights_sitenote_category":0,"footnotes":""},"class_list":["post-24791","page","type-page","status-publish","hentry","entry"],"yoast_head":"<!-- This site is optimized with the Yoast SEO plugin v25.1 - https:\/\/yoast.com\/wordpress\/plugins\/seo\/ -->\n<title>Curso Livre de Alem\u00e3o - Presencial e Online (2022\/1) - FADESP<\/title>\n<meta name=\"robots\" content=\"index, follow, max-snippet:-1, max-image-preview:large, max-video-preview:-1\" \/>\n<link rel=\"canonical\" href=\"https:\/\/portalfadesp.org.br\/?page_id=24791\" \/>\n<meta property=\"og:locale\" content=\"pt_BR\" \/>\n<meta property=\"og:type\" content=\"article\" \/>\n<meta property=\"og:title\" content=\"Curso Livre de Alem\u00e3o - Presencial e Online (2022\/1) - FADESP\" \/>\n<meta property=\"og:description\" content=\"Curso Livre de Alem\u00e3o &#8211; Presencial e Online (2022\/1) A Coordena\u00e7\u00e3o do Projeto de Extens\u00e3o \u2018Curso Livre de Alem\u00e3o\u2019 torna p\u00fablico a abertura de vagas e matr\u00edculas para o Curso Regular de L\u00edngua Alem\u00e3, ofertado pela Faculdade de Letras Estrangeiras Modernas (FALEM\/ILC\/UFPA). \u00a0 Vagas: 200 (duzentas) \u00a0 P\u00fablico Alvo:\u00a0Comunidade interna e externa da UFPA e [&hellip;]\" \/>\n<meta property=\"og:url\" content=\"https:\/\/portalfadesp.org.br\/?page_id=24791\" \/>\n<meta property=\"og:site_name\" content=\"FADESP\" \/>\n<meta property=\"article:publisher\" content=\"https:\/\/www.facebook.com\/Fadesp-138351949524662\/\" \/>\n<meta property=\"article:modified_time\" content=\"2022-12-21T15:46:36+00:00\" \/>\n<meta name=\"twitter:card\" content=\"summary_large_image\" \/>\n<meta name=\"twitter:site\" content=\"@Fadesp\" \/>\n<meta name=\"twitter:label1\" content=\"Est. tempo de leitura\" \/>\n\t<meta name=\"twitter:data1\" content=\"1 minuto\" \/>\n<script type=\"application\/ld+json\" class=\"yoast-schema-graph\">{\"@context\":\"https:\/\/schema.org\",\"@graph\":[{\"@type\":\"WebPage\",\"@id\":\"https:\/\/portalfadesp.org.br\/?page_id=24791\",\"url\":\"https:\/\/portalfadesp.org.br\/?page_id=24791\",\"name\":\"Curso Livre de Alem\u00e3o - Presencial e Online (2022\/1) - FADESP\",\"isPartOf\":{\"@id\":\"https:\/\/portalfadesp.org.br\/#website\"},\"datePublished\":\"2022-02-14T19:44:42+00:00\",\"dateModified\":\"2022-12-21T15:46:36+00:00\",\"breadcrumb\":{\"@id\":\"https:\/\/portalfadesp.org.br\/?page_id=24791#breadcrumb\"},\"inLanguage\":\"pt-BR\",\"potentialAction\":[{\"@type\":\"ReadAction\",\"target\":[\"https:\/\/portalfadesp.org.br\/?page_id=24791\"]}]},{\"@type\":\"BreadcrumbList\",\"@id\":\"https:\/\/portalfadesp.org.br\/?page_id=24791#breadcrumb\",\"itemListElement\":[{\"@type\":\"ListItem\",\"position\":1,\"name\":\"In\u00edcio\",\"item\":\"https:\/\/portalfadesp.org.br\/\"},{\"@type\":\"ListItem\",\"position\":2,\"name\":\"Curso Livre de Alem\u00e3o &#8211; Presencial e Online (2022\/1)\"}]},{\"@type\":\"WebSite\",\"@id\":\"https:\/\/portalfadesp.org.br\/#website\",\"url\":\"https:\/\/portalfadesp.org.br\/\",\"name\":\"FADESP\",\"description\":\"Funda\u00e7\u00e3o de Amparo e Desenvolvimento da Pesquisa\",\"publisher\":{\"@id\":\"https:\/\/portalfadesp.org.br\/#organization\"},\"potentialAction\":[{\"@type\":\"SearchAction\",\"target\":{\"@type\":\"EntryPoint\",\"urlTemplate\":\"https:\/\/portalfadesp.org.br\/?s={search_term_string}\"},\"query-input\":{\"@type\":\"PropertyValueSpecification\",\"valueRequired\":true,\"valueName\":\"search_term_string\"}}],\"inLanguage\":\"pt-BR\"},{\"@type\":\"Organization\",\"@id\":\"https:\/\/portalfadesp.org.br\/#organization\",\"name\":\"FADESP\",\"url\":\"https:\/\/portalfadesp.org.br\/\",\"logo\":{\"@type\":\"ImageObject\",\"inLanguage\":\"pt-BR\",\"@id\":\"https:\/\/portalfadesp.org.br\/#\/schema\/logo\/image\/\",\"url\":\"https:\/\/portalfadesp.org.br\/wp-content\/uploads\/2024\/01\/NOVOLOGOFADESPlaranjaH.png\",\"contentUrl\":\"https:\/\/portalfadesp.org.br\/wp-content\/uploads\/2024\/01\/NOVOLOGOFADESPlaranjaH.png\",\"width\":2742,\"height\":839,\"caption\":\"FADESP\"},\"image\":{\"@id\":\"https:\/\/portalfadesp.org.br\/#\/schema\/logo\/image\/\"},\"sameAs\":[\"https:\/\/www.facebook.com\/Fadesp-138351949524662\/\",\"https:\/\/x.com\/Fadesp\",\"https:\/\/www.instagram.com\/fadesp_ufpa\/\",\"https:\/\/www.youtube.com\/@fundacaodeamparoedesenvolv1903\",\"https:\/\/www.threads.net\/@fadesp_ufpa\"]}]}<\/script>\n<!-- \/ Yoast SEO plugin. -->","yoast_head_json":{"title":"Curso Livre de Alem\u00e3o - Presencial e Online (2022\/1) - FADESP","robots":{"index":"index","follow":"follow","max-snippet":"max-snippet:-1","max-image-preview":"max-image-preview:large","max-video-preview":"max-video-preview:-1"},"canonical":"https:\/\/portalfadesp.org.br\/?page_id=24791","og_locale":"pt_BR","og_type":"article","og_title":"Curso Livre de Alem\u00e3o - Presencial e Online (2022\/1) - FADESP","og_description":"Curso Livre de Alem\u00e3o &#8211; Presencial e Online (2022\/1) A Coordena\u00e7\u00e3o do Projeto de Extens\u00e3o \u2018Curso Livre de Alem\u00e3o\u2019 torna p\u00fablico a abertura de vagas e matr\u00edculas para o Curso Regular de L\u00edngua Alem\u00e3, ofertado pela Faculdade de Letras Estrangeiras Modernas (FALEM\/ILC\/UFPA). \u00a0 Vagas: 200 (duzentas) \u00a0 P\u00fablico Alvo:\u00a0Comunidade interna e externa da UFPA e [&hellip;]","og_url":"https:\/\/portalfadesp.org.br\/?page_id=24791","og_site_name":"FADESP","article_publisher":"https:\/\/www.facebook.com\/Fadesp-138351949524662\/","article_modified_time":"2022-12-21T15:46:36+00:00","twitter_card":"summary_large_image","twitter_site":"@Fadesp","twitter_misc":{"Est. tempo de leitura":"1 minuto"},"schema":{"@context":"https:\/\/schema.org","@graph":[{"@type":"WebPage","@id":"https:\/\/portalfadesp.org.br\/?page_id=24791","url":"https:\/\/portalfadesp.org.br\/?page_id=24791","name":"Curso Livre de Alem\u00e3o - Presencial e Online (2022\/1) - FADESP","isPartOf":{"@id":"https:\/\/portalfadesp.org.br\/#website"},"datePublished":"2022-02-14T19:44:42+00:00","dateModified":"2022-12-21T15:46:36+00:00","breadcrumb":{"@id":"https:\/\/portalfadesp.org.br\/?page_id=24791#breadcrumb"},"inLanguage":"pt-BR","potentialAction":[{"@type":"ReadAction","target":["https:\/\/portalfadesp.org.br\/?page_id=24791"]}]},{"@type":"BreadcrumbList","@id":"https:\/\/portalfadesp.org.br\/?page_id=24791#breadcrumb","itemListElement":[{"@type":"ListItem","position":1,"name":"In\u00edcio","item":"https:\/\/portalfadesp.org.br\/"},{"@type":"ListItem","position":2,"name":"Curso Livre de Alem\u00e3o &#8211; Presencial e Online (2022\/1)"}]},{"@type":"WebSite","@id":"https:\/\/portalfadesp.org.br\/#website","url":"https:\/\/portalfadesp.org.br\/","name":"FADESP","description":"Funda\u00e7\u00e3o de Amparo e Desenvolvimento da Pesquisa","publisher":{"@id":"https:\/\/portalfadesp.org.br\/#organization"},"potentialAction":[{"@type":"SearchAction","target":{"@type":"EntryPoint","urlTemplate":"https:\/\/portalfadesp.org.br\/?s={search_term_string}"},"query-input":{"@type":"PropertyValueSpecification","valueRequired":true,"valueName":"search_term_string"}}],"inLanguage":"pt-BR"},{"@type":"Organization","@id":"https:\/\/portalfadesp.org.br\/#organization","name":"FADESP","url":"https:\/\/portalfadesp.org.br\/","logo":{"@type":"ImageObject","inLanguage":"pt-BR","@id":"https:\/\/portalfadesp.org.br\/#\/schema\/logo\/image\/","url":"https:\/\/portalfadesp.org.br\/wp-content\/uploads\/2024\/01\/NOVOLOGOFADESPlaranjaH.png","contentUrl":"https:\/\/portalfadesp.org.br\/wp-content\/uploads\/2024\/01\/NOVOLOGOFADESPlaranjaH.png","width":2742,"height":839,"caption":"FADESP"},"image":{"@id":"https:\/\/portalfadesp.org.br\/#\/schema\/logo\/image\/"},"sameAs":["https:\/\/www.facebook.com\/Fadesp-138351949524662\/","https:\/\/x.com\/Fadesp","https:\/\/www.instagram.com\/fadesp_ufpa\/","https:\/\/www.youtube.com\/@fundacaodeamparoedesenvolv1903","https:\/\/www.threads.net\/@fadesp_ufpa"]}]}},"_links":{"self":[{"href":"https:\/\/portalfadesp.org.br\/index.php?rest_route=\/wp\/v2\/pages\/24791","targetHints":{"allow":["GET"]}}],"collection":[{"href":"https:\/\/portalfadesp.org.br\/index.php?rest_route=\/wp\/v2\/pages"}],"about":[{"href":"https:\/\/portalfadesp.org.br\/index.php?rest_route=\/wp\/v2\/types\/page"}],"author":[{"embeddable":true,"href":"https:\/\/portalfadesp.org.br\/index.php?rest_route=\/wp\/v2\/users\/12"}],"replies":[{"embeddable":true,"href":"https:\/\/portalfadesp.org.br\/index.php?rest_route=%2Fwp%2Fv2%2Fcomments&post=24791"}],"version-history":[{"count":32,"href":"https:\/\/portalfadesp.org.br\/index.php?rest_route=\/wp\/v2\/pages\/24791\/revisions"}],"predecessor-version":[{"id":38363,"href":"https:\/\/portalfadesp.org.br\/index.php?rest_route=\/wp\/v2\/pages\/24791\/revisions\/38363"}],"wp:attachment":[{"href":"https:\/\/portalfadesp.org.br\/index.php?rest_route=%2Fwp%2Fv2%2Fmedia&parent=24791"}],"curies":[{"name":"wp","href":"https:\/\/api.w.org\/{rel}","templated":true}]}}