{"id":24175,"date":"2022-01-20T10:12:17","date_gmt":"2022-01-20T13:12:17","guid":{"rendered":"https:\/\/162.215.13.167?page_id=24175"},"modified":"2022-12-21T12:56:45","modified_gmt":"2022-12-21T15:56:45","slug":"pagina_modelo-14","status":"publish","type":"page","link":"https:\/\/portalfadesp.org.br\/?page_id=24175","title":{"rendered":"Mestrado Acad\u00eamico em Curr\u00edculo e Gest\u00e3o da Escola B\u00e1sica PPEB \/ UFPA 2021"},"content":{"rendered":"\t\t<div data-elementor-type=\"wp-post\" data-elementor-id=\"24175\" class=\"elementor elementor-24175\" data-elementor-post-type=\"page\">\n\t\t\t\t\t\t<section class=\"elementor-section elementor-top-section elementor-element elementor-element-2a40db40 elementor-section-boxed elementor-section-height-default elementor-section-height-default\" data-id=\"2a40db40\" data-element_type=\"section\">\n\t\t\t\t\t\t<div class=\"elementor-container elementor-column-gap-default\">\n\t\t\t\t\t<div class=\"elementor-column elementor-col-100 elementor-top-column elementor-element elementor-element-4e956b47\" data-id=\"4e956b47\" data-element_type=\"column\">\n\t\t\t<div class=\"elementor-widget-wrap elementor-element-populated\">\n\t\t\t\t\t\t<div class=\"elementor-element elementor-element-372de194 elementor-widget elementor-widget-heading\" data-id=\"372de194\" data-element_type=\"widget\" data-widget_type=\"heading.default\">\n\t\t\t\t<div class=\"elementor-widget-container\">\n\t\t\t\t\t<h1 class=\"elementor-heading-title elementor-size-default\">Mestrado Acad\u00eamico em Curr\u00edculo e Gest\u00e3o da Escola B\u00e1sica PPEB \/ UFPA 2021<\/h1>\t\t\t\t<\/div>\n\t\t\t\t<\/div>\n\t\t\t\t<section class=\"elementor-section elementor-inner-section elementor-element elementor-element-31e54043 elementor-section-boxed elementor-section-height-default elementor-section-height-default\" data-id=\"31e54043\" data-element_type=\"section\">\n\t\t\t\t\t\t<div class=\"elementor-container elementor-column-gap-default\">\n\t\t\t\t\t<div class=\"elementor-column elementor-col-50 elementor-inner-column elementor-element elementor-element-15f41bd\" data-id=\"15f41bd\" data-element_type=\"column\">\n\t\t\t<div class=\"elementor-widget-wrap elementor-element-populated\">\n\t\t\t\t\t\t<div class=\"elementor-element elementor-element-35279451 elementor-widget elementor-widget-text-editor\" data-id=\"35279451\" data-element_type=\"widget\" data-widget_type=\"text-editor.default\">\n\t\t\t\t<div class=\"elementor-widget-container\">\n\t\t\t\t\t\t\t\t\t<p>A Universidade Federal do Par\u00e1, por interm\u00e9dio do N\u00facleo de Estudos Transdisciplinares em Educa\u00e7\u00e3o B\u00e1sica, torna\u00a0<span style=\"font-size: 14.4px;\">p\u00fablico o Edital no. 02\/2021 \u2013 PPEB que regulamenta o processo seletivo 2021 para ingresso na turma 2022 do\u00a0<\/span><span style=\"font-size: 14.4px;\">Programa de P\u00f3s-Gradua\u00e7\u00e3o em Curr\u00edculo e Gest\u00e3o da Escola B\u00e1sica \u2013 PPEB, em n\u00edvel de Mestrado.<\/span><\/p><p><span style=\"font-size: 14.4px;\">\u00a0<\/span><\/p><p><strong>Vagas:<\/strong>\u00a0O edital fornece tr\u00eas linhas de pesquisas:<\/p><p>\u00a0<\/p><p>1)<span style=\"text-decoration: underline;\">Curr\u00edculo da Educa\u00e7\u00e3o B\u00e1sica\u00a0 (<\/span><strong>21 vagas).<\/strong><\/p><p>\u00a0<\/p><p>2)<span style=\"text-decoration: underline;\">Gest\u00e3o e Organiza\u00e7\u00e3o do Trabalho Pedag\u00f3gico na Escola B\u00e1sica (<\/span><strong>14 vagas).<\/strong><\/p><p>\u00a0<\/p><p>3)<span style=\"text-decoration: underline;\">Hist\u00f3ria da Educa\u00e7\u00e3o B\u00e1sica (<\/span><strong>10 vagas).<\/strong><\/p><p>\u00a0<\/p><p><strong>Inscri\u00e7\u00f5es: <\/strong>02\/02\/2022 a 21\/03\/2022<\/p><p>\u00a0<\/p><p>As inscri\u00e7\u00f5es ser\u00e3o efetuadas exclusivamente pela internet no endere\u00e7o eletr\u00f4nico:<br \/><a href=\"https:\/\/seletivoppeb.ppeb.com.br\/\">www.seletivoppeb.ppeb.com.br<\/a>\u00a0<\/p><p>\u00a0<\/p><p><strong>Taxa de inscri\u00e7\u00e3o:<\/strong> R$80,50 (oitenta reais e cinquenta centavos)<\/p>\t\t\t\t\t\t\t\t<\/div>\n\t\t\t\t<\/div>\n\t\t\t\t\t<\/div>\n\t\t<\/div>\n\t\t\t\t<div class=\"elementor-column elementor-col-50 elementor-inner-column elementor-element elementor-element-1a284bc5\" data-id=\"1a284bc5\" data-element_type=\"column\">\n\t\t\t<div class=\"elementor-widget-wrap elementor-element-populated\">\n\t\t\t\t\t\t<div class=\"elementor-element elementor-element-6445c0f3 elementor-widget elementor-widget-text-editor\" data-id=\"6445c0f3\" data-element_type=\"widget\" data-widget_type=\"text-editor.default\">\n\t\t\t\t<div class=\"elementor-widget-container\">\n\t\t\t\t\t\t\t\t\t<p><span style=\"color: #ffffff;\"><b>Avisos<\/b><\/span><\/p>\t\t\t\t\t\t\t\t<\/div>\n\t\t\t\t<\/div>\n\t\t\t\t<div class=\"elementor-element elementor-element-433fb7f0 elementor-widget elementor-widget-text-editor\" data-id=\"433fb7f0\" data-element_type=\"widget\" data-widget_type=\"text-editor.default\">\n\t\t\t\t<div class=\"elementor-widget-container\">\n\t\t\t\t\t\t\t\t\t<p style=\"text-align: center;\"><span style=\"color: #ffffff;\"><strong>Editais<\/strong><\/span><\/p>\t\t\t\t\t\t\t\t<\/div>\n\t\t\t\t<\/div>\n\t\t\t\t<div class=\"elementor-element elementor-element-61ab10cc elementor-widget elementor-widget-text-editor\" data-id=\"61ab10cc\" data-element_type=\"widget\" data-widget_type=\"text-editor.default\">\n\t\t\t\t<div class=\"elementor-widget-container\">\n\t\t\t\t\t\t\t\t\t<span style=\"color: #000000;\">Edital 1 <strong><a href=\"..\/wp-content\/uploads\/2022\/01\/Edital-PS-PPEB-Turma-2022-pos-recurso-1_220119_195524.pdf\">(Clique aqui)<\/a><\/strong><\/span>\t\t\t\t\t\t\t\t<\/div>\n\t\t\t\t<\/div>\n\t\t\t\t\t<\/div>\n\t\t<\/div>\n\t\t\t\t\t<\/div>\n\t\t<\/section>\n\t\t\t\t\t<\/div>\n\t\t<\/div>\n\t\t\t\t\t<\/div>\n\t\t<\/section>\n\t\t\t\t<\/div>\n\t\t","protected":false},"excerpt":{"rendered":"<p>Mestrado Acad\u00eamico em Curr\u00edculo e Gest\u00e3o da Escola B\u00e1sica PPEB \/ UFPA 2021 A Universidade Federal do Par\u00e1, por interm\u00e9dio do N\u00facleo de Estudos Transdisciplinares em Educa\u00e7\u00e3o B\u00e1sica, torna\u00a0p\u00fablico o Edital no. 02\/2021 \u2013 PPEB que regulamenta o processo seletivo 2021 para ingresso na turma 2022 do\u00a0Programa de P\u00f3s-Gradua\u00e7\u00e3o em Curr\u00edculo e Gest\u00e3o da Escola [&hellip;]<\/p>\n","protected":false},"author":12,"featured_media":0,"parent":0,"menu_order":0,"comment_status":"closed","ping_status":"closed","template":"","meta":{"_monsterinsights_skip_tracking":false,"_monsterinsights_sitenote_active":false,"_monsterinsights_sitenote_note":"","_monsterinsights_sitenote_category":0,"footnotes":""},"class_list":["post-24175","page","type-page","status-publish","hentry","entry"],"yoast_head":"<!-- This site is optimized with the Yoast SEO plugin v25.1 - https:\/\/yoast.com\/wordpress\/plugins\/seo\/ -->\n<title>Mestrado Acad\u00eamico em Curr\u00edculo e Gest\u00e3o da Escola B\u00e1sica PPEB \/ UFPA 2021 - FADESP<\/title>\n<meta name=\"robots\" content=\"index, follow, max-snippet:-1, max-image-preview:large, max-video-preview:-1\" \/>\n<link rel=\"canonical\" href=\"https:\/\/portalfadesp.org.br\/?page_id=24175\" \/>\n<meta property=\"og:locale\" content=\"pt_BR\" \/>\n<meta property=\"og:type\" content=\"article\" \/>\n<meta property=\"og:title\" content=\"Mestrado Acad\u00eamico em Curr\u00edculo e Gest\u00e3o da Escola B\u00e1sica PPEB \/ UFPA 2021 - FADESP\" \/>\n<meta property=\"og:description\" content=\"Mestrado Acad\u00eamico em Curr\u00edculo e Gest\u00e3o da Escola B\u00e1sica PPEB \/ UFPA 2021 A Universidade Federal do Par\u00e1, por interm\u00e9dio do N\u00facleo de Estudos Transdisciplinares em Educa\u00e7\u00e3o B\u00e1sica, torna\u00a0p\u00fablico o Edital no. 02\/2021 \u2013 PPEB que regulamenta o processo seletivo 2021 para ingresso na turma 2022 do\u00a0Programa de P\u00f3s-Gradua\u00e7\u00e3o em Curr\u00edculo e Gest\u00e3o da Escola [&hellip;]\" \/>\n<meta property=\"og:url\" content=\"https:\/\/portalfadesp.org.br\/?page_id=24175\" \/>\n<meta property=\"og:site_name\" content=\"FADESP\" \/>\n<meta property=\"article:publisher\" content=\"https:\/\/www.facebook.com\/Fadesp-138351949524662\/\" \/>\n<meta property=\"article:modified_time\" content=\"2022-12-21T15:56:45+00:00\" \/>\n<meta name=\"twitter:card\" content=\"summary_large_image\" \/>\n<meta name=\"twitter:site\" content=\"@Fadesp\" \/>\n<meta name=\"twitter:label1\" content=\"Est. tempo de leitura\" \/>\n\t<meta name=\"twitter:data1\" content=\"1 minuto\" \/>\n<script type=\"application\/ld+json\" class=\"yoast-schema-graph\">{\"@context\":\"https:\/\/schema.org\",\"@graph\":[{\"@type\":\"WebPage\",\"@id\":\"https:\/\/portalfadesp.org.br\/?page_id=24175\",\"url\":\"https:\/\/portalfadesp.org.br\/?page_id=24175\",\"name\":\"Mestrado Acad\u00eamico em Curr\u00edculo e Gest\u00e3o da Escola B\u00e1sica PPEB \/ UFPA 2021 - FADESP\",\"isPartOf\":{\"@id\":\"https:\/\/portalfadesp.org.br\/#website\"},\"datePublished\":\"2022-01-20T13:12:17+00:00\",\"dateModified\":\"2022-12-21T15:56:45+00:00\",\"breadcrumb\":{\"@id\":\"https:\/\/portalfadesp.org.br\/?page_id=24175#breadcrumb\"},\"inLanguage\":\"pt-BR\",\"potentialAction\":[{\"@type\":\"ReadAction\",\"target\":[\"https:\/\/portalfadesp.org.br\/?page_id=24175\"]}]},{\"@type\":\"BreadcrumbList\",\"@id\":\"https:\/\/portalfadesp.org.br\/?page_id=24175#breadcrumb\",\"itemListElement\":[{\"@type\":\"ListItem\",\"position\":1,\"name\":\"In\u00edcio\",\"item\":\"https:\/\/portalfadesp.org.br\/\"},{\"@type\":\"ListItem\",\"position\":2,\"name\":\"Mestrado Acad\u00eamico em Curr\u00edculo e Gest\u00e3o da Escola B\u00e1sica PPEB \/ UFPA 2021\"}]},{\"@type\":\"WebSite\",\"@id\":\"https:\/\/portalfadesp.org.br\/#website\",\"url\":\"https:\/\/portalfadesp.org.br\/\",\"name\":\"FADESP\",\"description\":\"Funda\u00e7\u00e3o de Amparo e Desenvolvimento da Pesquisa\",\"publisher\":{\"@id\":\"https:\/\/portalfadesp.org.br\/#organization\"},\"potentialAction\":[{\"@type\":\"SearchAction\",\"target\":{\"@type\":\"EntryPoint\",\"urlTemplate\":\"https:\/\/portalfadesp.org.br\/?s={search_term_string}\"},\"query-input\":{\"@type\":\"PropertyValueSpecification\",\"valueRequired\":true,\"valueName\":\"search_term_string\"}}],\"inLanguage\":\"pt-BR\"},{\"@type\":\"Organization\",\"@id\":\"https:\/\/portalfadesp.org.br\/#organization\",\"name\":\"FADESP\",\"url\":\"https:\/\/portalfadesp.org.br\/\",\"logo\":{\"@type\":\"ImageObject\",\"inLanguage\":\"pt-BR\",\"@id\":\"https:\/\/portalfadesp.org.br\/#\/schema\/logo\/image\/\",\"url\":\"https:\/\/portalfadesp.org.br\/wp-content\/uploads\/2024\/01\/NOVOLOGOFADESPlaranjaH.png\",\"contentUrl\":\"https:\/\/portalfadesp.org.br\/wp-content\/uploads\/2024\/01\/NOVOLOGOFADESPlaranjaH.png\",\"width\":2742,\"height\":839,\"caption\":\"FADESP\"},\"image\":{\"@id\":\"https:\/\/portalfadesp.org.br\/#\/schema\/logo\/image\/\"},\"sameAs\":[\"https:\/\/www.facebook.com\/Fadesp-138351949524662\/\",\"https:\/\/x.com\/Fadesp\",\"https:\/\/www.instagram.com\/fadesp_ufpa\/\",\"https:\/\/www.youtube.com\/@fundacaodeamparoedesenvolv1903\",\"https:\/\/www.threads.net\/@fadesp_ufpa\"]}]}<\/script>\n<!-- \/ Yoast SEO plugin. -->","yoast_head_json":{"title":"Mestrado Acad\u00eamico em Curr\u00edculo e Gest\u00e3o da Escola B\u00e1sica PPEB \/ UFPA 2021 - FADESP","robots":{"index":"index","follow":"follow","max-snippet":"max-snippet:-1","max-image-preview":"max-image-preview:large","max-video-preview":"max-video-preview:-1"},"canonical":"https:\/\/portalfadesp.org.br\/?page_id=24175","og_locale":"pt_BR","og_type":"article","og_title":"Mestrado Acad\u00eamico em Curr\u00edculo e Gest\u00e3o da Escola B\u00e1sica PPEB \/ UFPA 2021 - FADESP","og_description":"Mestrado Acad\u00eamico em Curr\u00edculo e Gest\u00e3o da Escola B\u00e1sica PPEB \/ UFPA 2021 A Universidade Federal do Par\u00e1, por interm\u00e9dio do N\u00facleo de Estudos Transdisciplinares em Educa\u00e7\u00e3o B\u00e1sica, torna\u00a0p\u00fablico o Edital no. 02\/2021 \u2013 PPEB que regulamenta o processo seletivo 2021 para ingresso na turma 2022 do\u00a0Programa de P\u00f3s-Gradua\u00e7\u00e3o em Curr\u00edculo e Gest\u00e3o da Escola [&hellip;]","og_url":"https:\/\/portalfadesp.org.br\/?page_id=24175","og_site_name":"FADESP","article_publisher":"https:\/\/www.facebook.com\/Fadesp-138351949524662\/","article_modified_time":"2022-12-21T15:56:45+00:00","twitter_card":"summary_large_image","twitter_site":"@Fadesp","twitter_misc":{"Est. tempo de leitura":"1 minuto"},"schema":{"@context":"https:\/\/schema.org","@graph":[{"@type":"WebPage","@id":"https:\/\/portalfadesp.org.br\/?page_id=24175","url":"https:\/\/portalfadesp.org.br\/?page_id=24175","name":"Mestrado Acad\u00eamico em Curr\u00edculo e Gest\u00e3o da Escola B\u00e1sica PPEB \/ UFPA 2021 - FADESP","isPartOf":{"@id":"https:\/\/portalfadesp.org.br\/#website"},"datePublished":"2022-01-20T13:12:17+00:00","dateModified":"2022-12-21T15:56:45+00:00","breadcrumb":{"@id":"https:\/\/portalfadesp.org.br\/?page_id=24175#breadcrumb"},"inLanguage":"pt-BR","potentialAction":[{"@type":"ReadAction","target":["https:\/\/portalfadesp.org.br\/?page_id=24175"]}]},{"@type":"BreadcrumbList","@id":"https:\/\/portalfadesp.org.br\/?page_id=24175#breadcrumb","itemListElement":[{"@type":"ListItem","position":1,"name":"In\u00edcio","item":"https:\/\/portalfadesp.org.br\/"},{"@type":"ListItem","position":2,"name":"Mestrado Acad\u00eamico em Curr\u00edculo e Gest\u00e3o da Escola B\u00e1sica PPEB \/ UFPA 2021"}]},{"@type":"WebSite","@id":"https:\/\/portalfadesp.org.br\/#website","url":"https:\/\/portalfadesp.org.br\/","name":"FADESP","description":"Funda\u00e7\u00e3o de Amparo e Desenvolvimento da Pesquisa","publisher":{"@id":"https:\/\/portalfadesp.org.br\/#organization"},"potentialAction":[{"@type":"SearchAction","target":{"@type":"EntryPoint","urlTemplate":"https:\/\/portalfadesp.org.br\/?s={search_term_string}"},"query-input":{"@type":"PropertyValueSpecification","valueRequired":true,"valueName":"search_term_string"}}],"inLanguage":"pt-BR"},{"@type":"Organization","@id":"https:\/\/portalfadesp.org.br\/#organization","name":"FADESP","url":"https:\/\/portalfadesp.org.br\/","logo":{"@type":"ImageObject","inLanguage":"pt-BR","@id":"https:\/\/portalfadesp.org.br\/#\/schema\/logo\/image\/","url":"https:\/\/portalfadesp.org.br\/wp-content\/uploads\/2024\/01\/NOVOLOGOFADESPlaranjaH.png","contentUrl":"https:\/\/portalfadesp.org.br\/wp-content\/uploads\/2024\/01\/NOVOLOGOFADESPlaranjaH.png","width":2742,"height":839,"caption":"FADESP"},"image":{"@id":"https:\/\/portalfadesp.org.br\/#\/schema\/logo\/image\/"},"sameAs":["https:\/\/www.facebook.com\/Fadesp-138351949524662\/","https:\/\/x.com\/Fadesp","https:\/\/www.instagram.com\/fadesp_ufpa\/","https:\/\/www.youtube.com\/@fundacaodeamparoedesenvolv1903","https:\/\/www.threads.net\/@fadesp_ufpa"]}]}},"_links":{"self":[{"href":"https:\/\/portalfadesp.org.br\/index.php?rest_route=\/wp\/v2\/pages\/24175","targetHints":{"allow":["GET"]}}],"collection":[{"href":"https:\/\/portalfadesp.org.br\/index.php?rest_route=\/wp\/v2\/pages"}],"about":[{"href":"https:\/\/portalfadesp.org.br\/index.php?rest_route=\/wp\/v2\/types\/page"}],"author":[{"embeddable":true,"href":"https:\/\/portalfadesp.org.br\/index.php?rest_route=\/wp\/v2\/users\/12"}],"replies":[{"embeddable":true,"href":"https:\/\/portalfadesp.org.br\/index.php?rest_route=%2Fwp%2Fv2%2Fcomments&post=24175"}],"version-history":[{"count":19,"href":"https:\/\/portalfadesp.org.br\/index.php?rest_route=\/wp\/v2\/pages\/24175\/revisions"}],"predecessor-version":[{"id":38391,"href":"https:\/\/portalfadesp.org.br\/index.php?rest_route=\/wp\/v2\/pages\/24175\/revisions\/38391"}],"wp:attachment":[{"href":"https:\/\/portalfadesp.org.br\/index.php?rest_route=%2Fwp%2Fv2%2Fmedia&parent=24175"}],"curies":[{"name":"wp","href":"https:\/\/api.w.org\/{rel}","templated":true}]}}