{"id":23551,"date":"2021-12-29T10:16:29","date_gmt":"2021-12-29T13:16:29","guid":{"rendered":"https:\/\/162.215.13.167?page_id=23551"},"modified":"2022-12-19T23:11:09","modified_gmt":"2022-12-20T02:11:09","slug":"programa-de-pos-graduacao-mestrado-em-ciencias-farmaceuticas-ppgcf-2021","status":"publish","type":"page","link":"https:\/\/portalfadesp.org.br\/?page_id=23551","title":{"rendered":"Programa de P\u00f3s-Gradua\u00e7\u00e3o (Mestrado) em Ci\u00eancias Farmac\u00eauticas &#8211; PPGCF (2021)"},"content":{"rendered":"\t\t<div data-elementor-type=\"wp-post\" data-elementor-id=\"23551\" class=\"elementor elementor-23551\" data-elementor-post-type=\"page\">\n\t\t\t\t\t\t<section class=\"elementor-section elementor-top-section elementor-element elementor-element-2a40db40 elementor-section-boxed elementor-section-height-default elementor-section-height-default\" data-id=\"2a40db40\" data-element_type=\"section\">\n\t\t\t\t\t\t<div class=\"elementor-container elementor-column-gap-default\">\n\t\t\t\t\t<div class=\"elementor-column elementor-col-100 elementor-top-column elementor-element elementor-element-4e956b47\" data-id=\"4e956b47\" data-element_type=\"column\">\n\t\t\t<div class=\"elementor-widget-wrap elementor-element-populated\">\n\t\t\t\t\t\t<div class=\"elementor-element elementor-element-372de194 elementor-widget elementor-widget-heading\" data-id=\"372de194\" data-element_type=\"widget\" data-widget_type=\"heading.default\">\n\t\t\t\t<div class=\"elementor-widget-container\">\n\t\t\t\t\t<h2 class=\"elementor-heading-title elementor-size-default\">Programa de P\u00f3s-Gradua\u00e7\u00e3o\/Mestrado em Ci\u00eancias Farmac\u00eauticas - PPGCF (2021)<\/h2>\t\t\t\t<\/div>\n\t\t\t\t<\/div>\n\t\t\t\t<section class=\"elementor-section elementor-inner-section elementor-element elementor-element-31e54043 elementor-section-boxed elementor-section-height-default elementor-section-height-default\" data-id=\"31e54043\" data-element_type=\"section\">\n\t\t\t\t\t\t<div class=\"elementor-container elementor-column-gap-default\">\n\t\t\t\t\t<div class=\"elementor-column elementor-col-50 elementor-inner-column elementor-element elementor-element-15f41bd\" data-id=\"15f41bd\" data-element_type=\"column\">\n\t\t\t<div class=\"elementor-widget-wrap elementor-element-populated\">\n\t\t\t\t\t\t<div class=\"elementor-element elementor-element-35279451 elementor-widget elementor-widget-text-editor\" data-id=\"35279451\" data-element_type=\"widget\" data-widget_type=\"text-editor.default\">\n\t\t\t\t<div class=\"elementor-widget-container\">\n\t\t\t\t\t\t\t\t\t<p>O Programa de P\u00f3s-Gradua\u00e7\u00e3o em Ci\u00eancias Farmac\u00eauticas (PPGCF) do Instituto de Ci\u00eancias da Sa\u00fade da Universidade Federal do Par\u00e1 torna p\u00fablica a sele\u00e7\u00e3o para o Curso de Mestrado em Ci\u00eancias Farmac\u00eauticas.<\/p><p><strong>Vagas:<\/strong> Ser\u00e3o ofertadas dezenove <strong>(19)<\/strong> vagas, dentre elas, duas (02) destinadas \u00e0s a\u00e7\u00f5es afirmativas.<\/p><p>As duas <strong>(02)<\/strong> vagas destinadas \u00e0s a\u00e7\u00f5es afirmativas ser\u00e3o ofertadas nos limites abaixo dispostos para candidatos vinculados a um dos segmentos abaixo<br \/>mencionados:<\/p><p><strong>&#8211;<\/strong> Uma <strong>(01)<\/strong> vaga para pessoa com defici\u00eancia (PCD). <strong>(Leia o edital para os requisitos).<\/strong><\/p><p><strong>&#8211;<\/strong> Uma <strong>(01)<\/strong> vaga para pessoa que se autodeclare de cor preta\/pardo. <strong>(Leia o edital para os requisitos).<\/strong><\/p><p><strong>Pr\u00e9-Requisitos:\u00a0<\/strong><br \/>&#8211; Graduados em Farm\u00e1cia ou \u00e1reas afins das Ci\u00eancias Farmac\u00eauticas.<\/p><p><strong>Inscri\u00e7\u00f5es:<\/strong> \u00a002\/01\/2022 at\u00e9 dia 30\/01\/2022.<\/p><p><strong>Taxa de inscri\u00e7\u00e3o:<\/strong> R$ 120,00 (cento e vinte reais).<\/p><p><strong>Mais informa\u00e7\u00f5es pe<\/strong><strong>lo e-mail: <\/strong><a href=\"http:\/\/ppgcf.propesp.ufpa.br\">academicandae@ufpa.br<\/a><\/p>\t\t\t\t\t\t\t\t<\/div>\n\t\t\t\t<\/div>\n\t\t\t\t\t<\/div>\n\t\t<\/div>\n\t\t\t\t<div class=\"elementor-column elementor-col-50 elementor-inner-column elementor-element elementor-element-1a284bc5\" data-id=\"1a284bc5\" data-element_type=\"column\">\n\t\t\t<div class=\"elementor-widget-wrap elementor-element-populated\">\n\t\t\t\t\t\t<div class=\"elementor-element elementor-element-6445c0f3 elementor-widget elementor-widget-text-editor\" data-id=\"6445c0f3\" data-element_type=\"widget\" data-widget_type=\"text-editor.default\">\n\t\t\t\t<div class=\"elementor-widget-container\">\n\t\t\t\t\t\t\t\t\t<p><span style=\"color: #ffffff;\"><b>Avisos<\/b><\/span><\/p>\t\t\t\t\t\t\t\t<\/div>\n\t\t\t\t<\/div>\n\t\t\t\t<div class=\"elementor-element elementor-element-433fb7f0 elementor-widget elementor-widget-text-editor\" data-id=\"433fb7f0\" data-element_type=\"widget\" data-widget_type=\"text-editor.default\">\n\t\t\t\t<div class=\"elementor-widget-container\">\n\t\t\t\t\t\t\t\t\t<p style=\"text-align: center;\"><span style=\"color: #ffffff;\"><strong>Editais<\/strong><\/span><\/p>\t\t\t\t\t\t\t\t<\/div>\n\t\t\t\t<\/div>\n\t\t\t\t<div class=\"elementor-element elementor-element-61ab10cc elementor-widget elementor-widget-text-editor\" data-id=\"61ab10cc\" data-element_type=\"widget\" data-widget_type=\"text-editor.default\">\n\t\t\t\t<div class=\"elementor-widget-container\">\n\t\t\t\t\t\t\t\t\t<p><span style=\"color: #000000;\">Retifica\u00e7\u00e3o \/ Prorroga\u00e7\u00e3o de Inscri\u00e7\u00e3o <strong><a href=\"..\/wp-content\/uploads\/2022\/01\/Retificacao-do-edital-2021_2-Turma-2022-prorrogacao-das-inscricoes-1.pdf\">(Clique aqui)<\/a><\/strong><\/span><\/p><p><span style=\"color: #000000;\">Edital 1 <a href=\"..\/wp-content\/uploads\/2021\/12\/Edital_PPGCF_2022_1.pdf\"><strong>(Clique aqui)<\/strong><\/a><\/span><\/p>\t\t\t\t\t\t\t\t<\/div>\n\t\t\t\t<\/div>\n\t\t\t\t\t<\/div>\n\t\t<\/div>\n\t\t\t\t\t<\/div>\n\t\t<\/section>\n\t\t\t\t\t<\/div>\n\t\t<\/div>\n\t\t\t\t\t<\/div>\n\t\t<\/section>\n\t\t\t\t<\/div>\n\t\t","protected":false},"excerpt":{"rendered":"<p>Programa de P\u00f3s-Gradua\u00e7\u00e3o\/Mestrado em Ci\u00eancias Farmac\u00eauticas &#8211; PPGCF (2021) O Programa de P\u00f3s-Gradua\u00e7\u00e3o em Ci\u00eancias Farmac\u00eauticas (PPGCF) do Instituto de Ci\u00eancias da Sa\u00fade da Universidade Federal do Par\u00e1 torna p\u00fablica a sele\u00e7\u00e3o para o Curso de Mestrado em Ci\u00eancias Farmac\u00eauticas. Vagas: Ser\u00e3o ofertadas dezenove (19) vagas, dentre elas, duas (02) destinadas \u00e0s a\u00e7\u00f5es afirmativas. As [&hellip;]<\/p>\n","protected":false},"author":9,"featured_media":0,"parent":0,"menu_order":0,"comment_status":"closed","ping_status":"closed","template":"","meta":{"_monsterinsights_skip_tracking":false,"_monsterinsights_sitenote_active":false,"_monsterinsights_sitenote_note":"","_monsterinsights_sitenote_category":0,"footnotes":""},"class_list":["post-23551","page","type-page","status-publish","hentry","entry"],"yoast_head":"<!-- This site is optimized with the Yoast SEO plugin v25.1 - https:\/\/yoast.com\/wordpress\/plugins\/seo\/ -->\n<title>Programa de P\u00f3s-Gradua\u00e7\u00e3o (Mestrado) em Ci\u00eancias Farmac\u00eauticas - PPGCF (2021) - FADESP<\/title>\n<meta name=\"robots\" content=\"index, follow, max-snippet:-1, max-image-preview:large, max-video-preview:-1\" \/>\n<link rel=\"canonical\" href=\"https:\/\/portalfadesp.org.br\/?page_id=23551\" \/>\n<meta property=\"og:locale\" content=\"pt_BR\" \/>\n<meta property=\"og:type\" content=\"article\" \/>\n<meta property=\"og:title\" content=\"Programa de P\u00f3s-Gradua\u00e7\u00e3o (Mestrado) em Ci\u00eancias Farmac\u00eauticas - PPGCF (2021) - FADESP\" \/>\n<meta property=\"og:description\" content=\"Programa de P\u00f3s-Gradua\u00e7\u00e3o\/Mestrado em Ci\u00eancias Farmac\u00eauticas &#8211; PPGCF (2021) O Programa de P\u00f3s-Gradua\u00e7\u00e3o em Ci\u00eancias Farmac\u00eauticas (PPGCF) do Instituto de Ci\u00eancias da Sa\u00fade da Universidade Federal do Par\u00e1 torna p\u00fablica a sele\u00e7\u00e3o para o Curso de Mestrado em Ci\u00eancias Farmac\u00eauticas. Vagas: Ser\u00e3o ofertadas dezenove (19) vagas, dentre elas, duas (02) destinadas \u00e0s a\u00e7\u00f5es afirmativas. As [&hellip;]\" \/>\n<meta property=\"og:url\" content=\"https:\/\/portalfadesp.org.br\/?page_id=23551\" \/>\n<meta property=\"og:site_name\" content=\"FADESP\" \/>\n<meta property=\"article:publisher\" content=\"https:\/\/www.facebook.com\/Fadesp-138351949524662\/\" \/>\n<meta property=\"article:modified_time\" content=\"2022-12-20T02:11:09+00:00\" \/>\n<meta name=\"twitter:card\" content=\"summary_large_image\" \/>\n<meta name=\"twitter:site\" content=\"@Fadesp\" \/>\n<meta name=\"twitter:label1\" content=\"Est. tempo de leitura\" \/>\n\t<meta name=\"twitter:data1\" content=\"1 minuto\" \/>\n<script type=\"application\/ld+json\" class=\"yoast-schema-graph\">{\"@context\":\"https:\/\/schema.org\",\"@graph\":[{\"@type\":\"WebPage\",\"@id\":\"https:\/\/portalfadesp.org.br\/?page_id=23551\",\"url\":\"https:\/\/portalfadesp.org.br\/?page_id=23551\",\"name\":\"Programa de P\u00f3s-Gradua\u00e7\u00e3o (Mestrado) em Ci\u00eancias Farmac\u00eauticas - PPGCF (2021) - FADESP\",\"isPartOf\":{\"@id\":\"https:\/\/portalfadesp.org.br\/#website\"},\"datePublished\":\"2021-12-29T13:16:29+00:00\",\"dateModified\":\"2022-12-20T02:11:09+00:00\",\"breadcrumb\":{\"@id\":\"https:\/\/portalfadesp.org.br\/?page_id=23551#breadcrumb\"},\"inLanguage\":\"pt-BR\",\"potentialAction\":[{\"@type\":\"ReadAction\",\"target\":[\"https:\/\/portalfadesp.org.br\/?page_id=23551\"]}]},{\"@type\":\"BreadcrumbList\",\"@id\":\"https:\/\/portalfadesp.org.br\/?page_id=23551#breadcrumb\",\"itemListElement\":[{\"@type\":\"ListItem\",\"position\":1,\"name\":\"In\u00edcio\",\"item\":\"https:\/\/portalfadesp.org.br\/\"},{\"@type\":\"ListItem\",\"position\":2,\"name\":\"Programa de P\u00f3s-Gradua\u00e7\u00e3o (Mestrado) em Ci\u00eancias Farmac\u00eauticas &#8211; PPGCF (2021)\"}]},{\"@type\":\"WebSite\",\"@id\":\"https:\/\/portalfadesp.org.br\/#website\",\"url\":\"https:\/\/portalfadesp.org.br\/\",\"name\":\"FADESP\",\"description\":\"Funda\u00e7\u00e3o de Amparo e Desenvolvimento da Pesquisa\",\"publisher\":{\"@id\":\"https:\/\/portalfadesp.org.br\/#organization\"},\"potentialAction\":[{\"@type\":\"SearchAction\",\"target\":{\"@type\":\"EntryPoint\",\"urlTemplate\":\"https:\/\/portalfadesp.org.br\/?s={search_term_string}\"},\"query-input\":{\"@type\":\"PropertyValueSpecification\",\"valueRequired\":true,\"valueName\":\"search_term_string\"}}],\"inLanguage\":\"pt-BR\"},{\"@type\":\"Organization\",\"@id\":\"https:\/\/portalfadesp.org.br\/#organization\",\"name\":\"FADESP\",\"url\":\"https:\/\/portalfadesp.org.br\/\",\"logo\":{\"@type\":\"ImageObject\",\"inLanguage\":\"pt-BR\",\"@id\":\"https:\/\/portalfadesp.org.br\/#\/schema\/logo\/image\/\",\"url\":\"https:\/\/portalfadesp.org.br\/wp-content\/uploads\/2024\/01\/NOVOLOGOFADESPlaranjaH.png\",\"contentUrl\":\"https:\/\/portalfadesp.org.br\/wp-content\/uploads\/2024\/01\/NOVOLOGOFADESPlaranjaH.png\",\"width\":2742,\"height\":839,\"caption\":\"FADESP\"},\"image\":{\"@id\":\"https:\/\/portalfadesp.org.br\/#\/schema\/logo\/image\/\"},\"sameAs\":[\"https:\/\/www.facebook.com\/Fadesp-138351949524662\/\",\"https:\/\/x.com\/Fadesp\",\"https:\/\/www.instagram.com\/fadesp_ufpa\/\",\"https:\/\/www.youtube.com\/@fundacaodeamparoedesenvolv1903\",\"https:\/\/www.threads.net\/@fadesp_ufpa\"]}]}<\/script>\n<!-- \/ Yoast SEO plugin. -->","yoast_head_json":{"title":"Programa de P\u00f3s-Gradua\u00e7\u00e3o (Mestrado) em Ci\u00eancias Farmac\u00eauticas - PPGCF (2021) - FADESP","robots":{"index":"index","follow":"follow","max-snippet":"max-snippet:-1","max-image-preview":"max-image-preview:large","max-video-preview":"max-video-preview:-1"},"canonical":"https:\/\/portalfadesp.org.br\/?page_id=23551","og_locale":"pt_BR","og_type":"article","og_title":"Programa de P\u00f3s-Gradua\u00e7\u00e3o (Mestrado) em Ci\u00eancias Farmac\u00eauticas - PPGCF (2021) - FADESP","og_description":"Programa de P\u00f3s-Gradua\u00e7\u00e3o\/Mestrado em Ci\u00eancias Farmac\u00eauticas &#8211; PPGCF (2021) O Programa de P\u00f3s-Gradua\u00e7\u00e3o em Ci\u00eancias Farmac\u00eauticas (PPGCF) do Instituto de Ci\u00eancias da Sa\u00fade da Universidade Federal do Par\u00e1 torna p\u00fablica a sele\u00e7\u00e3o para o Curso de Mestrado em Ci\u00eancias Farmac\u00eauticas. Vagas: Ser\u00e3o ofertadas dezenove (19) vagas, dentre elas, duas (02) destinadas \u00e0s a\u00e7\u00f5es afirmativas. As [&hellip;]","og_url":"https:\/\/portalfadesp.org.br\/?page_id=23551","og_site_name":"FADESP","article_publisher":"https:\/\/www.facebook.com\/Fadesp-138351949524662\/","article_modified_time":"2022-12-20T02:11:09+00:00","twitter_card":"summary_large_image","twitter_site":"@Fadesp","twitter_misc":{"Est. tempo de leitura":"1 minuto"},"schema":{"@context":"https:\/\/schema.org","@graph":[{"@type":"WebPage","@id":"https:\/\/portalfadesp.org.br\/?page_id=23551","url":"https:\/\/portalfadesp.org.br\/?page_id=23551","name":"Programa de P\u00f3s-Gradua\u00e7\u00e3o (Mestrado) em Ci\u00eancias Farmac\u00eauticas - PPGCF (2021) - FADESP","isPartOf":{"@id":"https:\/\/portalfadesp.org.br\/#website"},"datePublished":"2021-12-29T13:16:29+00:00","dateModified":"2022-12-20T02:11:09+00:00","breadcrumb":{"@id":"https:\/\/portalfadesp.org.br\/?page_id=23551#breadcrumb"},"inLanguage":"pt-BR","potentialAction":[{"@type":"ReadAction","target":["https:\/\/portalfadesp.org.br\/?page_id=23551"]}]},{"@type":"BreadcrumbList","@id":"https:\/\/portalfadesp.org.br\/?page_id=23551#breadcrumb","itemListElement":[{"@type":"ListItem","position":1,"name":"In\u00edcio","item":"https:\/\/portalfadesp.org.br\/"},{"@type":"ListItem","position":2,"name":"Programa de P\u00f3s-Gradua\u00e7\u00e3o (Mestrado) em Ci\u00eancias Farmac\u00eauticas &#8211; PPGCF (2021)"}]},{"@type":"WebSite","@id":"https:\/\/portalfadesp.org.br\/#website","url":"https:\/\/portalfadesp.org.br\/","name":"FADESP","description":"Funda\u00e7\u00e3o de Amparo e Desenvolvimento da Pesquisa","publisher":{"@id":"https:\/\/portalfadesp.org.br\/#organization"},"potentialAction":[{"@type":"SearchAction","target":{"@type":"EntryPoint","urlTemplate":"https:\/\/portalfadesp.org.br\/?s={search_term_string}"},"query-input":{"@type":"PropertyValueSpecification","valueRequired":true,"valueName":"search_term_string"}}],"inLanguage":"pt-BR"},{"@type":"Organization","@id":"https:\/\/portalfadesp.org.br\/#organization","name":"FADESP","url":"https:\/\/portalfadesp.org.br\/","logo":{"@type":"ImageObject","inLanguage":"pt-BR","@id":"https:\/\/portalfadesp.org.br\/#\/schema\/logo\/image\/","url":"https:\/\/portalfadesp.org.br\/wp-content\/uploads\/2024\/01\/NOVOLOGOFADESPlaranjaH.png","contentUrl":"https:\/\/portalfadesp.org.br\/wp-content\/uploads\/2024\/01\/NOVOLOGOFADESPlaranjaH.png","width":2742,"height":839,"caption":"FADESP"},"image":{"@id":"https:\/\/portalfadesp.org.br\/#\/schema\/logo\/image\/"},"sameAs":["https:\/\/www.facebook.com\/Fadesp-138351949524662\/","https:\/\/x.com\/Fadesp","https:\/\/www.instagram.com\/fadesp_ufpa\/","https:\/\/www.youtube.com\/@fundacaodeamparoedesenvolv1903","https:\/\/www.threads.net\/@fadesp_ufpa"]}]}},"_links":{"self":[{"href":"https:\/\/portalfadesp.org.br\/index.php?rest_route=\/wp\/v2\/pages\/23551","targetHints":{"allow":["GET"]}}],"collection":[{"href":"https:\/\/portalfadesp.org.br\/index.php?rest_route=\/wp\/v2\/pages"}],"about":[{"href":"https:\/\/portalfadesp.org.br\/index.php?rest_route=\/wp\/v2\/types\/page"}],"author":[{"embeddable":true,"href":"https:\/\/portalfadesp.org.br\/index.php?rest_route=\/wp\/v2\/users\/9"}],"replies":[{"embeddable":true,"href":"https:\/\/portalfadesp.org.br\/index.php?rest_route=%2Fwp%2Fv2%2Fcomments&post=23551"}],"version-history":[{"count":44,"href":"https:\/\/portalfadesp.org.br\/index.php?rest_route=\/wp\/v2\/pages\/23551\/revisions"}],"predecessor-version":[{"id":36034,"href":"https:\/\/portalfadesp.org.br\/index.php?rest_route=\/wp\/v2\/pages\/23551\/revisions\/36034"}],"wp:attachment":[{"href":"https:\/\/portalfadesp.org.br\/index.php?rest_route=%2Fwp%2Fv2%2Fmedia&parent=23551"}],"curies":[{"name":"wp","href":"https:\/\/api.w.org\/{rel}","templated":true}]}}