{"id":23360,"date":"2021-12-21T20:17:26","date_gmt":"2021-12-21T23:17:26","guid":{"rendered":"https:\/\/162.215.13.167?page_id=23360"},"modified":"2022-12-20T10:45:47","modified_gmt":"2022-12-20T13:45:47","slug":"policia-militar-do-estado-do-para-pm-2021","status":"publish","type":"page","link":"https:\/\/portalfadesp.org.br\/?page_id=23360","title":{"rendered":"Pol\u00edcia Militar do Estado do Par\u00e1 &#8211; PM &#8211; 2021"},"content":{"rendered":"\t\t<div data-elementor-type=\"wp-post\" data-elementor-id=\"23360\" class=\"elementor elementor-23360\" data-elementor-post-type=\"page\">\n\t\t\t\t\t\t<section class=\"elementor-section elementor-top-section elementor-element elementor-element-17bc3826 elementor-section-boxed elementor-section-height-default elementor-section-height-default\" data-id=\"17bc3826\" data-element_type=\"section\">\n\t\t\t\t\t\t<div class=\"elementor-container elementor-column-gap-default\">\n\t\t\t\t\t<div class=\"elementor-column elementor-col-100 elementor-top-column elementor-element elementor-element-4a633c3e\" data-id=\"4a633c3e\" data-element_type=\"column\">\n\t\t\t<div class=\"elementor-widget-wrap elementor-element-populated\">\n\t\t\t\t\t\t<div class=\"elementor-element elementor-element-6c3f70bc elementor-widget elementor-widget-heading\" data-id=\"6c3f70bc\" data-element_type=\"widget\" data-widget_type=\"heading.default\">\n\t\t\t\t<div class=\"elementor-widget-container\">\n\t\t\t\t\t<h1 class=\"elementor-heading-title elementor-size-default\">Pol\u00edcia Militar do Estado do Par\u00e1 \u2013 PM \u2013 2021<\/h1>\t\t\t\t<\/div>\n\t\t\t\t<\/div>\n\t\t\t\t<section class=\"elementor-section elementor-inner-section elementor-element elementor-element-757e6449 elementor-section-boxed elementor-section-height-default elementor-section-height-default\" data-id=\"757e6449\" data-element_type=\"section\">\n\t\t\t\t\t\t<div class=\"elementor-container elementor-column-gap-default\">\n\t\t\t\t\t<div class=\"elementor-column elementor-col-50 elementor-inner-column elementor-element elementor-element-50402df3\" data-id=\"50402df3\" data-element_type=\"column\">\n\t\t\t<div class=\"elementor-widget-wrap elementor-element-populated\">\n\t\t\t\t\t\t<div class=\"elementor-element elementor-element-236d68f1 elementor-widget elementor-widget-text-editor\" data-id=\"236d68f1\" data-element_type=\"widget\" data-widget_type=\"text-editor.default\">\n\t\t\t\t<div class=\"elementor-widget-container\">\n\t\t\t\t\t\t\t\t\t<p>A Pol\u00edcia Militar do Par\u00e1 (PMPA), representada por seu Comandante Geral, CEL QOPM JOS\u00c9 DILSON MELO DE SOUZA J\u00daNIOR, torna p\u00fablico a realiza\u00e7\u00e3o do Processo de Sele\u00e7\u00e3o Interna para admiss\u00e3o ao Curso de Habilita\u00e7\u00e3o de Oficiais do Quadro de Oficiais da Pol\u00edcia Militar -CHO\/PMPA\/2021, a funcionar na Academia de Pol\u00edcia Militar \u201cCel Fontoura\u201d, no Munic\u00edpio de Marituba-PA, e sob a responsabilidade da PMPA.<\/p><p><strong>Vagas:<\/strong>\u00a0Total\u00a0<b>110<\/b>.<\/p><p>Sendo:<\/p><p><span style=\"color: #000000; font-family: Arial, Roboto, sans-serif;\">Oficiais de Administra\u00e7\u00e3o (QOAPM) 98<\/span><\/p><p><span style=\"color: #000000; font-family: Arial, Roboto, sans-serif;\">Oficiais Especialista\/Sa\u00fade (QOEPM) 09<\/span><\/p><p><span style=\"color: #000000; font-family: Arial, Roboto, sans-serif;\">Oficiais Especialista\/M\u00fasicos (QOEPM) 03<\/span><\/p><p><strong>Inscri\u00e7\u00f5es:\u00a0<\/strong> 06\/01\/2022 a 20\/01\/2022.<\/p><p>Para se inscrever, <a href=\"http:\/\/concursos2.fadesp.org.br\/pmpa2021\/web\/index.php\"><strong>clique aqui.<\/strong><\/a><\/p><p><strong>Taxa:<\/strong>\u00a0R$ 150,00 (cento e cinquenta reais).<\/p><p><strong>Pagamento da taxa de inscri\u00e7\u00e3o:<\/strong> Dever\u00e1 ser efetuado at\u00e9 \u00e0s 23h59min do dia 21 de janeiro de 2022.<\/p><div><strong>Previs\u00e3o de Realiza\u00e7\u00e3o da 2\u00aa Etapa prova de conhecimento (prova objetiva e reda\u00e7\u00e3o)<\/strong>:\u00a020\/02\/2022<\/div><div>\u00a0<\/div><div>\u00a0<\/div><div><div><span style=\"color: #000000;\"><strong>&#8211; Per\u00edodo de realiza\u00e7\u00e3o da 3\u00aa Etapa &#8211; Avalia\u00e7\u00e3o Psicol\u00f3gic<\/strong>a 10\/04\/2022<\/span><\/div><div><span style=\"color: #000000;\"><strong>&#8211; Per\u00edodo de realiza\u00e7\u00e3o da<\/strong> <strong>4\u00aa Etapa &#8211; Avalia\u00e7\u00e3o de Sa\u00fade<\/strong> 07 e 08\/05\/2022<\/span><\/div><div><span style=\"color: #000000;\"><strong>&#8211; Per\u00edodo de realiza\u00e7\u00e3o da 5\u00aa Etapa &#8211; Avalia\u00e7\u00e3o F\u00edsica<\/strong> 28 e 29\/05\/2022<\/span><\/div><\/div>\t\t\t\t\t\t\t\t<\/div>\n\t\t\t\t<\/div>\n\t\t\t\t\t<\/div>\n\t\t<\/div>\n\t\t\t\t<div class=\"elementor-column elementor-col-50 elementor-inner-column elementor-element elementor-element-702abfb5\" data-id=\"702abfb5\" data-element_type=\"column\">\n\t\t\t<div class=\"elementor-widget-wrap elementor-element-populated\">\n\t\t\t\t\t\t<div class=\"elementor-element elementor-element-c72e096 elementor-widget elementor-widget-text-editor\" data-id=\"c72e096\" data-element_type=\"widget\" data-widget_type=\"text-editor.default\">\n\t\t\t\t<div class=\"elementor-widget-container\">\n\t\t\t\t\t\t\t\t\t<p style=\"text-align: center;\"><span style=\"color: #ffffff;\"><b>Avisos<\/b><\/span><\/p>\t\t\t\t\t\t\t\t<\/div>\n\t\t\t\t<\/div>\n\t\t\t\t<div class=\"elementor-element elementor-element-837ac84 elementor-widget elementor-widget-text-editor\" data-id=\"837ac84\" data-element_type=\"widget\" data-widget_type=\"text-editor.default\">\n\t\t\t\t<div class=\"elementor-widget-container\">\n\t\t\t\t\t\t\t\t\t<div class=\"botaoBug\" style=\"margin-bottom: 10px; text-align: center;\"><a href=\"http:\/\/concursos2.fadesp.org.br\/pmpa2021\/web\/index_recurso.php\"><b>Respostas dos Recursos (clique aqui)<\/b><\/a><\/div>\t\t\t\t\t\t\t\t<\/div>\n\t\t\t\t<\/div>\n\t\t\t\t<div class=\"elementor-element elementor-element-2186151a elementor-widget elementor-widget-text-editor\" data-id=\"2186151a\" data-element_type=\"widget\" data-widget_type=\"text-editor.default\">\n\t\t\t\t<div class=\"elementor-widget-container\">\n\t\t\t\t\t\t\t\t\t<p style=\"text-align: center;\"><span style=\"color: #ffffff;\"><strong>Editais<\/strong><\/span><\/p>\t\t\t\t\t\t\t\t<\/div>\n\t\t\t\t<\/div>\n\t\t\t\t<div class=\"elementor-element elementor-element-72154397 elementor-widget elementor-widget-text-editor\" data-id=\"72154397\" data-element_type=\"widget\" data-widget_type=\"text-editor.default\">\n\t\t\t\t<div class=\"elementor-widget-container\">\n\t\t\t\t\t\t\t\t\t<p style=\"text-align: center;\">EDITAL N.\u00ba 024\/CHO\/PMPA &#8211; 1\u00aa RETIFICA\u00c7\u00c3O DA HOMOLOGA\u00c7\u00c3O DO RESULTADO FINAL, de 23\/09\/2022 <a href=\"http:\/\/concursos2.fadesp.org.br\/pmpa2021\/arquivos\/Edital\/EDITAL N\u00ba 024_CHO_PMPA_1\u00aa RETIFICA\u00c7\u00c3O DA HOMOLOGA\u00c7\u00c3O_DOE 35.129 DE 23-09-2022.pdf\"><strong>(Clique Aqui)<\/strong><\/a><\/p><p style=\"text-align: center;\">EDITAL N.\u00ba 023\/CHO\/PMPA &#8211; HOMOLOGA\u00c7\u00c3O DO RESULTADO FINAL, de 22\/06\/2022 <a href=\"http:\/\/concursos2.fadesp.org.br\/pmpa2021\/arquivos\/Edital\/EDITAL N.\u00ba 023_CHO PMPA - HOMOLOGA\u00c7\u00c3O DO RESULTADO FINAL.pdf\"><strong>(Clique Aqui)<\/strong><\/a><\/p><p style=\"text-align: center;\">Edital N.\u00ba 022\/CHO\/PMPA &#8211; Resultado Classificat\u00f3rio Definitivo, de 20\/06\/2022 <a href=\"http:\/\/concursos2.fadesp.org.br\/pmpa2021\/arquivos\/Edital\/EDITAL N.\u00ba 022_CHO PMPA - Resultado Classificat\u00f3rio Definitivo.pdf\"><strong>(Clique Aqui)<\/strong><\/a><\/p><p style=\"text-align: center;\">Edital N.\u00ba 021\/CHO\/PMPA &#8211; Resultado Classificat\u00f3rio Preliminar, de 10\/06\/2022 <a href=\"http:\/\/concursos2.fadesp.org.br\/pmpa2021\/arquivos\/Edital\/EDITAL N.\u00ba 021_CHO PMPA - Resultado Classificat\u00f3rio Preliminar.pdf\"><strong>(Clique Aqui)<\/strong><\/a><\/p><p style=\"text-align: center;\">Edital N.\u00ba 020\/CHO\/PMPA &#8211; Resultado Definitivo da 5\u00aa Etapa, de 07\/06\/2022 <a href=\"http:\/\/concursos2.fadesp.org.br\/pmpa2021\/arquivos\/Edital\/EDITAL N.\u00ba 020_CHO PMPA - Resultado Definitivo da 5a Etapa.pdf\"><strong>(Clique Aqui)<\/strong><\/a><\/p><p style=\"text-align: center;\">Edital N.\u00ba 019\/CHO\/PMPA &#8211; Resultado Preliminar da 5\u00aa Etapa, de 01\/06\/2022 <a href=\"http:\/\/concursos2.fadesp.org.br\/pmpa2021\/arquivos\/Edital\/EDITAL N.\u00ba 019_CHO PMPA - Resultado Preliminar da 5a Etapa.pdf\"><strong>(Clique Aqui)<\/strong><\/a><\/p><p style=\"text-align: center;\">ADIT. BG N 128 III &#8211; De 08 JULHO 2021 &#8211; RESOLU\u00c7\u00c3O DO TAF PMPA 2021 &#8211; EMG, de 24\/05\/2022\u00a0<a href=\"http:\/\/concursos2.fadesp.org.br\/pmpa2021\/arquivos\/ADIT. BG N 128 III - De 08 JULHO 2021 - RESOLU\u00c7\u00c3O DO TAF PMPA 2021 - EMG.pdf\"><strong>(Clique aqui)<\/strong><\/a><\/p><p style=\"text-align: center;\">Edital N.\u00ba 018\/CHO\/PMPA &#8211; Convoca\u00e7\u00e3o a 5\u00aa Etapa, de 24\/05\/2022\u00a0<a href=\"http:\/\/concursos2.fadesp.org.br\/pmpa2021\/arquivos\/Edital\/EDITAL N.\u00ba 018_CHO PMPA - Convoca\u00e7\u00e3o a 5a Etapa.pdf\"><strong>(Clique aqui)<\/strong><\/a><\/p><p style=\"text-align: center;\">Edital N.\u00ba 017\/CHO\/PMPA &#8211; Resultado Definitivo da 4\u00aa Etapa, de 24\/05\/2022 <a href=\"http:\/\/concursos2.fadesp.org.br\/pmpa2021\/arquivos\/Edital\/EDITAL N.\u00ba 017_CHO PMPA - Resultado Definitivo da 4a Etapa.pdf\"><strong>(Clique aqui)<\/strong><\/a><\/p><p style=\"text-align: center;\">Edital N.\u00ba 016\/CHO\/PMPA &#8211; Resultado Preliminar da 4\u00aa Etapa &#8211; Avalia\u00e7\u00e3o de Sa\u00fade <a href=\"http:\/\/concursos2.fadesp.org.br\/pmpa2021\/arquivos\/Edital\/EDITAL N.\u00ba 016_CHO PMPA - RESULTADO PRELIMINAR DA 4\u00aa ETAPA_AVALIA\u00c7\u00c3O DE SA\u00daDE.pdf\"><strong>(Clique aqui)<\/strong><\/a><\/p><p style=\"text-align: center;\"><a href=\"http:\/\/concursos2.fadesp.org.br\/pmpa2021\/arquivos\/Edital\/EDITAL N_015_CHO PMPA - Convoca\u00e7\u00e3o a 4a Etapa.pdf\">Edital N.\u00ba 015\/CHO\/PMPA <\/a>&#8211; Convoca\u00e7\u00e3o a 4\u00aa Etapa, de 27\/04\/2022 <a href=\"http:\/\/concursos2.fadesp.org.br\/pmpa2021\/arquivos\/Edital\/EDITAL N_015_CHO PMPA - Convoca\u00e7\u00e3o a 4a Etapa.pdf\"><strong>(Clique aqui)<\/strong><\/a><\/p><p style=\"text-align: center;\"><a href=\"http:\/\/concursos2.fadesp.org.br\/pmpa2021\/arquivos\/Edital\/EDITAL_N014_CHO PMPA - Resultado Definitivo da 3a Etapa.pdf\">Edital N.\u00ba 014\/CHO\/PMPA <\/a>&#8211; Resultado Definitivo da 3\u00aa Etapa &#8211; Avalia\u00e7\u00e3o Psicol\u00f3gica, de 27\/04\/2022 <a href=\"http:\/\/concursos2.fadesp.org.br\/pmpa2021\/arquivos\/Edital\/EDITAL_N014_CHO PMPA - Resultado Definitivo da 3a Etapa.pdf\"><strong>(Clique aqui)<\/strong><\/a><\/p><p style=\"text-align: center;\"><a href=\"http:\/\/concursos2.fadesp.org.br\/pmpa2021\/arquivos\/Edital\/Edital_n_012_CHO_Retifica\u00e7\u00e3o_de_Cronograma_Anexo_II.pdf\">Edital N.\u00ba 013\/CHO\/PMPA <\/a>&#8211; Resultado Preliminar da 3\u00aa Etapa &#8211; Avalia\u00e7\u00e3o Psicol\u00f3gica, de 14\/04\/2022 <a href=\"http:\/\/concursos2.fadesp.org.br\/pmpa2021\/arquivos\/Edital\/EDITAL_N013_CHO_PMPA_Resultado Preliminar_da_3a_Etapa_Avalia\u00e7\u00e3o_Psicol\u00f3gica.pdf\"><strong>(Clique aqui)<\/strong><\/a><\/p><p style=\"text-align: center;\"><a href=\"http:\/\/concursos2.fadesp.org.br\/pmpa2021\/arquivos\/Edital\/Edital_n_012_CHO_Retifica\u00e7\u00e3o_de_Cronograma_Anexo_II.pdf\">Edital N.\u00ba 012\/CHO\/PMPA <\/a>&#8211; Retifica\u00e7\u00e3o do Cronograma de Atividades, de 07\/04\/2022 <a href=\"http:\/\/concursos2.fadesp.org.br\/pmpa2021\/arquivos\/Edital\/Edital_n_012_CHO_Retifica\u00e7\u00e3o_de_Cronograma_Anexo_II.pdf\"><strong>(Clique aqui)<\/strong><\/a><\/p><p style=\"text-align: center;\"><a href=\"http:\/\/concursos2.fadesp.org.br\/pmpa2021\/arquivos\/Edital\/EDITAL_N_011_CHO_PMPA_Convocacao_a_3a_Etapa.pdf\">Edital N.\u00ba 011\/CHO\/PMPA <\/a>&#8211; Convoca\u00e7\u00e3o dos Candidatos Aptos a 3\u00aa Etapa, de 05\/04\/2022 <a href=\"http:\/\/concursos2.fadesp.org.br\/pmpa2021\/arquivos\/Edital\/EDITAL_N_011_CHO_PMPA_Convocacao_a_3a_Etapa.pdf\"><strong>(Clique aqui)<\/strong><\/a><\/p><p style=\"text-align: center;\"><a href=\"http:\/\/concursos2.fadesp.org.br\/pmpa2021\/arquivos\/Edital\/EDITAL N_010_CHO_PMPA_Resultado_Definitivo_da_soma_da prova_objetiva_com_a_redacao_da 2_Etapa.pdf\">Edital N.\u00ba 010\/CHO\/PMPA <\/a>&#8211; Resultado Definitivo da Soma da Prova Objetiva Com a Reda\u00e7\u00e3o da 2\u00aa Etapa, de 05\/04\/2022 <a href=\"http:\/\/concursos2.fadesp.org.br\/pmpa2021\/arquivos\/Edital\/EDITAL N_010_CHO_PMPA_Resultado_Definitivo_da_soma_da prova_objetiva_com_a_redacao_da 2_Etapa.pdf\"><strong>(Clique aqui)<\/strong><\/a><\/p><p style=\"text-align: center;\"><a href=\"http:\/\/concursos2.fadesp.org.br\/pmpa2021\/arquivos\/Edital\/EDITAL_N_005_CHO_PMPA_Retifica\u00e7\u00e3o_da_Divulga\u00e7\u00e3o_da_Rela\u00e7\u00e3o_Definitiva_Aptos_a_2_Etapa.pdf\">Edital N.\u00ba 009\/CHO\/PMPA <\/a>&#8211; Resultado Definitivo da Prova de Reda\u00e7\u00e3o da 2\u00aa Etapa, de 29\/03\/2022 <a href=\"http:\/\/concursos2.fadesp.org.br\/pmpa2021\/arquivos\/Edital\/EDITAL_N_009_CHO_PMPA_Resultado_Definitivo_da_Prova_Reda\u00e7\u00e3o_2_Etapa.pdf\"><strong>(Clique aqui)<\/strong><\/a><\/p><p style=\"text-align: center;\"><a href=\"http:\/\/concursos2.fadesp.org.br\/pmpa2021\/arquivos\/Edital\/EDITAL_N_005_CHO_PMPA_Retifica\u00e7\u00e3o_da_Divulga\u00e7\u00e3o_da_Rela\u00e7\u00e3o_Definitiva_Aptos_a_2_Etapa.pdf\">Edital N.\u00ba 008\/CHO\/PMPA <\/a>&#8211; Resultado Preliminar da Prova de Reda\u00e7\u00e3o da 2\u00aa Etapa, de 22\/03\/2022 <a href=\"http:\/\/concursos2.fadesp.org.br\/pmpa2021\/arquivos\/Edital\/EDITAL_N_008_CHO_PMPA_Resultado_Preliminar_da_Prova_Reda\u00e7\u00e3o_2_Etapa.pdf\"><strong>(Clique aqui)<\/strong><\/a><\/p><p style=\"text-align: center;\"><a href=\"http:\/\/concursos2.fadesp.org.br\/pmpa2021\/arquivos\/Edital\/EDITAL_N_005_CHO_PMPA_Retifica\u00e7\u00e3o_da_Divulga\u00e7\u00e3o_da_Rela\u00e7\u00e3o_Definitiva_Aptos_a_2_Etapa.pdf\">Edital N.\u00ba 007\/CHO\/PMPA <\/a>&#8211; Resultado Definitivo da Prova Objetiva e Candidatos Aptos \u00e0 Corre\u00e7\u00e3o da Reda\u00e7\u00e3o da 2\u00aa Etapa, de 15\/03\/2022 <a href=\"http:\/\/concursos2.fadesp.org.br\/pmpa2021\/arquivos\/Edital\/EDITAL_N_007_CHO_PMPA_Resultado_Definitivo_da_2a_Etapa.pdf\"><strong>(Clique aqui)<\/strong><\/a><\/p><p style=\"text-align: center;\"><a href=\"http:\/\/concursos2.fadesp.org.br\/pmpa2021\/arquivos\/Edital\/EDITAL_N_006_CHO_PMPA_Resultado_Prelimina_da_Prova_Objetiva_da_2a_Etapa.pdf\">Resultado Preliminar da Prova Objetiva da 2\u00aa Etapa <strong>(Clique aqui)<\/strong><\/a><\/p><p style=\"text-align: center;\"><a href=\"http:\/\/concursos2.fadesp.org.br\/pmpa2021\/arquivos\/Provas\/GABARITO_OFICIAL_DEFINITIVO_2_ETAPA_TIPO_2.pdf\">Gabarito Oficial Definitivo Tipo 2 da 2\u00aa Etapa <strong>(Clique aqui)<\/strong><\/a><\/p><p style=\"text-align: center;\"><a href=\"http:\/\/concursos2.fadesp.org.br\/pmpa2021\/arquivos\/Provas\/GABARITO_OFICIAL_DEFINITIVO_2_ETAPA_TIPO_1.pdf\">Gabarito Oficial Definitivo Tipo 1 da 2\u00aa Etapa <strong>(Clique aqui)<\/strong><\/a><\/p><p style=\"text-align: center;\"><a href=\"http:\/\/concursos2.fadesp.org.br\/pmpa2021\/arquivos\/Provas\/GABARITO_OFICIAL_PRELIMINAR_2_ETAPA_TIPO_2.pdf\">Gabarito Oficial Preliminar Tipo 2 da 2\u00aa Etapa <strong>(Clique aqui)<\/strong><\/a><\/p><p style=\"text-align: center;\"><a href=\"http:\/\/concursos2.fadesp.org.br\/pmpa2021\/arquivos\/Provas\/GABARITO_OFICIAL_PRELIMINAR_2_ETAPA_TIPO_1.pdf\">Gabarito Oficial Preliminar Tipo 1 da 2\u00aa Etapa <strong>(Clique aqui)<\/strong><\/a><\/p><p style=\"text-align: center;\"><a href=\"http:\/\/concursos2.fadesp.org.br\/pmpa2021\/arquivos\/Provas\/PROVA_DE_CONHECIMENTOS_2_ETAPA_TIPO_2.pdf\">Prova de Conhecimentos Tipo 2 da 2\u00aa Etapa <strong>(Clique aqui)<\/strong><\/a><\/p><p style=\"text-align: center;\"><a href=\"http:\/\/concursos2.fadesp.org.br\/pmpa2021\/arquivos\/Provas\/PROVA_DE_CONHECIMENTOS_2_ETAPA_TIPO_1.pdf\">Prova de Conhecimentos Tipo 1 da 2\u00aa Etapa <strong>(Clique aqui)<\/strong><\/a><\/p><p style=\"text-align: center;\"><a href=\"http:\/\/concursos2.fadesp.org.br\/pmpa2021\/arquivos\/Edital\/EDITAL_N_005_CHO_PMPA_Retifica\u00e7\u00e3o_da_Divulga\u00e7\u00e3o_da_Rela\u00e7\u00e3o_Definitiva_Aptos_a_2_Etapa.pdf\">Edital N.\u00ba 005\/CHO\/PMPA &#8211; <strong>Retifica\u00e7\u00e3o da Divulga\u00e7\u00e3o da Rela\u00e7\u00e3o Definitiva dos Candidatos Aptos a 2\u00aa Etapa (Clique aqui)<\/strong><\/a><\/p><p style=\"text-align: center;\"><a href=\"http:\/\/concursos2.fadesp.org.br\/pmpa2021\/arquivos\/Edital\/EDITAL_N_005_CHO_PMPA_Divulgacao_da_Rela\u00e7\u00e3o_Definitiva_Aptos_2_Etapa.pdf\">Edital N.\u00ba 005\/CHO\/PMPA &#8211; <strong>Divulga\u00e7\u00e3o da Rela\u00e7\u00e3o Definitiva dos Candidatos Aptos a 2\u00aa Etapa (Clique aqui)<\/strong><\/a><\/p><p style=\"text-align: center;\"><a href=\"http:\/\/concursos2.fadesp.org.br\/pmpa2021\/arquivos\/Edital\/EDITAL_N_004_CHO_PMPA_Retifica\u00e7\u00e3o_do_Resultado_Definitivo_da_1_Etapa.pdf\">Edital N.\u00ba 004\/CHO\/PMPA &#8211; <strong>Retifica\u00e7\u00e3o do Resultado Definitivo da 1\u00aa Etapa (Clique aqui)<\/strong><\/a><\/p><p style=\"text-align: center;\"><a href=\"http:\/\/concursos2.fadesp.org.br\/pmpa2021\/arquivos\/Edital\/EDITAL_N_003_CHO_PMPA_Resultado_Definitivo_da_1_Etapa.pdf\">Edital N.\u00ba 003\/CHO\/PMPA &#8211; <strong>Resultado Definitivo da 1\u00aa Etapa (Clique aqui)<\/strong><\/a><\/p><p style=\"text-align: center;\"><a href=\"http:\/\/concursos2.fadesp.org.br\/pmpa2021\/arquivos\/Edital\/EDITAL N_002_CHO_PMPA_Retifica\u00e7\u00e3o_Resultado_Preliminar_1_Etapa.pdf\">Edital N.\u00ba 002\/CHO\/PMPA &#8211; <strong>Retifica\u00e7\u00e3o do Resultado Preliminar da 1\u00aa Etapa (Clique aqui)<\/strong><\/a><\/p><p style=\"text-align: center;\">Edital 1 &#8211; Abertura <strong><a href=\"http:\/\/concursos2.fadesp.org.br\/pmpa2021\/arquivos\/Edital\/EDITAL_N_01_ABERTURA_CHO_PMPA_2021.pdf\">(Clique aqui)<\/a><\/strong><\/p>\t\t\t\t\t\t\t\t<\/div>\n\t\t\t\t<\/div>\n\t\t\t\t\t<\/div>\n\t\t<\/div>\n\t\t\t\t\t<\/div>\n\t\t<\/section>\n\t\t\t\t\t<\/div>\n\t\t<\/div>\n\t\t\t\t\t<\/div>\n\t\t<\/section>\n\t\t\t\t<\/div>\n\t\t","protected":false},"excerpt":{"rendered":"<p>Pol\u00edcia Militar do Estado do Par\u00e1 \u2013 PM \u2013 2021 A Pol\u00edcia Militar do Par\u00e1 (PMPA), representada por seu Comandante Geral, CEL QOPM JOS\u00c9 DILSON MELO DE SOUZA J\u00daNIOR, torna p\u00fablico a realiza\u00e7\u00e3o do Processo de Sele\u00e7\u00e3o Interna para admiss\u00e3o ao Curso de Habilita\u00e7\u00e3o de Oficiais do Quadro de Oficiais da Pol\u00edcia Militar -CHO\/PMPA\/2021, a [&hellip;]<\/p>\n","protected":false},"author":9,"featured_media":0,"parent":329,"menu_order":51,"comment_status":"closed","ping_status":"closed","template":"","meta":{"_monsterinsights_skip_tracking":false,"_monsterinsights_sitenote_active":false,"_monsterinsights_sitenote_note":"","_monsterinsights_sitenote_category":0,"footnotes":""},"class_list":["post-23360","page","type-page","status-publish","hentry","entry"],"yoast_head":"<!-- This site is optimized with the Yoast SEO plugin v25.1 - https:\/\/yoast.com\/wordpress\/plugins\/seo\/ -->\n<title>Pol\u00edcia Militar do Estado do Par\u00e1 - PM - 2021 - FADESP<\/title>\n<meta name=\"robots\" content=\"index, follow, max-snippet:-1, max-image-preview:large, max-video-preview:-1\" \/>\n<link rel=\"canonical\" href=\"https:\/\/portalfadesp.org.br\/?page_id=23360\" \/>\n<meta property=\"og:locale\" content=\"pt_BR\" \/>\n<meta property=\"og:type\" content=\"article\" \/>\n<meta property=\"og:title\" content=\"Pol\u00edcia Militar do Estado do Par\u00e1 - PM - 2021 - FADESP\" \/>\n<meta property=\"og:description\" content=\"Pol\u00edcia Militar do Estado do Par\u00e1 \u2013 PM \u2013 2021 A Pol\u00edcia Militar do Par\u00e1 (PMPA), representada por seu Comandante Geral, CEL QOPM JOS\u00c9 DILSON MELO DE SOUZA J\u00daNIOR, torna p\u00fablico a realiza\u00e7\u00e3o do Processo de Sele\u00e7\u00e3o Interna para admiss\u00e3o ao Curso de Habilita\u00e7\u00e3o de Oficiais do Quadro de Oficiais da Pol\u00edcia Militar -CHO\/PMPA\/2021, a [&hellip;]\" \/>\n<meta property=\"og:url\" content=\"https:\/\/portalfadesp.org.br\/?page_id=23360\" \/>\n<meta property=\"og:site_name\" content=\"FADESP\" \/>\n<meta property=\"article:publisher\" content=\"https:\/\/www.facebook.com\/Fadesp-138351949524662\/\" \/>\n<meta property=\"article:modified_time\" content=\"2022-12-20T13:45:47+00:00\" \/>\n<meta name=\"twitter:card\" content=\"summary_large_image\" \/>\n<meta name=\"twitter:site\" content=\"@Fadesp\" \/>\n<meta name=\"twitter:label1\" content=\"Est. tempo de leitura\" \/>\n\t<meta name=\"twitter:data1\" content=\"3 minutos\" \/>\n<script type=\"application\/ld+json\" class=\"yoast-schema-graph\">{\"@context\":\"https:\/\/schema.org\",\"@graph\":[{\"@type\":\"WebPage\",\"@id\":\"https:\/\/portalfadesp.org.br\/?page_id=23360\",\"url\":\"https:\/\/portalfadesp.org.br\/?page_id=23360\",\"name\":\"Pol\u00edcia Militar do Estado do Par\u00e1 - PM - 2021 - FADESP\",\"isPartOf\":{\"@id\":\"https:\/\/portalfadesp.org.br\/#website\"},\"datePublished\":\"2021-12-21T23:17:26+00:00\",\"dateModified\":\"2022-12-20T13:45:47+00:00\",\"breadcrumb\":{\"@id\":\"https:\/\/portalfadesp.org.br\/?page_id=23360#breadcrumb\"},\"inLanguage\":\"pt-BR\",\"potentialAction\":[{\"@type\":\"ReadAction\",\"target\":[\"https:\/\/portalfadesp.org.br\/?page_id=23360\"]}]},{\"@type\":\"BreadcrumbList\",\"@id\":\"https:\/\/portalfadesp.org.br\/?page_id=23360#breadcrumb\",\"itemListElement\":[{\"@type\":\"ListItem\",\"position\":1,\"name\":\"In\u00edcio\",\"item\":\"https:\/\/portalfadesp.org.br\/\"},{\"@type\":\"ListItem\",\"position\":2,\"name\":\"Concursos &#8211; Homologados\",\"item\":\"https:\/\/portalfadesp.org.br\/?page_id=329\"},{\"@type\":\"ListItem\",\"position\":3,\"name\":\"Pol\u00edcia Militar do Estado do Par\u00e1 &#8211; PM &#8211; 2021\"}]},{\"@type\":\"WebSite\",\"@id\":\"https:\/\/portalfadesp.org.br\/#website\",\"url\":\"https:\/\/portalfadesp.org.br\/\",\"name\":\"FADESP\",\"description\":\"Funda\u00e7\u00e3o de Amparo e Desenvolvimento da Pesquisa\",\"publisher\":{\"@id\":\"https:\/\/portalfadesp.org.br\/#organization\"},\"potentialAction\":[{\"@type\":\"SearchAction\",\"target\":{\"@type\":\"EntryPoint\",\"urlTemplate\":\"https:\/\/portalfadesp.org.br\/?s={search_term_string}\"},\"query-input\":{\"@type\":\"PropertyValueSpecification\",\"valueRequired\":true,\"valueName\":\"search_term_string\"}}],\"inLanguage\":\"pt-BR\"},{\"@type\":\"Organization\",\"@id\":\"https:\/\/portalfadesp.org.br\/#organization\",\"name\":\"FADESP\",\"url\":\"https:\/\/portalfadesp.org.br\/\",\"logo\":{\"@type\":\"ImageObject\",\"inLanguage\":\"pt-BR\",\"@id\":\"https:\/\/portalfadesp.org.br\/#\/schema\/logo\/image\/\",\"url\":\"https:\/\/portalfadesp.org.br\/wp-content\/uploads\/2024\/01\/NOVOLOGOFADESPlaranjaH.png\",\"contentUrl\":\"https:\/\/portalfadesp.org.br\/wp-content\/uploads\/2024\/01\/NOVOLOGOFADESPlaranjaH.png\",\"width\":2742,\"height\":839,\"caption\":\"FADESP\"},\"image\":{\"@id\":\"https:\/\/portalfadesp.org.br\/#\/schema\/logo\/image\/\"},\"sameAs\":[\"https:\/\/www.facebook.com\/Fadesp-138351949524662\/\",\"https:\/\/x.com\/Fadesp\",\"https:\/\/www.instagram.com\/fadesp_ufpa\/\",\"https:\/\/www.youtube.com\/@fundacaodeamparoedesenvolv1903\",\"https:\/\/www.threads.net\/@fadesp_ufpa\"]}]}<\/script>\n<!-- \/ Yoast SEO plugin. -->","yoast_head_json":{"title":"Pol\u00edcia Militar do Estado do Par\u00e1 - PM - 2021 - FADESP","robots":{"index":"index","follow":"follow","max-snippet":"max-snippet:-1","max-image-preview":"max-image-preview:large","max-video-preview":"max-video-preview:-1"},"canonical":"https:\/\/portalfadesp.org.br\/?page_id=23360","og_locale":"pt_BR","og_type":"article","og_title":"Pol\u00edcia Militar do Estado do Par\u00e1 - PM - 2021 - FADESP","og_description":"Pol\u00edcia Militar do Estado do Par\u00e1 \u2013 PM \u2013 2021 A Pol\u00edcia Militar do Par\u00e1 (PMPA), representada por seu Comandante Geral, CEL QOPM JOS\u00c9 DILSON MELO DE SOUZA J\u00daNIOR, torna p\u00fablico a realiza\u00e7\u00e3o do Processo de Sele\u00e7\u00e3o Interna para admiss\u00e3o ao Curso de Habilita\u00e7\u00e3o de Oficiais do Quadro de Oficiais da Pol\u00edcia Militar -CHO\/PMPA\/2021, a [&hellip;]","og_url":"https:\/\/portalfadesp.org.br\/?page_id=23360","og_site_name":"FADESP","article_publisher":"https:\/\/www.facebook.com\/Fadesp-138351949524662\/","article_modified_time":"2022-12-20T13:45:47+00:00","twitter_card":"summary_large_image","twitter_site":"@Fadesp","twitter_misc":{"Est. tempo de leitura":"3 minutos"},"schema":{"@context":"https:\/\/schema.org","@graph":[{"@type":"WebPage","@id":"https:\/\/portalfadesp.org.br\/?page_id=23360","url":"https:\/\/portalfadesp.org.br\/?page_id=23360","name":"Pol\u00edcia Militar do Estado do Par\u00e1 - PM - 2021 - FADESP","isPartOf":{"@id":"https:\/\/portalfadesp.org.br\/#website"},"datePublished":"2021-12-21T23:17:26+00:00","dateModified":"2022-12-20T13:45:47+00:00","breadcrumb":{"@id":"https:\/\/portalfadesp.org.br\/?page_id=23360#breadcrumb"},"inLanguage":"pt-BR","potentialAction":[{"@type":"ReadAction","target":["https:\/\/portalfadesp.org.br\/?page_id=23360"]}]},{"@type":"BreadcrumbList","@id":"https:\/\/portalfadesp.org.br\/?page_id=23360#breadcrumb","itemListElement":[{"@type":"ListItem","position":1,"name":"In\u00edcio","item":"https:\/\/portalfadesp.org.br\/"},{"@type":"ListItem","position":2,"name":"Concursos &#8211; Homologados","item":"https:\/\/portalfadesp.org.br\/?page_id=329"},{"@type":"ListItem","position":3,"name":"Pol\u00edcia Militar do Estado do Par\u00e1 &#8211; PM &#8211; 2021"}]},{"@type":"WebSite","@id":"https:\/\/portalfadesp.org.br\/#website","url":"https:\/\/portalfadesp.org.br\/","name":"FADESP","description":"Funda\u00e7\u00e3o de Amparo e Desenvolvimento da Pesquisa","publisher":{"@id":"https:\/\/portalfadesp.org.br\/#organization"},"potentialAction":[{"@type":"SearchAction","target":{"@type":"EntryPoint","urlTemplate":"https:\/\/portalfadesp.org.br\/?s={search_term_string}"},"query-input":{"@type":"PropertyValueSpecification","valueRequired":true,"valueName":"search_term_string"}}],"inLanguage":"pt-BR"},{"@type":"Organization","@id":"https:\/\/portalfadesp.org.br\/#organization","name":"FADESP","url":"https:\/\/portalfadesp.org.br\/","logo":{"@type":"ImageObject","inLanguage":"pt-BR","@id":"https:\/\/portalfadesp.org.br\/#\/schema\/logo\/image\/","url":"https:\/\/portalfadesp.org.br\/wp-content\/uploads\/2024\/01\/NOVOLOGOFADESPlaranjaH.png","contentUrl":"https:\/\/portalfadesp.org.br\/wp-content\/uploads\/2024\/01\/NOVOLOGOFADESPlaranjaH.png","width":2742,"height":839,"caption":"FADESP"},"image":{"@id":"https:\/\/portalfadesp.org.br\/#\/schema\/logo\/image\/"},"sameAs":["https:\/\/www.facebook.com\/Fadesp-138351949524662\/","https:\/\/x.com\/Fadesp","https:\/\/www.instagram.com\/fadesp_ufpa\/","https:\/\/www.youtube.com\/@fundacaodeamparoedesenvolv1903","https:\/\/www.threads.net\/@fadesp_ufpa"]}]}},"_links":{"self":[{"href":"https:\/\/portalfadesp.org.br\/index.php?rest_route=\/wp\/v2\/pages\/23360","targetHints":{"allow":["GET"]}}],"collection":[{"href":"https:\/\/portalfadesp.org.br\/index.php?rest_route=\/wp\/v2\/pages"}],"about":[{"href":"https:\/\/portalfadesp.org.br\/index.php?rest_route=\/wp\/v2\/types\/page"}],"author":[{"embeddable":true,"href":"https:\/\/portalfadesp.org.br\/index.php?rest_route=\/wp\/v2\/users\/9"}],"replies":[{"embeddable":true,"href":"https:\/\/portalfadesp.org.br\/index.php?rest_route=%2Fwp%2Fv2%2Fcomments&post=23360"}],"version-history":[{"count":241,"href":"https:\/\/portalfadesp.org.br\/index.php?rest_route=\/wp\/v2\/pages\/23360\/revisions"}],"predecessor-version":[{"id":36237,"href":"https:\/\/portalfadesp.org.br\/index.php?rest_route=\/wp\/v2\/pages\/23360\/revisions\/36237"}],"up":[{"embeddable":true,"href":"https:\/\/portalfadesp.org.br\/index.php?rest_route=\/wp\/v2\/pages\/329"}],"wp:attachment":[{"href":"https:\/\/portalfadesp.org.br\/index.php?rest_route=%2Fwp%2Fv2%2Fmedia&parent=23360"}],"curies":[{"name":"wp","href":"https:\/\/api.w.org\/{rel}","templated":true}]}}