{"id":23355,"date":"2021-12-21T17:29:09","date_gmt":"2021-12-21T20:29:09","guid":{"rendered":"https:\/\/162.215.13.167?page_id=23355"},"modified":"2022-12-20T10:46:06","modified_gmt":"2022-12-20T13:46:06","slug":"secrataria-do-estado-da-fazenda-sefa-2021","status":"publish","type":"page","link":"https:\/\/portalfadesp.org.br\/?page_id=23355","title":{"rendered":"Secretaria do Estado da Fazenda &#8211; SEFA &#8211; 2021"},"content":{"rendered":"\t\t<div data-elementor-type=\"wp-post\" data-elementor-id=\"23355\" class=\"elementor elementor-23355\" data-elementor-post-type=\"page\">\n\t\t\t\t\t\t<section class=\"elementor-section elementor-top-section elementor-element elementor-element-17bc3826 elementor-section-full_width elementor-section-height-default elementor-section-height-default\" data-id=\"17bc3826\" data-element_type=\"section\">\n\t\t\t\t\t\t<div class=\"elementor-container elementor-column-gap-default\">\n\t\t\t\t\t<div class=\"elementor-column elementor-col-100 elementor-top-column elementor-element elementor-element-4a633c3e\" data-id=\"4a633c3e\" data-element_type=\"column\">\n\t\t\t<div class=\"elementor-widget-wrap elementor-element-populated\">\n\t\t\t\t\t\t<div class=\"elementor-element elementor-element-6c3f70bc elementor-widget elementor-widget-heading\" data-id=\"6c3f70bc\" data-element_type=\"widget\" data-widget_type=\"heading.default\">\n\t\t\t\t<div class=\"elementor-widget-container\">\n\t\t\t\t\t<h1 class=\"elementor-heading-title elementor-size-default\">Secretaria do Estado da Fazenda \u2013 SEFA \u2013 2021 <\/h1>\t\t\t\t<\/div>\n\t\t\t\t<\/div>\n\t\t\t\t<section class=\"elementor-section elementor-inner-section elementor-element elementor-element-757e6449 elementor-section-boxed elementor-section-height-default elementor-section-height-default\" data-id=\"757e6449\" data-element_type=\"section\">\n\t\t\t\t\t\t<div class=\"elementor-container elementor-column-gap-default\">\n\t\t\t\t\t<div class=\"elementor-column elementor-col-50 elementor-inner-column elementor-element elementor-element-50402df3\" data-id=\"50402df3\" data-element_type=\"column\">\n\t\t\t<div class=\"elementor-widget-wrap elementor-element-populated\">\n\t\t\t\t\t\t<div class=\"elementor-element elementor-element-236d68f1 elementor-widget elementor-widget-text-editor\" data-id=\"236d68f1\" data-element_type=\"widget\" data-widget_type=\"text-editor.default\">\n\t\t\t\t<div class=\"elementor-widget-container\">\n\t\t\t\t\t\t\t\t\t<p>A SECRETARIA DE ESTADO DE PLANEJAMENTO E ADMINISTRA\u00c7\u00c3O &#8211; SEPLAD\/PA e a SECRETARIA DE ESTADO DA FAZENDA &#8211; SEFA, no uso de suas atribui\u00e7\u00f5es legais, TORNAM P\u00daBLICA a realiza\u00e7\u00e3o de Concurso P\u00fablico para provimento de vagas, e forma\u00e7\u00e3o de cadastro de reserva, para os cargos de Auditor Fiscal de Receitas Estaduais \u2013 CAT-AF-01 e de Fiscal de Receitas Estaduais \u2013 CATF-02 das Carreiras da Administra\u00e7\u00e3o Tribut\u00e1ria da SECRETARIA DE ESTADO DA FAZENDA &#8211; SEFA.<\/p><p><strong>ATEN\u00c7\u00c3O: EDITAL RETIFICADO DISPON\u00cdVEL.\u00a0<\/strong><\/p><p><strong>Vagas:\u00a0<\/strong>Total <strong>48.<\/strong><\/p><p>Sendo<strong> 38<\/strong> Vagas imediatas + 112 de cadastro reserva para <strong>Auditor Fiscal de Receitas Estaduais.<\/strong><\/p><p>E <strong>10<\/strong> Vagas imediatas + 40 de cadastro reserva para <strong>Fiscal de Receitas Estaduais.<\/strong><\/p><p><strong>Remunera\u00e7\u00e3o:\u00a0<\/strong>varia de R$ 11.910,51\u00a0 a R$ 15.076,58 .<\/p><p><strong>Inscri\u00e7\u00f5es:\u00a0 <\/strong>10\/01\/2022 a 10\/02\/2022.<\/p><p>Para se inscrever, <strong><a href=\"http:\/\/concursos2.fadesp.org.br\/sefa2021\/web\/index.php\">clique aqui.<\/a><\/strong><\/p><p><strong>Taxa: <\/strong>R$ 75,00 (setenta e cinco reais).<\/p><p><strong>Pagamento da taxa de inscri\u00e7\u00e3o:<\/strong> O pagamento da taxa de inscri\u00e7\u00e3o dever\u00e1 ser efetuado at\u00e9 \u00e0s 23h59min do dia 11 de fevereiro de 2022.<\/p><div><strong>Solicita\u00e7\u00e3o de isen\u00e7\u00e3o da taxa de inscri\u00e7\u00e3o<\/strong>: 11 a 14\/01\/2022<\/div><div>\u00a0<\/div><div>\u00a0<\/div><div><strong>Solicita\u00e7\u00e3o de atendimento especial para realiza\u00e7\u00e3o das provas<\/strong>: 11\/01\/2022 a 10\/02\/2022<\/div><div>\u00a0<\/div><div>\u00a0<\/div><div><div><strong>Previs\u00e3o de Realiza\u00e7\u00e3o da 1\u00aa prova objetiva de conhecimentos gerais:<\/strong><\/div><div><div><strong>-Fiscal de Receitas Estaduais:<\/strong>\u00a020\/03\/2022 8 \u00e0s 13h<\/div><div><strong>-Auditor Fiscal de Receitas Estaduais:<\/strong>\u00a027\/03\/2022 8 \u00e0s 13h<\/div><div>\u00a0<\/div><div>\u00a0<\/div><\/div><div><strong>Previs\u00e3o de Realiza\u00e7\u00e3o da 2\u00aa Prova de Conhecimentos Espec\u00edficos:<\/strong><\/div><div><div><strong>-Fiscal de Receitas Estaduais<\/strong>:\u00a0<span style=\"color: #000000; font-family: Arial, Roboto, sans-serif;\">20\/03\/2022 15 \u00e0s 19h<\/span><\/div><div><strong>-Auditor Fiscal de Receitas Estaduais:<\/strong>\u00a027\/03\/2022 15 \u00e0s 19h<\/div><\/div><\/div>\t\t\t\t\t\t\t\t<\/div>\n\t\t\t\t<\/div>\n\t\t\t\t\t<\/div>\n\t\t<\/div>\n\t\t\t\t<div class=\"elementor-column elementor-col-50 elementor-inner-column elementor-element elementor-element-702abfb5\" data-id=\"702abfb5\" data-element_type=\"column\">\n\t\t\t<div class=\"elementor-widget-wrap elementor-element-populated\">\n\t\t\t\t\t\t<div class=\"elementor-element elementor-element-c72e096 elementor-widget elementor-widget-text-editor\" data-id=\"c72e096\" data-element_type=\"widget\" data-widget_type=\"text-editor.default\">\n\t\t\t\t<div class=\"elementor-widget-container\">\n\t\t\t\t\t\t\t\t\t<p style=\"text-align: center;\"><span style=\"color: #ffffff;\"><b>Avisos<\/b><\/span><\/p>\t\t\t\t\t\t\t\t<\/div>\n\t\t\t\t<\/div>\n\t\t\t\t<div class=\"elementor-element elementor-element-81bed8f elementor-widget elementor-widget-text-editor\" data-id=\"81bed8f\" data-element_type=\"widget\" data-widget_type=\"text-editor.default\">\n\t\t\t\t<div class=\"elementor-widget-container\">\n\t\t\t\t\t\t\t\t\t<div class=\"botaoBug\" style=\"margin-bottom: 10px;\"><a href=\"http:\/\/concursos2.fadesp.org.br\/sefa2021\/web\/index_recurso.php\"><b>Recurso On-line (clique aqui)<\/b><\/a><\/div>\n<div class=\"botaoBug\" style=\"margin-bottom: 10px;\"><a href=\"http:\/\/concursos2.fadesp.org.br\/sefa2021\/web\/index_nota.php\"><b>Consulta Geral de Pontua\u00e7\u00f5es (clique aqui)<\/b><\/a><\/div>\n<div style=\"text-align: center;\">\u00a0PROTOCOLO DE SEGURAN\u00c7A PARA OS DIAS DE PROVA &#8211; CONCURSO SEFA (<a href=\"http:\/\/concursos2.fadesp.org.br\/sefa2021\/arquivos\/protocolo_de_seguranca_sefa.pdf\"><strong>Clique Aqui<\/strong><\/a>)<\/div>\n<div class=\"notranslate\" style=\"all: initial;\"><\/div>\t\t\t\t\t\t\t\t<\/div>\n\t\t\t\t<\/div>\n\t\t\t\t<div class=\"elementor-element elementor-element-2186151a elementor-widget elementor-widget-text-editor\" data-id=\"2186151a\" data-element_type=\"widget\" data-widget_type=\"text-editor.default\">\n\t\t\t\t<div class=\"elementor-widget-container\">\n\t\t\t\t\t\t\t\t\t<p style=\"text-align: center;\"><span style=\"color: #ffffff;\"><strong>Editais<\/strong><\/span><\/p>\t\t\t\t\t\t\t\t<\/div>\n\t\t\t\t<\/div>\n\t\t\t\t<div class=\"elementor-element elementor-element-72154397 elementor-widget elementor-widget-text-editor\" data-id=\"72154397\" data-element_type=\"widget\" data-widget_type=\"text-editor.default\">\n\t\t\t\t<div class=\"elementor-widget-container\">\n\t\t\t\t\t\t\t\t\t<div style=\"text-align: center;\"><p><span id=\"page3R_mcid10\" class=\"markedContent\"><span dir=\"ltr\" role=\"presentation\">EDITAL N.\u00ba 10\/2022-SEPLAD\/SEFA, DE 28\/04\/2022 <strong><a href=\"http:\/\/concursos2.fadesp.org.br\/sefa2021\/arquivos\/resultado\/EDITAL_N_10_DOE_N_34951_DE_29_04_2022_Homologa%C3%A7%C3%A3o_do_Concurso_P%C3%BAblico.pdf\">(Clique Aqui)<\/a><\/strong><br \/><\/span><\/span><\/p><p>Edital n\u00ba 10\/2022 &#8211; SEPLAD\/SEFA &#8211; HOMOLOGA\u00c7\u00c3O do Resultado Final do Concurso P\u00fablico C-213 &#8211; DOE 34.951, de 29\/04\/2022<a href=\"http:\/\/concursos2.fadesp.org.br\/sefa2021\/arquivos\/resultado\/EDITAL_N_10_DOE_N_34951_DE_29_04_2022_Homologa\u00e7\u00e3o_do_Concurso_P\u00fablico.pdf\"><strong> (Clique Aqui)<\/strong><\/a><\/p><p>Edital n\u00ba 09\/2022 &#8211; SEPLAD\/SEFA &#8211; <strong>Resultado Definitivo<\/strong> &#8211; DOE 34.946, de 26\/04\/2022 <a href=\"http:\/\/concursos2.fadesp.org.br\/sefa2021\/arquivos\/resultado\/Edital n09 - Resultado Definitivo_DOE 34.946.pdf\"><strong>(Clique Aqui)<\/strong><\/a><\/p><\/div><div style=\"text-align: center;\">Resultado Preliminar <a href=\"http:\/\/concursos2.fadesp.org.br\/sefa2021\/arquivos\/resultado\/Resultado_Preliminar.pdf\"><strong>(Clique Aqui)<\/strong><\/a><\/div><div style=\"text-align: center;\"><strong>GABARITOS &#8211; DIA 27\/03\/2022<\/strong><\/div><p style=\"text-align: center;\">Gabarito Definitivo da Prova Tipo 1 (Manh\u00e3) Conhecimentos Gerais \u2013 <strong>Auditor Fiscal de Receitas Estaduais<\/strong>, de 06\/04\/2022 <strong><a href=\"http:\/\/concursos2.fadesp.org.br\/sefa2021\/arquivos\/gabarito\/DEFINITIVO\/auditor\/01GABARITO_DEFINITIVO_SEFA_2022_AUDITOR_FISCAL_CONHECIMENTOS_GERAIS_MANH\u00c3_TIPO_1.pdf\">(Clique Aqui)<\/a><\/strong><br \/>Gabarito Definitivo da Prova Tipo 2 (Manh\u00e3) Conhecimentos Gerais \u2013 <strong>Auditor Fiscal de Receitas Estaduais<\/strong>, de 06\/04\/2022 <a href=\"http:\/\/concursos2.fadesp.org.br\/sefa2021\/arquivos\/gabarito\/DEFINITIVO\/auditor\/02GABARITO_DEFINITIVO_SEFA_2022_AUDITOR_FISCAL_CONHECIMENTOS_GERAIS_MANH\u00c3_TIPO_2.pdf\"><strong>(Clique Aqui)<\/strong><\/a><br \/>Gabarito Definitivo da Prova Tipo 1 (Tarde) Conhecimentos Espec\u00edficos \u2013 <strong>Auditor <\/strong><strong>Fiscal de Receitas Estaduais<\/strong>, de 06\/04\/2022 <a href=\"http:\/\/concursos2.fadesp.org.br\/sefa2021\/arquivos\/gabarito\/DEFINITIVO\/auditor\/01GABARITO_DEFINITIVO_SEFA_2022_AUDITOR_FISCAL_CONHECIMENTOS_ESPEC\u00cdFICOS_TARDE_TIPO_1.pdf\"><strong>(Clique Aqui)<\/strong><\/a><br \/>Gabarito Definitivo da Prova Tipo 2 (Tarde) Conhecimentos Espec\u00edficos \u2013 <strong>Auditor <\/strong><strong>Fiscal de Receitas Estaduais<\/strong>, de 06\/04\/2022 <strong><a href=\"http:\/\/concursos2.fadesp.org.br\/sefa2021\/arquivos\/gabarito\/DEFINITIVO\/auditor\/02GABARITO_DEFINITIVO_SEFA_2022_AUDITOR_FISCAL_CONHECIMENTOS_ESPEC\u00cdFICOS_TARDE_TIPO_2.pdf\">(Clique Aqui)<\/a><\/strong><\/p><div style=\"text-align: center;\"><strong>GABARITOS &#8211; DIA 20\/03\/2022<\/strong><\/div><p style=\"text-align: center;\">Gabarito Definitivo da Prova Tipo 1 (Manh\u00e3) Conhecimentos Gerais \u2013 <strong>Fiscal de Receitas Estaduais<\/strong>, de 30\/03\/2022 <strong><a href=\"http:\/\/concursos2.fadesp.org.br\/sefa2021\/arquivos\/gabarito\/DEFINITIVO\/01_GABARITO_DEFINITIVO_SEFA_2022_FISCAL_CONHECIMENTOS_GERAIS_MANH\u00c3_TP_1.pdf\">(Clique Aqui)<\/a><\/strong><br \/>Gabarito Definitivo da Prova Tipo 2 (Manh\u00e3) Conhecimentos Gerais \u2013 <strong>Fiscal de Receitas Estaduais<\/strong>, de 30\/03\/2022 <a href=\"http:\/\/concursos2.fadesp.org.br\/sefa2021\/arquivos\/gabarito\/DEFINITIVO\/02_GABARITO%20DEFINITIVO_SEFA_2022_FISCAL_CONHECIMENTOS_GERAIS_MANH\u00c3_TP_2.pdf\"><strong>(Clique Aqui)<\/strong><\/a><br \/>Gabarito Definitivo da Prova Tipo 1 (Tarde) Conhecimentos Espec\u00edficos \u2013 <strong>Fiscal de Receitas Estaduais<\/strong>, de 30\/03\/2022 <a href=\"http:\/\/concursos2.fadesp.org.br\/sefa2021\/arquivos\/gabarito\/DEFINITIVO\/01_GABARITO_DEFINITIVO_SEFA_2022_FISCAL_CONHECIMENTO_ESPEC\u00cdFICOS_TARDE_TP_1.pdf\"><strong>(Clique Aqui)<\/strong><\/a><br \/>Gabarito Definitivo da Prova Tipo 2 (Tarde) Conhecimentos Espec\u00edficos \u2013 <strong>Fiscal de Receitas Estaduais<\/strong>, de 30\/03\/2022 <strong><a href=\"http:\/\/concursos2.fadesp.org.br\/sefa2021\/arquivos\/gabarito\/DEFINITIVO\/02_GABARITO_DEFINITIVO_SEFA_2022_FISCAL_CONHECIMENTOS_ESPEC\u00cdFICOS_TARDE_TP_2.pdf\">(Clique Aqui)<\/a><\/strong><\/p><div style=\"text-align: center;\">\u00a0<\/div><div style=\"text-align: center;\"><strong>PROVAS E GABARITOS &#8211; DIA 27\/03\/2022<\/strong><\/div><p style=\"text-align: center;\">Prova Tipo 1 (Manh\u00e3) Conhecimentos Gerais &#8211; <strong>Auditor Fiscal de Receitas Estaduais<\/strong>, de 28\/03\/2022\u00a0<strong><a href=\"http:\/\/concursos2.fadesp.org.br\/sefa2021\/arquivos\/prova\/PROVA_DE_CONHECIMENTOS_GERAIS_AUDITOR_FISCAL_DE_RECEITAS_ESTADUAIS_MANH\u00c3_TIPO_1.pdf\">(Clique Aqui)<\/a><\/strong><\/p><p style=\"text-align: center;\">Gabarito Preliminar da Prova Tipo 1 (Manh\u00e3) Conhecimentos Gerais &#8211; <strong>Auditor Fiscal de Receitas Estaduais<\/strong>, de 28\/03\/2022\u00a0<strong><a href=\"http:\/\/concursos2.fadesp.org.br\/sefa2021\/arquivos\/gabarito\/GABARITO_PRELIMINAR_SEFA_2022_AUDITOR_CONHECIMENTOS_GERAIS_MANH\u00c3_TIPO_1.pdf\">(Clique Aqui)<\/a><\/strong><\/p><p style=\"text-align: center;\">Prova Tipo 2 (Manh\u00e3) Conhecimentos Gerais &#8211; <strong>Auditor Fiscal de Receita Estaduais<\/strong>, de 28\/03\/2022\u00a0<strong><a href=\"http:\/\/concursos2.fadesp.org.br\/sefa2021\/arquivos\/prova\/PROVA_DE_CONHECIMENTOS_GERAIS_AUDITOR_FISCAL_DE_RECEITAS_ESTADUAIS_MANH\u00c3_TIPO_2.pdf\">(Clique Aqui)<\/a><\/strong><\/p><p style=\"text-align: center;\">Gabarito Preliminar da Prova Tipo 2 (Manh\u00e3) Conhecimentos Gerais &#8211; <strong>Auditor Fiscal de Receitas Estaduais<\/strong>, de 28\/03\/2022\u00a0<strong><a href=\"http:\/\/concursos2.fadesp.org.br\/sefa2021\/arquivos\/gabarito\/GABARITO_PRELIMINAR_SEFA_2022_AUDITOR_CONHECIMENTOS_GERAIS_MANH\u00c3_TIPO_2.pdf\">(Clique Aqui)<\/a><\/strong><\/p><p style=\"text-align: center;\">Prova Tipo 1 (Tarde) Conhecimentos Espec\u00edficos &#8211; <strong>Auditor Fiscal de Receitas Estaduais<\/strong>, de 28\/03\/2022\u00a0<strong><a href=\"http:\/\/concursos2.fadesp.org.br\/sefa2021\/arquivos\/prova\/PROVA_DE_CONHECIMENTOS_ESPEC\u00cdFICOS_AUDITOR_DE_RECEITAS_ESTADUAIS_TARDE_TIPO_1.pdf\">(Clique Aqui)<\/a><\/strong><\/p><p style=\"text-align: center;\">Gabarito Preliminar da Prova Tipo 1 (Tarde) Conhecimentos Espec\u00edficos &#8211; <strong>Auditor Fiscal de Receitas Estaduais<\/strong>, de 28\/03\/2022\u00a0<strong><a href=\"http:\/\/concursos2.fadesp.org.br\/sefa2021\/arquivos\/gabarito\/GABARITO_PRELIMINAR_SEFA_2022_AUDITOR_FISCAL_CONHECIMENTOS_ESPEC\u00cdFICOS_TARDE_TIPO_1.pdf\">(Clique Aqui)<\/a><\/strong><\/p><p style=\"text-align: center;\">Prova Tipo 2 (Tarde) Conhecimentos Espec\u00edficos &#8211; <strong>Auditor Fiscal de Receitas Estaduais<\/strong>, de 28\/03\/2022\u00a0<strong><a href=\"http:\/\/concursos2.fadesp.org.br\/sefa2021\/arquivos\/prova\/PROVA_DE_CONHECIMENTOS_ESPEC\u00cdFICOS_AUDITOR_DE_RECEITAS_ESTADUAIS_TARDE_TIPO_2.pdf\">(Clique Aqui)<\/a><\/strong><\/p><p style=\"text-align: center;\">Gabarito Preliminar da Prova Tipo 2 (Tarde) Conhecimentos Espec\u00edficos &#8211; <strong>Auditor Fiscal de Receitas Estaduais<\/strong>, de 28\/03\/2022\u00a0<strong><a href=\"http:\/\/concursos2.fadesp.org.br\/sefa2021\/arquivos\/gabarito\/GABARITO_PRELIMINAR_SEFA_2022_AUDITOR_FISCAL_CONHECIMENTOS_ESPEC\u00cdFICOS_TARDE_TIPO_2.pdf\">(Clique Aqui)<\/a><\/strong><\/p><div style=\"text-align: center;\"><strong>PROVAS E GABARITOS &#8211; DIA 20\/03\/2022<\/strong><\/div><p style=\"text-align: center;\">Prova\u00a0<span style=\"font-size: 14.4px; font-style: normal; font-variant-ligatures: normal; font-variant-caps: normal; font-weight: 400; color: var( --e-global-color-text );\">Tipo 1 (Manh\u00e3) <\/span><span style=\"font-size: 14.4px; color: var( --e-global-color-text );\">Conhecimentos Gerais &#8211; <strong>Fiscal de Receitas Estaduais<\/strong>, de 21\/03\/2022\u00a0<\/span><a style=\"font-size: 14.4px; background-color: #ffffff;\" href=\"http:\/\/concursos2.fadesp.org.br\/sefa2021\/arquivos\/prova\/PROVA_DE_CONHECIMENTOS_GERAIS_FISCAL_DE_RECEITAS_ESTADUAIS_MANH\u00c3_TIPO_1.pdf\"><strong>(Clique Aqui)<\/strong><\/a><\/p><p style=\"text-align: center;\">Gabarito Preliminar da Prova\u00a0<span style=\"font-size: 14.4px; font-style: normal; font-variant-ligatures: normal; font-variant-caps: normal; font-weight: 400; color: var( --e-global-color-text );\">Tipo 1 (Manh\u00e3)\u00a0<\/span><span style=\"font-size: 14.4px; color: var( --e-global-color-text );\">Conhecimentos Gerais &#8211; <strong>Fiscal de Receitas Estaduais<\/strong>, de 21\/03\/2022\u00a0<\/span><a style=\"font-size: 14.4px; background-color: #ffffff;\" href=\"http:\/\/concursos2.fadesp.org.br\/sefa2021\/arquivos\/gabarito\/GABARITO_PRELIMINAR_SEFA_2022_FISCAL_CONHECIMENTOS_GERAIS_MANH\u00c3_TIPO_1.pdf\"><strong>(Clique Aqui)<\/strong><\/a><\/p><p style=\"text-align: center;\">Prova\u00a0<span style=\"font-size: 14.4px; font-style: normal; font-variant-ligatures: normal; font-variant-caps: normal; font-weight: 400; color: var( --e-global-color-text );\">Tipo 2 (Manh\u00e3) <\/span><span style=\"font-size: 14.4px; color: var( --e-global-color-text );\">Conhecimentos Gerais &#8211; <strong>Fiscal de Receitas Estaduais<\/strong>, de 21\/03\/2022\u00a0<\/span><a style=\"font-size: 14.4px; background-color: #ffffff;\" href=\"http:\/\/concursos2.fadesp.org.br\/sefa2021\/arquivos\/prova\/PROVA_DE_CONHECIMENTOS_GERAIS_FISCAL_DE_RECEITAS_ESTADUAIS_MANH\u00c3_TIPO_2.pdf\"><strong>(Clique Aqui)<\/strong><\/a><\/p><p style=\"text-align: center;\">Gabarito Preliminar da Prova\u00a0<span style=\"font-size: 14.4px; font-style: normal; font-variant-ligatures: normal; font-variant-caps: normal; font-weight: 400; color: var( --e-global-color-text );\">Tipo 2 (Manh\u00e3) <\/span><span style=\"font-size: 14.4px; color: var( --e-global-color-text );\">Conhecimentos Gerais &#8211; <strong>Fiscal de Receitas Estaduais<\/strong>, de 21\/03\/2022\u00a0<\/span><a style=\"font-size: 14.4px; background-color: #ffffff;\" href=\"http:\/\/concursos2.fadesp.org.br\/sefa2021\/arquivos\/gabarito\/GABARITO_PRELIMINAR_SEFA_2022_FISCAL_CONHECIMENTOS_GERAIS_MANH\u00c3_TIPO_2.pdf\"><strong>(Clique Aqui)<\/strong><\/a><\/p><p style=\"text-align: center;\">Prova\u00a0<span style=\"font-size: 14.4px; font-style: normal; font-variant-ligatures: normal; font-variant-caps: normal; font-weight: 400; color: var( --e-global-color-text );\">Tipo 1 (Tarde) <\/span><span style=\"font-size: 14.4px; color: var( --e-global-color-text );\">Conhecimentos Espec\u00edficos &#8211; <strong>Fiscal de Receitas Estaduais<\/strong>, de 21\/03\/2022\u00a0<\/span><a style=\"font-size: 14.4px; background-color: #ffffff;\" href=\"http:\/\/concursos2.fadesp.org.br\/sefa2021\/arquivos\/prova\/PROVA_DE_CONHECIMENTOS_ESPEC\u00cdFICOS_FISCAL_DE_RECEITAS_ESTADUAIS_TARDE_TIPO_1.pdf\"><strong>(Clique Aqui)<\/strong><\/a><\/p><p style=\"text-align: center;\">Gabarito Preliminar da Prova\u00a0<span style=\"font-size: 14.4px; font-style: normal; font-variant-ligatures: normal; font-variant-caps: normal; font-weight: 400; color: var( --e-global-color-text );\">Tipo 1 (Tarde) <\/span><span style=\"font-size: 14.4px; color: var( --e-global-color-text );\">Conhecimentos Espec\u00edficos &#8211; <strong>Fiscal de Receitas Estaduais<\/strong>, de 21\/03\/2022\u00a0<\/span><a style=\"font-size: 14.4px; background-color: #ffffff;\" href=\"http:\/\/concursos2.fadesp.org.br\/sefa2021\/arquivos\/gabarito\/GABARITO_PRELIMINAR_SEFA_2022_FISCAL_CONHECIMENTOS_ESPEC\u00cdFICOS_TARDE_TIPO_1.pdf\"><strong>(Clique Aqui)<\/strong><\/a><\/p><p style=\"text-align: center;\">Prova\u00a0<span style=\"font-size: 14.4px; font-style: normal; font-variant-ligatures: normal; font-variant-caps: normal; font-weight: 400; color: var( --e-global-color-text );\">Tipo 2 (Tarde)<\/span><span style=\"font-size: 14.4px; color: var( --e-global-color-text );\">\u00a0Conhecimentos Espec\u00edficos &#8211; <strong>Fiscal de Receitas Estaduais<\/strong> , de 21\/03\/2022 <\/span><a style=\"font-size: 14.4px; background-color: #ffffff;\" href=\"http:\/\/concursos2.fadesp.org.br\/sefa2021\/arquivos\/prova\/PROVA_DE_CONHECIMENTOS_ESPEC\u00cdFICOS_FISCAL_DE_RECEITAS_ESTADUAIS_TARDE_TIPO_2.pdf\"><strong>(Clique Aqui)<\/strong><\/a><\/p><p style=\"text-align: center;\">Gabarito Preliminar da Prova\u00a0<span style=\"font-size: 14.4px; font-style: normal; font-variant-ligatures: normal; font-variant-caps: normal; font-weight: 400; color: var( --e-global-color-text );\">Tipo 2 (Tarde) <\/span><span style=\"font-size: 14.4px; color: var( --e-global-color-text );\">Conhecimentos Espec\u00edficos &#8211; <strong>Fiscal de Receitas Estaduais<\/strong>, de 21\/03\/2022\u00a0<\/span><a style=\"font-size: 14.4px; background-color: #ffffff;\" href=\"http:\/\/concursos2.fadesp.org.br\/sefa2021\/arquivos\/gabarito\/GABARITO_PRELIMINAR_SEFA_2022_FISCAL_CONHECIMENTOS_ESPEC\u00cdFICOS_TARDE_TIPO_2.pdf\"><strong>(Clique Aqui)<\/strong><\/a><\/p><p style=\"text-align: center;\">Demanda de PcD, de 04\/03\/2022 <a href=\"http:\/\/concursos2.fadesp.org.br\/sefa2021\/arquivos\/resultado\/Demanda_PcD.pdf\"><strong>(Clique Aqui)<\/strong><\/a><\/p><p style=\"text-align: center;\">Demanda, de 04\/03\/2022 <a href=\"http:\/\/concursos2.fadesp.org.br\/sefa2021\/arquivos\/resultado\/Demanda.pdf\"><strong>(Clique Aqui)<\/strong><\/a><\/p><p style=\"text-align: center;\">Resultado Definitivo das Inscri\u00e7\u00f5es, de 04\/03\/2022 <a href=\"http:\/\/concursos2.fadesp.org.br\/sefa2021\/arquivos\/resultado\/Resultado_Definitivo_das_Inscri\u00e7\u00f5es.pdf\"><strong>(Clique Aqui)<\/strong><\/a><\/p><p style=\"text-align: center;\">Resultado Definitivo dos Atendimentos Especiais, de 04\/03\/2022 <a href=\"http:\/\/concursos2.fadesp.org.br\/sefa2021\/arquivos\/resultado\/Resultado_Definitivo_dos_Atendimentos_Especiais.pdf\"><strong>(Clique Aqui)<\/strong><\/a><\/p><p style=\"text-align: center;\">Edital n\u00b0 07\/2022- SEPLAD\/SEFA &#8211; Resultado Definitivo das Inscri\u00e7\u00f5es e Solicita\u00e7\u00e3o de Atendimento Especial, de 04\/03\/2022 <a href=\"http:\/\/concursos2.fadesp.org.br\/sefa2021\/arquivos\/Edital\/Editaln_07_2022_SEPLAD_SEFA_Resultado_Definitivo_das_Inscri\u00e7\u00f5es_Atendimento_Especiais.pdf\"><strong>(Clique Aqui)<\/strong><\/a><\/p><p style=\"text-align: center;\">Resultado Preliminar das Inscri\u00e7\u00f5es, de 18\/02\/2022 <a href=\"http:\/\/concursos2.fadesp.org.br\/sefa2021\/arquivos\/resultado\/Resultado_Preliminar_das_Inscri\u00e7\u00f5es.pdf\"><strong>(Clique Aqui)<\/strong><\/a><\/p><p style=\"text-align: center;\">Resultado Preliminar dos Atendimentos Especiais, de 18\/02\/2022 <a href=\"http:\/\/concursos2.fadesp.org.br\/sefa2021\/arquivos\/resultado\/Resultado_Preliminar_de_Atendimento Especial.pdf\"><strong>(Clique Aqui)<\/strong><\/a><\/p><p style=\"text-align: center;\">Edital n\u00b0 06\/2022- SEPLAD\/SEFA &#8211; Resultado Preliminar das Inscri\u00e7\u00f5es e Solicita\u00e7\u00e3o de Atendimento Especial, de 18\/02\/2022 <a href=\"http:\/\/concursos2.fadesp.org.br\/sefa2021\/arquivos\/Edital\/Edital_n_06_2022_SEPLAD_SEFA_Resultado_Preliminar_das_Inscri\u00e7\u00f5es_e_Solicita\u00e7\u00e3o_de_Atendimento_Especial_DOE.pdf\"><strong>(Clique Aqui)<\/strong><\/a><\/p><p style=\"text-align: center;\">Edital n\u00b0 05\/2022- SEPLAD\/SEFA &#8211; Resultado Definitivo da Isen\u00e7\u00e3o de Taxa de Inscri\u00e7\u00e3o, de 04\/02\/2022 <a href=\"http:\/\/concursos2.fadesp.org.br\/sefa2021\/arquivos\/Edital\/Edital_n_05_2022_SEPLAD_SEFA_Resultado_Definitivo_da_Isen\u00e7\u00e3o_de_Taxa de_Inscri\u00e7\u00e3o.pdf\"><strong>(Clique Aqui)<\/strong><\/a><\/p><p style=\"text-align: center;\">Edital N\u00ba 04\/2022-SEPLAD\/SEFA, de 27\/01\/2022 &#8211; Resultado Preliminar da Isen\u00e7\u00e3o de Taxa de Inscri\u00e7\u00e3o <a href=\"http:\/\/concursos2.fadesp.org.br\/sefa2021\/arquivos\/Edital\/Edital_n_04_2022_SEPLAD_SEFA_Resultado_Preliminar_da_Isen\u00e7\u00e3o_de_Taxa_de_Inscricao.pdf\"><strong>(Clique Aqui)<\/strong><\/a><\/p><p style=\"text-align: center;\">Edital N\u00ba 03\/2022-SEPLAD\/SEFA, de 20\/01\/2022 &#8211; 2\u00aa Retifica\u00e7\u00e3o do Edital de Abertura <a href=\"https:\/\/portalfadesp.org.br\/wp-content\/uploads\/2022\/01\/EDITAL-No-03_2022-SEPLAD_SEFA_DOE-34.841_2o-RETIFICACAO-DO-EDITAL-DE-ABERTURA.pdf\"><strong>(Clique Aqui)<\/strong><\/a><\/p><p style=\"text-align: center;\">Edital N\u00ba 02\/2022-SEPLAD\/SEFA, de 07\/01\/2022 1\u00aa Retifica\u00e7\u00e3o <a href=\"http:\/\/concursos2.fadesp.org.br\/sefa2021\/arquivos\/Edital\/EDITAL_N_02_SEFA.pdf\"><strong>(Clique aqui)<\/strong><\/a><\/p><p style=\"text-align: center;\">Edital N\u00ba 01\/2022-SEPLAD\/SEFA, de 27\/12\/2021 Republicado <a href=\"http:\/\/concursos2.fadesp.org.br\/sefa2021\/arquivos\/Edital\/EDITAL_N_01_ABERTURA_REP_DOE_N_34-810_27_12_2021-SEFA.pdf\"><strong>(Clique aqui)<\/strong><\/a><\/p><p style=\"text-align: center;\">Edital N\u00ba 01\/2022-SEPLAD\/SEFA, de 21\/12\/2021\u00a0 <a href=\"http:\/\/concursos2.fadesp.org.br\/sefa2021\/arquivos\/Edital\/EDITAL_N_01_ABERTURA_DOE_34-806_SEFA.pdf\"><strong>(Clique aqui)<\/strong><\/a><\/p>\t\t\t\t\t\t\t\t<\/div>\n\t\t\t\t<\/div>\n\t\t\t\t\t<\/div>\n\t\t<\/div>\n\t\t\t\t\t<\/div>\n\t\t<\/section>\n\t\t\t\t\t<\/div>\n\t\t<\/div>\n\t\t\t\t\t<\/div>\n\t\t<\/section>\n\t\t\t\t<\/div>\n\t\t","protected":false},"excerpt":{"rendered":"<p>Secretaria do Estado da Fazenda \u2013 SEFA \u2013 2021 A SECRETARIA DE ESTADO DE PLANEJAMENTO E ADMINISTRA\u00c7\u00c3O &#8211; SEPLAD\/PA e a SECRETARIA DE ESTADO DA FAZENDA &#8211; SEFA, no uso de suas atribui\u00e7\u00f5es legais, TORNAM P\u00daBLICA a realiza\u00e7\u00e3o de Concurso P\u00fablico para provimento de vagas, e forma\u00e7\u00e3o de cadastro de reserva, para os cargos de [&hellip;]<\/p>\n","protected":false},"author":9,"featured_media":0,"parent":329,"menu_order":51,"comment_status":"closed","ping_status":"closed","template":"","meta":{"_monsterinsights_skip_tracking":false,"_monsterinsights_sitenote_active":false,"_monsterinsights_sitenote_note":"","_monsterinsights_sitenote_category":0,"footnotes":""},"class_list":["post-23355","page","type-page","status-publish","hentry","entry"],"yoast_head":"<!-- This site is optimized with the Yoast SEO plugin v25.1 - https:\/\/yoast.com\/wordpress\/plugins\/seo\/ -->\n<title>Secretaria do Estado da Fazenda - SEFA - 2021 - FADESP<\/title>\n<meta name=\"robots\" content=\"index, follow, max-snippet:-1, max-image-preview:large, max-video-preview:-1\" \/>\n<link rel=\"canonical\" href=\"https:\/\/portalfadesp.org.br\/?page_id=23355\" \/>\n<meta property=\"og:locale\" content=\"pt_BR\" \/>\n<meta property=\"og:type\" content=\"article\" \/>\n<meta property=\"og:title\" content=\"Secretaria do Estado da Fazenda - SEFA - 2021 - FADESP\" \/>\n<meta property=\"og:description\" content=\"Secretaria do Estado da Fazenda \u2013 SEFA \u2013 2021 A SECRETARIA DE ESTADO DE PLANEJAMENTO E ADMINISTRA\u00c7\u00c3O &#8211; SEPLAD\/PA e a SECRETARIA DE ESTADO DA FAZENDA &#8211; SEFA, no uso de suas atribui\u00e7\u00f5es legais, TORNAM P\u00daBLICA a realiza\u00e7\u00e3o de Concurso P\u00fablico para provimento de vagas, e forma\u00e7\u00e3o de cadastro de reserva, para os cargos de [&hellip;]\" \/>\n<meta property=\"og:url\" content=\"https:\/\/portalfadesp.org.br\/?page_id=23355\" \/>\n<meta property=\"og:site_name\" content=\"FADESP\" \/>\n<meta property=\"article:publisher\" content=\"https:\/\/www.facebook.com\/Fadesp-138351949524662\/\" \/>\n<meta property=\"article:modified_time\" content=\"2022-12-20T13:46:06+00:00\" \/>\n<meta name=\"twitter:card\" content=\"summary_large_image\" \/>\n<meta name=\"twitter:site\" content=\"@Fadesp\" \/>\n<meta name=\"twitter:label1\" content=\"Est. tempo de leitura\" \/>\n\t<meta name=\"twitter:data1\" content=\"4 minutos\" \/>\n<script type=\"application\/ld+json\" class=\"yoast-schema-graph\">{\"@context\":\"https:\/\/schema.org\",\"@graph\":[{\"@type\":\"WebPage\",\"@id\":\"https:\/\/portalfadesp.org.br\/?page_id=23355\",\"url\":\"https:\/\/portalfadesp.org.br\/?page_id=23355\",\"name\":\"Secretaria do Estado da Fazenda - SEFA - 2021 - FADESP\",\"isPartOf\":{\"@id\":\"https:\/\/portalfadesp.org.br\/#website\"},\"datePublished\":\"2021-12-21T20:29:09+00:00\",\"dateModified\":\"2022-12-20T13:46:06+00:00\",\"breadcrumb\":{\"@id\":\"https:\/\/portalfadesp.org.br\/?page_id=23355#breadcrumb\"},\"inLanguage\":\"pt-BR\",\"potentialAction\":[{\"@type\":\"ReadAction\",\"target\":[\"https:\/\/portalfadesp.org.br\/?page_id=23355\"]}]},{\"@type\":\"BreadcrumbList\",\"@id\":\"https:\/\/portalfadesp.org.br\/?page_id=23355#breadcrumb\",\"itemListElement\":[{\"@type\":\"ListItem\",\"position\":1,\"name\":\"In\u00edcio\",\"item\":\"https:\/\/portalfadesp.org.br\/\"},{\"@type\":\"ListItem\",\"position\":2,\"name\":\"Concursos &#8211; Homologados\",\"item\":\"https:\/\/portalfadesp.org.br\/?page_id=329\"},{\"@type\":\"ListItem\",\"position\":3,\"name\":\"Secretaria do Estado da Fazenda &#8211; SEFA &#8211; 2021\"}]},{\"@type\":\"WebSite\",\"@id\":\"https:\/\/portalfadesp.org.br\/#website\",\"url\":\"https:\/\/portalfadesp.org.br\/\",\"name\":\"FADESP\",\"description\":\"Funda\u00e7\u00e3o de Amparo e Desenvolvimento da Pesquisa\",\"publisher\":{\"@id\":\"https:\/\/portalfadesp.org.br\/#organization\"},\"potentialAction\":[{\"@type\":\"SearchAction\",\"target\":{\"@type\":\"EntryPoint\",\"urlTemplate\":\"https:\/\/portalfadesp.org.br\/?s={search_term_string}\"},\"query-input\":{\"@type\":\"PropertyValueSpecification\",\"valueRequired\":true,\"valueName\":\"search_term_string\"}}],\"inLanguage\":\"pt-BR\"},{\"@type\":\"Organization\",\"@id\":\"https:\/\/portalfadesp.org.br\/#organization\",\"name\":\"FADESP\",\"url\":\"https:\/\/portalfadesp.org.br\/\",\"logo\":{\"@type\":\"ImageObject\",\"inLanguage\":\"pt-BR\",\"@id\":\"https:\/\/portalfadesp.org.br\/#\/schema\/logo\/image\/\",\"url\":\"https:\/\/portalfadesp.org.br\/wp-content\/uploads\/2024\/01\/NOVOLOGOFADESPlaranjaH.png\",\"contentUrl\":\"https:\/\/portalfadesp.org.br\/wp-content\/uploads\/2024\/01\/NOVOLOGOFADESPlaranjaH.png\",\"width\":2742,\"height\":839,\"caption\":\"FADESP\"},\"image\":{\"@id\":\"https:\/\/portalfadesp.org.br\/#\/schema\/logo\/image\/\"},\"sameAs\":[\"https:\/\/www.facebook.com\/Fadesp-138351949524662\/\",\"https:\/\/x.com\/Fadesp\",\"https:\/\/www.instagram.com\/fadesp_ufpa\/\",\"https:\/\/www.youtube.com\/@fundacaodeamparoedesenvolv1903\",\"https:\/\/www.threads.net\/@fadesp_ufpa\"]}]}<\/script>\n<!-- \/ Yoast SEO plugin. -->","yoast_head_json":{"title":"Secretaria do Estado da Fazenda - SEFA - 2021 - FADESP","robots":{"index":"index","follow":"follow","max-snippet":"max-snippet:-1","max-image-preview":"max-image-preview:large","max-video-preview":"max-video-preview:-1"},"canonical":"https:\/\/portalfadesp.org.br\/?page_id=23355","og_locale":"pt_BR","og_type":"article","og_title":"Secretaria do Estado da Fazenda - SEFA - 2021 - FADESP","og_description":"Secretaria do Estado da Fazenda \u2013 SEFA \u2013 2021 A SECRETARIA DE ESTADO DE PLANEJAMENTO E ADMINISTRA\u00c7\u00c3O &#8211; SEPLAD\/PA e a SECRETARIA DE ESTADO DA FAZENDA &#8211; SEFA, no uso de suas atribui\u00e7\u00f5es legais, TORNAM P\u00daBLICA a realiza\u00e7\u00e3o de Concurso P\u00fablico para provimento de vagas, e forma\u00e7\u00e3o de cadastro de reserva, para os cargos de [&hellip;]","og_url":"https:\/\/portalfadesp.org.br\/?page_id=23355","og_site_name":"FADESP","article_publisher":"https:\/\/www.facebook.com\/Fadesp-138351949524662\/","article_modified_time":"2022-12-20T13:46:06+00:00","twitter_card":"summary_large_image","twitter_site":"@Fadesp","twitter_misc":{"Est. tempo de leitura":"4 minutos"},"schema":{"@context":"https:\/\/schema.org","@graph":[{"@type":"WebPage","@id":"https:\/\/portalfadesp.org.br\/?page_id=23355","url":"https:\/\/portalfadesp.org.br\/?page_id=23355","name":"Secretaria do Estado da Fazenda - SEFA - 2021 - FADESP","isPartOf":{"@id":"https:\/\/portalfadesp.org.br\/#website"},"datePublished":"2021-12-21T20:29:09+00:00","dateModified":"2022-12-20T13:46:06+00:00","breadcrumb":{"@id":"https:\/\/portalfadesp.org.br\/?page_id=23355#breadcrumb"},"inLanguage":"pt-BR","potentialAction":[{"@type":"ReadAction","target":["https:\/\/portalfadesp.org.br\/?page_id=23355"]}]},{"@type":"BreadcrumbList","@id":"https:\/\/portalfadesp.org.br\/?page_id=23355#breadcrumb","itemListElement":[{"@type":"ListItem","position":1,"name":"In\u00edcio","item":"https:\/\/portalfadesp.org.br\/"},{"@type":"ListItem","position":2,"name":"Concursos &#8211; Homologados","item":"https:\/\/portalfadesp.org.br\/?page_id=329"},{"@type":"ListItem","position":3,"name":"Secretaria do Estado da Fazenda &#8211; SEFA &#8211; 2021"}]},{"@type":"WebSite","@id":"https:\/\/portalfadesp.org.br\/#website","url":"https:\/\/portalfadesp.org.br\/","name":"FADESP","description":"Funda\u00e7\u00e3o de Amparo e Desenvolvimento da Pesquisa","publisher":{"@id":"https:\/\/portalfadesp.org.br\/#organization"},"potentialAction":[{"@type":"SearchAction","target":{"@type":"EntryPoint","urlTemplate":"https:\/\/portalfadesp.org.br\/?s={search_term_string}"},"query-input":{"@type":"PropertyValueSpecification","valueRequired":true,"valueName":"search_term_string"}}],"inLanguage":"pt-BR"},{"@type":"Organization","@id":"https:\/\/portalfadesp.org.br\/#organization","name":"FADESP","url":"https:\/\/portalfadesp.org.br\/","logo":{"@type":"ImageObject","inLanguage":"pt-BR","@id":"https:\/\/portalfadesp.org.br\/#\/schema\/logo\/image\/","url":"https:\/\/portalfadesp.org.br\/wp-content\/uploads\/2024\/01\/NOVOLOGOFADESPlaranjaH.png","contentUrl":"https:\/\/portalfadesp.org.br\/wp-content\/uploads\/2024\/01\/NOVOLOGOFADESPlaranjaH.png","width":2742,"height":839,"caption":"FADESP"},"image":{"@id":"https:\/\/portalfadesp.org.br\/#\/schema\/logo\/image\/"},"sameAs":["https:\/\/www.facebook.com\/Fadesp-138351949524662\/","https:\/\/x.com\/Fadesp","https:\/\/www.instagram.com\/fadesp_ufpa\/","https:\/\/www.youtube.com\/@fundacaodeamparoedesenvolv1903","https:\/\/www.threads.net\/@fadesp_ufpa"]}]}},"_links":{"self":[{"href":"https:\/\/portalfadesp.org.br\/index.php?rest_route=\/wp\/v2\/pages\/23355","targetHints":{"allow":["GET"]}}],"collection":[{"href":"https:\/\/portalfadesp.org.br\/index.php?rest_route=\/wp\/v2\/pages"}],"about":[{"href":"https:\/\/portalfadesp.org.br\/index.php?rest_route=\/wp\/v2\/types\/page"}],"author":[{"embeddable":true,"href":"https:\/\/portalfadesp.org.br\/index.php?rest_route=\/wp\/v2\/users\/9"}],"replies":[{"embeddable":true,"href":"https:\/\/portalfadesp.org.br\/index.php?rest_route=%2Fwp%2Fv2%2Fcomments&post=23355"}],"version-history":[{"count":250,"href":"https:\/\/portalfadesp.org.br\/index.php?rest_route=\/wp\/v2\/pages\/23355\/revisions"}],"predecessor-version":[{"id":36240,"href":"https:\/\/portalfadesp.org.br\/index.php?rest_route=\/wp\/v2\/pages\/23355\/revisions\/36240"}],"up":[{"embeddable":true,"href":"https:\/\/portalfadesp.org.br\/index.php?rest_route=\/wp\/v2\/pages\/329"}],"wp:attachment":[{"href":"https:\/\/portalfadesp.org.br\/index.php?rest_route=%2Fwp%2Fv2%2Fmedia&parent=23355"}],"curies":[{"name":"wp","href":"https:\/\/api.w.org\/{rel}","templated":true}]}}