{"id":23047,"date":"2021-12-14T19:50:45","date_gmt":"2021-12-14T22:50:45","guid":{"rendered":"https:\/\/162.215.13.167?page_id=23047"},"modified":"2022-12-21T13:10:00","modified_gmt":"2022-12-21T16:10:00","slug":"prefeitura-municipal-de-afua-psp-acs-2021","status":"publish","type":"page","link":"https:\/\/portalfadesp.org.br\/?page_id=23047","title":{"rendered":"Prefeitura Municipal de Afu\u00e1 \u2013 PSP ACS\/2021"},"content":{"rendered":"\t\t<div data-elementor-type=\"wp-page\" data-elementor-id=\"23047\" class=\"elementor elementor-23047\" data-elementor-post-type=\"page\">\n\t\t\t\t\t\t<section class=\"elementor-section elementor-top-section elementor-element elementor-element-7759e82 elementor-section-full_width elementor-section-height-default elementor-section-height-default\" data-id=\"7759e82\" data-element_type=\"section\">\n\t\t\t\t\t\t<div class=\"elementor-container elementor-column-gap-default\">\n\t\t\t\t\t<div class=\"elementor-column elementor-col-100 elementor-top-column elementor-element elementor-element-288dbe9\" data-id=\"288dbe9\" data-element_type=\"column\">\n\t\t\t<div class=\"elementor-widget-wrap elementor-element-populated\">\n\t\t\t\t\t\t<div class=\"elementor-element elementor-element-1ce31c8 elementor-widget elementor-widget-heading\" data-id=\"1ce31c8\" data-element_type=\"widget\" data-widget_type=\"heading.default\">\n\t\t\t\t<div class=\"elementor-widget-container\">\n\t\t\t\t\t<h1 class=\"elementor-heading-title elementor-size-default\">Prefeitura Municipal de Afu\u00e1 \u2013 PSP ACS\/2021<\/h1>\t\t\t\t<\/div>\n\t\t\t\t<\/div>\n\t\t\t\t<section class=\"elementor-section elementor-inner-section elementor-element elementor-element-5ba10ed elementor-section-boxed elementor-section-height-default elementor-section-height-default\" data-id=\"5ba10ed\" data-element_type=\"section\">\n\t\t\t\t\t\t<div class=\"elementor-container elementor-column-gap-default\">\n\t\t\t\t\t<div class=\"elementor-column elementor-col-50 elementor-inner-column elementor-element elementor-element-0b38389\" data-id=\"0b38389\" data-element_type=\"column\">\n\t\t\t<div class=\"elementor-widget-wrap elementor-element-populated\">\n\t\t\t\t\t\t<div class=\"elementor-element elementor-element-390424d elementor-widget elementor-widget-text-editor\" data-id=\"390424d\" data-element_type=\"widget\" data-widget_type=\"text-editor.default\">\n\t\t\t\t<div class=\"elementor-widget-container\">\n\t\t\t\t\t\t\t\t\t<p style=\"mso-margin-top-alt: auto; mso-margin-bottom-alt: auto; text-align: justify; line-height: normal; mso-outline-level: 5;\"><span style=\"font-size: 12.0pt; font-family: 'Arial',sans-serif; mso-fareast-font-family: 'Times New Roman'; mso-fareast-language: PT-BR; mso-bidi-font-weight: bold;\">A <b>Prefeitura\u00a0Municipal de Afu\u00e1 (PMA)<\/b>, atrav\u00e9s da Secretaria Municipal de Sa\u00fade,\u00a0supervisionado pela Secretaria Municipal de Administra\u00e7\u00e3o, torna p\u00fablico o Edital\u00a0de Abertura do <b>Processo Seletivo P\u00fablico<\/b>, <b>Edital n\u00b0 01\/2021\/PMA\/ACS<\/b>,\u00a0destinado\u00a0ao preenchimento de vagas na esfera municipal para o cargo de <b>Agente\u00a0Comunit\u00e1rio de Sa\u00fade (ACS)<\/b>, conforme itens, subitens e anexos do Edital\u00a0supracitados.<\/span><\/p><p style=\"mso-margin-top-alt: auto; mso-margin-bottom-alt: auto; text-align: justify; line-height: normal; mso-outline-level: 5;\"><span style=\"font-size: 12.0pt; font-family: 'Arial',sans-serif; mso-fareast-font-family: 'Times New Roman'; mso-fareast-language: PT-BR; mso-bidi-font-weight: bold;\">\u00a0<\/span><\/p><p><strong>Vagas Imediatas: 33<\/strong><\/p><p><strong>Cadastro Reserva: 43<\/strong><\/p><p><strong style=\"font-family: Arial, Roboto, sans-serif; font-size: 14.4px;\">Taxa: R$ 70,00<\/strong><span style=\"font-size: 14.4px;\">\u00a0<\/span><\/p><p><strong>Escolaridade:<\/strong>\u00a0N\u00edvel M\u00e9dio<\/p><hr \/><p><strong>Datas importantes:\u00a0<\/strong><\/p><p><strong>Per\u00edodo de Inscri\u00e7\u00e3o:<\/strong>\u00a0<span style=\"font-size: 14.4px; font-style: normal; font-variant-ligatures: normal; font-variant-caps: normal; font-weight: bolder;\">15\/12\/2021 a 13\/01\/2022<\/span><\/p><p><strong>Pedido de isen\u00e7\u00e3o para PcD:<\/strong>\u00a015 a 17\/12\/2021<\/p><p><strong>Pagamento da taxa de inscri\u00e7\u00e3o:<\/strong>\u00a0At\u00e9 14\/01\/2022<\/p><p><strong>Impress\u00e3o do cart\u00e3o de confirma\u00e7\u00e3o da 1\u00aa etapa:<\/strong>\u00a019 a 23\/01\/2022<\/p><p><strong>Data e hora prova objetiva da 1\u00aa etapa:<\/strong>\u00a023\/01\/2022<\/p>\t\t\t\t\t\t\t\t<\/div>\n\t\t\t\t<\/div>\n\t\t\t\t\t<\/div>\n\t\t<\/div>\n\t\t\t\t<div class=\"elementor-column elementor-col-50 elementor-inner-column elementor-element elementor-element-7503a48\" data-id=\"7503a48\" data-element_type=\"column\">\n\t\t\t<div class=\"elementor-widget-wrap elementor-element-populated\">\n\t\t\t\t\t\t<div class=\"elementor-element elementor-element-d825992 elementor-widget elementor-widget-text-editor\" data-id=\"d825992\" data-element_type=\"widget\" data-widget_type=\"text-editor.default\">\n\t\t\t\t<div class=\"elementor-widget-container\">\n\t\t\t\t\t\t\t\t\t<p><span style=\"color: #ffffff;\"><strong>Acompanhe sua Inscri\u00e7\u00e3o<\/strong><\/span><\/p>\t\t\t\t\t\t\t\t<\/div>\n\t\t\t\t<\/div>\n\t\t\t\t<div class=\"elementor-element elementor-element-81ea865 elementor-widget elementor-widget-text-editor\" data-id=\"81ea865\" data-element_type=\"widget\" data-widget_type=\"text-editor.default\">\n\t\t\t\t<div class=\"elementor-widget-container\">\n\t\t\t\t\t\t\t\t\t<p style=\"text-align: center;\"><span style=\"color: #ffffff;\"><strong>Editais e Avisos<\/strong><\/span><\/p>\t\t\t\t\t\t\t\t<\/div>\n\t\t\t\t<\/div>\n\t\t\t\t<div class=\"elementor-element elementor-element-5fd036e elementor-widget elementor-widget-text-editor\" data-id=\"5fd036e\" data-element_type=\"widget\" data-widget_type=\"text-editor.default\">\n\t\t\t\t<div class=\"elementor-widget-container\">\n\t\t\t\t\t\t\t\t\t<p>Convoca\u00e7\u00f5es de candidatos \u00e0 posse no cargo ser\u00e3o divulgadas somente no site da <strong><a href=\"http:\/\/www.afua.pa.gov.br\">Prefeitura de AFU\u00c1 (www. afua.pa.gov.br)<\/a><\/strong><\/p><p><strong><a href=\"http:\/\/concursos2.fadesp.org.br\/pmafua2021\/arquivos\/Resultado_Definitivo.pdf\">Resultado Final Definitivo<\/a><\/strong><\/p><p><strong><a href=\"http:\/\/concursos2.fadesp.org.br\/pmafua2021\/arquivos\/Resultado_do_Curso_Introdut\u00f3rio_Retificado.pdf\">Retifica\u00e7\u00e3o do Resultado do Curso Introdut\u00f3rio de ACS<\/a><\/strong><\/p><p><a href=\"http:\/\/concursos2.fadesp.org.br\/pmafua2021\/arquivos\/Resultado_do_Curso_Introdut\u00f3rio.pdf\"><strong>Resultado do Curso Introdut\u00f3rio de ACS<\/strong><\/a><\/p><p><a href=\"http:\/\/concursos2.fadesp.org.br\/pmafua2021\/arquivos\/Edital_02_Convocacao_ao_Curso_de_ACS.pdf\"><strong>Edital 02 &#8211; Convoca\u00e7\u00e3o ao Curso de ACS<\/strong><\/a><\/p><p><a href=\"http:\/\/concursos2.fadesp.org.br\/pmafua2021\/arquivos\/Resultado_Definitivo_1a_Etapa.pdf\"><strong>Resultado Definitivo da 1\u00aa Etapa<\/strong><\/a><\/p><p><a href=\"http:\/\/concursos2.fadesp.org.br\/pmafua2021\/arquivos\/Resultado_Preliminar_1_Etapa.pdf\"><strong>Resultado Preliminar da 1\u00aa Etapa<\/strong><\/a><\/p><p><a href=\"http:\/\/concursos2.fadesp.org.br\/pmafua2021\/arquivos\/GABARITO_OFICIAL_DEFINITIVO.pdf\"><strong>Gabarito Oficial Definitivo<\/strong><\/a><\/p><p><strong><a href=\"http:\/\/concursos2.fadesp.org.br\/pmafua2021\/arquivos\/PROVA_OBJETIVA_ACS.pdf\">Prova Objetiva da 1\u00aa Etapa<\/a><\/strong><\/p><p><strong><a href=\"http:\/\/concursos2.fadesp.org.br\/pmafua2021\/arquivos\/GABARITO_OFICIAL_PRELIMINAR.pdf\">Gabarito Oficial Preliminar<\/a><\/strong><\/p><p><strong><a href=\"http:\/\/concursos2.fadesp.org.br\/pmafua2021\/arquivos\/Demanda.pdf\">Demanda de Concorr\u00eancia<\/a><\/strong><\/p><p><strong><a href=\"http:\/\/concursos2.fadesp.org.br\/pmafua2021\/arquivos\/ResultadoDefinitivoInscricao.pdf\">Resultado Definitivo das Inscri\u00e7\u00f5es<\/a><\/strong><\/p><p><strong><a href=\"http:\/\/concursos2.fadesp.org.br\/pmafua2021\/arquivos\/IsencaoPcD_AtendimentoEspecial.pdf\">Resultado dos Candidatos PcD e Atendimento Especial<\/a><\/strong><\/p><p><strong><a href=\"http:\/\/concursos2.fadesp.org.br\/pmafua2021\/arquivos\/ResultadoInscricaoPreliminar.pdf\">Resultado Preliminar das Inscri\u00e7\u00f5es<\/a><\/strong><\/p><p><strong><a href=\"http:\/\/concursos2.fadesp.org.br\/pmafua2021\/arquivos\/IsencaoPcD.pdf\">Resultado da Solicita\u00e7\u00e3o de Isen\u00e7\u00e3o da Taxa de Inscri\u00e7\u00e3o &#8211; PcD<\/a><\/strong><\/p><p><strong><a href=\"http:\/\/concursos2.fadesp.org.br\/pmafua2021\/arquivos\/Requisitos_Contratacao_Remuneracao.pdf\">Requisitos de Contrata\u00e7\u00e3o e Remunera\u00e7\u00e3o<\/a><\/strong><\/p><p><strong><a href=\"http:\/\/concursos2.fadesp.org.br\/pmafua2021\/arquivos\/Tabela_Vagas.pdf\">Tabela de Vagas<\/a><\/strong><\/p><p><strong><a href=\"http:\/\/concursos2.fadesp.org.br\/pmafua2021\/arquivos\/Edital_01_Abertura.pdf\">Edital 01 &#8211; Abertura<\/a><\/strong><\/p>\t\t\t\t\t\t\t\t<\/div>\n\t\t\t\t<\/div>\n\t\t\t\t\t<\/div>\n\t\t<\/div>\n\t\t\t\t\t<\/div>\n\t\t<\/section>\n\t\t\t\t\t<\/div>\n\t\t<\/div>\n\t\t\t\t\t<\/div>\n\t\t<\/section>\n\t\t\t\t<\/div>\n\t\t","protected":false},"excerpt":{"rendered":"<p>Prefeitura Municipal de Afu\u00e1 \u2013 PSP ACS\/2021 A Prefeitura\u00a0Municipal de Afu\u00e1 (PMA), atrav\u00e9s da Secretaria Municipal de Sa\u00fade,\u00a0supervisionado pela Secretaria Municipal de Administra\u00e7\u00e3o, torna p\u00fablico o Edital\u00a0de Abertura do Processo Seletivo P\u00fablico, Edital n\u00b0 01\/2021\/PMA\/ACS,\u00a0destinado\u00a0ao preenchimento de vagas na esfera municipal para o cargo de Agente\u00a0Comunit\u00e1rio de Sa\u00fade (ACS), conforme itens, subitens e anexos do [&hellip;]<\/p>\n","protected":false},"author":9,"featured_media":0,"parent":329,"menu_order":0,"comment_status":"closed","ping_status":"closed","template":"elementor_theme","meta":{"_monsterinsights_skip_tracking":false,"_monsterinsights_sitenote_active":false,"_monsterinsights_sitenote_note":"","_monsterinsights_sitenote_category":0,"footnotes":""},"class_list":["post-23047","page","type-page","status-publish","hentry","entry"],"yoast_head":"<!-- This site is optimized with the Yoast SEO plugin v25.1 - https:\/\/yoast.com\/wordpress\/plugins\/seo\/ -->\n<title>Prefeitura Municipal de Afu\u00e1 \u2013 PSP ACS\/2021 - FADESP<\/title>\n<meta name=\"robots\" content=\"index, follow, max-snippet:-1, max-image-preview:large, max-video-preview:-1\" \/>\n<link rel=\"canonical\" href=\"https:\/\/portalfadesp.org.br\/?page_id=23047\" \/>\n<meta property=\"og:locale\" content=\"pt_BR\" \/>\n<meta property=\"og:type\" content=\"article\" \/>\n<meta property=\"og:title\" content=\"Prefeitura Municipal de Afu\u00e1 \u2013 PSP ACS\/2021 - FADESP\" \/>\n<meta property=\"og:description\" content=\"Prefeitura Municipal de Afu\u00e1 \u2013 PSP ACS\/2021 A Prefeitura\u00a0Municipal de Afu\u00e1 (PMA), atrav\u00e9s da Secretaria Municipal de Sa\u00fade,\u00a0supervisionado pela Secretaria Municipal de Administra\u00e7\u00e3o, torna p\u00fablico o Edital\u00a0de Abertura do Processo Seletivo P\u00fablico, Edital n\u00b0 01\/2021\/PMA\/ACS,\u00a0destinado\u00a0ao preenchimento de vagas na esfera municipal para o cargo de Agente\u00a0Comunit\u00e1rio de Sa\u00fade (ACS), conforme itens, subitens e anexos do [&hellip;]\" \/>\n<meta property=\"og:url\" content=\"https:\/\/portalfadesp.org.br\/?page_id=23047\" \/>\n<meta property=\"og:site_name\" content=\"FADESP\" \/>\n<meta property=\"article:publisher\" content=\"https:\/\/www.facebook.com\/Fadesp-138351949524662\/\" \/>\n<meta property=\"article:modified_time\" content=\"2022-12-21T16:10:00+00:00\" \/>\n<meta name=\"twitter:card\" content=\"summary_large_image\" \/>\n<meta name=\"twitter:site\" content=\"@Fadesp\" \/>\n<meta name=\"twitter:label1\" content=\"Est. tempo de leitura\" \/>\n\t<meta name=\"twitter:data1\" content=\"1 minuto\" \/>\n<script type=\"application\/ld+json\" class=\"yoast-schema-graph\">{\"@context\":\"https:\/\/schema.org\",\"@graph\":[{\"@type\":\"WebPage\",\"@id\":\"https:\/\/portalfadesp.org.br\/?page_id=23047\",\"url\":\"https:\/\/portalfadesp.org.br\/?page_id=23047\",\"name\":\"Prefeitura Municipal de Afu\u00e1 \u2013 PSP ACS\/2021 - FADESP\",\"isPartOf\":{\"@id\":\"https:\/\/portalfadesp.org.br\/#website\"},\"datePublished\":\"2021-12-14T22:50:45+00:00\",\"dateModified\":\"2022-12-21T16:10:00+00:00\",\"breadcrumb\":{\"@id\":\"https:\/\/portalfadesp.org.br\/?page_id=23047#breadcrumb\"},\"inLanguage\":\"pt-BR\",\"potentialAction\":[{\"@type\":\"ReadAction\",\"target\":[\"https:\/\/portalfadesp.org.br\/?page_id=23047\"]}]},{\"@type\":\"BreadcrumbList\",\"@id\":\"https:\/\/portalfadesp.org.br\/?page_id=23047#breadcrumb\",\"itemListElement\":[{\"@type\":\"ListItem\",\"position\":1,\"name\":\"In\u00edcio\",\"item\":\"https:\/\/portalfadesp.org.br\/\"},{\"@type\":\"ListItem\",\"position\":2,\"name\":\"Concursos &#8211; Homologados\",\"item\":\"https:\/\/portalfadesp.org.br\/?page_id=329\"},{\"@type\":\"ListItem\",\"position\":3,\"name\":\"Prefeitura Municipal de Afu\u00e1 \u2013 PSP ACS\/2021\"}]},{\"@type\":\"WebSite\",\"@id\":\"https:\/\/portalfadesp.org.br\/#website\",\"url\":\"https:\/\/portalfadesp.org.br\/\",\"name\":\"FADESP\",\"description\":\"Funda\u00e7\u00e3o de Amparo e Desenvolvimento da Pesquisa\",\"publisher\":{\"@id\":\"https:\/\/portalfadesp.org.br\/#organization\"},\"potentialAction\":[{\"@type\":\"SearchAction\",\"target\":{\"@type\":\"EntryPoint\",\"urlTemplate\":\"https:\/\/portalfadesp.org.br\/?s={search_term_string}\"},\"query-input\":{\"@type\":\"PropertyValueSpecification\",\"valueRequired\":true,\"valueName\":\"search_term_string\"}}],\"inLanguage\":\"pt-BR\"},{\"@type\":\"Organization\",\"@id\":\"https:\/\/portalfadesp.org.br\/#organization\",\"name\":\"FADESP\",\"url\":\"https:\/\/portalfadesp.org.br\/\",\"logo\":{\"@type\":\"ImageObject\",\"inLanguage\":\"pt-BR\",\"@id\":\"https:\/\/portalfadesp.org.br\/#\/schema\/logo\/image\/\",\"url\":\"https:\/\/portalfadesp.org.br\/wp-content\/uploads\/2024\/01\/NOVOLOGOFADESPlaranjaH.png\",\"contentUrl\":\"https:\/\/portalfadesp.org.br\/wp-content\/uploads\/2024\/01\/NOVOLOGOFADESPlaranjaH.png\",\"width\":2742,\"height\":839,\"caption\":\"FADESP\"},\"image\":{\"@id\":\"https:\/\/portalfadesp.org.br\/#\/schema\/logo\/image\/\"},\"sameAs\":[\"https:\/\/www.facebook.com\/Fadesp-138351949524662\/\",\"https:\/\/x.com\/Fadesp\",\"https:\/\/www.instagram.com\/fadesp_ufpa\/\",\"https:\/\/www.youtube.com\/@fundacaodeamparoedesenvolv1903\",\"https:\/\/www.threads.net\/@fadesp_ufpa\"]}]}<\/script>\n<!-- \/ Yoast SEO plugin. -->","yoast_head_json":{"title":"Prefeitura Municipal de Afu\u00e1 \u2013 PSP ACS\/2021 - FADESP","robots":{"index":"index","follow":"follow","max-snippet":"max-snippet:-1","max-image-preview":"max-image-preview:large","max-video-preview":"max-video-preview:-1"},"canonical":"https:\/\/portalfadesp.org.br\/?page_id=23047","og_locale":"pt_BR","og_type":"article","og_title":"Prefeitura Municipal de Afu\u00e1 \u2013 PSP ACS\/2021 - FADESP","og_description":"Prefeitura Municipal de Afu\u00e1 \u2013 PSP ACS\/2021 A Prefeitura\u00a0Municipal de Afu\u00e1 (PMA), atrav\u00e9s da Secretaria Municipal de Sa\u00fade,\u00a0supervisionado pela Secretaria Municipal de Administra\u00e7\u00e3o, torna p\u00fablico o Edital\u00a0de Abertura do Processo Seletivo P\u00fablico, Edital n\u00b0 01\/2021\/PMA\/ACS,\u00a0destinado\u00a0ao preenchimento de vagas na esfera municipal para o cargo de Agente\u00a0Comunit\u00e1rio de Sa\u00fade (ACS), conforme itens, subitens e anexos do [&hellip;]","og_url":"https:\/\/portalfadesp.org.br\/?page_id=23047","og_site_name":"FADESP","article_publisher":"https:\/\/www.facebook.com\/Fadesp-138351949524662\/","article_modified_time":"2022-12-21T16:10:00+00:00","twitter_card":"summary_large_image","twitter_site":"@Fadesp","twitter_misc":{"Est. tempo de leitura":"1 minuto"},"schema":{"@context":"https:\/\/schema.org","@graph":[{"@type":"WebPage","@id":"https:\/\/portalfadesp.org.br\/?page_id=23047","url":"https:\/\/portalfadesp.org.br\/?page_id=23047","name":"Prefeitura Municipal de Afu\u00e1 \u2013 PSP ACS\/2021 - FADESP","isPartOf":{"@id":"https:\/\/portalfadesp.org.br\/#website"},"datePublished":"2021-12-14T22:50:45+00:00","dateModified":"2022-12-21T16:10:00+00:00","breadcrumb":{"@id":"https:\/\/portalfadesp.org.br\/?page_id=23047#breadcrumb"},"inLanguage":"pt-BR","potentialAction":[{"@type":"ReadAction","target":["https:\/\/portalfadesp.org.br\/?page_id=23047"]}]},{"@type":"BreadcrumbList","@id":"https:\/\/portalfadesp.org.br\/?page_id=23047#breadcrumb","itemListElement":[{"@type":"ListItem","position":1,"name":"In\u00edcio","item":"https:\/\/portalfadesp.org.br\/"},{"@type":"ListItem","position":2,"name":"Concursos &#8211; Homologados","item":"https:\/\/portalfadesp.org.br\/?page_id=329"},{"@type":"ListItem","position":3,"name":"Prefeitura Municipal de Afu\u00e1 \u2013 PSP ACS\/2021"}]},{"@type":"WebSite","@id":"https:\/\/portalfadesp.org.br\/#website","url":"https:\/\/portalfadesp.org.br\/","name":"FADESP","description":"Funda\u00e7\u00e3o de Amparo e Desenvolvimento da Pesquisa","publisher":{"@id":"https:\/\/portalfadesp.org.br\/#organization"},"potentialAction":[{"@type":"SearchAction","target":{"@type":"EntryPoint","urlTemplate":"https:\/\/portalfadesp.org.br\/?s={search_term_string}"},"query-input":{"@type":"PropertyValueSpecification","valueRequired":true,"valueName":"search_term_string"}}],"inLanguage":"pt-BR"},{"@type":"Organization","@id":"https:\/\/portalfadesp.org.br\/#organization","name":"FADESP","url":"https:\/\/portalfadesp.org.br\/","logo":{"@type":"ImageObject","inLanguage":"pt-BR","@id":"https:\/\/portalfadesp.org.br\/#\/schema\/logo\/image\/","url":"https:\/\/portalfadesp.org.br\/wp-content\/uploads\/2024\/01\/NOVOLOGOFADESPlaranjaH.png","contentUrl":"https:\/\/portalfadesp.org.br\/wp-content\/uploads\/2024\/01\/NOVOLOGOFADESPlaranjaH.png","width":2742,"height":839,"caption":"FADESP"},"image":{"@id":"https:\/\/portalfadesp.org.br\/#\/schema\/logo\/image\/"},"sameAs":["https:\/\/www.facebook.com\/Fadesp-138351949524662\/","https:\/\/x.com\/Fadesp","https:\/\/www.instagram.com\/fadesp_ufpa\/","https:\/\/www.youtube.com\/@fundacaodeamparoedesenvolv1903","https:\/\/www.threads.net\/@fadesp_ufpa"]}]}},"_links":{"self":[{"href":"https:\/\/portalfadesp.org.br\/index.php?rest_route=\/wp\/v2\/pages\/23047","targetHints":{"allow":["GET"]}}],"collection":[{"href":"https:\/\/portalfadesp.org.br\/index.php?rest_route=\/wp\/v2\/pages"}],"about":[{"href":"https:\/\/portalfadesp.org.br\/index.php?rest_route=\/wp\/v2\/types\/page"}],"author":[{"embeddable":true,"href":"https:\/\/portalfadesp.org.br\/index.php?rest_route=\/wp\/v2\/users\/9"}],"replies":[{"embeddable":true,"href":"https:\/\/portalfadesp.org.br\/index.php?rest_route=%2Fwp%2Fv2%2Fcomments&post=23047"}],"version-history":[{"count":104,"href":"https:\/\/portalfadesp.org.br\/index.php?rest_route=\/wp\/v2\/pages\/23047\/revisions"}],"predecessor-version":[{"id":38425,"href":"https:\/\/portalfadesp.org.br\/index.php?rest_route=\/wp\/v2\/pages\/23047\/revisions\/38425"}],"up":[{"embeddable":true,"href":"https:\/\/portalfadesp.org.br\/index.php?rest_route=\/wp\/v2\/pages\/329"}],"wp:attachment":[{"href":"https:\/\/portalfadesp.org.br\/index.php?rest_route=%2Fwp%2Fv2%2Fmedia&parent=23047"}],"curies":[{"name":"wp","href":"https:\/\/api.w.org\/{rel}","templated":true}]}}