{"id":22344,"date":"2021-11-22T09:24:42","date_gmt":"2021-11-22T12:24:42","guid":{"rendered":"https:\/\/162.215.13.167?page_id=22344"},"modified":"2026-02-06T20:17:29","modified_gmt":"2026-02-06T23:17:29","slug":"logomarca-fadesp","status":"publish","type":"page","link":"https:\/\/portalfadesp.org.br\/?page_id=22344","title":{"rendered":"Logomarca Fadesp"},"content":{"rendered":"\t\t<div data-elementor-type=\"wp-page\" data-elementor-id=\"22344\" class=\"elementor elementor-22344\" data-elementor-post-type=\"page\">\n\t\t\t\t\t\t<section class=\"elementor-section elementor-top-section elementor-element elementor-element-467e9347 elementor-section-full_width elementor-section-height-default elementor-section-height-default\" data-id=\"467e9347\" data-element_type=\"section\">\n\t\t\t\t\t\t<div class=\"elementor-container elementor-column-gap-default\">\n\t\t\t\t\t<section class=\"elementor-column elementor-col-100 elementor-top-column elementor-element elementor-element-46811b08\" data-id=\"46811b08\" data-element_type=\"column\">\n\t\t\t<div class=\"elementor-widget-wrap elementor-element-populated\">\n\t\t\t\t\t\t<div class=\"elementor-element elementor-element-b9254a9 elementor-widget elementor-widget-heading\" data-id=\"b9254a9\" data-element_type=\"widget\" data-widget_type=\"heading.default\">\n\t\t\t\t<div class=\"elementor-widget-container\">\n\t\t\t\t\t<h2 class=\"elementor-heading-title elementor-size-default\">LOGOMARCA FADESP<\/h2>\t\t\t\t<\/div>\n\t\t\t\t<\/div>\n\t\t\t\t\t<\/div>\n\t\t<\/section>\n\t\t\t\t\t<\/div>\n\t\t<\/section>\n\t\t\t\t<section class=\"elementor-section elementor-top-section elementor-element elementor-element-9b86b5e elementor-section-content-middle elementor-section-boxed elementor-section-height-default elementor-section-height-default\" data-id=\"9b86b5e\" data-element_type=\"section\">\n\t\t\t\t\t\t<div class=\"elementor-container elementor-column-gap-default\">\n\t\t\t\t\t<div class=\"elementor-column elementor-col-33 elementor-top-column elementor-element elementor-element-727d7d38\" data-id=\"727d7d38\" data-element_type=\"column\">\n\t\t\t<div class=\"elementor-widget-wrap elementor-element-populated\">\n\t\t\t\t\t\t<div class=\"elementor-element elementor-element-72421067 elementor-widget elementor-widget-image\" data-id=\"72421067\" data-element_type=\"widget\" data-widget_type=\"image.default\">\n\t\t\t\t<div class=\"elementor-widget-container\">\n\t\t\t\t\t\t\t\t\t\t\t\t\t\t\t\t<a href=\"https:\/\/drive.google.com\/drive\/folders\/1EmE2x3tuD-zRg5UmWDgsYvM7swWBfin1\" target=\"_blank\">\n\t\t\t\t\t\t\t<img decoding=\"async\" src=\"\/wp-content\/themes\/oceanwp-child\/assets\/img\/fadesp-logo-img.png\" title=\"\" alt=\"\" loading=\"lazy\" \/>\t\t\t\t\t\t\t\t<\/a>\n\t\t\t\t\t\t\t\t\t\t\t\t\t\t\t<\/div>\n\t\t\t\t<\/div>\n\t\t\t\t\t<\/div>\n\t\t<\/div>\n\t\t\t\t<div class=\"elementor-column elementor-col-66 elementor-top-column elementor-element elementor-element-748f94e7\" data-id=\"748f94e7\" data-element_type=\"column\">\n\t\t\t<div class=\"elementor-widget-wrap elementor-element-populated\">\n\t\t\t\t\t\t<div class=\"elementor-element elementor-element-67008f0b elementor-widget elementor-widget-text-editor\" data-id=\"67008f0b\" data-element_type=\"widget\" data-widget_type=\"text-editor.default\">\n\t\t\t\t<div class=\"elementor-widget-container\">\n\t\t\t\t\t\t\t\t\t<p dir=\"ltr\" style=\"line-height: 1.2; margin-top: 0pt; margin-bottom: 15pt;\"><span style=\"font-size: 12pt; font-family: 'Roboto Condensed',sans-serif; color: #635c5c; background-color: transparent; font-weight: 400; font-style: normal; font-variant: normal; text-decoration: none; vertical-align: baseline; white-space: pre-wrap;\">A logomarca atual da Funda\u00e7\u00e3o de Amparo e Desenvolvimento da Pesquisa (FADESP) \u00e9 resultado da atualiza\u00e7\u00e3o e redesenho do logotipo, criado em 1977, por Mayr Fortuna. O desenho original levou seis meses para ser conclu\u00eddo e foi um presente para a ent\u00e3o rec\u00e9m-criada Funda\u00e7\u00e3o. Al\u00e9m do logotipo da FADESP, Fortuna tamb\u00e9m foi o criador do primeiro bras\u00e3o da Universidade Federal do Par\u00e1.<\/span><\/p>\n<p dir=\"ltr\" style=\"line-height: 1.2; margin-top: 0pt; margin-bottom: 15pt;\"><span style=\"font-size: 12pt; font-family: 'Roboto Condensed',sans-serif; color: #635c5c; background-color: transparent; font-weight: 400; font-style: normal; font-variant: normal; text-decoration: none; vertical-align: baseline; white-space: pre-wrap;\">Desenhista profissional e funcion\u00e1rio da Primeira Comiss\u00e3o Demarcadora de Limites, Mayr Fortuna viveu, durante a II Guerra Mundial, no Museu Em\u00edlio Goeldi, onde era respons\u00e1vel por desenhar os artefatos ind\u00edgenas \u2013 uma esp\u00e9cie de cataloga\u00e7\u00e3o.<\/span><\/p>\n<p dir=\"ltr\" style=\"line-height: 1.2; border-bottom: solid #000000 0.75pt; margin-top: 0pt; margin-bottom: 15pt; padding: 0pt 0pt 1pt 0pt;\"><span style=\"font-size: 12pt; font-family: 'Roboto Condensed',sans-serif; color: #635c5c; background-color: transparent; font-weight: 400; font-style: normal; font-variant: normal; text-decoration: none; vertical-align: baseline; white-space: pre-wrap;\">A identidade visual vigente foi apresentada por ocasi\u00e3o do anivers\u00e1rio de 44 anos da FADESP (ocorrido no dia 19\/11\/2021) e garantiu mais nitidez aos tra\u00e7os originais da mandala. O laranja \u00e9 uma refer\u00eancia \u00e0 terra, ao solo. A tipografia, exclusiva, deixou o logo ainda mais leve, com tra\u00e7os arredondados, que lembram a est\u00e9tica vigente dos anos 70.<\/span><\/p>\t\t\t\t\t\t\t\t<\/div>\n\t\t\t\t<\/div>\n\t\t\t\t\t<\/div>\n\t\t<\/div>\n\t\t\t\t\t<\/div>\n\t\t<\/section>\n\t\t\t\t<section class=\"elementor-section elementor-top-section elementor-element elementor-element-41fd7da9 elementor-section-boxed elementor-section-height-default elementor-section-height-default\" data-id=\"41fd7da9\" data-element_type=\"section\">\n\t\t\t\t\t\t<div class=\"elementor-container elementor-column-gap-default\">\n\t\t\t\t\t<div class=\"elementor-column elementor-col-33 elementor-top-column elementor-element elementor-element-17049c23\" data-id=\"17049c23\" data-element_type=\"column\" data-settings=\"{&quot;background_background&quot;:&quot;classic&quot;}\">\n\t\t\t<div class=\"elementor-widget-wrap elementor-element-populated\">\n\t\t\t\t\t\t<div class=\"elementor-element elementor-element-8e65611 btn-icon-sanfona btn-icon-sanfona-jpg elementor-widget elementor-widget-eael-adv-accordion\" data-id=\"8e65611\" data-element_type=\"widget\" data-widget_type=\"eael-adv-accordion.default\">\n\t\t\t\t<div class=\"elementor-widget-container\">\n\t\t\t\t\t        <div class=\"eael-adv-accordion\" id=\"eael-adv-accordion-8e65611\" data-scroll-on-click=\"no\" data-scroll-speed=\"300\" data-accordion-id=\"8e65611\" data-accordion-type=\"accordion\" data-toogle-speed=\"300\">\n    <div class=\"eael-accordion-list\">\n                <div id=\"download-do-logo\" class=\"elementor-tab-title eael-accordion-header\" tabindex=\"0\" data-tab=\"1\" aria-controls=\"elementor-tab-content-1491\"><span class=\"eael-accordion-tab-title\">Download do logo<\/span><svg aria-hidden=\"true\" class=\"fa-toggle e-font-icon-svg e-fas-angle-right\" viewBox=\"0 0 256 512\" xmlns=\"http:\/\/www.w3.org\/2000\/svg\"><path d=\"M224.3 273l-136 136c-9.4 9.4-24.6 9.4-33.9 0l-22.6-22.6c-9.4-9.4-9.4-24.6 0-33.9l96.4-96.4-96.4-96.4c-9.4-9.4-9.4-24.6 0-33.9L54.3 103c9.4-9.4 24.6-9.4 33.9 0l136 136c9.5 9.4 9.5 24.6.1 34z\"><\/path><\/svg><\/div><div id=\"elementor-tab-content-1491\" class=\"eael-accordion-content clearfix\" data-tab=\"1\" aria-labelledby=\"download-do-logo\"><ul class=\"logoNova\"><li><a href=\"https:\/\/drive.google.com\/uc?export=download&amp;id=1indqEExcC5xVtg4XRKIaBgAV6exgI5US\">Logo FADESP Laranja (Horizontal)<\/a><hr \/><\/li><li><a href=\"https:\/\/drive.google.com\/uc?export=download&amp;id=1RXWSegkpfEV5v-pseDAOoaWHdandhAOK\">Logo FADESP Preta (Horizontal)<\/a><hr \/><\/li><li><a href=\"https:\/\/drive.google.com\/uc?export=download&amp;id=1P9NGWDG5EOpLLIfixqM7SaINAV4Iu6c3\">Logo FADESP Branca (Horizontal)<\/a><hr \/><\/li><li><a href=\"https:\/\/drive.google.com\/uc?export=download&amp;id=1Q77aL1z4b22m7J9t0wXeW1NFKgz6xZWO\">Logo FADESP Laranja (Vertical)<\/a><hr \/><\/li><li><a href=\"https:\/\/drive.google.com\/uc?export=download&amp;id=1NzYGc_DQjEohRnewRoLjUpefniIAV8Xu\">Logo FADESP Preta (Vertical)<\/a><hr \/><\/li><li><a href=\"https:\/\/drive.google.com\/uc?export=download&amp;id=10pnPHQXZw_3pKt543Q0B67KAQZ91Vy9v\">Logo FADESP Branca (Vertical)<\/a><\/li><\/ul><\/div>\n                <\/div><\/div>\t\t\t\t<\/div>\n\t\t\t\t<\/div>\n\t\t\t\t\t<\/div>\n\t\t<\/div>\n\t\t\t\t<div class=\"elementor-column elementor-col-33 elementor-top-column elementor-element elementor-element-678b8a02\" data-id=\"678b8a02\" data-element_type=\"column\">\n\t\t\t<div class=\"elementor-widget-wrap elementor-element-populated\">\n\t\t\t\t\t\t<div class=\"elementor-element elementor-element-21a4437a btn-icon-sanfona btn-icon-sanfona-png elementor-widget elementor-widget-eael-adv-accordion\" data-id=\"21a4437a\" data-element_type=\"widget\" data-widget_type=\"eael-adv-accordion.default\">\n\t\t\t\t<div class=\"elementor-widget-container\">\n\t\t\t\t\t        <div class=\"eael-adv-accordion\" id=\"eael-adv-accordion-21a4437a\" data-scroll-on-click=\"no\" data-scroll-speed=\"300\" data-accordion-id=\"21a4437a\" data-accordion-type=\"accordion\" data-toogle-speed=\"300\">\n    <div class=\"eael-accordion-list\">\n                <div id=\"download-do-logo\" class=\"elementor-tab-title eael-accordion-header\" tabindex=\"0\" data-tab=\"1\" aria-controls=\"elementor-tab-content-5641\"><span class=\"eael-accordion-tab-title\">Download do logo<\/span><svg aria-hidden=\"true\" class=\"fa-toggle e-font-icon-svg e-fas-angle-right\" viewBox=\"0 0 256 512\" xmlns=\"http:\/\/www.w3.org\/2000\/svg\"><path d=\"M224.3 273l-136 136c-9.4 9.4-24.6 9.4-33.9 0l-22.6-22.6c-9.4-9.4-9.4-24.6 0-33.9l96.4-96.4-96.4-96.4c-9.4-9.4-9.4-24.6 0-33.9L54.3 103c9.4-9.4 24.6-9.4 33.9 0l136 136c9.5 9.4 9.5 24.6.1 34z\"><\/path><\/svg><\/div><div id=\"elementor-tab-content-5641\" class=\"eael-accordion-content clearfix\" data-tab=\"1\" aria-labelledby=\"download-do-logo\"><ul class=\"logoNova\">\n \t<li><a href=\"https:\/\/drive.google.com\/uc?export=download&amp;id=1Jv6zsX4JiCMt_kQmsSf0nB1CDZ5tFhRk\">Logo FADESP Laranja (Horizontal)<\/a><\/li>\n \t<li><a href=\"https:\/\/drive.google.com\/uc?export=download&amp;id=1ceFR9ktqtfD4Pd9GJgAbvkwkBP2x5R8Z\">Logo FADESP Preta (Horizontal)<\/a><\/li>\n \t<li><a href=\"https:\/\/drive.google.com\/uc?export=download&amp;id=1w4wIMg-bsJqS6jVie62KXVQh1-gB_bb_\">Logo FADESP Branca (Horizontal)<\/a><\/li>\n \t<li><a href=\"https:\/\/drive.google.com\/uc?export=download&amp;id=10foMHTkXHtp8b1-v73ch4S08sO5T3h2K\">Logo FADESP Laranja (Vertical)<\/a><\/li>\n \t<li><a href=\"https:\/\/drive.google.com\/uc?export=download&amp;id=1q7LxWZQkACYkfAIHAVaWKVHLqES38Dxe\">Logo FADESP Preta (Vertical)<\/a><\/li>\n \t<li><a href=\"https:\/\/drive.google.com\/uc?export=download&amp;id=1q1_2muIi-eTOkoQ3uZcbyRKX0eyE4dZb\">Logo FADESP Branca (Vertical)<\/a><\/li>\n<\/ul><\/div>\n                <\/div><\/div>\t\t\t\t<\/div>\n\t\t\t\t<\/div>\n\t\t\t\t\t<\/div>\n\t\t<\/div>\n\t\t\t\t<div class=\"elementor-column elementor-col-33 elementor-top-column elementor-element elementor-element-60ef9dc9\" data-id=\"60ef9dc9\" data-element_type=\"column\">\n\t\t\t<div class=\"elementor-widget-wrap elementor-element-populated\">\n\t\t\t\t\t\t<div class=\"elementor-element elementor-element-842d201 btn-icon-sanfona btn-icon-sanfona-pdf elementor-widget elementor-widget-eael-adv-accordion\" data-id=\"842d201\" data-element_type=\"widget\" data-widget_type=\"eael-adv-accordion.default\">\n\t\t\t\t<div class=\"elementor-widget-container\">\n\t\t\t\t\t        <div class=\"eael-adv-accordion\" id=\"eael-adv-accordion-842d201\" data-scroll-on-click=\"no\" data-scroll-speed=\"300\" data-accordion-id=\"842d201\" data-accordion-type=\"accordion\" data-toogle-speed=\"300\">\n    <div class=\"eael-accordion-list\">\n                <div id=\"download-do-logo\" class=\"elementor-tab-title eael-accordion-header\" tabindex=\"0\" data-tab=\"1\" aria-controls=\"elementor-tab-content-1381\"><span class=\"eael-accordion-tab-title\">Download do logo<\/span><svg aria-hidden=\"true\" class=\"fa-toggle e-font-icon-svg e-fas-angle-right\" viewBox=\"0 0 256 512\" xmlns=\"http:\/\/www.w3.org\/2000\/svg\"><path d=\"M224.3 273l-136 136c-9.4 9.4-24.6 9.4-33.9 0l-22.6-22.6c-9.4-9.4-9.4-24.6 0-33.9l96.4-96.4-96.4-96.4c-9.4-9.4-9.4-24.6 0-33.9L54.3 103c9.4-9.4 24.6-9.4 33.9 0l136 136c9.5 9.4 9.5 24.6.1 34z\"><\/path><\/svg><\/div><div id=\"elementor-tab-content-1381\" class=\"eael-accordion-content clearfix\" data-tab=\"1\" aria-labelledby=\"download-do-logo\"><ul class=\"logoNova\">\n \t<li><a href=\"https:\/\/drive.google.com\/uc?export=download&amp;id=1_bd7g04KDEpbtglefMLt3W38tSIZHMMN\">Logo FADESP Laranja (Horizontal)<\/a><\/li>\n \t<li><a href=\"https:\/\/drive.google.com\/uc?export=download&amp;id=1kpgYtVYFC7VqHVW8iODYSL-U_8stfx3B\">Logo FADESP Preta (Horizontal)<\/a><\/li>\n \t<li><a href=\"https:\/\/drive.google.com\/uc?export=download&amp;id=1GIPoPm6mL9YDaqfoOX0LAnEISAXEvkxl\">Logo FADESP Branca (Horizontal)<\/a><\/li>\n \t<li><a href=\"https:\/\/drive.google.com\/uc?export=download&amp;id=1NEVxXPIV7bGnha-iIN-E5LBnGA7cHf64\">Logo FADESP Laranja (Vertical)<\/a><\/li>\n \t<li><a href=\"https:\/\/drive.google.com\/uc?export=download&amp;id=1Ft9QTPqrrGQ-LeVAl9SO3pQ54i3VjLE0\">Logo FADESP Preta (Vertical)<\/a><\/li>\n \t<li><a href=\"https:\/\/drive.google.com\/uc?export=download&amp;id=1HNAx8w-c27S5kr1EwirfPj3cpjzaBydl\">Logo FADESP Branca (Vertical)<\/a><\/li>\n<\/ul><\/div>\n                <\/div><\/div>\t\t\t\t<\/div>\n\t\t\t\t<\/div>\n\t\t\t\t\t<\/div>\n\t\t<\/div>\n\t\t\t\t\t<\/div>\n\t\t<\/section>\n\t\t\t\t<\/div>\n\t\t","protected":false},"excerpt":{"rendered":"<p>LOGOMARCA FADESP A logomarca atual da Funda\u00e7\u00e3o de Amparo e Desenvolvimento da Pesquisa (FADESP) \u00e9 resultado da atualiza\u00e7\u00e3o e redesenho do logotipo, criado em 1977, por Mayr Fortuna. O desenho original levou seis meses para ser conclu\u00eddo e foi um presente para a ent\u00e3o rec\u00e9m-criada Funda\u00e7\u00e3o. Al\u00e9m do logotipo da FADESP, Fortuna tamb\u00e9m foi o [&hellip;]<\/p>\n","protected":false},"author":9,"featured_media":0,"parent":0,"menu_order":0,"comment_status":"closed","ping_status":"closed","template":"","meta":{"_monsterinsights_skip_tracking":false,"_monsterinsights_sitenote_active":false,"_monsterinsights_sitenote_note":"","_monsterinsights_sitenote_category":0,"footnotes":""},"class_list":["post-22344","page","type-page","status-publish","hentry","entry"],"yoast_head":"<!-- This site is optimized with the Yoast SEO plugin v25.1 - https:\/\/yoast.com\/wordpress\/plugins\/seo\/ -->\n<title>Logomarca Fadesp - FADESP<\/title>\n<meta name=\"robots\" content=\"index, follow, max-snippet:-1, max-image-preview:large, max-video-preview:-1\" \/>\n<link rel=\"canonical\" href=\"https:\/\/portalfadesp.org.br\/?page_id=22344\" \/>\n<meta property=\"og:locale\" content=\"pt_BR\" \/>\n<meta property=\"og:type\" content=\"article\" \/>\n<meta property=\"og:title\" content=\"Logomarca Fadesp - FADESP\" \/>\n<meta property=\"og:description\" content=\"LOGOMARCA FADESP A logomarca atual da Funda\u00e7\u00e3o de Amparo e Desenvolvimento da Pesquisa (FADESP) \u00e9 resultado da atualiza\u00e7\u00e3o e redesenho do logotipo, criado em 1977, por Mayr Fortuna. O desenho original levou seis meses para ser conclu\u00eddo e foi um presente para a ent\u00e3o rec\u00e9m-criada Funda\u00e7\u00e3o. Al\u00e9m do logotipo da FADESP, Fortuna tamb\u00e9m foi o [&hellip;]\" \/>\n<meta property=\"og:url\" content=\"https:\/\/portalfadesp.org.br\/?page_id=22344\" \/>\n<meta property=\"og:site_name\" content=\"FADESP\" \/>\n<meta property=\"article:publisher\" content=\"https:\/\/www.facebook.com\/Fadesp-138351949524662\/\" \/>\n<meta property=\"article:modified_time\" content=\"2026-02-06T23:17:29+00:00\" \/>\n<meta name=\"twitter:card\" content=\"summary_large_image\" \/>\n<meta name=\"twitter:site\" content=\"@Fadesp\" \/>\n<meta name=\"twitter:label1\" content=\"Est. tempo de leitura\" \/>\n\t<meta name=\"twitter:data1\" content=\"2 minutos\" \/>\n<script type=\"application\/ld+json\" class=\"yoast-schema-graph\">{\"@context\":\"https:\/\/schema.org\",\"@graph\":[{\"@type\":\"WebPage\",\"@id\":\"https:\/\/portalfadesp.org.br\/?page_id=22344\",\"url\":\"https:\/\/portalfadesp.org.br\/?page_id=22344\",\"name\":\"Logomarca Fadesp - FADESP\",\"isPartOf\":{\"@id\":\"https:\/\/portalfadesp.org.br\/#website\"},\"datePublished\":\"2021-11-22T12:24:42+00:00\",\"dateModified\":\"2026-02-06T23:17:29+00:00\",\"breadcrumb\":{\"@id\":\"https:\/\/portalfadesp.org.br\/?page_id=22344#breadcrumb\"},\"inLanguage\":\"pt-BR\",\"potentialAction\":[{\"@type\":\"ReadAction\",\"target\":[\"https:\/\/portalfadesp.org.br\/?page_id=22344\"]}]},{\"@type\":\"BreadcrumbList\",\"@id\":\"https:\/\/portalfadesp.org.br\/?page_id=22344#breadcrumb\",\"itemListElement\":[{\"@type\":\"ListItem\",\"position\":1,\"name\":\"In\u00edcio\",\"item\":\"https:\/\/portalfadesp.org.br\/\"},{\"@type\":\"ListItem\",\"position\":2,\"name\":\"Logomarca Fadesp\"}]},{\"@type\":\"WebSite\",\"@id\":\"https:\/\/portalfadesp.org.br\/#website\",\"url\":\"https:\/\/portalfadesp.org.br\/\",\"name\":\"FADESP\",\"description\":\"Funda\u00e7\u00e3o de Amparo e Desenvolvimento da Pesquisa\",\"publisher\":{\"@id\":\"https:\/\/portalfadesp.org.br\/#organization\"},\"potentialAction\":[{\"@type\":\"SearchAction\",\"target\":{\"@type\":\"EntryPoint\",\"urlTemplate\":\"https:\/\/portalfadesp.org.br\/?s={search_term_string}\"},\"query-input\":{\"@type\":\"PropertyValueSpecification\",\"valueRequired\":true,\"valueName\":\"search_term_string\"}}],\"inLanguage\":\"pt-BR\"},{\"@type\":\"Organization\",\"@id\":\"https:\/\/portalfadesp.org.br\/#organization\",\"name\":\"FADESP\",\"url\":\"https:\/\/portalfadesp.org.br\/\",\"logo\":{\"@type\":\"ImageObject\",\"inLanguage\":\"pt-BR\",\"@id\":\"https:\/\/portalfadesp.org.br\/#\/schema\/logo\/image\/\",\"url\":\"https:\/\/portalfadesp.org.br\/wp-content\/uploads\/2024\/01\/NOVOLOGOFADESPlaranjaH.png\",\"contentUrl\":\"https:\/\/portalfadesp.org.br\/wp-content\/uploads\/2024\/01\/NOVOLOGOFADESPlaranjaH.png\",\"width\":2742,\"height\":839,\"caption\":\"FADESP\"},\"image\":{\"@id\":\"https:\/\/portalfadesp.org.br\/#\/schema\/logo\/image\/\"},\"sameAs\":[\"https:\/\/www.facebook.com\/Fadesp-138351949524662\/\",\"https:\/\/x.com\/Fadesp\",\"https:\/\/www.instagram.com\/fadesp_ufpa\/\",\"https:\/\/www.youtube.com\/@fundacaodeamparoedesenvolv1903\",\"https:\/\/www.threads.net\/@fadesp_ufpa\"]}]}<\/script>\n<!-- \/ Yoast SEO plugin. -->","yoast_head_json":{"title":"Logomarca Fadesp - FADESP","robots":{"index":"index","follow":"follow","max-snippet":"max-snippet:-1","max-image-preview":"max-image-preview:large","max-video-preview":"max-video-preview:-1"},"canonical":"https:\/\/portalfadesp.org.br\/?page_id=22344","og_locale":"pt_BR","og_type":"article","og_title":"Logomarca Fadesp - FADESP","og_description":"LOGOMARCA FADESP A logomarca atual da Funda\u00e7\u00e3o de Amparo e Desenvolvimento da Pesquisa (FADESP) \u00e9 resultado da atualiza\u00e7\u00e3o e redesenho do logotipo, criado em 1977, por Mayr Fortuna. O desenho original levou seis meses para ser conclu\u00eddo e foi um presente para a ent\u00e3o rec\u00e9m-criada Funda\u00e7\u00e3o. Al\u00e9m do logotipo da FADESP, Fortuna tamb\u00e9m foi o [&hellip;]","og_url":"https:\/\/portalfadesp.org.br\/?page_id=22344","og_site_name":"FADESP","article_publisher":"https:\/\/www.facebook.com\/Fadesp-138351949524662\/","article_modified_time":"2026-02-06T23:17:29+00:00","twitter_card":"summary_large_image","twitter_site":"@Fadesp","twitter_misc":{"Est. tempo de leitura":"2 minutos"},"schema":{"@context":"https:\/\/schema.org","@graph":[{"@type":"WebPage","@id":"https:\/\/portalfadesp.org.br\/?page_id=22344","url":"https:\/\/portalfadesp.org.br\/?page_id=22344","name":"Logomarca Fadesp - FADESP","isPartOf":{"@id":"https:\/\/portalfadesp.org.br\/#website"},"datePublished":"2021-11-22T12:24:42+00:00","dateModified":"2026-02-06T23:17:29+00:00","breadcrumb":{"@id":"https:\/\/portalfadesp.org.br\/?page_id=22344#breadcrumb"},"inLanguage":"pt-BR","potentialAction":[{"@type":"ReadAction","target":["https:\/\/portalfadesp.org.br\/?page_id=22344"]}]},{"@type":"BreadcrumbList","@id":"https:\/\/portalfadesp.org.br\/?page_id=22344#breadcrumb","itemListElement":[{"@type":"ListItem","position":1,"name":"In\u00edcio","item":"https:\/\/portalfadesp.org.br\/"},{"@type":"ListItem","position":2,"name":"Logomarca Fadesp"}]},{"@type":"WebSite","@id":"https:\/\/portalfadesp.org.br\/#website","url":"https:\/\/portalfadesp.org.br\/","name":"FADESP","description":"Funda\u00e7\u00e3o de Amparo e Desenvolvimento da Pesquisa","publisher":{"@id":"https:\/\/portalfadesp.org.br\/#organization"},"potentialAction":[{"@type":"SearchAction","target":{"@type":"EntryPoint","urlTemplate":"https:\/\/portalfadesp.org.br\/?s={search_term_string}"},"query-input":{"@type":"PropertyValueSpecification","valueRequired":true,"valueName":"search_term_string"}}],"inLanguage":"pt-BR"},{"@type":"Organization","@id":"https:\/\/portalfadesp.org.br\/#organization","name":"FADESP","url":"https:\/\/portalfadesp.org.br\/","logo":{"@type":"ImageObject","inLanguage":"pt-BR","@id":"https:\/\/portalfadesp.org.br\/#\/schema\/logo\/image\/","url":"https:\/\/portalfadesp.org.br\/wp-content\/uploads\/2024\/01\/NOVOLOGOFADESPlaranjaH.png","contentUrl":"https:\/\/portalfadesp.org.br\/wp-content\/uploads\/2024\/01\/NOVOLOGOFADESPlaranjaH.png","width":2742,"height":839,"caption":"FADESP"},"image":{"@id":"https:\/\/portalfadesp.org.br\/#\/schema\/logo\/image\/"},"sameAs":["https:\/\/www.facebook.com\/Fadesp-138351949524662\/","https:\/\/x.com\/Fadesp","https:\/\/www.instagram.com\/fadesp_ufpa\/","https:\/\/www.youtube.com\/@fundacaodeamparoedesenvolv1903","https:\/\/www.threads.net\/@fadesp_ufpa"]}]}},"_links":{"self":[{"href":"https:\/\/portalfadesp.org.br\/index.php?rest_route=\/wp\/v2\/pages\/22344","targetHints":{"allow":["GET"]}}],"collection":[{"href":"https:\/\/portalfadesp.org.br\/index.php?rest_route=\/wp\/v2\/pages"}],"about":[{"href":"https:\/\/portalfadesp.org.br\/index.php?rest_route=\/wp\/v2\/types\/page"}],"author":[{"embeddable":true,"href":"https:\/\/portalfadesp.org.br\/index.php?rest_route=\/wp\/v2\/users\/9"}],"replies":[{"embeddable":true,"href":"https:\/\/portalfadesp.org.br\/index.php?rest_route=%2Fwp%2Fv2%2Fcomments&post=22344"}],"version-history":[{"count":205,"href":"https:\/\/portalfadesp.org.br\/index.php?rest_route=\/wp\/v2\/pages\/22344\/revisions"}],"predecessor-version":[{"id":53740,"href":"https:\/\/portalfadesp.org.br\/index.php?rest_route=\/wp\/v2\/pages\/22344\/revisions\/53740"}],"wp:attachment":[{"href":"https:\/\/portalfadesp.org.br\/index.php?rest_route=%2Fwp%2Fv2%2Fmedia&parent=22344"}],"curies":[{"name":"wp","href":"https:\/\/api.w.org\/{rel}","templated":true}]}}