{"id":22197,"date":"2021-11-18T14:45:34","date_gmt":"2021-11-18T17:45:34","guid":{"rendered":"https:\/\/162.215.13.167?page_id=22197"},"modified":"2022-12-21T13:31:43","modified_gmt":"2022-12-21T16:31:43","slug":"pagina_modelo-8","status":"publish","type":"page","link":"https:\/\/portalfadesp.org.br\/?page_id=22197","title":{"rendered":"Mestrado em Ecologia &#8211; PPGECO &#8211; UFPA \/ 2021-2022"},"content":{"rendered":"\t\t<div data-elementor-type=\"wp-post\" data-elementor-id=\"22197\" class=\"elementor elementor-22197\" data-elementor-post-type=\"page\">\n\t\t\t\t\t\t<section class=\"elementor-section elementor-top-section elementor-element elementor-element-2a40db40 elementor-section-boxed elementor-section-height-default elementor-section-height-default\" data-id=\"2a40db40\" data-element_type=\"section\">\n\t\t\t\t\t\t<div class=\"elementor-container elementor-column-gap-default\">\n\t\t\t\t\t<div class=\"elementor-column elementor-col-100 elementor-top-column elementor-element elementor-element-4e956b47\" data-id=\"4e956b47\" data-element_type=\"column\">\n\t\t\t<div class=\"elementor-widget-wrap elementor-element-populated\">\n\t\t\t\t\t\t<div class=\"elementor-element elementor-element-372de194 elementor-widget elementor-widget-heading\" data-id=\"372de194\" data-element_type=\"widget\" data-widget_type=\"heading.default\">\n\t\t\t\t<div class=\"elementor-widget-container\">\n\t\t\t\t\t<h1 class=\"elementor-heading-title elementor-size-default\">Processo de Sele\u00e7\u00e3o Para o Curso de Mestrado em Ecologia - PPGECO - UFPA \/ 2021-2022<\/h1>\t\t\t\t<\/div>\n\t\t\t\t<\/div>\n\t\t\t\t<section class=\"elementor-section elementor-inner-section elementor-element elementor-element-31e54043 elementor-section-boxed elementor-section-height-default elementor-section-height-default\" data-id=\"31e54043\" data-element_type=\"section\">\n\t\t\t\t\t\t<div class=\"elementor-container elementor-column-gap-default\">\n\t\t\t\t\t<div class=\"elementor-column elementor-col-50 elementor-inner-column elementor-element elementor-element-15f41bd\" data-id=\"15f41bd\" data-element_type=\"column\">\n\t\t\t<div class=\"elementor-widget-wrap elementor-element-populated\">\n\t\t\t\t\t\t<div class=\"elementor-element elementor-element-35279451 elementor-widget elementor-widget-text-editor\" data-id=\"35279451\" data-element_type=\"widget\" data-widget_type=\"text-editor.default\">\n\t\t\t\t<div class=\"elementor-widget-container\">\n\t\t\t\t\t\t\t\t\t<p>O Programa de P\u00f3s-gradua\u00e7\u00e3o em Ecologia (PPGECO) da Universidade Federal do Par\u00e1 (UFPA), abre as inscri\u00e7\u00f5es para o exame de sele\u00e7\u00e3o ao curso de Mestrado para o ano de 2022. Este edital segue as diretrizes do regimento do PPGECO 4.658 de 2015.<\/p>\n<p>O Programa de P\u00f3s-Gradua\u00e7\u00e3o em Ecologia, recomendado pela CAPES, tem \u00e1rea de concentra\u00e7\u00e3o em Ecologia, com quatro linhas de pesquisa:<\/p>\n<p>1. Ecologia de Comunidades e Ecossistemas;<\/p>\n<p>2. Ecologia de Organismos e Popula\u00e7\u00f5es;<\/p>\n<p>3. Ecologia de Paisagem;<\/p>\n<p>4. Ecologia Te\u00f3rica e Aplicada.<\/p>\n<p><\/p>\n<p><strong>Vagas:<\/strong> Ser\u00e3o disponibilizadas 5 <strong>(cinco)<\/strong> vagas. As vagas ser\u00e3o preenchidas seguindo a classifica\u00e7\u00e3o dos candidatos, conforme descrito no item 2 do Edital.<\/p>\n<p><\/p>\n<p><strong>Pr\u00e9-Requisitos:<\/strong><\/p>\n<p><strong>&#8211; <\/strong>Pessoas com diploma de gradua\u00e7\u00e3o ou atestado de conclus\u00e3o de curso de Ci\u00eancias Biol\u00f3gicas ou \u00e1reas afins.&nbsp;<br><strong>1 &#8211;<\/strong> Discernimento geral, cient\u00edfico e cultural;<\/p>\n<p><strong>2 &#8211;<\/strong> Aptid\u00e3o para pesquisa;<\/p>\n<p><strong>3 &#8211;<\/strong> Desenvoltura com a linguagem escrita;<\/p>\n<p><strong>4 &#8211;<\/strong> Base acad\u00eamica s\u00f3lida em Ecologia, e tamb\u00e9m em outras \u00e1reas de conhecimento geral, tais como interpreta\u00e7\u00e3o de textos, no\u00e7\u00f5es de l\u00f3gica e filosofia<br>da ci\u00eancia;<\/p>\n<p><strong>5 &#8211;<\/strong> Profici\u00eancia em leitura de textos em ingl\u00eas.<\/p>\n<p><\/p>\n<p><strong>Inscri\u00e7\u00f5es:<\/strong>&nbsp;at\u00e9&nbsp;<span style=\"color: rgb(34, 34, 34); font-family: Arial, Helvetica, sans-serif; font-size: small; font-style: normal; font-variant-ligatures: normal; font-variant-caps: normal; font-weight: 400;\">17\/12\/2021<\/span><\/p>\n<p><\/p>\n<p><strong>Taxa de inscri\u00e7\u00e3o:<\/strong> R$ 50,00 (cinquenta reais)<\/p>\n<p><strong>Mais informa\u00e7\u00f5es pe<\/strong><strong>lo link: <\/strong><a href=\"https:\/\/ppgeco.propesp.ufpa.br\/index.php\/br\/\">https:\/\/ppgeco.propesp.ufpa.br\/index.php\/br\/ppgqm3@ufpa.br<\/a><\/p>\t\t\t\t\t\t\t\t<\/div>\n\t\t\t\t<\/div>\n\t\t\t\t\t<\/div>\n\t\t<\/div>\n\t\t\t\t<div class=\"elementor-column elementor-col-50 elementor-inner-column elementor-element elementor-element-1a284bc5\" data-id=\"1a284bc5\" data-element_type=\"column\">\n\t\t\t<div class=\"elementor-widget-wrap elementor-element-populated\">\n\t\t\t\t\t\t<div class=\"elementor-element elementor-element-6445c0f3 elementor-widget elementor-widget-text-editor\" data-id=\"6445c0f3\" data-element_type=\"widget\" data-widget_type=\"text-editor.default\">\n\t\t\t\t<div class=\"elementor-widget-container\">\n\t\t\t\t\t\t\t\t\t<p style=\"text-align: center;\"><span style=\"color: #ffffff;\"><b>Avisos<\/b><\/span><\/p>\t\t\t\t\t\t\t\t<\/div>\n\t\t\t\t<\/div>\n\t\t\t\t<div class=\"elementor-element elementor-element-433fb7f0 elementor-widget elementor-widget-text-editor\" data-id=\"433fb7f0\" data-element_type=\"widget\" data-widget_type=\"text-editor.default\">\n\t\t\t\t<div class=\"elementor-widget-container\">\n\t\t\t\t\t\t\t\t\t<p style=\"text-align: center;\"><span style=\"color: #ffffff;\"><strong>Editais<\/strong><\/span><\/p>\t\t\t\t\t\t\t\t<\/div>\n\t\t\t\t<\/div>\n\t\t\t\t<div class=\"elementor-element elementor-element-61ab10cc elementor-widget elementor-widget-text-editor\" data-id=\"61ab10cc\" data-element_type=\"widget\" data-widget_type=\"text-editor.default\">\n\t\t\t\t<div class=\"elementor-widget-container\">\n\t\t\t\t\t\t\t\t\t<span style=\"color: #000000;\">Edital 1 <a href=\"..\/wp-content\/uploads\/2021\/11\/Edital_Selecao_Mestrado_2022_PPGECO_Projeto_1062_233.pdf\"><strong>(Clique Aqui)<\/strong><\/a><\/span>\n\nEdital 1 retificado <strong><a href=\"..\/wp-content\/uploads\/2021\/11\/Edital_Selecao_Mestrado_2022_PPGECO-retificado.pdf\">(Clique Aqui)<\/a><\/strong>\t\t\t\t\t\t\t\t<\/div>\n\t\t\t\t<\/div>\n\t\t\t\t\t<\/div>\n\t\t<\/div>\n\t\t\t\t\t<\/div>\n\t\t<\/section>\n\t\t\t\t\t<\/div>\n\t\t<\/div>\n\t\t\t\t\t<\/div>\n\t\t<\/section>\n\t\t\t\t<\/div>\n\t\t","protected":false},"excerpt":{"rendered":"<p>Processo de Sele\u00e7\u00e3o Para o Curso de Mestrado em Ecologia &#8211; PPGECO &#8211; UFPA \/ 2021-2022 O Programa de P\u00f3s-gradua\u00e7\u00e3o em Ecologia (PPGECO) da Universidade Federal do Par\u00e1 (UFPA), abre as inscri\u00e7\u00f5es para o exame de sele\u00e7\u00e3o ao curso de Mestrado para o ano de 2022. Este edital segue as diretrizes do regimento do PPGECO [&hellip;]<\/p>\n","protected":false},"author":9,"featured_media":0,"parent":0,"menu_order":0,"comment_status":"closed","ping_status":"closed","template":"","meta":{"_monsterinsights_skip_tracking":false,"_monsterinsights_sitenote_active":false,"_monsterinsights_sitenote_note":"","_monsterinsights_sitenote_category":0,"footnotes":""},"class_list":["post-22197","page","type-page","status-publish","hentry","entry"],"yoast_head":"<!-- This site is optimized with the Yoast SEO plugin v25.1 - https:\/\/yoast.com\/wordpress\/plugins\/seo\/ -->\n<title>Mestrado em Ecologia - PPGECO - UFPA \/ 2021-2022 - FADESP<\/title>\n<meta name=\"robots\" content=\"index, follow, max-snippet:-1, max-image-preview:large, max-video-preview:-1\" \/>\n<link rel=\"canonical\" href=\"https:\/\/portalfadesp.org.br\/?page_id=22197\" \/>\n<meta property=\"og:locale\" content=\"pt_BR\" \/>\n<meta property=\"og:type\" content=\"article\" \/>\n<meta property=\"og:title\" content=\"Mestrado em Ecologia - PPGECO - UFPA \/ 2021-2022 - FADESP\" \/>\n<meta property=\"og:description\" content=\"Processo de Sele\u00e7\u00e3o Para o Curso de Mestrado em Ecologia &#8211; PPGECO &#8211; UFPA \/ 2021-2022 O Programa de P\u00f3s-gradua\u00e7\u00e3o em Ecologia (PPGECO) da Universidade Federal do Par\u00e1 (UFPA), abre as inscri\u00e7\u00f5es para o exame de sele\u00e7\u00e3o ao curso de Mestrado para o ano de 2022. Este edital segue as diretrizes do regimento do PPGECO [&hellip;]\" \/>\n<meta property=\"og:url\" content=\"https:\/\/portalfadesp.org.br\/?page_id=22197\" \/>\n<meta property=\"og:site_name\" content=\"FADESP\" \/>\n<meta property=\"article:publisher\" content=\"https:\/\/www.facebook.com\/Fadesp-138351949524662\/\" \/>\n<meta property=\"article:modified_time\" content=\"2022-12-21T16:31:43+00:00\" \/>\n<meta name=\"twitter:card\" content=\"summary_large_image\" \/>\n<meta name=\"twitter:site\" content=\"@Fadesp\" \/>\n<meta name=\"twitter:label1\" content=\"Est. tempo de leitura\" \/>\n\t<meta name=\"twitter:data1\" content=\"1 minuto\" \/>\n<script type=\"application\/ld+json\" class=\"yoast-schema-graph\">{\"@context\":\"https:\/\/schema.org\",\"@graph\":[{\"@type\":\"WebPage\",\"@id\":\"https:\/\/portalfadesp.org.br\/?page_id=22197\",\"url\":\"https:\/\/portalfadesp.org.br\/?page_id=22197\",\"name\":\"Mestrado em Ecologia - PPGECO - UFPA \/ 2021-2022 - FADESP\",\"isPartOf\":{\"@id\":\"https:\/\/portalfadesp.org.br\/#website\"},\"datePublished\":\"2021-11-18T17:45:34+00:00\",\"dateModified\":\"2022-12-21T16:31:43+00:00\",\"breadcrumb\":{\"@id\":\"https:\/\/portalfadesp.org.br\/?page_id=22197#breadcrumb\"},\"inLanguage\":\"pt-BR\",\"potentialAction\":[{\"@type\":\"ReadAction\",\"target\":[\"https:\/\/portalfadesp.org.br\/?page_id=22197\"]}]},{\"@type\":\"BreadcrumbList\",\"@id\":\"https:\/\/portalfadesp.org.br\/?page_id=22197#breadcrumb\",\"itemListElement\":[{\"@type\":\"ListItem\",\"position\":1,\"name\":\"In\u00edcio\",\"item\":\"https:\/\/portalfadesp.org.br\/\"},{\"@type\":\"ListItem\",\"position\":2,\"name\":\"Mestrado em Ecologia &#8211; PPGECO &#8211; UFPA \/ 2021-2022\"}]},{\"@type\":\"WebSite\",\"@id\":\"https:\/\/portalfadesp.org.br\/#website\",\"url\":\"https:\/\/portalfadesp.org.br\/\",\"name\":\"FADESP\",\"description\":\"Funda\u00e7\u00e3o de Amparo e Desenvolvimento da Pesquisa\",\"publisher\":{\"@id\":\"https:\/\/portalfadesp.org.br\/#organization\"},\"potentialAction\":[{\"@type\":\"SearchAction\",\"target\":{\"@type\":\"EntryPoint\",\"urlTemplate\":\"https:\/\/portalfadesp.org.br\/?s={search_term_string}\"},\"query-input\":{\"@type\":\"PropertyValueSpecification\",\"valueRequired\":true,\"valueName\":\"search_term_string\"}}],\"inLanguage\":\"pt-BR\"},{\"@type\":\"Organization\",\"@id\":\"https:\/\/portalfadesp.org.br\/#organization\",\"name\":\"FADESP\",\"url\":\"https:\/\/portalfadesp.org.br\/\",\"logo\":{\"@type\":\"ImageObject\",\"inLanguage\":\"pt-BR\",\"@id\":\"https:\/\/portalfadesp.org.br\/#\/schema\/logo\/image\/\",\"url\":\"https:\/\/portalfadesp.org.br\/wp-content\/uploads\/2024\/01\/NOVOLOGOFADESPlaranjaH.png\",\"contentUrl\":\"https:\/\/portalfadesp.org.br\/wp-content\/uploads\/2024\/01\/NOVOLOGOFADESPlaranjaH.png\",\"width\":2742,\"height\":839,\"caption\":\"FADESP\"},\"image\":{\"@id\":\"https:\/\/portalfadesp.org.br\/#\/schema\/logo\/image\/\"},\"sameAs\":[\"https:\/\/www.facebook.com\/Fadesp-138351949524662\/\",\"https:\/\/x.com\/Fadesp\",\"https:\/\/www.instagram.com\/fadesp_ufpa\/\",\"https:\/\/www.youtube.com\/@fundacaodeamparoedesenvolv1903\",\"https:\/\/www.threads.net\/@fadesp_ufpa\"]}]}<\/script>\n<!-- \/ Yoast SEO plugin. -->","yoast_head_json":{"title":"Mestrado em Ecologia - PPGECO - UFPA \/ 2021-2022 - FADESP","robots":{"index":"index","follow":"follow","max-snippet":"max-snippet:-1","max-image-preview":"max-image-preview:large","max-video-preview":"max-video-preview:-1"},"canonical":"https:\/\/portalfadesp.org.br\/?page_id=22197","og_locale":"pt_BR","og_type":"article","og_title":"Mestrado em Ecologia - PPGECO - UFPA \/ 2021-2022 - FADESP","og_description":"Processo de Sele\u00e7\u00e3o Para o Curso de Mestrado em Ecologia &#8211; PPGECO &#8211; UFPA \/ 2021-2022 O Programa de P\u00f3s-gradua\u00e7\u00e3o em Ecologia (PPGECO) da Universidade Federal do Par\u00e1 (UFPA), abre as inscri\u00e7\u00f5es para o exame de sele\u00e7\u00e3o ao curso de Mestrado para o ano de 2022. Este edital segue as diretrizes do regimento do PPGECO [&hellip;]","og_url":"https:\/\/portalfadesp.org.br\/?page_id=22197","og_site_name":"FADESP","article_publisher":"https:\/\/www.facebook.com\/Fadesp-138351949524662\/","article_modified_time":"2022-12-21T16:31:43+00:00","twitter_card":"summary_large_image","twitter_site":"@Fadesp","twitter_misc":{"Est. tempo de leitura":"1 minuto"},"schema":{"@context":"https:\/\/schema.org","@graph":[{"@type":"WebPage","@id":"https:\/\/portalfadesp.org.br\/?page_id=22197","url":"https:\/\/portalfadesp.org.br\/?page_id=22197","name":"Mestrado em Ecologia - PPGECO - UFPA \/ 2021-2022 - FADESP","isPartOf":{"@id":"https:\/\/portalfadesp.org.br\/#website"},"datePublished":"2021-11-18T17:45:34+00:00","dateModified":"2022-12-21T16:31:43+00:00","breadcrumb":{"@id":"https:\/\/portalfadesp.org.br\/?page_id=22197#breadcrumb"},"inLanguage":"pt-BR","potentialAction":[{"@type":"ReadAction","target":["https:\/\/portalfadesp.org.br\/?page_id=22197"]}]},{"@type":"BreadcrumbList","@id":"https:\/\/portalfadesp.org.br\/?page_id=22197#breadcrumb","itemListElement":[{"@type":"ListItem","position":1,"name":"In\u00edcio","item":"https:\/\/portalfadesp.org.br\/"},{"@type":"ListItem","position":2,"name":"Mestrado em Ecologia &#8211; PPGECO &#8211; UFPA \/ 2021-2022"}]},{"@type":"WebSite","@id":"https:\/\/portalfadesp.org.br\/#website","url":"https:\/\/portalfadesp.org.br\/","name":"FADESP","description":"Funda\u00e7\u00e3o de Amparo e Desenvolvimento da Pesquisa","publisher":{"@id":"https:\/\/portalfadesp.org.br\/#organization"},"potentialAction":[{"@type":"SearchAction","target":{"@type":"EntryPoint","urlTemplate":"https:\/\/portalfadesp.org.br\/?s={search_term_string}"},"query-input":{"@type":"PropertyValueSpecification","valueRequired":true,"valueName":"search_term_string"}}],"inLanguage":"pt-BR"},{"@type":"Organization","@id":"https:\/\/portalfadesp.org.br\/#organization","name":"FADESP","url":"https:\/\/portalfadesp.org.br\/","logo":{"@type":"ImageObject","inLanguage":"pt-BR","@id":"https:\/\/portalfadesp.org.br\/#\/schema\/logo\/image\/","url":"https:\/\/portalfadesp.org.br\/wp-content\/uploads\/2024\/01\/NOVOLOGOFADESPlaranjaH.png","contentUrl":"https:\/\/portalfadesp.org.br\/wp-content\/uploads\/2024\/01\/NOVOLOGOFADESPlaranjaH.png","width":2742,"height":839,"caption":"FADESP"},"image":{"@id":"https:\/\/portalfadesp.org.br\/#\/schema\/logo\/image\/"},"sameAs":["https:\/\/www.facebook.com\/Fadesp-138351949524662\/","https:\/\/x.com\/Fadesp","https:\/\/www.instagram.com\/fadesp_ufpa\/","https:\/\/www.youtube.com\/@fundacaodeamparoedesenvolv1903","https:\/\/www.threads.net\/@fadesp_ufpa"]}]}},"_links":{"self":[{"href":"https:\/\/portalfadesp.org.br\/index.php?rest_route=\/wp\/v2\/pages\/22197","targetHints":{"allow":["GET"]}}],"collection":[{"href":"https:\/\/portalfadesp.org.br\/index.php?rest_route=\/wp\/v2\/pages"}],"about":[{"href":"https:\/\/portalfadesp.org.br\/index.php?rest_route=\/wp\/v2\/types\/page"}],"author":[{"embeddable":true,"href":"https:\/\/portalfadesp.org.br\/index.php?rest_route=\/wp\/v2\/users\/9"}],"replies":[{"embeddable":true,"href":"https:\/\/portalfadesp.org.br\/index.php?rest_route=%2Fwp%2Fv2%2Fcomments&post=22197"}],"version-history":[{"count":27,"href":"https:\/\/portalfadesp.org.br\/index.php?rest_route=\/wp\/v2\/pages\/22197\/revisions"}],"predecessor-version":[{"id":38475,"href":"https:\/\/portalfadesp.org.br\/index.php?rest_route=\/wp\/v2\/pages\/22197\/revisions\/38475"}],"wp:attachment":[{"href":"https:\/\/portalfadesp.org.br\/index.php?rest_route=%2Fwp%2Fv2%2Fmedia&parent=22197"}],"curies":[{"name":"wp","href":"https:\/\/api.w.org\/{rel}","templated":true}]}}