{"id":2178,"date":"2019-06-26T10:05:15","date_gmt":"2019-06-26T13:05:15","guid":{"rendered":"https:\/\/162.215.13.167?page_id=2178"},"modified":"2022-12-20T11:21:08","modified_gmt":"2022-12-20T14:21:08","slug":"comdica-ananindeua-2019","status":"publish","type":"page","link":"https:\/\/portalfadesp.org.br\/?page_id=2178","title":{"rendered":"COMDICA Ananindeua &#8211; 2019"},"content":{"rendered":"\t\t<div data-elementor-type=\"wp-post\" data-elementor-id=\"2178\" class=\"elementor elementor-2178\" data-elementor-post-type=\"page\">\n\t\t\t\t\t\t<section class=\"elementor-section elementor-top-section elementor-element elementor-element-25852ada elementor-section-boxed elementor-section-height-default elementor-section-height-default\" data-id=\"25852ada\" data-element_type=\"section\">\n\t\t\t\t\t\t<div class=\"elementor-container elementor-column-gap-default\">\n\t\t\t\t\t<div class=\"elementor-column elementor-col-100 elementor-top-column elementor-element elementor-element-bc47533\" data-id=\"bc47533\" data-element_type=\"column\">\n\t\t\t<div class=\"elementor-widget-wrap elementor-element-populated\">\n\t\t\t\t\t\t<div class=\"elementor-element elementor-element-6c6619b2 elementor-widget elementor-widget-heading\" data-id=\"6c6619b2\" data-element_type=\"widget\" data-widget_type=\"heading.default\">\n\t\t\t\t<div class=\"elementor-widget-container\">\n\t\t\t\t\t<h1 class=\"elementor-heading-title elementor-size-default\">COMDICA Ananindeua - 2019<\/h1>\t\t\t\t<\/div>\n\t\t\t\t<\/div>\n\t\t\t\t<section class=\"elementor-section elementor-inner-section elementor-element elementor-element-5539ecb0 elementor-section-boxed elementor-section-height-default elementor-section-height-default\" data-id=\"5539ecb0\" data-element_type=\"section\">\n\t\t\t\t\t\t<div class=\"elementor-container elementor-column-gap-default\">\n\t\t\t\t\t<div class=\"elementor-column elementor-col-50 elementor-inner-column elementor-element elementor-element-b2cfa98\" data-id=\"b2cfa98\" data-element_type=\"column\">\n\t\t\t<div class=\"elementor-widget-wrap elementor-element-populated\">\n\t\t\t\t\t\t<div class=\"elementor-element elementor-element-47e12c57 elementor-widget elementor-widget-text-editor\" data-id=\"47e12c57\" data-element_type=\"widget\" data-widget_type=\"text-editor.default\">\n\t\t\t\t<div class=\"elementor-widget-container\">\n\t\t\t\t\t\t\t\t\t<p>O Conselho Municipal dos Direitos da Crian\u00e7a e do Adolescente (COMDICA) realiza processo de sele\u00e7\u00e3o de candidatos a conselheiros tutelares para o quadri\u00eanio 2020\/2023.\u00a0<\/p><p><strong>Vagas &#8211;\u00a0<\/strong>20.<\/p><p><strong>Cargos &#8211;\u00a0<\/strong>Conselheiro Tutelar de Ananindeua.<\/p><p><strong>Inscri\u00e7\u00f5es &#8211;\u00a0<\/strong>encerradas em 10\/05\/2019.<\/p><p><strong>Datas importantes<\/strong>:<\/p><p><strong>Provas objetivas:<\/strong>\u00a007\/07\/2019, das 8h \u00e0s 12h, na escola Doutor Benendito Maia, localizada no conjunto Abelardo Conduru, Quadra 15, s\/n, em Ananindeua.<\/p><p><strong>Avalia\u00e7\u00e3o psicol\u00f3gica:\u00a0<\/strong>02\/08\/2019.<\/p><p><strong>Realiza\u00e7\u00e3o da elei\u00e7\u00e3o:<\/strong>\u00a006\/10\/2019.\u00a0<\/p>\t\t\t\t\t\t\t\t<\/div>\n\t\t\t\t<\/div>\n\t\t\t\t\t<\/div>\n\t\t<\/div>\n\t\t\t\t<div class=\"elementor-column elementor-col-50 elementor-inner-column elementor-element elementor-element-7493cbf9\" data-id=\"7493cbf9\" data-element_type=\"column\">\n\t\t\t<div class=\"elementor-widget-wrap elementor-element-populated\">\n\t\t\t\t\t\t<div class=\"elementor-element elementor-element-9b3dbd7 elementor-widget elementor-widget-text-editor\" data-id=\"9b3dbd7\" data-element_type=\"widget\" data-widget_type=\"text-editor.default\">\n\t\t\t\t<div class=\"elementor-widget-container\">\n\t\t\t\t\t\t\t\t\t<p style=\"text-align: center;\"><strong>Avisos<\/strong><\/p>\t\t\t\t\t\t\t\t<\/div>\n\t\t\t\t<\/div>\n\t\t\t\t<div class=\"elementor-element elementor-element-76b68a0 elementor-widget elementor-widget-text-editor\" data-id=\"76b68a0\" data-element_type=\"widget\" data-widget_type=\"text-editor.default\">\n\t\t\t\t<div class=\"elementor-widget-container\">\n\t\t\t\t\t\t\t\t\t<p style=\"text-align: center;\"><a href=\"http:\/\/concursos.fadesp.org.br\/ct2019\/web\/index_recurso.php\"><strong>Recursos Resultado Preliminar Avalia\u00e7\u00e3o Psicol\u00f3gica<\/strong><\/a><\/p>\t\t\t\t\t\t\t\t<\/div>\n\t\t\t\t<\/div>\n\t\t\t\t<div class=\"elementor-element elementor-element-15bde4b elementor-widget elementor-widget-text-editor\" data-id=\"15bde4b\" data-element_type=\"widget\" data-widget_type=\"text-editor.default\">\n\t\t\t\t<div class=\"elementor-widget-container\">\n\t\t\t\t\t\t\t\t\t<p style=\"text-align: center;\"><span style=\"color: #ffffff;\"><strong>Editais<\/strong><\/span><\/p>\t\t\t\t\t\t\t\t<\/div>\n\t\t\t\t<\/div>\n\t\t\t\t<div class=\"elementor-element elementor-element-22c7e451 elementor-widget elementor-widget-text-editor\" data-id=\"22c7e451\" data-element_type=\"widget\" data-widget_type=\"text-editor.default\">\n\t\t\t\t<div class=\"elementor-widget-container\">\n\t\t\t\t\t\t\t\t\t<p style=\"text-align: center;\"><span style=\"color: #000000;\"><strong><a style=\"color: #000000;\" href=\"http:\/\/concursos.fadesp.org.br\/ct2019\/arquivos\/Convoca%C3%A7%C3%A3o%20Curso%20de%20Forma%C3%A7%C3%A3o.pdf\">Convoca\u00e7\u00e3o Curso de Forma\u00e7\u00e3o<\/a><\/strong><\/span><\/p><p style=\"text-align: center;\"><span style=\"color: #000000;\"><strong><a style=\"color: #000000;\" href=\"..\/wp-content\/uploads\/2019\/08\/Resultado-Final-Candidatos-Aptos-ao-Processo-de-Eleitoral.pdf\" target=\"_blank\" rel=\"noopener\">Resultado Final &#8211; Candidatos Aptos ao Processo de Eleitoral<\/a><\/strong><\/span><\/p><p style=\"text-align: center;\"><span style=\"color: #000000;\"><strong><a style=\"color: #000000;\" href=\"..\/wp-content\/uploads\/2019\/08\/Resultado-Definitivo-da-Etapa-de-Avalia\u00e7\u00e3o-Psicol\u00f3gica.pdf\" target=\"_blank\" rel=\"noopener\">Resultado Definitivo da Etapa de Avalia\u00e7\u00e3o Psicol\u00f3gica<\/a><\/strong><\/span><\/p><p style=\"text-align: center;\"><span style=\"color: #000000;\"><strong><a style=\"color: #000000;\" href=\"http:\/\/concursos.fadesp.org.br\/ct2019\/arquivos\/Resultado%20Preliminar%20da%20Etapa%20de%20Avalia%C3%A7%C3%A3o%20Psic%C3%B3logica.pdf\">Resultado Preliminar da Etapa de Avalia\u00e7\u00e3o Psic\u00f3logica<\/a><\/strong><\/span><\/p><p style=\"text-align: center;\"><span style=\"color: #000000;\"><strong><a style=\"color: #000000;\" href=\"http:\/\/concursos.fadesp.org.br\/ct2019\/arquivos\/Convoca\u00e7\u00e3o a Avalia\u00e7\u00e3o Psicol\u00f3gica.pdf\">Convoca\u00e7\u00e3o \u00e0 Avalia\u00e7\u00e3o Psicol\u00f3gica<\/a><\/strong><\/span><\/p><p style=\"text-align: center;\"><span style=\"color: #000000;\"><strong><a style=\"color: #000000;\" href=\"http:\/\/concursos.fadesp.org.br\/ct2019\/arquivos\/Resultado Definitivo das Provas Objetivas-Reda\u00e7\u00e3o.pdf\">Resultado Definitivo das Provas Objetivas-Reda\u00e7\u00e3o<\/a><\/strong><\/span><\/p><p style=\"text-align: center;\"><span style=\"color: #000000;\"><strong><a style=\"color: #000000;\" href=\"http:\/\/concursos.fadesp.org.br\/ct2019\/arquivos\/Resultado%20Preliminar%20das%20Provas%20Objetivas-Reda%C3%A7%C3%A3o.pdf\">Resultado Preliminar das Provas Objetivas-Reda\u00e7\u00e3o<\/a><\/strong><\/span><\/p><p style=\"text-align: center;\"><span style=\"color: #000000;\"><strong><a style=\"color: #000000;\" href=\"http:\/\/concursos.fadesp.org.br\/ct2019\/arquivos\/Gabarito%20Oficial%20Definitivo.pdf\">Gabarito Oficial Definitivo<\/a><\/strong><\/span><\/p><p style=\"text-align: center;\"><span style=\"color: #000000;\"><strong><a style=\"font-size: 14px; background-color: #ffffff; color: #000000;\" href=\"http:\/\/concursos.fadesp.org.br\/ct2019\/arquivos\/GRADE%20DE%20CORRE%C3%87%C3%83O.pdf\">GRADE DE CORRE\u00c7\u00c3O<\/a><\/strong><\/span><\/p><p style=\"text-align: center;\"><span style=\"color: #000000;\"><strong><a style=\"color: #000000;\" href=\"http:\/\/concursos.fadesp.org.br\/ct2019\/arquivos\/GABARITO%20OFICIAL%20PRELIMINAR.pdf\">GABARITO OFICIAL PREMILINAR<\/a><\/strong><\/span><\/p><p style=\"text-align: center;\"><span style=\"color: #000000;\"><strong><a style=\"color: #000000;\" href=\"http:\/\/concursos.fadesp.org.br\/ct2019\/arquivos\/PROVA%20CONSELHEIRO%20TUTELAR.pdf\">PROVA CONSELHEIRO TUTELAR<\/a><\/strong><\/span><\/p><p style=\"text-align: center;\"><span style=\"color: #000000;\"><strong><a style=\"color: #000000;\" href=\"..\/wp-content\/uploads\/2019\/07\/Divulga\u00e7\u00e3o-da-Data-e-Local-das-Provas-Objetivas-e-de-Reda\u00e7\u00e3o-Retificada.pdf\" target=\"_blank\" rel=\"noopener\">Divulga\u00e7\u00e3o da Data e Local das Provas Objetivas e de Reda\u00e7\u00e3o- Retificada<\/a><\/strong><\/span><\/p><p style=\"text-align: center;\"><span style=\"color: #000000;\"><strong><a style=\"color: #000000;\" href=\"..\/midias\/anexos\/583_proposta_de_cronograma.pdf\">Cronograma\u00a0<\/a><\/strong><\/span><\/p><p style=\"text-align: center;\"><span style=\"color: #000000;\"><strong><a style=\"color: #000000;\" href=\"..\/midias\/anexos\/583_resolucao_n_13_de_31_de_maio_de_2019.pdf\">RESOLU\u00c7\u00c3O N\u00ba 13 DE 31 DE MAIO DE 2019<\/a><\/strong><\/span><\/p><p style=\"text-align: center;\"><span style=\"color: #000000;\"><strong><a style=\"color: #000000;\" href=\"..\/midias\/anexos\/583_resolucao_n_012_de_31_de_maio_de_2019__alteracao_do_cronograma_2.pdf\">Nota Informatica n\u00ba 001\/2019\/COMDICA\/Comiss\u00e3o Eleitoral<\/a><\/strong><\/span><\/p><p style=\"text-align: center;\"><span style=\"color: #000000;\"><strong><a style=\"color: #000000;\" href=\"..\/midias\/anexos\/583_resolucao_n_012_de_31_de_maio_de_2019__alteracao_do_cronograma_1.pdf\">RESOLU\u00c7\u00c3O N\u00ba 012 DE 31 DE MAIO DE 2019 _Altera\u00e7\u00e3o do Cronograma<\/a><\/strong><\/span><\/p><p style=\"text-align: center;\"><span style=\"color: #000000;\"><strong><a style=\"color: #000000;\" href=\"..\/midias\/anexos\/583_resolucao_n_10_de_31_de_maio_de_2019.pdf\">RESOLU\u00c7\u00c3O N\u00ba 10 DE 31 DE MAIO DE 2019<\/a><\/strong><\/span><\/p><p style=\"text-align: center;\"><span style=\"color: #000000;\"><strong><a style=\"color: #000000;\" href=\"..\/midias\/anexos\/583_resolucao_n_09_de_13_de_maio_de_2019.pdf\">RESOLU\u00c7\u00c3O N\u00ba 09 de 13 de maio de 2019<\/a><\/strong><\/span><\/p><p style=\"text-align: center;\"><span style=\"color: #000000;\"><strong><a style=\"color: #000000;\" href=\"..\/midias\/anexos\/583_resolucao_n_07_de_05_de_abril_de_2019.pdf\">RESOLU\u00c7\u00c3O N\u00ba 07 de 05 de abril de 2019<\/a><\/strong><\/span><\/p><p style=\"text-align: center;\"><span style=\"color: #000000;\"><strong><a style=\"color: #000000;\" href=\"..\/midias\/anexos\/583_lista_de_candidatos_aptos.pdf\">Lista de Candidatos Aptos<\/a><\/strong><\/span><\/p><p style=\"text-align: center;\"><span style=\"color: #000000;\"><strong><a style=\"color: #000000;\" href=\"..\/midias\/anexos\/583_errata_2_resolucao_n_010.pdf\">Errata 2 RESOLU\u00c7\u00c3O N\u00ba 010<\/a><\/strong><\/span><\/p><p style=\"text-align: center;\"><span style=\"color: #000000;\"><strong><a style=\"color: #000000;\" href=\"..\/midias\/anexos\/583_errata_1.pdf\">ERRATA 1.<\/a><\/strong><\/span><\/p><p style=\"text-align: center;\"><span style=\"color: #000000;\"><strong><a style=\"color: #000000;\" href=\"..\/midias\/anexos\/583_errata_1_resolucao_n_010.pdf\">Errata 1 RESOLU\u00c7\u00c3O N\u00ba 010.<\/a><\/strong><\/span><\/p><p style=\"text-align: center;\"><span style=\"color: #000000;\"><strong><a style=\"color: #000000;\" href=\"..\/midias\/anexos\/583_diario_oficial_de_03_de_junho_2019.pdf\">Diario Oficial de 03 de junho 2019<\/a><\/strong><\/span><\/p><p style=\"text-align: center;\"><span style=\"color: #000000;\"><strong><a style=\"color: #000000;\" href=\"..\/midias\/anexos\/583_diario_oficial_de_13_de_maio_2019.pdf\">Diario Oficial de 13 de maio 2019<\/a><\/strong><\/span><\/p><p style=\"text-align: center;\"><span style=\"color: #000000;\"><strong><a style=\"color: #000000;\" href=\"..\/midias\/anexos\/583_diario_oficial_de_08_de_maio_2019.pdf\">Diario Oficial de 08 de maio 2019<\/a><\/strong><\/span><\/p><p style=\"text-align: center;\"><span style=\"color: #000000;\"><strong><a style=\"color: #000000;\" href=\"..\/midias\/anexos\/583_diario_oficial_de_10_de_abril_2019.pdf\">Diario Oficial de 10 de abril 2019\u00a0<\/a><\/strong><\/span><\/p><p style=\"text-align: center;\"><span style=\"color: #000000;\"><strong><a style=\"color: #000000;\" href=\"..\/midias\/anexos\/583_edital_01.pdf\">Edital 01<\/a><\/strong><\/span><\/p><p style=\"text-align: center;\"><span style=\"color: #000000;\"><strong>\u00a0Informa\u00e7\u00f5es no setor de Concursos<\/strong><\/span><\/p><p style=\"text-align: center;\"><span style=\"color: #000000;\"><strong>das 8h \u00e0s 17h<\/strong><\/span><br \/><span style=\"color: #000000;\"><strong>(91) 4005-7446 \/ 7433 concursos@fadesp.org.br\u00a0<\/strong><\/span><\/p>\t\t\t\t\t\t\t\t<\/div>\n\t\t\t\t<\/div>\n\t\t\t\t\t<\/div>\n\t\t<\/div>\n\t\t\t\t\t<\/div>\n\t\t<\/section>\n\t\t\t\t\t<\/div>\n\t\t<\/div>\n\t\t\t\t\t<\/div>\n\t\t<\/section>\n\t\t\t\t<\/div>\n\t\t","protected":false},"excerpt":{"rendered":"<p>COMDICA Ananindeua &#8211; 2019 O Conselho Municipal dos Direitos da Crian\u00e7a e do Adolescente (COMDICA) realiza processo de sele\u00e7\u00e3o de candidatos a conselheiros tutelares para o quadri\u00eanio 2020\/2023.\u00a0 Vagas &#8211;\u00a020. Cargos &#8211;\u00a0Conselheiro Tutelar de Ananindeua. Inscri\u00e7\u00f5es &#8211;\u00a0encerradas em 10\/05\/2019. Datas importantes: Provas objetivas:\u00a007\/07\/2019, das 8h \u00e0s 12h, na escola Doutor Benendito Maia, localizada no conjunto [&hellip;]<\/p>\n","protected":false},"author":11,"featured_media":0,"parent":329,"menu_order":50,"comment_status":"closed","ping_status":"closed","template":"","meta":{"_monsterinsights_skip_tracking":false,"_monsterinsights_sitenote_active":false,"_monsterinsights_sitenote_note":"","_monsterinsights_sitenote_category":0,"footnotes":""},"class_list":["post-2178","page","type-page","status-publish","hentry","entry"],"yoast_head":"<!-- This site is optimized with the Yoast SEO plugin v25.1 - https:\/\/yoast.com\/wordpress\/plugins\/seo\/ -->\n<title>COMDICA Ananindeua - 2019 - FADESP<\/title>\n<meta name=\"robots\" content=\"index, follow, max-snippet:-1, max-image-preview:large, max-video-preview:-1\" \/>\n<link rel=\"canonical\" href=\"https:\/\/portalfadesp.org.br\/?page_id=2178\" \/>\n<meta property=\"og:locale\" content=\"pt_BR\" \/>\n<meta property=\"og:type\" content=\"article\" \/>\n<meta property=\"og:title\" content=\"COMDICA Ananindeua - 2019 - FADESP\" \/>\n<meta property=\"og:description\" content=\"COMDICA Ananindeua &#8211; 2019 O Conselho Municipal dos Direitos da Crian\u00e7a e do Adolescente (COMDICA) realiza processo de sele\u00e7\u00e3o de candidatos a conselheiros tutelares para o quadri\u00eanio 2020\/2023.\u00a0 Vagas &#8211;\u00a020. Cargos &#8211;\u00a0Conselheiro Tutelar de Ananindeua. Inscri\u00e7\u00f5es &#8211;\u00a0encerradas em 10\/05\/2019. Datas importantes: Provas objetivas:\u00a007\/07\/2019, das 8h \u00e0s 12h, na escola Doutor Benendito Maia, localizada no conjunto [&hellip;]\" \/>\n<meta property=\"og:url\" content=\"https:\/\/portalfadesp.org.br\/?page_id=2178\" \/>\n<meta property=\"og:site_name\" content=\"FADESP\" \/>\n<meta property=\"article:publisher\" content=\"https:\/\/www.facebook.com\/Fadesp-138351949524662\/\" \/>\n<meta property=\"article:modified_time\" content=\"2022-12-20T14:21:08+00:00\" \/>\n<meta name=\"twitter:card\" content=\"summary_large_image\" \/>\n<meta name=\"twitter:site\" content=\"@Fadesp\" \/>\n<meta name=\"twitter:label1\" content=\"Est. tempo de leitura\" \/>\n\t<meta name=\"twitter:data1\" content=\"1 minuto\" \/>\n<script type=\"application\/ld+json\" class=\"yoast-schema-graph\">{\"@context\":\"https:\/\/schema.org\",\"@graph\":[{\"@type\":\"WebPage\",\"@id\":\"https:\/\/portalfadesp.org.br\/?page_id=2178\",\"url\":\"https:\/\/portalfadesp.org.br\/?page_id=2178\",\"name\":\"COMDICA Ananindeua - 2019 - FADESP\",\"isPartOf\":{\"@id\":\"https:\/\/portalfadesp.org.br\/#website\"},\"datePublished\":\"2019-06-26T13:05:15+00:00\",\"dateModified\":\"2022-12-20T14:21:08+00:00\",\"breadcrumb\":{\"@id\":\"https:\/\/portalfadesp.org.br\/?page_id=2178#breadcrumb\"},\"inLanguage\":\"pt-BR\",\"potentialAction\":[{\"@type\":\"ReadAction\",\"target\":[\"https:\/\/portalfadesp.org.br\/?page_id=2178\"]}]},{\"@type\":\"BreadcrumbList\",\"@id\":\"https:\/\/portalfadesp.org.br\/?page_id=2178#breadcrumb\",\"itemListElement\":[{\"@type\":\"ListItem\",\"position\":1,\"name\":\"In\u00edcio\",\"item\":\"https:\/\/portalfadesp.org.br\/\"},{\"@type\":\"ListItem\",\"position\":2,\"name\":\"Concursos &#8211; Homologados\",\"item\":\"https:\/\/portalfadesp.org.br\/?page_id=329\"},{\"@type\":\"ListItem\",\"position\":3,\"name\":\"COMDICA Ananindeua &#8211; 2019\"}]},{\"@type\":\"WebSite\",\"@id\":\"https:\/\/portalfadesp.org.br\/#website\",\"url\":\"https:\/\/portalfadesp.org.br\/\",\"name\":\"FADESP\",\"description\":\"Funda\u00e7\u00e3o de Amparo e Desenvolvimento da Pesquisa\",\"publisher\":{\"@id\":\"https:\/\/portalfadesp.org.br\/#organization\"},\"potentialAction\":[{\"@type\":\"SearchAction\",\"target\":{\"@type\":\"EntryPoint\",\"urlTemplate\":\"https:\/\/portalfadesp.org.br\/?s={search_term_string}\"},\"query-input\":{\"@type\":\"PropertyValueSpecification\",\"valueRequired\":true,\"valueName\":\"search_term_string\"}}],\"inLanguage\":\"pt-BR\"},{\"@type\":\"Organization\",\"@id\":\"https:\/\/portalfadesp.org.br\/#organization\",\"name\":\"FADESP\",\"url\":\"https:\/\/portalfadesp.org.br\/\",\"logo\":{\"@type\":\"ImageObject\",\"inLanguage\":\"pt-BR\",\"@id\":\"https:\/\/portalfadesp.org.br\/#\/schema\/logo\/image\/\",\"url\":\"https:\/\/portalfadesp.org.br\/wp-content\/uploads\/2024\/01\/NOVOLOGOFADESPlaranjaH.png\",\"contentUrl\":\"https:\/\/portalfadesp.org.br\/wp-content\/uploads\/2024\/01\/NOVOLOGOFADESPlaranjaH.png\",\"width\":2742,\"height\":839,\"caption\":\"FADESP\"},\"image\":{\"@id\":\"https:\/\/portalfadesp.org.br\/#\/schema\/logo\/image\/\"},\"sameAs\":[\"https:\/\/www.facebook.com\/Fadesp-138351949524662\/\",\"https:\/\/x.com\/Fadesp\",\"https:\/\/www.instagram.com\/fadesp_ufpa\/\",\"https:\/\/www.youtube.com\/@fundacaodeamparoedesenvolv1903\",\"https:\/\/www.threads.net\/@fadesp_ufpa\"]}]}<\/script>\n<!-- \/ Yoast SEO plugin. -->","yoast_head_json":{"title":"COMDICA Ananindeua - 2019 - FADESP","robots":{"index":"index","follow":"follow","max-snippet":"max-snippet:-1","max-image-preview":"max-image-preview:large","max-video-preview":"max-video-preview:-1"},"canonical":"https:\/\/portalfadesp.org.br\/?page_id=2178","og_locale":"pt_BR","og_type":"article","og_title":"COMDICA Ananindeua - 2019 - FADESP","og_description":"COMDICA Ananindeua &#8211; 2019 O Conselho Municipal dos Direitos da Crian\u00e7a e do Adolescente (COMDICA) realiza processo de sele\u00e7\u00e3o de candidatos a conselheiros tutelares para o quadri\u00eanio 2020\/2023.\u00a0 Vagas &#8211;\u00a020. Cargos &#8211;\u00a0Conselheiro Tutelar de Ananindeua. Inscri\u00e7\u00f5es &#8211;\u00a0encerradas em 10\/05\/2019. Datas importantes: Provas objetivas:\u00a007\/07\/2019, das 8h \u00e0s 12h, na escola Doutor Benendito Maia, localizada no conjunto [&hellip;]","og_url":"https:\/\/portalfadesp.org.br\/?page_id=2178","og_site_name":"FADESP","article_publisher":"https:\/\/www.facebook.com\/Fadesp-138351949524662\/","article_modified_time":"2022-12-20T14:21:08+00:00","twitter_card":"summary_large_image","twitter_site":"@Fadesp","twitter_misc":{"Est. tempo de leitura":"1 minuto"},"schema":{"@context":"https:\/\/schema.org","@graph":[{"@type":"WebPage","@id":"https:\/\/portalfadesp.org.br\/?page_id=2178","url":"https:\/\/portalfadesp.org.br\/?page_id=2178","name":"COMDICA Ananindeua - 2019 - FADESP","isPartOf":{"@id":"https:\/\/portalfadesp.org.br\/#website"},"datePublished":"2019-06-26T13:05:15+00:00","dateModified":"2022-12-20T14:21:08+00:00","breadcrumb":{"@id":"https:\/\/portalfadesp.org.br\/?page_id=2178#breadcrumb"},"inLanguage":"pt-BR","potentialAction":[{"@type":"ReadAction","target":["https:\/\/portalfadesp.org.br\/?page_id=2178"]}]},{"@type":"BreadcrumbList","@id":"https:\/\/portalfadesp.org.br\/?page_id=2178#breadcrumb","itemListElement":[{"@type":"ListItem","position":1,"name":"In\u00edcio","item":"https:\/\/portalfadesp.org.br\/"},{"@type":"ListItem","position":2,"name":"Concursos &#8211; Homologados","item":"https:\/\/portalfadesp.org.br\/?page_id=329"},{"@type":"ListItem","position":3,"name":"COMDICA Ananindeua &#8211; 2019"}]},{"@type":"WebSite","@id":"https:\/\/portalfadesp.org.br\/#website","url":"https:\/\/portalfadesp.org.br\/","name":"FADESP","description":"Funda\u00e7\u00e3o de Amparo e Desenvolvimento da Pesquisa","publisher":{"@id":"https:\/\/portalfadesp.org.br\/#organization"},"potentialAction":[{"@type":"SearchAction","target":{"@type":"EntryPoint","urlTemplate":"https:\/\/portalfadesp.org.br\/?s={search_term_string}"},"query-input":{"@type":"PropertyValueSpecification","valueRequired":true,"valueName":"search_term_string"}}],"inLanguage":"pt-BR"},{"@type":"Organization","@id":"https:\/\/portalfadesp.org.br\/#organization","name":"FADESP","url":"https:\/\/portalfadesp.org.br\/","logo":{"@type":"ImageObject","inLanguage":"pt-BR","@id":"https:\/\/portalfadesp.org.br\/#\/schema\/logo\/image\/","url":"https:\/\/portalfadesp.org.br\/wp-content\/uploads\/2024\/01\/NOVOLOGOFADESPlaranjaH.png","contentUrl":"https:\/\/portalfadesp.org.br\/wp-content\/uploads\/2024\/01\/NOVOLOGOFADESPlaranjaH.png","width":2742,"height":839,"caption":"FADESP"},"image":{"@id":"https:\/\/portalfadesp.org.br\/#\/schema\/logo\/image\/"},"sameAs":["https:\/\/www.facebook.com\/Fadesp-138351949524662\/","https:\/\/x.com\/Fadesp","https:\/\/www.instagram.com\/fadesp_ufpa\/","https:\/\/www.youtube.com\/@fundacaodeamparoedesenvolv1903","https:\/\/www.threads.net\/@fadesp_ufpa"]}]}},"_links":{"self":[{"href":"https:\/\/portalfadesp.org.br\/index.php?rest_route=\/wp\/v2\/pages\/2178","targetHints":{"allow":["GET"]}}],"collection":[{"href":"https:\/\/portalfadesp.org.br\/index.php?rest_route=\/wp\/v2\/pages"}],"about":[{"href":"https:\/\/portalfadesp.org.br\/index.php?rest_route=\/wp\/v2\/types\/page"}],"author":[{"embeddable":true,"href":"https:\/\/portalfadesp.org.br\/index.php?rest_route=\/wp\/v2\/users\/11"}],"replies":[{"embeddable":true,"href":"https:\/\/portalfadesp.org.br\/index.php?rest_route=%2Fwp%2Fv2%2Fcomments&post=2178"}],"version-history":[{"count":53,"href":"https:\/\/portalfadesp.org.br\/index.php?rest_route=\/wp\/v2\/pages\/2178\/revisions"}],"predecessor-version":[{"id":36378,"href":"https:\/\/portalfadesp.org.br\/index.php?rest_route=\/wp\/v2\/pages\/2178\/revisions\/36378"}],"up":[{"embeddable":true,"href":"https:\/\/portalfadesp.org.br\/index.php?rest_route=\/wp\/v2\/pages\/329"}],"wp:attachment":[{"href":"https:\/\/portalfadesp.org.br\/index.php?rest_route=%2Fwp%2Fv2%2Fmedia&parent=2178"}],"curies":[{"name":"wp","href":"https:\/\/api.w.org\/{rel}","templated":true}]}}