{"id":21748,"date":"2021-11-05T22:27:10","date_gmt":"2021-11-06T01:27:10","guid":{"rendered":"https:\/\/162.215.13.167?page_id=21748"},"modified":"2022-12-21T13:31:35","modified_gmt":"2022-12-21T16:31:35","slug":"processo-seletivo-2021-prosel-esp-unifesspa-direito-da-terra","status":"publish","type":"page","link":"https:\/\/portalfadesp.org.br\/?page_id=21748","title":{"rendered":"Processo Seletivo 2021 &#8211; PROSEL ESP UNIFESSPA &#8211; Direito da Terra"},"content":{"rendered":"\t\t<div data-elementor-type=\"wp-post\" data-elementor-id=\"21748\" class=\"elementor elementor-21748\" data-elementor-post-type=\"page\">\n\t\t\t\t\t\t<section class=\"elementor-section elementor-top-section elementor-element elementor-element-1f2996d1 elementor-section-boxed elementor-section-height-default elementor-section-height-default\" data-id=\"1f2996d1\" data-element_type=\"section\">\n\t\t\t\t\t\t<div class=\"elementor-container elementor-column-gap-default\">\n\t\t\t\t\t<div class=\"elementor-column elementor-col-100 elementor-top-column elementor-element elementor-element-59a4b3f8\" data-id=\"59a4b3f8\" data-element_type=\"column\">\n\t\t\t<div class=\"elementor-widget-wrap elementor-element-populated\">\n\t\t\t\t\t\t<div class=\"elementor-element elementor-element-799471af elementor-widget elementor-widget-heading\" data-id=\"799471af\" data-element_type=\"widget\" data-widget_type=\"heading.default\">\n\t\t\t\t<div class=\"elementor-widget-container\">\n\t\t\t\t\t<h1 class=\"elementor-heading-title elementor-size-default\">Processo Seletivo 2021 - PROSEL ESP UNIFESSPA - Direito da Terra<\/h1>\t\t\t\t<\/div>\n\t\t\t\t<\/div>\n\t\t\t\t<section class=\"elementor-section elementor-inner-section elementor-element elementor-element-336311f elementor-section-boxed elementor-section-height-default elementor-section-height-default\" data-id=\"336311f\" data-element_type=\"section\">\n\t\t\t\t\t\t<div class=\"elementor-container elementor-column-gap-default\">\n\t\t\t\t\t<div class=\"elementor-column elementor-col-50 elementor-inner-column elementor-element elementor-element-75ca0dc3\" data-id=\"75ca0dc3\" data-element_type=\"column\">\n\t\t\t<div class=\"elementor-widget-wrap elementor-element-populated\">\n\t\t\t\t\t\t<div class=\"elementor-element elementor-element-425a3096 elementor-widget elementor-widget-text-editor\" data-id=\"425a3096\" data-element_type=\"widget\" data-widget_type=\"text-editor.default\">\n\t\t\t\t<div class=\"elementor-widget-container\">\n\t\t\t\t\t\t\t\t\t<p>O Reitor da <strong>Universidade Federal do Sul e Sudeste do Par\u00e1 (Unifesspa)<\/strong> torna p\u00fablica a realiza\u00e7\u00e3o do <strong>Processo Seletivo Especial 2021 (PROSEL ESP UNIFESSPA 2021)<\/strong>, destinado a selecionar candidatos para o provimento de vagas nos cursos presenciais de gradua\u00e7\u00e3o, em regime especial, mediante conv\u00eanio celebrado com a <strong>Secretaria de Estado de Ci\u00eancia, Tecnologia e Educa\u00e7\u00e3o Profissional e Tecnol\u00f3gica (SECTET)<\/strong>. Os referidos cursos ser\u00e3o ofertados pelo Universidade Federal do Sul e Sudeste do Par\u00e1 (Unifesspa), mediante as condi\u00e7\u00f5es estabelecidas neste edital.<\/p><p>\u00a0<\/p><p><strong>Vagas: 50<\/strong><\/p><p>\u00a0<\/p><p><strong>Cursos \/ local da oferta:<\/strong><span style=\"font-family: inherit; font-size: 16px;\">\u00a0Direito da Terra (Itupiranga)<\/span><\/p><p>\u00a0<\/p><p><strong>Requisitos:<\/strong> Ensino M\u00e9dio completo ou equivalente.<\/p><p>\u00a0<\/p><p><strong>Taxa de inscri\u00e7\u00e3o: R$ 80,00 (oitenta reais)<\/strong><\/p><p>\u2026\u2026\u2026\u2026\u2026\u2026\u2026\u2026\u2026\u2026..<\/p><p><strong>Datas importantes:<\/strong><\/p><p><strong>Per\u00edodo de Inscri\u00e7\u00e3o:<\/strong>\u00a008\/11\/2021 a 18\/11\/2021<\/p><p><strong>Solicita\u00e7\u00e3o de atendimento especial:<\/strong> 08\/11\/2021 a 11\/11\/2021<\/p><p><strong>Solicita\u00e7\u00e3o de isen\u00e7\u00e3o de taxa para pessoa de baixa renda:<\/strong> 08\/11\/2021 a 11\/11\/2021<\/p><p><strong>Resultado preliminar da isen\u00e7\u00e3o de taxa para pessoa de baixa renda:<\/strong>\u00a015\/11\/2021<\/p><p><strong>Pagamento da taxa de inscri\u00e7\u00e3o:<\/strong> 19\/11\/2021<\/p>\t\t\t\t\t\t\t\t<\/div>\n\t\t\t\t<\/div>\n\t\t\t\t\t<\/div>\n\t\t<\/div>\n\t\t\t\t<div class=\"elementor-column elementor-col-50 elementor-inner-column elementor-element elementor-element-79608089\" data-id=\"79608089\" data-element_type=\"column\">\n\t\t\t<div class=\"elementor-widget-wrap elementor-element-populated\">\n\t\t\t\t\t\t<div class=\"elementor-element elementor-element-37283151 elementor-widget elementor-widget-text-editor\" data-id=\"37283151\" data-element_type=\"widget\" data-widget_type=\"text-editor.default\">\n\t\t\t\t<div class=\"elementor-widget-container\">\n\t\t\t\t\t\t\t\t\t<p><strong>Acompanhe sua Inscri\u00e7\u00e3o<\/strong><\/p>\t\t\t\t\t\t\t\t<\/div>\n\t\t\t\t<\/div>\n\t\t\t\t<div class=\"elementor-element elementor-element-d3f3102 elementor-widget elementor-widget-text-editor\" data-id=\"d3f3102\" data-element_type=\"widget\" data-widget_type=\"text-editor.default\">\n\t\t\t\t<div class=\"elementor-widget-container\">\n\t\t\t\t\t\t\t\t\t<div class=\"botaoBug\"><a href=\"http:\/\/concursos2.fadesp.org.br\/proselunifesspa2021dt\/web\"><strong>\u00c1rea do Aluno (Clique Aqui)<\/strong><\/a><\/div>\n<p><strong>Resultado do Prosel ser\u00e1 publicado no dia 05\/04\/2022 \u00e0s 18h<\/strong><\/p><p><strong>Resultado Preliminar da Entrevista e An\u00e1lise de Documentos<\/strong><\/p>\n<p><strong>Os recursos dever\u00e3o ser dirigidos \u00e0 Comiss\u00e3o de Entrevista por meio f\u00edsico e escrito, no Pr\u00e9dio do IEDS, Campus I da UNIFESSPA, sala do Forma Par\u00e1, Na Folha 31, Quadra Especial, Lote Especial, Bairro Nova Marab\u00e1, Marab\u00e1 &#8211; PA, respeitado os prazos <\/strong><strong>mencionados no anexo I do Edital n\u00ba 07 &#8211; Convoca\u00e7\u00e3o para Entrevista.<\/strong><\/p>\t\t\t\t\t\t\t\t<\/div>\n\t\t\t\t<\/div>\n\t\t\t\t<div class=\"elementor-element elementor-element-519019c1 elementor-widget elementor-widget-text-editor\" data-id=\"519019c1\" data-element_type=\"widget\" data-widget_type=\"text-editor.default\">\n\t\t\t\t<div class=\"elementor-widget-container\">\n\t\t\t\t\t\t\t\t\t<p style=\"text-align: center;\"><span style=\"color: #ffffff;\"><strong>Editais e Avisos<\/strong><\/span><\/p>\t\t\t\t\t\t\t\t<\/div>\n\t\t\t\t<\/div>\n\t\t\t\t<div class=\"elementor-element elementor-element-9352476 elementor-widget elementor-widget-text-editor\" data-id=\"9352476\" data-element_type=\"widget\" data-widget_type=\"text-editor.default\">\n\t\t\t\t<div class=\"elementor-widget-container\">\n\t\t\t\t\t\t\t\t\t<p style=\"text-align: center;\"><a href=\"http:\/\/concursos2.fadesp.org.br\/proselunifesspa2021dt\/arquivos\/Edital_12_Resultado_Final_Definitivo_doPROSEL.pdf\"><strong>Edital n\u00ba 12 &#8211; Resultado Final Definitivo do PROSEL &#8211;\u00a0 05\/04\/2022<\/strong><\/a><\/p>\n<p style=\"text-align: center;\"><a href=\"http:\/\/concursos2.fadesp.org.br\/proselunifesspa2021dt\/arquivos\/Edital_11_Resultado_final_preliminar_do_PROSEl.pdf\"><strong>Edital n\u00ba 11 &#8211; Resultado Final Preliminar do PROSEL &#8211;\u00a0 29\/03\/2022<\/strong><\/a><\/p>\n<p style=\"text-align: center;\"><a href=\"http:\/\/concursos2.fadesp.org.br\/proselunifesspa2021dt\/arquivos\/Edital_10_Resultado_Definitivo_da_Entrevistas.pdf\"><strong>Edital n\u00ba 10 &#8211; Resultado Definitivo da Entrevista e An\u00e1lise de Documentos &#8211;\u00a0 29\/03\/2022<\/strong><\/a><\/p>\n<p style=\"text-align: center;\"><a href=\"http:\/\/concursos2.fadesp.org.br\/proselunifesspa2021dt\/arquivos\/Edital_n_09_Resultado_Preliminar_da_Entrevistas-RETIFICADO.pdf\"><strong>Edital n\u00ba 09 (RETIFICADO) &#8211; Resultado Preliminar da Entrevista e An\u00e1lise de Documentos &#8211;\u00a0 21\/03\/2022<\/strong><\/a><\/p>\n<p style=\"text-align: center;\"><a href=\"http:\/\/concursos2.fadesp.org.br\/proselunifesspa2021dt\/arquivos\/Edital_08_Errata_Rela\u00e7\u00e3o_dos_dias_e_horarios_para_Entrevista.pdf\"><strong>Edital n\u00ba 08 (ERRATA)- Rela\u00e7\u00e3o dos candidatos com os dias e hor\u00e1rios para Entrevista &#8211; 02\/02\/2022<\/strong><\/a><\/p>\n<p style=\"text-align: center;\"><a href=\"http:\/\/concursos2.fadesp.org.br\/proselunifesspa2021dt\/arquivos\/Edital_07_Convocacao_para_Entrevista.pdf\"><strong>Edital n\u00ba 07 &#8211; Convoca\u00e7\u00e3o para Entrevista<\/strong><\/a><\/p>\n<p style=\"text-align: center;\"><a href=\"http:\/\/concursos2.fadesp.org.br\/proselunifesspa2021dt\/arquivos\/resultadopreliminarunifesspa.pdf\"><strong>Resultado Preliminar do PROSEL 2021<\/strong><\/a><\/p>\n<p style=\"text-align: center;\"><a href=\"http:\/\/concursos2.fadesp.org.br\/proselunifesspa2021dt\/arquivos\/GABARITO_OFICIAL_DEFINITIVO_PROSEL_2021.pdf\"><strong>Gabarito Oficial Definitivo<\/strong><\/a><\/p>\n<p style=\"text-align: center;\"><a href=\"http:\/\/concursos2.fadesp.org.br\/proselunifesspa2021dt\/arquivos\/GABARITO_OFICIAL_PRELIMINAR_PROSEL_2021.pdf\"><strong>Gabarito Oficial Preliminar<\/strong><\/a><\/p>\n<p style=\"text-align: center;\"><a href=\"http:\/\/concursos2.fadesp.org.br\/proselunifesspa2021dt\/arquivos\/PROVA_PROSEL_2021.pdf\"><strong>Prova<\/strong><\/a><\/p>\n<p style=\"text-align: center;\"><a href=\"http:\/\/concursos2.fadesp.org.br\/proselunifesspa2021dt\/arquivos\/ResultadoDefinitivoInscricoes.pdf\"><strong>Resultado Definitivo das Inscri\u00e7\u00f5es<\/strong><\/a><\/p>\n<p style=\"text-align: center;\"><a href=\"http:\/\/concursos2.fadesp.org.br\/proselunifesspa2021dt\/arquivos\/RetificacaoResultadoDefinitivoIsencaoHipossuficiencia.pdf\"><strong>Retifica\u00e7\u00e3o do Resultado Definitivo da Solicita\u00e7\u00e3o de Isen\u00e7\u00e3o por Hipossufici\u00eancia Financeira<\/strong><\/a><\/p>\n<p style=\"text-align: center;\"><a href=\"http:\/\/concursos2.fadesp.org.br\/proselunifesspa2021dt\/arquivos\/Novo_Cronograma.pdf\"><strong>Novo Cronograma<\/strong><\/a><\/p>\n<p style=\"text-align: center;\"><a href=\"http:\/\/concursos2.fadesp.org.br\/TutorialinscricaoPROSEL2021.pdf\"><strong>Tutorial de Inscri\u00e7\u00e3o &#8211; PROSEL ESP 2021<\/strong><\/a><\/p>\n<p style=\"text-align: center;\"><a href=\"http:\/\/concursos2.fadesp.org.br\/proselunifesspa2021dt\/arquivos\/ResultadoDefinitivoIsencaoPcD.pdf\"><strong>Resultado Definitivo da Solicita\u00e7\u00e3o de Isen\u00e7\u00e3o para Pessoas com Defici\u00eancia<\/strong><\/a><\/p>\n<p style=\"text-align: center;\"><a href=\"http:\/\/concursos2.fadesp.org.br\/proselunifesspa2021dt\/arquivos\/ResultadoDefinitivoIsencaoHipossuficiencia.pdf\"><strong>Resultado Definitivo da Solicita\u00e7\u00e3o de Isen\u00e7\u00e3o por Hipossufici\u00eancia Financeira<\/strong><\/a><\/p>\n<p style=\"text-align: center;\"><a href=\"http:\/\/concursos2.fadesp.org.br\/proselunifesspa2021dt\/arquivos\/ResultadoPreliminarIsencaoPcD.pdf\"><strong>Resultado Preliminar da Solicita\u00e7\u00e3o de Isen\u00e7\u00e3o para Pessoas com Defici\u00eancia<\/strong><\/a><\/p>\n<p style=\"text-align: center;\"><a href=\"http:\/\/concursos2.fadesp.org.br\/proselunifesspa2021dt\/arquivos\/ResultadoPreliminarIsencaoHipossuficiencia.pdf\"><strong>Resultado Preliminar da Solicita\u00e7\u00e3o de Isen\u00e7\u00e3o por Hipossufici\u00eancia Financeira<\/strong><\/a><\/p>\n<p style=\"text-align: center;\"><a href=\"http:\/\/concursos2.fadesp.org.br\/proselunifesspa2021dt\/arquivos\/EditalPROSEL2021_UNIFESSPA_Direito_da_Terra_Retificado.pdf\"><strong>Edital 01 &#8211; Abertura (RETIFICADO)<\/strong><\/a><\/p>\t\t\t\t\t\t\t\t<\/div>\n\t\t\t\t<\/div>\n\t\t\t\t\t<\/div>\n\t\t<\/div>\n\t\t\t\t\t<\/div>\n\t\t<\/section>\n\t\t\t\t\t<\/div>\n\t\t<\/div>\n\t\t\t\t\t<\/div>\n\t\t<\/section>\n\t\t\t\t<\/div>\n\t\t","protected":false},"excerpt":{"rendered":"<p>Processo Seletivo 2021 &#8211; PROSEL ESP UNIFESSPA &#8211; Direito da Terra O Reitor da Universidade Federal do Sul e Sudeste do Par\u00e1 (Unifesspa) torna p\u00fablica a realiza\u00e7\u00e3o do Processo Seletivo Especial 2021 (PROSEL ESP UNIFESSPA 2021), destinado a selecionar candidatos para o provimento de vagas nos cursos presenciais de gradua\u00e7\u00e3o, em regime especial, mediante conv\u00eanio [&hellip;]<\/p>\n","protected":false},"author":9,"featured_media":0,"parent":329,"menu_order":50,"comment_status":"closed","ping_status":"closed","template":"","meta":{"_monsterinsights_skip_tracking":false,"_monsterinsights_sitenote_active":false,"_monsterinsights_sitenote_note":"","_monsterinsights_sitenote_category":0,"footnotes":""},"class_list":["post-21748","page","type-page","status-publish","hentry","entry"],"yoast_head":"<!-- This site is optimized with the Yoast SEO plugin v25.1 - https:\/\/yoast.com\/wordpress\/plugins\/seo\/ -->\n<title>Processo Seletivo 2021 - PROSEL ESP UNIFESSPA - Direito da Terra - FADESP<\/title>\n<meta name=\"robots\" content=\"index, follow, max-snippet:-1, max-image-preview:large, max-video-preview:-1\" \/>\n<link rel=\"canonical\" href=\"https:\/\/portalfadesp.org.br\/?page_id=21748\" \/>\n<meta property=\"og:locale\" content=\"pt_BR\" \/>\n<meta property=\"og:type\" content=\"article\" \/>\n<meta property=\"og:title\" content=\"Processo Seletivo 2021 - PROSEL ESP UNIFESSPA - Direito da Terra - FADESP\" \/>\n<meta property=\"og:description\" content=\"Processo Seletivo 2021 &#8211; PROSEL ESP UNIFESSPA &#8211; Direito da Terra O Reitor da Universidade Federal do Sul e Sudeste do Par\u00e1 (Unifesspa) torna p\u00fablica a realiza\u00e7\u00e3o do Processo Seletivo Especial 2021 (PROSEL ESP UNIFESSPA 2021), destinado a selecionar candidatos para o provimento de vagas nos cursos presenciais de gradua\u00e7\u00e3o, em regime especial, mediante conv\u00eanio [&hellip;]\" \/>\n<meta property=\"og:url\" content=\"https:\/\/portalfadesp.org.br\/?page_id=21748\" \/>\n<meta property=\"og:site_name\" content=\"FADESP\" \/>\n<meta property=\"article:publisher\" content=\"https:\/\/www.facebook.com\/Fadesp-138351949524662\/\" \/>\n<meta property=\"article:modified_time\" content=\"2022-12-21T16:31:35+00:00\" \/>\n<meta name=\"twitter:card\" content=\"summary_large_image\" \/>\n<meta name=\"twitter:site\" content=\"@Fadesp\" \/>\n<meta name=\"twitter:label1\" content=\"Est. tempo de leitura\" \/>\n\t<meta name=\"twitter:data1\" content=\"2 minutos\" \/>\n<script type=\"application\/ld+json\" class=\"yoast-schema-graph\">{\"@context\":\"https:\/\/schema.org\",\"@graph\":[{\"@type\":\"WebPage\",\"@id\":\"https:\/\/portalfadesp.org.br\/?page_id=21748\",\"url\":\"https:\/\/portalfadesp.org.br\/?page_id=21748\",\"name\":\"Processo Seletivo 2021 - PROSEL ESP UNIFESSPA - Direito da Terra - FADESP\",\"isPartOf\":{\"@id\":\"https:\/\/portalfadesp.org.br\/#website\"},\"datePublished\":\"2021-11-06T01:27:10+00:00\",\"dateModified\":\"2022-12-21T16:31:35+00:00\",\"breadcrumb\":{\"@id\":\"https:\/\/portalfadesp.org.br\/?page_id=21748#breadcrumb\"},\"inLanguage\":\"pt-BR\",\"potentialAction\":[{\"@type\":\"ReadAction\",\"target\":[\"https:\/\/portalfadesp.org.br\/?page_id=21748\"]}]},{\"@type\":\"BreadcrumbList\",\"@id\":\"https:\/\/portalfadesp.org.br\/?page_id=21748#breadcrumb\",\"itemListElement\":[{\"@type\":\"ListItem\",\"position\":1,\"name\":\"In\u00edcio\",\"item\":\"https:\/\/portalfadesp.org.br\/\"},{\"@type\":\"ListItem\",\"position\":2,\"name\":\"Concursos &#8211; Homologados\",\"item\":\"https:\/\/portalfadesp.org.br\/?page_id=329\"},{\"@type\":\"ListItem\",\"position\":3,\"name\":\"Processo Seletivo 2021 &#8211; PROSEL ESP UNIFESSPA &#8211; Direito da Terra\"}]},{\"@type\":\"WebSite\",\"@id\":\"https:\/\/portalfadesp.org.br\/#website\",\"url\":\"https:\/\/portalfadesp.org.br\/\",\"name\":\"FADESP\",\"description\":\"Funda\u00e7\u00e3o de Amparo e Desenvolvimento da Pesquisa\",\"publisher\":{\"@id\":\"https:\/\/portalfadesp.org.br\/#organization\"},\"potentialAction\":[{\"@type\":\"SearchAction\",\"target\":{\"@type\":\"EntryPoint\",\"urlTemplate\":\"https:\/\/portalfadesp.org.br\/?s={search_term_string}\"},\"query-input\":{\"@type\":\"PropertyValueSpecification\",\"valueRequired\":true,\"valueName\":\"search_term_string\"}}],\"inLanguage\":\"pt-BR\"},{\"@type\":\"Organization\",\"@id\":\"https:\/\/portalfadesp.org.br\/#organization\",\"name\":\"FADESP\",\"url\":\"https:\/\/portalfadesp.org.br\/\",\"logo\":{\"@type\":\"ImageObject\",\"inLanguage\":\"pt-BR\",\"@id\":\"https:\/\/portalfadesp.org.br\/#\/schema\/logo\/image\/\",\"url\":\"https:\/\/portalfadesp.org.br\/wp-content\/uploads\/2024\/01\/NOVOLOGOFADESPlaranjaH.png\",\"contentUrl\":\"https:\/\/portalfadesp.org.br\/wp-content\/uploads\/2024\/01\/NOVOLOGOFADESPlaranjaH.png\",\"width\":2742,\"height\":839,\"caption\":\"FADESP\"},\"image\":{\"@id\":\"https:\/\/portalfadesp.org.br\/#\/schema\/logo\/image\/\"},\"sameAs\":[\"https:\/\/www.facebook.com\/Fadesp-138351949524662\/\",\"https:\/\/x.com\/Fadesp\",\"https:\/\/www.instagram.com\/fadesp_ufpa\/\",\"https:\/\/www.youtube.com\/@fundacaodeamparoedesenvolv1903\",\"https:\/\/www.threads.net\/@fadesp_ufpa\"]}]}<\/script>\n<!-- \/ Yoast SEO plugin. -->","yoast_head_json":{"title":"Processo Seletivo 2021 - PROSEL ESP UNIFESSPA - Direito da Terra - FADESP","robots":{"index":"index","follow":"follow","max-snippet":"max-snippet:-1","max-image-preview":"max-image-preview:large","max-video-preview":"max-video-preview:-1"},"canonical":"https:\/\/portalfadesp.org.br\/?page_id=21748","og_locale":"pt_BR","og_type":"article","og_title":"Processo Seletivo 2021 - PROSEL ESP UNIFESSPA - Direito da Terra - FADESP","og_description":"Processo Seletivo 2021 &#8211; PROSEL ESP UNIFESSPA &#8211; Direito da Terra O Reitor da Universidade Federal do Sul e Sudeste do Par\u00e1 (Unifesspa) torna p\u00fablica a realiza\u00e7\u00e3o do Processo Seletivo Especial 2021 (PROSEL ESP UNIFESSPA 2021), destinado a selecionar candidatos para o provimento de vagas nos cursos presenciais de gradua\u00e7\u00e3o, em regime especial, mediante conv\u00eanio [&hellip;]","og_url":"https:\/\/portalfadesp.org.br\/?page_id=21748","og_site_name":"FADESP","article_publisher":"https:\/\/www.facebook.com\/Fadesp-138351949524662\/","article_modified_time":"2022-12-21T16:31:35+00:00","twitter_card":"summary_large_image","twitter_site":"@Fadesp","twitter_misc":{"Est. tempo de leitura":"2 minutos"},"schema":{"@context":"https:\/\/schema.org","@graph":[{"@type":"WebPage","@id":"https:\/\/portalfadesp.org.br\/?page_id=21748","url":"https:\/\/portalfadesp.org.br\/?page_id=21748","name":"Processo Seletivo 2021 - PROSEL ESP UNIFESSPA - Direito da Terra - FADESP","isPartOf":{"@id":"https:\/\/portalfadesp.org.br\/#website"},"datePublished":"2021-11-06T01:27:10+00:00","dateModified":"2022-12-21T16:31:35+00:00","breadcrumb":{"@id":"https:\/\/portalfadesp.org.br\/?page_id=21748#breadcrumb"},"inLanguage":"pt-BR","potentialAction":[{"@type":"ReadAction","target":["https:\/\/portalfadesp.org.br\/?page_id=21748"]}]},{"@type":"BreadcrumbList","@id":"https:\/\/portalfadesp.org.br\/?page_id=21748#breadcrumb","itemListElement":[{"@type":"ListItem","position":1,"name":"In\u00edcio","item":"https:\/\/portalfadesp.org.br\/"},{"@type":"ListItem","position":2,"name":"Concursos &#8211; Homologados","item":"https:\/\/portalfadesp.org.br\/?page_id=329"},{"@type":"ListItem","position":3,"name":"Processo Seletivo 2021 &#8211; PROSEL ESP UNIFESSPA &#8211; Direito da Terra"}]},{"@type":"WebSite","@id":"https:\/\/portalfadesp.org.br\/#website","url":"https:\/\/portalfadesp.org.br\/","name":"FADESP","description":"Funda\u00e7\u00e3o de Amparo e Desenvolvimento da Pesquisa","publisher":{"@id":"https:\/\/portalfadesp.org.br\/#organization"},"potentialAction":[{"@type":"SearchAction","target":{"@type":"EntryPoint","urlTemplate":"https:\/\/portalfadesp.org.br\/?s={search_term_string}"},"query-input":{"@type":"PropertyValueSpecification","valueRequired":true,"valueName":"search_term_string"}}],"inLanguage":"pt-BR"},{"@type":"Organization","@id":"https:\/\/portalfadesp.org.br\/#organization","name":"FADESP","url":"https:\/\/portalfadesp.org.br\/","logo":{"@type":"ImageObject","inLanguage":"pt-BR","@id":"https:\/\/portalfadesp.org.br\/#\/schema\/logo\/image\/","url":"https:\/\/portalfadesp.org.br\/wp-content\/uploads\/2024\/01\/NOVOLOGOFADESPlaranjaH.png","contentUrl":"https:\/\/portalfadesp.org.br\/wp-content\/uploads\/2024\/01\/NOVOLOGOFADESPlaranjaH.png","width":2742,"height":839,"caption":"FADESP"},"image":{"@id":"https:\/\/portalfadesp.org.br\/#\/schema\/logo\/image\/"},"sameAs":["https:\/\/www.facebook.com\/Fadesp-138351949524662\/","https:\/\/x.com\/Fadesp","https:\/\/www.instagram.com\/fadesp_ufpa\/","https:\/\/www.youtube.com\/@fundacaodeamparoedesenvolv1903","https:\/\/www.threads.net\/@fadesp_ufpa"]}]}},"_links":{"self":[{"href":"https:\/\/portalfadesp.org.br\/index.php?rest_route=\/wp\/v2\/pages\/21748","targetHints":{"allow":["GET"]}}],"collection":[{"href":"https:\/\/portalfadesp.org.br\/index.php?rest_route=\/wp\/v2\/pages"}],"about":[{"href":"https:\/\/portalfadesp.org.br\/index.php?rest_route=\/wp\/v2\/types\/page"}],"author":[{"embeddable":true,"href":"https:\/\/portalfadesp.org.br\/index.php?rest_route=\/wp\/v2\/users\/9"}],"replies":[{"embeddable":true,"href":"https:\/\/portalfadesp.org.br\/index.php?rest_route=%2Fwp%2Fv2%2Fcomments&post=21748"}],"version-history":[{"count":163,"href":"https:\/\/portalfadesp.org.br\/index.php?rest_route=\/wp\/v2\/pages\/21748\/revisions"}],"predecessor-version":[{"id":38466,"href":"https:\/\/portalfadesp.org.br\/index.php?rest_route=\/wp\/v2\/pages\/21748\/revisions\/38466"}],"up":[{"embeddable":true,"href":"https:\/\/portalfadesp.org.br\/index.php?rest_route=\/wp\/v2\/pages\/329"}],"wp:attachment":[{"href":"https:\/\/portalfadesp.org.br\/index.php?rest_route=%2Fwp%2Fv2%2Fmedia&parent=21748"}],"curies":[{"name":"wp","href":"https:\/\/api.w.org\/{rel}","templated":true}]}}