{"id":20741,"date":"2021-10-25T14:23:18","date_gmt":"2021-10-25T17:23:18","guid":{"rendered":"https:\/\/162.215.13.167?page_id=20741"},"modified":"2022-12-21T13:30:38","modified_gmt":"2022-12-21T16:30:38","slug":"processo-seletivo-2021-prosel-esp-unifesspa","status":"publish","type":"page","link":"https:\/\/portalfadesp.org.br\/?page_id=20741","title":{"rendered":"Processo Seletivo 2021 &#8211; PROSEL ESP UNIFESSPA"},"content":{"rendered":"\t\t<div data-elementor-type=\"wp-post\" data-elementor-id=\"20741\" class=\"elementor elementor-20741\" data-elementor-post-type=\"page\">\n\t\t\t\t\t\t<section class=\"elementor-section elementor-top-section elementor-element elementor-element-1f2996d1 elementor-section-boxed elementor-section-height-default elementor-section-height-default\" data-id=\"1f2996d1\" data-element_type=\"section\">\n\t\t\t\t\t\t<div class=\"elementor-container elementor-column-gap-default\">\n\t\t\t\t\t<div class=\"elementor-column elementor-col-100 elementor-top-column elementor-element elementor-element-59a4b3f8\" data-id=\"59a4b3f8\" data-element_type=\"column\">\n\t\t\t<div class=\"elementor-widget-wrap elementor-element-populated\">\n\t\t\t\t\t\t<div class=\"elementor-element elementor-element-799471af elementor-widget elementor-widget-heading\" data-id=\"799471af\" data-element_type=\"widget\" data-widget_type=\"heading.default\">\n\t\t\t\t<div class=\"elementor-widget-container\">\n\t\t\t\t\t<h1 class=\"elementor-heading-title elementor-size-default\">Processo Seletivo 2021 - PROSEL ESP UNIFESSPA<\/h1>\t\t\t\t<\/div>\n\t\t\t\t<\/div>\n\t\t\t\t<section class=\"elementor-section elementor-inner-section elementor-element elementor-element-336311f elementor-section-boxed elementor-section-height-default elementor-section-height-default\" data-id=\"336311f\" data-element_type=\"section\">\n\t\t\t\t\t\t<div class=\"elementor-container elementor-column-gap-default\">\n\t\t\t\t\t<div class=\"elementor-column elementor-col-50 elementor-inner-column elementor-element elementor-element-75ca0dc3\" data-id=\"75ca0dc3\" data-element_type=\"column\">\n\t\t\t<div class=\"elementor-widget-wrap elementor-element-populated\">\n\t\t\t\t\t\t<div class=\"elementor-element elementor-element-425a3096 elementor-widget elementor-widget-text-editor\" data-id=\"425a3096\" data-element_type=\"widget\" data-widget_type=\"text-editor.default\">\n\t\t\t\t<div class=\"elementor-widget-container\">\n\t\t\t\t\t\t\t\t\t<p>O Reitor da <strong>Universidade Federal do Sul e Sudeste do Par\u00e1 (Unifesspa)<\/strong> torna p\u00fablica a realiza\u00e7\u00e3o do <strong>Processo Seletivo Especial 2021 (PROSEL ESP UNIFESSPA 2021)<\/strong>, destinado a selecionar candidatos para o provimento de vagas nos cursos presenciais de gradua\u00e7\u00e3o, em regime especial, mediante conv\u00eanio celebrado com a <strong>Secretaria de Estado de Ci\u00eancia, Tecnologia e Educa\u00e7\u00e3o Profissional e Tecnol\u00f3gica (SECTET)<\/strong>. Os referidos cursos ser\u00e3o ofertados pelo Universidade Federal do Sul e Sudeste do Par\u00e1 (Unifesspa), mediante as condi\u00e7\u00f5es estabelecidas neste edital.<\/p><p><strong>Vagas: 500<\/strong><\/p><p><strong>Cursos \/ local da oferta:<\/strong> Zootecnia (Pi\u00e7arra), Geologia (Ouril\u00e2ndia do Norte), Medicina Veterin\u00e1ria (Tucum\u00e3), Engenharia Mec\u00e2nica (Tail\u00e2ndia), Matem\u00e1tica (Abel Figueiredo), Matem\u00e1tica (Cumaru do Norte), Matem\u00e1tica (Santa Maria das Barreiras), Engenharia Civil (Rio Maria), Engenharia Civil (Eldorado dos Caraj\u00e1s), Engenharia da Computa\u00e7\u00e3o (Nova Ipixuna),\u00a0 Engenharia Civil (Almeirim),\u00a0Engenharia da Computa\u00e7\u00e3o (Nova Ipixuna) e Engenharia Civil (Almeirim).<\/p><p><strong>Requisitos:<\/strong> Ensino M\u00e9dio completo ou equivalente.<\/p><p><strong>Taxa de inscri\u00e7\u00e3o: R$ 80,00 (oitenta reais)<\/strong><\/p><p>\u2026\u2026\u2026\u2026\u2026\u2026\u2026\u2026\u2026\u2026..<\/p><p><strong>Datas importantes:<\/strong><\/p><p><strong>Per\u00edodo de Inscri\u00e7\u00e3o:<\/strong> 03\/11\/2021 a <strong>24\/11\/2021<\/strong><\/p><p><strong>Solicita\u00e7\u00e3o de atendimento especial:<\/strong> 03\/11\/2021 a 09\/11\/2021<\/p><p><strong>Solicita\u00e7\u00e3o de isen\u00e7\u00e3o de taxa para pessoa de baixa renda:<\/strong> 03\/11\/2021 a 09\/11\/2021<\/p><p><strong>Resultado preliminar da isen\u00e7\u00e3o de taxa para pessoa de baixa renda:<\/strong> 08\/11\/2021<\/p><p><strong>Pagamento da taxa de inscri\u00e7\u00e3o:<\/strong> <strong>25\/11\/2021<\/strong><\/p>\t\t\t\t\t\t\t\t<\/div>\n\t\t\t\t<\/div>\n\t\t\t\t\t<\/div>\n\t\t<\/div>\n\t\t\t\t<div class=\"elementor-column elementor-col-50 elementor-inner-column elementor-element elementor-element-79608089\" data-id=\"79608089\" data-element_type=\"column\">\n\t\t\t<div class=\"elementor-widget-wrap elementor-element-populated\">\n\t\t\t\t\t\t<div class=\"elementor-element elementor-element-37283151 elementor-widget elementor-widget-text-editor\" data-id=\"37283151\" data-element_type=\"widget\" data-widget_type=\"text-editor.default\">\n\t\t\t\t<div class=\"elementor-widget-container\">\n\t\t\t\t\t\t\t\t\t<p><strong>Acompanhe sua Inscri\u00e7\u00e3o<\/strong><\/p>\t\t\t\t\t\t\t\t<\/div>\n\t\t\t\t<\/div>\n\t\t\t\t<div class=\"elementor-element elementor-element-d3f3102 elementor-widget elementor-widget-text-editor\" data-id=\"d3f3102\" data-element_type=\"widget\" data-widget_type=\"text-editor.default\">\n\t\t\t\t<div class=\"elementor-widget-container\">\n\t\t\t\t\t\t\t\t\t<div class=\"botaoBug\"><a href=\"http:\/\/concursos2.fadesp.org.br\/proselunifesspa2021\/web\/index_recurso.php\"><strong>Solicitar Reembolso (Clique Aqui)<\/strong><\/a><\/div>\n<!--\n<div class=\"botaoBug\" style=\"margin-top: 10px;\"><a href=\"http:\/\/concursos2.fadesp.org.br\/proselunifesspa2021\/web\/index_recurso.php\"><strong>Recurso Online (Clique Aqui)<\/strong><\/a><\/div>\n-->\t\t\t\t\t\t\t\t<\/div>\n\t\t\t\t<\/div>\n\t\t\t\t<div class=\"elementor-element elementor-element-147d441 textoInfo elementor-widget elementor-widget-text-editor\" data-id=\"147d441\" data-element_type=\"widget\" data-widget_type=\"text-editor.default\">\n\t\t\t\t<div class=\"elementor-widget-container\">\n\t\t\t\t\t\t\t\t\t<p>A FADESP informa que <strong>caso n\u00e3o esteja dispon\u00edvel o cart\u00e3o com local da prova, o candidato dever\u00e1 no dia 05\/12\/2021, \u00e0s 7 horas, se dirigir a unidade de ensino do munic\u00edpio para o qual se inscreveu de acordo com a rela\u00e7\u00e3o abaixo, munido dos seguintes documentos (original do documento de identidade, boleto e comprovante de pagamento)<\/strong>.<\/p><p>EMEF ALICE SILVEIRA LIMA \u2013 AV. ARAGUAIA, S\/N \u2013 BAIRRO CENTRO &#8211; <strong>LOCAL DE PROVA: PI\u00c7ARRA.<\/strong><\/p><p>EMEF MADRE CAROLINA FRIESS \u2013 RUA 14, S\/N \u2013 BAIRRO CENTRO &#8211; <strong>LOCAL DE PROVA: OURIL\u00c2NDIA DO NORTE.<\/strong><\/p><p>EMEF ELCIONE BARBALHO \u2013 RUA TUCURUI, S\/N \u2013 BAIRRO DAS FLORES \u2013 <strong>LOCAL DE PROVA: TUCUM\u00c3.<\/strong><\/p><p>EEEM JOAO PINTO PEREIRA \u2013 RUA BAHIA, S\/N \u2013 BAIRRO SETOR MARANHENSE &#8211; <strong>LOCAL DE PROVA: CUMARU DO NORTE.<\/strong><\/p><p>EMEF SENADOR CATETE PINHEIRO \u2013 RUA ONZE, 226 \u2013 BAIRRO CENTRO \u2013 <strong>LOCAL DE PROVA: RIO MARIA.<\/strong><\/p><p>EMEF FRANCILANDIA \u2013 AV. S\u00c3O GERALDO, 148 \u2013 BAIRRO CENTRO \u2013 <strong>LOCAL DE PROVA: ELDORADO DOS CARAJ\u00c1S.<\/strong><\/p><p>EEEM MARIA IRANY RODRIGUES DA SILVA \u2013 AV. BRASIL, S\/N \u2013 BAIRRO CENTRO &#8211; <strong>LOCAL DE PROVA: NOVA IPIXUNA.<\/strong><\/p><p>EEEM FREI CONSTANCIO \u2013 RUA CELSON ANDRADE, 770 \u2013 BAIRRO PALHAL &#8211; <strong>LOCAL DE PROVA: ALMEIRIM.<\/strong><\/p><p>EMEF IERECE DA SILVA SANTOS \u2013 RUA PADRE ARMANDIO PANTOJA, 1831 \u2013 BAIRRO NOVA VIDA \u2013 <strong>LOCAL DE PROVA: ALMEIRIM.<\/strong><\/p><p>EMEF ULISSES GUIMARAES \u2013 AV. 31 DE MAR\u00c7O, S\/N \u2013 BAIRRO CENTRO \u2013 <strong>LOCAL DE PROVA: ITUPIRANGA.<\/strong><\/p><p>EMEF JARGAS GONCALVES PASSARINHO \u2013 AV. 14 DE JULHO, 61 \u2013 BAIRRO CENTRO &#8211; <strong>LOCAL DE PROVA: ITUPIRANGA.<\/strong><\/p><p>EMEF PROFA MARIA DO SOCORRO RICARTE LOPES \u2013 AV. FLORIANOPOLIS, 96 \u2013 BAIRRO NOVO &#8211; <strong>LOCAL DE PROVA: TAIL\u00c2NDIA.<\/strong><\/p><p>\u00a0<\/p><h5>EMEIF JACINTA PIRES \u2013 RUA CARLOS JOSE BORGES, S\/N \u2013 BAIRRO CENTRO &#8211; LOCAL DE PROVA: SANTA MARIA DAS BARREIRAS.<\/h5><p>Em fun\u00e7\u00e3o do n\u00famero de candidatos inscritos, decide-se, <strong>SUSPENDER<\/strong> a oferta do curso de <strong>Licenciatura em Matem\u00e1tica ofertado para o Munic\u00edpio de Abel Figueiredo<\/strong> no Processo Seletivo \u2013 PROSEL 2021. A Fadesp informar que disponibilizar\u00e1 um link para solicita\u00e7\u00e3o do <strong>reembolso da taxa de inscri\u00e7\u00e3o<\/strong> para os candidatos que efetuaram o pagamento do boleto banc\u00e1rio do referido curso. Para mais informa\u00e7\u00f5es <a href=\"http:\/\/concursos2.fadesp.org.br\/proselunifesspa2021\/arquivos\/COMUNICADO_SECTET.pdf\">(clique aqui)<\/a> \u00a0<\/p>\t\t\t\t\t\t\t\t<\/div>\n\t\t\t\t<\/div>\n\t\t\t\t<div class=\"elementor-element elementor-element-519019c1 elementor-widget elementor-widget-text-editor\" data-id=\"519019c1\" data-element_type=\"widget\" data-widget_type=\"text-editor.default\">\n\t\t\t\t<div class=\"elementor-widget-container\">\n\t\t\t\t\t\t\t\t\t<p style=\"text-align: center;\"><span style=\"color: #ffffff;\"><strong>Editais e Avisos<\/strong><\/span><\/p>\t\t\t\t\t\t\t\t<\/div>\n\t\t\t\t<\/div>\n\t\t\t\t<div class=\"elementor-element elementor-element-9352476 elementor-widget elementor-widget-text-editor\" data-id=\"9352476\" data-element_type=\"widget\" data-widget_type=\"text-editor.default\">\n\t\t\t\t<div class=\"elementor-widget-container\">\n\t\t\t\t\t\t\t\t\t<p style=\"text-align: center;\"><a href=\"http:\/\/concursos2.fadesp.org.br\/proselunifesspa2021\/arquivos\/ResultadoDefinitivoUNIFESSPA.pdf\"><strong>Resultado Definitivo do PROSEL 2021<\/strong><\/a><\/p>\n<p style=\"text-align: center;\"><a href=\"http:\/\/concursos2.fadesp.org.br\/proselunifesspa2021\/arquivos\/Resultado\/ResultadoPreliminarUNIFESSPA.pdf\"><strong>Resultado Preliminar do PROSEL 2021<\/strong><\/a><\/p>\n<p style=\"text-align: center;\"><a href=\"http:\/\/concursos2.fadesp.org.br\/proselunifesspa2021\/arquivos\/GABARITO_OFICIAL_DEFINITIVO_PROSEL_2021.pdf\"><strong>Gabarito Oficial Definitivo<\/strong><\/a><\/p>\n<p style=\"text-align: center;\"><a href=\"http:\/\/concursos2.fadesp.org.br\/proselunifesspa2021\/arquivos\/GABARITO_OFICIAL_PRELIMINAR_PROSEL_2021.pdf\"><strong>Gabarito Oficial Preliminar\u00a0<\/strong><\/a><\/p>\n<p style=\"text-align: center;\"><a href=\"http:\/\/concursos2.fadesp.org.br\/proselunifesspa2021\/arquivos\/PROVA_PROSEL_2021.pdf\"><strong>Prova<\/strong><\/a><\/p>\n<p style=\"text-align: center;\"><a href=\"http:\/\/concursos2.fadesp.org.br\/proselunifesspa2021\/arquivos\/Resultado\/ResultadoDefinitivoInscricoes.pdf\"><strong>Resultado Definitivo das Inscri\u00e7\u00f5es<\/strong><\/a><\/p>\n<p style=\"text-align: center;\"><a href=\"http:\/\/concursos2.fadesp.org.br\/proselunifesspa2021\/arquivos\/Resultado\/ResultadoDefinitivoIsencaoHipossuficiencia.pdf\"><strong>Resultado Definitivo da Solicita\u00e7\u00e3o de Isen\u00e7\u00e3o por Hipossufici\u00eancia Financeira<\/strong><\/a><\/p>\n<p style=\"text-align: center;\"><a href=\"..\/wp-content\/uploads\/2021\/11\/CRONOGRAMA-RETIFICADO_UNIFESSPA.pdf\"><strong>Novo Cronograma<\/strong><\/a><\/p>\n<p style=\"text-align: center;\"><a href=\"http:\/\/concursos2.fadesp.org.br\/TutorialinscricaoPROSEL2021.pdf\"><strong>Tutorial de Inscri\u00e7\u00e3o &#8211; PROSEL ESP 2021<\/strong><\/a><\/p>\n<p style=\"text-align: center;\"><a href=\"http:\/\/concursos2.fadesp.org.br\/proselunifesspa2021\/arquivos\/Resultado\/ResultadoIsencaoPcD.pdf\"><strong>Resultado Preliminar da Solicita\u00e7\u00e3o de Isen\u00e7\u00e3o para Pessoas com Defici\u00eancia<\/strong><\/a><\/p>\n<p style=\"text-align: center;\"><a href=\"http:\/\/concursos2.fadesp.org.br\/proselunifesspa2021\/arquivos\/Resultado\/ResultadoIsencaoHipossuficiencia.pdf\"><strong>Resultado Preliminar da Solicita\u00e7\u00e3o de Isen\u00e7\u00e3o por Hipossufici\u00eancia Financeira<\/strong><\/a><\/p>\n<p style=\"text-align: center;\"><a href=\"http:\/\/concursos2.fadesp.org.br\/proselunifesspa2021\/arquivos\/ANEXO_I_RETIFICADO.pdf\"><strong>Anexo I (RETIFICADO)<\/strong><\/a><\/p>\n<p style=\"text-align: center;\"><a href=\"http:\/\/concursos2.fadesp.org.br\/proselunifesspa2021\/arquivos\/COMUNICADO_ENGENHARIA_CIVIL.pdf\"><strong>Comunicado &#8211; Engenharia Civil (Em breve)<\/strong><\/a><\/p>\n<p style=\"text-align: center;\"><a href=\"http:\/\/concursos2.fadesp.org.br\/proselunifesspa2021\/arquivos\/COMUNICADO_ENGENHARIA_DA_COMPUTACAO.pdf\"><strong>Comunicado &#8211; Engenharia da Computa\u00e7\u00e3o <\/strong><\/a><strong><a href=\"http:\/\/concursos2.fadesp.org.br\/proselunifesspa2021\/arquivos\/COMUNICADO_ENGENHARIA_CIVIL.pdf\">(Em breve)<\/a><\/strong><\/p>\n<p style=\"text-align: center;\"><strong><a href=\"http:\/\/concursos2.fadesp.org.br\/proselunifesspa2021\/arquivos\/Edital_PROSEL2021_UNIFESSPA.pdf\">Edital 01 &#8211; Abertura<\/a><\/strong>\n<a href=\"http:\/\/concursos2.fadesp.org.br\/proselunifesspa2021\/arquivos\/COMUNICADOPROSEL.pdf\"><strong>Comunicado PROSEL 2021<\/strong><\/a><\/p>\t\t\t\t\t\t\t\t<\/div>\n\t\t\t\t<\/div>\n\t\t\t\t\t<\/div>\n\t\t<\/div>\n\t\t\t\t\t<\/div>\n\t\t<\/section>\n\t\t\t\t\t<\/div>\n\t\t<\/div>\n\t\t\t\t\t<\/div>\n\t\t<\/section>\n\t\t\t\t<\/div>\n\t\t","protected":false},"excerpt":{"rendered":"<p>Processo Seletivo 2021 &#8211; PROSEL ESP UNIFESSPA O Reitor da Universidade Federal do Sul e Sudeste do Par\u00e1 (Unifesspa) torna p\u00fablica a realiza\u00e7\u00e3o do Processo Seletivo Especial 2021 (PROSEL ESP UNIFESSPA 2021), destinado a selecionar candidatos para o provimento de vagas nos cursos presenciais de gradua\u00e7\u00e3o, em regime especial, mediante conv\u00eanio celebrado com a Secretaria [&hellip;]<\/p>\n","protected":false},"author":9,"featured_media":0,"parent":329,"menu_order":50,"comment_status":"closed","ping_status":"closed","template":"","meta":{"_monsterinsights_skip_tracking":false,"_monsterinsights_sitenote_active":false,"_monsterinsights_sitenote_note":"","_monsterinsights_sitenote_category":0,"footnotes":""},"class_list":["post-20741","page","type-page","status-publish","hentry","entry"],"yoast_head":"<!-- This site is optimized with the Yoast SEO plugin v25.1 - https:\/\/yoast.com\/wordpress\/plugins\/seo\/ -->\n<title>Processo Seletivo 2021 - PROSEL ESP UNIFESSPA - FADESP<\/title>\n<meta name=\"robots\" content=\"index, follow, max-snippet:-1, max-image-preview:large, max-video-preview:-1\" \/>\n<link rel=\"canonical\" href=\"https:\/\/portalfadesp.org.br\/?page_id=20741\" \/>\n<meta property=\"og:locale\" content=\"pt_BR\" \/>\n<meta property=\"og:type\" content=\"article\" \/>\n<meta property=\"og:title\" content=\"Processo Seletivo 2021 - PROSEL ESP UNIFESSPA - FADESP\" \/>\n<meta property=\"og:description\" content=\"Processo Seletivo 2021 &#8211; PROSEL ESP UNIFESSPA O Reitor da Universidade Federal do Sul e Sudeste do Par\u00e1 (Unifesspa) torna p\u00fablica a realiza\u00e7\u00e3o do Processo Seletivo Especial 2021 (PROSEL ESP UNIFESSPA 2021), destinado a selecionar candidatos para o provimento de vagas nos cursos presenciais de gradua\u00e7\u00e3o, em regime especial, mediante conv\u00eanio celebrado com a Secretaria [&hellip;]\" \/>\n<meta property=\"og:url\" content=\"https:\/\/portalfadesp.org.br\/?page_id=20741\" \/>\n<meta property=\"og:site_name\" content=\"FADESP\" \/>\n<meta property=\"article:publisher\" content=\"https:\/\/www.facebook.com\/Fadesp-138351949524662\/\" \/>\n<meta property=\"article:modified_time\" content=\"2022-12-21T16:30:38+00:00\" \/>\n<meta name=\"twitter:card\" content=\"summary_large_image\" \/>\n<meta name=\"twitter:site\" content=\"@Fadesp\" \/>\n<meta name=\"twitter:label1\" content=\"Est. tempo de leitura\" \/>\n\t<meta name=\"twitter:data1\" content=\"3 minutos\" \/>\n<script type=\"application\/ld+json\" class=\"yoast-schema-graph\">{\"@context\":\"https:\/\/schema.org\",\"@graph\":[{\"@type\":\"WebPage\",\"@id\":\"https:\/\/portalfadesp.org.br\/?page_id=20741\",\"url\":\"https:\/\/portalfadesp.org.br\/?page_id=20741\",\"name\":\"Processo Seletivo 2021 - PROSEL ESP UNIFESSPA - FADESP\",\"isPartOf\":{\"@id\":\"https:\/\/portalfadesp.org.br\/#website\"},\"datePublished\":\"2021-10-25T17:23:18+00:00\",\"dateModified\":\"2022-12-21T16:30:38+00:00\",\"breadcrumb\":{\"@id\":\"https:\/\/portalfadesp.org.br\/?page_id=20741#breadcrumb\"},\"inLanguage\":\"pt-BR\",\"potentialAction\":[{\"@type\":\"ReadAction\",\"target\":[\"https:\/\/portalfadesp.org.br\/?page_id=20741\"]}]},{\"@type\":\"BreadcrumbList\",\"@id\":\"https:\/\/portalfadesp.org.br\/?page_id=20741#breadcrumb\",\"itemListElement\":[{\"@type\":\"ListItem\",\"position\":1,\"name\":\"In\u00edcio\",\"item\":\"https:\/\/portalfadesp.org.br\/\"},{\"@type\":\"ListItem\",\"position\":2,\"name\":\"Concursos &#8211; Homologados\",\"item\":\"https:\/\/portalfadesp.org.br\/?page_id=329\"},{\"@type\":\"ListItem\",\"position\":3,\"name\":\"Processo Seletivo 2021 &#8211; PROSEL ESP UNIFESSPA\"}]},{\"@type\":\"WebSite\",\"@id\":\"https:\/\/portalfadesp.org.br\/#website\",\"url\":\"https:\/\/portalfadesp.org.br\/\",\"name\":\"FADESP\",\"description\":\"Funda\u00e7\u00e3o de Amparo e Desenvolvimento da Pesquisa\",\"publisher\":{\"@id\":\"https:\/\/portalfadesp.org.br\/#organization\"},\"potentialAction\":[{\"@type\":\"SearchAction\",\"target\":{\"@type\":\"EntryPoint\",\"urlTemplate\":\"https:\/\/portalfadesp.org.br\/?s={search_term_string}\"},\"query-input\":{\"@type\":\"PropertyValueSpecification\",\"valueRequired\":true,\"valueName\":\"search_term_string\"}}],\"inLanguage\":\"pt-BR\"},{\"@type\":\"Organization\",\"@id\":\"https:\/\/portalfadesp.org.br\/#organization\",\"name\":\"FADESP\",\"url\":\"https:\/\/portalfadesp.org.br\/\",\"logo\":{\"@type\":\"ImageObject\",\"inLanguage\":\"pt-BR\",\"@id\":\"https:\/\/portalfadesp.org.br\/#\/schema\/logo\/image\/\",\"url\":\"https:\/\/portalfadesp.org.br\/wp-content\/uploads\/2024\/01\/NOVOLOGOFADESPlaranjaH.png\",\"contentUrl\":\"https:\/\/portalfadesp.org.br\/wp-content\/uploads\/2024\/01\/NOVOLOGOFADESPlaranjaH.png\",\"width\":2742,\"height\":839,\"caption\":\"FADESP\"},\"image\":{\"@id\":\"https:\/\/portalfadesp.org.br\/#\/schema\/logo\/image\/\"},\"sameAs\":[\"https:\/\/www.facebook.com\/Fadesp-138351949524662\/\",\"https:\/\/x.com\/Fadesp\",\"https:\/\/www.instagram.com\/fadesp_ufpa\/\",\"https:\/\/www.youtube.com\/@fundacaodeamparoedesenvolv1903\",\"https:\/\/www.threads.net\/@fadesp_ufpa\"]}]}<\/script>\n<!-- \/ Yoast SEO plugin. -->","yoast_head_json":{"title":"Processo Seletivo 2021 - PROSEL ESP UNIFESSPA - FADESP","robots":{"index":"index","follow":"follow","max-snippet":"max-snippet:-1","max-image-preview":"max-image-preview:large","max-video-preview":"max-video-preview:-1"},"canonical":"https:\/\/portalfadesp.org.br\/?page_id=20741","og_locale":"pt_BR","og_type":"article","og_title":"Processo Seletivo 2021 - PROSEL ESP UNIFESSPA - FADESP","og_description":"Processo Seletivo 2021 &#8211; PROSEL ESP UNIFESSPA O Reitor da Universidade Federal do Sul e Sudeste do Par\u00e1 (Unifesspa) torna p\u00fablica a realiza\u00e7\u00e3o do Processo Seletivo Especial 2021 (PROSEL ESP UNIFESSPA 2021), destinado a selecionar candidatos para o provimento de vagas nos cursos presenciais de gradua\u00e7\u00e3o, em regime especial, mediante conv\u00eanio celebrado com a Secretaria [&hellip;]","og_url":"https:\/\/portalfadesp.org.br\/?page_id=20741","og_site_name":"FADESP","article_publisher":"https:\/\/www.facebook.com\/Fadesp-138351949524662\/","article_modified_time":"2022-12-21T16:30:38+00:00","twitter_card":"summary_large_image","twitter_site":"@Fadesp","twitter_misc":{"Est. tempo de leitura":"3 minutos"},"schema":{"@context":"https:\/\/schema.org","@graph":[{"@type":"WebPage","@id":"https:\/\/portalfadesp.org.br\/?page_id=20741","url":"https:\/\/portalfadesp.org.br\/?page_id=20741","name":"Processo Seletivo 2021 - PROSEL ESP UNIFESSPA - FADESP","isPartOf":{"@id":"https:\/\/portalfadesp.org.br\/#website"},"datePublished":"2021-10-25T17:23:18+00:00","dateModified":"2022-12-21T16:30:38+00:00","breadcrumb":{"@id":"https:\/\/portalfadesp.org.br\/?page_id=20741#breadcrumb"},"inLanguage":"pt-BR","potentialAction":[{"@type":"ReadAction","target":["https:\/\/portalfadesp.org.br\/?page_id=20741"]}]},{"@type":"BreadcrumbList","@id":"https:\/\/portalfadesp.org.br\/?page_id=20741#breadcrumb","itemListElement":[{"@type":"ListItem","position":1,"name":"In\u00edcio","item":"https:\/\/portalfadesp.org.br\/"},{"@type":"ListItem","position":2,"name":"Concursos &#8211; Homologados","item":"https:\/\/portalfadesp.org.br\/?page_id=329"},{"@type":"ListItem","position":3,"name":"Processo Seletivo 2021 &#8211; PROSEL ESP UNIFESSPA"}]},{"@type":"WebSite","@id":"https:\/\/portalfadesp.org.br\/#website","url":"https:\/\/portalfadesp.org.br\/","name":"FADESP","description":"Funda\u00e7\u00e3o de Amparo e Desenvolvimento da Pesquisa","publisher":{"@id":"https:\/\/portalfadesp.org.br\/#organization"},"potentialAction":[{"@type":"SearchAction","target":{"@type":"EntryPoint","urlTemplate":"https:\/\/portalfadesp.org.br\/?s={search_term_string}"},"query-input":{"@type":"PropertyValueSpecification","valueRequired":true,"valueName":"search_term_string"}}],"inLanguage":"pt-BR"},{"@type":"Organization","@id":"https:\/\/portalfadesp.org.br\/#organization","name":"FADESP","url":"https:\/\/portalfadesp.org.br\/","logo":{"@type":"ImageObject","inLanguage":"pt-BR","@id":"https:\/\/portalfadesp.org.br\/#\/schema\/logo\/image\/","url":"https:\/\/portalfadesp.org.br\/wp-content\/uploads\/2024\/01\/NOVOLOGOFADESPlaranjaH.png","contentUrl":"https:\/\/portalfadesp.org.br\/wp-content\/uploads\/2024\/01\/NOVOLOGOFADESPlaranjaH.png","width":2742,"height":839,"caption":"FADESP"},"image":{"@id":"https:\/\/portalfadesp.org.br\/#\/schema\/logo\/image\/"},"sameAs":["https:\/\/www.facebook.com\/Fadesp-138351949524662\/","https:\/\/x.com\/Fadesp","https:\/\/www.instagram.com\/fadesp_ufpa\/","https:\/\/www.youtube.com\/@fundacaodeamparoedesenvolv1903","https:\/\/www.threads.net\/@fadesp_ufpa"]}]}},"_links":{"self":[{"href":"https:\/\/portalfadesp.org.br\/index.php?rest_route=\/wp\/v2\/pages\/20741","targetHints":{"allow":["GET"]}}],"collection":[{"href":"https:\/\/portalfadesp.org.br\/index.php?rest_route=\/wp\/v2\/pages"}],"about":[{"href":"https:\/\/portalfadesp.org.br\/index.php?rest_route=\/wp\/v2\/types\/page"}],"author":[{"embeddable":true,"href":"https:\/\/portalfadesp.org.br\/index.php?rest_route=\/wp\/v2\/users\/9"}],"replies":[{"embeddable":true,"href":"https:\/\/portalfadesp.org.br\/index.php?rest_route=%2Fwp%2Fv2%2Fcomments&post=20741"}],"version-history":[{"count":150,"href":"https:\/\/portalfadesp.org.br\/index.php?rest_route=\/wp\/v2\/pages\/20741\/revisions"}],"predecessor-version":[{"id":38454,"href":"https:\/\/portalfadesp.org.br\/index.php?rest_route=\/wp\/v2\/pages\/20741\/revisions\/38454"}],"up":[{"embeddable":true,"href":"https:\/\/portalfadesp.org.br\/index.php?rest_route=\/wp\/v2\/pages\/329"}],"wp:attachment":[{"href":"https:\/\/portalfadesp.org.br\/index.php?rest_route=%2Fwp%2Fv2%2Fmedia&parent=20741"}],"curies":[{"name":"wp","href":"https:\/\/api.w.org\/{rel}","templated":true}]}}