{"id":20004,"date":"2021-09-15T10:12:45","date_gmt":"2021-09-15T13:12:45","guid":{"rendered":"https:\/\/162.215.13.167?page_id=20004"},"modified":"2022-12-21T13:50:12","modified_gmt":"2022-12-21T16:50:12","slug":"curso-de-doutorado-em-doencas-tropicais-ppgdt-edital-04-2020-2","status":"publish","type":"page","link":"https:\/\/portalfadesp.org.br\/?page_id=20004","title":{"rendered":"Mestrado Profissional em Doc\u00eancia em Educa\u00e7\u00e3o em Ci\u00eancias e Matem\u00e1ticas"},"content":{"rendered":"\t\t<div data-elementor-type=\"wp-post\" data-elementor-id=\"20004\" class=\"elementor elementor-20004\" data-elementor-post-type=\"page\">\n\t\t\t\t\t\t<section class=\"elementor-section elementor-top-section elementor-element elementor-element-2a40db40 elementor-section-boxed elementor-section-height-default elementor-section-height-default\" data-id=\"2a40db40\" data-element_type=\"section\">\n\t\t\t\t\t\t<div class=\"elementor-container elementor-column-gap-default\">\n\t\t\t\t\t<div class=\"elementor-column elementor-col-100 elementor-top-column elementor-element elementor-element-4e956b47\" data-id=\"4e956b47\" data-element_type=\"column\">\n\t\t\t<div class=\"elementor-widget-wrap elementor-element-populated\">\n\t\t\t\t\t\t<div class=\"elementor-element elementor-element-372de194 elementor-widget elementor-widget-heading\" data-id=\"372de194\" data-element_type=\"widget\" data-widget_type=\"heading.default\">\n\t\t\t\t<div class=\"elementor-widget-container\">\n\t\t\t\t\t<h1 class=\"elementor-heading-title elementor-size-default\">Mestrado Profissional\nem Doc\u00eancia em Educa\u00e7\u00e3o em Ci\u00eancias e Matem\u00e1ticas<\/h1>\t\t\t\t<\/div>\n\t\t\t\t<\/div>\n\t\t\t\t<section class=\"elementor-section elementor-inner-section elementor-element elementor-element-31e54043 elementor-section-boxed elementor-section-height-default elementor-section-height-default\" data-id=\"31e54043\" data-element_type=\"section\">\n\t\t\t\t\t\t<div class=\"elementor-container elementor-column-gap-default\">\n\t\t\t\t\t<div class=\"elementor-column elementor-col-50 elementor-inner-column elementor-element elementor-element-15f41bd\" data-id=\"15f41bd\" data-element_type=\"column\">\n\t\t\t<div class=\"elementor-widget-wrap elementor-element-populated\">\n\t\t\t\t\t\t<div class=\"elementor-element elementor-element-c5bbe27 elementor-widget elementor-widget-text-editor\" data-id=\"c5bbe27\" data-element_type=\"widget\" data-widget_type=\"text-editor.default\">\n\t\t\t\t<div class=\"elementor-widget-container\">\n\t\t\t\t\t\t\t\t\t<p>A Coordena\u00e7\u00e3o do Programa de P\u00f3s-Gradua\u00e7\u00e3o em Doc\u00eancia em Educa\u00e7\u00e3o em Ci\u00eancias e Matem\u00e1ticas (PPGDOC), do Instituto de Educa\u00e7\u00e3o Matem\u00e1tica e Cient\u00edfica (IEMCI) da Universidade Federal do Par\u00e1 (UFPA), no uso de suas atribui\u00e7\u00f5es legais, torna p\u00fablico este edital, que estabelece as normas do processo seletivo para o preenchimento das vagas do Programa de Mestrado Profissional em Doc\u00eancia em Educa\u00e7\u00e3o em Ci\u00eancias e Matem\u00e1ticas \u2013 turma 2022.<\/p><p><strong>Vagas:<\/strong>\u00a0Ser\u00e3o oferecidas <strong>20 (vinte) vagas<\/strong> para a turma 2022, sendo 10 (dez) vagas para Educa\u00e7\u00e3o em Ci\u00eancias 10 (dez) vagas para Educa\u00e7\u00e3o em Matem\u00e1tica.<\/p><p><b>Inscri\u00e7\u00e3o: <\/b>14\/09 a 14\/10\/21.<\/p><p><strong>Taxa de inscri\u00e7\u00e3o:\u00a0<\/strong>R$ 60,00 (sessenta reais)<\/p><p><strong>Link para gerar boleto, <a href=\"http:\/\/cursoseventos.fadesp.org.br\/gui\/\">clique aqui.<\/a><\/strong><\/p><p>Para acessar o link de inscri\u00e7\u00e3o,<strong><a href=\"https:\/\/sigaa.ufpa.br\/sigaa\/public\/programa\/processo_seletivo.jsf?lc=pt_BR&amp;id=1876\"> clique aqui.<\/a><\/strong><\/p>\t\t\t\t\t\t\t\t<\/div>\n\t\t\t\t<\/div>\n\t\t\t\t\t<\/div>\n\t\t<\/div>\n\t\t\t\t<div class=\"elementor-column elementor-col-50 elementor-inner-column elementor-element elementor-element-1a284bc5\" data-id=\"1a284bc5\" data-element_type=\"column\">\n\t\t\t<div class=\"elementor-widget-wrap elementor-element-populated\">\n\t\t\t\t\t\t<div class=\"elementor-element elementor-element-433fb7f0 elementor-widget elementor-widget-text-editor\" data-id=\"433fb7f0\" data-element_type=\"widget\" data-widget_type=\"text-editor.default\">\n\t\t\t\t<div class=\"elementor-widget-container\">\n\t\t\t\t\t\t\t\t\t<p style=\"text-align: center;\"><span style=\"color: #ffffff;\"><strong>Avisos<\/strong><\/span><\/p>\t\t\t\t\t\t\t\t<\/div>\n\t\t\t\t<\/div>\n\t\t\t\t<div class=\"elementor-element elementor-element-9b39849 elementor-widget elementor-widget-text-editor\" data-id=\"9b39849\" data-element_type=\"widget\" data-widget_type=\"text-editor.default\">\n\t\t\t\t<div class=\"elementor-widget-container\">\n\t\t\t\t\t\t\t\t\t<p style=\"text-align: center;\"><span style=\"color: #ffffff;\"><strong>Editais<\/strong><\/span><\/p>\t\t\t\t\t\t\t\t<\/div>\n\t\t\t\t<\/div>\n\t\t\t\t<div class=\"elementor-element elementor-element-61ab10cc elementor-widget elementor-widget-text-editor\" data-id=\"61ab10cc\" data-element_type=\"widget\" data-widget_type=\"text-editor.default\">\n\t\t\t\t<div class=\"elementor-widget-container\">\n\t\t\t\t\t\t\t\t\t<p style=\"text-align: center;\"><strong><a href=\"..\/wp-content\/uploads\/2021\/09\/EDITAL-No-01-2021-PPGDOC-IEMCI-UFPA.pdf\">Edital (Clique aqui)<\/a><\/strong><\/p><p style=\"text-align: center;\"><strong><a href=\"..\/wp-content\/uploads\/2021\/09\/Retificacao-no-01-Edital-PPGDOC.pdf\">Edital Retificado n\u00b01 (Clique aqui)<\/a><\/strong><\/p>\t\t\t\t\t\t\t\t<\/div>\n\t\t\t\t<\/div>\n\t\t\t\t\t<\/div>\n\t\t<\/div>\n\t\t\t\t\t<\/div>\n\t\t<\/section>\n\t\t\t\t\t<\/div>\n\t\t<\/div>\n\t\t\t\t\t<\/div>\n\t\t<\/section>\n\t\t\t\t<\/div>\n\t\t","protected":false},"excerpt":{"rendered":"<p>Mestrado Profissional em Doc\u00eancia em Educa\u00e7\u00e3o em Ci\u00eancias e Matem\u00e1ticas A Coordena\u00e7\u00e3o do Programa de P\u00f3s-Gradua\u00e7\u00e3o em Doc\u00eancia em Educa\u00e7\u00e3o em Ci\u00eancias e Matem\u00e1ticas (PPGDOC), do Instituto de Educa\u00e7\u00e3o Matem\u00e1tica e Cient\u00edfica (IEMCI) da Universidade Federal do Par\u00e1 (UFPA), no uso de suas atribui\u00e7\u00f5es legais, torna p\u00fablico este edital, que estabelece as normas do processo [&hellip;]<\/p>\n","protected":false},"author":12,"featured_media":0,"parent":0,"menu_order":0,"comment_status":"closed","ping_status":"closed","template":"","meta":{"_monsterinsights_skip_tracking":false,"_monsterinsights_sitenote_active":false,"_monsterinsights_sitenote_note":"","_monsterinsights_sitenote_category":0,"footnotes":""},"class_list":["post-20004","page","type-page","status-publish","hentry","entry"],"yoast_head":"<!-- This site is optimized with the Yoast SEO plugin v25.1 - https:\/\/yoast.com\/wordpress\/plugins\/seo\/ -->\n<title>Mestrado Profissional em Doc\u00eancia em Educa\u00e7\u00e3o em Ci\u00eancias e Matem\u00e1ticas - FADESP<\/title>\n<meta name=\"robots\" content=\"index, follow, max-snippet:-1, max-image-preview:large, max-video-preview:-1\" \/>\n<link rel=\"canonical\" href=\"https:\/\/portalfadesp.org.br\/?page_id=20004\" \/>\n<meta property=\"og:locale\" content=\"pt_BR\" \/>\n<meta property=\"og:type\" content=\"article\" \/>\n<meta property=\"og:title\" content=\"Mestrado Profissional em Doc\u00eancia em Educa\u00e7\u00e3o em Ci\u00eancias e Matem\u00e1ticas - FADESP\" \/>\n<meta property=\"og:description\" content=\"Mestrado Profissional em Doc\u00eancia em Educa\u00e7\u00e3o em Ci\u00eancias e Matem\u00e1ticas A Coordena\u00e7\u00e3o do Programa de P\u00f3s-Gradua\u00e7\u00e3o em Doc\u00eancia em Educa\u00e7\u00e3o em Ci\u00eancias e Matem\u00e1ticas (PPGDOC), do Instituto de Educa\u00e7\u00e3o Matem\u00e1tica e Cient\u00edfica (IEMCI) da Universidade Federal do Par\u00e1 (UFPA), no uso de suas atribui\u00e7\u00f5es legais, torna p\u00fablico este edital, que estabelece as normas do processo [&hellip;]\" \/>\n<meta property=\"og:url\" content=\"https:\/\/portalfadesp.org.br\/?page_id=20004\" \/>\n<meta property=\"og:site_name\" content=\"FADESP\" \/>\n<meta property=\"article:publisher\" content=\"https:\/\/www.facebook.com\/Fadesp-138351949524662\/\" \/>\n<meta property=\"article:modified_time\" content=\"2022-12-21T16:50:12+00:00\" \/>\n<meta name=\"twitter:card\" content=\"summary_large_image\" \/>\n<meta name=\"twitter:site\" content=\"@Fadesp\" \/>\n<meta name=\"twitter:label1\" content=\"Est. tempo de leitura\" \/>\n\t<meta name=\"twitter:data1\" content=\"1 minuto\" \/>\n<script type=\"application\/ld+json\" class=\"yoast-schema-graph\">{\"@context\":\"https:\/\/schema.org\",\"@graph\":[{\"@type\":\"WebPage\",\"@id\":\"https:\/\/portalfadesp.org.br\/?page_id=20004\",\"url\":\"https:\/\/portalfadesp.org.br\/?page_id=20004\",\"name\":\"Mestrado Profissional em Doc\u00eancia em Educa\u00e7\u00e3o em Ci\u00eancias e Matem\u00e1ticas - FADESP\",\"isPartOf\":{\"@id\":\"https:\/\/portalfadesp.org.br\/#website\"},\"datePublished\":\"2021-09-15T13:12:45+00:00\",\"dateModified\":\"2022-12-21T16:50:12+00:00\",\"breadcrumb\":{\"@id\":\"https:\/\/portalfadesp.org.br\/?page_id=20004#breadcrumb\"},\"inLanguage\":\"pt-BR\",\"potentialAction\":[{\"@type\":\"ReadAction\",\"target\":[\"https:\/\/portalfadesp.org.br\/?page_id=20004\"]}]},{\"@type\":\"BreadcrumbList\",\"@id\":\"https:\/\/portalfadesp.org.br\/?page_id=20004#breadcrumb\",\"itemListElement\":[{\"@type\":\"ListItem\",\"position\":1,\"name\":\"In\u00edcio\",\"item\":\"https:\/\/portalfadesp.org.br\/\"},{\"@type\":\"ListItem\",\"position\":2,\"name\":\"Mestrado Profissional em Doc\u00eancia em Educa\u00e7\u00e3o em Ci\u00eancias e Matem\u00e1ticas\"}]},{\"@type\":\"WebSite\",\"@id\":\"https:\/\/portalfadesp.org.br\/#website\",\"url\":\"https:\/\/portalfadesp.org.br\/\",\"name\":\"FADESP\",\"description\":\"Funda\u00e7\u00e3o de Amparo e Desenvolvimento da Pesquisa\",\"publisher\":{\"@id\":\"https:\/\/portalfadesp.org.br\/#organization\"},\"potentialAction\":[{\"@type\":\"SearchAction\",\"target\":{\"@type\":\"EntryPoint\",\"urlTemplate\":\"https:\/\/portalfadesp.org.br\/?s={search_term_string}\"},\"query-input\":{\"@type\":\"PropertyValueSpecification\",\"valueRequired\":true,\"valueName\":\"search_term_string\"}}],\"inLanguage\":\"pt-BR\"},{\"@type\":\"Organization\",\"@id\":\"https:\/\/portalfadesp.org.br\/#organization\",\"name\":\"FADESP\",\"url\":\"https:\/\/portalfadesp.org.br\/\",\"logo\":{\"@type\":\"ImageObject\",\"inLanguage\":\"pt-BR\",\"@id\":\"https:\/\/portalfadesp.org.br\/#\/schema\/logo\/image\/\",\"url\":\"https:\/\/portalfadesp.org.br\/wp-content\/uploads\/2024\/01\/NOVOLOGOFADESPlaranjaH.png\",\"contentUrl\":\"https:\/\/portalfadesp.org.br\/wp-content\/uploads\/2024\/01\/NOVOLOGOFADESPlaranjaH.png\",\"width\":2742,\"height\":839,\"caption\":\"FADESP\"},\"image\":{\"@id\":\"https:\/\/portalfadesp.org.br\/#\/schema\/logo\/image\/\"},\"sameAs\":[\"https:\/\/www.facebook.com\/Fadesp-138351949524662\/\",\"https:\/\/x.com\/Fadesp\",\"https:\/\/www.instagram.com\/fadesp_ufpa\/\",\"https:\/\/www.youtube.com\/@fundacaodeamparoedesenvolv1903\",\"https:\/\/www.threads.net\/@fadesp_ufpa\"]}]}<\/script>\n<!-- \/ Yoast SEO plugin. -->","yoast_head_json":{"title":"Mestrado Profissional em Doc\u00eancia em Educa\u00e7\u00e3o em Ci\u00eancias e Matem\u00e1ticas - FADESP","robots":{"index":"index","follow":"follow","max-snippet":"max-snippet:-1","max-image-preview":"max-image-preview:large","max-video-preview":"max-video-preview:-1"},"canonical":"https:\/\/portalfadesp.org.br\/?page_id=20004","og_locale":"pt_BR","og_type":"article","og_title":"Mestrado Profissional em Doc\u00eancia em Educa\u00e7\u00e3o em Ci\u00eancias e Matem\u00e1ticas - FADESP","og_description":"Mestrado Profissional em Doc\u00eancia em Educa\u00e7\u00e3o em Ci\u00eancias e Matem\u00e1ticas A Coordena\u00e7\u00e3o do Programa de P\u00f3s-Gradua\u00e7\u00e3o em Doc\u00eancia em Educa\u00e7\u00e3o em Ci\u00eancias e Matem\u00e1ticas (PPGDOC), do Instituto de Educa\u00e7\u00e3o Matem\u00e1tica e Cient\u00edfica (IEMCI) da Universidade Federal do Par\u00e1 (UFPA), no uso de suas atribui\u00e7\u00f5es legais, torna p\u00fablico este edital, que estabelece as normas do processo [&hellip;]","og_url":"https:\/\/portalfadesp.org.br\/?page_id=20004","og_site_name":"FADESP","article_publisher":"https:\/\/www.facebook.com\/Fadesp-138351949524662\/","article_modified_time":"2022-12-21T16:50:12+00:00","twitter_card":"summary_large_image","twitter_site":"@Fadesp","twitter_misc":{"Est. tempo de leitura":"1 minuto"},"schema":{"@context":"https:\/\/schema.org","@graph":[{"@type":"WebPage","@id":"https:\/\/portalfadesp.org.br\/?page_id=20004","url":"https:\/\/portalfadesp.org.br\/?page_id=20004","name":"Mestrado Profissional em Doc\u00eancia em Educa\u00e7\u00e3o em Ci\u00eancias e Matem\u00e1ticas - FADESP","isPartOf":{"@id":"https:\/\/portalfadesp.org.br\/#website"},"datePublished":"2021-09-15T13:12:45+00:00","dateModified":"2022-12-21T16:50:12+00:00","breadcrumb":{"@id":"https:\/\/portalfadesp.org.br\/?page_id=20004#breadcrumb"},"inLanguage":"pt-BR","potentialAction":[{"@type":"ReadAction","target":["https:\/\/portalfadesp.org.br\/?page_id=20004"]}]},{"@type":"BreadcrumbList","@id":"https:\/\/portalfadesp.org.br\/?page_id=20004#breadcrumb","itemListElement":[{"@type":"ListItem","position":1,"name":"In\u00edcio","item":"https:\/\/portalfadesp.org.br\/"},{"@type":"ListItem","position":2,"name":"Mestrado Profissional em Doc\u00eancia em Educa\u00e7\u00e3o em Ci\u00eancias e Matem\u00e1ticas"}]},{"@type":"WebSite","@id":"https:\/\/portalfadesp.org.br\/#website","url":"https:\/\/portalfadesp.org.br\/","name":"FADESP","description":"Funda\u00e7\u00e3o de Amparo e Desenvolvimento da Pesquisa","publisher":{"@id":"https:\/\/portalfadesp.org.br\/#organization"},"potentialAction":[{"@type":"SearchAction","target":{"@type":"EntryPoint","urlTemplate":"https:\/\/portalfadesp.org.br\/?s={search_term_string}"},"query-input":{"@type":"PropertyValueSpecification","valueRequired":true,"valueName":"search_term_string"}}],"inLanguage":"pt-BR"},{"@type":"Organization","@id":"https:\/\/portalfadesp.org.br\/#organization","name":"FADESP","url":"https:\/\/portalfadesp.org.br\/","logo":{"@type":"ImageObject","inLanguage":"pt-BR","@id":"https:\/\/portalfadesp.org.br\/#\/schema\/logo\/image\/","url":"https:\/\/portalfadesp.org.br\/wp-content\/uploads\/2024\/01\/NOVOLOGOFADESPlaranjaH.png","contentUrl":"https:\/\/portalfadesp.org.br\/wp-content\/uploads\/2024\/01\/NOVOLOGOFADESPlaranjaH.png","width":2742,"height":839,"caption":"FADESP"},"image":{"@id":"https:\/\/portalfadesp.org.br\/#\/schema\/logo\/image\/"},"sameAs":["https:\/\/www.facebook.com\/Fadesp-138351949524662\/","https:\/\/x.com\/Fadesp","https:\/\/www.instagram.com\/fadesp_ufpa\/","https:\/\/www.youtube.com\/@fundacaodeamparoedesenvolv1903","https:\/\/www.threads.net\/@fadesp_ufpa"]}]}},"_links":{"self":[{"href":"https:\/\/portalfadesp.org.br\/index.php?rest_route=\/wp\/v2\/pages\/20004","targetHints":{"allow":["GET"]}}],"collection":[{"href":"https:\/\/portalfadesp.org.br\/index.php?rest_route=\/wp\/v2\/pages"}],"about":[{"href":"https:\/\/portalfadesp.org.br\/index.php?rest_route=\/wp\/v2\/types\/page"}],"author":[{"embeddable":true,"href":"https:\/\/portalfadesp.org.br\/index.php?rest_route=\/wp\/v2\/users\/12"}],"replies":[{"embeddable":true,"href":"https:\/\/portalfadesp.org.br\/index.php?rest_route=%2Fwp%2Fv2%2Fcomments&post=20004"}],"version-history":[{"count":25,"href":"https:\/\/portalfadesp.org.br\/index.php?rest_route=\/wp\/v2\/pages\/20004\/revisions"}],"predecessor-version":[{"id":38549,"href":"https:\/\/portalfadesp.org.br\/index.php?rest_route=\/wp\/v2\/pages\/20004\/revisions\/38549"}],"wp:attachment":[{"href":"https:\/\/portalfadesp.org.br\/index.php?rest_route=%2Fwp%2Fv2%2Fmedia&parent=20004"}],"curies":[{"name":"wp","href":"https:\/\/api.w.org\/{rel}","templated":true}]}}