{"id":19113,"date":"2021-08-22T12:29:49","date_gmt":"2021-08-22T15:29:49","guid":{"rendered":"https:\/\/162.215.13.167?page_id=19113"},"modified":"2022-12-20T10:56:39","modified_gmt":"2022-12-20T13:56:39","slug":"prefeitura-municipal-de-cameta-pss-acs-2021","status":"publish","type":"page","link":"https:\/\/portalfadesp.org.br\/?page_id=19113","title":{"rendered":"Prefeitura Municipal de Camet\u00e1 \u2013 PSS ACS\/2021"},"content":{"rendered":"\t\t<div data-elementor-type=\"wp-page\" data-elementor-id=\"19113\" class=\"elementor elementor-19113\" data-elementor-post-type=\"page\">\n\t\t\t\t\t\t<section class=\"elementor-section elementor-top-section elementor-element elementor-element-7759e82 elementor-section-boxed elementor-section-height-default elementor-section-height-default\" data-id=\"7759e82\" data-element_type=\"section\">\n\t\t\t\t\t\t<div class=\"elementor-container elementor-column-gap-default\">\n\t\t\t\t\t<div class=\"elementor-column elementor-col-100 elementor-top-column elementor-element elementor-element-288dbe9\" data-id=\"288dbe9\" data-element_type=\"column\">\n\t\t\t<div class=\"elementor-widget-wrap elementor-element-populated\">\n\t\t\t\t\t\t<div class=\"elementor-element elementor-element-1ce31c8 elementor-widget elementor-widget-heading\" data-id=\"1ce31c8\" data-element_type=\"widget\" data-widget_type=\"heading.default\">\n\t\t\t\t<div class=\"elementor-widget-container\">\n\t\t\t\t\t<h1 class=\"elementor-heading-title elementor-size-default\">Prefeitura Municipal de Camet\u00e1 \u2013 PSP ACS\/2021<\/h1>\t\t\t\t<\/div>\n\t\t\t\t<\/div>\n\t\t\t\t<section class=\"elementor-section elementor-inner-section elementor-element elementor-element-5ba10ed elementor-section-boxed elementor-section-height-default elementor-section-height-default\" data-id=\"5ba10ed\" data-element_type=\"section\">\n\t\t\t\t\t\t<div class=\"elementor-container elementor-column-gap-default\">\n\t\t\t\t\t<div class=\"elementor-column elementor-col-50 elementor-inner-column elementor-element elementor-element-0b38389\" data-id=\"0b38389\" data-element_type=\"column\">\n\t\t\t<div class=\"elementor-widget-wrap elementor-element-populated\">\n\t\t\t\t\t\t<div class=\"elementor-element elementor-element-390424d elementor-widget elementor-widget-text-editor\" data-id=\"390424d\" data-element_type=\"widget\" data-widget_type=\"text-editor.default\">\n\t\t\t\t<div class=\"elementor-widget-container\">\n\t\t\t\t\t\t\t\t\t<p>A Prefeitura Municipal de Camet\u00e1 (PMC), atrav\u00e9s da Secretaria Municipal de Sa\u00fade, supervisionado pela Secretaria Municipal de Administra\u00e7\u00e3o, torna p\u00fablico o <strong>Edital de Abertura do Processo Seletivo P\u00fablico, Edital n\u00b0 01\/2021\/PMC\/ACS<\/strong>, destinado ao preenchimento de vagas na esfera municipal para o cargo de <strong>Agente Comunit\u00e1rio de Sa\u00fade (ACS)<\/strong>, conforme itens, subitens e anexos do Edital supracitados.<\/p>\n<p><strong>Vagas Imediatas: <\/strong>135 (cento e trinta e cinco)<\/p>\n<p><strong>Cadastro Reserva:<\/strong> 26 (vinte e seis)<\/p>\n<p><strong>Cargos:<\/strong> Agente Comunit\u00e1rio de Sa\u00fade (ACS)<\/p>\n<p><strong>Taxa:<\/strong> R$ 70,00.<\/p>\n<p><strong>Escolaridade:<\/strong> N\u00edvel M\u00e9dio<\/p>\n<hr>\n<p><strong>Datas importantes:<\/strong><\/p>\n<p><strong>Per\u00edodo de Inscri\u00e7\u00e3o:<\/strong> 25\/08\/21 a 13\/09\/21<\/p>\n<p><strong>Pedido de isen\u00e7\u00e3o para PcD:<\/strong> 25 a 27\/08\/21<\/p>\n<p><strong>Pagamento da taxa de inscri\u00e7\u00e3o:<\/strong>&nbsp;14\/09\/21<\/p>\n<p><strong>Impress\u00e3o do cart\u00e3o de confirma\u00e7\u00e3o da 1\u00aa etapa:<\/strong> 29\/09\/21 a 03\/10\/21<\/p>\n<p><strong>Data e hora prova objetiva da 1\u00aa etapa:<\/strong> 03\/10\/21 &#8211; 9h \u00e0s 12h<\/p>\n<p><strong>Impress\u00e3o do cart\u00e3o de confirma\u00e7\u00e3o da 2\u00aa etapa:<\/strong> 29 a 30\/10\/21<\/p>\n<p><strong>Data e hora prova objetiva da 2\u00aa etapa:<\/strong> 31\/10\/21 &#8211; 9h \u00e0s 12h<\/p>\t\t\t\t\t\t\t\t<\/div>\n\t\t\t\t<\/div>\n\t\t\t\t\t<\/div>\n\t\t<\/div>\n\t\t\t\t<div class=\"elementor-column elementor-col-50 elementor-inner-column elementor-element elementor-element-7503a48\" data-id=\"7503a48\" data-element_type=\"column\">\n\t\t\t<div class=\"elementor-widget-wrap elementor-element-populated\">\n\t\t\t\t\t\t<div class=\"elementor-element elementor-element-d825992 elementor-widget elementor-widget-text-editor\" data-id=\"d825992\" data-element_type=\"widget\" data-widget_type=\"text-editor.default\">\n\t\t\t\t<div class=\"elementor-widget-container\">\n\t\t\t\t\t\t\t\t\t<p><span style=\"color: #ffffff;\"><strong>Acompanhe sua Inscri\u00e7\u00e3o<\/strong><\/span><\/p>\t\t\t\t\t\t\t\t<\/div>\n\t\t\t\t<\/div>\n\t\t\t\t<div class=\"elementor-element elementor-element-02cf567 elementor-widget elementor-widget-text-editor\" data-id=\"02cf567\" data-element_type=\"widget\" data-widget_type=\"text-editor.default\">\n\t\t\t\t<div class=\"elementor-widget-container\">\n\t\t\t\t\t\t\t\t\t<div class=\"botaoBug\"><a href=\"http:\/\/concursos.fadesp.org.br\/psspmc2021\/web\/index_recurso.php\"><span style=\"color: #ffffff;\"><b>Recurso On-line<\/b><\/span><\/a><\/div>\n\t\t\t\t\t\t\t\t<\/div>\n\t\t\t\t<\/div>\n\t\t\t\t<div class=\"elementor-element elementor-element-0320904 elementor-widget elementor-widget-text-editor\" data-id=\"0320904\" data-element_type=\"widget\" data-widget_type=\"text-editor.default\">\n\t\t\t\t<div class=\"elementor-widget-container\">\n\t\t\t\t\t\t\t\t\t<div class=\"botaoBug\"><a href=\"http:\/\/concursos.fadesp.org.br\/psspmc2021\/web\/\"><span style=\"color: #ffffff;\"><b>\u00c1rea do Candidato<\/b><\/span><\/a><\/div>\t\t\t\t\t\t\t\t<\/div>\n\t\t\t\t<\/div>\n\t\t\t\t<div class=\"elementor-element elementor-element-04ce59d textoInfo elementor-widget elementor-widget-text-editor\" data-id=\"04ce59d\" data-element_type=\"widget\" data-widget_type=\"text-editor.default\">\n\t\t\t\t<div class=\"elementor-widget-container\">\n\t\t\t\t\t\t\t\t\t<p style=\"text-align: center;\"><a href=\"http:\/\/concursos.fadesp.org.br\/psspmc2021\/arquivos\/Nota_ResultadoPreliminar_1_etapa.pdf\"><strong>NOTA DE ESCLARECIMENTO QUANTO AO RESULTADO PRELIMINAR DA PRIMEIRA ETAPA DO PROCESSO SELETIVO P\u00daBLICO AO CARGO DE AGENTE COMUNIT\u00c1RIO DE SA\u00daDE<\/strong><\/a><\/p>\t\t\t\t\t\t\t\t<\/div>\n\t\t\t\t<\/div>\n\t\t\t\t<div class=\"elementor-element elementor-element-81ea865 elementor-widget elementor-widget-text-editor\" data-id=\"81ea865\" data-element_type=\"widget\" data-widget_type=\"text-editor.default\">\n\t\t\t\t<div class=\"elementor-widget-container\">\n\t\t\t\t\t\t\t\t\t<p style=\"text-align: center;\"><span style=\"color: #ffffff;\"><strong>Resultados<\/strong><\/span><\/p>\t\t\t\t\t\t\t\t<\/div>\n\t\t\t\t<\/div>\n\t\t\t\t<div class=\"elementor-element elementor-element-898101b elementor-widget elementor-widget-text-editor\" data-id=\"898101b\" data-element_type=\"widget\" data-widget_type=\"text-editor.default\">\n\t\t\t\t<div class=\"elementor-widget-container\">\n\t\t\t\t\t\t\t\t\t<p style=\"text-align: center;\"><a href=\"http:\/\/concursos.fadesp.org.br\/psspmc2021\/arquivos\/ResultadoFinalDefinitivo.pdf\"><strong>Resultado Final Definitivo<\/strong><\/a><\/p><p style=\"text-align: center;\"><a href=\"http:\/\/concursos.fadesp.org.br\/psspmc2021\/arquivos\/ResultadoFinalPreliminar.pdf\"><strong>Resultado Final Preliminar<\/strong><\/a><\/p><p style=\"text-align: center;\"><a href=\"http:\/\/concursos.fadesp.org.br\/psspmc2021\/arquivos\/ResultadoDefinitivo_2_ETAPA.pdf\"><strong>Resultado Definitivo da 2\u00aa Etapa<\/strong><\/a><\/p><p style=\"text-align: center;\"><a href=\"http:\/\/concursos.fadesp.org.br\/psspmc2021\/arquivos\/ResultadoPreliminar_2_ETAPA.pdf\"><strong>Resultado Preliminar da 2\u00aa Etapa<\/strong><\/a><\/p><p style=\"text-align: center;\"><a href=\"http:\/\/concursos.fadesp.org.br\/psspmc2021\/arquivos\/GABARITO_OFICIAL_DEFINITIVO_2_ETAPA.pdf\"><strong>Gabarito Oficial Definitivo 2<\/strong><\/a><strong><a href=\"http:\/\/concursos.fadesp.org.br\/psspmc2021\/arquivos\/PROVA_OBJETIVA_1_ETAPA.pdf\"><b>\u00aa<\/b><\/a> Etapa<\/strong><\/p><p style=\"text-align: center;\"><a href=\"http:\/\/concursos.fadesp.org.br\/psspmc2021\/arquivos\/GABARITO_OFICIAL_PRELIMINAR_2_ETAPA.pdf\"><strong>Gabarito Oficial Preliminar 2<\/strong><\/a><strong><a href=\"http:\/\/concursos.fadesp.org.br\/psspmc2021\/arquivos\/PROVA_OBJETIVA_1_ETAPA.pdf\"><b>\u00aa<\/b><\/a> Etapa<\/strong><\/p><p style=\"text-align: center;\"><a href=\"http:\/\/concursos.fadesp.org.br\/psspmc2021\/arquivos\/PROVA_OBJETIVA_2_ETAPA.pdf\"><b>Prova Objetiva 2\u00aa Etapa<\/b><\/a><\/p><p style=\"text-align: center;\"><a href=\"http:\/\/concursos.fadesp.org.br\/psspmc2021\/arquivos\/ResultadoFrequenciaCurso_2_ETAPA.pdf\"><strong>Resultado Quanto a Frequ\u00eancia do Curso Preparat\u00f3rio da 2\u00aa Etapa<\/strong><\/a><\/p><p style=\"text-align: center;\"><a href=\"http:\/\/concursos.fadesp.org.br\/psspmc2021\/arquivos\/Edital-03_Retificacao_horario_prova_objetiva_2_etapa.pdf\"><strong>Edital 03 &#8211; Retifica\u00e7\u00e3o do hor\u00e1rio da aplica\u00e7\u00e3o da Prova Objetiva da 2\u00aa Etapa<\/strong><\/a><\/p><p style=\"text-align: center;\"><a href=\"http:\/\/concursos.fadesp.org.br\/psspmc2021\/arquivos\/EditalConvocacao_2_ETAPA.pdf\"><strong>Edital 02 &#8211; Convoca\u00e7\u00e3o ao Curso Preparat\u00f3rio de Agente Comunit\u00e1rio de Sa\u00fade &#8211; ACS<\/strong><\/a><\/p><p style=\"text-align: center;\"><a href=\"http:\/\/concursos.fadesp.org.br\/psspmc2021\/arquivos\/ResultadoDefinitivo_1_ETAPA.pdf\"><strong>Resultado Definitivo da 1\u00aa Etapa<\/strong><\/a><\/p><p style=\"text-align: center;\"><a href=\"http:\/\/concursos.fadesp.org.br\/psspmc2021\/arquivos\/ResultadoPreliminar_1_ETAPA.pdf\"><strong>Resultado Preliminar da 1\u00aa Etapa<\/strong><\/a><\/p><p style=\"text-align: center;\"><a href=\"http:\/\/concursos.fadesp.org.br\/psspmc2021\/arquivos\/GABARITO_OFICIAL_DEFINITIVO_1_ETAPA.pdf\"><strong>Gabarito Oficial Definitivo 1<\/strong><strong><b>\u00aa<\/b> Etapa<\/strong><\/a><\/p><p style=\"text-align: center;\"><a href=\"http:\/\/concursos.fadesp.org.br\/psspmc2021\/arquivos\/GABARITO_OFICIAL_PRELIMINAR_1_ETAPA.pdf\"><strong>Gabarito Oficial Preliminar 1<\/strong><\/a><strong><a href=\"http:\/\/concursos.fadesp.org.br\/psspmc2021\/arquivos\/PROVA_OBJETIVA_1_ETAPA.pdf\"><b>\u00aa<\/b><\/a> Etapa<\/strong><\/p><p style=\"text-align: center;\"><a href=\"http:\/\/concursos.fadesp.org.br\/psspmc2021\/arquivos\/PROVA_OBJETIVA_1_ETAPA.pdf\"><b>Prova Objetiva 1\u00aa Etapa<\/b><\/a><\/p><p style=\"text-align: center;\"><a href=\"http:\/\/concursos.fadesp.org.br\/psspmc2021\/arquivos\/Demanda.pdf\"><strong>Demanda<\/strong><\/a><\/p><p style=\"text-align: center;\"><strong><a href=\"http:\/\/concursos.fadesp.org.br\/psspmc2021\/web\/index_recurso.php\">Resposta dos Recursos &#8211; Resultado Preliminar das Inscri\u00e7\u00f5es<\/a><\/strong><\/p><p style=\"text-align: center;\"><a href=\"http:\/\/concursos.fadesp.org.br\/psspmc2021\/arquivos\/ResultadoDefinitivodasInscricoes.pdf\"><strong>Resultado Definitivo das Inscri\u00e7\u00f5es<\/strong><\/a><\/p><p style=\"text-align: center;\"><strong><a href=\"http:\/\/concursos.fadesp.org.br\/psspmc2021\/arquivos\/ResultadoDefinitivodasInscricoesPCDAtendimentoEspecial.pdf\">Resultado Definitivo PCD e Atendimento Especial<\/a><\/strong><\/p><p style=\"text-align: center;\"><a href=\"http:\/\/concursos.fadesp.org.br\/psspmc2021\/arquivos\/ResultadoPreliminardasInscri\u00e7\u00f5es.pdf\"><strong>Resultado Preliminar das Inscri\u00e7\u00f5es<\/strong><\/a><\/p><p style=\"text-align: center;\"><a href=\"http:\/\/concursos.fadesp.org.br\/psspmc2021\/arquivos\/ResultadoPreliminardasInscri\u00e7\u00f5esPCD.pdf\"><strong>Resultado Preliminar das Inscri\u00e7\u00f5es PCD<\/strong><\/a><\/p><p style=\"text-align: center;\"><strong><a href=\"http:\/\/concursos.fadesp.org.br\/psspmc2021\/arquivos\/ResultadoIsencaoPCD.pdf\">Resultado &#8211; Isen\u00e7\u00e3o PCD<\/a><\/strong><\/p>\t\t\t\t\t\t\t\t<\/div>\n\t\t\t\t<\/div>\n\t\t\t\t<div class=\"elementor-element elementor-element-8107446 elementor-widget elementor-widget-text-editor\" data-id=\"8107446\" data-element_type=\"widget\" data-widget_type=\"text-editor.default\">\n\t\t\t\t<div class=\"elementor-widget-container\">\n\t\t\t\t\t\t\t\t\t<p style=\"text-align: center;\"><span style=\"color: #ffffff;\"><strong>Editais e Avisos<\/strong><\/span><\/p>\t\t\t\t\t\t\t\t<\/div>\n\t\t\t\t<\/div>\n\t\t\t\t<div class=\"elementor-element elementor-element-500e575 elementor-widget elementor-widget-text-editor\" data-id=\"500e575\" data-element_type=\"widget\" data-widget_type=\"text-editor.default\">\n\t\t\t\t<div class=\"elementor-widget-container\">\n\t\t\t\t\t\t\t\t\t<p style=\"text-align: center;\"><strong><a href=\"http:\/\/concursos.fadesp.org.br\/psspmc2021\/arquivos\/Quadro_de_vagas.pdf\">Quadro de vagas<\/a><\/strong><\/p><p style=\"text-align: center;\"><strong><a href=\"http:\/\/concursos.fadesp.org.br\/psspmc2021\/arquivos\/Requisitos_para_posse_no_cargo_e_remunera\u00e7\u00e3o.pdf\">Requisitos Para Posso no Carto e Remunera\u00e7\u00e3o<\/a><\/strong><\/p><p style=\"text-align: center;\"><strong>Edital 01 <a href=\"http:\/\/concursos.fadesp.org.br\/psspmc2021\/arquivos\/Edital_de_Abertura_N-01_2021_PM-CACS.pdf\" target=\"_blank\" rel=\"noopener\">(Clique Aqui)<\/a><\/strong><\/p>\t\t\t\t\t\t\t\t<\/div>\n\t\t\t\t<\/div>\n\t\t\t\t\t<\/div>\n\t\t<\/div>\n\t\t\t\t\t<\/div>\n\t\t<\/section>\n\t\t\t\t\t<\/div>\n\t\t<\/div>\n\t\t\t\t\t<\/div>\n\t\t<\/section>\n\t\t\t\t<\/div>\n\t\t","protected":false},"excerpt":{"rendered":"<p>Prefeitura Municipal de Camet\u00e1 \u2013 PSP ACS\/2021 A Prefeitura Municipal de Camet\u00e1 (PMC), atrav\u00e9s da Secretaria Municipal de Sa\u00fade, supervisionado pela Secretaria Municipal de Administra\u00e7\u00e3o, torna p\u00fablico o Edital de Abertura do Processo Seletivo P\u00fablico, Edital n\u00b0 01\/2021\/PMC\/ACS, destinado ao preenchimento de vagas na esfera municipal para o cargo de Agente Comunit\u00e1rio de Sa\u00fade (ACS), [&hellip;]<\/p>\n","protected":false},"author":9,"featured_media":0,"parent":329,"menu_order":0,"comment_status":"closed","ping_status":"closed","template":"","meta":{"_monsterinsights_skip_tracking":false,"_monsterinsights_sitenote_active":false,"_monsterinsights_sitenote_note":"","_monsterinsights_sitenote_category":0,"footnotes":""},"class_list":["post-19113","page","type-page","status-publish","hentry","entry"],"yoast_head":"<!-- This site is optimized with the Yoast SEO plugin v25.1 - https:\/\/yoast.com\/wordpress\/plugins\/seo\/ -->\n<title>Prefeitura Municipal de Camet\u00e1 \u2013 PSS ACS\/2021 - FADESP<\/title>\n<meta name=\"robots\" content=\"index, follow, max-snippet:-1, max-image-preview:large, max-video-preview:-1\" \/>\n<link rel=\"canonical\" href=\"https:\/\/portalfadesp.org.br\/?page_id=19113\" \/>\n<meta property=\"og:locale\" content=\"pt_BR\" \/>\n<meta property=\"og:type\" content=\"article\" \/>\n<meta property=\"og:title\" content=\"Prefeitura Municipal de Camet\u00e1 \u2013 PSS ACS\/2021 - FADESP\" \/>\n<meta property=\"og:description\" content=\"Prefeitura Municipal de Camet\u00e1 \u2013 PSP ACS\/2021 A Prefeitura Municipal de Camet\u00e1 (PMC), atrav\u00e9s da Secretaria Municipal de Sa\u00fade, supervisionado pela Secretaria Municipal de Administra\u00e7\u00e3o, torna p\u00fablico o Edital de Abertura do Processo Seletivo P\u00fablico, Edital n\u00b0 01\/2021\/PMC\/ACS, destinado ao preenchimento de vagas na esfera municipal para o cargo de Agente Comunit\u00e1rio de Sa\u00fade (ACS), [&hellip;]\" \/>\n<meta property=\"og:url\" content=\"https:\/\/portalfadesp.org.br\/?page_id=19113\" \/>\n<meta property=\"og:site_name\" content=\"FADESP\" \/>\n<meta property=\"article:publisher\" content=\"https:\/\/www.facebook.com\/Fadesp-138351949524662\/\" \/>\n<meta property=\"article:modified_time\" content=\"2022-12-20T13:56:39+00:00\" \/>\n<meta name=\"twitter:card\" content=\"summary_large_image\" \/>\n<meta name=\"twitter:site\" content=\"@Fadesp\" \/>\n<meta name=\"twitter:label1\" content=\"Est. tempo de leitura\" \/>\n\t<meta name=\"twitter:data1\" content=\"2 minutos\" \/>\n<script type=\"application\/ld+json\" class=\"yoast-schema-graph\">{\"@context\":\"https:\/\/schema.org\",\"@graph\":[{\"@type\":\"WebPage\",\"@id\":\"https:\/\/portalfadesp.org.br\/?page_id=19113\",\"url\":\"https:\/\/portalfadesp.org.br\/?page_id=19113\",\"name\":\"Prefeitura Municipal de Camet\u00e1 \u2013 PSS ACS\/2021 - FADESP\",\"isPartOf\":{\"@id\":\"https:\/\/portalfadesp.org.br\/#website\"},\"datePublished\":\"2021-08-22T15:29:49+00:00\",\"dateModified\":\"2022-12-20T13:56:39+00:00\",\"breadcrumb\":{\"@id\":\"https:\/\/portalfadesp.org.br\/?page_id=19113#breadcrumb\"},\"inLanguage\":\"pt-BR\",\"potentialAction\":[{\"@type\":\"ReadAction\",\"target\":[\"https:\/\/portalfadesp.org.br\/?page_id=19113\"]}]},{\"@type\":\"BreadcrumbList\",\"@id\":\"https:\/\/portalfadesp.org.br\/?page_id=19113#breadcrumb\",\"itemListElement\":[{\"@type\":\"ListItem\",\"position\":1,\"name\":\"In\u00edcio\",\"item\":\"https:\/\/portalfadesp.org.br\/\"},{\"@type\":\"ListItem\",\"position\":2,\"name\":\"Concursos &#8211; Homologados\",\"item\":\"https:\/\/portalfadesp.org.br\/?page_id=329\"},{\"@type\":\"ListItem\",\"position\":3,\"name\":\"Prefeitura Municipal de Camet\u00e1 \u2013 PSS ACS\/2021\"}]},{\"@type\":\"WebSite\",\"@id\":\"https:\/\/portalfadesp.org.br\/#website\",\"url\":\"https:\/\/portalfadesp.org.br\/\",\"name\":\"FADESP\",\"description\":\"Funda\u00e7\u00e3o de Amparo e Desenvolvimento da Pesquisa\",\"publisher\":{\"@id\":\"https:\/\/portalfadesp.org.br\/#organization\"},\"potentialAction\":[{\"@type\":\"SearchAction\",\"target\":{\"@type\":\"EntryPoint\",\"urlTemplate\":\"https:\/\/portalfadesp.org.br\/?s={search_term_string}\"},\"query-input\":{\"@type\":\"PropertyValueSpecification\",\"valueRequired\":true,\"valueName\":\"search_term_string\"}}],\"inLanguage\":\"pt-BR\"},{\"@type\":\"Organization\",\"@id\":\"https:\/\/portalfadesp.org.br\/#organization\",\"name\":\"FADESP\",\"url\":\"https:\/\/portalfadesp.org.br\/\",\"logo\":{\"@type\":\"ImageObject\",\"inLanguage\":\"pt-BR\",\"@id\":\"https:\/\/portalfadesp.org.br\/#\/schema\/logo\/image\/\",\"url\":\"https:\/\/portalfadesp.org.br\/wp-content\/uploads\/2024\/01\/NOVOLOGOFADESPlaranjaH.png\",\"contentUrl\":\"https:\/\/portalfadesp.org.br\/wp-content\/uploads\/2024\/01\/NOVOLOGOFADESPlaranjaH.png\",\"width\":2742,\"height\":839,\"caption\":\"FADESP\"},\"image\":{\"@id\":\"https:\/\/portalfadesp.org.br\/#\/schema\/logo\/image\/\"},\"sameAs\":[\"https:\/\/www.facebook.com\/Fadesp-138351949524662\/\",\"https:\/\/x.com\/Fadesp\",\"https:\/\/www.instagram.com\/fadesp_ufpa\/\",\"https:\/\/www.youtube.com\/@fundacaodeamparoedesenvolv1903\",\"https:\/\/www.threads.net\/@fadesp_ufpa\"]}]}<\/script>\n<!-- \/ Yoast SEO plugin. -->","yoast_head_json":{"title":"Prefeitura Municipal de Camet\u00e1 \u2013 PSS ACS\/2021 - FADESP","robots":{"index":"index","follow":"follow","max-snippet":"max-snippet:-1","max-image-preview":"max-image-preview:large","max-video-preview":"max-video-preview:-1"},"canonical":"https:\/\/portalfadesp.org.br\/?page_id=19113","og_locale":"pt_BR","og_type":"article","og_title":"Prefeitura Municipal de Camet\u00e1 \u2013 PSS ACS\/2021 - FADESP","og_description":"Prefeitura Municipal de Camet\u00e1 \u2013 PSP ACS\/2021 A Prefeitura Municipal de Camet\u00e1 (PMC), atrav\u00e9s da Secretaria Municipal de Sa\u00fade, supervisionado pela Secretaria Municipal de Administra\u00e7\u00e3o, torna p\u00fablico o Edital de Abertura do Processo Seletivo P\u00fablico, Edital n\u00b0 01\/2021\/PMC\/ACS, destinado ao preenchimento de vagas na esfera municipal para o cargo de Agente Comunit\u00e1rio de Sa\u00fade (ACS), [&hellip;]","og_url":"https:\/\/portalfadesp.org.br\/?page_id=19113","og_site_name":"FADESP","article_publisher":"https:\/\/www.facebook.com\/Fadesp-138351949524662\/","article_modified_time":"2022-12-20T13:56:39+00:00","twitter_card":"summary_large_image","twitter_site":"@Fadesp","twitter_misc":{"Est. tempo de leitura":"2 minutos"},"schema":{"@context":"https:\/\/schema.org","@graph":[{"@type":"WebPage","@id":"https:\/\/portalfadesp.org.br\/?page_id=19113","url":"https:\/\/portalfadesp.org.br\/?page_id=19113","name":"Prefeitura Municipal de Camet\u00e1 \u2013 PSS ACS\/2021 - FADESP","isPartOf":{"@id":"https:\/\/portalfadesp.org.br\/#website"},"datePublished":"2021-08-22T15:29:49+00:00","dateModified":"2022-12-20T13:56:39+00:00","breadcrumb":{"@id":"https:\/\/portalfadesp.org.br\/?page_id=19113#breadcrumb"},"inLanguage":"pt-BR","potentialAction":[{"@type":"ReadAction","target":["https:\/\/portalfadesp.org.br\/?page_id=19113"]}]},{"@type":"BreadcrumbList","@id":"https:\/\/portalfadesp.org.br\/?page_id=19113#breadcrumb","itemListElement":[{"@type":"ListItem","position":1,"name":"In\u00edcio","item":"https:\/\/portalfadesp.org.br\/"},{"@type":"ListItem","position":2,"name":"Concursos &#8211; Homologados","item":"https:\/\/portalfadesp.org.br\/?page_id=329"},{"@type":"ListItem","position":3,"name":"Prefeitura Municipal de Camet\u00e1 \u2013 PSS ACS\/2021"}]},{"@type":"WebSite","@id":"https:\/\/portalfadesp.org.br\/#website","url":"https:\/\/portalfadesp.org.br\/","name":"FADESP","description":"Funda\u00e7\u00e3o de Amparo e Desenvolvimento da Pesquisa","publisher":{"@id":"https:\/\/portalfadesp.org.br\/#organization"},"potentialAction":[{"@type":"SearchAction","target":{"@type":"EntryPoint","urlTemplate":"https:\/\/portalfadesp.org.br\/?s={search_term_string}"},"query-input":{"@type":"PropertyValueSpecification","valueRequired":true,"valueName":"search_term_string"}}],"inLanguage":"pt-BR"},{"@type":"Organization","@id":"https:\/\/portalfadesp.org.br\/#organization","name":"FADESP","url":"https:\/\/portalfadesp.org.br\/","logo":{"@type":"ImageObject","inLanguage":"pt-BR","@id":"https:\/\/portalfadesp.org.br\/#\/schema\/logo\/image\/","url":"https:\/\/portalfadesp.org.br\/wp-content\/uploads\/2024\/01\/NOVOLOGOFADESPlaranjaH.png","contentUrl":"https:\/\/portalfadesp.org.br\/wp-content\/uploads\/2024\/01\/NOVOLOGOFADESPlaranjaH.png","width":2742,"height":839,"caption":"FADESP"},"image":{"@id":"https:\/\/portalfadesp.org.br\/#\/schema\/logo\/image\/"},"sameAs":["https:\/\/www.facebook.com\/Fadesp-138351949524662\/","https:\/\/x.com\/Fadesp","https:\/\/www.instagram.com\/fadesp_ufpa\/","https:\/\/www.youtube.com\/@fundacaodeamparoedesenvolv1903","https:\/\/www.threads.net\/@fadesp_ufpa"]}]}},"_links":{"self":[{"href":"https:\/\/portalfadesp.org.br\/index.php?rest_route=\/wp\/v2\/pages\/19113","targetHints":{"allow":["GET"]}}],"collection":[{"href":"https:\/\/portalfadesp.org.br\/index.php?rest_route=\/wp\/v2\/pages"}],"about":[{"href":"https:\/\/portalfadesp.org.br\/index.php?rest_route=\/wp\/v2\/types\/page"}],"author":[{"embeddable":true,"href":"https:\/\/portalfadesp.org.br\/index.php?rest_route=\/wp\/v2\/users\/9"}],"replies":[{"embeddable":true,"href":"https:\/\/portalfadesp.org.br\/index.php?rest_route=%2Fwp%2Fv2%2Fcomments&post=19113"}],"version-history":[{"count":167,"href":"https:\/\/portalfadesp.org.br\/index.php?rest_route=\/wp\/v2\/pages\/19113\/revisions"}],"predecessor-version":[{"id":36288,"href":"https:\/\/portalfadesp.org.br\/index.php?rest_route=\/wp\/v2\/pages\/19113\/revisions\/36288"}],"up":[{"embeddable":true,"href":"https:\/\/portalfadesp.org.br\/index.php?rest_route=\/wp\/v2\/pages\/329"}],"wp:attachment":[{"href":"https:\/\/portalfadesp.org.br\/index.php?rest_route=%2Fwp%2Fv2%2Fmedia&parent=19113"}],"curies":[{"name":"wp","href":"https:\/\/api.w.org\/{rel}","templated":true}]}}