{"id":17850,"date":"2021-07-22T13:58:42","date_gmt":"2021-07-22T16:58:42","guid":{"rendered":"https:\/\/162.215.13.167?page_id=17850"},"modified":"2022-12-21T13:49:37","modified_gmt":"2022-12-21T16:49:37","slug":"curso-de-mestrado-profissional-em-engenharia-sanitaria-e-ambiental","status":"publish","type":"page","link":"https:\/\/portalfadesp.org.br\/?page_id=17850","title":{"rendered":"Curso de Mestrado Profissional em Engenharia Sanit\u00e1ria e Ambiental"},"content":{"rendered":"\t\t<div data-elementor-type=\"wp-page\" data-elementor-id=\"17850\" class=\"elementor elementor-17850\" data-elementor-post-type=\"page\">\n\t\t\t\t\t\t<section class=\"elementor-section elementor-top-section elementor-element elementor-element-2da67cac elementor-section-full_width elementor-section-height-default elementor-section-height-default\" data-id=\"2da67cac\" data-element_type=\"section\">\n\t\t\t\t\t\t<div class=\"elementor-container elementor-column-gap-default\">\n\t\t\t\t\t<div class=\"elementor-column elementor-col-100 elementor-top-column elementor-element elementor-element-12793553\" data-id=\"12793553\" data-element_type=\"column\">\n\t\t\t<div class=\"elementor-widget-wrap elementor-element-populated\">\n\t\t\t\t\t\t<div class=\"elementor-element elementor-element-ace1e80 elementor-widget elementor-widget-heading\" data-id=\"ace1e80\" data-element_type=\"widget\" data-widget_type=\"heading.default\">\n\t\t\t\t<div class=\"elementor-widget-container\">\n\t\t\t\t\t<h1 class=\"elementor-heading-title elementor-size-default\">Curso de Mestrado Profissional em Engenharia Sanit\u00e1ria e Ambiental - 2021<\/h1>\t\t\t\t<\/div>\n\t\t\t\t<\/div>\n\t\t\t\t<section class=\"elementor-section elementor-inner-section elementor-element elementor-element-b145888 elementor-section-boxed elementor-section-height-default elementor-section-height-default\" data-id=\"b145888\" data-element_type=\"section\">\n\t\t\t\t\t\t<div class=\"elementor-container elementor-column-gap-default\">\n\t\t\t\t\t<div class=\"elementor-column elementor-col-50 elementor-inner-column elementor-element elementor-element-4a17356\" data-id=\"4a17356\" data-element_type=\"column\">\n\t\t\t<div class=\"elementor-widget-wrap elementor-element-populated\">\n\t\t\t\t\t\t<div class=\"elementor-element elementor-element-231a7047 elementor-widget elementor-widget-text-editor\" data-id=\"231a7047\" data-element_type=\"widget\" data-widget_type=\"text-editor.default\">\n\t\t\t\t<div class=\"elementor-widget-container\">\n\t\t\t\t\t\t\t\t\t<p><span style=\"color: #000000;\">O Programa de P\u00f3s-Gradua\u00e7\u00e3o em Engenharia Sanit\u00e1ria e Ambiental (PPGESA), vinculado ao Instituto de Tecnologia da Universidade Federal do Par\u00e1 (ITEC\/UFPA), torna p\u00fablico o Edital para preenchimento de 16 (dezesseis) vagas para o curso de Mestrado Profissional em Engenharia Sanit\u00e1ria e Ambiental para ingresso em 2021.<\/span><\/p><p><span style=\"color: #000000;\"><strong>Vagas:<\/strong> 16 (dezesseis);<\/span><\/p><p><span style=\"color: #000000;\"><strong>Inscri\u00e7\u00f5es:<\/strong> 21\/07\/2021 a 04\/08\/2021;<\/span><\/p><p><span style=\"color: #000000;\">O processo de inscri\u00e7\u00e3o ser\u00e1 efetuado, exclusivamente, via Sistema Integrado de Gest\u00e3o<\/span><br \/><span style=\"color: #000000;\">Atividades Acad\u00eamica da UFPA, <a style=\"color: #000000;\" href=\"https:\/\/sigaa.ufpa.br\/sigaa\/public\/processo_seletivo\/lista.jsf?nivel=S&amp;aba=p-stricto\">clique aqui<\/a>;<\/span><\/p><p><span style=\"color: #000000;\"><strong>Taxa de inscri\u00e7\u00e3o:<\/strong> R$ 150,00 (cento e cinquenta reais);<\/span><\/p><p><span style=\"color: #000000;\"><strong>Mais informa\u00e7\u00f5es pe<\/strong><strong>lo e-mail: ppgesa@ufpa.br.<\/strong><\/span><\/p>\t\t\t\t\t\t\t\t<\/div>\n\t\t\t\t<\/div>\n\t\t\t\t\t<\/div>\n\t\t<\/div>\n\t\t\t\t<div class=\"elementor-column elementor-col-50 elementor-inner-column elementor-element elementor-element-abbde2a\" data-id=\"abbde2a\" data-element_type=\"column\">\n\t\t\t<div class=\"elementor-widget-wrap elementor-element-populated\">\n\t\t\t\t\t\t<div class=\"elementor-element elementor-element-606b10d elementor-widget elementor-widget-text-editor\" data-id=\"606b10d\" data-element_type=\"widget\" data-widget_type=\"text-editor.default\">\n\t\t\t\t<div class=\"elementor-widget-container\">\n\t\t\t\t\t\t\t\t\t<p style=\"text-align: center;\"><span style=\"color: #ffffff;\"><b>Editais<\/b><\/span><\/p>\t\t\t\t\t\t\t\t<\/div>\n\t\t\t\t<\/div>\n\t\t\t\t<div class=\"elementor-element elementor-element-d718093 elementor-widget elementor-widget-text-editor\" data-id=\"d718093\" data-element_type=\"widget\" data-widget_type=\"text-editor.default\">\n\t\t\t\t<div class=\"elementor-widget-container\">\n\t\t\t\t\t\t\t\t\t<p style=\"text-align: center;\"><span style=\"color: #ffffff;\"><b>Avisos<\/b><\/span><\/p>\t\t\t\t\t\t\t\t<\/div>\n\t\t\t\t<\/div>\n\t\t\t\t<div class=\"elementor-element elementor-element-47325ff elementor-widget elementor-widget-text-editor\" data-id=\"47325ff\" data-element_type=\"widget\" data-widget_type=\"text-editor.default\">\n\t\t\t\t<div class=\"elementor-widget-container\">\n\t\t\t\t\t\t\t\t\t<p style=\"text-align: center;\"><strong><span style=\"color: #000000;\">Edital <a href=\"..\/wp-content\/uploads\/2021\/07\/Edital_01_2021_PPGESA_UFPA.pdf\">(Clique Aqui)<\/a><\/span><\/strong><\/p>\t\t\t\t\t\t\t\t<\/div>\n\t\t\t\t<\/div>\n\t\t\t\t\t<\/div>\n\t\t<\/div>\n\t\t\t\t\t<\/div>\n\t\t<\/section>\n\t\t\t\t\t<\/div>\n\t\t<\/div>\n\t\t\t\t\t<\/div>\n\t\t<\/section>\n\t\t\t\t<\/div>\n\t\t","protected":false},"excerpt":{"rendered":"<p>Curso de Mestrado Profissional em Engenharia Sanit\u00e1ria e Ambiental &#8211; 2021 O Programa de P\u00f3s-Gradua\u00e7\u00e3o em Engenharia Sanit\u00e1ria e Ambiental (PPGESA), vinculado ao Instituto de Tecnologia da Universidade Federal do Par\u00e1 (ITEC\/UFPA), torna p\u00fablico o Edital para preenchimento de 16 (dezesseis) vagas para o curso de Mestrado Profissional em Engenharia Sanit\u00e1ria e Ambiental para ingresso [&hellip;]<\/p>\n","protected":false},"author":12,"featured_media":0,"parent":0,"menu_order":0,"comment_status":"closed","ping_status":"closed","template":"","meta":{"_monsterinsights_skip_tracking":false,"_monsterinsights_sitenote_active":false,"_monsterinsights_sitenote_note":"","_monsterinsights_sitenote_category":0,"footnotes":""},"class_list":["post-17850","page","type-page","status-publish","hentry","entry"],"yoast_head":"<!-- This site is optimized with the Yoast SEO plugin v25.1 - https:\/\/yoast.com\/wordpress\/plugins\/seo\/ -->\n<title>Curso de Mestrado Profissional em Engenharia Sanit\u00e1ria e Ambiental - FADESP<\/title>\n<meta name=\"robots\" content=\"index, follow, max-snippet:-1, max-image-preview:large, max-video-preview:-1\" \/>\n<link rel=\"canonical\" href=\"https:\/\/portalfadesp.org.br\/?page_id=17850\" \/>\n<meta property=\"og:locale\" content=\"pt_BR\" \/>\n<meta property=\"og:type\" content=\"article\" \/>\n<meta property=\"og:title\" content=\"Curso de Mestrado Profissional em Engenharia Sanit\u00e1ria e Ambiental - FADESP\" \/>\n<meta property=\"og:description\" content=\"Curso de Mestrado Profissional em Engenharia Sanit\u00e1ria e Ambiental &#8211; 2021 O Programa de P\u00f3s-Gradua\u00e7\u00e3o em Engenharia Sanit\u00e1ria e Ambiental (PPGESA), vinculado ao Instituto de Tecnologia da Universidade Federal do Par\u00e1 (ITEC\/UFPA), torna p\u00fablico o Edital para preenchimento de 16 (dezesseis) vagas para o curso de Mestrado Profissional em Engenharia Sanit\u00e1ria e Ambiental para ingresso [&hellip;]\" \/>\n<meta property=\"og:url\" content=\"https:\/\/portalfadesp.org.br\/?page_id=17850\" \/>\n<meta property=\"og:site_name\" content=\"FADESP\" \/>\n<meta property=\"article:publisher\" content=\"https:\/\/www.facebook.com\/Fadesp-138351949524662\/\" \/>\n<meta property=\"article:modified_time\" content=\"2022-12-21T16:49:37+00:00\" \/>\n<meta name=\"twitter:card\" content=\"summary_large_image\" \/>\n<meta name=\"twitter:site\" content=\"@Fadesp\" \/>\n<meta name=\"twitter:label1\" content=\"Est. tempo de leitura\" \/>\n\t<meta name=\"twitter:data1\" content=\"1 minuto\" \/>\n<script type=\"application\/ld+json\" class=\"yoast-schema-graph\">{\"@context\":\"https:\/\/schema.org\",\"@graph\":[{\"@type\":\"WebPage\",\"@id\":\"https:\/\/portalfadesp.org.br\/?page_id=17850\",\"url\":\"https:\/\/portalfadesp.org.br\/?page_id=17850\",\"name\":\"Curso de Mestrado Profissional em Engenharia Sanit\u00e1ria e Ambiental - FADESP\",\"isPartOf\":{\"@id\":\"https:\/\/portalfadesp.org.br\/#website\"},\"datePublished\":\"2021-07-22T16:58:42+00:00\",\"dateModified\":\"2022-12-21T16:49:37+00:00\",\"breadcrumb\":{\"@id\":\"https:\/\/portalfadesp.org.br\/?page_id=17850#breadcrumb\"},\"inLanguage\":\"pt-BR\",\"potentialAction\":[{\"@type\":\"ReadAction\",\"target\":[\"https:\/\/portalfadesp.org.br\/?page_id=17850\"]}]},{\"@type\":\"BreadcrumbList\",\"@id\":\"https:\/\/portalfadesp.org.br\/?page_id=17850#breadcrumb\",\"itemListElement\":[{\"@type\":\"ListItem\",\"position\":1,\"name\":\"In\u00edcio\",\"item\":\"https:\/\/portalfadesp.org.br\/\"},{\"@type\":\"ListItem\",\"position\":2,\"name\":\"Curso de Mestrado Profissional em Engenharia Sanit\u00e1ria e Ambiental\"}]},{\"@type\":\"WebSite\",\"@id\":\"https:\/\/portalfadesp.org.br\/#website\",\"url\":\"https:\/\/portalfadesp.org.br\/\",\"name\":\"FADESP\",\"description\":\"Funda\u00e7\u00e3o de Amparo e Desenvolvimento da Pesquisa\",\"publisher\":{\"@id\":\"https:\/\/portalfadesp.org.br\/#organization\"},\"potentialAction\":[{\"@type\":\"SearchAction\",\"target\":{\"@type\":\"EntryPoint\",\"urlTemplate\":\"https:\/\/portalfadesp.org.br\/?s={search_term_string}\"},\"query-input\":{\"@type\":\"PropertyValueSpecification\",\"valueRequired\":true,\"valueName\":\"search_term_string\"}}],\"inLanguage\":\"pt-BR\"},{\"@type\":\"Organization\",\"@id\":\"https:\/\/portalfadesp.org.br\/#organization\",\"name\":\"FADESP\",\"url\":\"https:\/\/portalfadesp.org.br\/\",\"logo\":{\"@type\":\"ImageObject\",\"inLanguage\":\"pt-BR\",\"@id\":\"https:\/\/portalfadesp.org.br\/#\/schema\/logo\/image\/\",\"url\":\"https:\/\/portalfadesp.org.br\/wp-content\/uploads\/2024\/01\/NOVOLOGOFADESPlaranjaH.png\",\"contentUrl\":\"https:\/\/portalfadesp.org.br\/wp-content\/uploads\/2024\/01\/NOVOLOGOFADESPlaranjaH.png\",\"width\":2742,\"height\":839,\"caption\":\"FADESP\"},\"image\":{\"@id\":\"https:\/\/portalfadesp.org.br\/#\/schema\/logo\/image\/\"},\"sameAs\":[\"https:\/\/www.facebook.com\/Fadesp-138351949524662\/\",\"https:\/\/x.com\/Fadesp\",\"https:\/\/www.instagram.com\/fadesp_ufpa\/\",\"https:\/\/www.youtube.com\/@fundacaodeamparoedesenvolv1903\",\"https:\/\/www.threads.net\/@fadesp_ufpa\"]}]}<\/script>\n<!-- \/ Yoast SEO plugin. -->","yoast_head_json":{"title":"Curso de Mestrado Profissional em Engenharia Sanit\u00e1ria e Ambiental - FADESP","robots":{"index":"index","follow":"follow","max-snippet":"max-snippet:-1","max-image-preview":"max-image-preview:large","max-video-preview":"max-video-preview:-1"},"canonical":"https:\/\/portalfadesp.org.br\/?page_id=17850","og_locale":"pt_BR","og_type":"article","og_title":"Curso de Mestrado Profissional em Engenharia Sanit\u00e1ria e Ambiental - FADESP","og_description":"Curso de Mestrado Profissional em Engenharia Sanit\u00e1ria e Ambiental &#8211; 2021 O Programa de P\u00f3s-Gradua\u00e7\u00e3o em Engenharia Sanit\u00e1ria e Ambiental (PPGESA), vinculado ao Instituto de Tecnologia da Universidade Federal do Par\u00e1 (ITEC\/UFPA), torna p\u00fablico o Edital para preenchimento de 16 (dezesseis) vagas para o curso de Mestrado Profissional em Engenharia Sanit\u00e1ria e Ambiental para ingresso [&hellip;]","og_url":"https:\/\/portalfadesp.org.br\/?page_id=17850","og_site_name":"FADESP","article_publisher":"https:\/\/www.facebook.com\/Fadesp-138351949524662\/","article_modified_time":"2022-12-21T16:49:37+00:00","twitter_card":"summary_large_image","twitter_site":"@Fadesp","twitter_misc":{"Est. tempo de leitura":"1 minuto"},"schema":{"@context":"https:\/\/schema.org","@graph":[{"@type":"WebPage","@id":"https:\/\/portalfadesp.org.br\/?page_id=17850","url":"https:\/\/portalfadesp.org.br\/?page_id=17850","name":"Curso de Mestrado Profissional em Engenharia Sanit\u00e1ria e Ambiental - FADESP","isPartOf":{"@id":"https:\/\/portalfadesp.org.br\/#website"},"datePublished":"2021-07-22T16:58:42+00:00","dateModified":"2022-12-21T16:49:37+00:00","breadcrumb":{"@id":"https:\/\/portalfadesp.org.br\/?page_id=17850#breadcrumb"},"inLanguage":"pt-BR","potentialAction":[{"@type":"ReadAction","target":["https:\/\/portalfadesp.org.br\/?page_id=17850"]}]},{"@type":"BreadcrumbList","@id":"https:\/\/portalfadesp.org.br\/?page_id=17850#breadcrumb","itemListElement":[{"@type":"ListItem","position":1,"name":"In\u00edcio","item":"https:\/\/portalfadesp.org.br\/"},{"@type":"ListItem","position":2,"name":"Curso de Mestrado Profissional em Engenharia Sanit\u00e1ria e Ambiental"}]},{"@type":"WebSite","@id":"https:\/\/portalfadesp.org.br\/#website","url":"https:\/\/portalfadesp.org.br\/","name":"FADESP","description":"Funda\u00e7\u00e3o de Amparo e Desenvolvimento da Pesquisa","publisher":{"@id":"https:\/\/portalfadesp.org.br\/#organization"},"potentialAction":[{"@type":"SearchAction","target":{"@type":"EntryPoint","urlTemplate":"https:\/\/portalfadesp.org.br\/?s={search_term_string}"},"query-input":{"@type":"PropertyValueSpecification","valueRequired":true,"valueName":"search_term_string"}}],"inLanguage":"pt-BR"},{"@type":"Organization","@id":"https:\/\/portalfadesp.org.br\/#organization","name":"FADESP","url":"https:\/\/portalfadesp.org.br\/","logo":{"@type":"ImageObject","inLanguage":"pt-BR","@id":"https:\/\/portalfadesp.org.br\/#\/schema\/logo\/image\/","url":"https:\/\/portalfadesp.org.br\/wp-content\/uploads\/2024\/01\/NOVOLOGOFADESPlaranjaH.png","contentUrl":"https:\/\/portalfadesp.org.br\/wp-content\/uploads\/2024\/01\/NOVOLOGOFADESPlaranjaH.png","width":2742,"height":839,"caption":"FADESP"},"image":{"@id":"https:\/\/portalfadesp.org.br\/#\/schema\/logo\/image\/"},"sameAs":["https:\/\/www.facebook.com\/Fadesp-138351949524662\/","https:\/\/x.com\/Fadesp","https:\/\/www.instagram.com\/fadesp_ufpa\/","https:\/\/www.youtube.com\/@fundacaodeamparoedesenvolv1903","https:\/\/www.threads.net\/@fadesp_ufpa"]}]}},"_links":{"self":[{"href":"https:\/\/portalfadesp.org.br\/index.php?rest_route=\/wp\/v2\/pages\/17850","targetHints":{"allow":["GET"]}}],"collection":[{"href":"https:\/\/portalfadesp.org.br\/index.php?rest_route=\/wp\/v2\/pages"}],"about":[{"href":"https:\/\/portalfadesp.org.br\/index.php?rest_route=\/wp\/v2\/types\/page"}],"author":[{"embeddable":true,"href":"https:\/\/portalfadesp.org.br\/index.php?rest_route=\/wp\/v2\/users\/12"}],"replies":[{"embeddable":true,"href":"https:\/\/portalfadesp.org.br\/index.php?rest_route=%2Fwp%2Fv2%2Fcomments&post=17850"}],"version-history":[{"count":30,"href":"https:\/\/portalfadesp.org.br\/index.php?rest_route=\/wp\/v2\/pages\/17850\/revisions"}],"predecessor-version":[{"id":38522,"href":"https:\/\/portalfadesp.org.br\/index.php?rest_route=\/wp\/v2\/pages\/17850\/revisions\/38522"}],"wp:attachment":[{"href":"https:\/\/portalfadesp.org.br\/index.php?rest_route=%2Fwp%2Fv2%2Fmedia&parent=17850"}],"curies":[{"name":"wp","href":"https:\/\/api.w.org\/{rel}","templated":true}]}}