{"id":16378,"date":"2021-06-02T17:19:22","date_gmt":"2021-06-02T20:19:22","guid":{"rendered":"https:\/\/162.215.13.167?page_id=16378"},"modified":"2022-12-21T14:08:50","modified_gmt":"2022-12-21T17:08:50","slug":"inscricoes-para-a-escola-de-aplicacoes-ufpa-pre-i-2021","status":"publish","type":"page","link":"https:\/\/portalfadesp.org.br\/?page_id=16378","title":{"rendered":"Inscri\u00e7\u00f5es para a Escola de Aplica\u00e7\u00f5es UFPA &#8211; Pr\u00e9 I &#8211; 2021"},"content":{"rendered":"\t\t<div data-elementor-type=\"wp-page\" data-elementor-id=\"16378\" class=\"elementor elementor-16378\" data-elementor-post-type=\"page\">\n\t\t\t\t\t\t<section class=\"elementor-section elementor-top-section elementor-element elementor-element-477254a elementor-section-boxed elementor-section-height-default elementor-section-height-default\" data-id=\"477254a\" data-element_type=\"section\">\n\t\t\t\t\t\t<div class=\"elementor-container elementor-column-gap-default\">\n\t\t\t\t\t<div class=\"elementor-column elementor-col-100 elementor-top-column elementor-element elementor-element-979578a\" data-id=\"979578a\" data-element_type=\"column\">\n\t\t\t<div class=\"elementor-widget-wrap elementor-element-populated\">\n\t\t\t\t\t\t<div class=\"elementor-element elementor-element-60f5e76 elementor-widget elementor-widget-heading\" data-id=\"60f5e76\" data-element_type=\"widget\" data-widget_type=\"heading.default\">\n\t\t\t\t<div class=\"elementor-widget-container\">\n\t\t\t\t\t<h1 class=\"elementor-heading-title elementor-size-default\">Inscri\u00e7\u00f5es para a Escola de Aplica\u00e7\u00f5es UFPA \u2013 Pr\u00e9 I \u2013 2021<\/h1>\t\t\t\t<\/div>\n\t\t\t\t<\/div>\n\t\t\t\t<section class=\"elementor-section elementor-inner-section elementor-element elementor-element-2fd4d9b elementor-section-boxed elementor-section-height-default elementor-section-height-default\" data-id=\"2fd4d9b\" data-element_type=\"section\">\n\t\t\t\t\t\t<div class=\"elementor-container elementor-column-gap-default\">\n\t\t\t\t\t<div class=\"elementor-column elementor-col-50 elementor-inner-column elementor-element elementor-element-46a44e1\" data-id=\"46a44e1\" data-element_type=\"column\">\n\t\t\t<div class=\"elementor-widget-wrap elementor-element-populated\">\n\t\t\t\t\t\t<div class=\"elementor-element elementor-element-399602a elementor-widget elementor-widget-text-editor\" data-id=\"399602a\" data-element_type=\"widget\" data-widget_type=\"text-editor.default\">\n\t\t\t\t<div class=\"elementor-widget-container\">\n\t\t\t\t\t\t\t\t\t<p>O Diretor da Escola de Aplica\u00e7\u00e3o da Universidade Federal do Par\u00e1, no uso das atribui\u00e7\u00f5es legais que lhe confere o Regimento Interno da Escola de Aplica\u00e7\u00e3o da UFPA e referendado pelo Egr\u00e9gio Conselho Escolar, em reuni\u00e3o ordin\u00e1ria realizada no dia 26\/05\/2021, torna p\u00fablico o presente Edital de abertura das inscri\u00e7\u00f5es para sele\u00e7\u00e3o de candidatos ao ingresso na referida Escola para o ano letivo de 2021.<\/p><p><strong>Vagas (Pr\u00e9 I):<\/strong><br \/>&#8211; Vagas Imediatas: 15 <strong>(quinze vagas)<\/strong><br \/>&#8211; Vagas Imediatas PCD: 1 <strong>(uma vaga)<\/strong><br \/>&#8211; Vagas Cadastro de Reservas: 30 <strong>(trinta vagas)<\/strong><br \/>&#8211; Vagas Cadastro de Reservas PCD: 1 <strong>(uma vaga)<\/strong><\/p><p><strong>Pr\u00e9-requisitos:<\/strong><br \/>&#8211; N\u00edvel de Ensino: <strong>Pr\u00e9 I<\/strong><br \/>&#8211; <strong>Crian\u00e7as com 04 (quatro) anos completos ou completados at\u00e9 31 de mar\u00e7o de 2021.<\/strong><\/p><p style=\"text-align: left;\"><strong>Inscri\u00e7\u00f5es:<\/strong> 03\/06\/2021 a 07\/06\/2021<\/p><p><strong>Taxa de inscri\u00e7\u00e3o:<\/strong> R$ 20,00 <strong>(vinte reais)<\/strong><\/p>\t\t\t\t\t\t\t\t<\/div>\n\t\t\t\t<\/div>\n\t\t\t\t\t<\/div>\n\t\t<\/div>\n\t\t\t\t<div class=\"elementor-column elementor-col-50 elementor-inner-column elementor-element elementor-element-0d280ce\" data-id=\"0d280ce\" data-element_type=\"column\">\n\t\t\t<div class=\"elementor-widget-wrap elementor-element-populated\">\n\t\t\t\t\t\t<div class=\"elementor-element elementor-element-f4ebcd8 elementor-widget elementor-widget-text-editor\" data-id=\"f4ebcd8\" data-element_type=\"widget\" data-widget_type=\"text-editor.default\">\n\t\t\t\t<div class=\"elementor-widget-container\">\n\t\t\t\t\t\t\t\t\t<p style=\"text-align: center;\"><span style=\"color: #ffffff;\"><b>Avisos<\/b><\/span><\/p>\t\t\t\t\t\t\t\t<\/div>\n\t\t\t\t<\/div>\n\t\t\t\t<div class=\"elementor-element elementor-element-33177b4 elementor-widget elementor-widget-text-editor\" data-id=\"33177b4\" data-element_type=\"widget\" data-widget_type=\"text-editor.default\">\n\t\t\t\t<div class=\"elementor-widget-container\">\n\t\t\t\t\t\t\t\t\t<p style=\"text-align: center;\"><span style=\"color: #000000;\">Edital Retificado 02\/2021 &#8211; Altera\u00e7\u00e3o na data do sorteio para o dia 17\/06\/2021, \u00e0s 10hrs.<\/span>\n<strong><span style=\"color: #000000;\"><a style=\"color: #000000; font-size: 1em;\" href=\"..\/wp-content\/uploads\/2021\/06\/Retificac\u0327a\u0303o-Edital-02_2021-EAUFPA-Educac\u0327a\u0303o-Infantil.pdf\">(Clique Aqui)<\/a><\/span><\/strong><\/p>\n<p style=\"text-align: center;\"><span style=\"color: #000000;\"><strong>Link do sorteio: <\/strong><a style=\"color: #000000;\" href=\"https:\/\/www.youtube.com\/watch?v=c1RMThW5yrg&amp;feature=youtu.be\">Youtube<\/a><\/span><\/p>\t\t\t\t\t\t\t\t<\/div>\n\t\t\t\t<\/div>\n\t\t\t\t<div class=\"elementor-element elementor-element-55e70ef elementor-widget elementor-widget-text-editor\" data-id=\"55e70ef\" data-element_type=\"widget\" data-widget_type=\"text-editor.default\">\n\t\t\t\t<div class=\"elementor-widget-container\">\n\t\t\t\t\t\t\t\t\t<p style=\"text-align: center;\"><span style=\"color: #ffffff;\"><strong>Editais<\/strong><\/span><\/p>\t\t\t\t\t\t\t\t<\/div>\n\t\t\t\t<\/div>\n\t\t\t\t<div class=\"elementor-element elementor-element-8164c01 elementor-widget elementor-widget-text-editor\" data-id=\"8164c01\" data-element_type=\"widget\" data-widget_type=\"text-editor.default\">\n\t\t\t\t<div class=\"elementor-widget-container\">\n\t\t\t\t\t\t\t\t\t<div class=\"editalModificado\"><span style=\"color: #000000;\">Edital <a style=\"color: #000000;\" href=\"..\/wp-content\/uploads\/2021\/06\/Edital_022021_Educ_Infantil_da_Escola_de_Aplicacao_da_UFPA_2021_aprovado_Pre_I.pdf\"><strong>(Clique Aqui)<\/strong><\/a><\/span><br \/><span style=\"color: #000000;\">Listagem de Inscritos &#8211; Pagantes <a style=\"color: #000000;\" href=\"..\/wp-content\/uploads\/2021\/06\/2-Listagem-Escola-de-Aplicacao_55-inscritos_pagantes-11.06.2021_final.pdf\"><strong>(Clique Aqui)<\/strong><\/a><\/span><br \/><span style=\"color: #000000;\">Listagem de Inscritos &#8211; Isentos <a style=\"color: #000000;\" href=\"..\/wp-content\/uploads\/2021\/06\/1-Listagem-Escola-de-Aplicacao_31-inscritos_isentos-11.06.2021_final.pdf\"><strong>(Clique Aqui)<\/strong><\/a><\/span><br \/><span style=\"color: #000000;\">Listagem homologada dos inscritos &#8211; Geral<a style=\"color: #000000;\" href=\"..\/wp-content\/uploads\/2021\/06\/Listagem-Geral-Homologada_EAUFPA-15.06.2021.pdf\"><strong> (Clique Aqui)<\/strong><\/a><\/span><br \/><span style=\"color: #000000;\">Listagem homologada dos inscritos &#8211; PcD <\/span><a href=\"..\/wp-content\/uploads\/2021\/06\/Listagem-Geral-Homologada_EAUFPA-15.06.2021_PCd.pdf\"><strong style=\"color: #000000;\">(Clique Aqui)<\/strong><\/a><br \/><span style=\"color: #000000;\">Listagem Geral Homologada &#8211; Retificada <a href=\"..\/wp-content\/uploads\/2021\/06\/Listagem-Geral-Homologada_EAUFPA-16.06.2021_retificada.pdf\"><strong>(Clique Aqui)<\/strong><\/a><\/span><br \/><span style=\"color: #000000;\">Listagem dos Candidatos Sorteados &#8211; Vagas Imediatas <a href=\"..\/wp-content\/uploads\/2021\/06\/Candidatos-Sorteados-2021-Vagas-Imediatas-Educacao-Infantil.pdf\"><strong>(Clique Aqui)<\/strong><\/a><\/span><br \/><span style=\"color: #000000;\">Listagem dos Candidatos Sorteados &#8211; Cadastro de Reserva <a href=\"..\/wp-content\/uploads\/2021\/06\/Candidatos-Sorteados-2021-Cadastro-de-Reserva-Educacao-Infantil.pdf\"><strong>(Clique Aqui)<\/strong><\/a><\/span><\/div>\t\t\t\t\t\t\t\t<\/div>\n\t\t\t\t<\/div>\n\t\t\t\t\t<\/div>\n\t\t<\/div>\n\t\t\t\t\t<\/div>\n\t\t<\/section>\n\t\t\t\t\t<\/div>\n\t\t<\/div>\n\t\t\t\t\t<\/div>\n\t\t<\/section>\n\t\t\t\t<\/div>\n\t\t","protected":false},"excerpt":{"rendered":"<p>Inscri\u00e7\u00f5es para a Escola de Aplica\u00e7\u00f5es UFPA \u2013 Pr\u00e9 I \u2013 2021 O Diretor da Escola de Aplica\u00e7\u00e3o da Universidade Federal do Par\u00e1, no uso das atribui\u00e7\u00f5es legais que lhe confere o Regimento Interno da Escola de Aplica\u00e7\u00e3o da UFPA e referendado pelo Egr\u00e9gio Conselho Escolar, em reuni\u00e3o ordin\u00e1ria realizada no dia 26\/05\/2021, torna p\u00fablico [&hellip;]<\/p>\n","protected":false},"author":12,"featured_media":0,"parent":0,"menu_order":0,"comment_status":"closed","ping_status":"closed","template":"","meta":{"_monsterinsights_skip_tracking":false,"_monsterinsights_sitenote_active":false,"_monsterinsights_sitenote_note":"","_monsterinsights_sitenote_category":0,"footnotes":""},"class_list":["post-16378","page","type-page","status-publish","hentry","entry"],"yoast_head":"<!-- This site is optimized with the Yoast SEO plugin v25.1 - https:\/\/yoast.com\/wordpress\/plugins\/seo\/ -->\n<title>Inscri\u00e7\u00f5es para a Escola de Aplica\u00e7\u00f5es UFPA - Pr\u00e9 I - 2021 - FADESP<\/title>\n<meta name=\"robots\" content=\"index, follow, max-snippet:-1, max-image-preview:large, max-video-preview:-1\" \/>\n<link rel=\"canonical\" href=\"https:\/\/portalfadesp.org.br\/?page_id=16378\" \/>\n<meta property=\"og:locale\" content=\"pt_BR\" \/>\n<meta property=\"og:type\" content=\"article\" \/>\n<meta property=\"og:title\" content=\"Inscri\u00e7\u00f5es para a Escola de Aplica\u00e7\u00f5es UFPA - Pr\u00e9 I - 2021 - FADESP\" \/>\n<meta property=\"og:description\" content=\"Inscri\u00e7\u00f5es para a Escola de Aplica\u00e7\u00f5es UFPA \u2013 Pr\u00e9 I \u2013 2021 O Diretor da Escola de Aplica\u00e7\u00e3o da Universidade Federal do Par\u00e1, no uso das atribui\u00e7\u00f5es legais que lhe confere o Regimento Interno da Escola de Aplica\u00e7\u00e3o da UFPA e referendado pelo Egr\u00e9gio Conselho Escolar, em reuni\u00e3o ordin\u00e1ria realizada no dia 26\/05\/2021, torna p\u00fablico [&hellip;]\" \/>\n<meta property=\"og:url\" content=\"https:\/\/portalfadesp.org.br\/?page_id=16378\" \/>\n<meta property=\"og:site_name\" content=\"FADESP\" \/>\n<meta property=\"article:publisher\" content=\"https:\/\/www.facebook.com\/Fadesp-138351949524662\/\" \/>\n<meta property=\"article:modified_time\" content=\"2022-12-21T17:08:50+00:00\" \/>\n<meta name=\"twitter:card\" content=\"summary_large_image\" \/>\n<meta name=\"twitter:site\" content=\"@Fadesp\" \/>\n<meta name=\"twitter:label1\" content=\"Est. tempo de leitura\" \/>\n\t<meta name=\"twitter:data1\" content=\"1 minuto\" \/>\n<script type=\"application\/ld+json\" class=\"yoast-schema-graph\">{\"@context\":\"https:\/\/schema.org\",\"@graph\":[{\"@type\":\"WebPage\",\"@id\":\"https:\/\/portalfadesp.org.br\/?page_id=16378\",\"url\":\"https:\/\/portalfadesp.org.br\/?page_id=16378\",\"name\":\"Inscri\u00e7\u00f5es para a Escola de Aplica\u00e7\u00f5es UFPA - Pr\u00e9 I - 2021 - FADESP\",\"isPartOf\":{\"@id\":\"https:\/\/portalfadesp.org.br\/#website\"},\"datePublished\":\"2021-06-02T20:19:22+00:00\",\"dateModified\":\"2022-12-21T17:08:50+00:00\",\"breadcrumb\":{\"@id\":\"https:\/\/portalfadesp.org.br\/?page_id=16378#breadcrumb\"},\"inLanguage\":\"pt-BR\",\"potentialAction\":[{\"@type\":\"ReadAction\",\"target\":[\"https:\/\/portalfadesp.org.br\/?page_id=16378\"]}]},{\"@type\":\"BreadcrumbList\",\"@id\":\"https:\/\/portalfadesp.org.br\/?page_id=16378#breadcrumb\",\"itemListElement\":[{\"@type\":\"ListItem\",\"position\":1,\"name\":\"In\u00edcio\",\"item\":\"https:\/\/portalfadesp.org.br\/\"},{\"@type\":\"ListItem\",\"position\":2,\"name\":\"Inscri\u00e7\u00f5es para a Escola de Aplica\u00e7\u00f5es UFPA &#8211; Pr\u00e9 I &#8211; 2021\"}]},{\"@type\":\"WebSite\",\"@id\":\"https:\/\/portalfadesp.org.br\/#website\",\"url\":\"https:\/\/portalfadesp.org.br\/\",\"name\":\"FADESP\",\"description\":\"Funda\u00e7\u00e3o de Amparo e Desenvolvimento da Pesquisa\",\"publisher\":{\"@id\":\"https:\/\/portalfadesp.org.br\/#organization\"},\"potentialAction\":[{\"@type\":\"SearchAction\",\"target\":{\"@type\":\"EntryPoint\",\"urlTemplate\":\"https:\/\/portalfadesp.org.br\/?s={search_term_string}\"},\"query-input\":{\"@type\":\"PropertyValueSpecification\",\"valueRequired\":true,\"valueName\":\"search_term_string\"}}],\"inLanguage\":\"pt-BR\"},{\"@type\":\"Organization\",\"@id\":\"https:\/\/portalfadesp.org.br\/#organization\",\"name\":\"FADESP\",\"url\":\"https:\/\/portalfadesp.org.br\/\",\"logo\":{\"@type\":\"ImageObject\",\"inLanguage\":\"pt-BR\",\"@id\":\"https:\/\/portalfadesp.org.br\/#\/schema\/logo\/image\/\",\"url\":\"https:\/\/portalfadesp.org.br\/wp-content\/uploads\/2024\/01\/NOVOLOGOFADESPlaranjaH.png\",\"contentUrl\":\"https:\/\/portalfadesp.org.br\/wp-content\/uploads\/2024\/01\/NOVOLOGOFADESPlaranjaH.png\",\"width\":2742,\"height\":839,\"caption\":\"FADESP\"},\"image\":{\"@id\":\"https:\/\/portalfadesp.org.br\/#\/schema\/logo\/image\/\"},\"sameAs\":[\"https:\/\/www.facebook.com\/Fadesp-138351949524662\/\",\"https:\/\/x.com\/Fadesp\",\"https:\/\/www.instagram.com\/fadesp_ufpa\/\",\"https:\/\/www.youtube.com\/@fundacaodeamparoedesenvolv1903\",\"https:\/\/www.threads.net\/@fadesp_ufpa\"]}]}<\/script>\n<!-- \/ Yoast SEO plugin. -->","yoast_head_json":{"title":"Inscri\u00e7\u00f5es para a Escola de Aplica\u00e7\u00f5es UFPA - Pr\u00e9 I - 2021 - FADESP","robots":{"index":"index","follow":"follow","max-snippet":"max-snippet:-1","max-image-preview":"max-image-preview:large","max-video-preview":"max-video-preview:-1"},"canonical":"https:\/\/portalfadesp.org.br\/?page_id=16378","og_locale":"pt_BR","og_type":"article","og_title":"Inscri\u00e7\u00f5es para a Escola de Aplica\u00e7\u00f5es UFPA - Pr\u00e9 I - 2021 - FADESP","og_description":"Inscri\u00e7\u00f5es para a Escola de Aplica\u00e7\u00f5es UFPA \u2013 Pr\u00e9 I \u2013 2021 O Diretor da Escola de Aplica\u00e7\u00e3o da Universidade Federal do Par\u00e1, no uso das atribui\u00e7\u00f5es legais que lhe confere o Regimento Interno da Escola de Aplica\u00e7\u00e3o da UFPA e referendado pelo Egr\u00e9gio Conselho Escolar, em reuni\u00e3o ordin\u00e1ria realizada no dia 26\/05\/2021, torna p\u00fablico [&hellip;]","og_url":"https:\/\/portalfadesp.org.br\/?page_id=16378","og_site_name":"FADESP","article_publisher":"https:\/\/www.facebook.com\/Fadesp-138351949524662\/","article_modified_time":"2022-12-21T17:08:50+00:00","twitter_card":"summary_large_image","twitter_site":"@Fadesp","twitter_misc":{"Est. tempo de leitura":"1 minuto"},"schema":{"@context":"https:\/\/schema.org","@graph":[{"@type":"WebPage","@id":"https:\/\/portalfadesp.org.br\/?page_id=16378","url":"https:\/\/portalfadesp.org.br\/?page_id=16378","name":"Inscri\u00e7\u00f5es para a Escola de Aplica\u00e7\u00f5es UFPA - Pr\u00e9 I - 2021 - FADESP","isPartOf":{"@id":"https:\/\/portalfadesp.org.br\/#website"},"datePublished":"2021-06-02T20:19:22+00:00","dateModified":"2022-12-21T17:08:50+00:00","breadcrumb":{"@id":"https:\/\/portalfadesp.org.br\/?page_id=16378#breadcrumb"},"inLanguage":"pt-BR","potentialAction":[{"@type":"ReadAction","target":["https:\/\/portalfadesp.org.br\/?page_id=16378"]}]},{"@type":"BreadcrumbList","@id":"https:\/\/portalfadesp.org.br\/?page_id=16378#breadcrumb","itemListElement":[{"@type":"ListItem","position":1,"name":"In\u00edcio","item":"https:\/\/portalfadesp.org.br\/"},{"@type":"ListItem","position":2,"name":"Inscri\u00e7\u00f5es para a Escola de Aplica\u00e7\u00f5es UFPA &#8211; Pr\u00e9 I &#8211; 2021"}]},{"@type":"WebSite","@id":"https:\/\/portalfadesp.org.br\/#website","url":"https:\/\/portalfadesp.org.br\/","name":"FADESP","description":"Funda\u00e7\u00e3o de Amparo e Desenvolvimento da Pesquisa","publisher":{"@id":"https:\/\/portalfadesp.org.br\/#organization"},"potentialAction":[{"@type":"SearchAction","target":{"@type":"EntryPoint","urlTemplate":"https:\/\/portalfadesp.org.br\/?s={search_term_string}"},"query-input":{"@type":"PropertyValueSpecification","valueRequired":true,"valueName":"search_term_string"}}],"inLanguage":"pt-BR"},{"@type":"Organization","@id":"https:\/\/portalfadesp.org.br\/#organization","name":"FADESP","url":"https:\/\/portalfadesp.org.br\/","logo":{"@type":"ImageObject","inLanguage":"pt-BR","@id":"https:\/\/portalfadesp.org.br\/#\/schema\/logo\/image\/","url":"https:\/\/portalfadesp.org.br\/wp-content\/uploads\/2024\/01\/NOVOLOGOFADESPlaranjaH.png","contentUrl":"https:\/\/portalfadesp.org.br\/wp-content\/uploads\/2024\/01\/NOVOLOGOFADESPlaranjaH.png","width":2742,"height":839,"caption":"FADESP"},"image":{"@id":"https:\/\/portalfadesp.org.br\/#\/schema\/logo\/image\/"},"sameAs":["https:\/\/www.facebook.com\/Fadesp-138351949524662\/","https:\/\/x.com\/Fadesp","https:\/\/www.instagram.com\/fadesp_ufpa\/","https:\/\/www.youtube.com\/@fundacaodeamparoedesenvolv1903","https:\/\/www.threads.net\/@fadesp_ufpa"]}]}},"_links":{"self":[{"href":"https:\/\/portalfadesp.org.br\/index.php?rest_route=\/wp\/v2\/pages\/16378","targetHints":{"allow":["GET"]}}],"collection":[{"href":"https:\/\/portalfadesp.org.br\/index.php?rest_route=\/wp\/v2\/pages"}],"about":[{"href":"https:\/\/portalfadesp.org.br\/index.php?rest_route=\/wp\/v2\/types\/page"}],"author":[{"embeddable":true,"href":"https:\/\/portalfadesp.org.br\/index.php?rest_route=\/wp\/v2\/users\/12"}],"replies":[{"embeddable":true,"href":"https:\/\/portalfadesp.org.br\/index.php?rest_route=%2Fwp%2Fv2%2Fcomments&post=16378"}],"version-history":[{"count":68,"href":"https:\/\/portalfadesp.org.br\/index.php?rest_route=\/wp\/v2\/pages\/16378\/revisions"}],"predecessor-version":[{"id":38593,"href":"https:\/\/portalfadesp.org.br\/index.php?rest_route=\/wp\/v2\/pages\/16378\/revisions\/38593"}],"wp:attachment":[{"href":"https:\/\/portalfadesp.org.br\/index.php?rest_route=%2Fwp%2Fv2%2Fmedia&parent=16378"}],"curies":[{"name":"wp","href":"https:\/\/api.w.org\/{rel}","templated":true}]}}