{"id":1611,"date":"2017-12-21T09:35:26","date_gmt":"2017-12-21T11:35:26","guid":{"rendered":"https:\/\/162.215.13.167?page_id=1611"},"modified":"2022-12-20T12:06:14","modified_gmt":"2022-12-20T15:06:14","slug":"companhia-de-saneamento-do-para-cosanpa-2017","status":"publish","type":"page","link":"https:\/\/portalfadesp.org.br\/?page_id=1611","title":{"rendered":"Companhia de Saneamento do Par\u00e1 (Cosanpa) &#8211; 2017"},"content":{"rendered":"\t\t<div data-elementor-type=\"wp-post\" data-elementor-id=\"1611\" class=\"elementor elementor-1611\" data-elementor-post-type=\"page\">\n\t\t\t\t\t\t<section class=\"elementor-section elementor-top-section elementor-element elementor-element-63f28ba4 elementor-section-boxed elementor-section-height-default elementor-section-height-default\" data-id=\"63f28ba4\" data-element_type=\"section\">\n\t\t\t\t\t\t<div class=\"elementor-container elementor-column-gap-default\">\n\t\t\t\t\t<div class=\"elementor-column elementor-col-100 elementor-top-column elementor-element elementor-element-26934f57\" data-id=\"26934f57\" data-element_type=\"column\">\n\t\t\t<div class=\"elementor-widget-wrap elementor-element-populated\">\n\t\t\t\t\t\t<div class=\"elementor-element elementor-element-13f1301 elementor-widget elementor-widget-heading\" data-id=\"13f1301\" data-element_type=\"widget\" data-widget_type=\"heading.default\">\n\t\t\t\t<div class=\"elementor-widget-container\">\n\t\t\t\t\t<h1 class=\"elementor-heading-title elementor-size-default\">Companhia de Saneamento do Par\u00e1 (Cosanpa) - 2017\n<\/h1>\t\t\t\t<\/div>\n\t\t\t\t<\/div>\n\t\t\t\t<section class=\"elementor-section elementor-inner-section elementor-element elementor-element-4e8a0462 elementor-section-boxed elementor-section-height-default elementor-section-height-default\" data-id=\"4e8a0462\" data-element_type=\"section\">\n\t\t\t\t\t\t<div class=\"elementor-container elementor-column-gap-default\">\n\t\t\t\t\t<div class=\"elementor-column elementor-col-50 elementor-inner-column elementor-element elementor-element-1304ca6\" data-id=\"1304ca6\" data-element_type=\"column\">\n\t\t\t<div class=\"elementor-widget-wrap elementor-element-populated\">\n\t\t\t\t\t\t<div class=\"elementor-element elementor-element-47c8421 elementor-widget elementor-widget-text-editor\" data-id=\"47c8421\" data-element_type=\"widget\" data-widget_type=\"text-editor.default\">\n\t\t\t\t<div class=\"elementor-widget-container\">\n\t\t\t\t\t\t\t\t\t<p>A\u00a0Companhia de Saneamento do Par\u00e1 (Cosanpa) torna p\u00fablica a realiza\u00e7\u00e3o de Concurso P\u00fablico destinado ao preenchimento de vagas de cargos de n\u00edveis superior, m\u00e9dio e fundamental do quadro de pessoal efetivo e para a forma\u00e7\u00e3o de cadastro de reserva, mediante as condi\u00e7\u00f5es estabelecidas neste edital.\u00a0<\/p><p><strong>Vagas &#8211;\u00a0<\/strong>140<\/p><p><strong>Cargos: \u00a0<\/strong><\/p><p><strong>N\u00edvel fundamental &#8211;\u00a0<\/strong>Agente de Manuten\u00e7\u00e3o,\u00a0Agente de Opera\u00e7\u00e3o,\u00a0Agente de Servi\u00e7os Gerais &#8211; Pintor,\u00a0Auxiliar Operacional,\u00a0Encanador.<\/p><p><strong>N\u00edvel M\u00e9dio &#8211;<\/strong>\u00a0Agente Administrativo,\u00a0Assistente Administrativo (\u00e1rea de atua\u00e7\u00e3o: Administrativa; Contabilidade),\u00a0Assistente Comercial,\u00a0Eletricista Industrial,\u00a0Mec\u00e2nico Industrial,\u00a0Motorista Operador,\u00a0Operador de Esta\u00e7\u00e3o de \u00c1gua e Esgoto,\u00a0Operador de Subesta\u00e7\u00e3o El\u00e9trica,\u00a0T\u00e9cnico em Inform\u00e1tica,\u00a0T\u00e9cnico em Seguran\u00e7a no Trabalho,\u00a0T\u00e9cnico Industrial (Qualifica\u00e7\u00e3o: Automa\u00e7\u00e3o e Controle;\u00a0Eletr\u00f4nica;\u00a0Eletrot\u00e9cnica;\u00a0Geod\u00e9sia e Cartografia;\u00a0Instrumenta\u00e7\u00e3o Industrial;\u00a0Mec\u00e2nica;\u00a0Qu\u00edmica; Saneamento).\u00a0<\/p><p><strong>N\u00edvel Superior &#8211;<\/strong>\u00a0Administrador,\u00a0Advogado,\u00a0Analista de Sistemas,\u00a0Arquiteto,\u00a0Assistente Social,\u00a0Contador,\u00a0Economista,\u00a0Engenheiro (Civil, El\u00e9trico, de Controle e Automa\u00e7\u00e3o, Eletr\u00f4nico, Mec\u00e2nico, de Seguran\u00e7a no Trabalho, de Computa\u00e7\u00e3o, Sanitarista), Qu\u00edmico,\u00a0Soci\u00f3logo.<\/p><p><strong>Remunera\u00e7\u00e3o &#8211;\u00a0<\/strong>de\u00a0R$ 1.084,00 a R$ R$ 4.072,85.<\/p><p><strong>Inscri\u00e7\u00f5es &#8211;\u00a0<\/strong>05\/04\/17 a 11\/05\/17<\/p><p><strong>Taxa &#8211;\u00a0<\/strong>R$\u00a050,00 (n\u00edvel fundamental)<\/p><p>\u00a0 \u00a0 \u00a0 \u00a0 \u00a0 \u00a0R$ 60,00 (n\u00edvel m\u00e9dio)<\/p><p>\u00a0 \u00a0 \u00a0 \u00a0 \u00a0 \u00a0R$ 80,00 (n\u00edvel superior)<\/p><p><strong>Locais de prova:<\/strong>\u00a0Bel\u00e9m, Marab\u00e1 e Santar\u00e9m.<\/p><p>&#8230;&#8230;&#8230;&#8230;&#8230;&#8230;&#8230;&#8230;&#8230;&#8230;&#8230;&#8230;&#8230;&#8230;&#8230;&#8230;&#8230;.<\/p><p><strong>Datas importantes<\/strong>:<\/p><p>Inscri\u00e7\u00e3o &#8211;\u00a0<strong>05\/04\/17 a 11\/05\/17 .\u00a0Reaberta nos dias 23 e 24\/05\/17<\/strong><\/p><p>Inscri\u00e7\u00e3o para isen\u00e7\u00e3o (baixa renda e PcD) &#8211;\u00a0<strong>de 05 a 07\/04<\/strong><\/p><p>Pagamento da taxa de inscri\u00e7\u00e3o &#8211;\u00a0<strong>at\u00e9 12\/05\/17<\/strong><\/p><p>Cart\u00e3o de inscri\u00e7\u00e3o para confirma\u00e7\u00e3o de dados &#8211;\u00a0<strong>de 05 a 07\/06\/17<\/strong><\/p><p>Prova objetiva &#8211;\u00a0<strong>18\/06\/17<\/strong><\/p><p>Manh\u00e3 &#8211;\u00a0<strong>das 8h \u00e0s 12h<\/strong>\u00a0(hor\u00e1rio local)\u00a0para todosos cargos de n\u00edveis Superior e M\u00e9dio.<\/p><p>Tarde-\u00a0<strong>14h30 \u00e0s 18h30<\/strong>\u00a0(hor\u00e1rio local)\u00a0para todos os cargos de n\u00edve Fundamental.\u00a0<\/p>\t\t\t\t\t\t\t\t<\/div>\n\t\t\t\t<\/div>\n\t\t\t\t\t<\/div>\n\t\t<\/div>\n\t\t\t\t<div class=\"elementor-column elementor-col-50 elementor-inner-column elementor-element elementor-element-90028c8\" data-id=\"90028c8\" data-element_type=\"column\">\n\t\t\t<div class=\"elementor-widget-wrap elementor-element-populated\">\n\t\t\t\t\t\t<div class=\"elementor-element elementor-element-3405d147 elementor-widget elementor-widget-text-editor\" data-id=\"3405d147\" data-element_type=\"widget\" data-widget_type=\"text-editor.default\">\n\t\t\t\t<div class=\"elementor-widget-container\">\n\t\t\t\t\t\t\t\t\t<p style=\"text-align: center;\"><span style=\"color: #ffffff;\"><strong>Avisos<\/strong><\/span><\/p>\t\t\t\t\t\t\t\t<\/div>\n\t\t\t\t<\/div>\n\t\t\t\t<div class=\"elementor-element elementor-element-6a4753f elementor-widget elementor-widget-text-editor\" data-id=\"6a4753f\" data-element_type=\"widget\" data-widget_type=\"text-editor.default\">\n\t\t\t\t<div class=\"elementor-widget-container\">\n\t\t\t\t\t\t\t\t\t<p style=\"text-align: left;\"><span style=\"color: #000000;\">Publica\u00e7\u00f5es sobre\u00a0<strong>chamada de candidatos<\/strong>\u00a0somente no Di\u00e1rio Oficial do Estado (<a style=\"color: #000000;\" href=\"http:\/\/www.ioepa.com.br\/portal\/#1\" target=\"_blank\" rel=\"noopener\">www.ioepa.com.br<\/a>) e no site da Cosanpa (<span style=\"color: #dd6b3b;\"><a style=\"color: #dd6b3b;\" href=\"http:\/\/www.cosanpa.pa.gov.br\/\" target=\"_blank\" rel=\"noopener\">www.cosanpa.pa.gov.br<\/a><\/span>)<\/span><\/p>\t\t\t\t\t\t\t\t<\/div>\n\t\t\t\t<\/div>\n\t\t\t\t<div class=\"elementor-element elementor-element-5b0783e1 elementor-widget elementor-widget-text-editor\" data-id=\"5b0783e1\" data-element_type=\"widget\" data-widget_type=\"text-editor.default\">\n\t\t\t\t<div class=\"elementor-widget-container\">\n\t\t\t\t\t\t\t\t\t<p style=\"text-align: center;\"><span style=\"color: #ffffff;\"><strong>Editais<\/strong><\/span><\/p>\t\t\t\t\t\t\t\t<\/div>\n\t\t\t\t<\/div>\n\t\t\t\t<div class=\"elementor-element elementor-element-71ecc0ca elementor-widget elementor-widget-text-editor\" data-id=\"71ecc0ca\" data-element_type=\"widget\" data-widget_type=\"text-editor.default\">\n\t\t\t\t<div class=\"elementor-widget-container\">\n\t\t\t\t\t\t\t\t\t<table width=\"80\">\n<tbody>\n<tr>\n<td width=\"80\"><strong><a href=\"http:\/\/concursos.fadesp.org.br\/cosanpa2017\/arquivos\/510_edital_n_10_2017_cosanpa_homologacao.pdf\">Edital n\u00b0 10_2017 -Homologa\u00e7\u00e3o<\/a><\/strong><\/td>\n<\/tr>\n<tr>\n<td><strong><a href=\"http:\/\/concursos.fadesp.org.br\/cosanpa2017\/arquivos\/Resultado%20Final%20dos%20Cargos%20com%20Prova%20de%20Aptid%C3%A3o%20F%C3%ADsica.pdf\">Resultado Final dos Cargos com Prova de Aptid\u00e3o F\u00edsica<\/a><\/strong><\/td>\n<\/tr>\n<tr>\n<td><strong><a href=\"http:\/\/concursos.fadesp.org.br\/cosanpa2017\/arquivos\/Resultado%20Final%20dos%20Cargos%20de%20N%C3%ADvel%20Superior.pdf\">Resultado Final dos Cargos de N\u00edvel Superior<\/a><\/strong><\/td>\n<\/tr>\n<tr>\n<td><strong><a href=\"http:\/\/concursos.fadesp.org.br\/cosanpa2017\/arquivos\/Edital%20n%C2%B0%2009_2017_Cosanpa%20-%20Retifica%C3%A7%C3%B5es%20na%20Prova%20de%20T%C3%ADtulos.pdf\">Edital n\u00b0 09_2017_Cosanpa &#8211; Retifica\u00e7\u00f5es na Prova de T\u00edtulos<\/a><\/strong><\/td>\n<\/tr>\n<tr>\n<td><strong><a href=\"http:\/\/concursos.fadesp.org.br\/cosanpa2017\/arquivos\/Edital%20n%C2%B0%2008_2017%20-%20Resultado%20da%20Prova%20de%20Aptid%C3%A3o%20F%C3%ADsica.pdf\">Edital n\u00b0 08_2017 &#8211; Resultado da Prova de Aptid\u00e3o F\u00edsica\u00a0<\/a><\/strong><\/td>\n<\/tr>\n<tr>\n<td><strong><a href=\"..\/midias\/anexos\/510_edital_n_07_2017_-_resultado_da_prova_de_titulos.pdf\">\u00a0Edital n 07_2017 &#8211; Resultado da Prova de T\u00edtulos<\/a><\/strong><\/td>\n<\/tr>\n<tr>\n<td><strong><a href=\"..\/midias\/anexos\/510_formulario_de_entrega_de_titulos.pdf\">Formul\u00e1rio de Entrega de T\u00edtulos<\/a><\/strong><\/td>\n<\/tr>\n<tr>\n<td><strong><a href=\"..\/midias\/anexos\/510_edital_n_06_2017_-_convocacao_a_prova_de_aptidao_fisica.pdf\">Edital n 06_2017 &#8211; Convoca\u00e7\u00e3o \u00e0 Prova de Aptid\u00e3o F\u00edsica<\/a><\/strong><\/td>\n<\/tr>\n<tr>\n<td><strong><a href=\"..\/midias\/anexos\/510_edital_n_05_2017_-_convocacao_a_prova_de_titulos.pdf\">Edital n 05_2017 &#8211; Convoca\u00e7\u00e3o \u00e0 Prova de T\u00edtulos\u00a0<\/a><\/strong><\/td>\n<\/tr>\n<tr>\n<td><strong><a href=\"..\/midias\/anexos\/510_resultado_definitivo_dos_cargos_de_nivel_superior.pdf\">Resultado Definitivo dos Cargos de N\u00edvel Superior<\/a><\/strong><\/td>\n<\/tr>\n<tr>\n<td><strong><a href=\"..\/midias\/anexos\/510_resultado_definitivo_dos_cargos_de_nivel_medio.pdf\">Resultado Definitivo dos Cargos de N\u00edvel M\u00e9dio\u00a0<\/a><\/strong><\/td>\n<\/tr>\n<tr>\n<td><strong><a href=\"..\/midias\/anexos\/510_resultado_definitivo_dos_cargos_de_nivel_fundamental.pdf\">Resultado Definitivo dos Cargos de N\u00edvel Fundamental\u00a0<\/a><\/strong><\/td>\n<\/tr>\n<tr>\n<td><strong><a href=\"http:\/\/concursos.fadesp.org.br\/cosanpa2017\/arquivos\/Resultado%20dos%20Cargos%20de%20N%C3%ADvel%20Superior.pdf\">Resultado Preliminar dos Cargos de N\u00edvel Superior\u00a0<\/a><\/strong><\/td>\n<\/tr>\n<tr>\n<td><strong><a href=\"..\/midias\/anexos\/510_resultado_dos_cargos_de_nivel_medio_-.pdf\">Resultado Preliminar dos Cargos de N\u00edvel M\u00e9dio<\/a><\/strong><\/td>\n<\/tr>\n<tr>\n<td><strong><a href=\"http:\/\/concursos.fadesp.org.br\/cosanpa2017\/arquivos\/Resultado%20dos%20Cargos%20de%20N%C3%ADvel%20Fundamental.pdf\">Resultado Preliminar dos Cargos de N\u00edvel Fundamental<\/a><\/strong><\/td>\n<\/tr>\n<tr>\n<td><strong><a href=\"http:\/\/concursos.fadesp.org.br\/cosanpa2017\/arquivos\/RETIFICA%C3%87%C3%83O%20GABARITO%20OFICIAL_NIVEL%20SUPERIOR_ENGENHARIA%20-%20ENGENHEIRO%20SANITARISTA.pdf\">RETIFICA\u00c7\u00c3O GABARITO OFICIAL_NIVEL SUPERIOR_ENGENHARIA &#8211; ENGENHEIRO SANITARISTA\u00a0<\/a><\/strong><\/td>\n<\/tr>\n<tr>\n<td><strong><a href=\"http:\/\/concursos.fadesp.org.br\/cosanpa2017\/arquivos\/RETIFICA%C3%87%C3%83O%20GABARITO%20OFICIAL%20DEFINITIVO_N%C3%8DVEL%20M%C3%89DIO_TEC%20INDUSTRIAL_QU%C3%8DMICA.pdf\">RETIFICA\u00c7\u00c3O GABARITO OFICIAL DEFINITIVO_N\u00cdVEL M\u00c9DIO_TEC INDUSTRIAL_QU\u00cdMICA<\/a><\/strong><\/td>\n<\/tr>\n<tr>\n<td><strong><a href=\"http:\/\/concursos.fadesp.org.br\/cosanpa2017\/arquivos\/GABARITO%20OFICIAL%20DEFINITIVO%20-%20N%C3%8DVEL%20SUPERIOR%20-%20Dia%2018.06.2017%20-%20MANH%C3%83.pdf\">GABARITO OFICIAL DEFINITIVO &#8211; N\u00cdVEL SUPERIOR &#8211; Dia 18.06.2017 &#8211; MANH\u00c3<\/a><\/strong><\/td>\n<\/tr>\n<tr>\n<td><strong><a href=\"http:\/\/concursos.fadesp.org.br\/cosanpa2017\/arquivos\/GABARITO%20OFICIAL%20DEFINITIVO%20-%20N%C3%8DVEL%20M%C3%89DIO%20COMPLETO%20-%20Dia%2018.06.2017%20-%20MANH%C3%83.pdf\">GABARITO OFICIAL DEFINITIVO &#8211; N\u00cdVEL M\u00c9DIO COMPLETO &#8211; Dia 18.06.2017 &#8211; MANH\u00c3<\/a><\/strong><\/td>\n<\/tr>\n<tr>\n<td><strong><a href=\"http:\/\/concursos.fadesp.org.br\/cosanpa2017\/arquivos\/GABARITO%20OFICIAL%20DEFINITIVO%20-%20N%C3%8DVEL%20FUNDAMENTAL%20-%20Dia%2018.06.2017%20-%20TARDE.pdf\">GABARITO OFICIAL DEFINITIVO &#8211; N\u00cdVEL FUNDAMENTAL &#8211; Dia 18.06.2017 &#8211; TARDE<\/a><\/strong><\/td>\n<\/tr>\n<tr>\n<td><strong><a href=\"http:\/\/concursos.fadesp.org.br\/cosanpa2017\/arquivos\/GABARITO%20OFICIAL%20PRELIMINAR%20-%20NIVEL%20SUPERIOR%20-%20Dia%2018.06.2017%20-%20MANHA.pdf\">GABARITO OFICIAL PRELIMINAR &#8211; N\u00cdVEL SUPERIOR &#8211; Dia 18.06.2017 &#8211; Manh\u00e3<\/a><\/strong><\/td>\n<\/tr>\n<tr>\n<td><strong><a href=\"http:\/\/concursos.fadesp.org.br\/cosanpa2017\/arquivos\/GABARITO%20OFICIAL%20PRELIMINAR%20-%20NIVEL%20MEDIO%20COMPLETO%20-%20Dia%2018.06.2017%20-%20MANHA.pdf\">GABARITO OFICIAL PRELIMINAR &#8211; N\u00cdVEL MEDIO COMPLETO &#8211; Dia 18.06.2017 &#8211; Manh\u00e3<\/a><\/strong><\/td>\n<\/tr>\n<tr>\n<td><strong><a href=\"http:\/\/concursos.fadesp.org.br\/cosanpa2017\/arquivos\/GABARITO%20OFICIAL%20PRELIMINAR%20-%20NIVEL%20FUNDAMENTAL%20-%20Dia%2018.06.2017%20-%20TARDE.pdf\">GABARITO OFICIAL PRELIMINAR &#8211; N\u00cdVEL FUNDAMENTAL &#8211; Dia 18.06.2017 &#8211; Tarde<\/a><\/strong><\/td>\n<\/tr>\n<tr>\n<td><strong><a href=\"http:\/\/concursos.fadesp.org.br\/cosanpa2017\/arquivos\/PROVAS%20COSANPA_SUPERIOR\/Provas.html\">Provas N\u00edvel Superior<\/a><\/strong><\/td>\n<\/tr>\n<tr>\n<td><strong><a href=\"http:\/\/concursos.fadesp.org.br\/cosanpa2017\/arquivos\/PROVAS%20COSANPA_NIVEL%20MEDIO\/Provas.html\">Provas N\u00edvel M\u00e9dio<\/a><\/strong><\/td>\n<\/tr>\n<tr>\n<td><strong><a href=\"http:\/\/concursos.fadesp.org.br\/cosanpa2017\/arquivos\/PROVAS%20COSANPA_NIVEL%20FUNDAMENTAL\/Provas.html\">Provas N\u00edvel Fundamental<\/a><\/strong><\/td>\n<\/tr>\n<tr>\n<td><strong><a href=\"..\/midias\/anexos\/510_demanda.pdf\">Demanda<\/a><\/strong><\/td>\n<\/tr>\n<tr>\n<td><strong><a href=\"http:\/\/concursos.fadesp.org.br\/cosanpa2017\/arquivos\/Edital%20n%C2%B0%2004_2017_Cosanpa%20-%20Altera%C3%A7%C3%B5es%20no%20Calend%C3%A1rio%20do%20Concurso.pdf\">Edital n\u00b0 04_2017_Cosanpa &#8211; Altera\u00e7\u00f5es no Calend\u00e1rio do Concurso\u00a0<\/a><\/strong><\/td>\n<\/tr>\n<tr>\n<td><strong><a href=\"..\/midias\/anexos\/510_edital_n_03_2017_cosanpa_-_prorrogacao_das_inscricoes.pdf\">Edital n 03_2017_Cosanpa &#8211; Prorroga\u00e7\u00e3o das Inscri\u00e7\u00f5es\u00a0<\/a><\/strong><\/td>\n<\/tr>\n<tr>\n<td><strong><a href=\"..\/midias\/anexos\/510_doe_-_23.05.17_reabertura_das_inscricoes.pdf\">DOE &#8211; 23.05.17 Reabertura das inscri\u00e7\u00f5es<\/a><\/strong><\/td>\n<\/tr>\n<tr>\n<td><strong><a href=\"..\/midias\/anexos\/510_aviso_de_edital_n_03_2017_cosanpa.pdf\">Aviso de edita n\u00ba 03_2017_Cosanpa\u00a0<\/a><\/strong><\/td>\n<\/tr>\n<tr>\n<td><strong><a href=\"http:\/\/concursos.fadesp.org.br\/cosanpa2017\/arquivos\/Isen%C3%A7%C3%B5es%20de%20PcD%20-%20Contemplados%20ap%C3%B3s%20per%C3%ADodo%20de%20recursos.pdf\">Isen\u00e7\u00f5es de PcD &#8211; Contemplados ap\u00f3s per\u00edodo de recursos<\/a><\/strong><\/td>\n<\/tr>\n<tr>\n<td><strong><a href=\"http:\/\/concursos.fadesp.org.br\/cosanpa2017\/arquivos\/Recursos%20de%20Isen%C3%A7%C3%B5es%20Contemplados.pdf\">Recursos de Isen\u00e7\u00f5es Contemplados<\/a><\/strong><\/td>\n<\/tr>\n<tr>\n<td><strong><a href=\"http:\/\/concursos.fadesp.org.br\/cosanpa2017\/arquivos\/Recursos%20de%20Isen%C3%A7%C3%B5es%20Indeferidas%20no%20cadastro%20do%20Governo%20Federal.pdf\">Recursos de Isen\u00e7\u00f5es Indeferidas no cadastro do Governo Federal<\/a><\/strong><\/td>\n<\/tr>\n<tr>\n<td><strong><a href=\"http:\/\/concursos.fadesp.org.br\/cosanpa2017\/arquivos\/Isen%C3%A7%C3%B5es%20de%20PcD.pdf\">Isen\u00e7\u00f5es de PcD<\/a><\/strong><\/td>\n<\/tr>\n<tr>\n<td><strong><a href=\"http:\/\/concursos.fadesp.org.br\/cosanpa2017\/arquivos\/Rela%C3%A7%C3%A3o%20de%20Candidatos%20com%20NIS%20Inv%C3%A1lido%20-%20N%C3%A3o%20Processados.pdf\">Rela\u00e7\u00e3o de Candidatos com NIS Inv\u00e1lido &#8211; N\u00e3o Processados<\/a><\/strong><\/td>\n<\/tr>\n<tr>\n<td><strong><a href=\"http:\/\/concursos.fadesp.org.br\/cosanpa2017\/arquivos\/Isen%C3%A7%C3%B5es%20Indeferidas%20no%20Cadastro%20Oficial%20do%20Governo%20Federal.pdf\">Isen\u00e7\u00f5es Indeferidas no Cadastro Oficial do Governo Federal<\/a><\/strong><\/td>\n<\/tr>\n<tr>\n<td><strong><a href=\"http:\/\/concursos.fadesp.org.br\/cosanpa2017\/arquivos\/Isen%C3%A7%C3%B5es%20Contempladas.pdf\">Isen\u00e7\u00f5es Contempladas<\/a><\/strong><\/td>\n<\/tr>\n<tr>\n<td><strong><a href=\"..\/midias\/anexos\/510_edital_n_02_2017_cosanpa_-_alteracoes_no_anexo_i_do_edital_abertura.pdf\">Edital n 02_2017_Cosanpa &#8211; Altera\u00e7\u00f5es no Anexo I do Edital Abertura<\/a><\/strong><\/td>\n<\/tr>\n<tr>\n<td><strong><a href=\"..\/midias\/anexos\/510_anexo_iii_-_prova_de_redacao.pdf\">Anexo III &#8211; Prova de Reda\u00e7\u00e3o<\/a><\/strong><\/td>\n<\/tr>\n<tr>\n<td><strong><a href=\"..\/midias\/anexos\/510_anexo_ii_-_conteudo_programatico.pdf\">Anexo II &#8211; Conte\u00fado Program\u00e1tico<\/a><\/strong><\/td>\n<\/tr>\n<tr>\n<td><strong><a href=\"..\/midias\/anexos\/510_anexo_i_-_tabela_de_cargos_atualizada.pdf\">Anexo I &#8211; Tabela de Cargos Atualizada<\/a><\/strong><\/td>\n<\/tr>\n<tr>\n<td><strong><a href=\"..\/midias\/anexos\/510_formulario_de_portador_de_deficiencia.pdf\">\u00a0Formul\u00e1rio PcD<\/a><\/strong><\/td>\n<\/tr>\n<tr>\n<td><strong><a href=\"..\/midias\/anexos\/510_edital_n_01_2017_cosanpa.pdf\">Edital n 01_2017_Cosanpa\u00a0<\/a><\/strong><\/td>\n<\/tr>\n<\/tbody>\n<\/table>\t\t\t\t\t\t\t\t<\/div>\n\t\t\t\t<\/div>\n\t\t\t\t\t<\/div>\n\t\t<\/div>\n\t\t\t\t\t<\/div>\n\t\t<\/section>\n\t\t\t\t\t<\/div>\n\t\t<\/div>\n\t\t\t\t\t<\/div>\n\t\t<\/section>\n\t\t\t\t<\/div>\n\t\t","protected":false},"excerpt":{"rendered":"<p>Companhia de Saneamento do Par\u00e1 (Cosanpa) &#8211; 2017 A\u00a0Companhia de Saneamento do Par\u00e1 (Cosanpa) torna p\u00fablica a realiza\u00e7\u00e3o de Concurso P\u00fablico destinado ao preenchimento de vagas de cargos de n\u00edveis superior, m\u00e9dio e fundamental do quadro de pessoal efetivo e para a forma\u00e7\u00e3o de cadastro de reserva, mediante as condi\u00e7\u00f5es estabelecidas neste edital.\u00a0 Vagas &#8211;\u00a0140 [&hellip;]<\/p>\n","protected":false},"author":9,"featured_media":0,"parent":329,"menu_order":52,"comment_status":"closed","ping_status":"closed","template":"","meta":{"_monsterinsights_skip_tracking":false,"_monsterinsights_sitenote_active":false,"_monsterinsights_sitenote_note":"","_monsterinsights_sitenote_category":0,"footnotes":""},"class_list":["post-1611","page","type-page","status-publish","hentry","entry"],"yoast_head":"<!-- This site is optimized with the Yoast SEO plugin v25.1 - https:\/\/yoast.com\/wordpress\/plugins\/seo\/ -->\n<title>Companhia de Saneamento do Par\u00e1 (Cosanpa) - 2017 - FADESP<\/title>\n<meta name=\"robots\" content=\"index, follow, max-snippet:-1, max-image-preview:large, max-video-preview:-1\" \/>\n<link rel=\"canonical\" href=\"https:\/\/portalfadesp.org.br\/?page_id=1611\" \/>\n<meta property=\"og:locale\" content=\"pt_BR\" \/>\n<meta property=\"og:type\" content=\"article\" \/>\n<meta property=\"og:title\" content=\"Companhia de Saneamento do Par\u00e1 (Cosanpa) - 2017 - FADESP\" \/>\n<meta property=\"og:description\" content=\"Companhia de Saneamento do Par\u00e1 (Cosanpa) &#8211; 2017 A\u00a0Companhia de Saneamento do Par\u00e1 (Cosanpa) torna p\u00fablica a realiza\u00e7\u00e3o de Concurso P\u00fablico destinado ao preenchimento de vagas de cargos de n\u00edveis superior, m\u00e9dio e fundamental do quadro de pessoal efetivo e para a forma\u00e7\u00e3o de cadastro de reserva, mediante as condi\u00e7\u00f5es estabelecidas neste edital.\u00a0 Vagas &#8211;\u00a0140 [&hellip;]\" \/>\n<meta property=\"og:url\" content=\"https:\/\/portalfadesp.org.br\/?page_id=1611\" \/>\n<meta property=\"og:site_name\" content=\"FADESP\" \/>\n<meta property=\"article:publisher\" content=\"https:\/\/www.facebook.com\/Fadesp-138351949524662\/\" \/>\n<meta property=\"article:modified_time\" content=\"2022-12-20T15:06:14+00:00\" \/>\n<meta name=\"twitter:card\" content=\"summary_large_image\" \/>\n<meta name=\"twitter:site\" content=\"@Fadesp\" \/>\n<meta name=\"twitter:label1\" content=\"Est. tempo de leitura\" \/>\n\t<meta name=\"twitter:data1\" content=\"4 minutos\" \/>\n<script type=\"application\/ld+json\" class=\"yoast-schema-graph\">{\"@context\":\"https:\/\/schema.org\",\"@graph\":[{\"@type\":\"WebPage\",\"@id\":\"https:\/\/portalfadesp.org.br\/?page_id=1611\",\"url\":\"https:\/\/portalfadesp.org.br\/?page_id=1611\",\"name\":\"Companhia de Saneamento do Par\u00e1 (Cosanpa) - 2017 - FADESP\",\"isPartOf\":{\"@id\":\"https:\/\/portalfadesp.org.br\/#website\"},\"datePublished\":\"2017-12-21T11:35:26+00:00\",\"dateModified\":\"2022-12-20T15:06:14+00:00\",\"breadcrumb\":{\"@id\":\"https:\/\/portalfadesp.org.br\/?page_id=1611#breadcrumb\"},\"inLanguage\":\"pt-BR\",\"potentialAction\":[{\"@type\":\"ReadAction\",\"target\":[\"https:\/\/portalfadesp.org.br\/?page_id=1611\"]}]},{\"@type\":\"BreadcrumbList\",\"@id\":\"https:\/\/portalfadesp.org.br\/?page_id=1611#breadcrumb\",\"itemListElement\":[{\"@type\":\"ListItem\",\"position\":1,\"name\":\"In\u00edcio\",\"item\":\"https:\/\/portalfadesp.org.br\/\"},{\"@type\":\"ListItem\",\"position\":2,\"name\":\"Concursos &#8211; Homologados\",\"item\":\"https:\/\/portalfadesp.org.br\/?page_id=329\"},{\"@type\":\"ListItem\",\"position\":3,\"name\":\"Companhia de Saneamento do Par\u00e1 (Cosanpa) &#8211; 2017\"}]},{\"@type\":\"WebSite\",\"@id\":\"https:\/\/portalfadesp.org.br\/#website\",\"url\":\"https:\/\/portalfadesp.org.br\/\",\"name\":\"FADESP\",\"description\":\"Funda\u00e7\u00e3o de Amparo e Desenvolvimento da Pesquisa\",\"publisher\":{\"@id\":\"https:\/\/portalfadesp.org.br\/#organization\"},\"potentialAction\":[{\"@type\":\"SearchAction\",\"target\":{\"@type\":\"EntryPoint\",\"urlTemplate\":\"https:\/\/portalfadesp.org.br\/?s={search_term_string}\"},\"query-input\":{\"@type\":\"PropertyValueSpecification\",\"valueRequired\":true,\"valueName\":\"search_term_string\"}}],\"inLanguage\":\"pt-BR\"},{\"@type\":\"Organization\",\"@id\":\"https:\/\/portalfadesp.org.br\/#organization\",\"name\":\"FADESP\",\"url\":\"https:\/\/portalfadesp.org.br\/\",\"logo\":{\"@type\":\"ImageObject\",\"inLanguage\":\"pt-BR\",\"@id\":\"https:\/\/portalfadesp.org.br\/#\/schema\/logo\/image\/\",\"url\":\"https:\/\/portalfadesp.org.br\/wp-content\/uploads\/2024\/01\/NOVOLOGOFADESPlaranjaH.png\",\"contentUrl\":\"https:\/\/portalfadesp.org.br\/wp-content\/uploads\/2024\/01\/NOVOLOGOFADESPlaranjaH.png\",\"width\":2742,\"height\":839,\"caption\":\"FADESP\"},\"image\":{\"@id\":\"https:\/\/portalfadesp.org.br\/#\/schema\/logo\/image\/\"},\"sameAs\":[\"https:\/\/www.facebook.com\/Fadesp-138351949524662\/\",\"https:\/\/x.com\/Fadesp\",\"https:\/\/www.instagram.com\/fadesp_ufpa\/\",\"https:\/\/www.youtube.com\/@fundacaodeamparoedesenvolv1903\",\"https:\/\/www.threads.net\/@fadesp_ufpa\"]}]}<\/script>\n<!-- \/ Yoast SEO plugin. -->","yoast_head_json":{"title":"Companhia de Saneamento do Par\u00e1 (Cosanpa) - 2017 - FADESP","robots":{"index":"index","follow":"follow","max-snippet":"max-snippet:-1","max-image-preview":"max-image-preview:large","max-video-preview":"max-video-preview:-1"},"canonical":"https:\/\/portalfadesp.org.br\/?page_id=1611","og_locale":"pt_BR","og_type":"article","og_title":"Companhia de Saneamento do Par\u00e1 (Cosanpa) - 2017 - FADESP","og_description":"Companhia de Saneamento do Par\u00e1 (Cosanpa) &#8211; 2017 A\u00a0Companhia de Saneamento do Par\u00e1 (Cosanpa) torna p\u00fablica a realiza\u00e7\u00e3o de Concurso P\u00fablico destinado ao preenchimento de vagas de cargos de n\u00edveis superior, m\u00e9dio e fundamental do quadro de pessoal efetivo e para a forma\u00e7\u00e3o de cadastro de reserva, mediante as condi\u00e7\u00f5es estabelecidas neste edital.\u00a0 Vagas &#8211;\u00a0140 [&hellip;]","og_url":"https:\/\/portalfadesp.org.br\/?page_id=1611","og_site_name":"FADESP","article_publisher":"https:\/\/www.facebook.com\/Fadesp-138351949524662\/","article_modified_time":"2022-12-20T15:06:14+00:00","twitter_card":"summary_large_image","twitter_site":"@Fadesp","twitter_misc":{"Est. tempo de leitura":"4 minutos"},"schema":{"@context":"https:\/\/schema.org","@graph":[{"@type":"WebPage","@id":"https:\/\/portalfadesp.org.br\/?page_id=1611","url":"https:\/\/portalfadesp.org.br\/?page_id=1611","name":"Companhia de Saneamento do Par\u00e1 (Cosanpa) - 2017 - FADESP","isPartOf":{"@id":"https:\/\/portalfadesp.org.br\/#website"},"datePublished":"2017-12-21T11:35:26+00:00","dateModified":"2022-12-20T15:06:14+00:00","breadcrumb":{"@id":"https:\/\/portalfadesp.org.br\/?page_id=1611#breadcrumb"},"inLanguage":"pt-BR","potentialAction":[{"@type":"ReadAction","target":["https:\/\/portalfadesp.org.br\/?page_id=1611"]}]},{"@type":"BreadcrumbList","@id":"https:\/\/portalfadesp.org.br\/?page_id=1611#breadcrumb","itemListElement":[{"@type":"ListItem","position":1,"name":"In\u00edcio","item":"https:\/\/portalfadesp.org.br\/"},{"@type":"ListItem","position":2,"name":"Concursos &#8211; Homologados","item":"https:\/\/portalfadesp.org.br\/?page_id=329"},{"@type":"ListItem","position":3,"name":"Companhia de Saneamento do Par\u00e1 (Cosanpa) &#8211; 2017"}]},{"@type":"WebSite","@id":"https:\/\/portalfadesp.org.br\/#website","url":"https:\/\/portalfadesp.org.br\/","name":"FADESP","description":"Funda\u00e7\u00e3o de Amparo e Desenvolvimento da Pesquisa","publisher":{"@id":"https:\/\/portalfadesp.org.br\/#organization"},"potentialAction":[{"@type":"SearchAction","target":{"@type":"EntryPoint","urlTemplate":"https:\/\/portalfadesp.org.br\/?s={search_term_string}"},"query-input":{"@type":"PropertyValueSpecification","valueRequired":true,"valueName":"search_term_string"}}],"inLanguage":"pt-BR"},{"@type":"Organization","@id":"https:\/\/portalfadesp.org.br\/#organization","name":"FADESP","url":"https:\/\/portalfadesp.org.br\/","logo":{"@type":"ImageObject","inLanguage":"pt-BR","@id":"https:\/\/portalfadesp.org.br\/#\/schema\/logo\/image\/","url":"https:\/\/portalfadesp.org.br\/wp-content\/uploads\/2024\/01\/NOVOLOGOFADESPlaranjaH.png","contentUrl":"https:\/\/portalfadesp.org.br\/wp-content\/uploads\/2024\/01\/NOVOLOGOFADESPlaranjaH.png","width":2742,"height":839,"caption":"FADESP"},"image":{"@id":"https:\/\/portalfadesp.org.br\/#\/schema\/logo\/image\/"},"sameAs":["https:\/\/www.facebook.com\/Fadesp-138351949524662\/","https:\/\/x.com\/Fadesp","https:\/\/www.instagram.com\/fadesp_ufpa\/","https:\/\/www.youtube.com\/@fundacaodeamparoedesenvolv1903","https:\/\/www.threads.net\/@fadesp_ufpa"]}]}},"_links":{"self":[{"href":"https:\/\/portalfadesp.org.br\/index.php?rest_route=\/wp\/v2\/pages\/1611","targetHints":{"allow":["GET"]}}],"collection":[{"href":"https:\/\/portalfadesp.org.br\/index.php?rest_route=\/wp\/v2\/pages"}],"about":[{"href":"https:\/\/portalfadesp.org.br\/index.php?rest_route=\/wp\/v2\/types\/page"}],"author":[{"embeddable":true,"href":"https:\/\/portalfadesp.org.br\/index.php?rest_route=\/wp\/v2\/users\/9"}],"replies":[{"embeddable":true,"href":"https:\/\/portalfadesp.org.br\/index.php?rest_route=%2Fwp%2Fv2%2Fcomments&post=1611"}],"version-history":[{"count":32,"href":"https:\/\/portalfadesp.org.br\/index.php?rest_route=\/wp\/v2\/pages\/1611\/revisions"}],"predecessor-version":[{"id":36491,"href":"https:\/\/portalfadesp.org.br\/index.php?rest_route=\/wp\/v2\/pages\/1611\/revisions\/36491"}],"up":[{"embeddable":true,"href":"https:\/\/portalfadesp.org.br\/index.php?rest_route=\/wp\/v2\/pages\/329"}],"wp:attachment":[{"href":"https:\/\/portalfadesp.org.br\/index.php?rest_route=%2Fwp%2Fv2%2Fmedia&parent=1611"}],"curies":[{"name":"wp","href":"https:\/\/api.w.org\/{rel}","templated":true}]}}