{"id":1586,"date":"2016-12-21T09:40:31","date_gmt":"2016-12-21T11:40:31","guid":{"rendered":"https:\/\/162.215.13.167?page_id=1586"},"modified":"2022-12-20T12:08:34","modified_gmt":"2022-12-20T15:08:34","slug":"prefeitura-municipal-de-nova-ipixuna-pa-2016","status":"publish","type":"page","link":"https:\/\/portalfadesp.org.br\/?page_id=1586","title":{"rendered":"Prefeitura Municipal de Nova Ipixuna (PA) &#8211; 2016"},"content":{"rendered":"\t\t<div data-elementor-type=\"wp-post\" data-elementor-id=\"1586\" class=\"elementor elementor-1586\" data-elementor-post-type=\"page\">\n\t\t\t\t\t\t<section class=\"elementor-section elementor-top-section elementor-element elementor-element-2c6c384f elementor-section-boxed elementor-section-height-default elementor-section-height-default\" data-id=\"2c6c384f\" data-element_type=\"section\">\n\t\t\t\t\t\t<div class=\"elementor-container elementor-column-gap-default\">\n\t\t\t\t\t<div class=\"elementor-column elementor-col-100 elementor-top-column elementor-element elementor-element-47a353e3\" data-id=\"47a353e3\" data-element_type=\"column\">\n\t\t\t<div class=\"elementor-widget-wrap elementor-element-populated\">\n\t\t\t\t\t\t<div class=\"elementor-element elementor-element-7801747c elementor-widget elementor-widget-heading\" data-id=\"7801747c\" data-element_type=\"widget\" data-widget_type=\"heading.default\">\n\t\t\t\t<div class=\"elementor-widget-container\">\n\t\t\t\t\t<h1 class=\"elementor-heading-title elementor-size-default\">Prefeitura Municipal de Nova Ipixuna (PA) - 2016\n<\/h1>\t\t\t\t<\/div>\n\t\t\t\t<\/div>\n\t\t\t\t<section class=\"elementor-section elementor-inner-section elementor-element elementor-element-462e8329 elementor-section-boxed elementor-section-height-default elementor-section-height-default\" data-id=\"462e8329\" data-element_type=\"section\">\n\t\t\t\t\t\t<div class=\"elementor-container elementor-column-gap-default\">\n\t\t\t\t\t<div class=\"elementor-column elementor-col-50 elementor-inner-column elementor-element elementor-element-135d8adc\" data-id=\"135d8adc\" data-element_type=\"column\">\n\t\t\t<div class=\"elementor-widget-wrap elementor-element-populated\">\n\t\t\t\t\t\t<div class=\"elementor-element elementor-element-4d4a3123 elementor-widget elementor-widget-text-editor\" data-id=\"4d4a3123\" data-element_type=\"widget\" data-widget_type=\"text-editor.default\">\n\t\t\t\t<div class=\"elementor-widget-container\">\n\t\t\t\t\t\t\t\t\t<p>A Prefeitura Municipal de Nova Ipixuna (PA) \u00a0torna p\u00fablica a realiza\u00e7\u00e3o de Concurso P\u00fablico destinado ao preenchimento de vagas do quadro de pessoal efetivo de n\u00edveis superior, m\u00e9dio e fundamental completo, mediante as condi\u00e7\u00f5es estabelecidas no edital de abertura.\u00a0<\/p><p><strong>Vagas &#8211;\u00a0<\/strong>151<\/p><p><strong>Cargos &#8211; N\u00edvel Fundamental Incompleto:<\/strong>\u00a0\u00a0Agente de Portaria &#8211; vigia (21); Auxiliar de Servi\u00e7os Gerais &#8211; Auxiliar (06); Auxiliar de Servi\u00e7os Gerais &#8211; Servente (13); Auxiliar de Servi\u00e7os Gerais &#8211; Zelador (12);<\/p><p><strong>Cargos &#8211;\u00a0N\u00edvel Fundamental:<\/strong>\u00a0 Agente de Vigil\u00e2ncia em Sa\u00fade (cadastro de reserva);\u00a0Carpinteiro (01); Eletricista (01); Fiscal de Obras (02); Fiscal de Terras (02); Jardineiro (cadastro de reserva); Motorista I (02); Motorista II (04); Operador de M\u00e1quinas (02); Operador de M\u00e1quinas Agr\u00edcolas (01); Pedreiro (02) e Pintor (01).<\/p><p><strong>N\u00edvel M\u00e9dio:<\/strong>\u00a0Assistente Administrativo (04); Professor Magist\u00e9rio &#8211; Zona Rural (01); Professor Magist\u00e9rio &#8211; Zona Urbana (07); Atendente (05); Auxiliar de Escrit\u00f3rio (04); Escritur\u00e1rio (03); Fiscal de Tributa\u00e7\u00e3o (cadastro de reserva); Recepcionista (02); T\u00e9cnico Agr\u00edcola (01);T\u00e9cnico Ambiental (01); T\u00e9cnico de Administra\u00e7\u00e3o (04); T\u00e9cnico de Contabilidade (01); T\u00e9cnico de Enfermagem (cadastro de reserva); T\u00e9cnico de Inform\u00e1tica (cadastro de reserva) e T\u00e9cnico de Laborat\u00f3rio (01).<\/p><p><strong>N\u00edvel Superior:<\/strong>\u00a0Assistente Social (02); Biom\u00e9dico (01); Bioqu\u00edmico (01); Enfermeiro (cadastro de reserva); Engenheiro Agr\u00f4nomo (cadastro de reserva); Engenheir Civil (01); Farmac\u00eautico (cadastro de reserva); M\u00e9dico (04); Nutricionista (cadastro de reserva); Odont\u00f3logo (02); Professor Edu. Infantil &#8211; Zona Urbana(15); Professor Edu. Infantil &#8211; Zona Rural (06); Professor Licenciado Pleno em Arte &#8211; Zona Urbana (01); Professor Licenciado Pleno em Ci\u00eancias &#8211; Zona Urbana (01); Professor Licenciado Pleno em Ci\u00eancias &#8211; Zona Rural (01); Professor Licenciado Pleno em Ed. F\u00edsica &#8211; Zona Urbana (01); Professor Licenciado Pleno em Hist\u00f3rio &#8211; Zona Rural (01); Professor Pleno em Hist\u00f3ria &#8211; Zona Urbana (01); Professor Licenciado Pleno em Letras &#8211; L\u00edngua Portuguesa &#8211; Zona Urbana (cadastro de reserva); \u00a0Professor Licenciado Pleno em Letras &#8211; Ingl\u00eas &#8211; Zona Urbana (01); Professor Licenciado Pleno em Letras &#8211; Ingl\u00eas (01); Professor Licenciado Pleno em Libras &#8211; Zona Urbana (01); Professor Licenciado Pleno em Matem\u00e1tica &#8211; Zona Rural (01);Professor Licenciado Pleno em M\u00fasica &#8211; Zona Urbana (01); Psic\u00f3logo (cadastro de reserva); Veterin\u00e1rio (01) e Zootecnista (cadastro de reserva).\u00a0<\/p><p><strong>Remunera\u00e7\u00e3o &#8211;\u00a0<\/strong>De\u00a0R$ 880,00 a R$ 1.721,25 (alguns cargos s\u00e3o acrescidos de gratifica\u00e7\u00e3o previstas em lei)<\/p><p><strong>Inscri\u00e7\u00f5es &#8211;\u00a0<\/strong>19\/08\/16 a 10\/10\/16<\/p><p><strong>Taxa &#8211;\u00a0<\/strong>R$ 45,00 (Fundamental Completo)<\/p><p>\u00a0 \u00a0 \u00a0 \u00a0 \u00a0 \u00a0 R$ 50,00 (M\u00e9dio)<\/p><p>\u00a0 \u00a0 \u00a0 \u00a0 \u00a0 \u00a0R$ 70,00 (Superior)<\/p><p><strong>Datas importantes<\/strong>:<\/p><p>Per\u00edodo de Inscri\u00e7\u00e3o &#8211;\u00a019\/08\/16 a 10\/10\/16<\/p><p>Isen\u00e7\u00e3o \/ candidato PcD &#8211; 19\/08\/16 a 07\/10\/16<\/p><p>Pagamento do boleto &#8211; at\u00e9 11\/10\/16<\/p><p>Cart\u00e3o de Inscri\u00e7\u00e3o &#8211; a partir do dia 13\/10\/16<\/p><p>Aplica\u00e7\u00e3o da prova objetiva &#8211; 23\/10\/16<\/p><p>Manh\u00e3 &#8211; das 8h \u00e0s 12h (hor\u00e1rio local) para todos os cargos de n\u00edvel Fundamental Completo e Superior.<\/p><p>Tarde &#8211; das 14h30 \u00e0s 18h30 (hor\u00e1rio local) para todos os cargos de n\u00edvel M\u00e9dio.\u00a0<\/p>\t\t\t\t\t\t\t\t<\/div>\n\t\t\t\t<\/div>\n\t\t\t\t\t<\/div>\n\t\t<\/div>\n\t\t\t\t<div class=\"elementor-column elementor-col-50 elementor-inner-column elementor-element elementor-element-22fb62e\" data-id=\"22fb62e\" data-element_type=\"column\">\n\t\t\t<div class=\"elementor-widget-wrap elementor-element-populated\">\n\t\t\t\t\t\t<div class=\"elementor-element elementor-element-5a42c851 elementor-widget elementor-widget-text-editor\" data-id=\"5a42c851\" data-element_type=\"widget\" data-widget_type=\"text-editor.default\">\n\t\t\t\t<div class=\"elementor-widget-container\">\n\t\t\t\t\t\t\t\t\t<p style=\"text-align: center;\"><span style=\"color: #ffffff;\"><strong>Editais e Avisos<\/strong><\/span><\/p>\t\t\t\t\t\t\t\t<\/div>\n\t\t\t\t<\/div>\n\t\t\t\t<div class=\"elementor-element elementor-element-782d8f69 elementor-widget elementor-widget-text-editor\" data-id=\"782d8f69\" data-element_type=\"widget\" data-widget_type=\"text-editor.default\">\n\t\t\t\t<div class=\"elementor-widget-container\">\n\t\t\t\t\t\t\t\t\t<table width=\"80\">\n<tbody>\n<tr>\n<td width=\"80\"><strong><a href=\"..\/midias\/anexos\/503_edital_n_04_2016_pmni_homologacao.pdf\">\u00a0Edital n\u00ba4 &#8211; Homologa\u00e7\u00e3o<\/a><\/strong><\/td>\n<\/tr>\n<tr>\n<td width=\"80\"><strong><a href=\"http:\/\/concursos.fadesp.org.br\/pmni2016\/arquivos\/Resultado%20dos%20Cargos%20de%20Professores.pdf\">Resultado dos Cargos de Professores<\/a><\/strong><\/td>\n<\/tr>\n<tr>\n<td width=\"80\"><strong><a href=\"http:\/\/concursos.fadesp.org.br\/pmni2016\/arquivos\/Resultado%20da%20Prova%20de%20T%C3%ADtulos.pdf\">Resultado da Prova de T\u00edtulos\u00a0<\/a><\/strong><\/td>\n<\/tr>\n<tr>\n<td width=\"80\"><strong><a href=\"http:\/\/concursos.fadesp.org.br\/pmni2016\/arquivos\/Resultado%20Geral%20da%20Prova%20Objetiva.pdf\">Resultado Geral da Prova Objetiva<\/a><\/strong><\/td>\n<\/tr>\n<tr>\n<td width=\"80\"><strong><a href=\"..\/midias\/anexos\/503_edital_n_03_2016_convocacao_a_prova_de_titulos.pdf\">Edital n 03_2016_Convoca\u00e7\u00e3o \u00e0 Prova de T\u00edtulos\u00a0\u00a0<\/a><\/strong><\/td>\n<\/tr>\n<tr>\n<td width=\"80\"><strong><a href=\"http:\/\/concursos.fadesp.org.br\/pmni2016\/arquivos\/Formul%C3%A1rio%20de%20Entrega%20de%20T%C3%ADtulos.pdf\">Formul\u00e1rio de Entrega de T\u00edtulos<\/a><\/strong><\/td>\n<\/tr>\n<tr>\n<td width=\"80\"><strong><a href=\"http:\/\/concursos.fadesp.org.br\/pmni2016\/arquivos\/GABARITO%20OFICIAL%20DEFINITIVO%20-%20N%C3%8DVEL%20SUPERIOR%20DE%20PROFESSOR%20-%20Dia%2030.10.2016%20-%20MANH%C3%83.pdf\">GABARITO OFICIAL DEFINITIVO &#8211; N\u00cdVEL SUPERIOR DE PROFESSOR &#8211; Dia 30.10.2016 &#8211; MANH\u00c3<\/a><\/strong><\/td>\n<\/tr>\n<tr>\n<td width=\"80\"><strong><a href=\"http:\/\/concursos.fadesp.org.br\/pmni2016\/arquivos\/GABARITO%20OFICIAL%20DEFINITIVO%20-%20N%C3%8DVEL%20SUPERIOR%20-%20Dia%2030.10.2016%20-%20MANH%C3%83.pdf\">GABARITO OFICIAL DEFINITIVO &#8211; N\u00cdVEL SUPERIOR &#8211; Dia 30.10.2016 &#8211; MANH\u00c3<\/a><\/strong><\/td>\n<\/tr>\n<tr>\n<td width=\"80\"><strong><a href=\"http:\/\/concursos.fadesp.org.br\/pmni2016\/arquivos\/GABARITO%20OFICIAL%20DEFINITIVO%20-%20N%C3%8DVEL%20M%C3%89DIO%20-%20Dia%2030.10.2016%20-%20TARDE.pdf\">GABARITO OFICIAL DEFINITIVO &#8211; N\u00cdVEL M\u00c9DIO &#8211; Dia 30.10.2016 &#8211; TARDE<\/a><\/strong><\/td>\n<\/tr>\n<tr>\n<td width=\"80\"><strong><a href=\"http:\/\/concursos.fadesp.org.br\/pmni2016\/arquivos\/GABARITO%20OFICIAL%20DEFINITIVO%20-%20N%C3%8DVEL%20FUNDAMENTAL%20COMPLETO%20-%20Dia%2030.10.2016%20-%20MANH%C3%83.pdf\">GABARITO OFICIAL DEFINITIVO &#8211; N\u00cdVEL FUNDAMENTAL COMPLETO &#8211; Dia 30.10.2016 &#8211; MANH\u00c3<\/a><\/strong><\/td>\n<\/tr>\n<tr>\n<td width=\"80\"><strong><a href=\"http:\/\/concursos.fadesp.org.br\/pmni2016\/arquivos\/GABARITO%20OFICIAL%20DEFINITIVO%20-%20N%C3%8DVEL%20FUNDAMENTAL%20INCOMPLETO%20-%20Dia%2023.10.2016%20-%20TARDE.pdf\">GABARITO OFICIAL DEFINITIVO &#8211; N\u00cdVEL FUNDAMENTAL INCOMPLETO &#8211; Dia 23.10.2016 &#8211; TARDE<\/a><\/strong><\/td>\n<\/tr>\n<tr>\n<td width=\"80\"><strong><a href=\"http:\/\/concursos.fadesp.org.br\/pmni2016\/arquivos\/GABARITO%20OFICIAL%20DEFINITIVO%20-%20N%C3%8DVEL%20FUNDAMENTAL%20INCOMPLETO%20-%20Dia%2023.10.2016%20-%20MANH%C3%83.pdf\">GABARITO OFICIAL DEFINITIVO &#8211; N\u00cdVEL FUNDAMENTAL INCOMPLETO &#8211; Dia 23.10.2016 &#8211; MANH\u00c3<\/a><\/strong><\/td>\n<\/tr>\n<tr>\n<td width=\"80\"><strong><a href=\"http:\/\/concursos.fadesp.org.br\/pmni2016\/arquivos\/Provas\/Provas.html\">Provas dia 30\/10\/2016\u00a0<\/a><\/strong><\/td>\n<\/tr>\n<tr>\n<td width=\"80\"><strong><a href=\"http:\/\/concursos.fadesp.org.br\/pmni2016\/arquivos\/Provas\/GABARITO%20OFICIAL%20PRELIMINAR%20-%20N%C3%8DVEL%20SUPERIOR%20DE%20PROFESSOR%20-%20Dia%2030.10.2016%20-%20MANH%C3%83.pdf\">GABARITO OFICIAL PRELIMINAR &#8211; N\u00cdVEL SUPERIOR DE PROFESSOR &#8211; Dia 30.10.2016 &#8211; MANH\u00c3<\/a><\/strong><\/td>\n<\/tr>\n<tr>\n<td width=\"80\"><strong><a href=\"http:\/\/concursos.fadesp.org.br\/pmni2016\/arquivos\/Provas\/GABARITO%20OFICIAL%20PRELIMINAR%20-%20N%C3%8DVEL%20SUPERIOR%20-%20Dia%2030.10.2016%20-%20MANH%C3%83.pdf\">GABARITO OFICIAL PRELIMINAR &#8211; N\u00cdVEL SUPERIOR &#8211; Dia 30.10.2016 &#8211; MANH\u00c3<\/a><\/strong><\/td>\n<\/tr>\n<tr>\n<td width=\"80\"><strong><a href=\"http:\/\/concursos.fadesp.org.br\/pmni2016\/arquivos\/Provas\/GABARITO%20OFICIAL%20PRELIMINAR%20-%20N%C3%8DVEL%20M%C3%89DIO%20-%20Dia%2030.10.2016%20-%20TARDE.pdf\">GABARITO OFICIAL PRELIMINAR &#8211; N\u00cdVEL M\u00c9DIO &#8211; Dia 30.10.2016 &#8211; TARDE<\/a><\/strong><\/td>\n<\/tr>\n<tr>\n<td width=\"80\"><strong><a href=\"http:\/\/concursos.fadesp.org.br\/pmni2016\/arquivos\/Provas\/GABARITO%20OFICIAL%20PRELIMINAR%20-%20N%C3%8DVEL%20FUNDAMENTAL%20COMPLETO%20-%20Dia%2030.10.2016%20-%20MANH%C3%83.pdf\">GABARITO OFICIAL PRELIMINAR &#8211; N\u00cdVEL FUNDAMENTAL COMPLETO &#8211; Dia 30.10.2016 &#8211; MANH\u00c3<\/a><\/strong><\/td>\n<\/tr>\n<tr>\n<td width=\"80\"><strong><a href=\"http:\/\/concursos.fadesp.org.br\/pmni2016\/arquivos\/PROVA%20NIVEL%20FUNDAMENTAL%20INCOMPLETO%20-%20TARDE.pdf\">PROVA N\u00cdVEL FUNDAMENTAL INCOMPLETO &#8211; TARDE<\/a><\/strong><\/td>\n<\/tr>\n<tr>\n<td width=\"80\"><strong><a href=\"http:\/\/concursos.fadesp.org.br\/pmni2016\/arquivos\/PROVA%20NIVEL%20FUNDAMENTAL%20INCOMPLETO%20-%20MANHA.pdf\">PROVA N\u00cdVEL FUNDAMENTAL INCOMPLETO &#8211; MANH\u00c3<\/a><\/strong><\/td>\n<\/tr>\n<tr>\n<td width=\"80\"><strong><a href=\"http:\/\/concursos.fadesp.org.br\/pmni2016\/arquivos\/GABARITO%20OFICIAL%20PRELIMINAR%20-%20N%C3%8DVEL%20FUNDAMENTAL%20INCOMPLETO%20-%20Dia%2023.10.2016%20-%20TARDE.pdf\">GABARITO OFICIAL PRELIMINAR &#8211; N\u00cdVEL FUNDAMENTAL INCOMPLETO &#8211; Dia 23\/10\/2016 &#8211; TARDE<\/a><\/strong><\/td>\n<\/tr>\n<tr>\n<td width=\"80\"><strong><a href=\"http:\/\/concursos.fadesp.org.br\/pmni2016\/arquivos\/GABARITO%20OFICIAL%20PRELIMINAR%20-%20N%C3%8DVEL%20FUNDAMENTAL%20INCOMPLETO%20-%20Dia%2023.10.2016%20-%20MANH%C3%83.pdf\">GABARITO OFICIAL PRELIMINAR &#8211; N\u00cdVEL FUNDAMENTAL INCOMPLETO &#8211; Dia 23\/10\/2016 &#8211; MANH\u00c3\u00a0<\/a><\/strong><\/td>\n<\/tr>\n<tr>\n<td width=\"80\"><strong><a href=\"..\/midias\/anexos\/503_aviso_-_datas_das_provas_objetivas.pdf\">Aviso &#8211; Altera\u00e7\u00e3o na Data das Provas<\/a><\/strong><\/td>\n<\/tr>\n<tr>\n<td width=\"80\"><strong><a href=\"..\/midias\/anexos\/503_edital_n_02_2016_pmni_-_data_das_provas.pdf\">Edital n\u00ba 02 &#8211; Altera\u00e7\u00e3o na Data das Provas<\/a><\/strong><\/td>\n<\/tr>\n<tr>\n<td width=\"80\"><strong><a href=\"..\/midias\/anexos\/503_tabela_de_cargos_-_republicada.pdf\">Tabela de Cargos &#8211; Republicada<\/a><\/strong><\/td>\n<\/tr>\n<tr>\n<td width=\"80\"><strong><a href=\"..\/midias\/anexos\/503_formulario_de_portador_de_deficiencia.pdf\">Formul\u00e1rio PcD<\/a><\/strong><\/td>\n<\/tr>\n<tr>\n<td width=\"80\"><strong><a href=\"..\/midias\/anexos\/503_edital_n_01_2016_pmni_-_republicado.pdf\">Edital n 01 &#8211; Republicado<\/a><\/strong><\/td>\n<\/tr>\n<\/tbody>\n<\/table>\t\t\t\t\t\t\t\t<\/div>\n\t\t\t\t<\/div>\n\t\t\t\t\t<\/div>\n\t\t<\/div>\n\t\t\t\t\t<\/div>\n\t\t<\/section>\n\t\t\t\t\t<\/div>\n\t\t<\/div>\n\t\t\t\t\t<\/div>\n\t\t<\/section>\n\t\t\t\t<\/div>\n\t\t","protected":false},"excerpt":{"rendered":"<p>Prefeitura Municipal de Nova Ipixuna (PA) &#8211; 2016 A Prefeitura Municipal de Nova Ipixuna (PA) \u00a0torna p\u00fablica a realiza\u00e7\u00e3o de Concurso P\u00fablico destinado ao preenchimento de vagas do quadro de pessoal efetivo de n\u00edveis superior, m\u00e9dio e fundamental completo, mediante as condi\u00e7\u00f5es estabelecidas no edital de abertura.\u00a0 Vagas &#8211;\u00a0151 Cargos &#8211; N\u00edvel Fundamental Incompleto:\u00a0\u00a0Agente de [&hellip;]<\/p>\n","protected":false},"author":9,"featured_media":0,"parent":329,"menu_order":53,"comment_status":"closed","ping_status":"closed","template":"","meta":{"_monsterinsights_skip_tracking":false,"_monsterinsights_sitenote_active":false,"_monsterinsights_sitenote_note":"","_monsterinsights_sitenote_category":0,"footnotes":""},"class_list":["post-1586","page","type-page","status-publish","hentry","entry"],"yoast_head":"<!-- This site is optimized with the Yoast SEO plugin v25.1 - https:\/\/yoast.com\/wordpress\/plugins\/seo\/ -->\n<title>Prefeitura Municipal de Nova Ipixuna (PA) - 2016 - FADESP<\/title>\n<meta name=\"robots\" content=\"index, follow, max-snippet:-1, max-image-preview:large, max-video-preview:-1\" \/>\n<link rel=\"canonical\" href=\"https:\/\/portalfadesp.org.br\/?page_id=1586\" \/>\n<meta property=\"og:locale\" content=\"pt_BR\" \/>\n<meta property=\"og:type\" content=\"article\" \/>\n<meta property=\"og:title\" content=\"Prefeitura Municipal de Nova Ipixuna (PA) - 2016 - FADESP\" \/>\n<meta property=\"og:description\" content=\"Prefeitura Municipal de Nova Ipixuna (PA) &#8211; 2016 A Prefeitura Municipal de Nova Ipixuna (PA) \u00a0torna p\u00fablica a realiza\u00e7\u00e3o de Concurso P\u00fablico destinado ao preenchimento de vagas do quadro de pessoal efetivo de n\u00edveis superior, m\u00e9dio e fundamental completo, mediante as condi\u00e7\u00f5es estabelecidas no edital de abertura.\u00a0 Vagas &#8211;\u00a0151 Cargos &#8211; N\u00edvel Fundamental Incompleto:\u00a0\u00a0Agente de [&hellip;]\" \/>\n<meta property=\"og:url\" content=\"https:\/\/portalfadesp.org.br\/?page_id=1586\" \/>\n<meta property=\"og:site_name\" content=\"FADESP\" \/>\n<meta property=\"article:publisher\" content=\"https:\/\/www.facebook.com\/Fadesp-138351949524662\/\" \/>\n<meta property=\"article:modified_time\" content=\"2022-12-20T15:08:34+00:00\" \/>\n<meta name=\"twitter:card\" content=\"summary_large_image\" \/>\n<meta name=\"twitter:site\" content=\"@Fadesp\" \/>\n<meta name=\"twitter:label1\" content=\"Est. tempo de leitura\" \/>\n\t<meta name=\"twitter:data1\" content=\"4 minutos\" \/>\n<script type=\"application\/ld+json\" class=\"yoast-schema-graph\">{\"@context\":\"https:\/\/schema.org\",\"@graph\":[{\"@type\":\"WebPage\",\"@id\":\"https:\/\/portalfadesp.org.br\/?page_id=1586\",\"url\":\"https:\/\/portalfadesp.org.br\/?page_id=1586\",\"name\":\"Prefeitura Municipal de Nova Ipixuna (PA) - 2016 - FADESP\",\"isPartOf\":{\"@id\":\"https:\/\/portalfadesp.org.br\/#website\"},\"datePublished\":\"2016-12-21T11:40:31+00:00\",\"dateModified\":\"2022-12-20T15:08:34+00:00\",\"breadcrumb\":{\"@id\":\"https:\/\/portalfadesp.org.br\/?page_id=1586#breadcrumb\"},\"inLanguage\":\"pt-BR\",\"potentialAction\":[{\"@type\":\"ReadAction\",\"target\":[\"https:\/\/portalfadesp.org.br\/?page_id=1586\"]}]},{\"@type\":\"BreadcrumbList\",\"@id\":\"https:\/\/portalfadesp.org.br\/?page_id=1586#breadcrumb\",\"itemListElement\":[{\"@type\":\"ListItem\",\"position\":1,\"name\":\"In\u00edcio\",\"item\":\"https:\/\/portalfadesp.org.br\/\"},{\"@type\":\"ListItem\",\"position\":2,\"name\":\"Concursos &#8211; Homologados\",\"item\":\"https:\/\/portalfadesp.org.br\/?page_id=329\"},{\"@type\":\"ListItem\",\"position\":3,\"name\":\"Prefeitura Municipal de Nova Ipixuna (PA) &#8211; 2016\"}]},{\"@type\":\"WebSite\",\"@id\":\"https:\/\/portalfadesp.org.br\/#website\",\"url\":\"https:\/\/portalfadesp.org.br\/\",\"name\":\"FADESP\",\"description\":\"Funda\u00e7\u00e3o de Amparo e Desenvolvimento da Pesquisa\",\"publisher\":{\"@id\":\"https:\/\/portalfadesp.org.br\/#organization\"},\"potentialAction\":[{\"@type\":\"SearchAction\",\"target\":{\"@type\":\"EntryPoint\",\"urlTemplate\":\"https:\/\/portalfadesp.org.br\/?s={search_term_string}\"},\"query-input\":{\"@type\":\"PropertyValueSpecification\",\"valueRequired\":true,\"valueName\":\"search_term_string\"}}],\"inLanguage\":\"pt-BR\"},{\"@type\":\"Organization\",\"@id\":\"https:\/\/portalfadesp.org.br\/#organization\",\"name\":\"FADESP\",\"url\":\"https:\/\/portalfadesp.org.br\/\",\"logo\":{\"@type\":\"ImageObject\",\"inLanguage\":\"pt-BR\",\"@id\":\"https:\/\/portalfadesp.org.br\/#\/schema\/logo\/image\/\",\"url\":\"https:\/\/portalfadesp.org.br\/wp-content\/uploads\/2024\/01\/NOVOLOGOFADESPlaranjaH.png\",\"contentUrl\":\"https:\/\/portalfadesp.org.br\/wp-content\/uploads\/2024\/01\/NOVOLOGOFADESPlaranjaH.png\",\"width\":2742,\"height\":839,\"caption\":\"FADESP\"},\"image\":{\"@id\":\"https:\/\/portalfadesp.org.br\/#\/schema\/logo\/image\/\"},\"sameAs\":[\"https:\/\/www.facebook.com\/Fadesp-138351949524662\/\",\"https:\/\/x.com\/Fadesp\",\"https:\/\/www.instagram.com\/fadesp_ufpa\/\",\"https:\/\/www.youtube.com\/@fundacaodeamparoedesenvolv1903\",\"https:\/\/www.threads.net\/@fadesp_ufpa\"]}]}<\/script>\n<!-- \/ Yoast SEO plugin. -->","yoast_head_json":{"title":"Prefeitura Municipal de Nova Ipixuna (PA) - 2016 - FADESP","robots":{"index":"index","follow":"follow","max-snippet":"max-snippet:-1","max-image-preview":"max-image-preview:large","max-video-preview":"max-video-preview:-1"},"canonical":"https:\/\/portalfadesp.org.br\/?page_id=1586","og_locale":"pt_BR","og_type":"article","og_title":"Prefeitura Municipal de Nova Ipixuna (PA) - 2016 - FADESP","og_description":"Prefeitura Municipal de Nova Ipixuna (PA) &#8211; 2016 A Prefeitura Municipal de Nova Ipixuna (PA) \u00a0torna p\u00fablica a realiza\u00e7\u00e3o de Concurso P\u00fablico destinado ao preenchimento de vagas do quadro de pessoal efetivo de n\u00edveis superior, m\u00e9dio e fundamental completo, mediante as condi\u00e7\u00f5es estabelecidas no edital de abertura.\u00a0 Vagas &#8211;\u00a0151 Cargos &#8211; N\u00edvel Fundamental Incompleto:\u00a0\u00a0Agente de [&hellip;]","og_url":"https:\/\/portalfadesp.org.br\/?page_id=1586","og_site_name":"FADESP","article_publisher":"https:\/\/www.facebook.com\/Fadesp-138351949524662\/","article_modified_time":"2022-12-20T15:08:34+00:00","twitter_card":"summary_large_image","twitter_site":"@Fadesp","twitter_misc":{"Est. tempo de leitura":"4 minutos"},"schema":{"@context":"https:\/\/schema.org","@graph":[{"@type":"WebPage","@id":"https:\/\/portalfadesp.org.br\/?page_id=1586","url":"https:\/\/portalfadesp.org.br\/?page_id=1586","name":"Prefeitura Municipal de Nova Ipixuna (PA) - 2016 - FADESP","isPartOf":{"@id":"https:\/\/portalfadesp.org.br\/#website"},"datePublished":"2016-12-21T11:40:31+00:00","dateModified":"2022-12-20T15:08:34+00:00","breadcrumb":{"@id":"https:\/\/portalfadesp.org.br\/?page_id=1586#breadcrumb"},"inLanguage":"pt-BR","potentialAction":[{"@type":"ReadAction","target":["https:\/\/portalfadesp.org.br\/?page_id=1586"]}]},{"@type":"BreadcrumbList","@id":"https:\/\/portalfadesp.org.br\/?page_id=1586#breadcrumb","itemListElement":[{"@type":"ListItem","position":1,"name":"In\u00edcio","item":"https:\/\/portalfadesp.org.br\/"},{"@type":"ListItem","position":2,"name":"Concursos &#8211; Homologados","item":"https:\/\/portalfadesp.org.br\/?page_id=329"},{"@type":"ListItem","position":3,"name":"Prefeitura Municipal de Nova Ipixuna (PA) &#8211; 2016"}]},{"@type":"WebSite","@id":"https:\/\/portalfadesp.org.br\/#website","url":"https:\/\/portalfadesp.org.br\/","name":"FADESP","description":"Funda\u00e7\u00e3o de Amparo e Desenvolvimento da Pesquisa","publisher":{"@id":"https:\/\/portalfadesp.org.br\/#organization"},"potentialAction":[{"@type":"SearchAction","target":{"@type":"EntryPoint","urlTemplate":"https:\/\/portalfadesp.org.br\/?s={search_term_string}"},"query-input":{"@type":"PropertyValueSpecification","valueRequired":true,"valueName":"search_term_string"}}],"inLanguage":"pt-BR"},{"@type":"Organization","@id":"https:\/\/portalfadesp.org.br\/#organization","name":"FADESP","url":"https:\/\/portalfadesp.org.br\/","logo":{"@type":"ImageObject","inLanguage":"pt-BR","@id":"https:\/\/portalfadesp.org.br\/#\/schema\/logo\/image\/","url":"https:\/\/portalfadesp.org.br\/wp-content\/uploads\/2024\/01\/NOVOLOGOFADESPlaranjaH.png","contentUrl":"https:\/\/portalfadesp.org.br\/wp-content\/uploads\/2024\/01\/NOVOLOGOFADESPlaranjaH.png","width":2742,"height":839,"caption":"FADESP"},"image":{"@id":"https:\/\/portalfadesp.org.br\/#\/schema\/logo\/image\/"},"sameAs":["https:\/\/www.facebook.com\/Fadesp-138351949524662\/","https:\/\/x.com\/Fadesp","https:\/\/www.instagram.com\/fadesp_ufpa\/","https:\/\/www.youtube.com\/@fundacaodeamparoedesenvolv1903","https:\/\/www.threads.net\/@fadesp_ufpa"]}]}},"_links":{"self":[{"href":"https:\/\/portalfadesp.org.br\/index.php?rest_route=\/wp\/v2\/pages\/1586","targetHints":{"allow":["GET"]}}],"collection":[{"href":"https:\/\/portalfadesp.org.br\/index.php?rest_route=\/wp\/v2\/pages"}],"about":[{"href":"https:\/\/portalfadesp.org.br\/index.php?rest_route=\/wp\/v2\/types\/page"}],"author":[{"embeddable":true,"href":"https:\/\/portalfadesp.org.br\/index.php?rest_route=\/wp\/v2\/users\/9"}],"replies":[{"embeddable":true,"href":"https:\/\/portalfadesp.org.br\/index.php?rest_route=%2Fwp%2Fv2%2Fcomments&post=1586"}],"version-history":[{"count":23,"href":"https:\/\/portalfadesp.org.br\/index.php?rest_route=\/wp\/v2\/pages\/1586\/revisions"}],"predecessor-version":[{"id":36515,"href":"https:\/\/portalfadesp.org.br\/index.php?rest_route=\/wp\/v2\/pages\/1586\/revisions\/36515"}],"up":[{"embeddable":true,"href":"https:\/\/portalfadesp.org.br\/index.php?rest_route=\/wp\/v2\/pages\/329"}],"wp:attachment":[{"href":"https:\/\/portalfadesp.org.br\/index.php?rest_route=%2Fwp%2Fv2%2Fmedia&parent=1586"}],"curies":[{"name":"wp","href":"https:\/\/api.w.org\/{rel}","templated":true}]}}