{"id":1557,"date":"2012-05-22T05:43:54","date_gmt":"2012-05-22T08:43:54","guid":{"rendered":"https:\/\/162.215.13.167?page_id=1557"},"modified":"2022-12-20T12:51:11","modified_gmt":"2022-12-20T15:51:11","slug":"cdp-guarda-portuario-2012","status":"publish","type":"page","link":"https:\/\/portalfadesp.org.br\/?page_id=1557","title":{"rendered":"CDP &#8211; Guarda Portu\u00e1rio &#8211; 2012"},"content":{"rendered":"\t\t<div data-elementor-type=\"wp-post\" data-elementor-id=\"1557\" class=\"elementor elementor-1557\" data-elementor-post-type=\"page\">\n\t\t\t\t\t\t<section class=\"elementor-section elementor-top-section elementor-element elementor-element-2e838ac elementor-section-boxed elementor-section-height-default elementor-section-height-default\" data-id=\"2e838ac\" data-element_type=\"section\">\n\t\t\t\t\t\t<div class=\"elementor-container elementor-column-gap-default\">\n\t\t\t\t\t<div class=\"elementor-column elementor-col-100 elementor-top-column elementor-element elementor-element-51188bec\" data-id=\"51188bec\" data-element_type=\"column\">\n\t\t\t<div class=\"elementor-widget-wrap elementor-element-populated\">\n\t\t\t\t\t\t<div class=\"elementor-element elementor-element-53803829 elementor-widget elementor-widget-heading\" data-id=\"53803829\" data-element_type=\"widget\" data-widget_type=\"heading.default\">\n\t\t\t\t<div class=\"elementor-widget-container\">\n\t\t\t\t\t<h1 class=\"elementor-heading-title elementor-size-default\">CDP - Guarda Portu\u00e1rio - 2012\n<\/h1>\t\t\t\t<\/div>\n\t\t\t\t<\/div>\n\t\t\t\t<section class=\"elementor-section elementor-inner-section elementor-element elementor-element-1fd1b3a0 elementor-section-boxed elementor-section-height-default elementor-section-height-default\" data-id=\"1fd1b3a0\" data-element_type=\"section\">\n\t\t\t\t\t\t<div class=\"elementor-container elementor-column-gap-default\">\n\t\t\t\t\t<div class=\"elementor-column elementor-col-50 elementor-inner-column elementor-element elementor-element-25405ef1\" data-id=\"25405ef1\" data-element_type=\"column\">\n\t\t\t<div class=\"elementor-widget-wrap elementor-element-populated\">\n\t\t\t\t\t\t<div class=\"elementor-element elementor-element-1ddc0fef elementor-widget elementor-widget-text-editor\" data-id=\"1ddc0fef\" data-element_type=\"widget\" data-widget_type=\"text-editor.default\">\n\t\t\t\t<div class=\"elementor-widget-container\">\n\t\t\t\t\t\t\t\t\t<p>A Companhia das Docas do Par\u00e1 &#8211; CDP torna p\u00fablica a realiza\u00e7\u00e3o de Concurso P\u00fablico destinado ao preenchimento de vagas do quadro de pessoal efetivo de n\u00edvel m\u00e9dio de guarda portu\u00e1rio.<\/p><p><strong>Vagas &#8211;\u00a0<\/strong>16, sendo 12 para sexo masculino e<br \/>4 para feminino.<\/p><p><strong>Cargos &#8211;\u00a0<\/strong>guarda portu\u00e1rio<\/p><p><strong>Remunera\u00e7\u00e3o &#8211;\u00a0<\/strong>R$ 971,01<\/p><p><strong>Inscri\u00e7\u00f5es &#8211;\u00a0<\/strong>13\/09\/12 a 08\/11\/12<\/p><p><strong>Taxa &#8211;\u00a0<\/strong>R$ 50,00<\/p><p><strong>Datas importantes<\/strong>:<\/p><p>Per\u00edodo de Inscri\u00e7\u00e3o &#8211; 13\/09\/12 a 08\/11\/12<\/p><p>Cart\u00e3o de Inscri\u00e7\u00e3o &#8211; 13 a 19\/11\/12<\/p><p>Prova objetiva &#8211; 25\/11\/2012<\/p><p>Exames M\u00e9dicos Cl\u00ednicos &#8211; 10 a 14\/12\/2012<\/p><p>Exames de Aptid\u00e3o F\u00edsica &#8211; 14 a 18\/01\/2013<\/p><p>Avalia\u00e7\u00e3o Psicol\u00f3gica &#8211; 18 a 22\/02\/2013<\/p><p>Habilita\u00e7\u00e3o &#8211; 11\/03\/2013 a 15\/03\/2013<\/p><p>Curso \u201cHabilita\u00e7\u00e3o ao Cargo de Guarda Portu\u00e1rio\u201d &#8211; 01\/04\/2013 a 30\/05\/2013<\/p>\t\t\t\t\t\t\t\t<\/div>\n\t\t\t\t<\/div>\n\t\t\t\t\t<\/div>\n\t\t<\/div>\n\t\t\t\t<div class=\"elementor-column elementor-col-50 elementor-inner-column elementor-element elementor-element-7c200a83\" data-id=\"7c200a83\" data-element_type=\"column\">\n\t\t\t<div class=\"elementor-widget-wrap elementor-element-populated\">\n\t\t\t\t\t\t<div class=\"elementor-element elementor-element-c17211c elementor-widget elementor-widget-text-editor\" data-id=\"c17211c\" data-element_type=\"widget\" data-widget_type=\"text-editor.default\">\n\t\t\t\t<div class=\"elementor-widget-container\">\n\t\t\t\t\t\t\t\t\t<p style=\"text-align: center;\"><span style=\"color: #ffffff;\"><strong>Editais e Avisos<\/strong><\/span><\/p>\t\t\t\t\t\t\t\t<\/div>\n\t\t\t\t<\/div>\n\t\t\t\t<div class=\"elementor-element elementor-element-63084712 elementor-widget elementor-widget-text-editor\" data-id=\"63084712\" data-element_type=\"widget\" data-widget_type=\"text-editor.default\">\n\t\t\t\t<div class=\"elementor-widget-container\">\n\t\t\t\t\t\t\t\t\t<p style=\"text-align: center;\"><strong>\u00a0<a id=\"c7i2X3aNEx\" title=\"Tamanho: 57KB\" href=\"..\/midias\/anexos\/272_edital_n_19_2016_-_homologacao_complementar.pdf\" target=\"_blank\" rel=\"noopener\">Edital n\u00ba 19-2016 &#8211; Homologa\u00e7\u00e3o Complementar<\/a><\/strong><\/p>\n<p style=\"text-align: center;\"><strong><a id=\"c7i2X3aNEx\" title=\"Tamanho: 62KB\" href=\"..\/midias\/anexos\/272_edital_n_018_2016_-_resultado_retificado_da_nova_6a_etapa.pdf\" target=\"_blank\" rel=\"noopener\">Edital n\u00ba 18 &#8211; Retifica\u00e7\u00e3o da nova 6\u00aa etapa<\/a><\/strong><\/p>\n<p style=\"text-align: center;\"><strong><a id=\"c7i2X3aNEx\" title=\"Tamanho: 69KB\" href=\"..\/midias\/anexos\/272_resultado_da_nova_6a_etapa.pdf\" target=\"_blank\" rel=\"noopener\">Resultado da nova 6\u00aa etapa<\/a>\u00a0<\/strong><\/p>\n<p style=\"text-align: center;\"><strong><a id=\"c7i2X3aNEx\" title=\"Tamanho: 79KB\" href=\"..\/midias\/anexos\/272_edital_n_17_2016__cdp_-_convocacao_a_sexta_etapa.pdf\" target=\"_blank\" rel=\"noopener\">Edital n\u00ba 17 \/ 2016 &#8211; Convoca\u00e7\u00e3o \u00e0 sexta etapa<\/a>\u00a0<\/strong><\/p>\n<p style=\"text-align: center;\"><strong><a id=\"c7i2X3aNEx\" title=\"Tamanho: 57KB\" href=\"..\/midias\/anexos\/272_resultado_da_nova_convocacao_da_5a_etapa.pdf\" target=\"_blank\" rel=\"noopener\">Resultado da nova convoca\u00e7\u00e3o da 5\u00aa etapa\u00a0<\/a><\/strong><\/p>\n<p style=\"text-align: center;\"><strong><a id=\"c7i2X3aNEx\" title=\"Tamanho: 139KB\" href=\"..\/midias\/anexos\/272_edital_n_16_2016__nova_convocacao_a_quinta_etapa.pdf\" target=\"_blank\" rel=\"noopener\">Edital N\u00ba 16\u00ba &#8211; Nova convoca\u00e7\u00e3o \u00e0 Quinta Etapa<\/a><\/strong><\/p>\n<p style=\"text-align: center;\"><strong><a id=\"c7i2X3aNEx\" title=\"Tamanho: 43KB\" href=\"..\/midias\/anexos\/272_formulario_de_entrega_de_documentos2.pdf\" target=\"_blank\" rel=\"noopener\">Formul\u00e1rio de Entrega de Documentos<\/a><\/strong><\/p>\n<p style=\"text-align: center;\"><strong><a href=\"http:\/\/concursos.fadesp.org.br\/cdpGP2012\/arquivos\/Homologa%C3%A7%C3%A3o%20do%20Resultado%20Final%20do%20Concurso.pdf\" target=\"_blank\" rel=\"noopener\">Homologa\u00e7\u00e3o do Resultado Final do Concurso\u00a0<\/a><\/strong><\/p>\n<p style=\"text-align: center;\"><strong><a href=\"http:\/\/concursos.fadesp.org.br\/cdpGP2012\/arquivos\/Resultado%20Geral%20da%206a%20Etapa.pdf\">Resultado Geral da 6\u00aa Etapa<\/a><\/strong><\/p>\n<p style=\"text-align: center;\"><strong><a href=\"http:\/\/concursos.fadesp.org.br\/cdpGP2012\/arquivos\/COMUNICADO%20AULA%20INAUGURAL.pdf\" target=\"_blank\" rel=\"noopener\">Comunicado Aula Inaugural\u00a0<\/a><\/strong><\/p>\n<p style=\"text-align: center;\"><strong><a id=\"c7i2X3aNEx\" title=\"Tamanho: -1KB\" href=\"..\/midias\/anexos\/Copia(01)_272_edital_n_012_cdp_-_convocacao_a_6_etapa.pdf\" target=\"_blank\" rel=\"noopener\">Edital CDP &#8211; Convoca\u00e7\u00e3o \u00e0 6\u00aa Etapa<\/a><\/strong><\/p>\n<p style=\"text-align: center;\"><strong><a id=\"c7i2X3aNEx\" title=\"Tamanho: -1KB\" href=\"..\/midias\/anexos\/272_carta_dirpre_adiando_a_6a_etapa.pdf\" target=\"_blank\" rel=\"noopener\">Carta da CDP Adiando a 6\u00aa Etapa<\/a><\/strong><\/p>\n<p style=\"text-align: center;\"><strong><a id=\"c7i2X3aNEx\" title=\"Tamanho: -1KB\" href=\"..\/midias\/anexos\/272_novo_periodo_do_curso_de_guarda_portuario.pdf\" target=\"_blank\" rel=\"noopener\">Novo Per\u00edodo do Curso de Guarda Portu\u00e1rio<\/a><\/strong><\/p>\n<p style=\"text-align: center;\"><strong><a id=\"c7i2X3aNEx\" title=\"Tamanho: -1KB\" href=\"..\/midias\/anexos\/272_comunicado_e_prorrogacao_do_curso.pdf\" target=\"_blank\" rel=\"noopener\">Comunicado de Adiamento do curso<\/a><\/strong><\/p>\n<p style=\"text-align: center;\"><strong><a id=\"c7i2X3aNEx\" title=\"Tamanho: -1KB\" href=\"..\/midias\/anexos\/272_edital_n_012_cdp_-_convocacao_a_6_etapa.pdf\" target=\"_blank\" rel=\"noopener\">Edital &#8211; Convoca\u00e7\u00e3o \u00e0 Sexta Etapa<\/a><\/strong><\/p>\n<p style=\"text-align: center;\"><strong><a id=\"c7i2X3aNEx\" title=\"Tamanho: -1KB\" href=\"..\/midias\/anexos\/272_comunicado_altercao_data_da_6_etapa15.05.13.pdf\" target=\"_blank\" rel=\"noopener\">Comunicado &#8211; Altera\u00e7\u00e3o Data da 6\u00aa Etapa<\/a><\/strong><\/p>\n<p style=\"text-align: center;\"><strong><a id=\"c7i2X3aNEx\" title=\"Tamanho: -1KB\" href=\"..\/midias\/anexos\/272_resultado_da_segunda_convocacao_da_5a_etapa.pdf\" target=\"_blank\" rel=\"noopener\">Resultado da Segunda Convoca\u00e7\u00e3o da 5\u00aa Etapa<\/a><\/strong><\/p>\n<p style=\"text-align: center;\"><strong><a id=\"c7i2X3aNEx\" title=\"Tamanho: -1KB\" href=\"..\/midias\/anexos\/272_edital_n_12_2013_segunda_convocacao_a_quinta_etapa.pdf\" target=\"_blank\" rel=\"noopener\">Edital 12\/2013 Segunda Convoca\u00e7\u00e3o \u00e0 Quinta Etapa<\/a><\/strong><\/p>\n<p style=\"text-align: center;\"><strong><a id=\"c7i2X3aNEx\" title=\"Tamanho: -1KB\" href=\"..\/midias\/anexos\/Copia(01)_272_comunicado-_data_do_curso_de_guarda_portuario.pdf\" target=\"_blank\" rel=\"noopener\">Comunicado sobre a data do Curso de Guarda Portu\u00e1rio<\/a><\/strong><\/p>\n<p style=\"text-align: center;\"><strong><a id=\"c7i2X3aNEx\" title=\"Tamanho: -1KB\" href=\"..\/midias\/anexos\/272_resultado_geral_da_5a_etapa.pdf\" target=\"_blank\" rel=\"noopener\">Resultado Geral da 5a Etapa<\/a><\/strong><\/p>\n<p style=\"text-align: center;\"><strong><a id=\"c7i2X3aNEx\" title=\"Tamanho: -1KB\" href=\"..\/midias\/anexos\/272_formulario_de_entrega_de_documentos.pdf\" target=\"_blank\" rel=\"noopener\">Formul\u00e1rio de Entrega de Documentos<\/a><\/strong><\/p>\n<p style=\"text-align: center;\"><strong><a id=\"c7i2X3aNEx\" title=\"Tamanho: 64KB\" href=\"..\/midias\/anexos\/272_resultado_geral_da_4a_etapa_-_retificado.pdf\" target=\"_blank\" rel=\"noopener\">Resultado Geral da Quarta Etapa &#8211; Retificado<\/a><\/strong><\/p>\n<p style=\"text-align: center;\"><strong><a id=\"c7i2X3aNEx\" title=\"Tamanho: -1KB\" href=\"..\/midias\/anexos\/Copia(01)_272_edital_n_11_2013_convocacao_a_quinta_etapa_-_retificado.pdf\" target=\"_blank\" rel=\"noopener\">Edital 11 2013 Convoca\u00e7\u00e3o a Quinta Etapa &#8211; Retificado<\/a><\/strong><\/p>\n<p style=\"text-align: center;\"><strong><a id=\"c7i2X3aNEx\" title=\"Tamanho: -1KB\" href=\"..\/midias\/anexos\/Copia(01)_272_edital_n_11_2013_convocacao_a_quinta_etapa.pdf\" target=\"_blank\" rel=\"noopener\">Edital 11 2013 Convoca\u00e7\u00e3o a Quinta Etapa<\/a><\/strong><\/p>\n<p style=\"text-align: center;\"><strong><a id=\"c7i2X3aNEx\" title=\"Tamanho: 39KB\" href=\"..\/midias\/anexos\/Copia(01)_272_resultado_geral_da_4a_etapa.pdf\" target=\"_blank\" rel=\"noopener\">Resultado Geral da Quarta Etapa<\/a><\/strong><\/p>\n<p style=\"text-align: center;\"><strong><a id=\"c7i2X3aNEx\" title=\"Tamanho: -1KB\" href=\"..\/midias\/anexos\/272_edital_n_08_2012_convocacao_a_quarta_etapa.pdf\" target=\"_blank\" rel=\"noopener\">Edital 08\/2012 &#8211; Convoca\u00e7\u00e3o \u00e0 Quarta Etapa<\/a><\/strong><\/p>\n<p style=\"text-align: center;\"><strong><a id=\"c7i2X3aNEx\" title=\"Tamanho: -1KB\" href=\"..\/midias\/anexos\/272_resultado_geral_da_3a_etapa.pdf\" target=\"_blank\" rel=\"noopener\">Resultado Geral da Terceira Etapa<\/a><\/strong><\/p>\n<p style=\"text-align: center;\"><strong><a id=\"c7i2X3aNEx\" title=\"Tamanho: -1KB\" href=\"..\/midias\/anexos\/272_edital_n_06_2012_convocacao_a_terceira_etapa.pdf\" target=\"_blank\" rel=\"noopener\">Edital 06\/2012 &#8211; Rela\u00e7\u00e3o de Convocados \u00e0 Terceira Etapa<\/a><\/strong><\/p>\n<p style=\"text-align: center;\"><strong><a id=\"c7i2X3aNEx\" title=\"Tamanho: -1KB\" href=\"..\/midias\/anexos\/272_resultado_geral_da_2a_etapa.pdf\" target=\"_blank\" rel=\"noopener\">Resultado Geral da Segunda Etapa<\/a><\/strong><\/p>\n<p style=\"text-align: center;\"><strong><a id=\"c7i2X3aNEx\" title=\"Tamanho: -1KB\" href=\"..\/midias\/anexos\/272_edital_n_05_2012_convocacao_a_segunda_etapa_old.pdf\" target=\"_blank\" rel=\"noopener\">Edital 05\/2012 &#8211; Rela\u00e7\u00e3o de Convocados \u00e0 Segunda Etapa<\/a><\/strong><\/p>\n<p style=\"text-align: center;\"><strong><a id=\"c7i2X3aNEx\" title=\"Tamanho: -1KB\" href=\"..\/midias\/anexos\/272_resultado_geral_da_1a_etapa.pdf\" target=\"_blank\" rel=\"noopener\">Resultado Geral da Primeira Etapa<\/a><\/strong><\/p>\n<p style=\"text-align: center;\"><strong><a id=\"c7i2X3aNEx\" title=\"Tamanho: -1KB\" href=\"..\/midias\/anexos\/272_gabarito_oficial_definitivo_cdpgp.pdf\" target=\"_blank\" rel=\"noopener\">Gabarito oficial definitivo<\/a>\u00a0<\/strong><\/p>\n<p style=\"text-align: center;\"><strong><a id=\"c7i2X3aNEx\" title=\"Tamanho: -1KB\" href=\"..\/midias\/anexos\/272_guarda_portuario.pdf\" target=\"_blank\" rel=\"noopener\">Prova &#8211; Guarda Portu\u00e1rio<\/a><\/strong><\/p>\n<p style=\"text-align: center;\"><strong><a id=\"c7i2X3aNEx\" title=\"Tamanho: -1KB\" href=\"..\/midias\/anexos\/272_gabarito_oficial_preliminar_guarda_portuario_dia_25.11.2012.pdf\" target=\"_blank\" rel=\"noopener\">Gabarito Oficial Preliminar<\/a><\/strong><\/p>\n<p style=\"text-align: center;\"><strong><a id=\"c7i2X3aNEx\" title=\"Tamanho: -1KB\" href=\"..\/midias\/anexos\/272_edital_n_04_2012_prorrogacao_das_inscricoes.pdf\" target=\"_blank\" rel=\"noopener\">Edital 04\/2012 &#8211; Prorroga\u00e7\u00e3o das Inscri\u00e7\u00f5es<\/a><\/strong><\/p>\n<p style=\"text-align: center;\"><strong><a id=\"c7i2X3aNEx\" title=\"Tamanho: -1KB\" href=\"..\/midias\/anexos\/Copia(01)_272_relacao_de_isentos_de_guarda_portuario.pdf\" target=\"_blank\" rel=\"noopener\">Rela\u00e7\u00e3o de Isentos<\/a><\/strong><\/p>\n<p style=\"text-align: center;\"><strong><a id=\"c7i2X3aNEx\" title=\"Tamanho: -1KB\" href=\"..\/midias\/anexos\/272_formulario_de_portador_de_deficiencia.pdf\" target=\"_blank\" rel=\"noopener\">Formul\u00e1rio de PCD<\/a><\/strong><\/p>\n<p style=\"text-align: center;\"><strong><a id=\"c7i2X3aNEx\" title=\"Tamanho: 279KB\" href=\"..\/midias\/anexos\/272_edital_n_01_2012_cdp.pdf\" target=\"_blank\" rel=\"noopener\">Edital de abertura<\/a><\/strong><\/p>\t\t\t\t\t\t\t\t<\/div>\n\t\t\t\t<\/div>\n\t\t\t\t\t<\/div>\n\t\t<\/div>\n\t\t\t\t\t<\/div>\n\t\t<\/section>\n\t\t\t\t\t<\/div>\n\t\t<\/div>\n\t\t\t\t\t<\/div>\n\t\t<\/section>\n\t\t\t\t<\/div>\n\t\t","protected":false},"excerpt":{"rendered":"<p>CDP &#8211; Guarda Portu\u00e1rio &#8211; 2012 A Companhia das Docas do Par\u00e1 &#8211; CDP torna p\u00fablica a realiza\u00e7\u00e3o de Concurso P\u00fablico destinado ao preenchimento de vagas do quadro de pessoal efetivo de n\u00edvel m\u00e9dio de guarda portu\u00e1rio. Vagas &#8211;\u00a016, sendo 12 para sexo masculino e4 para feminino. Cargos &#8211;\u00a0guarda portu\u00e1rio Remunera\u00e7\u00e3o &#8211;\u00a0R$ 971,01 Inscri\u00e7\u00f5es &#8211;\u00a013\/09\/12 [&hellip;]<\/p>\n","protected":false},"author":9,"featured_media":0,"parent":329,"menu_order":57,"comment_status":"closed","ping_status":"closed","template":"","meta":{"_monsterinsights_skip_tracking":false,"_monsterinsights_sitenote_active":false,"_monsterinsights_sitenote_note":"","_monsterinsights_sitenote_category":0,"footnotes":""},"class_list":["post-1557","page","type-page","status-publish","hentry","entry"],"yoast_head":"<!-- This site is optimized with the Yoast SEO plugin v25.1 - https:\/\/yoast.com\/wordpress\/plugins\/seo\/ -->\n<title>CDP - Guarda Portu\u00e1rio - 2012 - FADESP<\/title>\n<meta name=\"robots\" content=\"index, follow, max-snippet:-1, max-image-preview:large, max-video-preview:-1\" \/>\n<link rel=\"canonical\" href=\"https:\/\/portalfadesp.org.br\/?page_id=1557\" \/>\n<meta property=\"og:locale\" content=\"pt_BR\" \/>\n<meta property=\"og:type\" content=\"article\" \/>\n<meta property=\"og:title\" content=\"CDP - Guarda Portu\u00e1rio - 2012 - FADESP\" \/>\n<meta property=\"og:description\" content=\"CDP &#8211; Guarda Portu\u00e1rio &#8211; 2012 A Companhia das Docas do Par\u00e1 &#8211; CDP torna p\u00fablica a realiza\u00e7\u00e3o de Concurso P\u00fablico destinado ao preenchimento de vagas do quadro de pessoal efetivo de n\u00edvel m\u00e9dio de guarda portu\u00e1rio. Vagas &#8211;\u00a016, sendo 12 para sexo masculino e4 para feminino. Cargos &#8211;\u00a0guarda portu\u00e1rio Remunera\u00e7\u00e3o &#8211;\u00a0R$ 971,01 Inscri\u00e7\u00f5es &#8211;\u00a013\/09\/12 [&hellip;]\" \/>\n<meta property=\"og:url\" content=\"https:\/\/portalfadesp.org.br\/?page_id=1557\" \/>\n<meta property=\"og:site_name\" content=\"FADESP\" \/>\n<meta property=\"article:publisher\" content=\"https:\/\/www.facebook.com\/Fadesp-138351949524662\/\" \/>\n<meta property=\"article:modified_time\" content=\"2022-12-20T15:51:11+00:00\" \/>\n<meta name=\"twitter:card\" content=\"summary_large_image\" \/>\n<meta name=\"twitter:site\" content=\"@Fadesp\" \/>\n<meta name=\"twitter:label1\" content=\"Est. tempo de leitura\" \/>\n\t<meta name=\"twitter:data1\" content=\"2 minutos\" \/>\n<script type=\"application\/ld+json\" class=\"yoast-schema-graph\">{\"@context\":\"https:\/\/schema.org\",\"@graph\":[{\"@type\":\"WebPage\",\"@id\":\"https:\/\/portalfadesp.org.br\/?page_id=1557\",\"url\":\"https:\/\/portalfadesp.org.br\/?page_id=1557\",\"name\":\"CDP - Guarda Portu\u00e1rio - 2012 - FADESP\",\"isPartOf\":{\"@id\":\"https:\/\/portalfadesp.org.br\/#website\"},\"datePublished\":\"2012-05-22T08:43:54+00:00\",\"dateModified\":\"2022-12-20T15:51:11+00:00\",\"breadcrumb\":{\"@id\":\"https:\/\/portalfadesp.org.br\/?page_id=1557#breadcrumb\"},\"inLanguage\":\"pt-BR\",\"potentialAction\":[{\"@type\":\"ReadAction\",\"target\":[\"https:\/\/portalfadesp.org.br\/?page_id=1557\"]}]},{\"@type\":\"BreadcrumbList\",\"@id\":\"https:\/\/portalfadesp.org.br\/?page_id=1557#breadcrumb\",\"itemListElement\":[{\"@type\":\"ListItem\",\"position\":1,\"name\":\"In\u00edcio\",\"item\":\"https:\/\/portalfadesp.org.br\/\"},{\"@type\":\"ListItem\",\"position\":2,\"name\":\"Concursos &#8211; Homologados\",\"item\":\"https:\/\/portalfadesp.org.br\/?page_id=329\"},{\"@type\":\"ListItem\",\"position\":3,\"name\":\"CDP &#8211; Guarda Portu\u00e1rio &#8211; 2012\"}]},{\"@type\":\"WebSite\",\"@id\":\"https:\/\/portalfadesp.org.br\/#website\",\"url\":\"https:\/\/portalfadesp.org.br\/\",\"name\":\"FADESP\",\"description\":\"Funda\u00e7\u00e3o de Amparo e Desenvolvimento da Pesquisa\",\"publisher\":{\"@id\":\"https:\/\/portalfadesp.org.br\/#organization\"},\"potentialAction\":[{\"@type\":\"SearchAction\",\"target\":{\"@type\":\"EntryPoint\",\"urlTemplate\":\"https:\/\/portalfadesp.org.br\/?s={search_term_string}\"},\"query-input\":{\"@type\":\"PropertyValueSpecification\",\"valueRequired\":true,\"valueName\":\"search_term_string\"}}],\"inLanguage\":\"pt-BR\"},{\"@type\":\"Organization\",\"@id\":\"https:\/\/portalfadesp.org.br\/#organization\",\"name\":\"FADESP\",\"url\":\"https:\/\/portalfadesp.org.br\/\",\"logo\":{\"@type\":\"ImageObject\",\"inLanguage\":\"pt-BR\",\"@id\":\"https:\/\/portalfadesp.org.br\/#\/schema\/logo\/image\/\",\"url\":\"https:\/\/portalfadesp.org.br\/wp-content\/uploads\/2024\/01\/NOVOLOGOFADESPlaranjaH.png\",\"contentUrl\":\"https:\/\/portalfadesp.org.br\/wp-content\/uploads\/2024\/01\/NOVOLOGOFADESPlaranjaH.png\",\"width\":2742,\"height\":839,\"caption\":\"FADESP\"},\"image\":{\"@id\":\"https:\/\/portalfadesp.org.br\/#\/schema\/logo\/image\/\"},\"sameAs\":[\"https:\/\/www.facebook.com\/Fadesp-138351949524662\/\",\"https:\/\/x.com\/Fadesp\",\"https:\/\/www.instagram.com\/fadesp_ufpa\/\",\"https:\/\/www.youtube.com\/@fundacaodeamparoedesenvolv1903\",\"https:\/\/www.threads.net\/@fadesp_ufpa\"]}]}<\/script>\n<!-- \/ Yoast SEO plugin. -->","yoast_head_json":{"title":"CDP - Guarda Portu\u00e1rio - 2012 - FADESP","robots":{"index":"index","follow":"follow","max-snippet":"max-snippet:-1","max-image-preview":"max-image-preview:large","max-video-preview":"max-video-preview:-1"},"canonical":"https:\/\/portalfadesp.org.br\/?page_id=1557","og_locale":"pt_BR","og_type":"article","og_title":"CDP - Guarda Portu\u00e1rio - 2012 - FADESP","og_description":"CDP &#8211; Guarda Portu\u00e1rio &#8211; 2012 A Companhia das Docas do Par\u00e1 &#8211; CDP torna p\u00fablica a realiza\u00e7\u00e3o de Concurso P\u00fablico destinado ao preenchimento de vagas do quadro de pessoal efetivo de n\u00edvel m\u00e9dio de guarda portu\u00e1rio. Vagas &#8211;\u00a016, sendo 12 para sexo masculino e4 para feminino. Cargos &#8211;\u00a0guarda portu\u00e1rio Remunera\u00e7\u00e3o &#8211;\u00a0R$ 971,01 Inscri\u00e7\u00f5es &#8211;\u00a013\/09\/12 [&hellip;]","og_url":"https:\/\/portalfadesp.org.br\/?page_id=1557","og_site_name":"FADESP","article_publisher":"https:\/\/www.facebook.com\/Fadesp-138351949524662\/","article_modified_time":"2022-12-20T15:51:11+00:00","twitter_card":"summary_large_image","twitter_site":"@Fadesp","twitter_misc":{"Est. tempo de leitura":"2 minutos"},"schema":{"@context":"https:\/\/schema.org","@graph":[{"@type":"WebPage","@id":"https:\/\/portalfadesp.org.br\/?page_id=1557","url":"https:\/\/portalfadesp.org.br\/?page_id=1557","name":"CDP - Guarda Portu\u00e1rio - 2012 - FADESP","isPartOf":{"@id":"https:\/\/portalfadesp.org.br\/#website"},"datePublished":"2012-05-22T08:43:54+00:00","dateModified":"2022-12-20T15:51:11+00:00","breadcrumb":{"@id":"https:\/\/portalfadesp.org.br\/?page_id=1557#breadcrumb"},"inLanguage":"pt-BR","potentialAction":[{"@type":"ReadAction","target":["https:\/\/portalfadesp.org.br\/?page_id=1557"]}]},{"@type":"BreadcrumbList","@id":"https:\/\/portalfadesp.org.br\/?page_id=1557#breadcrumb","itemListElement":[{"@type":"ListItem","position":1,"name":"In\u00edcio","item":"https:\/\/portalfadesp.org.br\/"},{"@type":"ListItem","position":2,"name":"Concursos &#8211; Homologados","item":"https:\/\/portalfadesp.org.br\/?page_id=329"},{"@type":"ListItem","position":3,"name":"CDP &#8211; Guarda Portu\u00e1rio &#8211; 2012"}]},{"@type":"WebSite","@id":"https:\/\/portalfadesp.org.br\/#website","url":"https:\/\/portalfadesp.org.br\/","name":"FADESP","description":"Funda\u00e7\u00e3o de Amparo e Desenvolvimento da Pesquisa","publisher":{"@id":"https:\/\/portalfadesp.org.br\/#organization"},"potentialAction":[{"@type":"SearchAction","target":{"@type":"EntryPoint","urlTemplate":"https:\/\/portalfadesp.org.br\/?s={search_term_string}"},"query-input":{"@type":"PropertyValueSpecification","valueRequired":true,"valueName":"search_term_string"}}],"inLanguage":"pt-BR"},{"@type":"Organization","@id":"https:\/\/portalfadesp.org.br\/#organization","name":"FADESP","url":"https:\/\/portalfadesp.org.br\/","logo":{"@type":"ImageObject","inLanguage":"pt-BR","@id":"https:\/\/portalfadesp.org.br\/#\/schema\/logo\/image\/","url":"https:\/\/portalfadesp.org.br\/wp-content\/uploads\/2024\/01\/NOVOLOGOFADESPlaranjaH.png","contentUrl":"https:\/\/portalfadesp.org.br\/wp-content\/uploads\/2024\/01\/NOVOLOGOFADESPlaranjaH.png","width":2742,"height":839,"caption":"FADESP"},"image":{"@id":"https:\/\/portalfadesp.org.br\/#\/schema\/logo\/image\/"},"sameAs":["https:\/\/www.facebook.com\/Fadesp-138351949524662\/","https:\/\/x.com\/Fadesp","https:\/\/www.instagram.com\/fadesp_ufpa\/","https:\/\/www.youtube.com\/@fundacaodeamparoedesenvolv1903","https:\/\/www.threads.net\/@fadesp_ufpa"]}]}},"_links":{"self":[{"href":"https:\/\/portalfadesp.org.br\/index.php?rest_route=\/wp\/v2\/pages\/1557","targetHints":{"allow":["GET"]}}],"collection":[{"href":"https:\/\/portalfadesp.org.br\/index.php?rest_route=\/wp\/v2\/pages"}],"about":[{"href":"https:\/\/portalfadesp.org.br\/index.php?rest_route=\/wp\/v2\/types\/page"}],"author":[{"embeddable":true,"href":"https:\/\/portalfadesp.org.br\/index.php?rest_route=\/wp\/v2\/users\/9"}],"replies":[{"embeddable":true,"href":"https:\/\/portalfadesp.org.br\/index.php?rest_route=%2Fwp%2Fv2%2Fcomments&post=1557"}],"version-history":[{"count":21,"href":"https:\/\/portalfadesp.org.br\/index.php?rest_route=\/wp\/v2\/pages\/1557\/revisions"}],"predecessor-version":[{"id":36729,"href":"https:\/\/portalfadesp.org.br\/index.php?rest_route=\/wp\/v2\/pages\/1557\/revisions\/36729"}],"up":[{"embeddable":true,"href":"https:\/\/portalfadesp.org.br\/index.php?rest_route=\/wp\/v2\/pages\/329"}],"wp:attachment":[{"href":"https:\/\/portalfadesp.org.br\/index.php?rest_route=%2Fwp%2Fv2%2Fmedia&parent=1557"}],"curies":[{"name":"wp","href":"https:\/\/api.w.org\/{rel}","templated":true}]}}