{"id":1467,"date":"2012-05-22T04:30:06","date_gmt":"2012-05-22T07:30:06","guid":{"rendered":"https:\/\/162.215.13.167?page_id=1467"},"modified":"2022-12-20T12:51:30","modified_gmt":"2022-12-20T15:51:30","slug":"ministerio-publico-do-estado-do-para-2012","status":"publish","type":"page","link":"https:\/\/portalfadesp.org.br\/?page_id=1467","title":{"rendered":"Minist\u00e9rio P\u00fablico do Estado do Par\u00e1 (MPE-PA) &#8211; 2012"},"content":{"rendered":"\t\t<div data-elementor-type=\"wp-post\" data-elementor-id=\"1467\" class=\"elementor elementor-1467\" data-elementor-post-type=\"page\">\n\t\t\t\t\t\t<section class=\"elementor-section elementor-top-section elementor-element elementor-element-5adf1de0 elementor-section-boxed elementor-section-height-default elementor-section-height-default\" data-id=\"5adf1de0\" data-element_type=\"section\">\n\t\t\t\t\t\t<div class=\"elementor-container elementor-column-gap-default\">\n\t\t\t\t\t<div class=\"elementor-column elementor-col-100 elementor-top-column elementor-element elementor-element-35ac1c0e\" data-id=\"35ac1c0e\" data-element_type=\"column\">\n\t\t\t<div class=\"elementor-widget-wrap elementor-element-populated\">\n\t\t\t\t\t\t<div class=\"elementor-element elementor-element-1af1a11d elementor-widget elementor-widget-heading\" data-id=\"1af1a11d\" data-element_type=\"widget\" data-widget_type=\"heading.default\">\n\t\t\t\t<div class=\"elementor-widget-container\">\n\t\t\t\t\t<h1 class=\"elementor-heading-title elementor-size-default\">Minist\u00e9rio P\u00fablico do Estado do Par\u00e1 - 2012\n<\/h1>\t\t\t\t<\/div>\n\t\t\t\t<\/div>\n\t\t\t\t<section class=\"elementor-section elementor-inner-section elementor-element elementor-element-34443ea5 elementor-section-boxed elementor-section-height-default elementor-section-height-default\" data-id=\"34443ea5\" data-element_type=\"section\">\n\t\t\t\t\t\t<div class=\"elementor-container elementor-column-gap-default\">\n\t\t\t\t\t<div class=\"elementor-column elementor-col-50 elementor-inner-column elementor-element elementor-element-75fb68fd\" data-id=\"75fb68fd\" data-element_type=\"column\">\n\t\t\t<div class=\"elementor-widget-wrap elementor-element-populated\">\n\t\t\t\t\t\t<div class=\"elementor-element elementor-element-6f4438c1 elementor-widget elementor-widget-text-editor\" data-id=\"6f4438c1\" data-element_type=\"widget\" data-widget_type=\"text-editor.default\">\n\t\t\t\t<div class=\"elementor-widget-container\">\n\t\t\t\t\t\t\t\t\t<p>O Concurso P\u00fablico destina-se ao preenchimento de 283 vagas, ficando as admiss\u00f5es condicionadas \u00e0 disponibilidade or\u00e7ament\u00e1rio-financeira do Minist\u00e9rio P\u00fablico do estado do Par\u00e1, durante o prazo de validade do certame.<\/p><p>O concurso ser\u00e1 regido pelas normas da Lei Org\u00e2nica Nacional do Minist\u00e9rio P\u00fablico (Lei Federal n\u00ba 8.625, de \u00a012.02.93), Lei Estadual do Minist\u00e9rio P\u00fablico do Estado do Par\u00e1 (Lei Complementar n\u00ba 057, de 06.07.2006), Regime \u00a0Jur\u00eddico \u00danico dos Servidores Civis do Estado do Par\u00e1 (Lei Estadual n\u00ba 5.810 de 24.01.94) e por este Edital.<\/p><p><strong>Vagas &#8211;\u00a0<\/strong>283<strong>\u00a0<br \/><\/strong><\/p><p><strong>Cargos &#8211;\u00a0<\/strong>Ensino M\u00e9dio: Auxiliar de Administra\u00e7\u00e3o e T\u00e9cnico de Inform\u00e1tica.<\/p><p>N\u00edvel Superior: T\u00e9cnico de Sistema de Dados &#8211; Suporte Banco de Dados, T\u00e9cnico Analista de Sistema &#8211; Desenvolvimento, T\u00e9cnico Analista de Sistema &#8211; Suporte a Rede de Computadores, T\u00e9cnico Analista de Sistema &#8211; Modelagem de Sistemas, T\u00e9cnico Biblioteconomista, T\u00e9cnico Contador, T\u00e9cnico Pedagogo, T\u00e9cnico Especializado &#8211; Arquiteto e Analista Jur\u00eddico.<\/p><p><strong>Remunera\u00e7\u00e3o &#8211;\u00a0\u00a0<\/strong>de R$ 1.848,38 a R$ 2.639,68<\/p><p><strong>Inscri\u00e7\u00f5es &#8211;\u00a0<\/strong>08\/0812 a 17\/09\/12<\/p><p><strong>Taxa &#8211;\u00a0<\/strong>R$ 50,00 (n\u00edvel m\u00e9dio) e R$ 56,00 (n\u00edvel superior)<\/p><p><strong>Datas importantes<\/strong>:<\/p><p>Per\u00edodo de Inscri\u00e7\u00e3o &#8211;\u00a0<strong>&#8211;\u00a0<\/strong>08\/0812 a 17\/09\/12<\/p><p>Per\u00edodo de Isen\u00e7\u00e3o &#8211; 08\/0812 a 24\/08\/12<\/p><p>Cart\u00e3o de Inscri\u00e7\u00e3o &#8211; 01 a 05\/10\/12<\/p><p>Data da Prova Objetiva &#8211; 21\/10\/12<\/p>\t\t\t\t\t\t\t\t<\/div>\n\t\t\t\t<\/div>\n\t\t\t\t\t<\/div>\n\t\t<\/div>\n\t\t\t\t<div class=\"elementor-column elementor-col-50 elementor-inner-column elementor-element elementor-element-358ce323\" data-id=\"358ce323\" data-element_type=\"column\">\n\t\t\t<div class=\"elementor-widget-wrap elementor-element-populated\">\n\t\t\t\t\t\t<div class=\"elementor-element elementor-element-42c274d8 elementor-widget elementor-widget-text-editor\" data-id=\"42c274d8\" data-element_type=\"widget\" data-widget_type=\"text-editor.default\">\n\t\t\t\t<div class=\"elementor-widget-container\">\n\t\t\t\t\t\t\t\t\t<p style=\"text-align: center;\"><span style=\"color: #ffffff;\"><strong>Editais e Avisos<\/strong><\/span><\/p>\t\t\t\t\t\t\t\t<\/div>\n\t\t\t\t<\/div>\n\t\t\t\t<div class=\"elementor-element elementor-element-946eedc elementor-widget elementor-widget-text-editor\" data-id=\"946eedc\" data-element_type=\"widget\" data-widget_type=\"text-editor.default\">\n\t\t\t\t<div class=\"elementor-widget-container\">\n\t\t\t\t\t\t\t\t\t<table width=\"80\">\n<tbody>\n<tr>\n<td width=\"80\"><strong><a href=\"http:\/\/concursos.fadesp.org.br\/mppa2012\/arquivos\/N%C3%ADvel%20Superior%20-%20Homologa%C3%A7%C3%A3o%20do%20resultado%20final%20ap%C3%B3s%20a%C3%A7%C3%B5es%20judiciais.pdf\">N\u00edvel Superior &#8211; Homologa\u00e7\u00e3o do Resultado Final ap\u00f3s a\u00e7\u00f5es judiciais<\/a><\/strong><\/td>\n<\/tr>\n<tr>\n<td width=\"80\"><strong><a href=\"..\/midias\/anexos\/266_nivel_superior_-_classificacao_geral_por_cargo_apos_acoes_judiciais.pdf\">N\u00edvel Superior &#8211; Classifica\u00e7\u00e3o geral por cargo ap\u00f3s a\u00e7\u00f5es judiciais<\/a><\/strong><\/td>\n<\/tr>\n<tr>\n<td width=\"80\"><strong><a href=\"..\/midias\/anexos\/266_nivel_superior_-_classificacao_pcd_apos_acoes_judiciais.pdf\">N\u00edvel Superior &#8211; Classifica\u00e7\u00e3o PcD ap\u00f3s a\u00e7\u00f5es judiciais<\/a><\/strong><\/td>\n<\/tr>\n<tr>\n<td width=\"80\"><strong><a href=\"..\/midias\/anexos\/266_nivel_superior_-_edital_n_18_2013-resultado_final_apos_acoes_judiciais.pdf\">N\u00edvel Superior &#8211; Edital n\u00ba 18_2013 &#8211; Resultado final ap\u00f3s a\u00e7\u00f5es judiciais<\/a><\/strong><\/td>\n<\/tr>\n<tr>\n<td width=\"80\"><strong><a href=\"..\/midias\/anexos\/266_nivel_superior-retificacoes_da_prova_de_titulos.pdf\">N\u00edvel Superior &#8211; Retifica\u00e7\u00f5es da prova de t\u00edtulos<\/a><\/strong><\/td>\n<\/tr>\n<tr>\n<td width=\"80\"><strong><a href=\"..\/midias\/anexos\/266_nivel_superior_-_resultado_de_titulos_apos_acoes_judiciais.pdf\">N\u00edvel Superior &#8211; Resultado de t\u00edtulos ap\u00f3s a\u00e7\u00f5es judiciais<\/a><\/strong><\/td>\n<\/tr>\n<tr>\n<td width=\"80\"><strong><a href=\"..\/midias\/anexos\/266_nivel_superior_-_resultado_dos_novos_cadidatos_incluidos_apos_acoes_judiciais.pdf\">N\u00edvel Superior &#8211; Resultado dos novos candidatos inclu\u00eddos ap\u00f3s a\u00e7\u00f5es judiciais<\/a><\/strong><\/td>\n<\/tr>\n<tr>\n<td width=\"80\"><strong><a href=\"..\/midias\/anexos\/266_nivel_superior_-_resultado_da_pericia_medica_de_pcd_apos_acoes_judiciais.pdf\">N\u00edvel Superior &#8211; Resultado da Per\u00edcia M\u00e9dica de PcD ap\u00f3s a\u00e7\u00f5es judiciais<\/a><\/strong><\/td>\n<\/tr>\n<tr>\n<td width=\"80\"><strong><a href=\"..\/midias\/anexos\/266_edital_n_16_2013_convocacao_a_pericia_medica_de_pcd.pdf\">N\u00edvel Superior &#8211; Edital n\u00ba 16_2013 &#8211; Convoca\u00e7\u00e3o a Per\u00edcia M\u00e9dica de PCD<\/a><\/strong><\/td>\n<\/tr>\n<tr>\n<td width=\"80\"><strong><a href=\"..\/midias\/anexos\/266_nivel_superior_-_formulario_de_entrega_de_titulos_-_apos_acoes_judiciais.pdf\">N\u00edvel Superior &#8211; Formul\u00e1rio de entrega de t\u00edtulos &#8211; Ap\u00f3s a\u00e7\u00f5es judiciais<\/a><\/strong><\/td>\n<\/tr>\n<tr>\n<td width=\"80\"><strong><a href=\"..\/midias\/anexos\/266_nivel_superior_-_edital_n_15_2013_convocacao_a_prova_de_titulos.pdf\">N\u00edvel Superior &#8211; Edital n\u00ba 15_2013_Convoca\u00e7\u00e3o a prova de t\u00edtulos<\/a><\/strong><\/td>\n<\/tr>\n<tr>\n<td width=\"80\"><strong><a href=\"..\/midias\/anexos\/Copia(01)_266_nivel_superior_-_edital_n_14_2013_convocacao_de_novos_candidatos.pdf\">N\u00edvel Superior &#8211; Edital n\u00ba 14_2013_Convoca\u00e7\u00e3o de novos candidatos<\/a><\/strong><\/td>\n<\/tr>\n<tr>\n<td width=\"80\"><strong><a href=\"..\/midias\/anexos\/Copia(01)_266_nivel_superior_-_situacao_geral__da_1a_etapa_apos_acoes_judiciais.pdf\">N\u00edvel Superior &#8211; Situa\u00e7\u00e3o Geral da 1a etapa ap\u00f3s a\u00e7\u00f5es judiciais<\/a><\/strong><\/td>\n<\/tr>\n<tr>\n<td width=\"80\"><strong><a href=\"..\/midias\/anexos\/266_nivel_superior_-_pontuacao_minima_para_ser_convocado_-_bloco_de_notas.pdf\">N\u00edvel Superior &#8211; Pontua\u00e7\u00e3o m\u00ednima para ser convocado<\/a><\/strong><\/td>\n<\/tr>\n<tr>\n<td width=\"80\"><strong><a href=\"..\/midias\/anexos\/266_nivel_superior_-_pontuacao_minima_de_pcd_para_ser_convocado_-_bloco_de_notas.pdf\">N\u00edvel Superior &#8211; Pontua\u00e7\u00e3o m\u00ednima de PcD para ser convocado<\/a><\/strong><\/td>\n<\/tr>\n<tr>\n<td width=\"80\"><strong><a href=\"..\/midias\/anexos\/266_homologacao_do_nivel_medio.pdf\">Homolaga\u00e7\u00e3o do N\u00edvel M\u00e9dio<\/a><\/strong><\/td>\n<\/tr>\n<tr>\n<td width=\"80\"><strong><a href=\"..\/midias\/anexos\/266_nivel_superior_-_novas_redacoes_corrigidas.pdf\">N\u00edvel Superior &#8211; Novas reda\u00e7\u00f5es corrigidas ap\u00f3s a\u00e7\u00f5es judiciais<\/a><\/strong><\/td>\n<\/tr>\n<tr>\n<td width=\"80\"><strong><a href=\"..\/midias\/anexos\/266_nivel_superior_-_pontuacao_geral_apos_acoes_judiciais.pdf\">N\u00edvel Superior &#8211; Pontua\u00e7\u00e3o geral ap\u00f3s a\u00e7\u00f5es judiciais<\/a><\/strong><\/td>\n<\/tr>\n<tr>\n<td width=\"80\"><strong><a href=\"..\/midias\/anexos\/266_nivel_superior_-_gabarito_oficial_apos_acoes_judiciais.pdf\">N\u00edvel Superior &#8211; Gabarito oficial ap\u00f3s a\u00e7\u00f5es judiciais<\/a><\/strong><\/td>\n<\/tr>\n<tr>\n<td width=\"80\"><strong><a href=\"..\/midias\/anexos\/266_nivel_superior_-_aviso_de_reprocessamento_de_resultado_de_prova.pdf\">N\u00edvel Superior &#8211; Aviso de Reprocessamento de resultado de prova<\/a><\/strong><\/td>\n<\/tr>\n<tr>\n<td width=\"80\"><strong><a href=\"..\/midias\/anexos\/266_aviso_sobre_acoes_judiciais.pdf\">Aviso Sobre A\u00e7\u00f5es Judiciais<\/a><\/strong><\/td>\n<\/tr>\n<tr>\n<td width=\"80\"><strong><a href=\"..\/midias\/anexos\/266_edital_n_11_2013__mppa_homologacao.pdf\">Edital n\u00ba 11\/2013 &#8211; Homologa\u00e7\u00e3o<\/a><\/strong><\/td>\n<\/tr>\n<tr>\n<td width=\"80\"><strong><a href=\"..\/midias\/anexos\/266_edital_n_10_2013_resultado_final.pdf\">Edital n\u00ba 10\/2013 &#8211; Resultado Final<\/a><\/strong><\/td>\n<\/tr>\n<tr>\n<td width=\"80\"><strong><a href=\"..\/midias\/anexos\/266_classificacao_por_cargos_com__criterios_de_desempate.pdf\">Classifica\u00e7\u00e3o por Cargos com Crit\u00e9rios de Desempate<\/a><\/strong><\/td>\n<\/tr>\n<tr>\n<td width=\"80\"><strong><a href=\"..\/midias\/anexos\/266_classificados_pcd.pdf\">Classificados PcD<\/a><\/strong><\/td>\n<\/tr>\n<tr>\n<td width=\"80\"><strong><a href=\"..\/midias\/anexos\/266_situacao_geral_de_todos_os_inscritos_no_concurso.pdf\">Situa\u00e7\u00e3o Geral de todos os inscritos no concurso<\/a><\/strong><\/td>\n<\/tr>\n<tr>\n<td width=\"80\"><strong><a href=\"..\/midias\/anexos\/266_edital_n_09_2013__retificacoes_e_aviso_de_resultados.pdf\">Edital n\u00ba 09_2013_Retifica\u00e7\u00f5es e Aviso de Resultados<\/a><\/strong><\/td>\n<\/tr>\n<tr>\n<td width=\"80\"><strong><a href=\"..\/midias\/anexos\/266_resultado_de_dados_de_desempate.pdf\">\u00a0Resultado da Avalia\u00e7\u00e3o de documentos do processo de desempate (public. 19\/01\/2013)<\/a><\/strong><\/td>\n<\/tr>\n<tr>\n<td width=\"80\"><strong><a href=\"..\/midias\/anexos\/266_resultado_de_titulos.pdf\">Resultado da prova de T\u00edtulo (public. 19\/01\/2013)<\/a><\/strong><\/td>\n<\/tr>\n<tr>\n<td width=\"80\"><strong><a href=\"..\/midias\/anexos\/266_edital_n_08_2013__resultado_da_pericia_medica_de_pcd.pdf\">Edital n\u00ba 08\/2013 &#8211; Resultado da Per\u00edcia M\u00e9dica de PCD (public. 18\/01\/2013)<\/a><\/strong><\/td>\n<\/tr>\n<tr>\n<td width=\"80\"><strong><a href=\"..\/midias\/anexos\/266_edital_n_07_2012_convocacao_a_per__cia_medica_de_pcd.pdf\">Edital n\u00ba 07\/2012 &#8211; Convoca\u00e7\u00e3o \u00e0 per\u00edcia m\u00e9dica de PCD<\/a><\/strong><\/td>\n<\/tr>\n<tr>\n<td width=\"80\"><strong><a href=\"http:\/\/concursos.fadesp.org.br\/mppa2012\/arquivos\/Resultado\/html\/geral.html\">Lista Geral de Aprovados<\/a><\/strong><\/td>\n<\/tr>\n<tr>\n<td width=\"80\"><strong><a href=\"..\/midias\/anexos\/266_retificacao_do_aviso_de_convocacao_pcd.pdf\">Retifica\u00e7\u00e3o do Aviso de convoca\u00e7\u00e3o PCD<\/a><\/strong><\/td>\n<\/tr>\n<tr>\n<td width=\"80\"><strong><a href=\"..\/midias\/anexos\/266_08_edital_n_06_2012_-_convocacao_a_entrega_de_documentacao_de_desempate.pdf\">\u00a0Edital n\u00ba 06\/2012 &#8211; Convoca\u00e7\u00e3o a entrega de documenta\u00e7\u00e3o de Desempate<\/a><\/strong><\/td>\n<\/tr>\n<tr>\n<td width=\"80\"><strong><a href=\"..\/midias\/anexos\/266_07_edital_n_05_2012_-_convocacao_a_prova_de_titulos.pdf\">Edital n\u00ba 05\/2012 &#8211; Convoca\u00e7\u00e3o a prova de t\u00edtulos<\/a><\/strong><\/td>\n<\/tr>\n<tr>\n<td width=\"80\"><strong><a href=\"..\/midias\/anexos\/272_edital_n_05_2012_prorrogacao_das_inscricoes.pdf\">edital 05 \/ prorroga\u00e7\u00e3o das inscri\u00e7\u00f5es\u00a0<\/a><\/strong><\/td>\n<\/tr>\n<tr>\n<td width=\"80\"><strong><a href=\"..\/midias\/anexos\/266_formulario_de_entrega_de_documentos_de_desempate_-_retificado.pdf\">Formul\u00e1rio de Entrega de Documentos de Desempate &#8211; Retificado<\/a><\/strong><\/td>\n<\/tr>\n<tr>\n<td width=\"80\"><strong><a href=\"..\/midias\/anexos\/266_formulario_de_entrega_de_titulos_-_retificado.pdf\">Formul\u00e1rio de Entrega de T\u00edtulos &#8211; Retificado<\/a><\/strong><\/td>\n<\/tr>\n<tr>\n<td width=\"80\"><strong><a href=\"..\/midias\/anexos\/266_04_aprovados_pcd.pdf\">Aprovados PCD<\/a><\/strong><\/td>\n<\/tr>\n<tr>\n<td width=\"80\"><strong><a href=\"..\/midias\/anexos\/266_03_pontuacao_minima_de_pcd_para_ser_convocado_a_prova_de_titulos.pdf\">Pontua\u00e7\u00e3o M\u00ednima de PCD para ser convocado para a prova de t\u00edtulos<\/a><\/strong><\/td>\n<\/tr>\n<tr>\n<td width=\"80\"><strong><a href=\"..\/midias\/anexos\/266_02_pontuacao_minima_para_ser_convocado_a_prova_de_titulos.pdf\">Pontua\u00e7\u00e3o M\u00ednima para ser convocado para a prova de t\u00edtulos<\/a><\/strong><\/td>\n<\/tr>\n<tr>\n<td width=\"80\"><strong><a href=\"..\/midias\/anexos\/266_01_situacao_geral_1a_etapa.pdf\">Situa\u00e7\u00e3o Geral 1\u00aa Etapa<\/a><\/strong><\/td>\n<\/tr>\n<tr>\n<td width=\"80\"><strong><a href=\"..\/midias\/anexos\/266_retificacao_do_gabarito_oficial_definitivo.pdf\">Retifica\u00e7\u00e3o do Gabarito Oficial Definitivo (em 11\/12\/2012)<\/a><\/strong><\/td>\n<\/tr>\n<tr>\n<td width=\"80\"><strong><a href=\"..\/midias\/anexos\/266_gabarito_oficial_definitivo.pdf\">Gabarito Oficial Definitivo<\/a><\/strong><\/td>\n<\/tr>\n<tr>\n<td width=\"80\"><strong><a href=\"..\/midias\/anexos\/266_provas.zip\">Provas<\/a><\/strong><\/td>\n<\/tr>\n<tr>\n<td width=\"80\"><strong><a href=\"..\/midias\/anexos\/266_grade_de_correcao_das_provas_de_redacao_dia_18.11.2012.pdf\">Grade de Corre\u00e7\u00e3o das Provas de Reda\u00e7\u00e3o<\/a><\/strong><\/td>\n<\/tr>\n<tr>\n<td width=\"80\"><strong><a href=\"..\/midias\/anexos\/266_gabarito_oficial_preliminar_-_dia_18.11.2012.pdf\">Gabarito Oficial Preliminar<\/a><\/strong><\/td>\n<\/tr>\n<tr>\n<td width=\"80\"><strong><a href=\"..\/midias\/anexos\/266_relacao_de_pcd.pdf\">Rela\u00e7\u00e3o de PcD<\/a><\/strong><\/td>\n<\/tr>\n<tr>\n<td width=\"80\"><strong><a href=\"..\/midias\/anexos\/266_classificados_pcd.pdf\">Classificados PcD<\/a><\/strong><\/td>\n<\/tr>\n<tr>\n<td width=\"80\"><strong><a href=\"..\/midias\/anexos\/266_edital__04_2012_retificacoes.pdf\">Edital n\u00ba 04\/2012 Retifica\u00e7\u00f5es<\/a><\/strong><\/td>\n<\/tr>\n<tr>\n<td width=\"80\"><strong><a href=\"..\/midias\/anexos\/266_retificacao_da_isencao_de_taxa_de_inscricao.pdf\">Retifica\u00e7\u00e3o da Isen\u00e7\u00e3o de Taxa de Inscri\u00e7\u00e3o<\/a><\/strong><\/td>\n<\/tr>\n<tr>\n<td width=\"80\"><strong><a href=\"..\/midias\/anexos\/266_edital___n_03_2012_prorrogacao_das_inscricoes.pdf\">Edital n\u00ba 03\/2012 &#8211; Prorroga\u00e7\u00e3o das Inscri\u00e7\u00f5es<\/a><\/strong><\/td>\n<\/tr>\n<tr>\n<td width=\"80\"><strong><a href=\"..\/midias\/anexos\/266_isencao_de_taxa_de_inscricao.pdf\">Listagem de Isentos da Taxa de Inscri\u00e7\u00e3o<\/a><\/strong><\/td>\n<\/tr>\n<tr>\n<td width=\"80\"><strong><a href=\"..\/midias\/anexos\/266_edital_n_02_2012_-_retificacoes.pdf\">Edital n\u00ba 02\/2012 &#8211; Retifica\u00e7\u00f5es\u00a0<\/a><\/strong><\/td>\n<\/tr>\n<tr>\n<td width=\"80\"><strong><a href=\"..\/midias\/anexos\/266_formulario_pcd_old.pdf\">Formul\u00e1rio PCD<\/a><\/strong><\/td>\n<\/tr>\n<tr>\n<td width=\"80\"><strong><a href=\"..\/midias\/anexos\/266_tabelas.pdf\">Tabelas de Cargos<\/a><\/strong><\/td>\n<\/tr>\n<tr>\n<td width=\"80\"><strong><a href=\"..\/midias\/anexos\/266_edital_n_01_2012_mppa.pdf\">Edital n\u00ba 01\/2012<\/a><\/strong><\/td>\n<\/tr>\n<\/tbody>\n<\/table>\t\t\t\t\t\t\t\t<\/div>\n\t\t\t\t<\/div>\n\t\t\t\t\t<\/div>\n\t\t<\/div>\n\t\t\t\t\t<\/div>\n\t\t<\/section>\n\t\t\t\t\t<\/div>\n\t\t<\/div>\n\t\t\t\t\t<\/div>\n\t\t<\/section>\n\t\t\t\t<\/div>\n\t\t","protected":false},"excerpt":{"rendered":"<p>Minist\u00e9rio P\u00fablico do Estado do Par\u00e1 &#8211; 2012 O Concurso P\u00fablico destina-se ao preenchimento de 283 vagas, ficando as admiss\u00f5es condicionadas \u00e0 disponibilidade or\u00e7ament\u00e1rio-financeira do Minist\u00e9rio P\u00fablico do estado do Par\u00e1, durante o prazo de validade do certame. O concurso ser\u00e1 regido pelas normas da Lei Org\u00e2nica Nacional do Minist\u00e9rio P\u00fablico (Lei Federal n\u00ba 8.625, [&hellip;]<\/p>\n","protected":false},"author":9,"featured_media":0,"parent":329,"menu_order":57,"comment_status":"closed","ping_status":"closed","template":"","meta":{"_monsterinsights_skip_tracking":false,"_monsterinsights_sitenote_active":false,"_monsterinsights_sitenote_note":"","_monsterinsights_sitenote_category":0,"footnotes":""},"class_list":["post-1467","page","type-page","status-publish","hentry","entry"],"yoast_head":"<!-- This site is optimized with the Yoast SEO plugin v25.1 - https:\/\/yoast.com\/wordpress\/plugins\/seo\/ -->\n<title>Minist\u00e9rio P\u00fablico do Estado do Par\u00e1 (MPE-PA) - 2012 - FADESP<\/title>\n<meta name=\"robots\" content=\"index, follow, max-snippet:-1, max-image-preview:large, max-video-preview:-1\" \/>\n<link rel=\"canonical\" href=\"https:\/\/portalfadesp.org.br\/?page_id=1467\" \/>\n<meta property=\"og:locale\" content=\"pt_BR\" \/>\n<meta property=\"og:type\" content=\"article\" \/>\n<meta property=\"og:title\" content=\"Minist\u00e9rio P\u00fablico do Estado do Par\u00e1 (MPE-PA) - 2012 - FADESP\" \/>\n<meta property=\"og:description\" content=\"Minist\u00e9rio P\u00fablico do Estado do Par\u00e1 &#8211; 2012 O Concurso P\u00fablico destina-se ao preenchimento de 283 vagas, ficando as admiss\u00f5es condicionadas \u00e0 disponibilidade or\u00e7ament\u00e1rio-financeira do Minist\u00e9rio P\u00fablico do estado do Par\u00e1, durante o prazo de validade do certame. O concurso ser\u00e1 regido pelas normas da Lei Org\u00e2nica Nacional do Minist\u00e9rio P\u00fablico (Lei Federal n\u00ba 8.625, [&hellip;]\" \/>\n<meta property=\"og:url\" content=\"https:\/\/portalfadesp.org.br\/?page_id=1467\" \/>\n<meta property=\"og:site_name\" content=\"FADESP\" \/>\n<meta property=\"article:publisher\" content=\"https:\/\/www.facebook.com\/Fadesp-138351949524662\/\" \/>\n<meta property=\"article:modified_time\" content=\"2022-12-20T15:51:30+00:00\" \/>\n<meta name=\"twitter:card\" content=\"summary_large_image\" \/>\n<meta name=\"twitter:site\" content=\"@Fadesp\" \/>\n<meta name=\"twitter:label1\" content=\"Est. tempo de leitura\" \/>\n\t<meta name=\"twitter:data1\" content=\"4 minutos\" \/>\n<script type=\"application\/ld+json\" class=\"yoast-schema-graph\">{\"@context\":\"https:\/\/schema.org\",\"@graph\":[{\"@type\":\"WebPage\",\"@id\":\"https:\/\/portalfadesp.org.br\/?page_id=1467\",\"url\":\"https:\/\/portalfadesp.org.br\/?page_id=1467\",\"name\":\"Minist\u00e9rio P\u00fablico do Estado do Par\u00e1 (MPE-PA) - 2012 - FADESP\",\"isPartOf\":{\"@id\":\"https:\/\/portalfadesp.org.br\/#website\"},\"datePublished\":\"2012-05-22T07:30:06+00:00\",\"dateModified\":\"2022-12-20T15:51:30+00:00\",\"breadcrumb\":{\"@id\":\"https:\/\/portalfadesp.org.br\/?page_id=1467#breadcrumb\"},\"inLanguage\":\"pt-BR\",\"potentialAction\":[{\"@type\":\"ReadAction\",\"target\":[\"https:\/\/portalfadesp.org.br\/?page_id=1467\"]}]},{\"@type\":\"BreadcrumbList\",\"@id\":\"https:\/\/portalfadesp.org.br\/?page_id=1467#breadcrumb\",\"itemListElement\":[{\"@type\":\"ListItem\",\"position\":1,\"name\":\"In\u00edcio\",\"item\":\"https:\/\/portalfadesp.org.br\/\"},{\"@type\":\"ListItem\",\"position\":2,\"name\":\"Concursos &#8211; Homologados\",\"item\":\"https:\/\/portalfadesp.org.br\/?page_id=329\"},{\"@type\":\"ListItem\",\"position\":3,\"name\":\"Minist\u00e9rio P\u00fablico do Estado do Par\u00e1 (MPE-PA) &#8211; 2012\"}]},{\"@type\":\"WebSite\",\"@id\":\"https:\/\/portalfadesp.org.br\/#website\",\"url\":\"https:\/\/portalfadesp.org.br\/\",\"name\":\"FADESP\",\"description\":\"Funda\u00e7\u00e3o de Amparo e Desenvolvimento da Pesquisa\",\"publisher\":{\"@id\":\"https:\/\/portalfadesp.org.br\/#organization\"},\"potentialAction\":[{\"@type\":\"SearchAction\",\"target\":{\"@type\":\"EntryPoint\",\"urlTemplate\":\"https:\/\/portalfadesp.org.br\/?s={search_term_string}\"},\"query-input\":{\"@type\":\"PropertyValueSpecification\",\"valueRequired\":true,\"valueName\":\"search_term_string\"}}],\"inLanguage\":\"pt-BR\"},{\"@type\":\"Organization\",\"@id\":\"https:\/\/portalfadesp.org.br\/#organization\",\"name\":\"FADESP\",\"url\":\"https:\/\/portalfadesp.org.br\/\",\"logo\":{\"@type\":\"ImageObject\",\"inLanguage\":\"pt-BR\",\"@id\":\"https:\/\/portalfadesp.org.br\/#\/schema\/logo\/image\/\",\"url\":\"https:\/\/portalfadesp.org.br\/wp-content\/uploads\/2024\/01\/NOVOLOGOFADESPlaranjaH.png\",\"contentUrl\":\"https:\/\/portalfadesp.org.br\/wp-content\/uploads\/2024\/01\/NOVOLOGOFADESPlaranjaH.png\",\"width\":2742,\"height\":839,\"caption\":\"FADESP\"},\"image\":{\"@id\":\"https:\/\/portalfadesp.org.br\/#\/schema\/logo\/image\/\"},\"sameAs\":[\"https:\/\/www.facebook.com\/Fadesp-138351949524662\/\",\"https:\/\/x.com\/Fadesp\",\"https:\/\/www.instagram.com\/fadesp_ufpa\/\",\"https:\/\/www.youtube.com\/@fundacaodeamparoedesenvolv1903\",\"https:\/\/www.threads.net\/@fadesp_ufpa\"]}]}<\/script>\n<!-- \/ Yoast SEO plugin. -->","yoast_head_json":{"title":"Minist\u00e9rio P\u00fablico do Estado do Par\u00e1 (MPE-PA) - 2012 - FADESP","robots":{"index":"index","follow":"follow","max-snippet":"max-snippet:-1","max-image-preview":"max-image-preview:large","max-video-preview":"max-video-preview:-1"},"canonical":"https:\/\/portalfadesp.org.br\/?page_id=1467","og_locale":"pt_BR","og_type":"article","og_title":"Minist\u00e9rio P\u00fablico do Estado do Par\u00e1 (MPE-PA) - 2012 - FADESP","og_description":"Minist\u00e9rio P\u00fablico do Estado do Par\u00e1 &#8211; 2012 O Concurso P\u00fablico destina-se ao preenchimento de 283 vagas, ficando as admiss\u00f5es condicionadas \u00e0 disponibilidade or\u00e7ament\u00e1rio-financeira do Minist\u00e9rio P\u00fablico do estado do Par\u00e1, durante o prazo de validade do certame. O concurso ser\u00e1 regido pelas normas da Lei Org\u00e2nica Nacional do Minist\u00e9rio P\u00fablico (Lei Federal n\u00ba 8.625, [&hellip;]","og_url":"https:\/\/portalfadesp.org.br\/?page_id=1467","og_site_name":"FADESP","article_publisher":"https:\/\/www.facebook.com\/Fadesp-138351949524662\/","article_modified_time":"2022-12-20T15:51:30+00:00","twitter_card":"summary_large_image","twitter_site":"@Fadesp","twitter_misc":{"Est. tempo de leitura":"4 minutos"},"schema":{"@context":"https:\/\/schema.org","@graph":[{"@type":"WebPage","@id":"https:\/\/portalfadesp.org.br\/?page_id=1467","url":"https:\/\/portalfadesp.org.br\/?page_id=1467","name":"Minist\u00e9rio P\u00fablico do Estado do Par\u00e1 (MPE-PA) - 2012 - FADESP","isPartOf":{"@id":"https:\/\/portalfadesp.org.br\/#website"},"datePublished":"2012-05-22T07:30:06+00:00","dateModified":"2022-12-20T15:51:30+00:00","breadcrumb":{"@id":"https:\/\/portalfadesp.org.br\/?page_id=1467#breadcrumb"},"inLanguage":"pt-BR","potentialAction":[{"@type":"ReadAction","target":["https:\/\/portalfadesp.org.br\/?page_id=1467"]}]},{"@type":"BreadcrumbList","@id":"https:\/\/portalfadesp.org.br\/?page_id=1467#breadcrumb","itemListElement":[{"@type":"ListItem","position":1,"name":"In\u00edcio","item":"https:\/\/portalfadesp.org.br\/"},{"@type":"ListItem","position":2,"name":"Concursos &#8211; Homologados","item":"https:\/\/portalfadesp.org.br\/?page_id=329"},{"@type":"ListItem","position":3,"name":"Minist\u00e9rio P\u00fablico do Estado do Par\u00e1 (MPE-PA) &#8211; 2012"}]},{"@type":"WebSite","@id":"https:\/\/portalfadesp.org.br\/#website","url":"https:\/\/portalfadesp.org.br\/","name":"FADESP","description":"Funda\u00e7\u00e3o de Amparo e Desenvolvimento da Pesquisa","publisher":{"@id":"https:\/\/portalfadesp.org.br\/#organization"},"potentialAction":[{"@type":"SearchAction","target":{"@type":"EntryPoint","urlTemplate":"https:\/\/portalfadesp.org.br\/?s={search_term_string}"},"query-input":{"@type":"PropertyValueSpecification","valueRequired":true,"valueName":"search_term_string"}}],"inLanguage":"pt-BR"},{"@type":"Organization","@id":"https:\/\/portalfadesp.org.br\/#organization","name":"FADESP","url":"https:\/\/portalfadesp.org.br\/","logo":{"@type":"ImageObject","inLanguage":"pt-BR","@id":"https:\/\/portalfadesp.org.br\/#\/schema\/logo\/image\/","url":"https:\/\/portalfadesp.org.br\/wp-content\/uploads\/2024\/01\/NOVOLOGOFADESPlaranjaH.png","contentUrl":"https:\/\/portalfadesp.org.br\/wp-content\/uploads\/2024\/01\/NOVOLOGOFADESPlaranjaH.png","width":2742,"height":839,"caption":"FADESP"},"image":{"@id":"https:\/\/portalfadesp.org.br\/#\/schema\/logo\/image\/"},"sameAs":["https:\/\/www.facebook.com\/Fadesp-138351949524662\/","https:\/\/x.com\/Fadesp","https:\/\/www.instagram.com\/fadesp_ufpa\/","https:\/\/www.youtube.com\/@fundacaodeamparoedesenvolv1903","https:\/\/www.threads.net\/@fadesp_ufpa"]}]}},"_links":{"self":[{"href":"https:\/\/portalfadesp.org.br\/index.php?rest_route=\/wp\/v2\/pages\/1467","targetHints":{"allow":["GET"]}}],"collection":[{"href":"https:\/\/portalfadesp.org.br\/index.php?rest_route=\/wp\/v2\/pages"}],"about":[{"href":"https:\/\/portalfadesp.org.br\/index.php?rest_route=\/wp\/v2\/types\/page"}],"author":[{"embeddable":true,"href":"https:\/\/portalfadesp.org.br\/index.php?rest_route=\/wp\/v2\/users\/9"}],"replies":[{"embeddable":true,"href":"https:\/\/portalfadesp.org.br\/index.php?rest_route=%2Fwp%2Fv2%2Fcomments&post=1467"}],"version-history":[{"count":25,"href":"https:\/\/portalfadesp.org.br\/index.php?rest_route=\/wp\/v2\/pages\/1467\/revisions"}],"predecessor-version":[{"id":36732,"href":"https:\/\/portalfadesp.org.br\/index.php?rest_route=\/wp\/v2\/pages\/1467\/revisions\/36732"}],"up":[{"embeddable":true,"href":"https:\/\/portalfadesp.org.br\/index.php?rest_route=\/wp\/v2\/pages\/329"}],"wp:attachment":[{"href":"https:\/\/portalfadesp.org.br\/index.php?rest_route=%2Fwp%2Fv2%2Fmedia&parent=1467"}],"curies":[{"name":"wp","href":"https:\/\/api.w.org\/{rel}","templated":true}]}}