{"id":1459,"date":"2013-05-22T04:28:56","date_gmt":"2013-05-22T07:28:56","guid":{"rendered":"https:\/\/162.215.13.167?page_id=1459"},"modified":"2022-12-20T12:39:06","modified_gmt":"2022-12-20T15:39:06","slug":"prefeitura-municipal-de-rio-maria-2013","status":"publish","type":"page","link":"https:\/\/portalfadesp.org.br\/?page_id=1459","title":{"rendered":"Prefeitura Municipal de Rio Maria &#8211; 2013"},"content":{"rendered":"\t\t<div data-elementor-type=\"wp-post\" data-elementor-id=\"1459\" class=\"elementor elementor-1459\" data-elementor-post-type=\"page\">\n\t\t\t\t\t\t<section class=\"elementor-section elementor-top-section elementor-element elementor-element-16e3662c elementor-section-boxed elementor-section-height-default elementor-section-height-default\" data-id=\"16e3662c\" data-element_type=\"section\">\n\t\t\t\t\t\t<div class=\"elementor-container elementor-column-gap-default\">\n\t\t\t\t\t<div class=\"elementor-column elementor-col-100 elementor-top-column elementor-element elementor-element-461c3b96\" data-id=\"461c3b96\" data-element_type=\"column\">\n\t\t\t<div class=\"elementor-widget-wrap elementor-element-populated\">\n\t\t\t\t\t\t<div class=\"elementor-element elementor-element-35a83331 elementor-widget elementor-widget-heading\" data-id=\"35a83331\" data-element_type=\"widget\" data-widget_type=\"heading.default\">\n\t\t\t\t<div class=\"elementor-widget-container\">\n\t\t\t\t\t<h1 class=\"elementor-heading-title elementor-size-default\">Prefeitura Municipal de Rio Maria - 2013\n<\/h1>\t\t\t\t<\/div>\n\t\t\t\t<\/div>\n\t\t\t\t<section class=\"elementor-section elementor-inner-section elementor-element elementor-element-37c583b7 elementor-section-boxed elementor-section-height-default elementor-section-height-default\" data-id=\"37c583b7\" data-element_type=\"section\">\n\t\t\t\t\t\t<div class=\"elementor-container elementor-column-gap-default\">\n\t\t\t\t\t<div class=\"elementor-column elementor-col-50 elementor-inner-column elementor-element elementor-element-35b82f67\" data-id=\"35b82f67\" data-element_type=\"column\">\n\t\t\t<div class=\"elementor-widget-wrap elementor-element-populated\">\n\t\t\t\t\t\t<div class=\"elementor-element elementor-element-30c46a63 elementor-widget elementor-widget-text-editor\" data-id=\"30c46a63\" data-element_type=\"widget\" data-widget_type=\"text-editor.default\">\n\t\t\t\t<div class=\"elementor-widget-container\">\n\t\t\t\t\t\t\t\t\t<p>A Prefeitura de Rio Maria (PA) torna p\u00fablica a realiza\u00e7\u00e3o de Concurso P\u00fablico destinado ao preenchimento de vagas na Zona Urbana e Zona Rural para o quadro de pessoal efetivo de n\u00edveis Superior, M\u00e9dio, Fundamental completo e Alfabetizado.<\/p><p><strong>Vagas &#8211;\u00a0<\/strong>231<\/p><p><strong>Cargos &#8211;\u00a0<\/strong>N\u00edvel Alfabetizado: Agente de Limpeza P\u00fablica, Agente de Seguran\u00e7a, Ajudante de Mec\u00e2nico, Ajudante de Pedreiro, Auxiliar de Jardinagem, Auxiliar de Servi\u00e7os Gerais, Encanador, Jardineiro, Lavador de Ve\u00edculo,\u00a0 Merendeira, Motorista, Operador de Motoniveladora (patrol), Operador de P\u00e1 Carregadeira, Operador de retro escavadeira, Operador de Trator (qualquer trator), Porteiro Servente, Servente Merendeira, Servente, Vigia, Assistente Administrativo, Eletricista, Mec\u00e2nico.<\/p><p>N\u00cdvel M\u00e9dio: Recepcionista, Agente Administrativo, Agente de Controle Interno, Agente de Vigil\u00e2ncia Sanit\u00e1ria e Ambiental, Auxiliar Administrativo, Auxiliar de Laborat\u00f3rio, Auxiliar de Odontologia, Auxiliar de Secretaria, Digitador, Entrevistador do Bolsa Fam\u00edlia, Fiscal Arrecadador, Fiscal de Postura, Monitor de Laborat\u00f3rio de Inform\u00e1tica, Operador de Computador, Orientador Social, Professor &#8211; Magist\u00e9rio, Prot\u00e9tico, T\u00e9cnico Agr\u00edcola, T\u00e9cnico em Computa\u00e7\u00e3o, T\u00e9cnico em Contabilidade, T\u00e9cnico em Enfermagem, T\u00e9cnico em Laborat\u00f3rio, T\u00e9cnico em Radiologia, T\u00e9cnico Sanit\u00e1rio e Top\u00f3grafo.<\/p><p>N\u00edvel Superior: Assistente Social, Contador, Enfermeiro, Farmac\u00eautico e Bioqu\u00edmico, Fisioterapeuta, Fonoaudi\u00f3logo, M\u00e9dico Auditor, M\u00e9dico Cirurgi\u00e3o Geral, M\u00e9dico Cl\u00ednico Geral, M\u00e9dico Pediatra, M\u00e9dico Psiquiatra, M\u00e9dico Veterin\u00e1rio, Nutricionista, Odont\u00f3logo, Pedagogo, Professor, Professor de Arte, Professor de Educa\u00e7\u00e3o F\u00edsica, Professor de Filosofia e Psic\u00f3logo.<\/p><p><strong>Remunera\u00e7\u00e3o<\/strong>\u00a0&#8211;\u00a0R$ 678,00 a R$ 6.000,00<\/p><p><strong>Inscri\u00e7\u00f5es &#8211;\u00a0\u00a0<\/strong>21\/01\/13 a 18\/02\/13<strong><br \/><\/strong><\/p><p><strong>Taxa &#8211;\u00a0<\/strong>R$ 30,00 (N\u00edvel Alfabetizado), R$ 40,00 (N\u00edvel Fundamental Completo),\u00a0R$ 50,00 (N\u00edvel M\u00e9dio) e R$ 60,00 (N\u00edvel Superior)<\/p><p><strong>Datas importantes<\/strong>:<\/p><p>Per\u00edodo de Inscri\u00e7\u00e3o &#8211; 21\/01\/13 a 18\/02\/13<\/p><p>Cart\u00e3o de Inscri\u00e7\u00e3o &#8211; 25 a 28\/02\/13<\/p><p>Data da Prova &#8211; 10\/03\/2103<\/p>\t\t\t\t\t\t\t\t<\/div>\n\t\t\t\t<\/div>\n\t\t\t\t\t<\/div>\n\t\t<\/div>\n\t\t\t\t<div class=\"elementor-column elementor-col-50 elementor-inner-column elementor-element elementor-element-6b2645c4\" data-id=\"6b2645c4\" data-element_type=\"column\">\n\t\t\t<div class=\"elementor-widget-wrap elementor-element-populated\">\n\t\t\t\t\t\t<div class=\"elementor-element elementor-element-78e47cf5 elementor-widget elementor-widget-text-editor\" data-id=\"78e47cf5\" data-element_type=\"widget\" data-widget_type=\"text-editor.default\">\n\t\t\t\t<div class=\"elementor-widget-container\">\n\t\t\t\t\t\t\t\t\t<p style=\"text-align: center;\"><span style=\"color: #ffffff;\"><strong>Editais e Avisos<\/strong><\/span><\/p>\t\t\t\t\t\t\t\t<\/div>\n\t\t\t\t<\/div>\n\t\t\t\t<div class=\"elementor-element elementor-element-4ef4a594 elementor-widget elementor-widget-text-editor\" data-id=\"4ef4a594\" data-element_type=\"widget\" data-widget_type=\"text-editor.default\">\n\t\t\t\t<div class=\"elementor-widget-container\">\n\t\t\t\t\t\t\t\t\t<table width=\"80\">\n<tbody>\n<tr>\n<td width=\"80\"><strong><a href=\"..\/midias\/anexos\/263_edital_n_06_2013_pmrm_homologacao.pdf\">Edital 06\/2013 &#8211; Homologa\u00e7\u00e3o<\/a><\/strong><\/td>\n<\/tr>\n<tr>\n<td width=\"80\"><strong><a href=\"..\/midias\/anexos\/263_edital_n_05_2013_resultado_final_de_professores.pdf\">Edital 05\/2013 &#8211; Resultado Final de Professores<\/a><\/strong><\/td>\n<\/tr>\n<tr>\n<td width=\"80\"><strong><a href=\"..\/midias\/anexos\/263_edital_n_04_2013_retificacao_da_prova_de_titulos.pdf\">Edital 04\/2013 &#8211; Retifica\u00e7\u00e3o da Prova de T\u00edtulos<\/a><\/strong><\/td>\n<\/tr>\n<tr>\n<td width=\"80\"><strong><a href=\"..\/midias\/anexos\/263_edital_n_03_2012_resultado_da_prova_de_titulos.pdf\">Edital 03\/2012 &#8211; Resultado da Prova de T\u00edtulos<\/a><\/strong><\/td>\n<\/tr>\n<tr>\n<td width=\"80\"><strong><a href=\"..\/midias\/anexos\/263_resultado_geral_da_prova_objetiva.pdf\">Resultado Geral da Prova Objetiva<\/a><\/strong><\/td>\n<\/tr>\n<tr>\n<td width=\"80\"><strong><a href=\"..\/midias\/anexos\/263_edital_n_02_2012_convocacao_a_prova_de_titulos.pdf\">Edital n\u00ba02\/2013 Convoca\u00e7\u00e3o a Prova de T\u00edtulos<\/a><\/strong><\/td>\n<\/tr>\n<tr>\n<td width=\"80\"><strong><a href=\"..\/midias\/anexos\/263_formulario_de_entrega_de_titulos.pdf\">Formul\u00e1rio de Entrega de T\u00edtulos<\/a><\/strong><\/td>\n<\/tr>\n<tr>\n<td width=\"80\"><strong><a href=\"..\/midias\/anexos\/263_gabarito_oficial_definitivo.pdf\">Gabarito Oficial Definitivo<\/a><\/strong><\/td>\n<\/tr>\n<tr>\n<td width=\"80\"><strong><a href=\"..\/midias\/anexos\/263_gabarito_oficial_preliminar.pdf\">Gabarito Oficial Preliminar<\/a><\/strong><\/td>\n<\/tr>\n<tr>\n<td width=\"80\"><strong><a href=\"..\/midias\/anexos\/263_aviso_-_data_de_prova_-_10-03-2013.pdf\">Aviso &#8211; Data de Prova &#8211; 10-03-2013<\/a><\/strong><\/td>\n<\/tr>\n<tr>\n<td width=\"80\"><strong><a href=\"..\/midias\/anexos\/263_aviso_de_prova.pdf\">Aviso de Prova<\/a><\/strong><\/td>\n<\/tr>\n<tr>\n<td width=\"80\"><strong><a href=\"..\/midias\/anexos\/263_formulario_de_portador_de_deficiencia.pdf\">Formul\u00e1rio PCD<\/a><\/strong><\/td>\n<\/tr>\n<tr>\n<td width=\"80\"><strong><a href=\"..\/midias\/anexos\/263_tabela_de_cargos_old.pdf\">Tabela de Cargos<\/a><\/strong><\/td>\n<\/tr>\n<tr>\n<td width=\"80\"><strong><a href=\"..\/midias\/anexos\/263_edital_______n_01_2012_pmrm.pdf\">Edital n\u00ba 01\/2013<\/a><\/strong><\/td>\n<\/tr>\n<\/tbody>\n<\/table>\t\t\t\t\t\t\t\t<\/div>\n\t\t\t\t<\/div>\n\t\t\t\t\t<\/div>\n\t\t<\/div>\n\t\t\t\t\t<\/div>\n\t\t<\/section>\n\t\t\t\t\t<\/div>\n\t\t<\/div>\n\t\t\t\t\t<\/div>\n\t\t<\/section>\n\t\t\t\t<\/div>\n\t\t","protected":false},"excerpt":{"rendered":"<p>Prefeitura Municipal de Rio Maria &#8211; 2013 A Prefeitura de Rio Maria (PA) torna p\u00fablica a realiza\u00e7\u00e3o de Concurso P\u00fablico destinado ao preenchimento de vagas na Zona Urbana e Zona Rural para o quadro de pessoal efetivo de n\u00edveis Superior, M\u00e9dio, Fundamental completo e Alfabetizado. Vagas &#8211;\u00a0231 Cargos &#8211;\u00a0N\u00edvel Alfabetizado: Agente de Limpeza P\u00fablica, Agente [&hellip;]<\/p>\n","protected":false},"author":9,"featured_media":0,"parent":329,"menu_order":56,"comment_status":"closed","ping_status":"closed","template":"","meta":{"_monsterinsights_skip_tracking":false,"_monsterinsights_sitenote_active":false,"_monsterinsights_sitenote_note":"","_monsterinsights_sitenote_category":0,"footnotes":""},"class_list":["post-1459","page","type-page","status-publish","hentry","entry"],"yoast_head":"<!-- This site is optimized with the Yoast SEO plugin v25.1 - https:\/\/yoast.com\/wordpress\/plugins\/seo\/ -->\n<title>Prefeitura Municipal de Rio Maria - 2013 - FADESP<\/title>\n<meta name=\"robots\" content=\"index, follow, max-snippet:-1, max-image-preview:large, max-video-preview:-1\" \/>\n<link rel=\"canonical\" href=\"https:\/\/portalfadesp.org.br\/?page_id=1459\" \/>\n<meta property=\"og:locale\" content=\"pt_BR\" \/>\n<meta property=\"og:type\" content=\"article\" \/>\n<meta property=\"og:title\" content=\"Prefeitura Municipal de Rio Maria - 2013 - FADESP\" \/>\n<meta property=\"og:description\" content=\"Prefeitura Municipal de Rio Maria &#8211; 2013 A Prefeitura de Rio Maria (PA) torna p\u00fablica a realiza\u00e7\u00e3o de Concurso P\u00fablico destinado ao preenchimento de vagas na Zona Urbana e Zona Rural para o quadro de pessoal efetivo de n\u00edveis Superior, M\u00e9dio, Fundamental completo e Alfabetizado. Vagas &#8211;\u00a0231 Cargos &#8211;\u00a0N\u00edvel Alfabetizado: Agente de Limpeza P\u00fablica, Agente [&hellip;]\" \/>\n<meta property=\"og:url\" content=\"https:\/\/portalfadesp.org.br\/?page_id=1459\" \/>\n<meta property=\"og:site_name\" content=\"FADESP\" \/>\n<meta property=\"article:publisher\" content=\"https:\/\/www.facebook.com\/Fadesp-138351949524662\/\" \/>\n<meta property=\"article:modified_time\" content=\"2022-12-20T15:39:06+00:00\" \/>\n<meta name=\"twitter:card\" content=\"summary_large_image\" \/>\n<meta name=\"twitter:site\" content=\"@Fadesp\" \/>\n<meta name=\"twitter:label1\" content=\"Est. tempo de leitura\" \/>\n\t<meta name=\"twitter:data1\" content=\"2 minutos\" \/>\n<script type=\"application\/ld+json\" class=\"yoast-schema-graph\">{\"@context\":\"https:\/\/schema.org\",\"@graph\":[{\"@type\":\"WebPage\",\"@id\":\"https:\/\/portalfadesp.org.br\/?page_id=1459\",\"url\":\"https:\/\/portalfadesp.org.br\/?page_id=1459\",\"name\":\"Prefeitura Municipal de Rio Maria - 2013 - FADESP\",\"isPartOf\":{\"@id\":\"https:\/\/portalfadesp.org.br\/#website\"},\"datePublished\":\"2013-05-22T07:28:56+00:00\",\"dateModified\":\"2022-12-20T15:39:06+00:00\",\"breadcrumb\":{\"@id\":\"https:\/\/portalfadesp.org.br\/?page_id=1459#breadcrumb\"},\"inLanguage\":\"pt-BR\",\"potentialAction\":[{\"@type\":\"ReadAction\",\"target\":[\"https:\/\/portalfadesp.org.br\/?page_id=1459\"]}]},{\"@type\":\"BreadcrumbList\",\"@id\":\"https:\/\/portalfadesp.org.br\/?page_id=1459#breadcrumb\",\"itemListElement\":[{\"@type\":\"ListItem\",\"position\":1,\"name\":\"In\u00edcio\",\"item\":\"https:\/\/portalfadesp.org.br\/\"},{\"@type\":\"ListItem\",\"position\":2,\"name\":\"Concursos &#8211; Homologados\",\"item\":\"https:\/\/portalfadesp.org.br\/?page_id=329\"},{\"@type\":\"ListItem\",\"position\":3,\"name\":\"Prefeitura Municipal de Rio Maria &#8211; 2013\"}]},{\"@type\":\"WebSite\",\"@id\":\"https:\/\/portalfadesp.org.br\/#website\",\"url\":\"https:\/\/portalfadesp.org.br\/\",\"name\":\"FADESP\",\"description\":\"Funda\u00e7\u00e3o de Amparo e Desenvolvimento da Pesquisa\",\"publisher\":{\"@id\":\"https:\/\/portalfadesp.org.br\/#organization\"},\"potentialAction\":[{\"@type\":\"SearchAction\",\"target\":{\"@type\":\"EntryPoint\",\"urlTemplate\":\"https:\/\/portalfadesp.org.br\/?s={search_term_string}\"},\"query-input\":{\"@type\":\"PropertyValueSpecification\",\"valueRequired\":true,\"valueName\":\"search_term_string\"}}],\"inLanguage\":\"pt-BR\"},{\"@type\":\"Organization\",\"@id\":\"https:\/\/portalfadesp.org.br\/#organization\",\"name\":\"FADESP\",\"url\":\"https:\/\/portalfadesp.org.br\/\",\"logo\":{\"@type\":\"ImageObject\",\"inLanguage\":\"pt-BR\",\"@id\":\"https:\/\/portalfadesp.org.br\/#\/schema\/logo\/image\/\",\"url\":\"https:\/\/portalfadesp.org.br\/wp-content\/uploads\/2024\/01\/NOVOLOGOFADESPlaranjaH.png\",\"contentUrl\":\"https:\/\/portalfadesp.org.br\/wp-content\/uploads\/2024\/01\/NOVOLOGOFADESPlaranjaH.png\",\"width\":2742,\"height\":839,\"caption\":\"FADESP\"},\"image\":{\"@id\":\"https:\/\/portalfadesp.org.br\/#\/schema\/logo\/image\/\"},\"sameAs\":[\"https:\/\/www.facebook.com\/Fadesp-138351949524662\/\",\"https:\/\/x.com\/Fadesp\",\"https:\/\/www.instagram.com\/fadesp_ufpa\/\",\"https:\/\/www.youtube.com\/@fundacaodeamparoedesenvolv1903\",\"https:\/\/www.threads.net\/@fadesp_ufpa\"]}]}<\/script>\n<!-- \/ Yoast SEO plugin. -->","yoast_head_json":{"title":"Prefeitura Municipal de Rio Maria - 2013 - FADESP","robots":{"index":"index","follow":"follow","max-snippet":"max-snippet:-1","max-image-preview":"max-image-preview:large","max-video-preview":"max-video-preview:-1"},"canonical":"https:\/\/portalfadesp.org.br\/?page_id=1459","og_locale":"pt_BR","og_type":"article","og_title":"Prefeitura Municipal de Rio Maria - 2013 - FADESP","og_description":"Prefeitura Municipal de Rio Maria &#8211; 2013 A Prefeitura de Rio Maria (PA) torna p\u00fablica a realiza\u00e7\u00e3o de Concurso P\u00fablico destinado ao preenchimento de vagas na Zona Urbana e Zona Rural para o quadro de pessoal efetivo de n\u00edveis Superior, M\u00e9dio, Fundamental completo e Alfabetizado. Vagas &#8211;\u00a0231 Cargos &#8211;\u00a0N\u00edvel Alfabetizado: Agente de Limpeza P\u00fablica, Agente [&hellip;]","og_url":"https:\/\/portalfadesp.org.br\/?page_id=1459","og_site_name":"FADESP","article_publisher":"https:\/\/www.facebook.com\/Fadesp-138351949524662\/","article_modified_time":"2022-12-20T15:39:06+00:00","twitter_card":"summary_large_image","twitter_site":"@Fadesp","twitter_misc":{"Est. tempo de leitura":"2 minutos"},"schema":{"@context":"https:\/\/schema.org","@graph":[{"@type":"WebPage","@id":"https:\/\/portalfadesp.org.br\/?page_id=1459","url":"https:\/\/portalfadesp.org.br\/?page_id=1459","name":"Prefeitura Municipal de Rio Maria - 2013 - FADESP","isPartOf":{"@id":"https:\/\/portalfadesp.org.br\/#website"},"datePublished":"2013-05-22T07:28:56+00:00","dateModified":"2022-12-20T15:39:06+00:00","breadcrumb":{"@id":"https:\/\/portalfadesp.org.br\/?page_id=1459#breadcrumb"},"inLanguage":"pt-BR","potentialAction":[{"@type":"ReadAction","target":["https:\/\/portalfadesp.org.br\/?page_id=1459"]}]},{"@type":"BreadcrumbList","@id":"https:\/\/portalfadesp.org.br\/?page_id=1459#breadcrumb","itemListElement":[{"@type":"ListItem","position":1,"name":"In\u00edcio","item":"https:\/\/portalfadesp.org.br\/"},{"@type":"ListItem","position":2,"name":"Concursos &#8211; Homologados","item":"https:\/\/portalfadesp.org.br\/?page_id=329"},{"@type":"ListItem","position":3,"name":"Prefeitura Municipal de Rio Maria &#8211; 2013"}]},{"@type":"WebSite","@id":"https:\/\/portalfadesp.org.br\/#website","url":"https:\/\/portalfadesp.org.br\/","name":"FADESP","description":"Funda\u00e7\u00e3o de Amparo e Desenvolvimento da Pesquisa","publisher":{"@id":"https:\/\/portalfadesp.org.br\/#organization"},"potentialAction":[{"@type":"SearchAction","target":{"@type":"EntryPoint","urlTemplate":"https:\/\/portalfadesp.org.br\/?s={search_term_string}"},"query-input":{"@type":"PropertyValueSpecification","valueRequired":true,"valueName":"search_term_string"}}],"inLanguage":"pt-BR"},{"@type":"Organization","@id":"https:\/\/portalfadesp.org.br\/#organization","name":"FADESP","url":"https:\/\/portalfadesp.org.br\/","logo":{"@type":"ImageObject","inLanguage":"pt-BR","@id":"https:\/\/portalfadesp.org.br\/#\/schema\/logo\/image\/","url":"https:\/\/portalfadesp.org.br\/wp-content\/uploads\/2024\/01\/NOVOLOGOFADESPlaranjaH.png","contentUrl":"https:\/\/portalfadesp.org.br\/wp-content\/uploads\/2024\/01\/NOVOLOGOFADESPlaranjaH.png","width":2742,"height":839,"caption":"FADESP"},"image":{"@id":"https:\/\/portalfadesp.org.br\/#\/schema\/logo\/image\/"},"sameAs":["https:\/\/www.facebook.com\/Fadesp-138351949524662\/","https:\/\/x.com\/Fadesp","https:\/\/www.instagram.com\/fadesp_ufpa\/","https:\/\/www.youtube.com\/@fundacaodeamparoedesenvolv1903","https:\/\/www.threads.net\/@fadesp_ufpa"]}]}},"_links":{"self":[{"href":"https:\/\/portalfadesp.org.br\/index.php?rest_route=\/wp\/v2\/pages\/1459","targetHints":{"allow":["GET"]}}],"collection":[{"href":"https:\/\/portalfadesp.org.br\/index.php?rest_route=\/wp\/v2\/pages"}],"about":[{"href":"https:\/\/portalfadesp.org.br\/index.php?rest_route=\/wp\/v2\/types\/page"}],"author":[{"embeddable":true,"href":"https:\/\/portalfadesp.org.br\/index.php?rest_route=\/wp\/v2\/users\/9"}],"replies":[{"embeddable":true,"href":"https:\/\/portalfadesp.org.br\/index.php?rest_route=%2Fwp%2Fv2%2Fcomments&post=1459"}],"version-history":[{"count":22,"href":"https:\/\/portalfadesp.org.br\/index.php?rest_route=\/wp\/v2\/pages\/1459\/revisions"}],"predecessor-version":[{"id":36709,"href":"https:\/\/portalfadesp.org.br\/index.php?rest_route=\/wp\/v2\/pages\/1459\/revisions\/36709"}],"up":[{"embeddable":true,"href":"https:\/\/portalfadesp.org.br\/index.php?rest_route=\/wp\/v2\/pages\/329"}],"wp:attachment":[{"href":"https:\/\/portalfadesp.org.br\/index.php?rest_route=%2Fwp%2Fv2%2Fmedia&parent=1459"}],"curies":[{"name":"wp","href":"https:\/\/api.w.org\/{rel}","templated":true}]}}