{"id":14368,"date":"2021-02-18T17:44:01","date_gmt":"2021-02-18T20:44:01","guid":{"rendered":"https:\/\/162.215.13.167?page_id=14368"},"modified":"2022-12-21T14:12:41","modified_gmt":"2022-12-21T17:12:41","slug":"pagina-modelo-5","status":"publish","type":"page","link":"https:\/\/portalfadesp.org.br\/?page_id=14368","title":{"rendered":"Coordena\u00e7\u00e3o da Resid\u00eancia em \u00c1rea Multiprofissional em Aten\u00e7\u00e3o \u00e0 sa\u00fade da mulher e da crian\u00e7a da Universidade Federal do Par\u00e1 &#8211; 2021"},"content":{"rendered":"\t\t<div data-elementor-type=\"wp-post\" data-elementor-id=\"14368\" class=\"elementor elementor-14368\" data-elementor-post-type=\"page\">\n\t\t\t\t\t\t<section class=\"elementor-section elementor-top-section elementor-element elementor-element-2a40db40 elementor-section-boxed elementor-section-height-default elementor-section-height-default\" data-id=\"2a40db40\" data-element_type=\"section\">\n\t\t\t\t\t\t<div class=\"elementor-container elementor-column-gap-default\">\n\t\t\t\t\t<div class=\"elementor-column elementor-col-100 elementor-top-column elementor-element elementor-element-4e956b47\" data-id=\"4e956b47\" data-element_type=\"column\">\n\t\t\t<div class=\"elementor-widget-wrap elementor-element-populated\">\n\t\t\t\t\t\t<div class=\"elementor-element elementor-element-372de194 elementor-widget elementor-widget-heading\" data-id=\"372de194\" data-element_type=\"widget\" data-widget_type=\"heading.default\">\n\t\t\t\t<div class=\"elementor-widget-container\">\n\t\t\t\t\t<h1 class=\"elementor-heading-title elementor-size-default\">Coordena\u00e7\u00e3o da Resid\u00eancia em \u00c1rea Multiprofissional em Aten\u00e7\u00e3o \u00e0 sa\u00fade da mulher e da crian\u00e7a da Universidade Federal do Par\u00e1 - 2021<\/h1>\t\t\t\t<\/div>\n\t\t\t\t<\/div>\n\t\t\t\t<section class=\"elementor-section elementor-inner-section elementor-element elementor-element-31e54043 elementor-section-boxed elementor-section-height-default elementor-section-height-default\" data-id=\"31e54043\" data-element_type=\"section\">\n\t\t\t\t\t\t<div class=\"elementor-container elementor-column-gap-default\">\n\t\t\t\t\t<div class=\"elementor-column elementor-col-50 elementor-inner-column elementor-element elementor-element-15f41bd\" data-id=\"15f41bd\" data-element_type=\"column\">\n\t\t\t<div class=\"elementor-widget-wrap elementor-element-populated\">\n\t\t\t\t\t\t<div class=\"elementor-element elementor-element-35279451 elementor-widget elementor-widget-text-editor\" data-id=\"35279451\" data-element_type=\"widget\" data-widget_type=\"text-editor.default\">\n\t\t\t\t<div class=\"elementor-widget-container\">\n\t\t\t\t\t\t\t\t\t<p><span style=\"color: #000000;\">A Coordena\u00e7\u00e3o da Resid\u00eancia em \u00c1rea Multiprofissional em Aten\u00e7\u00e3o \u00e0 sa\u00fade da mulher e da crian\u00e7a da Universidade Federal do Par\u00e1, no uso de suas atribui\u00e7\u00f5es legais, em conformidade com as exig\u00eancias do Regulamento da Lei n.\u00ba 11.129\/2005, artigo 13, Portaria\/MEC n.\u00ba 1077\/2009, Resolu\u00e7\u00e3o n\u00ba 1, de 21 de julho de 2015 e demais resolu\u00e7\u00f5es correlatas da Comiss\u00e3o Nacional de Resid\u00eancia Multiprofissional em Sa\u00fade e \u00c1rea Profissional de Sa\u00fade (CNRMS), torna p\u00fablico, atrav\u00e9s deste Edital, as normas do processo seletivo para o preenchimento de 08 (oito) vagas para as \u00e1reas de Biologia, Enfermagem, Psicologia e Servi\u00e7o social, no Programa de Resid\u00eancia Multiprofissional em Aten\u00e7\u00e3o \u00e0 sa\u00fade da mulher e da crian\u00e7a.<\/span><\/p><p><strong><span style=\"color: #000000;\">Vagas:<\/span><\/strong><br \/><strong><span style=\"color: #000000;\">&#8212; 8 Vagas ofertadas:<\/span><\/strong><br \/><span style=\"color: #000000;\">&#8211; Biologia (1)<\/span><br \/><span style=\"color: #000000;\">&#8211; Enfermagem (4)<\/span><br \/><span style=\"color: #000000;\">&#8211; Psicologia (2)<\/span><br \/><span style=\"color: #000000;\">&#8211; Servi\u00e7o Social (1)<\/span><\/p><p><strong><span style=\"color: #000000;\">Inscri\u00e7\u00f5es:<\/span><\/strong><br \/><span style=\"color: #000000;\">No endere\u00e7o eletr\u00f4nico <a href=\"http:\/\/cursoseventos.fadesp.org.br\/gui\/PortalCursosEventos.aspx\">https:\/\/162.215.13.167<\/a> no per\u00edodo de <strong>18\/02 a 02\/03\/2021<\/strong><\/span><\/p>\t\t\t\t\t\t\t\t<\/div>\n\t\t\t\t<\/div>\n\t\t\t\t\t<\/div>\n\t\t<\/div>\n\t\t\t\t<div class=\"elementor-column elementor-col-50 elementor-inner-column elementor-element elementor-element-1a284bc5\" data-id=\"1a284bc5\" data-element_type=\"column\">\n\t\t\t<div class=\"elementor-widget-wrap elementor-element-populated\">\n\t\t\t\t\t\t<div class=\"elementor-element elementor-element-6445c0f3 elementor-widget elementor-widget-text-editor\" data-id=\"6445c0f3\" data-element_type=\"widget\" data-widget_type=\"text-editor.default\">\n\t\t\t\t<div class=\"elementor-widget-container\">\n\t\t\t\t\t\t\t\t\t<p style=\"text-align: center;\"><span style=\"color: #ffffff;\"><b>Avisos<\/b><\/span><\/p>\t\t\t\t\t\t\t\t<\/div>\n\t\t\t\t<\/div>\n\t\t\t\t<div class=\"elementor-element elementor-element-1680d43 elementor-widget elementor-widget-text-editor\" data-id=\"1680d43\" data-element_type=\"widget\" data-widget_type=\"text-editor.default\">\n\t\t\t\t<div class=\"elementor-widget-container\">\n\t\t\t\t\t\t\t\t\t<p><span style=\"color: #000000;\">Inscri\u00e7\u00f5es<strong> exclusivamente via internet<\/strong>, observado o hor\u00e1rio de Bel\u00e9m Par\u00e1.<\/span><\/p>\t\t\t\t\t\t\t\t<\/div>\n\t\t\t\t<\/div>\n\t\t\t\t<div class=\"elementor-element elementor-element-433fb7f0 elementor-widget elementor-widget-text-editor\" data-id=\"433fb7f0\" data-element_type=\"widget\" data-widget_type=\"text-editor.default\">\n\t\t\t\t<div class=\"elementor-widget-container\">\n\t\t\t\t\t\t\t\t\t<p style=\"text-align: center;\"><span style=\"color: #ffffff;\"><strong>Editais<\/strong><\/span><\/p>\t\t\t\t\t\t\t\t<\/div>\n\t\t\t\t<\/div>\n\t\t\t\t<div class=\"elementor-element elementor-element-61ab10cc elementor-widget elementor-widget-text-editor\" data-id=\"61ab10cc\" data-element_type=\"widget\" data-widget_type=\"text-editor.default\">\n\t\t\t\t<div class=\"elementor-widget-container\">\n\t\t\t\t\t\t\t\t\t<p style=\"text-align: left;\"><span style=\"color: #000000;\">Edital <a href=\"..\/wp-content\/uploads\/2021\/02\/edital-01_2021_res_multiprofissional_FADESP.pdf\"><strong>(Clique Aqui)<\/strong><\/a><\/span><\/p>\n<p style=\"text-align: left;\"><span style=\"color: #000000;\">Resultado completo das solicita\u00e7\u00f5es de isen\u00e7\u00e3o de matricula <a href=\"..\/wp-content\/uploads\/2021\/03\/RESULTADO-DA-SOLICITACAO-DE-ISENCAO-DE-INSCRICAO.pdf\"><strong>(Clique Aqui)<\/strong><\/a><\/span><\/p>\n<p style=\"text-align: left;\"><span style=\"color: #000000;\">Resultado provis\u00f3rio da homologa\u00e7\u00e3o das inscri\u00e7\u00f5es:<\/span>\n<span style=\"color: #000000;\"><strong>1\u00aa fase<\/strong> <a href=\"..\/wp-content\/uploads\/2021\/03\/homologac%CC%A7a%CC%83o-candidatos.pdf\"><strong>(Clique Aqui)<\/strong><\/a><\/span><\/p>\n<p style=\"text-align: left;\"><span style=\"color: #000000;\">Resultado provis\u00f3rio da an\u00e1lise curricular:<\/span>\n<span style=\"color: #000000;\"><strong>2\u00aa fase<\/strong> <a href=\"..\/wp-content\/uploads\/2021\/03\/Resultado-provisorio-da-analise-dos-curriculos-2a-Fase1-1.pdf\"><strong>(Clique Aqui)<\/strong><\/a><\/span><\/p>\n<p style=\"text-align: left;\"><span style=\"color: #000000;\">Resultado P\u00f3s Recursos (2\u00aa fase) <a href=\"..\/wp-content\/uploads\/2021\/03\/Resultado-Pos-recurso-da-analise-dos-curriculos-2a-Fase.pdf\"><strong>(Clique Aqui)<\/strong><\/a><\/span><\/p>\n<p style=\"text-align: left;\"><span style=\"color: #000000;\">Resultado Final <a href=\"..\/wp-content\/uploads\/2021\/03\/Resultado-Final.pdf\"><strong>(Clique Aqui)<\/strong><\/a><\/span><\/p>\n<p style=\"text-align: left;\"><span style=\"color: #000000;\">Orienta\u00e7\u00f5es para Matr\u00edcula <a href=\"..\/wp-content\/uploads\/2021\/03\/ORIENTACOES-PARA-A-MATRICULA.pdf\"><strong>(Clique Aqui)<\/strong><\/a><\/span><\/p>\n<p style=\"text-align: left;\"><span style=\"color: #000000;\"> Formul\u00e1rio de Matr\u00edcula <a href=\"..\/wp-content\/uploads\/2021\/03\/Formulario-cadastral-de-Matricula-2021.docx\"><strong>(Clique Aqui)<\/strong><\/a><\/span><\/p>\n<p style=\"text-align: left;\"><span style=\"color: #000000;\"> Termo de compromisso <a href=\"..\/wp-content\/uploads\/2021\/03\/Termo-de-Compromisso.docx\"><strong>(Clique Aqui)<\/strong><\/a><\/span><\/p>\n<p style=\"text-align: left;\"><span style=\"color: #000000;\"> Declara\u00e7\u00e3o de n\u00e3o V\u00ednculo empregat\u00edcio <a href=\"..\/wp-content\/uploads\/2021\/03\/Multi2021_declaracaonaovinculo.docx\"><strong>(Clique Aqui)<\/strong><\/a><\/span><\/p>\n<p style=\"text-align: left;\"><span style=\"color: #000000;\">Multideclara\u00e7\u00e3o Conta Corrente <a href=\"..\/wp-content\/uploads\/2021\/03\/multi2021_declaracao_contacorrente.docx\"><strong>(Clique Aqui)<\/strong><\/a><\/span><\/p>\n<p style=\"text-align: left;\"><span style=\"color: #000000;\">2\u00aa Convocat\u00f3ria de matricula &#8211; Resid\u00eancia <a href=\"..\/wp-content\/uploads\/2021\/03\/2-Convocatoria-para-Matricula.pdf\"><strong>(Clique Aqui)<\/strong><\/a><\/span><\/p>\n<p style=\"text-align: left;\"><span style=\"color: #000000;\">Acolhimento dos Residentes &#8211; 2021 <a href=\"..\/wp-content\/uploads\/2021\/03\/Recepcao-dos-Residentes-2021-final.pdf\"><strong>(Clique Aqui)<\/strong><\/a><\/span><\/p>\t\t\t\t\t\t\t\t<\/div>\n\t\t\t\t<\/div>\n\t\t\t\t\t<\/div>\n\t\t<\/div>\n\t\t\t\t\t<\/div>\n\t\t<\/section>\n\t\t\t\t\t<\/div>\n\t\t<\/div>\n\t\t\t\t\t<\/div>\n\t\t<\/section>\n\t\t\t\t<\/div>\n\t\t","protected":false},"excerpt":{"rendered":"<p>Coordena\u00e7\u00e3o da Resid\u00eancia em \u00c1rea Multiprofissional em Aten\u00e7\u00e3o \u00e0 sa\u00fade da mulher e da crian\u00e7a da Universidade Federal do Par\u00e1 &#8211; 2021 A Coordena\u00e7\u00e3o da Resid\u00eancia em \u00c1rea Multiprofissional em Aten\u00e7\u00e3o \u00e0 sa\u00fade da mulher e da crian\u00e7a da Universidade Federal do Par\u00e1, no uso de suas atribui\u00e7\u00f5es legais, em conformidade com as exig\u00eancias do [&hellip;]<\/p>\n","protected":false},"author":9,"featured_media":0,"parent":0,"menu_order":0,"comment_status":"closed","ping_status":"closed","template":"","meta":{"_monsterinsights_skip_tracking":false,"_monsterinsights_sitenote_active":false,"_monsterinsights_sitenote_note":"","_monsterinsights_sitenote_category":0,"footnotes":""},"class_list":["post-14368","page","type-page","status-publish","hentry","entry"],"yoast_head":"<!-- This site is optimized with the Yoast SEO plugin v25.1 - https:\/\/yoast.com\/wordpress\/plugins\/seo\/ -->\n<title>Coordena\u00e7\u00e3o da Resid\u00eancia em \u00c1rea Multiprofissional em Aten\u00e7\u00e3o \u00e0 sa\u00fade da mulher e da crian\u00e7a da Universidade Federal do Par\u00e1 - 2021 - FADESP<\/title>\n<meta name=\"robots\" content=\"index, follow, max-snippet:-1, max-image-preview:large, max-video-preview:-1\" \/>\n<link rel=\"canonical\" href=\"https:\/\/portalfadesp.org.br\/?page_id=14368\" \/>\n<meta property=\"og:locale\" content=\"pt_BR\" \/>\n<meta property=\"og:type\" content=\"article\" \/>\n<meta property=\"og:title\" content=\"Coordena\u00e7\u00e3o da Resid\u00eancia em \u00c1rea Multiprofissional em Aten\u00e7\u00e3o \u00e0 sa\u00fade da mulher e da crian\u00e7a da Universidade Federal do Par\u00e1 - 2021 - FADESP\" \/>\n<meta property=\"og:description\" content=\"Coordena\u00e7\u00e3o da Resid\u00eancia em \u00c1rea Multiprofissional em Aten\u00e7\u00e3o \u00e0 sa\u00fade da mulher e da crian\u00e7a da Universidade Federal do Par\u00e1 &#8211; 2021 A Coordena\u00e7\u00e3o da Resid\u00eancia em \u00c1rea Multiprofissional em Aten\u00e7\u00e3o \u00e0 sa\u00fade da mulher e da crian\u00e7a da Universidade Federal do Par\u00e1, no uso de suas atribui\u00e7\u00f5es legais, em conformidade com as exig\u00eancias do [&hellip;]\" \/>\n<meta property=\"og:url\" content=\"https:\/\/portalfadesp.org.br\/?page_id=14368\" \/>\n<meta property=\"og:site_name\" content=\"FADESP\" \/>\n<meta property=\"article:publisher\" content=\"https:\/\/www.facebook.com\/Fadesp-138351949524662\/\" \/>\n<meta property=\"article:modified_time\" content=\"2022-12-21T17:12:41+00:00\" \/>\n<meta name=\"twitter:card\" content=\"summary_large_image\" \/>\n<meta name=\"twitter:site\" content=\"@Fadesp\" \/>\n<meta name=\"twitter:label1\" content=\"Est. tempo de leitura\" \/>\n\t<meta name=\"twitter:data1\" content=\"1 minuto\" \/>\n<script type=\"application\/ld+json\" class=\"yoast-schema-graph\">{\"@context\":\"https:\/\/schema.org\",\"@graph\":[{\"@type\":\"WebPage\",\"@id\":\"https:\/\/portalfadesp.org.br\/?page_id=14368\",\"url\":\"https:\/\/portalfadesp.org.br\/?page_id=14368\",\"name\":\"Coordena\u00e7\u00e3o da Resid\u00eancia em \u00c1rea Multiprofissional em Aten\u00e7\u00e3o \u00e0 sa\u00fade da mulher e da crian\u00e7a da Universidade Federal do Par\u00e1 - 2021 - FADESP\",\"isPartOf\":{\"@id\":\"https:\/\/portalfadesp.org.br\/#website\"},\"datePublished\":\"2021-02-18T20:44:01+00:00\",\"dateModified\":\"2022-12-21T17:12:41+00:00\",\"breadcrumb\":{\"@id\":\"https:\/\/portalfadesp.org.br\/?page_id=14368#breadcrumb\"},\"inLanguage\":\"pt-BR\",\"potentialAction\":[{\"@type\":\"ReadAction\",\"target\":[\"https:\/\/portalfadesp.org.br\/?page_id=14368\"]}]},{\"@type\":\"BreadcrumbList\",\"@id\":\"https:\/\/portalfadesp.org.br\/?page_id=14368#breadcrumb\",\"itemListElement\":[{\"@type\":\"ListItem\",\"position\":1,\"name\":\"In\u00edcio\",\"item\":\"https:\/\/portalfadesp.org.br\/\"},{\"@type\":\"ListItem\",\"position\":2,\"name\":\"Coordena\u00e7\u00e3o da Resid\u00eancia em \u00c1rea Multiprofissional em Aten\u00e7\u00e3o \u00e0 sa\u00fade da mulher e da crian\u00e7a da Universidade Federal do Par\u00e1 &#8211; 2021\"}]},{\"@type\":\"WebSite\",\"@id\":\"https:\/\/portalfadesp.org.br\/#website\",\"url\":\"https:\/\/portalfadesp.org.br\/\",\"name\":\"FADESP\",\"description\":\"Funda\u00e7\u00e3o de Amparo e Desenvolvimento da Pesquisa\",\"publisher\":{\"@id\":\"https:\/\/portalfadesp.org.br\/#organization\"},\"potentialAction\":[{\"@type\":\"SearchAction\",\"target\":{\"@type\":\"EntryPoint\",\"urlTemplate\":\"https:\/\/portalfadesp.org.br\/?s={search_term_string}\"},\"query-input\":{\"@type\":\"PropertyValueSpecification\",\"valueRequired\":true,\"valueName\":\"search_term_string\"}}],\"inLanguage\":\"pt-BR\"},{\"@type\":\"Organization\",\"@id\":\"https:\/\/portalfadesp.org.br\/#organization\",\"name\":\"FADESP\",\"url\":\"https:\/\/portalfadesp.org.br\/\",\"logo\":{\"@type\":\"ImageObject\",\"inLanguage\":\"pt-BR\",\"@id\":\"https:\/\/portalfadesp.org.br\/#\/schema\/logo\/image\/\",\"url\":\"https:\/\/portalfadesp.org.br\/wp-content\/uploads\/2024\/01\/NOVOLOGOFADESPlaranjaH.png\",\"contentUrl\":\"https:\/\/portalfadesp.org.br\/wp-content\/uploads\/2024\/01\/NOVOLOGOFADESPlaranjaH.png\",\"width\":2742,\"height\":839,\"caption\":\"FADESP\"},\"image\":{\"@id\":\"https:\/\/portalfadesp.org.br\/#\/schema\/logo\/image\/\"},\"sameAs\":[\"https:\/\/www.facebook.com\/Fadesp-138351949524662\/\",\"https:\/\/x.com\/Fadesp\",\"https:\/\/www.instagram.com\/fadesp_ufpa\/\",\"https:\/\/www.youtube.com\/@fundacaodeamparoedesenvolv1903\",\"https:\/\/www.threads.net\/@fadesp_ufpa\"]}]}<\/script>\n<!-- \/ Yoast SEO plugin. -->","yoast_head_json":{"title":"Coordena\u00e7\u00e3o da Resid\u00eancia em \u00c1rea Multiprofissional em Aten\u00e7\u00e3o \u00e0 sa\u00fade da mulher e da crian\u00e7a da Universidade Federal do Par\u00e1 - 2021 - FADESP","robots":{"index":"index","follow":"follow","max-snippet":"max-snippet:-1","max-image-preview":"max-image-preview:large","max-video-preview":"max-video-preview:-1"},"canonical":"https:\/\/portalfadesp.org.br\/?page_id=14368","og_locale":"pt_BR","og_type":"article","og_title":"Coordena\u00e7\u00e3o da Resid\u00eancia em \u00c1rea Multiprofissional em Aten\u00e7\u00e3o \u00e0 sa\u00fade da mulher e da crian\u00e7a da Universidade Federal do Par\u00e1 - 2021 - FADESP","og_description":"Coordena\u00e7\u00e3o da Resid\u00eancia em \u00c1rea Multiprofissional em Aten\u00e7\u00e3o \u00e0 sa\u00fade da mulher e da crian\u00e7a da Universidade Federal do Par\u00e1 &#8211; 2021 A Coordena\u00e7\u00e3o da Resid\u00eancia em \u00c1rea Multiprofissional em Aten\u00e7\u00e3o \u00e0 sa\u00fade da mulher e da crian\u00e7a da Universidade Federal do Par\u00e1, no uso de suas atribui\u00e7\u00f5es legais, em conformidade com as exig\u00eancias do [&hellip;]","og_url":"https:\/\/portalfadesp.org.br\/?page_id=14368","og_site_name":"FADESP","article_publisher":"https:\/\/www.facebook.com\/Fadesp-138351949524662\/","article_modified_time":"2022-12-21T17:12:41+00:00","twitter_card":"summary_large_image","twitter_site":"@Fadesp","twitter_misc":{"Est. tempo de leitura":"1 minuto"},"schema":{"@context":"https:\/\/schema.org","@graph":[{"@type":"WebPage","@id":"https:\/\/portalfadesp.org.br\/?page_id=14368","url":"https:\/\/portalfadesp.org.br\/?page_id=14368","name":"Coordena\u00e7\u00e3o da Resid\u00eancia em \u00c1rea Multiprofissional em Aten\u00e7\u00e3o \u00e0 sa\u00fade da mulher e da crian\u00e7a da Universidade Federal do Par\u00e1 - 2021 - FADESP","isPartOf":{"@id":"https:\/\/portalfadesp.org.br\/#website"},"datePublished":"2021-02-18T20:44:01+00:00","dateModified":"2022-12-21T17:12:41+00:00","breadcrumb":{"@id":"https:\/\/portalfadesp.org.br\/?page_id=14368#breadcrumb"},"inLanguage":"pt-BR","potentialAction":[{"@type":"ReadAction","target":["https:\/\/portalfadesp.org.br\/?page_id=14368"]}]},{"@type":"BreadcrumbList","@id":"https:\/\/portalfadesp.org.br\/?page_id=14368#breadcrumb","itemListElement":[{"@type":"ListItem","position":1,"name":"In\u00edcio","item":"https:\/\/portalfadesp.org.br\/"},{"@type":"ListItem","position":2,"name":"Coordena\u00e7\u00e3o da Resid\u00eancia em \u00c1rea Multiprofissional em Aten\u00e7\u00e3o \u00e0 sa\u00fade da mulher e da crian\u00e7a da Universidade Federal do Par\u00e1 &#8211; 2021"}]},{"@type":"WebSite","@id":"https:\/\/portalfadesp.org.br\/#website","url":"https:\/\/portalfadesp.org.br\/","name":"FADESP","description":"Funda\u00e7\u00e3o de Amparo e Desenvolvimento da Pesquisa","publisher":{"@id":"https:\/\/portalfadesp.org.br\/#organization"},"potentialAction":[{"@type":"SearchAction","target":{"@type":"EntryPoint","urlTemplate":"https:\/\/portalfadesp.org.br\/?s={search_term_string}"},"query-input":{"@type":"PropertyValueSpecification","valueRequired":true,"valueName":"search_term_string"}}],"inLanguage":"pt-BR"},{"@type":"Organization","@id":"https:\/\/portalfadesp.org.br\/#organization","name":"FADESP","url":"https:\/\/portalfadesp.org.br\/","logo":{"@type":"ImageObject","inLanguage":"pt-BR","@id":"https:\/\/portalfadesp.org.br\/#\/schema\/logo\/image\/","url":"https:\/\/portalfadesp.org.br\/wp-content\/uploads\/2024\/01\/NOVOLOGOFADESPlaranjaH.png","contentUrl":"https:\/\/portalfadesp.org.br\/wp-content\/uploads\/2024\/01\/NOVOLOGOFADESPlaranjaH.png","width":2742,"height":839,"caption":"FADESP"},"image":{"@id":"https:\/\/portalfadesp.org.br\/#\/schema\/logo\/image\/"},"sameAs":["https:\/\/www.facebook.com\/Fadesp-138351949524662\/","https:\/\/x.com\/Fadesp","https:\/\/www.instagram.com\/fadesp_ufpa\/","https:\/\/www.youtube.com\/@fundacaodeamparoedesenvolv1903","https:\/\/www.threads.net\/@fadesp_ufpa"]}]}},"_links":{"self":[{"href":"https:\/\/portalfadesp.org.br\/index.php?rest_route=\/wp\/v2\/pages\/14368","targetHints":{"allow":["GET"]}}],"collection":[{"href":"https:\/\/portalfadesp.org.br\/index.php?rest_route=\/wp\/v2\/pages"}],"about":[{"href":"https:\/\/portalfadesp.org.br\/index.php?rest_route=\/wp\/v2\/types\/page"}],"author":[{"embeddable":true,"href":"https:\/\/portalfadesp.org.br\/index.php?rest_route=\/wp\/v2\/users\/9"}],"replies":[{"embeddable":true,"href":"https:\/\/portalfadesp.org.br\/index.php?rest_route=%2Fwp%2Fv2%2Fcomments&post=14368"}],"version-history":[{"count":53,"href":"https:\/\/portalfadesp.org.br\/index.php?rest_route=\/wp\/v2\/pages\/14368\/revisions"}],"predecessor-version":[{"id":38626,"href":"https:\/\/portalfadesp.org.br\/index.php?rest_route=\/wp\/v2\/pages\/14368\/revisions\/38626"}],"wp:attachment":[{"href":"https:\/\/portalfadesp.org.br\/index.php?rest_route=%2Fwp%2Fv2%2Fmedia&parent=14368"}],"curies":[{"name":"wp","href":"https:\/\/api.w.org\/{rel}","templated":true}]}}