{"id":14359,"date":"2021-02-18T17:39:12","date_gmt":"2021-02-18T20:39:12","guid":{"rendered":"https:\/\/162.215.13.167?page_id=14359"},"modified":"2023-01-02T13:54:18","modified_gmt":"2023-01-02T16:54:18","slug":"pagina-modelo-4","status":"publish","type":"page","link":"https:\/\/portalfadesp.org.br\/?page_id=14359","title":{"rendered":"Escola de Aplica\u00e7\u00e3o da Universidade Federal do Par\u00e1 &#8211; 2021"},"content":{"rendered":"\t\t<div data-elementor-type=\"wp-post\" data-elementor-id=\"14359\" class=\"elementor elementor-14359\" data-elementor-post-type=\"page\">\n\t\t\t\t\t\t<section class=\"elementor-section elementor-top-section elementor-element elementor-element-2a40db40 elementor-section-boxed elementor-section-height-default elementor-section-height-default\" data-id=\"2a40db40\" data-element_type=\"section\">\n\t\t\t\t\t\t<div class=\"elementor-container elementor-column-gap-default\">\n\t\t\t\t\t<div class=\"elementor-column elementor-col-100 elementor-top-column elementor-element elementor-element-4e956b47\" data-id=\"4e956b47\" data-element_type=\"column\">\n\t\t\t<div class=\"elementor-widget-wrap elementor-element-populated\">\n\t\t\t\t\t\t<div class=\"elementor-element elementor-element-372de194 elementor-widget elementor-widget-heading\" data-id=\"372de194\" data-element_type=\"widget\" data-widget_type=\"heading.default\">\n\t\t\t\t<div class=\"elementor-widget-container\">\n\t\t\t\t\t<h1 class=\"elementor-heading-title elementor-size-default\">Escola de Aplica\u00e7\u00e3o da Universidade Federal do Par\u00e1 - 2021<\/h1>\t\t\t\t<\/div>\n\t\t\t\t<\/div>\n\t\t\t\t<section class=\"elementor-section elementor-inner-section elementor-element elementor-element-31e54043 elementor-section-boxed elementor-section-height-default elementor-section-height-default\" data-id=\"31e54043\" data-element_type=\"section\">\n\t\t\t\t\t\t<div class=\"elementor-container elementor-column-gap-default\">\n\t\t\t\t\t<div class=\"elementor-column elementor-col-50 elementor-inner-column elementor-element elementor-element-15f41bd\" data-id=\"15f41bd\" data-element_type=\"column\">\n\t\t\t<div class=\"elementor-widget-wrap elementor-element-populated\">\n\t\t\t\t\t\t<div class=\"elementor-element elementor-element-35279451 elementor-widget elementor-widget-text-editor\" data-id=\"35279451\" data-element_type=\"widget\" data-widget_type=\"text-editor.default\">\n\t\t\t\t<div class=\"elementor-widget-container\">\n\t\t\t\t\t\t\t\t\t<p><span style=\"color: #000000;\">O Diretor da Escola de Aplica\u00e7\u00e3o da Universidade Federal do Par\u00e1, no uso das atribui\u00e7\u00f5es legais que lhe confere o Regimento Interno da Escola de Aplica\u00e7\u00e3o da UFPA e referendado pelo Egr\u00e9gio Conselho Escolar, em reuni\u00e3o ordin\u00e1ria realizada no dia 11\/02\/2021, torna p\u00fablico o presente Edital de abertura das inscri\u00e7\u00f5es para sele\u00e7\u00e3o de candidatos ao ingresso na referida Escola para o ano letivo de 2021.<\/span><\/p><p><strong><span style=\"color: #000000;\">Vagas:<\/span><\/strong><br \/><strong><span style=\"color: #000000;\">Coordena\u00e7\u00e3o do Ensino Fundamental II (6\u00ba ano):<\/span><\/strong><br \/><span style=\"color: #000000;\">&#8211; Vagas Imediatas: 20<\/span><br \/><span style=\"color: #000000;\">&#8211; Vagas Imediatas PCD: 1<\/span><br \/><span style=\"color: #000000;\">&#8211; Vagas cadastro de reserva: 10<\/span><br \/><span style=\"color: #000000;\">&#8211; Vagas cadastro de reserva PCD: 1<\/span><\/p><p><strong><span style=\"color: #000000;\">Coordena\u00e7\u00e3o do Ensino M\u00e9dio (1\u00ba ano):<\/span><\/strong><br \/><span style=\"color: #000000;\">&#8211; Vagas Imediatas: 20<\/span><br \/><span style=\"color: #000000;\">&#8211; Vagas Imediatas PCD: 1<\/span><br \/><span style=\"color: #000000;\">&#8211; Vagas cadastro de reserva: 40<\/span><br \/><span style=\"color: #000000;\">&#8211; Vagas cadastro de reserva PCD: 1<\/span><\/p><p><strong><span style=\"color: #000000;\">Inscri\u00e7\u00f5es:<\/span><\/strong><br \/><span style=\"color: #000000;\"><a href=\"https:\/\/portalfadesp.org.br\/?page_id=5669\"><strong>(Clique Aqui)<\/strong><\/a>, no per\u00edodo de <strong>17\/02\/2021 a 24\/02\/2021.<\/strong><\/span><\/p><p><strong><span style=\"color: #000000;\">Taxa de inscri\u00e7\u00e3o:<\/span><\/strong><br \/><span style=\"color: #000000;\"><strong>R$ 20,00 (vinte reais)<\/strong>, poder\u00e1 ser realizado at\u00e9 o dia <strong>25\/02\/2021<\/strong> (no hor\u00e1rio de funcionamento das Ag\u00eancias Banc\u00e1rias, das Ag\u00eancias Lot\u00e9ricas e dos Caixas Eletr\u00f4nicos).<\/span><\/p>\t\t\t\t\t\t\t\t<\/div>\n\t\t\t\t<\/div>\n\t\t\t\t<div class=\"elementor-element elementor-element-6e9d3f8 elementor-widget elementor-widget-heading\" data-id=\"6e9d3f8\" data-element_type=\"widget\" data-widget_type=\"heading.default\">\n\t\t\t\t<div class=\"elementor-widget-container\">\n\t\t\t\t\t<h4 class=\"elementor-heading-title elementor-size-default\">Cronograma de Matr\u00edculas<\/h4>\t\t\t\t<\/div>\n\t\t\t\t<\/div>\n\t\t\t\t<div class=\"elementor-element elementor-element-9e06783 elementor-widget elementor-widget-text-editor\" data-id=\"9e06783\" data-element_type=\"widget\" data-widget_type=\"text-editor.default\">\n\t\t\t\t<div class=\"elementor-widget-container\">\n\t\t\t\t\t\t\t\t\t<p><span style=\"color: #000000;\"><strong>Ensino Fundamental I (6\u00baano):<\/strong><\/span><br \/><span style=\"color: #000000;\"><strong>Vagas imediatas<\/strong> &#8211; 20 de abril (ter\u00e7a-feira), das 14h \u00e0s 17h, no Sal\u00e3o Cinza da Escola de Aplica\u00e7\u00e3o.<\/span><\/p><p><span style=\"color: #000000;\"><strong>Cadastro de reserva<\/strong> &#8211; 22 de abril (quinta-feira), das 14h \u00e0s 17h, no Sal\u00e3o Cinza da Escola de Aplica\u00e7\u00e3o.<\/span><\/p><p><span style=\"color: #000000;\"><strong>Lista de Sorteados:<\/strong> <a href=\"..\/wp-content\/uploads\/2021\/03\/6o-Ano-FII-Candidatos-Sorteados-2021-1.pdf\"><strong>(Clique Aqui)<\/strong><\/a><\/span><\/p><p><span style=\"color: #000000;\"><strong>Ensino M\u00e9dio (1\u00baano):<\/strong><\/span><br \/><span style=\"color: #000000;\"><strong>&#8211; Vagas Imediatas<\/strong> &#8211; 20 de abril (ter\u00e7a-feira), das 09h \u00e0s 12h, no Sal\u00e3o Cinza da Escola de Aplica\u00e7\u00e3o.<\/span><\/p><p><span style=\"color: #000000;\"><strong>&#8211; Cadastro de reserva:<\/strong><\/span><br \/><span style=\"color: #000000;\"><strong>1\u00ba ao 20\u00ba colocado<\/strong> &#8211; 22 de abril (quinta-feira), das 09h \u00e0s 12h, no Sal\u00e3o Cinza da Escola de Aplica\u00e7\u00e3o.<\/span><\/p><p><span style=\"color: #000000;\"><strong>21\u00ba ao 40\u00ba colocado<\/strong> &#8211; 23 de abril (sexta-feira), das 09h \u00e0s 12h, no Sal\u00e3o Cinza da Escola de Aplica\u00e7\u00e3o.<\/span><\/p><p><span style=\"color: #000000;\"><strong>Lista de Sorteados: <a href=\"..\/wp-content\/uploads\/2021\/03\/1o-Ano-EM-Candidatos-Sorteados-2021-1.pdf\">(Clique Aqui)<\/a><\/strong><\/span><\/p><p><span style=\"color: #000000;\"><strong>SOBRE A MATR\u00cdCULA<\/strong><\/span><br \/><span style=\"color: #000000;\"><strong>1 &#8211;<\/strong> Os candidatos dever\u00e3o imprimir e preencher o Termo de Responsabilidade e a Ficha de Inscri\u00e7\u00e3o e entregar no dia da matr\u00edcula, juntamente com os documentos solicitados na Ficha de Inscri\u00e7\u00e3o. Segue documentos em anexo.<\/span><\/p><p><span style=\"color: #000000;\"><strong>2 &#8211;<\/strong> A matr\u00edcula s\u00f3 ser\u00e1 efetivada mediante apresenta\u00e7\u00e3o da documenta\u00e7\u00e3o completa.<\/span><\/p><p><span style=\"color: #000000;\"><strong>3 &#8211;<\/strong> Os candidatos dever\u00e3o trazer uma resma de papel A4 e 5 blocos de papel alma\u00e7o (10 folhas por bloco).<\/span><\/p>\t\t\t\t\t\t\t\t<\/div>\n\t\t\t\t<\/div>\n\t\t\t\t\t<\/div>\n\t\t<\/div>\n\t\t\t\t<div class=\"elementor-column elementor-col-50 elementor-inner-column elementor-element elementor-element-1a284bc5\" data-id=\"1a284bc5\" data-element_type=\"column\">\n\t\t\t<div class=\"elementor-widget-wrap elementor-element-populated\">\n\t\t\t\t\t\t<div class=\"elementor-element elementor-element-6445c0f3 elementor-widget elementor-widget-text-editor\" data-id=\"6445c0f3\" data-element_type=\"widget\" data-widget_type=\"text-editor.default\">\n\t\t\t\t<div class=\"elementor-widget-container\">\n\t\t\t\t\t\t\t\t\t<p style=\"text-align: center;\"><span style=\"color: #ffffff;\"><b>Avisos<\/b><\/span><\/p>\t\t\t\t\t\t\t\t<\/div>\n\t\t\t\t<\/div>\n\t\t\t\t<div class=\"elementor-element elementor-element-1680d43 elementor-widget elementor-widget-text-editor\" data-id=\"1680d43\" data-element_type=\"widget\" data-widget_type=\"text-editor.default\">\n\t\t\t\t<div class=\"elementor-widget-container\">\n\t\t\t\t\t\t\t\t\t<p><span style=\"color: #000000;\">O candidato dever\u00e1 imprimir o <strong>comprovante de inscri\u00e7\u00e3o e o Boleto Banc\u00e1rio. <\/strong><\/span><\/p><p><strong><span style=\"color: #000000;\">O comprovante de pagamento dever\u00e1 ser impresso para fins de comprova\u00e7\u00e3o.<\/span><\/strong><\/p><p><span style=\"color: #000000;\"><strong>Requisito para as vagas destinadas a Ensino Fundamental II:<\/strong> 11 (onze) anos completos at\u00e9 31\/03\/2021 ou com idade inferior.<\/span><\/p><p><span style=\"color: #000000;\"><strong>Requisito para as vagas destinadas a Ensino M\u00e9dio:<\/strong> 11 (onze) anos completos at\u00e9 31\/03\/2021 ou com idade inferior.<\/span><\/p><p><span style=\"color: #000000;\"><strong>OBS:<\/strong> Corre\u00e7\u00e3o de dados cadastrais prorrogada at\u00e9 hoje (03\/03\/2021).<\/span><\/p>\t\t\t\t\t\t\t\t<\/div>\n\t\t\t\t<\/div>\n\t\t\t\t<div class=\"elementor-element elementor-element-433fb7f0 elementor-widget elementor-widget-text-editor\" data-id=\"433fb7f0\" data-element_type=\"widget\" data-widget_type=\"text-editor.default\">\n\t\t\t\t<div class=\"elementor-widget-container\">\n\t\t\t\t\t\t\t\t\t<p style=\"text-align: center;\"><span style=\"color: #ffffff;\"><strong>Editais<\/strong><\/span><\/p>\t\t\t\t\t\t\t\t<\/div>\n\t\t\t\t<\/div>\n\t\t\t\t<div class=\"elementor-element elementor-element-61ab10cc elementor-widget elementor-widget-text-editor\" data-id=\"61ab10cc\" data-element_type=\"widget\" data-widget_type=\"text-editor.default\">\n\t\t\t\t<div class=\"elementor-widget-container\">\n\t\t\t\t\t\t\t\t\t<p><span style=\"color: #000000;\">Edital <a href=\"..\/wp-content\/uploads\/2021\/02\/Edital-da-Escola-de-Aplicacao-da-UFPA-2021-aprovado.pdf\"><strong>(Clique Aqui)<\/strong><\/a><\/span><\/p><p><span style=\"color: #000000;\">Edital Retificado n\u00ba1 <a href=\"..\/wp-content\/uploads\/2021\/03\/Edital-da-Escola-de-Aplicacao-da-UFPA-2021-retificado-no-1.pdf\"><strong>(Clique Aqui)<\/strong><\/a><\/span><\/p><p><span style=\"color: #000000;\">Lista de Inscritos\/Ens. Fundamental <a href=\"..\/wp-content\/uploads\/2021\/03\/Lista-de-Inscritos_Nivel-de-Ensino-Fundamental-6o-Ano.pdf\"><strong>(Clique Aqui)<\/strong><\/a><\/span><\/p><p><span style=\"color: #000000;\">Lista de Inscritos\/Ens. M\u00e9dio <a href=\"..\/wp-content\/uploads\/2021\/03\/Lista-de-Inscritos_Nivel-de-Ensino-Medio-1o-Ano.pdf\"><strong>(Clique Aqui)<\/strong><\/a><\/span><\/p><p><span style=\"color: #000000;\">Lista Homologada dos Candidatos Inscritos para sorteio <strong><a href=\"..\/wp-content\/uploads\/2021\/03\/Lista-Homologada.pdf\">(Clique Aqui)<\/a><\/strong><\/span><\/p><p><span style=\"color: #000000;\">Retificada Lista Homologada dos Candidatos Inscritos para sorteio <a href=\"..\/wp-content\/uploads\/2021\/03\/Lista-Homologada_v1-1.pdf\"><strong>(Clique Aqui)<\/strong><\/a><\/span><\/p><p><span style=\"color: #000000;\">Lista dos candidatos sorteados 6\u00ba ano (Vagas Imediatas) &#8211; Fundamental <a href=\"..\/wp-content\/uploads\/2021\/03\/6o-Ano-FII-Candidatos-Sorteados-2021-1.pdf\"><strong>(Clique Aqui)<\/strong><\/a><\/span><\/p><p><span style=\"color: #000000;\">Lista dos candidatos sorteados 1\u00ba ano (Vagas Imediatas) &#8211; M\u00e9dio <a href=\"..\/wp-content\/uploads\/2021\/03\/1o-Ano-EM-Candidatos-Sorteados-2021-1.pdf\"><strong>(Clique Aqui)<\/strong><\/a><\/span><\/p><p><span style=\"color: #000000;\">Termo de Responsabilidade &#8211; Fam\u00edlia\/Escola <a href=\"..\/wp-content\/uploads\/2021\/04\/Termo-de-Responsabilidade-Familia-e-Escola-2021.pdf\"><strong>(Clique Aqui)<\/strong><\/a><\/span><\/p><p><span style=\"color: #000000;\">Ficha de Matricula &#8211; EAUFPA <a href=\"..\/wp-content\/uploads\/2021\/04\/Ficha-de-Matricula-da-EAUFPA-2021.pdf\"><strong>(Clique Aqui)<\/strong><\/a><\/span><\/p>\t\t\t\t\t\t\t\t<\/div>\n\t\t\t\t<\/div>\n\t\t\t\t\t<\/div>\n\t\t<\/div>\n\t\t\t\t\t<\/div>\n\t\t<\/section>\n\t\t\t\t\t<\/div>\n\t\t<\/div>\n\t\t\t\t\t<\/div>\n\t\t<\/section>\n\t\t\t\t<\/div>\n\t\t","protected":false},"excerpt":{"rendered":"<p>Escola de Aplica\u00e7\u00e3o da Universidade Federal do Par\u00e1 &#8211; 2021 O Diretor da Escola de Aplica\u00e7\u00e3o da Universidade Federal do Par\u00e1, no uso das atribui\u00e7\u00f5es legais que lhe confere o Regimento Interno da Escola de Aplica\u00e7\u00e3o da UFPA e referendado pelo Egr\u00e9gio Conselho Escolar, em reuni\u00e3o ordin\u00e1ria realizada no dia 11\/02\/2021, torna p\u00fablico o presente [&hellip;]<\/p>\n","protected":false},"author":9,"featured_media":0,"parent":0,"menu_order":0,"comment_status":"closed","ping_status":"closed","template":"","meta":{"_monsterinsights_skip_tracking":false,"_monsterinsights_sitenote_active":false,"_monsterinsights_sitenote_note":"","_monsterinsights_sitenote_category":0,"footnotes":""},"class_list":["post-14359","page","type-page","status-publish","hentry","entry"],"yoast_head":"<!-- This site is optimized with the Yoast SEO plugin v25.1 - https:\/\/yoast.com\/wordpress\/plugins\/seo\/ -->\n<title>Escola de Aplica\u00e7\u00e3o da Universidade Federal do Par\u00e1 - 2021 - FADESP<\/title>\n<meta name=\"robots\" content=\"index, follow, max-snippet:-1, max-image-preview:large, max-video-preview:-1\" \/>\n<link rel=\"canonical\" href=\"https:\/\/portalfadesp.org.br\/?page_id=14359\" \/>\n<meta property=\"og:locale\" content=\"pt_BR\" \/>\n<meta property=\"og:type\" content=\"article\" \/>\n<meta property=\"og:title\" content=\"Escola de Aplica\u00e7\u00e3o da Universidade Federal do Par\u00e1 - 2021 - FADESP\" \/>\n<meta property=\"og:description\" content=\"Escola de Aplica\u00e7\u00e3o da Universidade Federal do Par\u00e1 &#8211; 2021 O Diretor da Escola de Aplica\u00e7\u00e3o da Universidade Federal do Par\u00e1, no uso das atribui\u00e7\u00f5es legais que lhe confere o Regimento Interno da Escola de Aplica\u00e7\u00e3o da UFPA e referendado pelo Egr\u00e9gio Conselho Escolar, em reuni\u00e3o ordin\u00e1ria realizada no dia 11\/02\/2021, torna p\u00fablico o presente [&hellip;]\" \/>\n<meta property=\"og:url\" content=\"https:\/\/portalfadesp.org.br\/?page_id=14359\" \/>\n<meta property=\"og:site_name\" content=\"FADESP\" \/>\n<meta property=\"article:publisher\" content=\"https:\/\/www.facebook.com\/Fadesp-138351949524662\/\" \/>\n<meta property=\"article:modified_time\" content=\"2023-01-02T16:54:18+00:00\" \/>\n<meta name=\"twitter:card\" content=\"summary_large_image\" \/>\n<meta name=\"twitter:site\" content=\"@Fadesp\" \/>\n<meta name=\"twitter:label1\" content=\"Est. tempo de leitura\" \/>\n\t<meta name=\"twitter:data1\" content=\"3 minutos\" \/>\n<script type=\"application\/ld+json\" class=\"yoast-schema-graph\">{\"@context\":\"https:\/\/schema.org\",\"@graph\":[{\"@type\":\"WebPage\",\"@id\":\"https:\/\/portalfadesp.org.br\/?page_id=14359\",\"url\":\"https:\/\/portalfadesp.org.br\/?page_id=14359\",\"name\":\"Escola de Aplica\u00e7\u00e3o da Universidade Federal do Par\u00e1 - 2021 - FADESP\",\"isPartOf\":{\"@id\":\"https:\/\/portalfadesp.org.br\/#website\"},\"datePublished\":\"2021-02-18T20:39:12+00:00\",\"dateModified\":\"2023-01-02T16:54:18+00:00\",\"breadcrumb\":{\"@id\":\"https:\/\/portalfadesp.org.br\/?page_id=14359#breadcrumb\"},\"inLanguage\":\"pt-BR\",\"potentialAction\":[{\"@type\":\"ReadAction\",\"target\":[\"https:\/\/portalfadesp.org.br\/?page_id=14359\"]}]},{\"@type\":\"BreadcrumbList\",\"@id\":\"https:\/\/portalfadesp.org.br\/?page_id=14359#breadcrumb\",\"itemListElement\":[{\"@type\":\"ListItem\",\"position\":1,\"name\":\"In\u00edcio\",\"item\":\"https:\/\/portalfadesp.org.br\/\"},{\"@type\":\"ListItem\",\"position\":2,\"name\":\"Escola de Aplica\u00e7\u00e3o da Universidade Federal do Par\u00e1 &#8211; 2021\"}]},{\"@type\":\"WebSite\",\"@id\":\"https:\/\/portalfadesp.org.br\/#website\",\"url\":\"https:\/\/portalfadesp.org.br\/\",\"name\":\"FADESP\",\"description\":\"Funda\u00e7\u00e3o de Amparo e Desenvolvimento da Pesquisa\",\"publisher\":{\"@id\":\"https:\/\/portalfadesp.org.br\/#organization\"},\"potentialAction\":[{\"@type\":\"SearchAction\",\"target\":{\"@type\":\"EntryPoint\",\"urlTemplate\":\"https:\/\/portalfadesp.org.br\/?s={search_term_string}\"},\"query-input\":{\"@type\":\"PropertyValueSpecification\",\"valueRequired\":true,\"valueName\":\"search_term_string\"}}],\"inLanguage\":\"pt-BR\"},{\"@type\":\"Organization\",\"@id\":\"https:\/\/portalfadesp.org.br\/#organization\",\"name\":\"FADESP\",\"url\":\"https:\/\/portalfadesp.org.br\/\",\"logo\":{\"@type\":\"ImageObject\",\"inLanguage\":\"pt-BR\",\"@id\":\"https:\/\/portalfadesp.org.br\/#\/schema\/logo\/image\/\",\"url\":\"https:\/\/portalfadesp.org.br\/wp-content\/uploads\/2024\/01\/NOVOLOGOFADESPlaranjaH.png\",\"contentUrl\":\"https:\/\/portalfadesp.org.br\/wp-content\/uploads\/2024\/01\/NOVOLOGOFADESPlaranjaH.png\",\"width\":2742,\"height\":839,\"caption\":\"FADESP\"},\"image\":{\"@id\":\"https:\/\/portalfadesp.org.br\/#\/schema\/logo\/image\/\"},\"sameAs\":[\"https:\/\/www.facebook.com\/Fadesp-138351949524662\/\",\"https:\/\/x.com\/Fadesp\",\"https:\/\/www.instagram.com\/fadesp_ufpa\/\",\"https:\/\/www.youtube.com\/@fundacaodeamparoedesenvolv1903\",\"https:\/\/www.threads.net\/@fadesp_ufpa\"]}]}<\/script>\n<!-- \/ Yoast SEO plugin. -->","yoast_head_json":{"title":"Escola de Aplica\u00e7\u00e3o da Universidade Federal do Par\u00e1 - 2021 - FADESP","robots":{"index":"index","follow":"follow","max-snippet":"max-snippet:-1","max-image-preview":"max-image-preview:large","max-video-preview":"max-video-preview:-1"},"canonical":"https:\/\/portalfadesp.org.br\/?page_id=14359","og_locale":"pt_BR","og_type":"article","og_title":"Escola de Aplica\u00e7\u00e3o da Universidade Federal do Par\u00e1 - 2021 - FADESP","og_description":"Escola de Aplica\u00e7\u00e3o da Universidade Federal do Par\u00e1 &#8211; 2021 O Diretor da Escola de Aplica\u00e7\u00e3o da Universidade Federal do Par\u00e1, no uso das atribui\u00e7\u00f5es legais que lhe confere o Regimento Interno da Escola de Aplica\u00e7\u00e3o da UFPA e referendado pelo Egr\u00e9gio Conselho Escolar, em reuni\u00e3o ordin\u00e1ria realizada no dia 11\/02\/2021, torna p\u00fablico o presente [&hellip;]","og_url":"https:\/\/portalfadesp.org.br\/?page_id=14359","og_site_name":"FADESP","article_publisher":"https:\/\/www.facebook.com\/Fadesp-138351949524662\/","article_modified_time":"2023-01-02T16:54:18+00:00","twitter_card":"summary_large_image","twitter_site":"@Fadesp","twitter_misc":{"Est. tempo de leitura":"3 minutos"},"schema":{"@context":"https:\/\/schema.org","@graph":[{"@type":"WebPage","@id":"https:\/\/portalfadesp.org.br\/?page_id=14359","url":"https:\/\/portalfadesp.org.br\/?page_id=14359","name":"Escola de Aplica\u00e7\u00e3o da Universidade Federal do Par\u00e1 - 2021 - FADESP","isPartOf":{"@id":"https:\/\/portalfadesp.org.br\/#website"},"datePublished":"2021-02-18T20:39:12+00:00","dateModified":"2023-01-02T16:54:18+00:00","breadcrumb":{"@id":"https:\/\/portalfadesp.org.br\/?page_id=14359#breadcrumb"},"inLanguage":"pt-BR","potentialAction":[{"@type":"ReadAction","target":["https:\/\/portalfadesp.org.br\/?page_id=14359"]}]},{"@type":"BreadcrumbList","@id":"https:\/\/portalfadesp.org.br\/?page_id=14359#breadcrumb","itemListElement":[{"@type":"ListItem","position":1,"name":"In\u00edcio","item":"https:\/\/portalfadesp.org.br\/"},{"@type":"ListItem","position":2,"name":"Escola de Aplica\u00e7\u00e3o da Universidade Federal do Par\u00e1 &#8211; 2021"}]},{"@type":"WebSite","@id":"https:\/\/portalfadesp.org.br\/#website","url":"https:\/\/portalfadesp.org.br\/","name":"FADESP","description":"Funda\u00e7\u00e3o de Amparo e Desenvolvimento da Pesquisa","publisher":{"@id":"https:\/\/portalfadesp.org.br\/#organization"},"potentialAction":[{"@type":"SearchAction","target":{"@type":"EntryPoint","urlTemplate":"https:\/\/portalfadesp.org.br\/?s={search_term_string}"},"query-input":{"@type":"PropertyValueSpecification","valueRequired":true,"valueName":"search_term_string"}}],"inLanguage":"pt-BR"},{"@type":"Organization","@id":"https:\/\/portalfadesp.org.br\/#organization","name":"FADESP","url":"https:\/\/portalfadesp.org.br\/","logo":{"@type":"ImageObject","inLanguage":"pt-BR","@id":"https:\/\/portalfadesp.org.br\/#\/schema\/logo\/image\/","url":"https:\/\/portalfadesp.org.br\/wp-content\/uploads\/2024\/01\/NOVOLOGOFADESPlaranjaH.png","contentUrl":"https:\/\/portalfadesp.org.br\/wp-content\/uploads\/2024\/01\/NOVOLOGOFADESPlaranjaH.png","width":2742,"height":839,"caption":"FADESP"},"image":{"@id":"https:\/\/portalfadesp.org.br\/#\/schema\/logo\/image\/"},"sameAs":["https:\/\/www.facebook.com\/Fadesp-138351949524662\/","https:\/\/x.com\/Fadesp","https:\/\/www.instagram.com\/fadesp_ufpa\/","https:\/\/www.youtube.com\/@fundacaodeamparoedesenvolv1903","https:\/\/www.threads.net\/@fadesp_ufpa"]}]}},"_links":{"self":[{"href":"https:\/\/portalfadesp.org.br\/index.php?rest_route=\/wp\/v2\/pages\/14359","targetHints":{"allow":["GET"]}}],"collection":[{"href":"https:\/\/portalfadesp.org.br\/index.php?rest_route=\/wp\/v2\/pages"}],"about":[{"href":"https:\/\/portalfadesp.org.br\/index.php?rest_route=\/wp\/v2\/types\/page"}],"author":[{"embeddable":true,"href":"https:\/\/portalfadesp.org.br\/index.php?rest_route=\/wp\/v2\/users\/9"}],"replies":[{"embeddable":true,"href":"https:\/\/portalfadesp.org.br\/index.php?rest_route=%2Fwp%2Fv2%2Fcomments&post=14359"}],"version-history":[{"count":70,"href":"https:\/\/portalfadesp.org.br\/index.php?rest_route=\/wp\/v2\/pages\/14359\/revisions"}],"predecessor-version":[{"id":39118,"href":"https:\/\/portalfadesp.org.br\/index.php?rest_route=\/wp\/v2\/pages\/14359\/revisions\/39118"}],"wp:attachment":[{"href":"https:\/\/portalfadesp.org.br\/index.php?rest_route=%2Fwp%2Fv2%2Fmedia&parent=14359"}],"curies":[{"name":"wp","href":"https:\/\/api.w.org\/{rel}","templated":true}]}}