{"id":14083,"date":"2021-02-10T15:49:20","date_gmt":"2021-02-10T18:49:20","guid":{"rendered":"https:\/\/162.215.13.167?page_id=14083"},"modified":"2022-12-21T14:13:14","modified_gmt":"2022-12-21T17:13:14","slug":"pagina-modelo-3","status":"publish","type":"page","link":"https:\/\/portalfadesp.org.br\/?page_id=14083","title":{"rendered":"Programa de P\u00f3s-Gradua\u00e7\u00e3o em Enfermagem do Instituto de Ci\u00eancias da Sa\u00fade da Universidade Federal do Par\u00e1 \u2013 PPGENF\/ICS\/UFPA &#8211; 2021"},"content":{"rendered":"\t\t<div data-elementor-type=\"wp-post\" data-elementor-id=\"14083\" class=\"elementor elementor-14083\" data-elementor-post-type=\"page\">\n\t\t\t\t\t\t<section class=\"elementor-section elementor-top-section elementor-element elementor-element-2a40db40 elementor-section-boxed elementor-section-height-default elementor-section-height-default\" data-id=\"2a40db40\" data-element_type=\"section\">\n\t\t\t\t\t\t<div class=\"elementor-container elementor-column-gap-default\">\n\t\t\t\t\t<div class=\"elementor-column elementor-col-100 elementor-top-column elementor-element elementor-element-4e956b47\" data-id=\"4e956b47\" data-element_type=\"column\">\n\t\t\t<div class=\"elementor-widget-wrap elementor-element-populated\">\n\t\t\t\t\t\t<div class=\"elementor-element elementor-element-372de194 elementor-widget elementor-widget-heading\" data-id=\"372de194\" data-element_type=\"widget\" data-widget_type=\"heading.default\">\n\t\t\t\t<div class=\"elementor-widget-container\">\n\t\t\t\t\t<h1 class=\"elementor-heading-title elementor-size-default\">Programa de P\u00f3s-Gradua\u00e7\u00e3o em Enfermagem do Instituto de Ci\u00eancias da Sa\u00fade da Universidade Federal do Par\u00e1 \u2013 PPGENF\/ICS\/UFPA - 2021<\/h1>\t\t\t\t<\/div>\n\t\t\t\t<\/div>\n\t\t\t\t<section class=\"elementor-section elementor-inner-section elementor-element elementor-element-31e54043 elementor-section-boxed elementor-section-height-default elementor-section-height-default\" data-id=\"31e54043\" data-element_type=\"section\">\n\t\t\t\t\t\t<div class=\"elementor-container elementor-column-gap-default\">\n\t\t\t\t\t<div class=\"elementor-column elementor-col-50 elementor-inner-column elementor-element elementor-element-15f41bd\" data-id=\"15f41bd\" data-element_type=\"column\">\n\t\t\t<div class=\"elementor-widget-wrap elementor-element-populated\">\n\t\t\t\t\t\t<div class=\"elementor-element elementor-element-35279451 elementor-widget elementor-widget-text-editor\" data-id=\"35279451\" data-element_type=\"widget\" data-widget_type=\"text-editor.default\">\n\t\t\t\t<div class=\"elementor-widget-container\">\n\t\t\t\t\t\t\t\t\t<p style=\"text-align: left;\">O PROGRAMA DE P\u00d3S-GRADUA\u00c7\u00c3O EM ENFERMAGEM DO INSTITUTO DE CI\u00caNCIAS DA SA\u00daDE DA UNIVERSIDADE FEDERAL DO PAR\u00c1 \u2013 PPGENF\/ICS\/UFPA torna p\u00fablico aos interessados que, no per\u00edodo de 10 de fevereiro a 10 de mar\u00e7o de 2021 estar\u00e3o abertas as inscri\u00e7\u00f5es ao Processo Seletivo do Mestrado Acad\u00eamico em Enfermagem \u2013 \u00c1rea de Concentra\u00e7\u00e3o: Enfermagem no Contexto Amaz\u00f4nico, com ingresso previsto para o primeiro semestre de 2021.<\/p><p><strong>Vagas:<\/strong> Ser\u00e3o ofertadas 16 (dezesseis) para o curso de Mestrado. Destas, 9 (nove) para a Linha de Pesquisa Pol\u00edticas de Sa\u00fade no Cuidado de Enfermagem Amaz\u00f4nico e 7 (sete) para a Linha de Pesquisa Educa\u00e7\u00e3o, Forma\u00e7\u00e3o e Gest\u00e3o para a pr\u00e1xis do Cuidado em Sa\u00fade e Enfermagem no Contexto Amaz\u00f4nico.<\/p><p><strong>Inscri\u00e7\u00f5es:<\/strong> As inscri\u00e7\u00f5es dever\u00e3o ser realizadas via e-mail (<a href=\"mailto:ppgenf@ufpa.br\" target=\"_blank\" rel=\"noopener\">ppgenf@ufpa.br<\/a>), com c\u00f3pia para <a href=\"mailto:ppgenf.ufpa2@gmail.com\">ppgenf.ufpa2@gmail.com<\/a> no per\u00edodo de <strong>10\/02\/2021 \u00e0s<\/strong> <strong>22:00hrs do dia 10\/03\/2021.<\/strong><\/p><p><strong>Mais informa\u00e7\u00f5es:<\/strong> <a href=\"http:\/\/www.ppgenf.propesp.ufpa.br\/index.php\/br\/\" target=\"_blank\" rel=\"noopener\" data-saferedirecturl=\"https:\/\/www.google.com\/url?q=http:\/\/www.ppgenf.propesp.ufpa.br\/index.php\/br\/&amp;source=gmail&amp;ust=1613067871298000&amp;usg=AFQjCNFeSyG0c6dteEfZwotnpxyyAnc1Qw\">www.ppgenf.propesp.ufpa.br\/<wbr \/>index.php\/br\/<\/a><\/p><p><wbr \/><strong>ou pelo e-mail:<\/strong> <a href=\"mailto:ppgenf@ufpa.br\" target=\"_blank\" rel=\"noopener\">ppgenf@ufpa.br<\/a><\/p>\t\t\t\t\t\t\t\t<\/div>\n\t\t\t\t<\/div>\n\t\t\t\t\t<\/div>\n\t\t<\/div>\n\t\t\t\t<div class=\"elementor-column elementor-col-50 elementor-inner-column elementor-element elementor-element-1a284bc5\" data-id=\"1a284bc5\" data-element_type=\"column\">\n\t\t\t<div class=\"elementor-widget-wrap elementor-element-populated\">\n\t\t\t\t\t\t<div class=\"elementor-element elementor-element-6445c0f3 elementor-widget elementor-widget-text-editor\" data-id=\"6445c0f3\" data-element_type=\"widget\" data-widget_type=\"text-editor.default\">\n\t\t\t\t<div class=\"elementor-widget-container\">\n\t\t\t\t\t\t\t\t\t<p style=\"text-align: center;\"><span style=\"color: #ffffff;\"><b>Avisos<\/b><\/span><\/p>\t\t\t\t\t\t\t\t<\/div>\n\t\t\t\t<\/div>\n\t\t\t\t<div class=\"elementor-element elementor-element-1680d43 elementor-widget elementor-widget-text-editor\" data-id=\"1680d43\" data-element_type=\"widget\" data-widget_type=\"text-editor.default\">\n\t\t\t\t<div class=\"elementor-widget-container\">\n\t\t\t\t\t\t\t\t\t<p style=\"text-align: center;\"><span style=\"color: #000000;\">Os documentos necess\u00e1rios (vide edital) devem ser enviados em um <strong>\u00fanico arquivo<\/strong> e o pagamento da taxa de inscri\u00e7\u00e3o deve ser efetuado no per\u00edodo de <strong>10\/02\/2021 \u00e0s 22h00 do dia 10\/03\/2021.<\/strong><\/span><\/p><p style=\"text-align: center;\"><span style=\"color: #000000;\">Inscri\u00e7\u00f5es prorrogadas at\u00e9 o dia <strong>30\/03\/2021<\/strong><\/span><\/p>\t\t\t\t\t\t\t\t<\/div>\n\t\t\t\t<\/div>\n\t\t\t\t<div class=\"elementor-element elementor-element-433fb7f0 elementor-widget elementor-widget-text-editor\" data-id=\"433fb7f0\" data-element_type=\"widget\" data-widget_type=\"text-editor.default\">\n\t\t\t\t<div class=\"elementor-widget-container\">\n\t\t\t\t\t\t\t\t\t<p style=\"text-align: center;\"><span style=\"color: #ffffff;\"><strong>Editais<\/strong><\/span><\/p>\t\t\t\t\t\t\t\t<\/div>\n\t\t\t\t<\/div>\n\t\t\t\t<div class=\"elementor-element elementor-element-61ab10cc elementor-widget elementor-widget-text-editor\" data-id=\"61ab10cc\" data-element_type=\"widget\" data-widget_type=\"text-editor.default\">\n\t\t\t\t<div class=\"elementor-widget-container\">\n\t\t\t\t\t\t\t\t\t<span style=\"color: #000000;\">Edital<a href=\"..\/wp-content\/uploads\/2021\/02\/edital_1_2021_PPGENF_F.pdf\"><strong> (Clique Aqui)<\/strong><\/a><\/span>\n\n<span style=\"color: #000000;\">Errata &#8211; Prorroga\u00e7\u00e3o das Inscri\u00e7\u00f5es <a href=\"..\/wp-content\/uploads\/2021\/03\/ERRATA_02_PPGENF_UFPA_Prorogacao_das_Inscricoes_ate_30_03_2021_Projeto_1062_223.pdf\"><strong>(Clique Aqui)<\/strong><\/a><\/span>\t\t\t\t\t\t\t\t<\/div>\n\t\t\t\t<\/div>\n\t\t\t\t\t<\/div>\n\t\t<\/div>\n\t\t\t\t\t<\/div>\n\t\t<\/section>\n\t\t\t\t\t<\/div>\n\t\t<\/div>\n\t\t\t\t\t<\/div>\n\t\t<\/section>\n\t\t\t\t<\/div>\n\t\t","protected":false},"excerpt":{"rendered":"<p>Programa de P\u00f3s-Gradua\u00e7\u00e3o em Enfermagem do Instituto de Ci\u00eancias da Sa\u00fade da Universidade Federal do Par\u00e1 \u2013 PPGENF\/ICS\/UFPA &#8211; 2021 O PROGRAMA DE P\u00d3S-GRADUA\u00c7\u00c3O EM ENFERMAGEM DO INSTITUTO DE CI\u00caNCIAS DA SA\u00daDE DA UNIVERSIDADE FEDERAL DO PAR\u00c1 \u2013 PPGENF\/ICS\/UFPA torna p\u00fablico aos interessados que, no per\u00edodo de 10 de fevereiro a 10 de mar\u00e7o de [&hellip;]<\/p>\n","protected":false},"author":9,"featured_media":0,"parent":0,"menu_order":0,"comment_status":"closed","ping_status":"closed","template":"","meta":{"_monsterinsights_skip_tracking":false,"_monsterinsights_sitenote_active":false,"_monsterinsights_sitenote_note":"","_monsterinsights_sitenote_category":0,"footnotes":""},"class_list":["post-14083","page","type-page","status-publish","hentry","entry"],"yoast_head":"<!-- This site is optimized with the Yoast SEO plugin v25.1 - https:\/\/yoast.com\/wordpress\/plugins\/seo\/ -->\n<title>Programa de P\u00f3s-Gradua\u00e7\u00e3o em Enfermagem do Instituto de Ci\u00eancias da Sa\u00fade da Universidade Federal do Par\u00e1 \u2013 PPGENF\/ICS\/UFPA - 2021 - FADESP<\/title>\n<meta name=\"robots\" content=\"index, follow, max-snippet:-1, max-image-preview:large, max-video-preview:-1\" \/>\n<link rel=\"canonical\" href=\"https:\/\/portalfadesp.org.br\/?page_id=14083\" \/>\n<meta property=\"og:locale\" content=\"pt_BR\" \/>\n<meta property=\"og:type\" content=\"article\" \/>\n<meta property=\"og:title\" content=\"Programa de P\u00f3s-Gradua\u00e7\u00e3o em Enfermagem do Instituto de Ci\u00eancias da Sa\u00fade da Universidade Federal do Par\u00e1 \u2013 PPGENF\/ICS\/UFPA - 2021 - FADESP\" \/>\n<meta property=\"og:description\" content=\"Programa de P\u00f3s-Gradua\u00e7\u00e3o em Enfermagem do Instituto de Ci\u00eancias da Sa\u00fade da Universidade Federal do Par\u00e1 \u2013 PPGENF\/ICS\/UFPA &#8211; 2021 O PROGRAMA DE P\u00d3S-GRADUA\u00c7\u00c3O EM ENFERMAGEM DO INSTITUTO DE CI\u00caNCIAS DA SA\u00daDE DA UNIVERSIDADE FEDERAL DO PAR\u00c1 \u2013 PPGENF\/ICS\/UFPA torna p\u00fablico aos interessados que, no per\u00edodo de 10 de fevereiro a 10 de mar\u00e7o de [&hellip;]\" \/>\n<meta property=\"og:url\" content=\"https:\/\/portalfadesp.org.br\/?page_id=14083\" \/>\n<meta property=\"og:site_name\" content=\"FADESP\" \/>\n<meta property=\"article:publisher\" content=\"https:\/\/www.facebook.com\/Fadesp-138351949524662\/\" \/>\n<meta property=\"article:modified_time\" content=\"2022-12-21T17:13:14+00:00\" \/>\n<meta name=\"twitter:card\" content=\"summary_large_image\" \/>\n<meta name=\"twitter:site\" content=\"@Fadesp\" \/>\n<meta name=\"twitter:label1\" content=\"Est. tempo de leitura\" \/>\n\t<meta name=\"twitter:data1\" content=\"1 minuto\" \/>\n<script type=\"application\/ld+json\" class=\"yoast-schema-graph\">{\"@context\":\"https:\/\/schema.org\",\"@graph\":[{\"@type\":\"WebPage\",\"@id\":\"https:\/\/portalfadesp.org.br\/?page_id=14083\",\"url\":\"https:\/\/portalfadesp.org.br\/?page_id=14083\",\"name\":\"Programa de P\u00f3s-Gradua\u00e7\u00e3o em Enfermagem do Instituto de Ci\u00eancias da Sa\u00fade da Universidade Federal do Par\u00e1 \u2013 PPGENF\/ICS\/UFPA - 2021 - FADESP\",\"isPartOf\":{\"@id\":\"https:\/\/portalfadesp.org.br\/#website\"},\"datePublished\":\"2021-02-10T18:49:20+00:00\",\"dateModified\":\"2022-12-21T17:13:14+00:00\",\"breadcrumb\":{\"@id\":\"https:\/\/portalfadesp.org.br\/?page_id=14083#breadcrumb\"},\"inLanguage\":\"pt-BR\",\"potentialAction\":[{\"@type\":\"ReadAction\",\"target\":[\"https:\/\/portalfadesp.org.br\/?page_id=14083\"]}]},{\"@type\":\"BreadcrumbList\",\"@id\":\"https:\/\/portalfadesp.org.br\/?page_id=14083#breadcrumb\",\"itemListElement\":[{\"@type\":\"ListItem\",\"position\":1,\"name\":\"In\u00edcio\",\"item\":\"https:\/\/portalfadesp.org.br\/\"},{\"@type\":\"ListItem\",\"position\":2,\"name\":\"Programa de P\u00f3s-Gradua\u00e7\u00e3o em Enfermagem do Instituto de Ci\u00eancias da Sa\u00fade da Universidade Federal do Par\u00e1 \u2013 PPGENF\/ICS\/UFPA &#8211; 2021\"}]},{\"@type\":\"WebSite\",\"@id\":\"https:\/\/portalfadesp.org.br\/#website\",\"url\":\"https:\/\/portalfadesp.org.br\/\",\"name\":\"FADESP\",\"description\":\"Funda\u00e7\u00e3o de Amparo e Desenvolvimento da Pesquisa\",\"publisher\":{\"@id\":\"https:\/\/portalfadesp.org.br\/#organization\"},\"potentialAction\":[{\"@type\":\"SearchAction\",\"target\":{\"@type\":\"EntryPoint\",\"urlTemplate\":\"https:\/\/portalfadesp.org.br\/?s={search_term_string}\"},\"query-input\":{\"@type\":\"PropertyValueSpecification\",\"valueRequired\":true,\"valueName\":\"search_term_string\"}}],\"inLanguage\":\"pt-BR\"},{\"@type\":\"Organization\",\"@id\":\"https:\/\/portalfadesp.org.br\/#organization\",\"name\":\"FADESP\",\"url\":\"https:\/\/portalfadesp.org.br\/\",\"logo\":{\"@type\":\"ImageObject\",\"inLanguage\":\"pt-BR\",\"@id\":\"https:\/\/portalfadesp.org.br\/#\/schema\/logo\/image\/\",\"url\":\"https:\/\/portalfadesp.org.br\/wp-content\/uploads\/2024\/01\/NOVOLOGOFADESPlaranjaH.png\",\"contentUrl\":\"https:\/\/portalfadesp.org.br\/wp-content\/uploads\/2024\/01\/NOVOLOGOFADESPlaranjaH.png\",\"width\":2742,\"height\":839,\"caption\":\"FADESP\"},\"image\":{\"@id\":\"https:\/\/portalfadesp.org.br\/#\/schema\/logo\/image\/\"},\"sameAs\":[\"https:\/\/www.facebook.com\/Fadesp-138351949524662\/\",\"https:\/\/x.com\/Fadesp\",\"https:\/\/www.instagram.com\/fadesp_ufpa\/\",\"https:\/\/www.youtube.com\/@fundacaodeamparoedesenvolv1903\",\"https:\/\/www.threads.net\/@fadesp_ufpa\"]}]}<\/script>\n<!-- \/ Yoast SEO plugin. -->","yoast_head_json":{"title":"Programa de P\u00f3s-Gradua\u00e7\u00e3o em Enfermagem do Instituto de Ci\u00eancias da Sa\u00fade da Universidade Federal do Par\u00e1 \u2013 PPGENF\/ICS\/UFPA - 2021 - FADESP","robots":{"index":"index","follow":"follow","max-snippet":"max-snippet:-1","max-image-preview":"max-image-preview:large","max-video-preview":"max-video-preview:-1"},"canonical":"https:\/\/portalfadesp.org.br\/?page_id=14083","og_locale":"pt_BR","og_type":"article","og_title":"Programa de P\u00f3s-Gradua\u00e7\u00e3o em Enfermagem do Instituto de Ci\u00eancias da Sa\u00fade da Universidade Federal do Par\u00e1 \u2013 PPGENF\/ICS\/UFPA - 2021 - FADESP","og_description":"Programa de P\u00f3s-Gradua\u00e7\u00e3o em Enfermagem do Instituto de Ci\u00eancias da Sa\u00fade da Universidade Federal do Par\u00e1 \u2013 PPGENF\/ICS\/UFPA &#8211; 2021 O PROGRAMA DE P\u00d3S-GRADUA\u00c7\u00c3O EM ENFERMAGEM DO INSTITUTO DE CI\u00caNCIAS DA SA\u00daDE DA UNIVERSIDADE FEDERAL DO PAR\u00c1 \u2013 PPGENF\/ICS\/UFPA torna p\u00fablico aos interessados que, no per\u00edodo de 10 de fevereiro a 10 de mar\u00e7o de [&hellip;]","og_url":"https:\/\/portalfadesp.org.br\/?page_id=14083","og_site_name":"FADESP","article_publisher":"https:\/\/www.facebook.com\/Fadesp-138351949524662\/","article_modified_time":"2022-12-21T17:13:14+00:00","twitter_card":"summary_large_image","twitter_site":"@Fadesp","twitter_misc":{"Est. tempo de leitura":"1 minuto"},"schema":{"@context":"https:\/\/schema.org","@graph":[{"@type":"WebPage","@id":"https:\/\/portalfadesp.org.br\/?page_id=14083","url":"https:\/\/portalfadesp.org.br\/?page_id=14083","name":"Programa de P\u00f3s-Gradua\u00e7\u00e3o em Enfermagem do Instituto de Ci\u00eancias da Sa\u00fade da Universidade Federal do Par\u00e1 \u2013 PPGENF\/ICS\/UFPA - 2021 - FADESP","isPartOf":{"@id":"https:\/\/portalfadesp.org.br\/#website"},"datePublished":"2021-02-10T18:49:20+00:00","dateModified":"2022-12-21T17:13:14+00:00","breadcrumb":{"@id":"https:\/\/portalfadesp.org.br\/?page_id=14083#breadcrumb"},"inLanguage":"pt-BR","potentialAction":[{"@type":"ReadAction","target":["https:\/\/portalfadesp.org.br\/?page_id=14083"]}]},{"@type":"BreadcrumbList","@id":"https:\/\/portalfadesp.org.br\/?page_id=14083#breadcrumb","itemListElement":[{"@type":"ListItem","position":1,"name":"In\u00edcio","item":"https:\/\/portalfadesp.org.br\/"},{"@type":"ListItem","position":2,"name":"Programa de P\u00f3s-Gradua\u00e7\u00e3o em Enfermagem do Instituto de Ci\u00eancias da Sa\u00fade da Universidade Federal do Par\u00e1 \u2013 PPGENF\/ICS\/UFPA &#8211; 2021"}]},{"@type":"WebSite","@id":"https:\/\/portalfadesp.org.br\/#website","url":"https:\/\/portalfadesp.org.br\/","name":"FADESP","description":"Funda\u00e7\u00e3o de Amparo e Desenvolvimento da Pesquisa","publisher":{"@id":"https:\/\/portalfadesp.org.br\/#organization"},"potentialAction":[{"@type":"SearchAction","target":{"@type":"EntryPoint","urlTemplate":"https:\/\/portalfadesp.org.br\/?s={search_term_string}"},"query-input":{"@type":"PropertyValueSpecification","valueRequired":true,"valueName":"search_term_string"}}],"inLanguage":"pt-BR"},{"@type":"Organization","@id":"https:\/\/portalfadesp.org.br\/#organization","name":"FADESP","url":"https:\/\/portalfadesp.org.br\/","logo":{"@type":"ImageObject","inLanguage":"pt-BR","@id":"https:\/\/portalfadesp.org.br\/#\/schema\/logo\/image\/","url":"https:\/\/portalfadesp.org.br\/wp-content\/uploads\/2024\/01\/NOVOLOGOFADESPlaranjaH.png","contentUrl":"https:\/\/portalfadesp.org.br\/wp-content\/uploads\/2024\/01\/NOVOLOGOFADESPlaranjaH.png","width":2742,"height":839,"caption":"FADESP"},"image":{"@id":"https:\/\/portalfadesp.org.br\/#\/schema\/logo\/image\/"},"sameAs":["https:\/\/www.facebook.com\/Fadesp-138351949524662\/","https:\/\/x.com\/Fadesp","https:\/\/www.instagram.com\/fadesp_ufpa\/","https:\/\/www.youtube.com\/@fundacaodeamparoedesenvolv1903","https:\/\/www.threads.net\/@fadesp_ufpa"]}]}},"_links":{"self":[{"href":"https:\/\/portalfadesp.org.br\/index.php?rest_route=\/wp\/v2\/pages\/14083","targetHints":{"allow":["GET"]}}],"collection":[{"href":"https:\/\/portalfadesp.org.br\/index.php?rest_route=\/wp\/v2\/pages"}],"about":[{"href":"https:\/\/portalfadesp.org.br\/index.php?rest_route=\/wp\/v2\/types\/page"}],"author":[{"embeddable":true,"href":"https:\/\/portalfadesp.org.br\/index.php?rest_route=\/wp\/v2\/users\/9"}],"replies":[{"embeddable":true,"href":"https:\/\/portalfadesp.org.br\/index.php?rest_route=%2Fwp%2Fv2%2Fcomments&post=14083"}],"version-history":[{"count":19,"href":"https:\/\/portalfadesp.org.br\/index.php?rest_route=\/wp\/v2\/pages\/14083\/revisions"}],"predecessor-version":[{"id":38632,"href":"https:\/\/portalfadesp.org.br\/index.php?rest_route=\/wp\/v2\/pages\/14083\/revisions\/38632"}],"wp:attachment":[{"href":"https:\/\/portalfadesp.org.br\/index.php?rest_route=%2Fwp%2Fv2%2Fmedia&parent=14083"}],"curies":[{"name":"wp","href":"https:\/\/api.w.org\/{rel}","templated":true}]}}